{"id":8834,"date":"2023-05-23T20:43:36","date_gmt":"2023-05-23T23:43:36","guid":{"rendered":"https:\/\/barcarena.pa.gov.br\/?page_id=6009"},"modified":"2024-03-22T16:58:16","modified_gmt":"2024-03-22T19:58:16","slug":"relatorio-de-gestao","status":"publish","type":"page","link":"https:\/\/abelfigueiredo.pa.gov.br\/site\/portal-da-transparencia\/relatorio-de-gestao\/","title":{"rendered":"Relat\u00f3rio de Gest\u00e3o"},"content":{"rendered":"<ul>\n<li><a href=\"https:\/\/abelfigueiredo.pa.gov.br\/site\/wp-content\/uploads\/2024\/03\/PMAF-Relatorio-Circunstanciado-2023.pdf\">2023<\/a><\/li>\n<li><a href=\"https:\/\/abelfigueiredo.pa.gov.br\/site\/wp-content\/uploads\/2023\/07\/Relatorio-de-Gestao-2022.pdf\" target=\"_blank\" rel=\"noopener\">2022<\/a><\/li>\n<li><a href=\"https:\/\/abelfigueiredo.pa.gov.br\/site\/wp-content\/uploads\/2023\/07\/Relatorio-Anual-Controle-Interno-2021.pdf\" target=\"_blank\" rel=\"noopener\">2021<\/a><\/li>\n<li><a href=\"https:\/\/abelfigueiredo.pa.gov.br\/site\/wp-content\/uploads\/2023\/10\/RELATORIO-ANUAL-DO-CONTROLE-INTERNO-2020-assinado-OK.pdf\" target=\"_blank\" rel=\"noopener\">2020<\/a><\/li>\n<li><a href=\"https:\/\/abelfigueiredo.pa.gov.br\/site\/wp-content\/uploads\/2023\/10\/RELATORIO-ANUAL-DO-CONTROLE-INTERNO__2019_0000001-OKOK.pdf\" target=\"_blank\" rel=\"noopener\">2019<\/a><\/li>\n<\/ul>\n","protected":false},"excerpt":{"rendered":"<p>2023 2022 2021 2020 2019<\/p>\n","protected":false},"author":1,"featured_media":0,"parent":1862,"menu_order":0,"comment_status":"closed","ping_status":"closed","template":"","meta":{"footnotes":""},"class_list":["post-8834","page","type-page","status-publish"],"yoast_head":"<!-- This site is optimized with the Yoast SEO plugin v26.6 - https:\/\/yoast.com\/wordpress\/plugins\/seo\/ -->\n<title>Relat\u00f3rio de Gest\u00e3o - Prefeitura Municipal de Abel Figueiredo | Gest\u00e3o 2025-2028<\/title>\n<meta name=\"robots\" content=\"index, follow, max-snippet:-1, max-image-preview:large, max-video-preview:-1\" \/>\n<link rel=\"canonical\" href=\"https:\/\/abelfigueiredo.pa.gov.br\/site\/portal-da-transparencia\/relatorio-de-gestao\/\" \/>\n<meta property=\"og:locale\" content=\"pt_BR\" \/>\n<meta property=\"og:type\" content=\"article\" \/>\n<meta property=\"og:title\" content=\"Relat\u00f3rio de Gest\u00e3o - Prefeitura Municipal de Abel Figueiredo | Gest\u00e3o 2025-2028\" \/>\n<meta property=\"og:description\" content=\"2023 2022 2021 2020 2019\" \/>\n<meta property=\"og:url\" content=\"https:\/\/abelfigueiredo.pa.gov.br\/site\/portal-da-transparencia\/relatorio-de-gestao\/\" \/>\n<meta property=\"og:site_name\" content=\"Prefeitura Municipal de Abel Figueiredo | Gest\u00e3o 2025-2028\" \/>\n<meta property=\"article:modified_time\" content=\"2024-03-22T19:58:16+00:00\" \/>\n<script type=\"application\/ld+json\" class=\"yoast-schema-graph\">{\"@context\":\"https:\/\/schema.org\",\"@graph\":[{\"@type\":\"WebPage\",\"@id\":\"https:\/\/abelfigueiredo.pa.gov.br\/site\/portal-da-transparencia\/relatorio-de-gestao\/\",\"url\":\"https:\/\/abelfigueiredo.pa.gov.br\/site\/portal-da-transparencia\/relatorio-de-gestao\/\",\"name\":\"Relat\u00f3rio de Gest\u00e3o - Prefeitura Municipal de Abel Figueiredo | Gest\u00e3o 2025-2028\",\"isPartOf\":{\"@id\":\"https:\/\/abelfigueiredo.pa.gov.br\/site\/#website\"},\"datePublished\":\"2023-05-23T23:43:36+00:00\",\"dateModified\":\"2024-03-22T19:58:16+00:00\",\"breadcrumb\":{\"@id\":\"https:\/\/abelfigueiredo.pa.gov.br\/site\/portal-da-transparencia\/relatorio-de-gestao\/#breadcrumb\"},\"inLanguage\":\"pt-BR\",\"potentialAction\":[{\"@type\":\"ReadAction\",\"target\":[\"https:\/\/abelfigueiredo.pa.gov.br\/site\/portal-da-transparencia\/relatorio-de-gestao\/\"]}]},{\"@type\":\"BreadcrumbList\",\"@id\":\"https:\/\/abelfigueiredo.pa.gov.br\/site\/portal-da-transparencia\/relatorio-de-gestao\/#breadcrumb\",\"itemListElement\":[{\"@type\":\"ListItem\",\"position\":1,\"name\":\"Portal da Transpar\u00eancia\",\"item\":\"https:\/\/abelfigueiredo.pa.gov.br\/site\/portal-da-transparencia\/\"},{\"@type\":\"ListItem\",\"position\":2,\"name\":\"Relat\u00f3rio de Gest\u00e3o\"}]},{\"@type\":\"WebSite\",\"@id\":\"https:\/\/abelfigueiredo.pa.gov.br\/site\/#website\",\"url\":\"https:\/\/abelfigueiredo.pa.gov.br\/site\/\",\"name\":\"Prefeitura Municipal de Abel Figueiredo | Gest\u00e3o 2025-2028\",\"description\":\"Site oficial da Prefeitura Municipal de Abel Figueiredo\",\"potentialAction\":[{\"@type\":\"SearchAction\",\"target\":{\"@type\":\"EntryPoint\",\"urlTemplate\":\"https:\/\/abelfigueiredo.pa.gov.br\/site\/?s={search_term_string}\"},\"query-input\":{\"@type\":\"PropertyValueSpecification\",\"valueRequired\":true,\"valueName\":\"search_term_string\"}}],\"inLanguage\":\"pt-BR\"}]}<\/script>\n<!-- \/ Yoast SEO plugin. -->","yoast_head_json":{"title":"Relat\u00f3rio de Gest\u00e3o - Prefeitura Municipal de Abel Figueiredo | Gest\u00e3o 2025-2028","robots":{"index":"index","follow":"follow","max-snippet":"max-snippet:-1","max-image-preview":"max-image-preview:large","max-video-preview":"max-video-preview:-1"},"canonical":"https:\/\/abelfigueiredo.pa.gov.br\/site\/portal-da-transparencia\/relatorio-de-gestao\/","og_locale":"pt_BR","og_type":"article","og_title":"Relat\u00f3rio de Gest\u00e3o - Prefeitura Municipal de Abel Figueiredo | Gest\u00e3o 2025-2028","og_description":"2023 2022 2021 2020 2019","og_url":"https:\/\/abelfigueiredo.pa.gov.br\/site\/portal-da-transparencia\/relatorio-de-gestao\/","og_site_name":"Prefeitura Municipal de Abel Figueiredo | Gest\u00e3o 2025-2028","article_modified_time":"2024-03-22T19:58:16+00:00","schema":{"@context":"https:\/\/schema.org","@graph":[{"@type":"WebPage","@id":"https:\/\/abelfigueiredo.pa.gov.br\/site\/portal-da-transparencia\/relatorio-de-gestao\/","url":"https:\/\/abelfigueiredo.pa.gov.br\/site\/portal-da-transparencia\/relatorio-de-gestao\/","name":"Relat\u00f3rio de Gest\u00e3o - Prefeitura Municipal de Abel Figueiredo | Gest\u00e3o 2025-2028","isPartOf":{"@id":"https:\/\/abelfigueiredo.pa.gov.br\/site\/#website"},"datePublished":"2023-05-23T23:43:36+00:00","dateModified":"2024-03-22T19:58:16+00:00","breadcrumb":{"@id":"https:\/\/abelfigueiredo.pa.gov.br\/site\/portal-da-transparencia\/relatorio-de-gestao\/#breadcrumb"},"inLanguage":"pt-BR","potentialAction":[{"@type":"ReadAction","target":["https:\/\/abelfigueiredo.pa.gov.br\/site\/portal-da-transparencia\/relatorio-de-gestao\/"]}]},{"@type":"BreadcrumbList","@id":"https:\/\/abelfigueiredo.pa.gov.br\/site\/portal-da-transparencia\/relatorio-de-gestao\/#breadcrumb","itemListElement":[{"@type":"ListItem","position":1,"name":"Portal da Transpar\u00eancia","item":"https:\/\/abelfigueiredo.pa.gov.br\/site\/portal-da-transparencia\/"},{"@type":"ListItem","position":2,"name":"Relat\u00f3rio de Gest\u00e3o"}]},{"@type":"WebSite","@id":"https:\/\/abelfigueiredo.pa.gov.br\/site\/#website","url":"https:\/\/abelfigueiredo.pa.gov.br\/site\/","name":"Prefeitura Municipal de Abel Figueiredo | Gest\u00e3o 2025-2028","description":"Site oficial da Prefeitura Municipal de Abel Figueiredo","potentialAction":[{"@type":"SearchAction","target":{"@type":"EntryPoint","urlTemplate":"https:\/\/abelfigueiredo.pa.gov.br\/site\/?s={search_term_string}"},"query-input":{"@type":"PropertyValueSpecification","valueRequired":true,"valueName":"search_term_string"}}],"inLanguage":"pt-BR"}]}},"_links":{"self":[{"href":"https:\/\/abelfigueiredo.pa.gov.br\/site\/wp-json\/wp\/v2\/pages\/8834","targetHints":{"allow":["GET"]}}],"collection":[{"href":"https:\/\/abelfigueiredo.pa.gov.br\/site\/wp-json\/wp\/v2\/pages"}],"about":[{"href":"https:\/\/abelfigueiredo.pa.gov.br\/site\/wp-json\/wp\/v2\/types\/page"}],"author":[{"embeddable":true,"href":"https:\/\/abelfigueiredo.pa.gov.br\/site\/wp-json\/wp\/v2\/users\/1"}],"replies":[{"embeddable":true,"href":"https:\/\/abelfigueiredo.pa.gov.br\/site\/wp-json\/wp\/v2\/comments?post=8834"}],"version-history":[{"count":7,"href":"https:\/\/abelfigueiredo.pa.gov.br\/site\/wp-json\/wp\/v2\/pages\/8834\/revisions"}],"predecessor-version":[{"id":17615,"href":"https:\/\/abelfigueiredo.pa.gov.br\/site\/wp-json\/wp\/v2\/pages\/8834\/revisions\/17615"}],"up":[{"embeddable":true,"href":"https:\/\/abelfigueiredo.pa.gov.br\/site\/wp-json\/wp\/v2\/pages\/1862"}],"wp:attachment":[{"href":"https:\/\/abelfigueiredo.pa.gov.br\/site\/wp-json\/wp\/v2\/media?parent=8834"}],"curies":[{"name":"wp","href":"https:\/\/api.w.org\/{rel}","templated":true}]}}