{"id":8833,"date":"2023-05-23T16:13:03","date_gmt":"2023-05-23T19:13:03","guid":{"rendered":"https:\/\/barcarena.pa.gov.br\/?page_id=5988"},"modified":"2025-01-03T15:08:19","modified_gmt":"2025-01-03T18:08:19","slug":"atos-normativos","status":"publish","type":"page","link":"https:\/\/abelfigueiredo.pa.gov.br\/site\/portal-da-transparencia\/atos-normativos\/","title":{"rendered":"Atos Normativos"},"content":{"rendered":"<h3>Atos Normativos at\u00e9 2023<\/h3>\n<p>Consulte as publica\u00e7\u00f5es utilizando a tabela abaixo e\u00a0<strong>filtre conforme sua necessidade<\/strong>, utilizando a\u00a0<strong>ferramenta de busca\/filtro<\/strong>.<\/p>\n<div id=\"footable_parent_6159\"\n         class=\" footable_parent ninja_table_wrapper loading_ninja_table wp_table_data_press_parent semantic_ui \">\n                <table data-ninja_table_instance=\"ninja_table_instance_0\" data-footable_id=\"6159\" data-filter-delay=\"1000\" aria-label=\"Atos Normativos\"            id=\"footable_6159\"\n           data-unique_identifier=\"ninja_table_unique_id_654153518_6159\"\n           class=\" foo-table ninja_footable foo_table_6159 ninja_table_unique_id_654153518_6159 ui table  nt_type_legacy_table selectable striped vertical_centered  footable-paging-right ninja_table_search_disabled ninja_table_pro ninja_table_afd_columns ninja_table_afcs_columns_3 ninja_table_afcl_new_line ninja_table_has_custom_filter\">\n                <colgroup>\n                            <col class=\"ninja_column_0 \">\n                            <col class=\"ninja_column_1 \">\n                            <col class=\"ninja_column_2 \">\n                            <col class=\"ninja_column_3 \">\n                            <col class=\"ninja_column_4 \">\n                            <col class=\"ninja_column_5 \">\n                    <\/colgroup>\n        <thead>\n<tr class=\"footable-header\">\n                                                                                                        <th scope=\"col\"  class=\"ninja_column_0 ninja_clmn_nm_tipo \">Tipo<\/th><th scope=\"col\"  class=\"ninja_column_1 ninja_clmn_nm_nmero \">N\u00famero<\/th><th scope=\"col\"  class=\"ninja_column_2 ninja_clmn_nm_data \">Data<\/th><th scope=\"col\"  class=\"ninja_column_3 ninja_clmn_nm_autoria \">Autoria<\/th><th scope=\"col\"  class=\"ninja_column_4 ninja_clmn_nm_descrio \">Descri\u00e7\u00e3o<\/th><th scope=\"col\"  class=\"ninja_column_5 ninja_clmn_nm_documento \">Documento<\/th><\/tr>\n<\/thead>\n<tbody>\n\n        <tr data-row_id=\"0\" class=\"ninja_table_row_0 nt_row_id_0\">\n            <td>Decreto<\/td><td>001\/2024<\/td><td>05\/01\/2024<\/td><td>Gabinete do Prefeito<\/td><td>Disp\u00f5e sobre prorroga\u00e7\u00e3o do recesso nas reparti\u00e7\u00f5es p\u00fablicas municipais, e d\u00e1 outras provid\u00eancias<\/td><td>https:\/\/drive.google.com\/open?id=1Kqa-BEPwg994arLlf6bzx5HPRQEQjmJz&amp;usp=drive_copy<\/td>        <\/tr>\n            <tr data-row_id=\"1\" class=\"ninja_table_row_1 nt_row_id_1\">\n            <td>Decreto<\/td><td>062\/2023<\/td><td>21\/12\/2023<\/td><td>Gabinete do Prefeito<\/td><td>DISP\u00d5E SOBRE FERIADO MUNICIPAL E D\u00c1 OUTRAS PROVID\u00caNCIAS.<\/td><td>https:\/\/drive.google.com\/file\/d\/1BQx8xS2XkKnePJmKTPX32RkhszAsAVxK\/view?usp=drive_link<\/td>        <\/tr>\n            <tr data-row_id=\"2\" class=\"ninja_table_row_2 nt_row_id_2\">\n            <td>Decreto<\/td><td>060\/2023<\/td><td>15\/12\/2023<\/td><td>Gabinete do Prefeito<\/td><td>Disp\u00f5e sobre recesso nas reparti\u00e7\u00f5es p\u00fablicas municipais, e d\u00e1 outras provid\u00eancias<\/td><td>https:\/\/drive.google.com\/open?id=1FTYopo_bFp6hh9bDCOmVVsWCA9wWqwsC&amp;usp=drive_copy<\/td>        <\/tr>\n            <tr data-row_id=\"3\" class=\"ninja_table_row_3 nt_row_id_3\">\n            <td>Decreto<\/td><td>059\/2023<\/td><td>06\/12\/2023<\/td><td>Gabinete do Prefeito<\/td><td>Disp\u00f5e sobre Feriado e d\u00e1 outras provid\u00eancias<\/td><td>https:\/\/drive.google.com\/open?id=1A5kZVQnEsvUWbb_neW11WqBxV9yx1-2t&amp;usp=drive_copy<\/td>        <\/tr>\n            <tr data-row_id=\"4\" class=\"ninja_table_row_4 nt_row_id_4\">\n            <td>Decreto<\/td><td>058\/2023<\/td><td>05\/12\/2023<\/td><td>Gabinete do Prefeito<\/td><td>Disp\u00f5e sobre Luto Oficial e d\u00e1 outras provid\u00eancias<\/td><td>https:\/\/drive.google.com\/open?id=16I16zdcKpbioWm-CseCSlLQY33e8no_5&amp;usp=drive_copy<\/td>        <\/tr>\n            <tr data-row_id=\"5\" class=\"ninja_table_row_5 nt_row_id_5\">\n            <td>Decreto<\/td><td>057\/2023<\/td><td>04\/12\/2023<\/td><td>Gabinete do Prefeito<\/td><td>Disp\u00f5e sobre Luto Oficial e d\u00e1 outras provid\u00eancias<\/td><td>https:\/\/drive.google.com\/open?id=1tWlJP8mLMGPvAwQbP9KA0gJh0ydy1P_L&amp;usp=drive_copy<\/td>        <\/tr>\n            <tr data-row_id=\"6\" class=\"ninja_table_row_6 nt_row_id_6\">\n            <td>Decreto<\/td><td>053\/2023<\/td><td>27\/10\/2023<\/td><td>Gabinete do Prefeito<\/td><td>Disp\u00f5e sobre ponto facultativo nas reparti\u00e7\u00f5es p\u00fablicas municipais, e d\u00e1 outras provid\u00eancias<\/td><td>https:\/\/drive.google.com\/file\/d\/1V7Bh5V9mwsyTRIB7KHwcs0fL7jPFL41T\/view?usp=drive_link<\/td>        <\/tr>\n            <tr data-row_id=\"7\" class=\"ninja_table_row_7 nt_row_id_7\">\n            <td>Decreto<\/td><td>052\/2023<\/td><td>27\/10\/2023<\/td><td>Gabinete do Prefeito<\/td><td>Disp\u00f5e sobre feriado municipal e d\u00e1 outras provid\u00eancias<\/td><td>https:\/\/drive.google.com\/open?id=11tHiIDJnWEzd5k0kJJ7V_J6z5Fn7DOuw&amp;usp=drive_copy<\/td>        <\/tr>\n            <tr data-row_id=\"8\" class=\"ninja_table_row_8 nt_row_id_8\">\n            <td>Decreto<\/td><td>052\/2023<\/td><td>11\/10\/2023<\/td><td>Gabinete do Prefeito<\/td><td>Disp\u00f5e sobre Convoca\u00e7\u00e3o da 1\u00aa Confer\u00eancia Municipal de Cultura e d\u00e1 outras provid\u00eancias.<\/td><td>https:\/\/drive.google.com\/open?id=1dLYFnxSR47BhbRn-vsMy-62lLIo9plJ_&amp;usp=drive_copy<\/td>        <\/tr>\n            <tr data-row_id=\"9\" class=\"ninja_table_row_9 nt_row_id_9\">\n            <td>Decreto<\/td><td>051\/2023<\/td><td>11\/10\/2023<\/td><td>Gabinete do Prefeito<\/td><td>DISP\u00d5E SOBRE PONTO FACULTATIVO NAS MUNICIPAIS, REPARTI\u00c7\u00d5ES PUBLICAS D\u00c1 OUTRAS PROVIDENCIAS<\/td><td>https:\/\/drive.google.com\/open?id=1xlTw06v-G1bhSCCPeqy86sPmOaS6_irT&amp;usp=drive_copy<\/td>        <\/tr>\n            <tr data-row_id=\"10\" class=\"ninja_table_row_10 nt_row_id_10\">\n            <td>Decreto<\/td><td>047\/2023<\/td><td>13\/09\/2023<\/td><td>Gabinete do Prefeito<\/td><td>Estabelece, no \u00e2mbito municipal, OS procedimentos necess\u00e1rios \u00e0 aplica\u00e7\u00e3o dos recursos recebidos nos termos da Lei Complementar n\u00ba 195, de 8 de julho de 2022, que disp\u00f5e sobre a\u00e7\u00f5es emergenciais destinadas ao setor cultural, em especial ao audiovisual, a serem adotadas em decorr\u00eancia dos efeitos econ\u00f4micos e sociais da pandemia do novo Coronav\u00edrus (COVID-19).<\/td><td>https:\/\/drive.google.com\/open?id=1Zsyc8MLt17KYKqrPMhI0ztY7DUSCXb0r&amp;usp=drive_copy<\/td>        <\/tr>\n            <tr data-row_id=\"11\" class=\"ninja_table_row_11 nt_row_id_11\">\n            <td>Decreto<\/td><td>046\/2023<\/td><td>06\/09\/2023<\/td><td>Gabinete do Prefeito<\/td><td>DISP\u00d5E SOBRE PONTO FACULTATIVO NAS REPARTI\u00c7\u00d5ES P\u00daBLICAS MUNICIPAIS E D\u00c1 OUTRAS PROVID\u00caNCIAS.<\/td><td>https:\/\/drive.google.com\/open?id=1LdANFU6fM4YKAYsvPJvtuq5bCfXCYGAU&amp;usp=drive_copy<\/td>        <\/tr>\n            <tr data-row_id=\"12\" class=\"ninja_table_row_12 nt_row_id_12\">\n            <td>Decreto<\/td><td>042\/2023<\/td><td>21\/08\/2023<\/td><td>Gabinete do Prefeito<\/td><td>DISP\u00d5E SOBRE EXONERA\u00c7\u00c3O POR APOSENTADORIA, DECLARA VACANCIA DO CARGO P\u00daBLICO E DA OUTRAS PROVIDENCIAS<\/td><td>https:\/\/drive.google.com\/file\/d\/1g2Ukvol9sEaJghA8EsplrxURzeAtW9qx\/view?usp=drive_link<\/td>        <\/tr>\n            <tr data-row_id=\"13\" class=\"ninja_table_row_13 nt_row_id_13\">\n            <td>Decreto<\/td><td>041\/2023<\/td><td>21\/08\/2023<\/td><td>Gabinete do Prefeito<\/td><td>DISPOE SOBRE EXONERA\u00c7\u00c3O POR APOSENTADORIA, DECLARA VAC\u00c2NCIA DO CARGO P\u00daBLICO E D\u00c1 OUTRAS PROVID\u00caNCIAS.<\/td><td>https:\/\/drive.google.com\/file\/d\/1PSR6oxAVt6IvRxvy3PmX0ruMR_8KRY7R\/view?usp=drive_link<\/td>        <\/tr>\n            <tr data-row_id=\"14\" class=\"ninja_table_row_14 nt_row_id_14\">\n            <td>Decreto<\/td><td>040\/2023<\/td><td>21\/08\/2023<\/td><td>Gabinete do Prefeito<\/td><td>DISP\u00d5E SOBRE EXONERA\u00c7\u00c3O POR APOSENTADORIA, DECLARA VAC\u00c2NCIA DO CARGO P\u00daBLICO E DA OUTRAS PROVID\u00caNCIAS.<\/td><td>https:\/\/drive.google.com\/file\/d\/1vial5h-Jyf45k4X2nIWNMg97YqLcx4j7\/view?usp=sharing<\/td>        <\/tr>\n            <tr data-row_id=\"15\" class=\"ninja_table_row_15 nt_row_id_15\">\n            <td>Decreto<\/td><td>039\/2023<\/td><td>21\/08\/2023<\/td><td>Gabinete do Prefeito<\/td><td>DISP\u00d5E SOBRE A EXONERA\u00c7\u00c3O POR MORTE DE SERVIDOR E DA OUTRAS PROVID\u00caNCIAS<\/td><td>https:\/\/drive.google.com\/file\/d\/1tWVZig-Mk-uqzATpNd9OoTFOp6_u4VIA\/view?usp=sharing<\/td>        <\/tr>\n            <tr data-row_id=\"16\" class=\"ninja_table_row_16 nt_row_id_16\">\n            <td>Decreto<\/td><td>038\/2023<\/td><td>10\/08\/2023<\/td><td>Gabinete do Prefeito<\/td><td>DISP\u00d5E SOBRE PONTO FACULTATIVO NAS REPARTI\u00c7\u00d5ES P\u00daBLICAS MUNICIPAIS,E D\u00c1 OUTRAS PROVID\u00caNCIAS.<\/td><td>https:\/\/drive.google.com\/open?id=19oJSMWsfMt2fbvAfLPe-CPSg0oLwGxbC&amp;usp=drive_copy<\/td>        <\/tr>\n            <tr data-row_id=\"17\" class=\"ninja_table_row_17 nt_row_id_17\">\n            <td>Decreto<\/td><td>037\/2023<\/td><td>10\/08\/2023<\/td><td>Gabinete do Prefeito<\/td><td>DISP\u00d5E SOBRE NOMEAC\u00c3O DOS MEMBROS DA COMISS\u00c3O DE MONITORIAMENTO CONT\u00cdNUO E DE AVALIA\u00c7\u00c3O PERI\u00d3DICA DO PLANO MUNICIPAL DE EDUCA\u00c7\u00c3O E D\u00c1 OUTRAS PROVID\u00caNCIAS.<\/td><td>https:\/\/drive.google.com\/open?id=1ZuNtFx8vXgn0eFqKjYer4htCmqSayMhU&amp;usp=drive_copy<\/td>        <\/tr>\n            <tr data-row_id=\"18\" class=\"ninja_table_row_18 nt_row_id_18\">\n            <td>Decreto<\/td><td>035\/2023<\/td><td>12\/07\/2023<\/td><td>Gabinete do prefeito<\/td><td>DISP\u00d5E SOBRE RECESSO NAS REPARTI\u00c7\u00d5ES P\u00daBLICAS MUNICIPAIS, E D\u00c1 OUTRAS PROVID\u00caNCIAS<\/td><td>https:\/\/drive.google.com\/open?id=1VGHWpL6HmIgrBxF-0XyLLkzEVGwm2rET&amp;usp=drive_copy<\/td>        <\/tr>\n            <tr data-row_id=\"19\" class=\"ninja_table_row_19 nt_row_id_19\">\n            <td>Decreto<\/td><td>034\/2023<\/td><td>05\/07\/2023<\/td><td>Gabinete do prefeito<\/td><td>REGULAMENTA A LEI 14.129 DE 29 DE MARCO DE 2021, NO \u00c2MBITO DA ADMINISTRA\u00c7\u00c3O MUNICIPAL DE ABEL FIGUEIREDO E D\u00c1 OUTRAS PROVID\u00caNCIAS<\/td><td>https:\/\/drive.google.com\/open?id=1ieuws08I8X_ZifZ_tN0snOWAJqq0ngD-&amp;usp=drive_copy<\/td>        <\/tr>\n            <tr data-row_id=\"20\" class=\"ninja_table_row_20 nt_row_id_20\">\n            <td>Decreto<\/td><td>033\/2023<\/td><td>05\/07\/2023<\/td><td>Gabinete do prefeito<\/td><td>REGULAMENTA A APLICA\u00c7\u00c3O DA LEI FEDERAL NOVA LEI 13.709, DE 14 DE AGOSTO DE 2018, - LEI DE PROTE\u00c7\u00c3O DE DADOS PESSOAIS (LGPD), NO \u00c2MBITO DA ADMINISTRA\u00c7\u00c3O DIRETA E INDIRETA DO MUNIC\u00cdPIO DE ABEL FIGUEIREDO E D\u00c1 OUTRAS PROVID\u00caNCIAS<\/td><td>https:\/\/drive.google.com\/open?id=19wP3CudcqVr1_DoYA4KJjbu4mHdG3wmv&amp;usp=drive_copy<\/td>        <\/tr>\n            <tr data-row_id=\"21\" class=\"ninja_table_row_21 nt_row_id_21\">\n            <td>Decreto<\/td><td>031\/2023<\/td><td>29\/06\/2023<\/td><td>Gabinete do Prefeito<\/td><td>DISP\u00d5E SOBRE A DESVINCULA\u00c7\u00c3O DE RECEITAS CORRENTES, EM CONFORMIDADE COM O DISPOSTO NO ART. 76-B DOS ADCT DA CONSTITUI\u00c7\u00c3O FEDERAL.<\/td><td>https:\/\/drive.google.com\/open?id=1pQ6UGPbLrwALFySDIQIoiu6J08egmrhQ&amp;usp=drive_copy<\/td>        <\/tr>\n            <tr data-row_id=\"22\" class=\"ninja_table_row_22 nt_row_id_22\">\n            <td>Decreto<\/td><td>030\/2023<\/td><td>14\/06\/2023<\/td><td>Gabinete do prefeito<\/td><td>Define os servi\u00e7os cont\u00ednuos no \u00e2mbito do munic\u00edpio de Abel Figueiredo,  Par\u00e1, e da outras provid\u00eancias<\/td><td>https:\/\/drive.google.com\/open?id=19I03PNg2jKyf6X3T-w-5hsFxXxJwo1eC&amp;usp=drive_copy<\/td>        <\/tr>\n            <tr data-row_id=\"23\" class=\"ninja_table_row_23 nt_row_id_23\">\n            <td>Decreto<\/td><td>028\/2023<\/td><td>05\/06\/2023<\/td><td>Gabinete do prefeito<\/td><td>Disp\u00f5e sobre ponto facultativo e d\u00e1 outras provid\u00eancias<\/td><td>https:\/\/drive.google.com\/file\/d\/1EB75e0VJny7TwfFWBAqtu-zp9kY2Jmdd\/view<\/td>        <\/tr>\n            <tr data-row_id=\"24\" class=\"ninja_table_row_24 nt_row_id_24\">\n            <td>Decreto<\/td><td>027\/2023<\/td><td>25\/05\/2023<\/td><td>Gabinete do prefeito<\/td><td>Disp\u00f5e sobre luto oficial e d\u00e1 outras provid\u00eancias<\/td><td>https:\/\/drive.google.com\/open?id=1jlQWSmDaj9ezEZi-c5nPzeQiMJr1MvQO&amp;usp=drive_copy<\/td>        <\/tr>\n            <tr data-row_id=\"25\" class=\"ninja_table_row_25 nt_row_id_25\">\n            <td>Decreto<\/td><td>026\/2023<\/td><td>17\/05\/2023<\/td><td>Gabinete do prefeito<\/td><td>Disp\u00f5e sobre a nomea\u00e7\u00e3o de novos membros para o Conselho Municipal de Meio Ambiente do munic\u00edpio de Abel Figueiredo e da outras provid\u00eancias<\/td><td>https:\/\/drive.google.com\/open?id=1KpcFkJdMwzBR1A4-XwIhA-mX-DaP8m9s&amp;usp=drive_copy<\/td>        <\/tr>\n            <tr data-row_id=\"26\" class=\"ninja_table_row_26 nt_row_id_26\">\n            <td>Decreto<\/td><td>024\/2023<\/td><td>15\/05\/2023<\/td><td>Gabinete do prefeito<\/td><td>Disp\u00f5e sobre as consigna\u00e7\u00f5es facultativas em folha de pagamento dos servidores ativos e inativos da administra\u00e7\u00e3o publica direta e indireta do poder executivo do Munic\u00edpio de Abel Figueiredo e da outras provid\u00eancias<\/td><td>https:\/\/drive.google.com\/open?id=1Q3hNG4bpPCAbXIJJJrsH4nrnIlTA2t4O&amp;usp=drive_copy<\/td>        <\/tr>\n            <tr data-row_id=\"27\" class=\"ninja_table_row_27 nt_row_id_27\">\n            <td>Decreto<\/td><td>020\/2023<\/td><td>17\/04\/2023<\/td><td>Gabinete do prefeito<\/td><td>Regulamenta a lei municipal n\u00ba 263, de 25 de agosto de 2022 que institui o programa \u201c\u00e1gua solid\u00e1ria\u201d, no \u00e2mbito do munic\u00edpio de Abel Figueiredo e d\u00e1 outras provid\u00eancias<\/td><td>https:\/\/drive.google.com\/open?id=1oc2rLdJQkMHOYW7boQaVIx2KFpk03rl3&amp;usp=drive_copy<\/td>        <\/tr>\n            <tr data-row_id=\"28\" class=\"ninja_table_row_28 nt_row_id_28\">\n            <td>Decreto<\/td><td>019\/2023<\/td><td>13\/04\/2023<\/td><td>Gabinete do prefeito<\/td><td>Disp\u00f5e sobre luto oficial e d\u00e1 outras provid\u00eancias<\/td><td>https:\/\/drive.google.com\/open?id=1C-JdstBjAWSbFfruss6KJh5feAB_qknW&amp;usp=drive_copy<\/td>        <\/tr>\n            <tr data-row_id=\"29\" class=\"ninja_table_row_29 nt_row_id_29\">\n            <td>Decreto<\/td><td>018\/2023<\/td><td>05\/04\/2023<\/td><td>Gabinete do prefeito<\/td><td>Disp\u00f5e sobre a 12\u00aa Confer\u00eancia Municipal de Sa\u00fade de Abel Figueiredo e d\u00e1 outras provid\u00eancias<\/td><td>https:\/\/drive.google.com\/open?id=1lzwVcF_PoPv6JI4WCdcE3z6bh09HbXyk&amp;usp=drive_copy<\/td>        <\/tr>\n            <tr data-row_id=\"30\" class=\"ninja_table_row_30 nt_row_id_30\">\n            <td>Decreto<\/td><td>016\/2023<\/td><td>03\/04\/2023<\/td><td>Gabinete do prefeito<\/td><td>Disp\u00f5e sobre ponto facultativo nas reparti\u00e7\u00f5es p\u00fablicas municipais e d\u00e1 outras provid\u00eancias.<\/td><td>https:\/\/drive.google.com\/open?id=1wvZYhXsnHoaUQkmGjNA9cHDwUCk7DdWt&amp;usp=drive_copy<\/td>        <\/tr>\n            <tr data-row_id=\"31\" class=\"ninja_table_row_31 nt_row_id_31\">\n            <td>Decreto<\/td><td>015\/2023<\/td><td>30\/03\/2023<\/td><td>Gabinete do prefeito<\/td><td>Disp\u00f5e sobre luto oficial e d\u00e1 outras provid\u00eancias<\/td><td>https:\/\/drive.google.com\/open?id=1-uDIp8Q88tdGMOmfK67gz6148RzArsio&amp;usp=drive_copy<\/td>        <\/tr>\n            <tr data-row_id=\"32\" class=\"ninja_table_row_32 nt_row_id_32\">\n            <td>Decreto<\/td><td>014\/2023<\/td><td>30\/03\/2023<\/td><td>Gabinete do prefeito<\/td><td>egulamenta a nova lei de licita\u00e7\u00f5es, e contrato administrativos, lei federal 14.133\/de primeiro de abril de 2021, no \u00e2mbito da administra\u00e7\u00e3o municipal de Abel Figueiredo e d\u00e1 outras provid\u00eancias<\/td><td>https:\/\/drive.google.com\/open?id=1nujwytotCx8sOPOT1E-STjw0jbVhEN5g&amp;usp=drive_copy<\/td>        <\/tr>\n            <tr data-row_id=\"33\" class=\"ninja_table_row_33 nt_row_id_33\">\n            <td>Decreto<\/td><td>013\/2023<\/td><td>29\/03\/2023<\/td><td>Gabinete do prefeito<\/td><td>Disp\u00f5e sobre nomea\u00e7\u00e3o do Coordenador da Unidade de Controle Interno do Poder Executivo Municipal e d\u00e1 outras provid\u00eancias<\/td><td>https:\/\/drive.google.com\/open?id=19HhgCf-9BXjtiKcr19SU4ioANzMXGVNJ&amp;usp=drive_copy<\/td>        <\/tr>\n            <tr data-row_id=\"34\" class=\"ninja_table_row_34 nt_row_id_34\">\n            <td>Decreto<\/td><td>012\/2023<\/td><td>29\/03\/2023<\/td><td>Gabinete do prefeito<\/td><td>Disp\u00f5e sobre exonera\u00e7\u00e3o do Cargo Interino da Coordenadoria da Unidade de Controle Interno do Poder Executivo Municipal e d\u00e1 outras provid\u00eancias<\/td><td>https:\/\/drive.google.com\/open?id=1UiRhTC-3RpEA0remB4XXEbOoyUMIue6M&amp;usp=drive_copy<\/td>        <\/tr>\n            <tr data-row_id=\"35\" class=\"ninja_table_row_35 nt_row_id_35\">\n            <td>Decreto<\/td><td>011\/2023<\/td><td>29\/03\/2023<\/td><td>Gabinete do prefeito<\/td><td>Disp\u00f5e sobre exonera\u00e7\u00e3o da Coordenadora da Unidade de Controle Interno do Poder Executivo Municipal e d\u00e1 outras provid\u00eancias<\/td><td>https:\/\/drive.google.com\/open?id=1Str3nuNeCCvkacJsKiQIk5nIgMeRmTGt&amp;usp=drive_copy<\/td>        <\/tr>\n            <tr data-row_id=\"36\" class=\"ninja_table_row_36 nt_row_id_36\">\n            <td>Decreto<\/td><td>010\/2023<\/td><td>27\/03\/2023<\/td><td>Gabinete do prefeito<\/td><td>Regulamenta a Lei Municipal N\u00ba 264, de 25 de Agosto de 2022, que \u201cInstitui o Projeto + Leite visando garantir a alimenta\u00e7\u00e3o b\u00e1sica de crian\u00e7as de 6 a 36 meses, pertencentes a fam\u00edlias em situa\u00e7\u00e3o de vulnerabilidade social e\/ou que apresentam inseguran\u00e7a alimentar e\/ou nutricional e d\u00e1 outras provid\u00eancias<\/td><td>https:\/\/drive.google.com\/open?id=1rnrpYskifKuIXEG5G9bzH7UXZBBH2Mrs&amp;usp=drive_copy<\/td>        <\/tr>\n            <tr data-row_id=\"37\" class=\"ninja_table_row_37 nt_row_id_37\">\n            <td>Decreto<\/td><td>008\/2023<\/td><td>27\/02\/2023<\/td><td>Gabinete do prefeito<\/td><td>Disp\u00f5e sobre nomea\u00e7\u00e3o interina na Coordenadoria da Unidade de Controle Interno do poder executivo municipal e d\u00e1 outras provid\u00eancias<\/td><td>https:\/\/drive.google.com\/open?id=13ujNBlgQ0Mg7wSdMXkWOvTwUiDErZf3p&amp;usp=drive_copy<\/td>        <\/tr>\n            <tr data-row_id=\"38\" class=\"ninja_table_row_38 nt_row_id_38\">\n            <td>Decreto<\/td><td>007\/2023<\/td><td>17\/02\/2023<\/td><td>Gabinete do prefeito<\/td><td>Disp\u00f5e sobre pontos facultativos nas reparti\u00e7\u00f5es p\u00fablicas municipais, e d\u00e1 outras provid\u00eancias<\/td><td>https:\/\/drive.google.com\/open?id=13yPGc7JxKwjYt0nIgs72BR1B4qhTu2WT&amp;usp=drive_copy<\/td>        <\/tr>\n            <tr data-row_id=\"39\" class=\"ninja_table_row_39 nt_row_id_39\">\n            <td>Decreto<\/td><td>006\/2023<\/td><td>15\/02\/2023<\/td><td>Gabinete do prefeito<\/td><td>Disp\u00f5e sobre exonera\u00e7\u00e3o por aposentadoria, declara vac\u00e2ncia do Cargo P\u00fablico e d\u00e1 outras provid\u00eancias<\/td><td>https:\/\/drive.google.com\/open?id=1AFb_tndUi6R8T4NhC3FGqUsmQ57Ws5iA&amp;usp=drive_copy<\/td>        <\/tr>\n            <tr data-row_id=\"40\" class=\"ninja_table_row_40 nt_row_id_40\">\n            <td>Decreto<\/td><td>005\/2023<\/td><td>15\/02\/2023<\/td><td>Gabinete do prefeito<\/td><td>Disp\u00f5e sobre exonera\u00e7\u00e3o por aposentadoria, declara vac\u00e2ncia do Cargo P\u00fablico e d\u00e1 outras provid\u00eancias<\/td><td>https:\/\/drive.google.com\/open?id=1uHayL0od5qy9BG_5_Rnvtv2Ui8SZFbpk&amp;usp=drive_copy<\/td>        <\/tr>\n            <tr data-row_id=\"41\" class=\"ninja_table_row_41 nt_row_id_41\">\n            <td>Decreto<\/td><td>003\/2023<\/td><td>25\/01\/2023<\/td><td>Gabinete do prefeito<\/td><td>Disp\u00f5e sobre a Substitui\u00e7\u00e3o de Membros Representante do Conselho Municipal de Acompanhamento e Controle Social do Fundo de Manuten\u00e7\u00e3o e Desenvolvimento da Educa\u00e7\u00e3o B\u00e1sica e de Valoriza\u00e7\u00e3o dos Profissionais da Educa\u00e7\u00e3o \u2013 CACS-FUNDEB do Munic\u00edpio de Abel Figueiredo\/PA para o Quadri\u00eanio 2023\/2026, altera as disposi\u00e7\u00f5es do Decreto Municipal N\u00ba. 058\/2022-GP e d\u00e1 outras provid\u00eancias<\/td><td>https:\/\/drive.google.com\/open?id=1UOYFp8Kn-XFPlkqzsX6NDSpoyaQJyF9b&amp;usp=drive_copy<\/td>        <\/tr>\n            <tr data-row_id=\"42\" class=\"ninja_table_row_42 nt_row_id_42\">\n            <td>Decreto<\/td><td>060\/2022<\/td><td>20\/12\/2022<\/td><td>Gabinete do prefeito<\/td><td>DISP\u00d5E SOBRE FERIADO MUNICIPAL E D\u00c1 OUTRAS PROVIDENCIAS.<\/td><td>https:\/\/drive.google.com\/open?id=1_VODpAuzxmJzn-ughwsxhmSPdhTUqq3X&amp;usp=drive_copy<\/td>        <\/tr>\n            <tr data-row_id=\"43\" class=\"ninja_table_row_43 nt_row_id_43\">\n            <td>Decreto<\/td><td>059\/A-2022<\/td><td>19\/12\/2022<\/td><td>Gabinete do prefeito<\/td><td>DISP\u00d5E SOBRE DESVINCULA\u00c7\u00c3O DE RECEITAS CORRENTES, CONFORMIDADE COM EM o DISPOSTO NO ART. 76-B DOS ADO DA CONSTITUI\u00c7\u00c3O FEDERAL<\/td><td>https:\/\/drive.google.com\/open?id=1DWWuSQxFZ11vu0cnI6rNzq2--PD-GfyO&amp;usp=drive_copy<\/td>        <\/tr>\n            <tr data-row_id=\"44\" class=\"ninja_table_row_44 nt_row_id_44\">\n            <td>Decreto<\/td><td>059\/A-2022<\/td><td>20\/12\/2022<\/td><td>Gabinete do prefeito<\/td><td>DISP\u00d5E SOBRE RECESSO NAS REPARTI\u00c7OES P\u00daBLICAS MUNICIPAIS, E DA OUTRAS PROVID\u00caNCIAS <\/td><td>https:\/\/drive.google.com\/open?id=1uYvxWc4T7-U6itr3op2_UYvQTxsKZyW-&amp;usp=drive_copy<\/td>        <\/tr>\n            <tr data-row_id=\"45\" class=\"ninja_table_row_45 nt_row_id_45\">\n            <td>Decreto<\/td><td>058\/2022<\/td><td>19\/12\/2022<\/td><td>Gabinete do prefeito<\/td><td>DISP\u00d5E SOBRE NOMEA\u00c7\u00c3O DOS MEMBROS DO NOVO CONSELHO MUNICIPAL DE ACOMPANHAMENTO E CONTROLE SOCIAL DO FUNDO DE MANUTEN\u00c7\u00c3O E DESENVOLVIMENTO DA EDUCA\u00c7\u00c3O B\u00c1SICA E DE VALORIZA\u00c7\u00c3O DOS PROFISSIONAIS DA EDUCA\u00c7\u00c3O - CACS-FUNDEB E D\u00c1 OUTRAS PROVID\u00caNCIAS.<\/td><td>https:\/\/drive.google.com\/open?id=1NvshXmc0tZgWboT-7DtoTHyDmeg-2M98&amp;usp=drive_copy<\/td>        <\/tr>\n            <tr data-row_id=\"46\" class=\"ninja_table_row_46 nt_row_id_46\">\n            <td>Decreto<\/td><td>057\/2022<\/td><td>07\/12\/2022<\/td><td>Gabinete do prefeito<\/td><td>DISP\u00d5E SOBRE FERIADO MUNICIPAL E D\u00c1 OUTRAS PROVID\u00caNCIAS .<\/td><td>https:\/\/drive.google.com\/open?id=1zmO0uCKTEJZL_JNd5kUH5gC9n_sHIjco&amp;usp=drive_copy<\/td>        <\/tr>\n            <tr data-row_id=\"47\" class=\"ninja_table_row_47 nt_row_id_47\">\n            <td>Decreto<\/td><td>054\/2022<\/td><td>30\/11\/2022<\/td><td>Gabinete do prefeito<\/td><td>DISP\u00d5E SOBRE NOMEA\u00c7\u00c3O DOS MEMBROS REPRESENTANTES DO CONSELHO MUNICIPAL DOS DIREITOS DA CRIAN\u00c7A E DO ADOLESCENTE PARA E D\u00c1 OUTRAS O BI\u00caNIO 2022-2024 , PROVID\u00caNCIAS .<\/td><td>https:\/\/drive.google.com\/open?id=1LyuIgN-k2VC0zpioWynxF9fGCdjDxpMA&amp;usp=drive_copy<\/td>        <\/tr>\n            <tr data-row_id=\"48\" class=\"ninja_table_row_48 nt_row_id_48\">\n            <td>Decreto<\/td><td>051\/2022<\/td><td>28\/10\/2022<\/td><td>Gabinete do prefeito<\/td><td>DISP\u00d5E SOBRE A MUDAN\u00c7A DOS MEMBROS PARA COMPOR O CONSELHO MUNICIPAL DE ASSIST\u00caNCIA SOCIAL DE ABEL FIGUEIREDO E D\u00c1 OUTRAS PROVID\u00caNCIAS.<\/td><td>https:\/\/drive.google.com\/open?id=1J74PraC_688YUIxXmwx33vmeA_kUnc2C&amp;usp=drive_copy<\/td>        <\/tr>\n            <tr data-row_id=\"49\" class=\"ninja_table_row_49 nt_row_id_49\">\n            <td>Decreto<\/td><td>050\/2022<\/td><td>08\/10\/2022<\/td><td>Gabinete do prefeito<\/td><td>DISP\u00d5E SOBRE FERIADO MUNICIPAL E D\u00c1 OUTRAS PROVID\u00caNCIAS .<\/td><td>https:\/\/drive.google.com\/open?id=1z_zzYHE22Av3CyFwg3MdRgO39xoZe8-N&amp;usp=drive_copy<\/td>        <\/tr>\n            <tr data-row_id=\"50\" class=\"ninja_table_row_50 nt_row_id_50\">\n            <td>Decreto<\/td><td>049\/2022<\/td><td>27\/10\/2022<\/td><td>Gabinete do prefeito<\/td><td>Convoca a 4\u00aa Confer\u00eancia Municipal da Cidade de Abel Figueiredo e cria a Comiss\u00e3o Organizadora Municipal e d\u00e1 outras provid\u00eancias<\/td><td>https:\/\/drive.google.com\/open?id=1Bg7NOFBF1jIIEy7IExG3XPRLgN4HtfIV&amp;usp=drive_copy<\/td>        <\/tr>\n            <tr data-row_id=\"51\" class=\"ninja_table_row_51 nt_row_id_51\">\n            <td>Decreto<\/td><td>048\/2022<\/td><td>27\/10\/2022<\/td><td>Gabinete do prefeito<\/td><td>DISP\u00d5E SOBRE PONTO FACULTATIVO NAS REPARTI\u00c7\u00d5ES P\u00daBLICAS MUNICIPAIS, D\u00c1 OUTRAS PROVID\u00caNCIAS.<\/td><td>https:\/\/drive.google.com\/open?id=1rVZf-AeCf07FiVvoXkYU1Q1X6HOHqr3B&amp;usp=drive_copy<\/td>        <\/tr>\n            <tr data-row_id=\"52\" class=\"ninja_table_row_52 nt_row_id_52\">\n            <td>Decreto<\/td><td>047\/2022<\/td><td>01\/02\/2022<\/td><td>Gabinete do prefeito<\/td><td>DISP\u00d5E SOBRE CONCESS\u00c3O DE LICEN\u00c7A PARA TRATAR DE INTERESSES PARTICULARES E D\u00c1 OUTRAS ROVIDENCIAS<\/td><td>https:\/\/drive.google.com\/open?id=1zh58V5n417LB9eGXVG8aEORwG7BoliAk&amp;usp=drive_copy<\/td>        <\/tr>\n            <tr data-row_id=\"53\" class=\"ninja_table_row_53 nt_row_id_53\">\n            <td>Decreto<\/td><td>047\/2022<\/td><td>18\/10\/2022<\/td><td>Gabinete do prefeito<\/td><td>Disp\u00f5e sobre a nomea\u00e7\u00e3o dos membros do Conselho Municipal de Sa\u00fade no Munic\u00edpio de Abel Figueiredo, Estado do Par\u00e1 e d\u00e1 outras provid\u00eancias<\/td><td>https:\/\/drive.google.com\/open?id=1UMtqwojyXBFtFT2etqlGBbksP16OnCDI&amp;usp=drive_copy<\/td>        <\/tr>\n            <tr data-row_id=\"54\" class=\"ninja_table_row_54 nt_row_id_54\">\n            <td>Decreto<\/td><td>047\/2022<\/td><td>01\/02\/2022<\/td><td>Gabinete do prefeito<\/td><td>DISP\u00d5E SOBRE CONCESS\u00c3O DE LICEN\u00c7A PARA TRATAR DE INTERESSES PARTICULARES E D\u00c1 OUTRAS PROVID\u00caNCIAS<\/td><td>https:\/\/drive.google.com\/open?id=1hJlkQuEz-fCM4FR2iNW8JbQwBukhciNS&amp;usp=drive_copy<\/td>        <\/tr>\n            <tr data-row_id=\"55\" class=\"ninja_table_row_55 nt_row_id_55\">\n            <td>Decreto<\/td><td>046\/2022<\/td><td>11\/10\/2022<\/td><td>Gabinete do prefeito<\/td><td>DISP\u00d5E SOBRE PONTO FACULTATIVO NAS REPARTI\u00c7\u00d5ES P\u00daBLICAS MUNICIPAIS , E D\u00c1 OUTRAS PROVID\u00caNCIAS<\/td><td>https:\/\/drive.google.com\/open?id=1DHuYJzwMu7Q42X-Rb8MmIi0CJ4dDow4e&amp;usp=drive_copy<\/td>        <\/tr>\n            <tr data-row_id=\"56\" class=\"ninja_table_row_56 nt_row_id_56\">\n            <td>Decreto<\/td><td>045\/2022<\/td><td>04\/10\/2022<\/td><td>Gabinete do prefeito<\/td><td>DISP\u00d5E SOBRE OS CRIT\u00c9RIOS T\u00c9CNICOS DE M\u00c9RITO E DE DESEMPENHO E A CONSULTA \u00c1 COMUNIDADE ESCOLAR PARA PROVIMENTO DA FUN\u00c7\u00c3O DE GESTOR ESCOLAR DAS ESCOLAS DA REDE DE ENSINO DO MUNIC\u00cdPIO DE ABEL FIGUEIREDO - PA E D\u00c1 OUTRAS PROVID\u00caNCIAS.<\/td><td>https:\/\/drive.google.com\/open?id=1D-x8BDPauc0r7mgbmVWtUmHm7FFZ0lmu&amp;usp=drive_copy<\/td>        <\/tr>\n            <tr data-row_id=\"57\" class=\"ninja_table_row_57 nt_row_id_57\">\n            <td>Decreto<\/td><td>044\/2022<\/td><td>04\/10\/2022<\/td><td>Gabinete do prefeito<\/td><td>DISP\u00d5E SOBRE MUDAN\u00c7A DO HOR\u00c1RIO DE FUNCIONAMENTO DA PREFEITURA MUNICIPAL DE ABEL FIGUEIREDO E D\u00c1 OUTRAS PROVID\u00caNCIAS.<\/td><td>https:\/\/drive.google.com\/open?id=1Hfz4ARXTli4U_8MlyxXXtU6boiFNk0YP&amp;usp=drive_copy<\/td>        <\/tr>\n            <tr data-row_id=\"58\" class=\"ninja_table_row_58 nt_row_id_58\">\n            <td>Decreto<\/td><td>041\/2022<\/td><td>06\/09\/2022<\/td><td>Gabinete do prefeito<\/td><td>DISP\u00d5E SOBRE PONTO FACULTATIVO NAS REPARTI\u00c7\u00d5ES P\u00daBLICAS MUNICIPAIS, E D\u00c1 OUTRAS PROVID\u00caNCIAS .<\/td><td>https:\/\/drive.google.com\/open?id=1LxaxSBsRJFQ03VSYWtatYHgVEBToebCG&amp;usp=drive_copy<\/td>        <\/tr>\n            <tr data-row_id=\"59\" class=\"ninja_table_row_59 nt_row_id_59\">\n            <td>Decreto<\/td><td>040\/2022<\/td><td>06\/09\/2022<\/td><td>Gabinete do prefeito<\/td><td>DISP\u00d5E SOBRE LUTO OFICIAL E D\u00c1 OUTRAS PROVID\u00caNCIAS<\/td><td>https:\/\/drive.google.com\/open?id=1CS-VCd_AUzeWCHnf8kCPpr65yYyshP65&amp;usp=drive_copy<\/td>        <\/tr>\n            <tr data-row_id=\"60\" class=\"ninja_table_row_60 nt_row_id_60\">\n            <td>Decreto<\/td><td>035\/2022<\/td><td>01\/08\/2022<\/td><td>Gabinete do prefeito<\/td><td>DISP\u00d5E FUNCIONAMENTO DA PERTURO MUNICIPAL DE ABEL FIGUEIREDO E DA OUTRAS PROVID\u00caNCIAS.<\/td><td>https:\/\/drive.google.com\/open?id=1SEIsawPGKhl5daYxCYIrMWgPclPiqMpq&amp;usp=drive_copy<\/td>        <\/tr>\n            <tr data-row_id=\"61\" class=\"ninja_table_row_61 nt_row_id_61\">\n            <td>Decreto<\/td><td>034\/2022<\/td><td>28\/07\/2022<\/td><td>Gabinete do prefeito<\/td><td>DISP\u00d5E SOBRE A 11\u00aa CONFERENCIA MUNICIPAL DE SA\u00daDE DE FIGUEIREDO E ABEL DA OUTRAS PROVID\u00caNCIAS<\/td><td>https:\/\/drive.google.com\/open?id=1Jsvi4Swb73Rk_5mckbKRgWTx2sUcgCNr&amp;usp=drive_copy<\/td>        <\/tr>\n            <tr data-row_id=\"62\" class=\"ninja_table_row_62 nt_row_id_62\">\n            <td>Decreto<\/td><td>033\/2022<\/td><td>04\/07\/2022<\/td><td>Gabinete do prefeito<\/td><td>DISP\u00d5E SOBRE MUDAN\u00c7A DO HOR\u00c1RIO DE FUNCIONAMENTO DA PREFEITURA MUNICIPAL DE ABEL FIGUEIREDO E D\u00c1 OUTRAS PROVID\u00caNCIAS.<\/td><td>https:\/\/drive.google.com\/open?id=1WlKn7vN3oF_-Cj3joYrP3WWy8hv-gcP0&amp;usp=drive_copy<\/td>        <\/tr>\n            <tr data-row_id=\"63\" class=\"ninja_table_row_63 nt_row_id_63\">\n            <td>Decreto<\/td><td>030\/2022<\/td><td>14\/06\/2022<\/td><td>Gabinete do prefeito<\/td><td>DISP\u00d5E SOBRE PONTO FACULTATIVO E D\u00c1 OUTRAS PROVID\u00caNCIAS<\/td><td>https:\/\/drive.google.com\/open?id=1ZVBlZojpqnuaaCUiKSUSlxxR7X1cTEeD&amp;usp=drive_copy<\/td>        <\/tr>\n            <tr data-row_id=\"64\" class=\"ninja_table_row_64 nt_row_id_64\">\n            <td>Decreto<\/td><td>026\/2022<\/td><td>10\/05\/2022<\/td><td>Gabinete do prefeito<\/td><td>DISP\u00d5E SOBRE EXONERA\u00c7\u00c3O POR APOSENTADORIA, DECLARA VAC\u00c2NCIA DO CARGO P\u00daBLICO E D\u00c1 OUTRAS PROVID\u00caNCIAS.<\/td><td>https:\/\/drive.google.com\/open?id=1uRBvb8EfONEjAwe2NjDaQUstADJjMXx2&amp;usp=drive_copy<\/td>        <\/tr>\n            <tr data-row_id=\"65\" class=\"ninja_table_row_65 nt_row_id_65\">\n            <td>Decreto<\/td><td>025\/2022<\/td><td>08\/05\/2022<\/td><td>Gabinete do prefeito<\/td><td>DISP\u00d5E SOBRE LUTO OFICIAL E D\u00c1 OUTRAS PROVID\u00caNCIAS<\/td><td>https:\/\/drive.google.com\/open?id=1cQG4_MMKhjNHXCj-VLtwH1UlURgzwuwV&amp;usp=drive_copy<\/td>        <\/tr>\n            <tr data-row_id=\"66\" class=\"ninja_table_row_66 nt_row_id_66\">\n            <td>Decreto<\/td><td>022\/2022<\/td><td>26\/04\/2022<\/td><td>Gabinete do prefeito<\/td><td>DISP\u00d4E SOBRE A 1\u00aa CONFER\u00caNCIA MUNICIPAL DE SA\u00daDE MENTAL COMO DIREITO DE ABEL FIGUEIREDO E DA OUTRAS PROVID\u00caNCIAS.<\/td><td>https:\/\/drive.google.com\/open?id=16lqoCJTKvXspvyWELtYbXUUxYiZEN9hK&amp;usp=drive_copy<\/td>        <\/tr>\n            <tr data-row_id=\"67\" class=\"ninja_table_row_67 nt_row_id_67\">\n            <td>Decreto<\/td><td>021\/2022<\/td><td>26\/04\/2022<\/td><td>Gabinete do prefeito<\/td><td>Institui o Comit\u00ea de Governan\u00e7a e Mast\u00e3o de Excompleno para implementa\u00e7\u00e3o em Gest\u00e3o das Transfer\u00eancias em Recursos da Uni\u00e3o - MEG-TR do Munic\u00edpio de Abel Figueiredo, e outras provid\u00eancias.<\/td><td>https:\/\/drive.google.com\/open?id=1WHlV7F6L6xOEx7z-0slBmm7TOXQFerXd&amp;usp=drive_copy<\/td>        <\/tr>\n            <tr data-row_id=\"68\" class=\"ninja_table_row_68 nt_row_id_68\">\n            <td>Decreto<\/td><td>020\/2022<\/td><td>19\/04\/2022<\/td><td>Gabinete do prefeito<\/td><td>DISP\u00d5E SOBRE PONTO FACULTATIVO MUNICIPAIS, ALEPARTI\u00c7\u00d5ES, P\u00daBLICAS D\u00c1 OUTRAS PROVID\u00caNCIAS.<\/td><td>https:\/\/drive.google.com\/open?id=1Jv4hBQdQMLrVFcokJP36VpiOheelw0ia&amp;usp=drive_copy<\/td>        <\/tr>\n            <tr data-row_id=\"69\" class=\"ninja_table_row_69 nt_row_id_69\">\n            <td>Decreto<\/td><td>017\/2022<\/td><td>19\/04\/2022<\/td><td>Gabinete do prefeito<\/td><td>DISP\u00d5E SOBRE PRORROGA\u00c7\u00c3O DO MANDATO E MUDAN\u00c7A DOS MEMBROS REPRESENTANTES PARA ACOMPANHAMENTO E CONTROLE SOCIAL DO CONSELHO MUNICIPAL DE SA\u00daDE PARA O BIENIO 2020\/2021 E D\u00c1 OUTRAS PROVID\u00caNCIAS.<\/td><td>https:\/\/drive.google.com\/open?id=1JdJRuT_2-DNld92BtXOhjttIelT9-i7p&amp;usp=drive_copy<\/td>        <\/tr>\n            <tr data-row_id=\"70\" class=\"ninja_table_row_70 nt_row_id_70\">\n            <td>Decreto<\/td><td>016\/2022<\/td><td>12\/04\/2022<\/td><td>Gabinete do prefeito<\/td><td>DISP\u00d5E SOBRE A LIBERA\u00c7\u00c3O DO USO DE M\u00c1SCARAS NO \u00c2MBITO DO MUNIC\u00cdPIO DE ABEL FIGUEIREDO, PAR\u00c1, E D\u00c1 OUTRAS PROVID\u00caNCIAS<\/td><td>https:\/\/drive.google.com\/open?id=1bFxb9PBkwo_YUWnPmu9cQ3ni3yqtfAUk&amp;usp=drive_copy<\/td>        <\/tr>\n            <tr data-row_id=\"71\" class=\"ninja_table_row_71 nt_row_id_71\">\n            <td>Decreto<\/td><td>015\/2022<\/td><td>11\/04\/2022<\/td><td>Gabinete do prefeito<\/td><td>DISP\u00d5E SOBRE PONTO FACULTATIVO REPARTI\u00c7\u00d5ES P\u00daBLICAS NAS D\u00c1 OUTRAS MUNICIPAIS, E PROVID\u00caNCIAS.<\/td><td>https:\/\/drive.google.com\/open?id=11xztQ-lMPUVlH1j-ZegNutLl8aw-WUCC&amp;usp=drive_copy<\/td>        <\/tr>\n            <tr data-row_id=\"72\" class=\"ninja_table_row_72 nt_row_id_72\">\n            <td>Decreto<\/td><td>013\/2022<\/td><td>31\/03\/2022<\/td><td>Gabinete do prefeito<\/td><td>DISP\u00d5E SOBRE EXONERA\u00c7\u00c3O POR APOSENTADORIA POR IDADE, DECLARA VAC\u00c2NCIA DO CARGO P\u00daBLICO E DA OUTRAS PROVID\u00caNCIAS.<\/td><td>https:\/\/drive.google.com\/open?id=1hhk4TpOvQkaWxSlu5h-Y-2pB7vPCllII&amp;usp=drive_copy<\/td>        <\/tr>\n            <tr data-row_id=\"73\" class=\"ninja_table_row_73 nt_row_id_73\">\n            <td>Decreto<\/td><td>012\/2022<\/td><td>29\/03\/2022<\/td><td>Gabinete do prefeito<\/td><td>Institui o C\u00f3digo de \u00c9tica Profissional do Agente P\u00fablico e Alta Administra\u00e7\u00e3o Administra\u00e7\u00e3o Direta e Indireta do Munic\u00edpio de Abel Figueiredo, e d\u00e1 outras provid\u00eancias.<\/td><td>https:\/\/drive.google.com\/open?id=1d-wTgXgH5W2yEQxok2bhLhLD4LpYhnXj&amp;usp=drive_copy<\/td>        <\/tr>\n            <tr data-row_id=\"74\" class=\"ninja_table_row_74 nt_row_id_74\">\n            <td>Decreto<\/td><td>011\/2022<\/td><td>28\/03\/2022<\/td><td>Gabinete do prefeito<\/td><td>DISP\u00d5E SOBRE NOMEA\u00c7\u00c3O DOS MEMBROS DO CONSELHO MUNICPAL DE EDUCA\u00c7\u00c3O DE ABEL FIGUEIREDO E D\u00c1 OUTRAS PROVID\u00caNCIAS.<\/td><td>https:\/\/drive.google.com\/open?id=19UyiYciHBNYFkfNip_kmlgbx4mWAKauV&amp;usp=drive_copy<\/td>        <\/tr>\n            <tr data-row_id=\"75\" class=\"ninja_table_row_75 nt_row_id_75\">\n            <td>Decreto<\/td><td>010\/2022<\/td><td>09\/03\/2022<\/td><td>Gabinete do prefeito<\/td><td>REGULAMENTA O FUNCIONAMENTO DA COMISS\u00c3O INTERSETORIAL DESTINADA A ELABORAR O PLANO MUNICIPAL DE ATENDIMENTO SOCIOEDUCATIVO, E D\u00c1 OUTRAS PROVID\u00caNCIAS .<\/td><td>https:\/\/drive.google.com\/open?id=1tC1-V82dxc_ZMg7314Wz56NJVoRi7ftz&amp;usp=drive_copy<\/td>        <\/tr>\n            <tr data-row_id=\"76\" class=\"ninja_table_row_76 nt_row_id_76\">\n            <td>Decreto<\/td><td>005\/2022<\/td><td>02\/02\/2022<\/td><td>Gabinete do prefeito<\/td><td>DISP\u00d5E SOBRE PRORROGA\u00c7\u00c3O DO MANDATO DOS MEMBROS REPRESENTANTES PARA O ACOMPANHAMENTO E CONTROLE SOCIAL DO CONSELHO MUNICIPAL DE SA\u00daDE PARA O BIENIO 2020\/2021 E D\u00c1 OUTRAS PROVID\u00caNCIAS.<\/td><td>https:\/\/drive.google.com\/open?id=1TScj8zWzlSQCro8MVxC7pp_fYQVxhHvY&amp;usp=drive_copy<\/td>        <\/tr>\n            <tr data-row_id=\"77\" class=\"ninja_table_row_77 nt_row_id_77\">\n            <td>Decreto<\/td><td>003\/2022<\/td><td>19\/01\/2022<\/td><td>Gabinete do prefeito<\/td><td>DISP\u00d5E SOBRE EXONERA\u00c7\u00c3O CARGO CARSENTA DOBLA, DECLARA VACANCTRAS P\u00daBLICO OUTRAS PROVID\u00caNCIAS<\/td><td>https:\/\/drive.google.com\/open?id=1GKyaSkDNX1KQ5dXJ0XLh_23LUzUy2B0y&amp;usp=drive_copy<\/td>        <\/tr>\n            <tr data-row_id=\"78\" class=\"ninja_table_row_78 nt_row_id_78\">\n            <td>Decreto<\/td><td>002\/2022<\/td><td>19\/01\/2019<\/td><td>Gabinete do prefeito<\/td><td>DISPOF. SOBRE EXONERA\u00c7\u00c3O POR APOSENTADORIA, DECLARA VAC\u00c2NCIA DO CARGO P\u00daBLICO E D\u00c1 OUTRAS PROVID\u00caNCIAS.<\/td><td>https:\/\/drive.google.com\/open?id=1iL5mXgE_cuYz8GYJOuofQpyXOkqDrqVr&amp;usp=drive_copy<\/td>        <\/tr>\n            <tr data-row_id=\"79\" class=\"ninja_table_row_79 nt_row_id_79\">\n            <td>Decreto<\/td><td>001\/2022<\/td><td>13\/01\/2019<\/td><td>Gabinete do prefeito<\/td><td>DISP\u00d5E SOBRE ATUALIZA\u00c7\u00c3O DA UNIDADE FISCAL MUNICIPAL (UFM) DO MUNIC\u00cdPIO DE ABEL FIGUEIREDO, ESTADO DO PAR\u00c1, PARA O EXERC\u00cdCIO 2022 E D\u00c1 OUTRAS PROVID\u00caNCIAS.<\/td><td>https:\/\/drive.google.com\/open?id=16qBZdTjgCNaCL9jS09hJ6si3C2FtQQtU&amp;usp=drive_copy<\/td>        <\/tr>\n            <tr data-row_id=\"80\" class=\"ninja_table_row_80 nt_row_id_80\">\n            <td>Decreto<\/td><td>001\/2022<\/td><td>13\/01\/2019<\/td><td>Gabinete do prefeito<\/td><td>DISP\u00d5E SOBRE ATUALIZA\u00c7\u00c3O DA UNIDADE FISCAL MUNICIPAL (UFM) DO MUNIC\u00cdPIO DE ABEL FIGUEIREDO, ESTADO DO PAR\u00c1, PARA O EXERC\u00cdCIO 2022 E D\u00c1 OUTRAS PROVID\u00caNCIAS.<\/td><td>https:\/\/drive.google.com\/open?id=1jLBJJHlPMc4S6ihbVU99PeymLdr5RsSS&amp;usp=drive_copy<\/td>        <\/tr>\n            <tr data-row_id=\"81\" class=\"ninja_table_row_81 nt_row_id_81\">\n            <td>Decreto<\/td><td>069\/2021<\/td><td>21\/12\/2021<\/td><td>Gabinete do prefeito<\/td><td>DISP\u00d5E SOBRE RECESSO NAS REPARTI\u00c7\u00d5ES P\u00daBLICAS MUNICIPAIS, E D\u00c1 OUTRAS PROVID\u00caNCIAS<\/td><td>https:\/\/drive.google.com\/open?id=1jM35guk6PT9JHHgY_AcVgAZKPYCkglZH&amp;usp=drive_copy<\/td>        <\/tr>\n            <tr data-row_id=\"82\" class=\"ninja_table_row_82 nt_row_id_82\">\n            <td>Decreto<\/td><td>068\/2021<\/td><td>09\/12\/2021<\/td><td>Gabinete do prefeito<\/td><td>DISP\u00d5E SOBRE LUTO OFICIAL E D\u00c1 OUTRAS PROVID\u00caNCIAS <\/td><td>https:\/\/drive.google.com\/open?id=13VTIfSeq8JBGMmUuuwPLqcqt9_S7najg&amp;usp=drive_copy<\/td>        <\/tr>\n            <tr data-row_id=\"83\" class=\"ninja_table_row_83 nt_row_id_83\">\n            <td>Decreto<\/td><td>066\/2021<\/td><td>03\/12\/2021<\/td><td>Gabinete do prefeito<\/td><td>DISP\u00d5E SOBRE EXONERA\u00c7\u00c3O DE CARGO ELETIVO DE CONSELHEIRO TUTELAR E D\u00c1 OUTRAS PROVID\u00caNCIAS;<\/td><td>https:\/\/drive.google.com\/open?id=1bnJ_vUs8lyQOoPD7BHn1DIBBFcn4N9Ob&amp;usp=drive_copy<\/td>        <\/tr>\n            <tr data-row_id=\"84\" class=\"ninja_table_row_84 nt_row_id_84\">\n            <td>Decreto<\/td><td>064\/2021<\/td><td>24\/11\/2021<\/td><td>Gabinete do prefeito<\/td><td>DISP\u00d5E SOBRE NOMEA\u00c7\u00c3O DOS MEMBROS DA COMISS\u00c3O DE MONITORAMENTO CONT\u00cdNUO E DE AVALIA\u00c7\u00c3O PERI\u00d3DICA DO PLANO MUNICIPAL DE EDUCA\u00c7\u00c3O E D\u00c1 OUTRAS PROVID\u00caNCIAS.<\/td><td>https:\/\/drive.google.com\/open?id=11Qs9z3Kgqg-FcoVgT_iXK57BuDQrtQ94&amp;usp=drive_copy<\/td>        <\/tr>\n            <tr data-row_id=\"85\" class=\"ninja_table_row_85 nt_row_id_85\">\n            <td>Decreto<\/td><td>063\/2021<\/td><td>12\/11\/2021<\/td><td>Gabinete do prefeito<\/td><td>DISP\u00d5E SOBRE A NOMEA\u00c7\u00c3O DOS MEMBROS PAPA COMPOR O CONSELHO MUNICIPAL DE ASSIST\u00caNCIA SOCIAL DE ABEL FIGUEIREDO E D\u00c1 OUTRAS PROVID\u00caNCIAS <\/td><td>https:\/\/drive.google.com\/open?id=1-gOan-WGMegJQaf8cT535axkFe6qfwQi&amp;usp=drive_copy<\/td>        <\/tr>\n            <tr data-row_id=\"86\" class=\"ninja_table_row_86 nt_row_id_86\">\n            <td>Decreto<\/td><td>062\/2021<\/td><td>12\/11\/2021<\/td><td>Gabinete do prefeito<\/td><td>DISP\u00d5E SOBRE O RETORNO DAS AULAS PRESENCIAIS NA REDE P\u00daBLICA DE ENSINO NO MUNIC\u00cdPIO DE ABEL FIGUEIREDO - PAR\u00c1.<\/td><td>https:\/\/drive.google.com\/open?id=1_ClauEyFWVwijaQTby8ZqgW42cWRXoiu&amp;usp=drive_copy<\/td>        <\/tr>\n            <tr data-row_id=\"87\" class=\"ninja_table_row_87 nt_row_id_87\">\n            <td>Decreto<\/td><td>061\/2021<\/td><td>08\/11\/2021<\/td><td>Gabinete do prefeito<\/td><td>DISP\u00d5E SOBRE O RETORNO DAS AULAS PRESENCIAIS NA REDE P\u00daBLICA DE ENSINO NO MUNIC\u00cdPIO DE ABEL FIGUEIREDO - PAR\u00c1.<\/td><td>https:\/\/drive.google.com\/open?id=1eErlAaH_gr_uhWIjm1s_E1e2YB1ULfNI&amp;usp=drive_copy<\/td>        <\/tr>\n            <tr data-row_id=\"88\" class=\"ninja_table_row_88 nt_row_id_88\">\n            <td>Decreto<\/td><td>061\/2021<\/td><td>08\/11\/2021<\/td><td>Gabinete do prefeito<\/td><td>DISP\u00d5E SOBRE O RETORNO DAS AULAS PRESENCIAIS NA REDE P\u00daBLICA DE ENSINO NO MUNIC\u00cdPIO DE ABEL FIGUEIREDO - PAR\u00c1.<\/td><td>https:\/\/drive.google.com\/open?id=1yN-y9_UjPMa4nmDm8WKdHsG3q4N7vjvS&amp;usp=drive_copy<\/td>        <\/tr>\n            <tr data-row_id=\"89\" class=\"ninja_table_row_89 nt_row_id_89\">\n            <td>Decreto<\/td><td>059\/2021<\/td><td>26\/10\/2021<\/td><td>Gabinete do prefeito<\/td><td>DISP\u00d5E SOBRE NOMEA\u00c7\u00c3O DE REPRESENTANTES PARA COMPOREM O CONSELHO MUNICIPAL DE MEIO AMBIENTE E D\u00c1 OUTRAS PROVID\u00caNCIAS .<\/td><td>https:\/\/drive.google.com\/open?id=1f2SsesHGz03Em48NL7HOKBampoJiJ6Xo&amp;usp=drive_copy<\/td>        <\/tr>\n            <tr data-row_id=\"90\" class=\"ninja_table_row_90 nt_row_id_90\">\n            <td>Decreto<\/td><td>058\/2021<\/td><td>26\/10\/2021<\/td><td>Gabinete do prefeito<\/td><td>DISP\u00d5E SOBRE PONTO FACULTATIVO NAS REPARTI\u00c7\u00d5ES P\u00daBLICAS MUNICIPAIS, E D\u00c1 OUTRAS PROVID\u00caNCIAS.<\/td><td>https:\/\/drive.google.com\/open?id=1aEXUe2fFXeMW8q-zFS5O2ZiXHbDryxvv&amp;usp=drive_copy<\/td>        <\/tr>\n            <tr data-row_id=\"91\" class=\"ninja_table_row_91 nt_row_id_91\">\n            <td>Decreto<\/td><td>056\/2021<\/td><td>07\/10\/2021<\/td><td>Gabinete do prefeito<\/td><td>DISP\u00d5E SOBRE PONTO FACULTATIVO P\u00daBLICAS REPARTI\u00c7\u00d5ES NAS D\u00c1 OUTRAS MUNICIPAIS, E PROVID\u00caNCIAS.<\/td><td>https:\/\/drive.google.com\/open?id=1klu0bTNahKTEykru_FKK_uXGJrB1-C6Y&amp;usp=drive_copy<\/td>        <\/tr>\n            <tr data-row_id=\"92\" class=\"ninja_table_row_92 nt_row_id_92\">\n            <td>Decreto<\/td><td>052\/2021<\/td><td>08\/09\/2021<\/td><td>Gabinete do prefeito<\/td><td>DISP\u00d5E SOBRE LUTO OFICIAL E D\u00c1 OUTRAS PROVID\u00caNCIAS<\/td><td>https:\/\/drive.google.com\/open?id=1ft2-6kHSc_uvXIMHR9XgBroZEQ5KFBgX&amp;usp=drive_copy<\/td>        <\/tr>\n            <tr data-row_id=\"93\" class=\"ninja_table_row_93 nt_row_id_93\">\n            <td>Decreto<\/td><td>050\/2021<\/td><td>02\/09\/2021<\/td><td>Gabinete do prefeito<\/td><td>DISP\u00d5E SOBRE PONTO FACULTATIVO NAS REPARTI\u00c7\u00d5ES P\u00daBLICAS MUNICIPAIS, E D\u00c1 OUTRAS PROVID\u00caNCIAS .<\/td><td>https:\/\/drive.google.com\/open?id=1YNMhNAX_9LngtFVQFAKzZMOqg-8oVnaE&amp;usp=drive_copy<\/td>        <\/tr>\n            <tr data-row_id=\"94\" class=\"ninja_table_row_94 nt_row_id_94\">\n            <td>Decreto<\/td><td>049\/2021<\/td><td>20\/08\/2021<\/td><td>Gabinete do prefeito<\/td><td>DISP\u00d5E SOBRE O RETORNO DAS AULAS NA REDE P\u00daBLICA DE ENSINO NO MUNIC\u00cdPIO DE ABEL FIGUEIREDO - PAR\u00c1.<\/td><td>https:\/\/drive.google.com\/open?id=1lup9YF0Bi3bsQCqRQSjfpjoQ6L-tK5qj&amp;usp=drive_copy<\/td>        <\/tr>\n            <tr data-row_id=\"95\" class=\"ninja_table_row_95 nt_row_id_95\">\n            <td>Decreto<\/td><td>046\/2021<\/td><td>29\/06\/2021<\/td><td>Gabinete do prefeito<\/td><td>DISP\u00d5E SOBRE NOVAS REGRAS PARA COMBATE \u00c0 PANDEMIA E ADO\u00c7\u00c3O DE MEDIDAS DE CONTROLE DA PANDEMIA NO MUNIC\u00cdPIO DE ABEL FIGUEIREDO, PAR\u00c1, COMO MEDIDA DE ENFRENTAMENTO AO COVID- 19, E D\u00c1 OUTRAS PROVID\u00caNCIAS.<\/td><td>https:\/\/drive.google.com\/open?id=1Ty_n9Ec-Qg82Kn-THSEr8NGgj2ik7M16&amp;usp=drive_copy<\/td>        <\/tr>\n            <tr data-row_id=\"96\" class=\"ninja_table_row_96 nt_row_id_96\">\n            <td>Decreto<\/td><td>045\/2021<\/td><td>21\/06\/2021<\/td><td>Gabinete do prefeito<\/td><td>DISP\u00d5E SOBRE A CRIA\u00c7\u00c3O DO COMIT\u00ca MUNICIPAL DE GERENCIAMENTO DO RETORNO \u00c0s AULAS PRESENCIAIS, NO CEN\u00c1RIO DE PANDEMIA DA COVID-19, PARA A REDE MUNICIPAL DE ENSINO.<\/td><td>https:\/\/drive.google.com\/open?id=109RRhE738QclrJzhBC3KGV1GBaC1fVJQ&amp;usp=drive_copy<\/td>        <\/tr>\n            <tr data-row_id=\"97\" class=\"ninja_table_row_97 nt_row_id_97\">\n            <td>Decreto<\/td><td>044\/2021<\/td><td>10\/06\/2021<\/td><td>Gabinete do prefeito<\/td><td>DISP\u00d5E SOBRE LUTO OFICIAL E D\u00c1 OUTRAS PROVID\u00caNCIAS<\/td><td>https:\/\/drive.google.com\/open?id=1GVL74aTk4oZSI_sTsLfm3r5vkIbBhvka&amp;usp=drive_copy<\/td>        <\/tr>\n            <tr data-row_id=\"98\" class=\"ninja_table_row_98 nt_row_id_98\">\n            <td>Decreto<\/td><td>043\/2021<\/td><td>02\/06\/2021<\/td><td>Gabinete do prefeito<\/td><td>DISP\u00d5E SOBRE O FERIADO DE CORPUS CRISTI E PONTO FACULTATIVO, E D\u00c1 OUTRAS PROVID\u00caNCIAS .<\/td><td>https:\/\/drive.google.com\/open?id=1i8hq1UAzVF1JdrFfPRENzRCJ6XYyt5oF&amp;usp=drive_copy<\/td>        <\/tr>\n            <tr data-row_id=\"99\" class=\"ninja_table_row_99 nt_row_id_99\">\n            <td>Decreto<\/td><td>035\/2021<\/td><td>30\/04\/2021<\/td><td>Gabinete do prefeito<\/td><td>Estabelece o Plano de Adequa\u00e7\u00e3o do Munic\u00edpio de Abel Figueiredo, para atender o padr\u00e3o m\u00ednimo de qualidade do Sistema \u00danico e Integrado de Execu\u00e7\u00e3o Or\u00e7ament\u00e1ria, Administra\u00e7\u00e3o Financeira e Controle \u2013 SIAFIC, nos termos do par\u00e1grafo \u00fanico, do art. 18o, do Decreto Federal no 10.540, de 5 de novembro de 2020.<\/td><td>https:\/\/drive.google.com\/open?id=1aZc3harynGz9Idt5W6yFqi23MWjRZkYI&amp;usp=drive_copy<\/td>        <\/tr>\n            <tr data-row_id=\"100\" class=\"ninja_table_row_100 nt_row_id_100\">\n            <td>Decreto<\/td><td>034\/2021<\/td><td>22\/04\/2021<\/td><td>Gabinete do prefeito<\/td><td>DISP\u00d5E SOBRE EXONERA\u00c7\u00c3O POR APOSENTADORIA E DECLARA VACANCIA DO CARGO P\u00daBLICO E D\u00c1 OUTRAS PROVID\u00caNCIAS.<\/td><td>https:\/\/drive.google.com\/open?id=1GSoEwkzNxdZZpXFtdinH7pSdqk02eJqR&amp;usp=drive_copy<\/td>        <\/tr>\n            <tr data-row_id=\"101\" class=\"ninja_table_row_101 nt_row_id_101\">\n            <td>Decreto<\/td><td>033\/2021<\/td><td>22\/04\/2021<\/td><td>Gabinete do prefeito<\/td><td>DISP\u00d5E SOBRE EXONERA\u00c7\u00c3O POR APOSENTADORIA DECLARA VAC\u00c2NCIA DO CARGO P\u00daBLICO E D\u00c1 OUTRAS PROVID\u00caNCIAS.<\/td><td>https:\/\/drive.google.com\/open?id=13doOlnxF6zvcb2M8GZzCgoMr9-3AlaxE&amp;usp=drive_copy<\/td>        <\/tr>\n            <tr data-row_id=\"102\" class=\"ninja_table_row_102 nt_row_id_102\">\n            <td>Decreto<\/td><td>032\/2021<\/td><td>21\/04\/2021<\/td><td>Gabinete do prefeito<\/td><td>DISP\u00d5E SOBRE MODIFICA\u00c7\u00c3O DOS MEMBROS REPRESENTANTES DO CONSELHO MUNICIPAL DOS DIREITOS DA CRIAN\u00c7A E DO ADOLESCENTE PARA O BI\u00caNIO 2021-2022, E D\u00c1 OUTRAS PROVID\u00caNCIAS.<\/td><td>https:\/\/drive.google.com\/open?id=1GbSN5GUyakURLn1sm0Z93p-IyHAB4dI1&amp;usp=drive_copy<\/td>        <\/tr>\n            <tr data-row_id=\"103\" class=\"ninja_table_row_103 nt_row_id_103\">\n            <td>Decreto<\/td><td>031\/2021<\/td><td>20\/04\/2021<\/td><td>Gabinete do prefeito<\/td><td>DISP\u00d5E SOBRE O FERIADO NACIONAL DE 21 DE ABRI DE 2021 E D\u00c1 OUTRAS PROVID\u00caNCIAS.<\/td><td>https:\/\/drive.google.com\/open?id=1K14hrAuE3CECBiAyH21tl8grz5KtuFiK&amp;usp=drive_copy<\/td>        <\/tr>\n            <tr data-row_id=\"104\" class=\"ninja_table_row_104 nt_row_id_104\">\n            <td>Decreto<\/td><td>030\/2021<\/td><td>15\/04\/2021<\/td><td>Gabinete do prefeito<\/td><td>DISP\u00d5E SOBRE NOVAS REGRAS PARA FUNCIONAMENTO DE RESTAURANTES, LANCHONETES E SIMILARES E D\u00c1 OUTRAS PROVID\u00caNCIAS<\/td><td>https:\/\/drive.google.com\/open?id=1A2wPKGkfhqd6bnbN99aXw_ze9CFhMs61&amp;usp=drive_copy<\/td>        <\/tr>\n            <tr data-row_id=\"105\" class=\"ninja_table_row_105 nt_row_id_105\">\n            <td>Decreto<\/td><td>029\/2021<\/td><td>14\/04\/2021<\/td><td>Gabinete do prefeito<\/td><td>DISP\u00d5E SOBRE NOMEA\u00c7\u00c3O PARA CARGO DE SERVIDOR COMISSIONADO NA OUVIDORIA GERAL DO MUNIC\u00cdPIO E D\u00c1 OUTRAS PROVID\u00caNCIAS<\/td><td>https:\/\/drive.google.com\/open?id=1gWO0oqiwxOn2GXhjCDY5UHThw2IYoFz0&amp;usp=drive_copy<\/td>        <\/tr>\n            <tr data-row_id=\"106\" class=\"ninja_table_row_106 nt_row_id_106\">\n            <td>Decreto<\/td><td>028\/2021<\/td><td>06\/04\/2021<\/td><td>Gabinete do prefeito<\/td><td>DISP\u00d5E SOBRE A PRORROGA\u00c7\u00c3O DO DECRETO 009-2020 QUE DECRETOU SITUA\u00c7\u00c3O DE EMERG\u00caNCIA PARA FINS DE PREVEN\u00c7\u00c3O E 19 (NOVO ENFRENTAMENTO AO COVID CORONAVIRUS) E D\u00c1 OUTRAS PROVID\u00caNCIAS .<\/td><td>https:\/\/drive.google.com\/open?id=1TOaDFW0KGehToTBJrkL7SoucPVnkZP7V&amp;usp=drive_copy<\/td>        <\/tr>\n            <tr data-row_id=\"107\" class=\"ninja_table_row_107 nt_row_id_107\">\n            <td>Decreto<\/td><td>026\/2021<\/td><td>31\/03\/2021<\/td><td>Gabinete do prefeito<\/td><td>DISP\u00d5E SOBRE NOMEA\u00c7\u00c3O DOS DO NOVO CONSELHO MUNICIPAL DE ACOMPANHAMENTO E CONTROLE SOCIAL DO FUNDO DE MANUTEN\u00c7\u00c3O E DA EDUCA\u00c7\u00c3O B\u00c1SICA E DE VALORIZA\u00c7\u00c3O DOS PROFISSIONAIS DA EDUCA\u00c7\u00c3O \u2014 CACS- FUNDEB E D\u00c1 OUTRAS PROVID\u00caNCIAS .<\/td><td>https:\/\/drive.google.com\/open?id=1QcOSFew473ya2JisDYlteAvzMc_4ss0R&amp;usp=drive_copy<\/td>        <\/tr>\n            <tr data-row_id=\"108\" class=\"ninja_table_row_108 nt_row_id_108\">\n            <td>Decreto<\/td><td>025\/2021<\/td><td>31\/03\/2021<\/td><td>Gabinete do prefeito<\/td><td>DISP\u00d5E SOBRE PONTO FACULTATIVO P\u00daBLICAS REPARTI\u00c7\u00d5ES NAS D\u00c1 OUTRAS E MUNICIPAIS, PROVID\u00caNCIAS.<\/td><td>https:\/\/drive.google.com\/open?id=1PU5X6XR4xdvvBj0TikagQl4CXQFVacbJ&amp;usp=drive_copy<\/td>        <\/tr>\n            <tr data-row_id=\"109\" class=\"ninja_table_row_109 nt_row_id_109\">\n            <td>Decreto<\/td><td>023\/2021<\/td><td>26\/03\/2021<\/td><td>Gabinete do prefeito<\/td><td>DISP\u00d5E SOBRE A ADO\u00c7\u00c3O DE MEDIDAS DE CONTROLE DA PANDEMIA NO MUNIC\u00cdPIO DE ABEL FIGUEIREDO, PAR\u00c1, CCXC) MEDIDA DE ENFRENTAMENTO AO COVID-19 E D\u00c1 OUTRAS PROVID\u00caNCIAS<\/td><td>https:\/\/drive.google.com\/open?id=1xj_KWl8yk2tqAatIb-Co8CvdI6wBMSqA&amp;usp=drive_copy<\/td>        <\/tr>\n            <tr data-row_id=\"110\" class=\"ninja_table_row_110 nt_row_id_110\">\n            <td>Decreto<\/td><td>022\/2021<\/td><td>29\/03\/2021<\/td><td>Gabinete do prefeito<\/td><td>DISP\u00d5E SOBRE A SUSPENS\u00c3O DO ATENDIMENTO P\u00daBLICO NO PR\u00c9DIO SEDE D PREFEITURA MUNICIPAL DE ABEL FIGUEIREDO, PAR\u00c1, E D\u00c1 OUTRAS PROVID\u00caNCIAS.<\/td><td>https:\/\/drive.google.com\/open?id=1lx6pUOdWwquLsYrOkR2q73uGaT2E54Ao&amp;usp=drive_copy<\/td>        <\/tr>\n            <tr data-row_id=\"111\" class=\"ninja_table_row_111 nt_row_id_111\">\n            <td>Decreto<\/td><td>021\/2021<\/td><td>24\/03\/2021<\/td><td>Gabinete do prefeito<\/td><td>DISP\u00d5E E SOBRE A SUSPENS\u00c3O DO ATENDIMENTO P\u00daBLICO NO PR\u00c9DIO SEDE D PREFEITURA MUNICIPAL DE ABEL FIGUEIREDO, PAR\u00c1, E D\u00c1 OUTRAS PROVID\u00caNCIAS.<\/td><td>https:\/\/drive.google.com\/open?id=1dQlVEi9FYg7ALxqak2LmEOApJmb8cbjJ&amp;usp=drive_copy<\/td>        <\/tr>\n            <tr data-row_id=\"112\" class=\"ninja_table_row_112 nt_row_id_112\">\n            <td>Decreto<\/td><td>020\/2021<\/td><td>17\/03\/2021<\/td><td>Gabinete do prefeito<\/td><td>REVOGA DECRETO NO 017 DE 09 DE &gt;IAR\u00c7O DE 2021 E D\u00c1 OUTRAS PROVIDENCIAS .<\/td><td>https:\/\/drive.google.com\/open?id=1LfCbbrYN9OCVbgrO3o5dL-2DGTpIoZ1T&amp;usp=drive_copy<\/td>        <\/tr>\n            <tr data-row_id=\"113\" class=\"ninja_table_row_113 nt_row_id_113\">\n            <td>Decreto<\/td><td>019\/2021<\/td><td>16\/03\/2021<\/td><td>Gabinete do prefeito<\/td><td>DISP\u00d5E SOBRE A SUSPENS\u00c3O DO ATENDIMENTO P\u00daBLICO NO PR\u00c9DIO SEDE D PREFEITURA MUNICIPAL DE ABEL FIGUEIREDO, PAR\u00c1, E D\u00c2 OUTRAS PROVID\u00caNCIAS.<\/td><td>https:\/\/drive.google.com\/open?id=1v8qPXiYwwprl6lUqvhtn2Av_8G22RVmf&amp;usp=drive_copy<\/td>        <\/tr>\n            <tr data-row_id=\"114\" class=\"ninja_table_row_114 nt_row_id_114\">\n            <td>Decreto<\/td><td>018\/2021<\/td><td>15\/03\/2021<\/td><td>Gabinete do prefeito<\/td><td>Disp\u00f5e Sobre Cria\u00e7\u00e3o do Comit\u00ea Gestor Municipal do Programa Crian\u00e7a Feliz e d\u00e1 outras provid\u00eancias<\/td><td>https:\/\/drive.google.com\/open?id=1g4LaJ0Pu6iYQDWFjAVkefzIFH3ULEM9h&amp;usp=drive_copy<\/td>        <\/tr>\n            <tr data-row_id=\"115\" class=\"ninja_table_row_115 nt_row_id_115\">\n            <td>Decreto<\/td><td>017\/2021<\/td><td>09\/03\/2021<\/td><td>Gabinete do prefeito<\/td><td>DISP\u00d5E SOBRE NOMEA\u00c7\u00c3O PARA CARGO DE SERVIDOR COMISSIONADO NA OUVIDORIA GERAI, DO MUNIC\u00cdPIO E D\u00c1 OUTRAS PROVID\u00caNCIAS<\/td><td>https:\/\/drive.google.com\/open?id=16D_NLucm0WkGsJ_wNksjjYOf2ROU6atH&amp;usp=drive_copy<\/td>        <\/tr>\n            <tr data-row_id=\"116\" class=\"ninja_table_row_116 nt_row_id_116\">\n            <td>Decreto<\/td><td>015\/2021<\/td><td>11\/02\/2021<\/td><td>Gabinete do prefeito<\/td><td>DISP\u00d5E SOBRE O FERIADO E PONTOS N\u00c3O FACULTATIVOS NO PER\u00cdODO DO CARNAVAL, E D\u00c1 OUTRAS PROVID\u00caNCIAS<\/td><td>https:\/\/drive.google.com\/open?id=1-em2S8282zMUikTnMMyql7ttvDlwDcGD&amp;usp=drive_copy<\/td>        <\/tr>\n            <tr data-row_id=\"117\" class=\"ninja_table_row_117 nt_row_id_117\">\n            <td>Decreto<\/td><td>014\/2021<\/td><td>11\/02\/2021<\/td><td>Gabinete do prefeito<\/td><td>DISP\u00d5E SOBRE O FERIADO E PONTOS N\u00c3O FACULTATIVOS NO PER\u00cdODO DO CARNAVAL, E D\u00c1 OUTRAS PROVID\u00caNCIAS.<\/td><td>https:\/\/drive.google.com\/open?id=17IJ_C1x0lkykBqf5xcNM-F8ClKDw4j0u&amp;usp=drive_copy<\/td>        <\/tr>\n            <tr data-row_id=\"118\" class=\"ninja_table_row_118 nt_row_id_118\">\n            <td>Decreto<\/td><td>013\/2021<\/td><td>10\/02\/2021<\/td><td>Gabinete do prefeito<\/td><td>DISP\u00d5E SOBRE O INICIO DAS AULAS NA REDE P\u00daBLICA DE ENSINO NO MUNIC\u00cdPIO DE ABEL FIGUEIREDO PROVID\u00caNCIAS. PAR\u00c1 E D\u00c1 OUTRAS<\/td><td>https:\/\/drive.google.com\/open?id=1zZixeb8JtoiZLsv0fG74j2XREjsEosdr&amp;usp=drive_copy<\/td>        <\/tr>\n            <tr data-row_id=\"119\" class=\"ninja_table_row_119 nt_row_id_119\">\n            <td>Decreto<\/td><td>012\/2021<\/td><td>08\/02\/2021<\/td><td>Gabinete do prefeito<\/td><td>DISP\u00d5E SOBRE O FERIADO E PONTOS N\u00c3O FACULTATIVOS NO PER\u00cdODO DO CARNAVAL, E D\u00c1 OUTRAS PROVID\u00caNCIAS.<\/td><td>https:\/\/drive.google.com\/open?id=1aAVspVJUYkb2wz5EXM6ROcUNJdqMuGqw&amp;usp=drive_copy<\/td>        <\/tr>\n            <tr data-row_id=\"120\" class=\"ninja_table_row_120 nt_row_id_120\">\n            <td>Decreto<\/td><td>009\/2021<\/td><td>28\/01\/2021<\/td><td>Gabinete do prefeito<\/td><td>Disp\u00f5e Sobre Modifica\u00e7\u00e3o de Representantes Para Comporem o Conselho Municipal de Assist\u00eancia Social e do Programa Bolsa Fam\u00edlia, para o bi\u00eanio 2019-2021 e d\u00e1 outras provid\u00eancias.<\/td><td>https:\/\/drive.google.com\/open?id=1Rg7J2RmJ4_9vkdv2Iejjo5M8D7AaklTe&amp;usp=drive_copy<\/td>        <\/tr>\n            <tr data-row_id=\"121\" class=\"ninja_table_row_121 nt_row_id_121\">\n            <td>Decreto<\/td><td>008\/2021<\/td><td>26\/01\/2021<\/td><td>Gabinete do prefeito<\/td><td>DISP\u00d5E SOBRE A CRIA\u00c7\u00c3O DE COMIT\u00ca GESTOR PARA O ATUAR NO COMBATE \u00c0 PANDEMIA E ADO\u00c7\u00c3O DE MEDIDAS DE CONTROLE COMO MEDIDA DE ENFRENTAMENTO O COVED-UEREDA OUTRAS PROVID\u00caNCIAS<\/td><td>https:\/\/drive.google.com\/open?id=1K_6iDn0ew7ydSvP8UfKRHN30RUzgR8Iw&amp;usp=drive_copy<\/td>        <\/tr>\n            <tr data-row_id=\"122\" class=\"ninja_table_row_122 nt_row_id_122\">\n            <td>Decreto<\/td><td>006\/2021<\/td><td>21\/01\/2021<\/td><td>Gabinete do prefeito<\/td><td>DISP\u00d5E SOBRE A CRIA\u00c7\u00c3O DE COMIT\u00ca GESTOR PARA O ATUAR NO COMBATE \u00c0 PANDEMIA E ADO\u00c7\u00c3O DE MEDIDAS DE CONTROLE DA PANDEMIA NO MUNIC\u00cdPIO DE ABEL FIGUEIREDO, PAR\u00c1, COMO MEDIDA DE ENFRENTAMENTO AO COVID-19 E D\u00c1 OUTRAS PROVID\u00caNCIAS.<\/td><td>https:\/\/drive.google.com\/open?id=1lgG42CqrDd2GH3EzuweonkwqLvOthMg4&amp;usp=drive_copy<\/td>        <\/tr>\n            <tr data-row_id=\"123\" class=\"ninja_table_row_123 nt_row_id_123\">\n            <td>Decreto<\/td><td>005\/2021<\/td><td>18\/01\/2021<\/td><td>Gabinete do prefeito<\/td><td>DISP\u00d5E SOBRE NOMEA\u00c7\u00c3O DA COORDENADORA DA UNIDADE DE CONTROLE INTERNO DO PODER EXECUTIVO MUNICIPAL E D\u00c1 OUTRAS PROVID\u00caNCIAS<\/td><td>https:\/\/drive.google.com\/open?id=1k-qaFU9a7c88QVDgJibtv_DSuMVYbcuE&amp;usp=drive_copy<\/td>        <\/tr>\n            <tr data-row_id=\"124\" class=\"ninja_table_row_124 nt_row_id_124\">\n            <td>Decreto<\/td><td>004\/2021<\/td><td>18\/01\/2021<\/td><td>Gabinete do prefeito<\/td><td>DECLARA SITUA\u00c7\u00c3O DE ADMINISTRATIVA E FINANCEIRA, MUNIC\u00cdPIO DE ABEL FIGUEIREDO, PROVID\u00caNCIAS . NO E EMERG\u00caNCIA \u00c2MBITO DO D\u00c1 OUTRAS<\/td><td>https:\/\/drive.google.com\/open?id=15Dz76FFIbeTesVfBXDuxtojxgZMpYMXj&amp;usp=drive_copy<\/td>        <\/tr>\n            <tr data-row_id=\"125\" class=\"ninja_table_row_125 nt_row_id_125\">\n            <td>Decreto<\/td><td>003\/2021<\/td><td>17\/01\/2021<\/td><td>Gabinete do prefeito<\/td><td>DISP\u00d5E SOBRE LUTO OFICIAL E D\u00c1 OUTRAS PROVID\u00caNCIAS<\/td><td>https:\/\/drive.google.com\/open?id=1lOxANJoqJm-VOu_tvQdKChre4n1AxwMZ&amp;usp=drive_copy<\/td>        <\/tr>\n            <tr data-row_id=\"126\" class=\"ninja_table_row_126 nt_row_id_126\">\n            <td>Decreto<\/td><td>002\/2021<\/td><td>13\/01\/2021<\/td><td>Gabinete do prefeito<\/td><td>DISP\u00d5E SOBRE A CONCESS\u00c3O DE DI\u00c1RIAS NA ADMINISTRA\u00c7\u00c3O P\u00daBLICA MUNICIPAL E D\u00c1 OUTRAS PROVID\u00caNCIAS .<\/td><td>https:\/\/drive.google.com\/open?id=1S1_7lCvMIAuSQDilKzV9zPdce75hnFaK&amp;usp=drive_copy<\/td>        <\/tr>\n            <tr data-row_id=\"127\" class=\"ninja_table_row_127 nt_row_id_127\">\n            <td>Decreto<\/td><td>002\/2021<\/td><td>13\/01\/2021<\/td><td>Gabinete do prefeito<\/td><td>DISP\u00d5E SOBRE A CONCESS\u00c3O DE DI\u00c1RIAS NA ADMINISTRA\u00c7\u00c3O P\u00daBLICA MUNICIPAL E OUTRAS PROVID\u00caNCIAS<\/td><td>https:\/\/drive.google.com\/open?id=1xQz9ZiioxzhscXOO9eP88p_d6zwMjMF0&amp;usp=drive_copy<\/td>        <\/tr>\n            <tr data-row_id=\"128\" class=\"ninja_table_row_128 nt_row_id_128\">\n            <td>Decreto<\/td><td>001\/2021<\/td><td>04\/01\/2021<\/td><td>Gabinete do prefeito<\/td><td>ABRE CR\u00c9DITOADICIONAL AO VIGENTE OR\u00c7AMENTO DA PREFEITURA MUNICIPAL DE ABEL FIGUEIREDO, O CR\u00c9DITO SUPLEMENTAR NO VALOR DE R$ 59.000,00<\/td><td>https:\/\/drive.google.com\/open?id=1zAWGKTc6_iBFeGaFs7DT-foMOZtuVPog&amp;usp=drive_copy<\/td>        <\/tr>\n            <tr data-row_id=\"129\" class=\"ninja_table_row_129 nt_row_id_129\">\n            <td>Decreto<\/td><td>001\/2021<\/td><td>04\/01\/2021<\/td><td>Gabinete do prefeito<\/td><td>DISP\u00d5E SOBRE A ATUALIZA\u00c7\u00c3O DA UNIDADE FISCAL MUNICIPAL (UFM) DO MUNIC\u00cdPIO DE ABEL FIGUEIREDO, ESTADO DO PAR\u00c1, PARA O EXERC\u00cdCIO 2021 E D\u00c1 OUTRAS PROVID\u00caNCIA.<\/td><td>https:\/\/drive.google.com\/open?id=1aKUOC0Dbu9OM5tNIPqB5T9aCExdzCGGd&amp;usp=drive_copy<\/td>        <\/tr>\n            <tr data-row_id=\"130\" class=\"ninja_table_row_130 nt_row_id_130\">\n            <td>Decreto<\/td><td>034\/2020<\/td><td>07\/12\/2020<\/td><td>Gabinete do prefeito<\/td><td>DISP\u00d5E SOBRE FERIADO MUNICIPAL E DA OUTRAS PROVID\u00caNCIAS.<\/td><td>https:\/\/drive.google.com\/open?id=1QGzPQAAzojA4jgFpXCXKY0dSmQXnwP70&amp;usp=drive_copy<\/td>        <\/tr>\n            <tr data-row_id=\"131\" class=\"ninja_table_row_131 nt_row_id_131\">\n            <td>Decreto<\/td><td>033\/2020<\/td><td>01\/12\/2020<\/td><td>Gabinete do prefeito<\/td><td>DISP\u00d5E SOBRE EXONERA\u00c7\u00c3O DO CARGO DE SERVIDOR COMISSIONADO E D\u00c1 OUTRAS PROVID\u00caNCIAS;<\/td><td>https:\/\/drive.google.com\/open?id=1kg2tId_fg56b2wctmMe9hW_vbf_0l_oL&amp;usp=drive_copy<\/td>        <\/tr>\n            <tr data-row_id=\"132\" class=\"ninja_table_row_132 nt_row_id_132\">\n            <td>Decreto<\/td><td>032\/2020<\/td><td>27\/11\/2020<\/td><td>Gabinete do prefeito<\/td><td>DISP\u00d5E SOBRE A NOMEA\u00c7\u00c3O DA COMISS\u00c3O ADMINISTRATIVA DE TRANSI\u00c7\u00c3O DE MANDATO - CATM E D\u00c1 OUTRAS PROVID\u00caNCIAS.<\/td><td>https:\/\/drive.google.com\/open?id=1fpQyV1E_WKfLDBG-Avb2i3egS9tqEaCm&amp;usp=drive_copy<\/td>        <\/tr>\n            <tr data-row_id=\"133\" class=\"ninja_table_row_133 nt_row_id_133\">\n            <td>Decreto<\/td><td>031\/2020<\/td><td>27\/10\/2020<\/td><td>Gabinete do prefeito<\/td><td>DISP\u00d5E SOBRE PONTO FACULTATIVO REPARTI\u00c7\u00d5ES NAS P\u00daBLICAS D\u00c1 OUTRAS MUNICIPAIS, E PROVID\u00caNCIAS.<\/td><td>https:\/\/drive.google.com\/open?id=17dFqVAwzxsPtlh_CPL__4_Xclb052WbV&amp;usp=drive_copy<\/td>        <\/tr>\n            <tr data-row_id=\"134\" class=\"ninja_table_row_134 nt_row_id_134\">\n            <td>Decreto<\/td><td>030\/2020<\/td><td>23\/10\/2020<\/td><td>Gabinete do prefeito<\/td><td>Disp\u00f5e sobre a permiss\u00e3o de uso do bem que menciona e d\u00e1 outras provid\u00eancias.<\/td><td>https:\/\/drive.google.com\/open?id=1oQz3kGF2QVirasjP7hC9IR1Vh_nPrmUe&amp;usp=drive_copy<\/td>        <\/tr>\n            <tr data-row_id=\"135\" class=\"ninja_table_row_135 nt_row_id_135\">\n            <td>Decreto<\/td><td>029\/2020<\/td><td>23\/09\/2020<\/td><td>Gabinete do prefeito<\/td><td>REGULAMENTA A DESTINA\u00c7\u00c3O DOS RECURSOS PROVENIENTES DA LEI FEDERAL DE EMERG\u00caNCIA CULTURAL ALDIR BLANC, NO 14.017\/2020, REGULAMENTADA PELO DECRETO PRESIDENCIAL NO 10.464\/2020 PARA O MUNIC\u00cdPIO DE ABEL FIGUEIREDO E D\u00c1 OUTRAS PROVID\u00caNCIAS.<\/td><td>https:\/\/drive.google.com\/open?id=1B2YTGU1Yxv6hbUkEWB2DlNxbYj3dmKZ0&amp;usp=drive_copy<\/td>        <\/tr>\n            <tr data-row_id=\"136\" class=\"ninja_table_row_136 nt_row_id_136\">\n            <td>Decreto<\/td><td>028\/2020<\/td><td>21\/09\/2020<\/td><td>Gabinete do prefeito<\/td><td>DISP\u00d5E SOBRE O RETORNO DAS AULAS DA REDE P\u00daBLICA MUNICIPAL DE ABEL FIGUEIREDO<\/td><td>https:\/\/drive.google.com\/open?id=1mvTQVcy_FswxMcTQkZs5M5sj6ZKvtIH5&amp;usp=drive_copy<\/td>        <\/tr>\n            <tr data-row_id=\"137\" class=\"ninja_table_row_137 nt_row_id_137\">\n            <td>Decreto<\/td><td>027\/2020<\/td><td>21\/09\/2020<\/td><td>Gabinete do prefeito<\/td><td>DISP\u00d5E SOBRE A FLEXIBILIZA\u00c7\u00c3O DAS MEDIDAS DE AFASTAMENTO SOCIAL E DEMAIS A\u00c7\u00d5ES DE PROTE\u00c7\u00c3O AO COVID 19, E D\u00c1 OUTRAS PROVID\u00caNCIAS;<\/td><td>https:\/\/drive.google.com\/open?id=1he773FMlQ1NeqwR9QtHhyp04tMub0cae&amp;usp=drive_copy<\/td>        <\/tr>\n            <tr data-row_id=\"138\" class=\"ninja_table_row_138 nt_row_id_138\">\n            <td>Decreto<\/td><td>026\/2020<\/td><td>25\/08\/2020<\/td><td>Gabinete do prefeito<\/td><td>DISP\u00d5E SOBRE O REGULAMENTO INTERNO DO TERMINAL RODOVI\u00c1RIO DE ABEL FIGUEIREDO<\/td><td>https:\/\/drive.google.com\/open?id=1fp8QGv5olJ8ZWy1PfRjMU7-c5H5ED0fj&amp;usp=drive_copy<\/td>        <\/tr>\n            <tr data-row_id=\"139\" class=\"ninja_table_row_139 nt_row_id_139\">\n            <td>Decreto<\/td><td>025\/2020<\/td><td>14\/08\/2020<\/td><td>Gabinete do prefeito<\/td><td>DISP\u00d5E SOBRE A PROIBI\u00c7\u00c3O DE CORTE NO SERVI\u00c7O DE FORNECIMENTO DE \u00c1GUA NA CIDADE DE FIGUEIREDO-PA, ABEL EM VIRTUDE PANDEMIA DO DA COVID-19 (NOVO CORONAV\u00cdRUS);<\/td><td>https:\/\/drive.google.com\/open?id=1GcOWWhdpE4IWncnHzMykMO2LwXUaRJNt&amp;usp=drive_copy<\/td>        <\/tr>\n            <tr data-row_id=\"140\" class=\"ninja_table_row_140 nt_row_id_140\">\n            <td>Decreto<\/td><td>024\/2020<\/td><td>31\/07\/2020<\/td><td>Gabinete do prefeito<\/td><td>DISP\u00d5E SOBRE MUDAN\u00c7A DO HOR\u00c1RIO DE FUNCIONAMENTO DA PREFEITURA MUNICIPAL DE ABEL FIGUEIREDO E D\u00c1 OUTRAS PROVID\u00caNCIAS.<\/td><td>https:\/\/drive.google.com\/open?id=1vf3t-nYIMbt7DScewdwaG4NJO6Q5_p4K&amp;usp=drive_copy<\/td>        <\/tr>\n            <tr data-row_id=\"141\" class=\"ninja_table_row_141 nt_row_id_141\">\n            <td>Decreto<\/td><td>023\/2020<\/td><td>17\/07\/2020<\/td><td>Gabinete do prefeito<\/td><td>DISP\u00d5E SOBRE A CRIA\u00c7\u00c3O DA COMISS\u00c3O DE ACOMPANHAMENTO DAS A\u00c7\u00d5ES DE ENFRENTAMENTO AO COVID19 E OUTRAS COMORBIDADES AGRAVADAS PELA PANDEMIA DO NOVO _ CORONA E A MEMBROS QUE INTEGRA\u00c7\u00c3O ESSA COMISS\u00c3O, E D\u00c1 OUTRAS PROVID\u00caNCIAS.<\/td><td>https:\/\/drive.google.com\/open?id=1lngLaowcqD-ohx1BoEIyvwgTMjAJScYp&amp;usp=drive_copy<\/td>        <\/tr>\n            <tr data-row_id=\"142\" class=\"ninja_table_row_142 nt_row_id_142\">\n            <td>Decreto<\/td><td>021\/2020<\/td><td>24\/06\/2020<\/td><td>Gabinete do prefeito<\/td><td>DISP\u00d5E SOBRE A APLICA\u00c7\u00c3O DOS RECURSOS REPASSADOS POR FOR\u00c7A DA LEI COMPLEMENTAR N\u00b0 173\/2020, QUE CRIOU O PROGRAMA FEDERATIVO DE ENFRENTAMENTO AO CORONAV\u00cdRUS SARS-COV-2 (COVID-19) E D\u00c1 OUTRAS PROVID\u00caNCIAS.<\/td><td>https:\/\/drive.google.com\/open?id=1Mp-dffI6_UZLLGRDGZKGT84A182ZRvfl&amp;usp=drive_copy<\/td>        <\/tr>\n            <tr data-row_id=\"143\" class=\"ninja_table_row_143 nt_row_id_143\">\n            <td>Decreto<\/td><td>020\/2020<\/td><td>19\/06\/2020<\/td><td>Gabinete do prefeito<\/td><td>Regulamenta a licita\u00e7\u00e3o, na modalidade preg\u00e3o, na forma eletr\u00f4nica, para a aquisi\u00e7\u00e3o de bens e a contrata\u00e7\u00e3o de servi\u00e7os comuns, inclu\u00eddos os servi\u00e7os comuns de engenharia, e disp\u00f5e sobre o uso da dispensa eletr\u00f4nica, no \u00e2mbito da administra\u00e7\u00e3o p\u00fablica municipal de Abel Figueiredo-Pa., e d\u00e1 outras provid\u00eancias.<\/td><td>https:\/\/drive.google.com\/open?id=16kzRXcp-jtJNwvN8BVEM6pYGvgG7FEJu&amp;usp=drive_copy<\/td>        <\/tr>\n            <tr data-row_id=\"144\" class=\"ninja_table_row_144 nt_row_id_144\">\n            <td>Decreto<\/td><td>018\/2020<\/td><td>10\/06\/2021<\/td><td>Gabinete do prefeito<\/td><td>DISP\u00d5E SOBRE PONTO FACULTATIVO NAS REPARTI\u00c7\u00d5ES MUNICIPAIS, E PUBLICAS D\u00c1 OUTRAS PROVID\u00caNC\u00cdAS.<\/td><td>https:\/\/drive.google.com\/open?id=1O1b07n8O9DvYmm2ZzSUgo9cvfF4iwPlN&amp;usp=drive_copy<\/td>        <\/tr>\n            <tr data-row_id=\"145\" class=\"ninja_table_row_145 nt_row_id_145\">\n            <td>Decreto<\/td><td>017\/2020<\/td><td>22\/05\/2020<\/td><td>Gabinete do prefeito<\/td><td>Regulamenta a FAIXA DE DOM\u00cdNIO e autoriza as mudan\u00e7as necess\u00e1rias no trajeto da Estrada Vicinal da Carne de Sol, cujas obras de drenagem e de pavimenta\u00e7\u00e3o asf\u00e1ltica est\u00e3o em execu\u00e7\u00e3o.<\/td><td>https:\/\/drive.google.com\/open?id=1evvXQWR0iVIZ1Ffx3P7XXovQWCBUR_wo&amp;usp=drive_copy<\/td>        <\/tr>\n            <tr data-row_id=\"146\" class=\"ninja_table_row_146 nt_row_id_146\">\n            <td>Decreto<\/td><td>016\/2020<\/td><td>07\/05\/2020<\/td><td>Gabinete do prefeito<\/td><td>Determina antecipa\u00e7\u00e3o das f\u00e9rias escolares na Rede P\u00fablica Municipal de Ensino, e adota outras provid\u00eancias.<\/td><td>https:\/\/drive.google.com\/open?id=1_rH75KTgq2E-CHV4Gav5mqQBBVoqxzpg&amp;usp=drive_copy<\/td>        <\/tr>\n            <tr data-row_id=\"147\" class=\"ninja_table_row_147 nt_row_id_147\">\n            <td>Decreto<\/td><td>015\/2020<\/td><td>05\/05\/2020<\/td><td>Gabinete do prefeito<\/td><td>DISP\u00d5E SOBRE MEDIDAS DE REFOR\u00c7O NAS A\u00c7\u00d5ES DE CONTROLE DA PANDEMIA E A OBRIGATORIEDADE DO USO DE M\u00c1SCARAS NO \u00c2MBITO DO TERRIT\u00d3RIO DO MUNICIPIO DE ABEL FIGUEIREDO (PA), COMO MEDIDA DE ENFRENTAMENTO AO COVID-19, E D\u00c1 OUTRAS PROVID\u00caNCIAS.<\/td><td>https:\/\/drive.google.com\/open?id=1wbWg-x-xBXXh3597fKM-VXQRKJSSphOd&amp;usp=drive_copy<\/td>        <\/tr>\n            <tr data-row_id=\"148\" class=\"ninja_table_row_148 nt_row_id_148\">\n            <td>Decreto<\/td><td>013\/2020<\/td><td>22\/04\/2020<\/td><td>Gabinete do prefeito<\/td><td>DECLARA SITUA\u00c7\u00c3O DE EMERG\u00caNCIA NAS \u00c1REAS DO MUNIC\u00cdPIO AFETADAS POR CHUVAS INTENSAS 1.3.2.1.4, CONFORME IN NO 02\/Ml, DE 20 DE DEZEMBRO 2016.<\/td><td>https:\/\/drive.google.com\/open?id=16hW-VikCsWUXFV20wyQy1fSBO1bA1of0&amp;usp=drive_copy<\/td>        <\/tr>\n            <tr data-row_id=\"149\" class=\"ninja_table_row_149 nt_row_id_149\">\n            <td>Decreto<\/td><td>012\/2020<\/td><td>17\/04\/2020<\/td><td>Gabinete do prefeito<\/td><td>DISP\u00d5E SOBRE PONTO FACULTATIVO NAS REPARTI\u00c7\u00d5ES P\u00daBLICAS MUNICIPAIS E D\u00c1 OUTRAS PROVID\u00caNCIAS.<\/td><td>https:\/\/drive.google.com\/open?id=1YHmIn7Uc_HIUsWU-ZzUtuHcCqhJgE-S4&amp;usp=drive_copy<\/td>        <\/tr>\n            <tr data-row_id=\"150\" class=\"ninja_table_row_150 nt_row_id_150\">\n            <td>Decreto<\/td><td>011\/2020<\/td><td>08\/04\/2020<\/td><td>Gabinete do prefeito<\/td><td>DISPOE SOBRE PONTO FACULTATIVO REPARTI\u00c7\u00d5ES P\u00daBLICAS NAS D\u00c1 OUTRAS MUNICIPAIS, E PROVID\u00caNCIAS.<\/td><td>https:\/\/drive.google.com\/open?id=1xO3tduN6VLkFJS_DwNwwh_WH-J9brAYR&amp;usp=drive_copy<\/td>        <\/tr>\n            <tr data-row_id=\"151\" class=\"ninja_table_row_151 nt_row_id_151\">\n            <td>Decreto<\/td><td>010\/2020<\/td><td>31\/03\/2020<\/td><td>Gabinete do prefeito<\/td><td>Disp\u00f5e sobre a PRORROGA\u00c7\u00c3O DA SUSPENS\u00c3O DAS AULAS NA REDE MUNICIPAL DE ENSINO DE ABEL OUTRAS de FIGUEIREDO PROVID\u00caNCIAS para o enfrentamento \u00e0 Pandemia do Coronav\u00edrus \u2014 COVID19, e d\u00e1 outras provid\u00eancias.<\/td><td>https:\/\/drive.google.com\/open?id=1LKy-N6zPpTJ1P7YGL3sQpoC5zEwDBFux&amp;usp=drive_copy<\/td>        <\/tr>\n            <tr data-row_id=\"152\" class=\"ninja_table_row_152 nt_row_id_152\">\n            <td>Decreto<\/td><td>008\/2020<\/td><td>19\/03\/2020<\/td><td>Gabinete do prefeito<\/td><td>Disp\u00f5e sobre a SUSPENS\u00c3O das atividades do Servi\u00e7o de Conviv\u00eancia e Fortalecimento de V\u00ednculo do CRAS Secretaria de Assist\u00eancia Social.<\/td><td>https:\/\/drive.google.com\/open?id=1-0w-akmx86OCWbesH-RvMF88G2EOcUI3&amp;usp=drive_copy<\/td>        <\/tr>\n            <tr data-row_id=\"153\" class=\"ninja_table_row_153 nt_row_id_153\">\n            <td>Decreto<\/td><td>007\/2020<\/td><td>18\/03\/2020<\/td><td>Gabinete do prefeito<\/td><td>Disp\u00f5e sobre a SUSPENS\u00c3O das AULAS na REDE MUNICIPAL de Ensino de Abel Figueiredo medida de como enfrentamento \u00e0 pandemia do Corona V\u00edrus COVID-19 e d\u00e1 outras provid\u00eancias.<\/td><td>https:\/\/drive.google.com\/open?id=1kSoidWUvKH1O22PBMkSiMNdC9tsGA_xc&amp;usp=drive_copy<\/td>        <\/tr>\n            <tr data-row_id=\"154\" class=\"ninja_table_row_154 nt_row_id_154\">\n            <td>Decreto<\/td><td>006\/2020<\/td><td>18\/03\/2020<\/td><td>Gabinete do prefeito<\/td><td>DISP\u00d5E SOBRE A CONSOLIDA\u00c7\u00c3O MUNICIPAL REFERENTE AOS FERIADOS DA CIDADE DE ABEL FIGUEIREDO OUTRAS PROVID\u00caNCIAS.<\/td><td>https:\/\/drive.google.com\/open?id=1cEX0gSYcfgxJa7Ja9pQQ2fBrSE18DFWz&amp;usp=drive_copy<\/td>        <\/tr>\n            <tr data-row_id=\"155\" class=\"ninja_table_row_155 nt_row_id_155\">\n            <td>Decreto<\/td><td>005\/2020<\/td><td>05\/03\/2020<\/td><td>Gabinete do prefeito<\/td><td>DISP\u00d5E SOBRE A SUBSTITUI\u00c7\u00c3O DE MEMBROS REPRESENTANTE DO CONSELHO TUTELAR NO CONSELHO DO FUNDEB E D\u00c1 OUTRAS PROVID\u00caNCIAS.<\/td><td>https:\/\/drive.google.com\/open?id=1GeoI1OK4C-uhv0TIUrjg4D7nhzSz6Lrp&amp;usp=drive_copy<\/td>        <\/tr>\n            <tr data-row_id=\"156\" class=\"ninja_table_row_156 nt_row_id_156\">\n            <td>Decreto<\/td><td>004\/2020<\/td><td>03\/03\/2020<\/td><td>Gabinete do prefeito<\/td><td>DISP\u00d5E SOBRE A REPRESENTANTES NOMEA\u00c7\u00c3O DE PARA o ACOMPANHAMENTO E CONTROLE SOCIAL DO CONSELHO MUNICIPAL DE SA\u00daDE, E D\u00c1 OUTRAS PROVID\u00caNCIAS<\/td><td>https:\/\/drive.google.com\/open?id=1uAEgF5g-GlwheGtjrIrxwJOI-aDqpbST&amp;usp=drive_copy<\/td>        <\/tr>\n            <tr data-row_id=\"157\" class=\"ninja_table_row_157 nt_row_id_157\">\n            <td>Decreto<\/td><td>003\/2020<\/td><td>21\/02\/2021<\/td><td>Gabinete do prefeito<\/td><td>DISP\u00d5E SOBRE PONTO FACULTATIVO NAS REPARTI\u00c7\u00d5ES P\u00daBLICAS MUNICIPAIS, E D\u00c1 OUTRAS PROVID\u00caNC\u00cdAS.<\/td><td>https:\/\/drive.google.com\/open?id=1ZbqYeLaYDce6gt_msG7_bXfhe-1wC0VA&amp;usp=drive_copy<\/td>        <\/tr>\n            <tr data-row_id=\"158\" class=\"ninja_table_row_158 nt_row_id_158\">\n            <td>Decreto<\/td><td>002\/2020<\/td><td>08\/01\/2020<\/td><td>Gabinete do prefeito<\/td><td>DISP\u00d5E SOBRE A NOMEA\u00c7\u00c3O DOS CONSELHEIROS TUTELARES PARA O MANDATO DE 2020 A 2023 E D\u00c1 OUTRAS PROVID\u00caNCIAS<\/td><td>https:\/\/drive.google.com\/open?id=1WYyZKXQsUDEym8Yhh8F2Ux7lAqPHqdyl&amp;usp=drive_copy<\/td>        <\/tr>\n            <tr data-row_id=\"159\" class=\"ninja_table_row_159 nt_row_id_159\">\n            <td>Decreto<\/td><td>001\/2020<\/td><td>08\/01\/2020<\/td><td>Gabinete do prefeito<\/td><td>DISP\u00d5E SOBRE ATUALIZA\u00c7\u00c3O DA UNIDADE FISCAL MUNICIPAL (UFM) DO MUNIC\u00cdPIO DE ABEL FIGUEIREDO, ESTADO DO PAR\u00c1, PARA O EXERC\u00cdCIO 2020 E D\u00c1 OUTRAS PROVID\u00caNCIAS.<\/td><td>https:\/\/drive.google.com\/open?id=1wYlgfqamiA01zI9Go58A-OnMyGlpiIib&amp;usp=drive_copy<\/td>        <\/tr>\n            <tr data-row_id=\"160\" class=\"ninja_table_row_160 nt_row_id_160\">\n            <td>Decreto<\/td><td>029\/2019<\/td><td>26\/12\/2019<\/td><td>Gabinete do prefeito<\/td><td>DISP\u00d5E SOBRE FERIADO MUNICIPAL E D\u00c1 OUTRAS PROVID\u00caNCIAS.<\/td><td>https:\/\/drive.google.com\/open?id=1DjrvGm9cQtM8dOPYQAhvguA2wQ1n-48L&amp;usp=drive_copy<\/td>        <\/tr>\n            <tr data-row_id=\"161\" class=\"ninja_table_row_161 nt_row_id_161\">\n            <td>Decreto<\/td><td>028\/2019<\/td><td>20\/12\/2019<\/td><td>Gabinete do prefeito<\/td><td>DISP\u00d5E SOBRE RECESSO NAS REPARTI\u00c7\u00d5ES P\u00daBLICAS MUNICIPAIS, E D\u00c1 OUTRAS PROVID\u00caNCIAS.<\/td><td>https:\/\/drive.google.com\/open?id=12FfVKaTxTEiuRl07kCVdQb6DJV-Wehx7&amp;usp=drive_copy<\/td>        <\/tr>\n            <tr data-row_id=\"162\" class=\"ninja_table_row_162 nt_row_id_162\">\n            <td>Decreto<\/td><td>027\/2019<\/td><td>11\/12\/2019<\/td><td>Gabinete do prefeito<\/td><td>DISP\u00d5E SOBRE NOMEA\u00c7\u00c3O PARA CARGO DE SERVIR MUNICIPIO NA OUTRAS PROVID\u00caNCIAS<\/td><td>https:\/\/drive.google.com\/open?id=1gUi1aCOxxuEsh4Lply8QaabGSCeRYFNG&amp;usp=drive_copy<\/td>        <\/tr>\n            <tr data-row_id=\"163\" class=\"ninja_table_row_163 nt_row_id_163\">\n            <td>Decreto<\/td><td>026\/2019<\/td><td>01\/11\/2019<\/td><td>Gabinete do prefeito<\/td><td>DISP\u00d5E SOBRE NOMEA\u00c7\u00c3O PARA CARGO DE SERVIDOR COMISSIONADO E D\u00c1 OUTRAS PROVID\u00caNCIAS<\/td><td>https:\/\/drive.google.com\/open?id=1rCNnE3UCSsl-FWZM2IaXPWaguOkJbO-A&amp;usp=drive_copy<\/td>        <\/tr>\n            <tr data-row_id=\"164\" class=\"ninja_table_row_164 nt_row_id_164\">\n            <td>Decreto<\/td><td>025\/2019<\/td><td>30\/10\/2019<\/td><td>Gabinete do prefeito<\/td><td>DISP\u00d5E SOBRE FERIADO MUNICIPAL E D\u00c1 OUTRAS PROVID\u00caNCIAS.<\/td><td>https:\/\/drive.google.com\/open?id=1YWFtUJUuy6rgp0JruSsvukQE0Tx0_-R2&amp;usp=drive_copy<\/td>        <\/tr>\n            <tr data-row_id=\"165\" class=\"ninja_table_row_165 nt_row_id_165\">\n            <td>Decreto<\/td><td>024\/2019<\/td><td>14\/10\/2019<\/td><td>Gabinete do prefeito<\/td><td>DISP\u00d5E SOBRE EXONERA\u00c7\u00c3O POR APOSENTADORIA, DECLARA VAC\u00c2NCIA DO CARGO P\u00daBLICO E D\u00c1 OUTRAS<\/td><td>https:\/\/drive.google.com\/open?id=1G337ZwO296iubbKzH7swwdZ0Io3yN_MW&amp;usp=drive_copy<\/td>        <\/tr>\n            <tr data-row_id=\"166\" class=\"ninja_table_row_166 nt_row_id_166\">\n            <td>Decreto<\/td><td>023\/2019<\/td><td>14\/10\/2019<\/td><td>Gabinete do prefeito<\/td><td>DISP\u00d4E SOBRE EXONERA\u00c7\u00c3O DE CARGO ELETIVO E D\u00c1 OUTRAS PROVID\u00caNCIAS<\/td><td>https:\/\/drive.google.com\/open?id=1FB0q5TE1O0reMSu-NitVlCFdxRj12ysf&amp;usp=drive_copy<\/td>        <\/tr>\n            <tr data-row_id=\"167\" class=\"ninja_table_row_167 nt_row_id_167\">\n            <td>Decreto<\/td><td>021\/2019<\/td><td>20\/08\/2019<\/td><td>Gabinete do prefeito<\/td><td>CRIA O GRUPO DE COMBATE AO DESMATAMENTO ILEGAL DE ABEL FIGUEIREDO\/PA E D\u00c1 OUTRAS PROVID\u00caNCIAS.<\/td><td>https:\/\/drive.google.com\/open?id=1NUsU7NenblUBeLHMd1e4CKPdW_GA1dea&amp;usp=drive_copy<\/td>        <\/tr>\n            <tr data-row_id=\"168\" class=\"ninja_table_row_168 nt_row_id_168\">\n            <td>Decreto<\/td><td>020\/2019<\/td><td>14\/08\/2019<\/td><td>Gabinete do prefeito<\/td><td>DISP\u00d5E SOBRE PONTO FACULTATIVO NAS REPARTI\u00c7\u00d5ES PUBLICAS MUNICIPAIS , D\u00c1 OUTRAS EPROVID\u00caNCIAS . <\/td><td>https:\/\/drive.google.com\/open?id=1ApqPe-kdNQ5n2E98Leq8OMyj07yzfOiz&amp;usp=drive_copy<\/td>        <\/tr>\n            <tr data-row_id=\"169\" class=\"ninja_table_row_169 nt_row_id_169\">\n            <td>Decreto<\/td><td>019\/2019<\/td><td>19\/07\/2019<\/td><td>Gabinete do prefeito<\/td><td>Disp\u00f5e Sobre Modifica\u00e7\u00e3o de Representantes Para Comporem o Conselho Municipal de Assist\u00eancia Social e do Programa Bolsa Fam\u00edlia, para o bi\u00eanio 2019-2021 e d\u00e1 outras provid\u00eancias.<\/td><td>https:\/\/drive.google.com\/open?id=1Np1i9_k57SzcRemELVFUGt8KYjhRZfne&amp;usp=drive_copy<\/td>        <\/tr>\n            <tr data-row_id=\"170\" class=\"ninja_table_row_170 nt_row_id_170\">\n            <td>Decreto<\/td><td>018\/2019<\/td><td>01\/07\/2019<\/td><td>Gabinete do prefeito<\/td><td>DISP\u00d5E SOBRE MUDAN\u00c7A DO HOR\u00c1RIO DE FUNCIONAMENTO DA PREFEITURA MUNICIPAL DE ABEL FIGUEIREDO E DA OUTRAS PROVIDENCIAS.<\/td><td>https:\/\/drive.google.com\/open?id=1fgyXp0zMOQjGpKJR3Aqy1uKaY08dtvSf&amp;usp=drive_copy<\/td>        <\/tr>\n            <tr data-row_id=\"171\" class=\"ninja_table_row_171 nt_row_id_171\">\n            <td>Decreto<\/td><td>017\/2019<\/td><td>19\/06\/2019<\/td><td>Gabinete do prefeito<\/td><td>DISP\u00d5E SOBRE PONTO FACULTATIVO REPARTI\u00c7\u00d5ES P\u00daBLICAS NAS E D\u00c1 OUTRAS MUNICIPAIS, PROVID\u00caNCIAS<\/td><td>https:\/\/drive.google.com\/open?id=1ZL2VAf1hzWaQta2TolrEtuRcKMH4Mlfm&amp;usp=drive_copy<\/td>        <\/tr>\n            <tr data-row_id=\"172\" class=\"ninja_table_row_172 nt_row_id_172\">\n            <td>Decreto<\/td><td>016\/2019<\/td><td>14\/06\/2019<\/td><td>Gabinete do prefeito<\/td><td>DISP\u00d5E SOBRE ATUALIZA\u00c7\u00c3O DA NOMEA\u00c7\u00c3O DOS MEMBROS DA COMISS\u00c3O DE MONITORAMENTO CONT\u00cdNUO E DE AVALIA\u00c7\u00c3O PERIODICA DO PLANO MUNICIPAL DE EDUCA\u00c7\u00c3O E D\u00c1 OUTRAS PROVID\u00caNCIAS.<\/td><td>https:\/\/drive.google.com\/open?id=1tjDf7eSRcdo2tP5bAlA1xSYOfW9TiSoS&amp;usp=drive_copy<\/td>        <\/tr>\n            <tr data-row_id=\"173\" class=\"ninja_table_row_173 nt_row_id_173\">\n            <td>Decreto<\/td><td>015\/2019<\/td><td>30\/05\/2019<\/td><td>Gabinete do prefeito<\/td><td>DISP\u00d5E SOBRE EXONERA\u00c7\u00c3O POR APOSENTADORIA, DECLARA VAC\u00c2NCIA DO CARGO P\u00daBLICO E D\u00c1 OUTRAS PROVID\u00caNCIAS.<\/td><td>https:\/\/drive.google.com\/open?id=119FZK8-IUN4rCVcmhi_OkzBH00VmS_yN&amp;usp=drive_copy<\/td>        <\/tr>\n            <tr data-row_id=\"174\" class=\"ninja_table_row_174 nt_row_id_174\">\n            <td>Decreto<\/td><td>014\/2019<\/td><td>25\/06\/2019<\/td><td>Gabinete do prefeito<\/td><td>DISP\u00d5E SOBRE NOMEA\u00c7\u00c3O DE REPRESENTANTES PARA COMPOREM O CONSELHO MUNICIPAL DE MEIO AMBIENTE E D\u00c1 OUTRAS PROVID\u00caNCIAS<\/td><td>https:\/\/drive.google.com\/open?id=1La2SXqLaGKN9cdtlTWBR0-C9yW32MyDC&amp;usp=drive_copy<\/td>        <\/tr>\n            <tr data-row_id=\"175\" class=\"ninja_table_row_175 nt_row_id_175\">\n            <td>Decreto<\/td><td>013\/2019<\/td><td>17\/05\/2019<\/td><td>Gabinete do prefeito<\/td><td>DEFINE HOR\u00c1RIO DE FECHAMENTO DAS VIAS P\u00daBLICAS AOS FINAIS DE SEMANA NA RUA OLIVEIRA, ENTRE A TRAVESSA CEAR\u00c1 E S\u00c3O PAULO, NO BAIRRO NOVA BRAS\u00cdLIA e da outras provid\u00eancias.<\/td><td>https:\/\/drive.google.com\/open?id=1ljm8afnxVV6Kmo0BJZGu3E5amvJSnLX_&amp;usp=drive_copy<\/td>        <\/tr>\n            <tr data-row_id=\"176\" class=\"ninja_table_row_176 nt_row_id_176\">\n            <td>Decreto<\/td><td>011\/2019<\/td><td>12\/04\/2019<\/td><td>Gabinete do prefeito<\/td><td>DISP\u00d5E SOBRE A SUBSTITUI\u00c7\u00c3O DE MEMBROS REPRESENTANTE DO CONSELHO TUTELAR NO CONSELHO DO FUNDEB E D\u00c1 OUTRAS PROVID\u00caNCIAS.<\/td><td>https:\/\/drive.google.com\/open?id=1TxaBBuuQXrLdArzsaObVskif9L4ykjyN&amp;usp=drive_copy<\/td>        <\/tr>\n            <tr data-row_id=\"177\" class=\"ninja_table_row_177 nt_row_id_177\">\n            <td>Decreto<\/td><td>010\/2019<\/td><td>08\/04\/2019<\/td><td>Gabinete do prefeito<\/td><td>DISP\u00d5E SOBRE NOMEA\u00c7\u00c3O DOS MEMBROS DO CONSELHO DO FUNDEB E D\u00c1 OUTRAS PROVID\u00caNCIAS.<\/td><td>https:\/\/drive.google.com\/open?id=1iWFIVW8GguoP4wNwBPMby9GGWx2XqOlo&amp;usp=drive_copy<\/td>        <\/tr>\n            <tr data-row_id=\"178\" class=\"ninja_table_row_178 nt_row_id_178\">\n            <td>Decreto<\/td><td>009\/2019<\/td><td>30\/04\/2019<\/td><td>Gabinete do prefeito<\/td><td>DISP\u00d5E SOBRE EXONERA\u00c7\u00c3O POR APOSENTADORIA E DECLARA VAC\u00c2NCIA DO CARGO P\u00daBLICO E D\u00c1 OUTRAS PROVID\u00caNCIAS.<\/td><td>https:\/\/drive.google.com\/open?id=1hqWLRoCunBICbF2WypNZxvPUA9Xv-tSh&amp;usp=drive_copy<\/td>        <\/tr>\n            <tr data-row_id=\"179\" class=\"ninja_table_row_179 nt_row_id_179\">\n            <td>Decreto<\/td><td>008\/2019<\/td><td>03\/04\/2019<\/td><td>Gabinete do prefeito<\/td><td>DISP\u00d5E SOBRE LUTO OFICIAL NO MUNIC\u00cdPIO DE ABEL FIGUEIREDO E D\u00c1 OUTRAS PROVID\u00caNCIAS<\/td><td>https:\/\/drive.google.com\/open?id=1WUHx8fkkuT5H9BUcQdmD9X7Fa8Kne-Kz&amp;usp=drive_copy<\/td>        <\/tr>\n            <tr data-row_id=\"180\" class=\"ninja_table_row_180 nt_row_id_180\">\n            <td>Decreto<\/td><td>007\/2019<\/td><td>27\/03\/2019<\/td><td>Gabinete do prefeito<\/td><td>DEFINE PRAZO DE VALIDADE DA LICEN\u00c7A SANIT\u00c1RIA DOS ESTABELECIMENTOS COMERCIAIS DE ABEL FIGUEIREDO NO EXERC\u00cdCIO DE 2019 E D\u00c1 OUTRAS PROVID\u00caNCIAS.<\/td><td>https:\/\/drive.google.com\/open?id=15IE_nyOZoXiQEtM1us18IY7XgvefU529&amp;usp=drive_copy<\/td>        <\/tr>\n            <tr data-row_id=\"181\" class=\"ninja_table_row_181 nt_row_id_181\">\n            <td>Decreto<\/td><td>006\/2019<\/td><td>11\/03\/2019<\/td><td>Gabinete do prefeito<\/td><td>DISP\u00d5E SOBRE A NOMEA\u00c7\u00c3O DOS MEMBROS DO CONSELHO MUNICIPAL DE EDUCA\u00c7\u00c3O DE ABEL FIGUEIREDO E D\u00c1 OUTRAS PROVID\u00caNCIAS<\/td><td>https:\/\/drive.google.com\/open?id=1UvKzkPDjY6NHKEnQ0Aq7Mxk7XnfVJotU&amp;usp=drive_copy<\/td>        <\/tr>\n            <tr data-row_id=\"182\" class=\"ninja_table_row_182 nt_row_id_182\">\n            <td>Decreto<\/td><td>004\/2019<\/td><td>04\/03\/2019<\/td><td>Gabinete do prefeito<\/td><td>MUNICE SOBRE A SAUDE COMERENBEL MUNICIPAL ABEL FIGUEIREDO OUTRAS PROVID\u00caNCIAS.<\/td><td>https:\/\/drive.google.com\/open?id=1sJR3HFaz7ft1hyhLdYK6M6AkCTw3i5rK&amp;usp=drive_copy<\/td>        <\/tr>\n            <tr data-row_id=\"183\" class=\"ninja_table_row_183 nt_row_id_183\">\n            <td>Decreto<\/td><td>003\/2019<\/td><td>01\/03\/2019<\/td><td>Gabinete do prefeito<\/td><td>DISP\u00d5E SOBRE PONTO FACULTATIVO NAS REPARTI\u00c7\u00d5ES P\u00daBLICAS MUNICIPAIS, E D\u00c1 OUTRAS PROVID\u00caNC\u00cdAS.<\/td><td>https:\/\/drive.google.com\/open?id=15bPu8RSuki4TEn1OdkNy1lK0rteqs7V4&amp;usp=drive_copy<\/td>        <\/tr>\n            <tr data-row_id=\"184\" class=\"ninja_table_row_184 nt_row_id_184\">\n            <td>Decreto<\/td><td>002\/2019<\/td><td>27\/02\/2019<\/td><td>Gabinete do prefeito<\/td><td>Disp\u00f5e sobre a CORRE\u00c7\u00c3O no valor da UNIDADE FISCAL MUNICIPAL (UFM) do Munic\u00edpio de Abel Figueiredo-Par\u00e1, e d\u00e1 outras provid\u00eancias.<\/td><td>https:\/\/drive.google.com\/open?id=1Tv8OnSHxk_EWGVi2qFg96kqTqI9r8ihA&amp;usp=drive_copy<\/td>        <\/tr>\n            <tr data-row_id=\"185\" class=\"ninja_table_row_185 nt_row_id_185\">\n            <td>Decreto<\/td><td>001\/2019<\/td><td>17\/01\/2019<\/td><td>Gabinete do prefeito<\/td><td>DISP\u00d5E SOBRE ATUALIZA\u00c7\u00c3O DA UNIDADE FISCAL MUNICIPAL (UFM) DO MUNIC\u00cdPIO DE ABEL FIGUEIREDO, ESTADO DO PAR\u00c1, PARA O EXERC\u00cdCIO 2019 E D\u00c1 OUTRAS PROVID\u00caNCIAS.<\/td><td>https:\/\/drive.google.com\/open?id=1_Qbd42y8Iu_SL_qnXWm7pDu65jGHQPAd&amp;usp=drive_copy<\/td>        <\/tr>\n            <tr data-row_id=\"186\" class=\"ninja_table_row_186 nt_row_id_186\">\n            <td>Decreto<\/td><td>026\/2018<\/td><td>26\/12\/2019<\/td><td>Gabinete do prefeito<\/td><td>DISP\u00d5E SOBRE FERIADO MUNICIPAL E D\u00c1 OUTRAS PROVID\u00caNCIAS.<\/td><td>https:\/\/drive.google.com\/open?id=1UrRCk1bhIIPBmjQTE1odChFgDPTtpGDR&amp;usp=drive_copy<\/td>        <\/tr>\n            <tr data-row_id=\"187\" class=\"ninja_table_row_187 nt_row_id_187\">\n            <td>Decreto<\/td><td>025\/2018<\/td><td>30\/10\/2018<\/td><td>Gabinete do prefeito<\/td><td>DISP\u00d5E SOBRE FERIADO MUNICIPAL E D\u00c1 OUTRAS PROVID\u00caNCIAS.<\/td><td>https:\/\/drive.google.com\/open?id=1_lBGfx5kInKfxJIDaTW59K_VlqrO7fWU&amp;usp=drive_copy<\/td>        <\/tr>\n            <tr data-row_id=\"188\" class=\"ninja_table_row_188 nt_row_id_188\">\n            <td>Decreto<\/td><td>024\/2018<\/td><td>29\/10\/2018<\/td><td>Gabinete do prefeito<\/td><td>DISP\u00d5E SOBRE PONTO FACULTATIVO MUNICIPAEPARTI\u00c7\u00d5ES PUBLICAS D\u00c1 OUTRAS PROVID\u00caNC\u00cdAS.<\/td><td>https:\/\/drive.google.com\/open?id=1zzBKtiOxW7Ms8FkmWlMu4Mi5I1_kwAHh&amp;usp=drive_copy<\/td>        <\/tr>\n            <tr data-row_id=\"189\" class=\"ninja_table_row_189 nt_row_id_189\">\n            <td>Decreto<\/td><td>023\/2018<\/td><td>06\/08\/2018<\/td><td>Gabinete do prefeito<\/td><td>Institui o Regimento Interno do Conselho Municipal de Seguran\u00e7a P\u00fablica de Abel Figueiredo-Par\u00e1, e d\u00e1 outras provid\u00eancias.<\/td><td>https:\/\/drive.google.com\/open?id=1nLKbTm0mPd3zGmjphW6Vgg77iN117hrg&amp;usp=drive_copy<\/td>        <\/tr>\n            <tr data-row_id=\"190\" class=\"ninja_table_row_190 nt_row_id_190\">\n            <td>Decreto<\/td><td>022\/2018<\/td><td>16\/07\/2018<\/td><td>Gabinete do prefeito<\/td><td>DISP\u00d5E SOBRE LUTO OFICIAL NO MUNIC\u00cdPIO DE ABEL FIGUEIREDO E D\u00c1 OUTRAS PROVID\u00caNCIAS<\/td><td>https:\/\/drive.google.com\/open?id=1NO2-XK14_PrvvD4q3AO5cLuj8L5GGYom&amp;usp=drive_copy<\/td>        <\/tr>\n            <tr data-row_id=\"191\" class=\"ninja_table_row_191 nt_row_id_191\">\n            <td>Decreto<\/td><td>021\/2018<\/td><td>29\/06\/2018<\/td><td>Gabinete do prefeito<\/td><td>DISP\u00d5E SOBRE HOR\u00c1RIO DE FUNCIONAMENTO DA PREFEITURA MUNICIPAL DE ABEL FIGUEIREDO E D\u00c1 OUTRAS PROVID\u00caNCIAS.<\/td><td>https:\/\/drive.google.com\/open?id=1RcxxWxttN3v39-cfNgzixEwkZq7IqAI9&amp;usp=drive_copy<\/td>        <\/tr>\n            <tr data-row_id=\"192\" class=\"ninja_table_row_192 nt_row_id_192\">\n            <td>Decreto<\/td><td>020\/2018<\/td><td>29\/06\/2018<\/td><td>Gabinete do prefeito<\/td><td>DISP\u00d5E SOBRE HOR\u00c1RIO DE FUNCIONAMENTO DA PREFEITURA MUNICIPAL DE ABEL FIGUEIREDO E D\u00c1 OUTRAS PROVID\u00caNCIAS.<\/td><td>https:\/\/drive.google.com\/open?id=1D2XdwCyeDdzr92mwlWWbDRwdoxXcDoA3&amp;usp=drive_copy<\/td>        <\/tr>\n            <tr data-row_id=\"193\" class=\"ninja_table_row_193 nt_row_id_193\">\n            <td>Decreto<\/td><td>019\/2018<\/td><td>26\/06\/2018<\/td><td>Gabinete do prefeito<\/td><td>DISP\u00d5E SOBRE HOR\u00c1RIO DE FUNCIONAMENTO DA PREFEITURA MUNICIPAL DE ABEL FIGUEIREDO E D\u00c1 OUTRAS PROVIDENCIAS.<\/td><td>https:\/\/drive.google.com\/open?id=1_thcjZp4jmvNPuh3wIilZdovHfE6OJDt&amp;usp=drive_copy<\/td>        <\/tr>\n            <tr data-row_id=\"194\" class=\"ninja_table_row_194 nt_row_id_194\">\n            <td>Decreto<\/td><td>018\/2018<\/td><td>21\/06\/2018<\/td><td>Gabinete do prefeito<\/td><td>DISP\u00d5E SOBRE PONTO FACULTATIVO REPARTI\u00c7\u00d5ES NAS P\u00daBLICAS MUNICIPAIS, D\u00c1 OUTRAS E PROVID\u00caNCIAS.<\/td><td>https:\/\/drive.google.com\/open?id=1RDZe6uokyQX7hjyZR4ocK76Jgu2Ivwkg&amp;usp=drive_copy<\/td>        <\/tr>\n            <tr data-row_id=\"195\" class=\"ninja_table_row_195 nt_row_id_195\">\n            <td>Decreto<\/td><td>017\/2018<\/td><td>20\/06\/2018<\/td><td>Gabinete do prefeito<\/td><td>DISP\u00d5E SOBRE A EXONERA\u00c7\u00c3O POR MORTE DE SERVIDOR E D\u00c1 OUTRAS PROVID\u00caNCIAS<\/td><td>https:\/\/drive.google.com\/open?id=10a7_IkE8rNVElZDy_kE9HzcqVy6fTJ_S&amp;usp=drive_copy<\/td>        <\/tr>\n            <tr data-row_id=\"196\" class=\"ninja_table_row_196 nt_row_id_196\">\n            <td>Decreto<\/td><td>016\/2018<\/td><td>11\/06\/2018<\/td><td>Gabinete do prefeito<\/td><td>DISP\u00d5E SOBRE LUTO OFICIAL NO MUNIC\u00cdPIO DE ABEL FIGUEIREDO E D\u00c1 OUTRAS PROVID\u00caNCIAS<\/td><td>https:\/\/drive.google.com\/open?id=1TZZt3DO_NCfxB_9UErbqxb9CHI02N63T&amp;usp=drive_copy<\/td>        <\/tr>\n            <tr data-row_id=\"197\" class=\"ninja_table_row_197 nt_row_id_197\">\n            <td>Decreto<\/td><td>015\/2018<\/td><td>04\/06\/2018<\/td><td>Gabinete do prefeito<\/td><td>MEMBROS DO CAR SUECONSELHO DE ALIMENTA\u00c7\u00c3O ESCOLAR, DESIGNADOS PELO DECRETO N\u00b0 013\/2017 E D\u00c1 OUTRAS PROVID\u00caNCIAS.<\/td><td>https:\/\/drive.google.com\/open?id=1lY286xwq4Bftp9KRM1udslvJkde8WIXn&amp;usp=drive_copy<\/td>        <\/tr>\n            <tr data-row_id=\"198\" class=\"ninja_table_row_198 nt_row_id_198\">\n            <td>Decreto<\/td><td>014\/2018<\/td><td>30\/05\/2018<\/td><td>Gabinete do prefeito<\/td><td>DISP\u00d5E SOBRE PONTO FACULTATIVO P\u00daBLICAS REPARTI\u00c7\u00d5ES NAS D\u00c1 OUTRAS MUNICIPAIS, E PROVID\u00caNCIAS.<\/td><td>https:\/\/drive.google.com\/open?id=15zEiJGxuErkodxBWoiziXhcxiXgXwCWa&amp;usp=drive_copy<\/td>        <\/tr>\n            <tr data-row_id=\"199\" class=\"ninja_table_row_199 nt_row_id_199\">\n            <td>Decreto<\/td><td>013\/2018<\/td><td>27\/04\/2018<\/td><td>Gabinete do prefeito<\/td><td>DISP\u00d5E SOBRE PONTO FACULTATIVO P\u00daBLICAS REPARTI\u00c7\u00d5ES NAS D\u00c1 OUTRAS E MUNICIPAIS, PROVID\u00caNCIAS.<\/td><td>https:\/\/drive.google.com\/open?id=1qZEgSqrEd8oBXRF46-8M6Obk6nKHEU6R&amp;usp=drive_copy<\/td>        <\/tr>\n            <tr data-row_id=\"200\" class=\"ninja_table_row_200 nt_row_id_200\">\n            <td>Decreto<\/td><td>012\/2018<\/td><td>28\/03\/2018<\/td><td>Gabinete do prefeito<\/td><td>DISP\u00d5E SOBRE PONTO FACULTATIVO NAS _ REPARTI\u00c7\u00d5ES P\u00daBLICAS MUNICIPAIS, E D\u00c1 OUTRAS PROVID\u00caNC\u00cdAS.<\/td><td>https:\/\/drive.google.com\/open?id=16luytpoy5q8IoqEGIXGNdL95e4UAnrM9&amp;usp=drive_copy<\/td>        <\/tr>\n            <tr data-row_id=\"201\" class=\"ninja_table_row_201 nt_row_id_201\">\n            <td>Decreto<\/td><td>011\/2018<\/td><td>22\/02\/2018<\/td><td>Gabinete do prefeito<\/td><td>Autoriza o Fundo Municipal de Sa\u00fade, representado pelo Secret\u00e1rio Municipal de Sa\u00fade de Abel Figueiredo, \u00e0 celebrar em nome do Munic\u00edpio de Abel Figueiredo, Conv\u00eanio com o Estado do Par\u00e1, no sentido de obter AMBUL\u00c2NCIAS e outros EQUIPAMENTOS na \u00e1rea da sa\u00fade e d\u00e1 outras provid\u00eancias.<\/td><td>https:\/\/drive.google.com\/open?id=1HjRYy-WkLOEEHA6t1GPVy3ltItiJOeGu&amp;usp=drive_copy<\/td>        <\/tr>\n            <tr data-row_id=\"202\" class=\"ninja_table_row_202 nt_row_id_202\">\n            <td>Decreto<\/td><td>010\/2018<\/td><td>09\/02\/2018<\/td><td>Gabinete do prefeito<\/td><td>DISP\u00d5E SOBRE PONTO FACULTATIVO P\u00daBLICAS REPARTI\u00c7\u00d5ES NAS E D\u00c1 OUTRAS MUNICIPAIS, PROVID\u00caNCIAS.<\/td><td>https:\/\/drive.google.com\/open?id=1LtfMb1KXNXn6kCjMuyGtrJv95_9UTSKe&amp;usp=drive_copy<\/td>        <\/tr>\n            <tr data-row_id=\"203\" class=\"ninja_table_row_203 nt_row_id_203\">\n            <td>Decreto<\/td><td>009\/2018<\/td><td>28\/02\/2018<\/td><td>Gabinete do prefeito<\/td><td>DISP\u00d5E SOBRE A DELEGA\u00c7\u00c3O PARA REGULA\u00c7\u00c3O E FISCALIZA\u00c7\u00c3O MUNICIPAL DE SERVI\u00c7OS P\u00daBLICOS DE ABASTECIMENTO DE \u00c1GUA E ESGOTOS NO \u00c2MBITO DO MUNIC\u00cdPIO DE ABEL FIGUEIREDO-PA.<\/td><td>https:\/\/drive.google.com\/open?id=1H0GBWJ4wSz1AitfpDRvk0YkFctY-C9cz&amp;usp=drive_copy<\/td>        <\/tr>\n            <tr data-row_id=\"204\" class=\"ninja_table_row_204 nt_row_id_204\">\n            <td>Decreto<\/td><td>008\/2018<\/td><td>05\/02\/2018<\/td><td>Gabinete do prefeito<\/td><td>DISP\u00d5E SOBRE A NOMEA\u00c7\u00c3O PARA REPRESENTANTES DE o ACOMPANHAMENTO E CONTROLE SOCIAL DO CONSELHO MUNICIPAL DE SA\u00daDE, E D\u00c1 OUTRAS PROVID\u00caNCIAS.<\/td><td>https:\/\/drive.google.com\/open?id=1UTZObvzscZoRBjiDAUVkkspl71Ep4MKj&amp;usp=drive_copy<\/td>        <\/tr>\n            <tr data-row_id=\"205\" class=\"ninja_table_row_205 nt_row_id_205\">\n            <td>Decreto<\/td><td>007\/2018<\/td><td>30\/01\/2018<\/td><td>Gabinete do prefeito<\/td><td>DISP\u00d5E SOBRE A NOMEA\u00c7\u00c3O DO ORDENADOR DE MUNICIPAL DE D\u00c1 OUTRAS PROVID\u00caNCIAS.<\/td><td>https:\/\/drive.google.com\/open?id=1WjC4K5ONEsP4TtLZ4kJjhT5Lob7ImIXA&amp;usp=drive_copy<\/td>        <\/tr>\n            <tr data-row_id=\"206\" class=\"ninja_table_row_206 nt_row_id_206\">\n            <td>Decreto<\/td><td>006\/2018<\/td><td>26\/01\/2018<\/td><td>Gabinete do prefeito<\/td><td>DISP\u00d5E SOBRE EXONERA\u00c7\u00c3O POR APOSENTADORIA E DECLARA VAC\u00c2NCIA DO CARGO P\u00daBLICO E D\u00c1 OUTRAS PROVID\u00caNCIAS.<\/td><td>https:\/\/drive.google.com\/open?id=1OudiKG1t6l4-JxTNu_jNTva24kKfAiY3&amp;usp=drive_copy<\/td>        <\/tr>\n            <tr data-row_id=\"207\" class=\"ninja_table_row_207 nt_row_id_207\">\n            <td>Decreto<\/td><td>005\/2018<\/td><td>26\/01\/2018<\/td><td>Gabinete do prefeito<\/td><td>DISP\u00d5E SOBRE EXONERA\u00c7\u00c3O POR APOSENTADORIA E DECLARA VAC\u00c2NCIA DO CARGO P\u00daBLICO E D\u00c1 OUTRAS PROVID\u00caNCIAS.<\/td><td>https:\/\/drive.google.com\/open?id=1zYT1eejdHBS8FAMHhDBzMVn9okvfTuEd&amp;usp=drive_copy<\/td>        <\/tr>\n            <tr data-row_id=\"208\" class=\"ninja_table_row_208 nt_row_id_208\">\n            <td>Decreto<\/td><td>004\/2018<\/td><td>26\/01\/2018<\/td><td>Gabinete do prefeito<\/td><td>DISP\u00d5E SOBRE EXONERA\u00c7\u00c3O POR APOSENTADORIA E DECLARA VAC\u00c2NCIA DO CARGO P\u00daBLICO E D\u00c1 OUTRAS PROVID\u00caNCIAS.<\/td><td>https:\/\/drive.google.com\/open?id=1owtHXBIBFn2Lvq4R3a3oOcI5vIWD900h&amp;usp=drive_copy<\/td>        <\/tr>\n            <tr data-row_id=\"209\" class=\"ninja_table_row_209 nt_row_id_209\">\n            <td>Decreto<\/td><td>003\/2018<\/td><td>26\/01\/2018<\/td><td>Gabinete do prefeito<\/td><td>DISP\u00d5E SOBRE EXONERA\u00c7\u00c3O POR APOSENTADORIA E DECLARA VAC\u00c2NCIA DO CARGO P\u00daBLICO E D\u00c1 OUTRAS PROVID\u00caNCIAS.<\/td><td>https:\/\/drive.google.com\/open?id=1-boYLPgD7DHPkqf7la5QBtEMpkee8aRM&amp;usp=drive_copy<\/td>        <\/tr>\n            <tr data-row_id=\"210\" class=\"ninja_table_row_210 nt_row_id_210\">\n            <td>Decreto<\/td><td>002\/2018<\/td><td>23\/01\/2018<\/td><td>Gabinete do prefeito<\/td><td>DISP\u00d5E ATUALIZA\u00c7\u00c3O DA UNIDADE FISCAL MUNICIPAL (UFM) DO MUNIC\u00cdPIO DE ABEL FIGUEIREDO, ESTADO DO PAR\u00c1, PARA O EXERC\u00cdCIO 2018 E D\u00c1 OUTRAS PROVID\u00caNCIAS.<\/td><td>https:\/\/drive.google.com\/open?id=1aCzpmXo3Wuaucwk4jfkB-FLU_cJyiSzT&amp;usp=drive_copy<\/td>        <\/tr>\n            <tr data-row_id=\"211\" class=\"ninja_table_row_211 nt_row_id_211\">\n            <td>Decreto<\/td><td>001\/2018<\/td><td>08\/01\/2018<\/td><td>Gabinete do prefeito<\/td><td>DISP\u00d5E SOBRE LUTO OFICIAL E D\u00c1 OUTRAS PROVID\u00caNCIAS<\/td><td>https:\/\/drive.google.com\/open?id=1106JNrnLNrzjQKqh1EWHPBORvNAYRigg&amp;usp=drive_copy<\/td>        <\/tr>\n            <tr data-row_id=\"212\" class=\"ninja_table_row_212 nt_row_id_212\">\n            <td>Decreto<\/td><td>042\/2017<\/td><td>21\/12\/2017<\/td><td>Gabinete do prefeito<\/td><td>DISP\u00d5E SOBRE FERIADO MUNICIPAL, E DA OUTRAS PROVID\u00caNCIAS.<\/td><td>https:\/\/drive.google.com\/open?id=1LqL3Ymmkylubrd-v0Z-BbQJ4_WxGHsqu&amp;usp=drive_copy<\/td>        <\/tr>\n            <tr data-row_id=\"213\" class=\"ninja_table_row_213 nt_row_id_213\">\n            <td>Decreto<\/td><td>041\/2017<\/td><td>21\/12\/2017<\/td><td>Gabinete do prefeito<\/td><td>DISP\u00d5E SOBRE RECESSO NAS REPARTI\u00c7\u00d5ES P\u00daBLICAS MUNICIPAIS, E DA OUTRAS PROVID\u00caNCIAS.<\/td><td>https:\/\/drive.google.com\/open?id=1etHhrmND6zwy002CpBJUQCsQy5fNCQQk&amp;usp=drive_copy<\/td>        <\/tr>\n            <tr data-row_id=\"214\" class=\"ninja_table_row_214 nt_row_id_214\">\n            <td>Decreto<\/td><td>040\/2017<\/td><td>06\/12\/2017<\/td><td>Gabinete do prefeito<\/td><td>DISP\u00d5E SOBRE FERIADO MUNICIPAL E D\u00c1 OUTRAS PROVID\u00caNCIAS.<\/td><td>https:\/\/drive.google.com\/open?id=1ZVyM6BFFtbxTgxZy8JOSEYpuNFk1cjJN&amp;usp=drive_copy<\/td>        <\/tr>\n            <tr data-row_id=\"215\" class=\"ninja_table_row_215 nt_row_id_215\">\n            <td>Decreto<\/td><td>038\/2017<\/td><td>11\/10\/2017<\/td><td>Gabinete do prefeito<\/td><td>DISP\u00d5E SOBRE PONTO FACULTATIVO REPARTI\u00c7\u00d5ES P\u00daBLICAS NAS D\u00c1 MUNICIPAIS, E OUTRAS PROVID\u00caNCIAS.<\/td><td>https:\/\/drive.google.com\/open?id=1y2L4SIue3IAbTwOkDWqB-VvJZb0m_pfX&amp;usp=drive_copy<\/td>        <\/tr>\n            <tr data-row_id=\"216\" class=\"ninja_table_row_216 nt_row_id_216\">\n            <td>Decreto<\/td><td>037\/2017<\/td><td>06\/10\/2017<\/td><td>Gabinete do prefeito<\/td><td>Suspende a concess\u00e3o de Licen\u00e7a Premio pelo prazo de 180 dias e d\u00e1 outras provid\u00eancias.<\/td><td>https:\/\/drive.google.com\/open?id=171ljvWT3rSS6-l7eMadwGDHvVsRUN-_N&amp;usp=drive_copy<\/td>        <\/tr>\n            <tr data-row_id=\"217\" class=\"ninja_table_row_217 nt_row_id_217\">\n            <td>Decreto<\/td><td>036\/2017<\/td><td>06\/10\/2017<\/td><td>Gabinete do prefeito<\/td><td>Disp\u00f5e sobre a REDU\u00c7\u00c3O DA CARGA HOR\u00c1RIA E JORNADA DE TRABALHO DOS SERVIDORES DO CIG - CENTRO INTEGRADO DE GOVERMO e d\u00e1 outras provid\u00eancias.<\/td><td>https:\/\/drive.google.com\/open?id=1pemTuiiY6ov5pCvScHLwWGVo3nG5c4NO&amp;usp=drive_copy<\/td>        <\/tr>\n            <tr data-row_id=\"218\" class=\"ninja_table_row_218 nt_row_id_218\">\n            <td>Decreto<\/td><td>034\/2017<\/td><td>06\/09\/2017<\/td><td>Gabinete do prefeito<\/td><td>DISP\u00d5E SOBRE PONTO FACULTATIVO NAS _REPARTI\u00c7\u00d5ES P\u00daBLICAS MUNICIPAIS, E D\u00c1 OUTRAS PROVID\u00caNC\u00cdAS.<\/td><td>https:\/\/drive.google.com\/open?id=1h7TUyqEWqwHxeu-5ToqD7ipqT9u34xWQ&amp;usp=drive_copy<\/td>        <\/tr>\n            <tr data-row_id=\"219\" class=\"ninja_table_row_219 nt_row_id_219\">\n            <td>Decreto<\/td><td>032\/2017<\/td><td>23\/08\/2017<\/td><td>Gabinete do prefeito<\/td><td>Aprova o Plano Municipal de Saneamento B\u00e1sico de Abel Figueiredo e d\u00e1 outras provid\u00eancias.<\/td><td>https:\/\/drive.google.com\/open?id=14gMkQeTzaZ_zrmiEv201WvYNIMxIkxNG&amp;usp=drive_copy<\/td>        <\/tr>\n            <tr data-row_id=\"220\" class=\"ninja_table_row_220 nt_row_id_220\">\n            <td>Decreto<\/td><td>031\/2017<\/td><td>18\/08\/2017<\/td><td>Gabinete do prefeito<\/td><td>Prorroga os efeitos do Decreto 011\/2017- GP que decretou situa\u00e7\u00e3o anormal caracterizada como \"Situa\u00e7\u00e3o de Emerg\u00eancia ou Calamidade P\u00fablica\"' a \u00e1rea do Munic\u00edpio de Abel Figueiredo afetada pelas fortes chuvas ocorridas nos \u00faltimos dias e d\u00e1 outras provid\u00eancias.<\/td><td>https:\/\/drive.google.com\/open?id=13k72veiuoZV3ll7OaS9vS8ebBu0yTCOg&amp;usp=drive_copy<\/td>        <\/tr>\n            <tr data-row_id=\"221\" class=\"ninja_table_row_221 nt_row_id_221\">\n            <td>Decreto<\/td><td>030\/2017<\/td><td>12\/07\/2017<\/td><td>Gabinete do prefeito<\/td><td>DISP\u00d5E SOBRE A CELEBRA\u00c7\u00c3O DO TERMO DE CONV\u00caNIO ENTRE A PREFEITURA MUNICIPAL DE ABEL FIGUEIREDO E A CL\u00cdNICA ECARE ODONTOLOGIA RESTAURADORA E EST\u00c9TICA E A REGULAMENTA\u00c7\u00c3O DO DISPOSTO NO ARTIGO 50, PAR\u00c1GRAFO \u00daNICO, DA LEI MUNICIPAL N\u00b0 053\/97 E D\u00c1 OUTRAS PROVID\u00caNCIAS.<\/td><td>https:\/\/drive.google.com\/open?id=1_i-B6KDvFKla-ITw-nwCfHK7LS6CtdNh&amp;usp=drive_copy<\/td>        <\/tr>\n            <tr data-row_id=\"222\" class=\"ninja_table_row_222 nt_row_id_222\">\n            <td>Decreto<\/td><td>029\/2017<\/td><td>26\/07\/2017<\/td><td>Gabinete do prefeito<\/td><td>DISP\u00d5E SOBRE A 1\u00aa CONFER\u00caNCIA MUNICIPAL DE VIGILANCIA EM SA\u00daDE, 9\u00aa CONFER\u00caNCIA MUNICIPAL DE SA\u00daDE E DA OUTRAS PROVID\u00caNCIAS.<\/td><td>https:\/\/drive.google.com\/open?id=151cdAp3bVR4BiD8AdzUYpy6KNKkQYOlN&amp;usp=drive_copy<\/td>        <\/tr>\n            <tr data-row_id=\"223\" class=\"ninja_table_row_223 nt_row_id_223\">\n            <td>Decreto<\/td><td>028\/2017<\/td><td>19\/07\/2017<\/td><td>Gabinete do prefeito<\/td><td>Disp\u00f5e Sobre Cria\u00e7\u00e3o do Comit\u00ea Gestor Municipal do Programa Crian\u00e7a Feliz e d\u00e1 outras provid\u00eancias<\/td><td>https:\/\/drive.google.com\/open?id=1A0psC4oMGgiwo1NwJ_Qfu3S4nGnSIyrk&amp;usp=drive_copy<\/td>        <\/tr>\n            <tr data-row_id=\"224\" class=\"ninja_table_row_224 nt_row_id_224\">\n            <td>Decreto<\/td><td>026\/2017<\/td><td>13\/07\/2017<\/td><td>Gabinete do prefeito<\/td><td>DISP\u00d5E SOBRE O NOVO HOR\u00c1RIO DE FUNCIONAMENTO DA PREFEITURA MUNICIPAL DE ABEL FIGUEIREDO E DA OUTRAS PROVID\u00caNCIAS.<\/td><td>https:\/\/drive.google.com\/open?id=1HbPYfwST3xt_N9t_J0qwOhtTzvPdHNbv&amp;usp=drive_copy<\/td>        <\/tr>\n            <tr data-row_id=\"225\" class=\"ninja_table_row_225 nt_row_id_225\">\n            <td>Decreto<\/td><td>025\/2017<\/td><td>29\/06\/2017<\/td><td>Gabinete do prefeito<\/td><td>Disp\u00f5e sobre a IV COMEAF-Confer\u00eancia Municipal de Educa\u00e7\u00e3o de Abel Figueiredo.<\/td><td>https:\/\/drive.google.com\/open?id=1108D0rwX9CRa_0zT1sxrznSFDiIjeGPh&amp;usp=drive_copy<\/td>        <\/tr>\n            <tr data-row_id=\"226\" class=\"ninja_table_row_226 nt_row_id_226\">\n            <td>Decreto<\/td><td>024\/2017<\/td><td>26\/06\/2017<\/td><td>Gabinete do prefeito<\/td><td>TRATA DA ATUALIZA\u00c7\u00c3O DA PLANTA GEN\u00c9RICA DE VALORES IMOBILI\u00c1RIOS DO MUNIC\u00edPlO DE ABEL FIGUEIREDO, DEFINE OS VALORES DE REFER\u00caNCIA A SEREM ADOTADOS PARA C\u00c1LCULO DO VALOR VENAL DOS IM\u00d3VEIS PARA A COBRAN\u00c7A DO IPTU E D\u00c1 OUTRAS PROVID\u00caNCIAS.<\/td><td>https:\/\/drive.google.com\/open?id=1B7NqwWPAN7_8qmSXfFZDbrZmfT2QuLh9&amp;usp=drive_copy<\/td>        <\/tr>\n            <tr data-row_id=\"227\" class=\"ninja_table_row_227 nt_row_id_227\">\n            <td>Decreto<\/td><td>023\/2017<\/td><td>26\/06\/2017<\/td><td>Gabinete do prefeito<\/td><td>Disp\u00f5e Sobre Modifica\u00e7\u00e3o de Representantes Para Comporem o Conselho Municipal de Assist\u00eancia Social e do Programa Bolsa Fam\u00edlia e d\u00e1 outras provid\u00eancias.<\/td><td>https:\/\/drive.google.com\/open?id=18mRPiZXXKUX9JAWUcQsfTkDWftH4plz4&amp;usp=drive_copy<\/td>        <\/tr>\n            <tr data-row_id=\"228\" class=\"ninja_table_row_228 nt_row_id_228\">\n            <td>Decreto<\/td><td>022\/2017<\/td><td>26\/05\/2017<\/td><td>Gabinete do prefeito<\/td><td>DECLARA DE UTILIDADE P\u00daBLICA PARA FINS DE DESAPROPRIA\u00c7\u00c3O DE PLENO DOM\u00cdNIO A \u00c1REA DE TERRENO SITUADO NESTE MUNIC\u00cdPIO LOCALIZADO \u00c1 800 METROS DA BR 222, \u00c1 2KM DO CENTRO DO MUNIC\u00cdPIO DE ABEL FIGUEIREDO - ESTADO DO PAR\u00c1<\/td><td>https:\/\/drive.google.com\/open?id=1iSUr_cUykJdNKbiX3n1IJCGnvS7gqS_b&amp;usp=drive_copy<\/td>        <\/tr>\n            <tr data-row_id=\"229\" class=\"ninja_table_row_229 nt_row_id_229\">\n            <td>Decreto<\/td><td>021\/2017<\/td><td>23\/05\/2017<\/td><td>Gabinete do prefeito<\/td><td>REGULAMENTA o PAGAMENTO ESTABELECE O VALOR DE DI\u00c1RIAS DOS SERVIDORES PUBLICOS, PREFEITO,VICE PREFEITO, SECRETARIOS WNICIPAIS E D\u00c1 OUTRAS PROVID\u00caNCIAS .<\/td><td>https:\/\/drive.google.com\/open?id=1iReCZHKrTV9eE4iS3GUS0j72hKW5dVHZ&amp;usp=drive_copy<\/td>        <\/tr>\n            <tr data-row_id=\"230\" class=\"ninja_table_row_230 nt_row_id_230\">\n            <td>Decreto<\/td><td>020\/2017<\/td><td>04\/05\/2017<\/td><td>Gabinete do prefeito<\/td><td>DISP\u00d5E SOBRE A 1\u00aa CONFER\u00caNCIA MUNICIPAL DE SA\u00daDE DAS MULHERES DE ABEL FIGUEIREDO E DA OUTRAS PROVID\u00caNCIAS .<\/td><td>https:\/\/drive.google.com\/open?id=19RSXY0fHoQzIR28qeB55ZsgZdapGUkKK&amp;usp=drive_copy<\/td>        <\/tr>\n            <tr data-row_id=\"231\" class=\"ninja_table_row_231 nt_row_id_231\">\n            <td>Decreto<\/td><td>019\/2017<\/td><td>26\/04\/2017<\/td><td>Gabinete do prefeito<\/td><td>DISP\u00d5E SOBRE NOMEA\u00c7\u00c3O DOS MEMBROS DA COMISS\u00c3O DE MONITORAMENTO CONT\u00edNUO E DE AVALIA\u00c7\u00c3O PER\u00edODlCA DO PLANO MUNICIPAL DE EDUCA\u00c7\u00c3O E D\u00c1 OUTRAS PROVID\u00caNCIAS.<\/td><td>https:\/\/drive.google.com\/open?id=1dwYMQAW_FM997a6LyL7z6NitxWMvhz2V&amp;usp=drive_copy<\/td>        <\/tr>\n            <tr data-row_id=\"232\" class=\"ninja_table_row_232 nt_row_id_232\">\n            <td>Decreto<\/td><td>018\/2017<\/td><td>26\/04\/2017<\/td><td>Gabinete do prefeito<\/td><td>DISP\u00d5E SOBRE A NOMEA\u00c7\u00c3O DOS MEMBROS DO F\u00d3RUM MUNICIPAL DE EDUCA\u00c7\u00c3O E D\u00c1 OUTRAS PROVID\u00caNCIAS.<\/td><td>https:\/\/drive.google.com\/open?id=15E2jF92YcqIKpfiP99cOyTFVsy-gmkNU&amp;usp=drive_copy<\/td>        <\/tr>\n            <tr data-row_id=\"233\" class=\"ninja_table_row_233 nt_row_id_233\">\n            <td>Decreto<\/td><td>017\/2017<\/td><td>20\/04\/2017<\/td><td>Gabinete do prefeito<\/td><td>DISP\u00d5E SOBRE A COMISS\u00c3O PERMANENTE DE AVALIA\u00c7\u00c3O DE BENS MOVEIS E IM\u00d3VEIS, E D\u00c1 OUTRAS PROVID\u00caNCIAS.<\/td><td>https:\/\/drive.google.com\/open?id=1EpKEb1VAcVgT94xKBupBeeOC0ewDM5ja&amp;usp=drive_copy<\/td>        <\/tr>\n            <tr data-row_id=\"234\" class=\"ninja_table_row_234 nt_row_id_234\">\n            <td>Decreto<\/td><td>016\/2017<\/td><td>20\/04\/2017<\/td><td>Gabinete do prefeito<\/td><td>DISP\u00d5E SOBRE ALTERA\u00c7\u00c3O DO DECRETO NO 045\/2015 DE 10 DE DEZEMBRO DE 2015 DE NOMEA\u00c7\u00c3O DE REPRESENTANTES PARA O ACOMPANHAMENTO E CONTROLE SOCIAL DO CONSELHO MUNICIPAL DE SA\u00daDE DE ABEL FIGUEIREDO, E D\u00c1 OUTRAS PROVID\u00caNCIAS.<\/td><td>https:\/\/drive.google.com\/open?id=1mDJ1zpSAk5aRJYPVzw-G2EQKY92NlCk6&amp;usp=drive_copy<\/td>        <\/tr>\n            <tr data-row_id=\"235\" class=\"ninja_table_row_235 nt_row_id_235\">\n            <td>Decreto<\/td><td>015\/2017<\/td><td>12\/04\/2017<\/td><td>Gabinete do prefeito<\/td><td>DISP\u00d5E SOBRE PONTO FACULTATIVO P\u00daBLICAS REPARTI\u00c7\u00d5ES NAS D\u00c1 OUTRAS MUNICIPAIS, E PROVID\u00caNCIAS.<\/td><td>https:\/\/drive.google.com\/open?id=1NErmLuuv8pLf52TjWRRgRkg26UVhk5gU&amp;usp=drive_copy<\/td>        <\/tr>\n            <tr data-row_id=\"236\" class=\"ninja_table_row_236 nt_row_id_236\">\n            <td>Decreto<\/td><td>014\/2017<\/td><td>28\/03\/2017<\/td><td>Gabinete do prefeito<\/td><td>DISP\u00d5E SOBRE NOMEA\u00c7\u00c3O DOS MEMBROS DO CONSELHO DO FUNDEB E DA OUTRAS PROVID\u00caNCIAS.<\/td><td>https:\/\/drive.google.com\/open?id=1srVrbmm3Va8znKoH2bJNHMl46EuPaUBA&amp;usp=drive_copy<\/td>        <\/tr>\n            <tr data-row_id=\"237\" class=\"ninja_table_row_237 nt_row_id_237\">\n            <td>Decreto<\/td><td>013\/2017<\/td><td>28\/03\/2017<\/td><td>Gabinete do prefeito<\/td><td>DISP\u00d5E SOBRE A NOMEA\u00c7\u00c3O DOS MEMBROS DO CAE CONSELHO DE ALIMENTA\u00c7\u00c3O ESCOLAR E D\u00c1 OUTRAS PROVID\u00caNCIAS.<\/td><td>https:\/\/drive.google.com\/open?id=1y5mgpn6TQRvby_-nQXGBTCDOl0TcO9ye&amp;usp=drive_copy<\/td>        <\/tr>\n            <tr data-row_id=\"238\" class=\"ninja_table_row_238 nt_row_id_238\">\n            <td>Decreto<\/td><td>012\/2017<\/td><td>24\/02\/2017<\/td><td>Gabinete do prefeito<\/td><td>DISP\u00d5E SOBRE PONTO FACULTATIVO MUNICIPARARTI\u00c7\u00d5ES PUBLICAS OUTRAS PROVID\u00caNCIAS.<\/td><td>https:\/\/drive.google.com\/open?id=1BLvd32rO_gPHsoJToapu8QO3GMvvWuPl&amp;usp=drive_copy<\/td>        <\/tr>\n            <tr data-row_id=\"239\" class=\"ninja_table_row_239 nt_row_id_239\">\n            <td>Decreto<\/td><td>011\/2017<\/td><td>03\/03\/2017<\/td><td>Gabinete do prefeito<\/td><td>Decreta situa\u00e7\u00e3o anormal caracterizada como \"Situa\u00e7\u00e3o de Emerg\u00eancia ou Calamidade P\u00fablica\" a \u00e1rea do Munic\u00edpio de Abel Figueiredo afetada pelas fortes chuvas ocorridas nos \u00faltimos dias e d\u00e1 outras provid\u00eancias.<\/td><td>https:\/\/drive.google.com\/open?id=1UkTjhLW5N5PnkF4qUC1RKtU889bb0NGK&amp;usp=drive_copy<\/td>        <\/tr>\n            <tr data-row_id=\"240\" class=\"ninja_table_row_240 nt_row_id_240\">\n            <td>Decreto<\/td><td>010\/2017<\/td><td>13\/02\/2017<\/td><td>Gabinete do prefeito<\/td><td>ATUALIZA, PARA O C\u00c1LCULO DE ITBI, OS VALORES BASE DE \u00c1REAS DE TERRAS SITUADAS NO MUNICiPlO DE ABEL FIGUEIREDO E DETERMINA OUTRAS PROVID\u00caNCIAS.<\/td><td>https:\/\/drive.google.com\/open?id=1lC_jLhH9_y6vk5cqImOjiWHVsCP0BHsd&amp;usp=drive_copy<\/td>        <\/tr>\n            <tr data-row_id=\"241\" class=\"ninja_table_row_241 nt_row_id_241\">\n            <td>Decreto<\/td><td>009\/2017<\/td><td>31\/01\/2017<\/td><td>Gabinete do prefeito<\/td><td>DISP\u00d5E SOBRE MODIFICA\u00c7\u00c3O DOS MEMBROS REPRESENTANTES DO CONSELHO MUNICIPAL DOS DIREITOS DA CRIAN\u00c7A E DO ADOLESCENTE PARA O BI\u00caNIO 2016-2018 , E D\u00c1 OUTRAS PROVID\u00caNCIAS .<\/td><td>https:\/\/drive.google.com\/open?id=1xED0nzUkUDA_XSRn-SjkUUTL7YTKOi6b&amp;usp=drive_copy<\/td>        <\/tr>\n            <tr data-row_id=\"242\" class=\"ninja_table_row_242 nt_row_id_242\">\n            <td>Decreto<\/td><td>007\/2017<\/td><td>31\/01\/2017<\/td><td>Gabinete do prefeito<\/td><td>Disp\u00f5e Sobre Modifica\u00e7\u00e3o de Representantes Para Comporem o Conselho Municipal de Assist\u00eancia Social e do Programa Bolsa Fam\u00edlia, e d\u00e1 outras provid\u00eancias<\/td><td>https:\/\/drive.google.com\/open?id=1M1vRkpLldn3J_9-OnzviWGdQUNI7ORwg&amp;usp=drive_copy<\/td>        <\/tr>\n            <tr data-row_id=\"243\" class=\"ninja_table_row_243 nt_row_id_243\">\n            <td>Decreto<\/td><td>006\/2017<\/td><td>18\/01\/2017<\/td><td>Gabinete do prefeito<\/td><td>DISP\u00d5E SOBRE LUTO OFICIAL NO MUNIC\u00cdPIO DE ABEI, FIGUEIREDO E D\u00c1 OUTRAS PROVID\u00caNCIAS.<\/td><td>https:\/\/drive.google.com\/open?id=1Pl1Ym1diumIjCPt_JBmgiiAv-fXdPf8b&amp;usp=drive_copy<\/td>        <\/tr>\n            <tr data-row_id=\"244\" class=\"ninja_table_row_244 nt_row_id_244\">\n            <td>Decreto<\/td><td>005\/2017<\/td><td>09\/01\/2017<\/td><td>Gabinete do prefeito<\/td><td>DISP\u00d5E SOBRE COORDENADOR DA NOMEA\u00c7\u00c3O DO UNIDADE DE CONTROLE INTERNO DO PODER EXECUTIVO MUNICIPAL E D\u00c1 OUTRAS PROVID\u00caNCIAS .<\/td><td>https:\/\/drive.google.com\/open?id=1dgR6QQefFdnfHpSQ8cjl7sUpH6Vr8lvj&amp;usp=drive_copy<\/td>        <\/tr>\n            <tr data-row_id=\"245\" class=\"ninja_table_row_245 nt_row_id_245\">\n            <td>Decreto<\/td><td>004\/2017<\/td><td>03\/01\/2017<\/td><td>Gabinete do prefeito<\/td><td>DISP\u00d5E ATUALIZA\u00c7\u00c3O DA UNIDADE FISCAL MUNICIPAL (UFM) DO WNICiPIO DE ABEL FIGUEIREDO, ESTADO DO PAR\u00c1, PARA O E'ERCiCIO 2017 E D\u00c1 OUTRAS PROVID\u00caNCIAS.<\/td><td>https:\/\/drive.google.com\/open?id=15GPJHV1nOtDbf3v-vevJEmSzW3vKFwXh&amp;usp=drive_copy<\/td>        <\/tr>\n            <tr data-row_id=\"246\" class=\"ninja_table_row_246 nt_row_id_246\">\n            <td>Decreto<\/td><td>003\/2017<\/td><td>03\/01\/2017<\/td><td>Gabinete do prefeito<\/td><td>REGULAMENTA O QUE DISP\u00d3E A LEI MUNICIPAL SOBRE A PROIBI\u00c7\u00c3O DA 208\/2017 COLOCA\u00c7\u00c3O DE QUALQUER TIPO DE ENTULHO: GALHOS DE \u00c1RVORES, RESTOS DE M\u00d3VEIS, DEMOLI\u00c7\u00d5ES, RES\u00cdDUOS DE LIMPEZA DE QUINTAIS E OUTROS OBJETOS POLUENTES NAS VIAS P\u00daBLICAS DO MUNIC\u00cdPIO DE ABEL FIGUEIREDO.<\/td><td>https:\/\/drive.google.com\/open?id=1xKtcLJdAnArftzF4Gnt9BkQHCgW5dDy2&amp;usp=drive_copy<\/td>        <\/tr>\n            <tr data-row_id=\"247\" class=\"ninja_table_row_247 nt_row_id_247\">\n            <td>Decreto<\/td><td>002\/2017<\/td><td>02\/01\/2017<\/td><td>Gabinete do prefeito<\/td><td>DISP\u00d5E SOBRE NOMEA\u00c7\u00c3O DE DIRETOR ADMINISTRATIVO AUTARQUIA ME BRA SERER AUTONOMO DOUTRAS PROVID\u00caNCIAS<\/td><td>https:\/\/drive.google.com\/open?id=16IBn5EeiCZ2j-qs_egKetkbs7l1Z1aOX&amp;usp=drive_copy<\/td>        <\/tr>\n            <tr data-row_id=\"248\" class=\"ninja_table_row_248 nt_row_id_248\">\n            <td>Decreto<\/td><td>001\/2017<\/td><td>01\/01\/2017<\/td><td>Gabinete do prefeito<\/td><td>DISP\u00d5E SOBRE A CRIA\u00c7\u00c3O DA COMISS\u00c3O DE ACOMPANHEMENTO E FISCALIZA\u00c7\u00c3O DA TRANSFER\u00caNCIA DOS DOCUMENTOS, BENS, HAVERES E OBRIGA\u00c7\u00d5ES DO MUNIC\u00cdPIO DE ABEL FIGUEIREDO DURANTE A TRANSI\u00c7\u00c3O DE GOVERNO ENTRE OS MANDATOS 2013-2016 E 2017-2018, INTITULADA DE \"COMISS\u00c3O DA VERDADE\"<\/td><td>https:\/\/drive.google.com\/open?id=1a-gCfd_DOz50Wsbz2_1SJ_BwQ8nUS7xb&amp;usp=drive_copy<\/td>        <\/tr>\n            <tr data-row_id=\"249\" class=\"ninja_table_row_249 nt_row_id_249\">\n            <td>Plano municipal<\/td><td>-<\/td><td>01\/01\/2017<\/td><td>Gabinete do prefeito<\/td><td>PLANO MUNICIPAL DE \u00c1GUA E ESGOTO DE ABEL FIGUEIREDO-PA<\/td><td>https:\/\/drive.google.com\/open?id=1HbPYfwST3xt_N9t_J0qwOhtTzvPdHNbv&amp;usp=drive_copy<\/td>        <\/tr>\n            <tr data-row_id=\"250\" class=\"ninja_table_row_250 nt_row_id_250\">\n            <td>Resolu\u00e7\u00e3o<\/td><td>012\/2023<\/td><td>18\/09\/2023<\/td><td>CMDCA<\/td><td>Disp\u00f5e sobre a publica\u00e7\u00e3o do local de vota\u00e7\u00e3o nas elei\u00e7\u00f5es para o carggo de Conselheiro Tutelar, Gest\u00e3o 2024-2027<\/td><td>https:\/\/drive.google.com\/open?id=1fs0wLuiccRraX_4ZgvtBn23Q2WCwA8-z&amp;usp=drive_copy<\/td>        <\/tr>\n            <tr data-row_id=\"251\" class=\"ninja_table_row_251 nt_row_id_251\">\n            <td>Resolu\u00e7\u00e3o<\/td><td>011\/2023<\/td><td>18\/08\/2023<\/td><td>CMDCA<\/td><td>DISP\u00d5E SOBRE A PUBLICA\u00c7\u00c3O DE RATIFICA\u00c7\u00c3O DO CALEND\u00c1RIO DO PROCESSO DAS ELEI\u00c7\u00d5ES PARA O CARGO DE CONSELHEIRO  TUTELAR, GEST\u00c3O 2024 - 2027<\/td><td>https:\/\/drive.google.com\/open?id=1ZNTirYAguKCPoYGtAS6MiZf1I-9iovHw&amp;usp=drive_copy<\/td>        <\/tr>\n            <tr data-row_id=\"252\" class=\"ninja_table_row_252 nt_row_id_252\">\n            <td>Resolu\u00e7\u00e3o<\/td><td>010\/2023<\/td><td>13\/07\/2023<\/td><td>CMDCA<\/td><td>DISP\u00d5E SOBRE APRESENTA\u00c7\u00c3O EM SESS\u00c3O ABERTA AO PUBLICO A CANDIDATURA DOS CANDIDATOS, PARA CONCORRER AS ELEI\u00c7\u00d5ES AO CARGO DE CONSELHEIRO TUTELAR, GEST\u00c3O 2024 - 2027.<\/td><td>https:\/\/drive.google.com\/open?id=1R5NYYxCpAVW68ZwdE_kJIRAvCtZvD2VQ&amp;usp=drive_copy<\/td>        <\/tr>\n            <tr data-row_id=\"253\" class=\"ninja_table_row_253 nt_row_id_253\">\n            <td>Resolu\u00e7\u00e3o<\/td><td>007\/2023<\/td><td>26\/06\/2023<\/td><td>Gabinete do prefeito<\/td><td>DISP\u00d5E SOBRE AS NOTAS DOS CANDIDATOS A CONSELHEIRO TUTELAR DE ABEL FIGUEIREDO OBTIDAS DNA PROVA ESCRITA COM 20 QUEST\u00d5ES DO ECA<\/td><td>https:\/\/drive.google.com\/file\/d\/1sBPaHyarEaPJW1da4iGq2NNdnCXsmoQB<\/td>        <\/tr>\n            <tr data-row_id=\"254\" class=\"ninja_table_row_254 nt_row_id_254\">\n            <td>Resolu\u00e7\u00e3o<\/td><td>006\/2023<\/td><td>12\/06\/2023<\/td><td>CMDCA<\/td><td>DISP\u00d5E SOBRE A CAPACITA\u00c7\u00c3O; ELABORA\u00c7\u00c3O, APLICA\u00c7\u00c3O, E CORRE\u00c7\u00c3O DA PROVA PARA OS CANDIDATOS A CONSELHEIROS TUTELARES DE ABEL FIGUEIREDO-PA, GEST\u00c3O 2024-2027<\/td><td>https:\/\/drive.google.com\/open?id=1AA9JLAd9UjK2dwIuJHp_EsgWqkXMoxWO&amp;usp=drive_copy<\/td>        <\/tr>\n            <tr data-row_id=\"255\" class=\"ninja_table_row_255 nt_row_id_255\">\n            <td>Resolu\u00e7\u00e3o<\/td><td>005\/2023<\/td><td>06\/06\/2023<\/td><td>CMDCA<\/td><td>DISP\u00d5E SOBRE A NOMINATA DOS CANDIDATOS QUE REQUERERAM INSCRI\u00c7\u00c3O PARA CANDIDATURA A CONSELHEIROS TUTELARES DE ABEL FIGUEIREDO-PA PARA A GEST\u00c3O 2024-2027<\/td><td>https:\/\/drive.google.com\/file\/d\/1SpuOavIoVi_MEuKwQJQlDEZQzFtrhyR1\/view<\/td>        <\/tr>\n            <tr data-row_id=\"256\" class=\"ninja_table_row_256 nt_row_id_256\">\n            <td>Resolu\u00e7\u00e3o<\/td><td>2022<\/td><td>31\/12\/2022<\/td><td>Gabinete do prefeito<\/td><td>SEM RESOLU\u00c7\u00d5ES NO EXERC\u00cdCIO DE 2022<\/td><td><\/td>        <\/tr>\n            <tr data-row_id=\"257\" class=\"ninja_table_row_257 nt_row_id_257\">\n            <td>Portaria<\/td><td>440\/2023<\/td><td>21\/12\/2023<\/td><td>Gabinete do prefeito<\/td><td>DISP\u00d5E SOBRE CONCESS\u00c3O DE LICEN\u00c7A PR\u00caMIO E D\u00c1 OUTRAS PROVID\u00caNCIAS<\/td><td>https:\/\/drive.google.com\/file\/d\/1ZsXjaByPt6gT2DAjApupR2vSdxLy2g3h\/view?usp=sharing<\/td>        <\/tr>\n            <tr data-row_id=\"258\" class=\"ninja_table_row_258 nt_row_id_258\">\n            <td>Portaria<\/td><td>439\/2023<\/td><td>21\/12\/2023<\/td><td>Gabinete do prefeito<\/td><td>DISP\u00d5E SOBRE CONCESS\u00c3O DE LICEN\u00c7A PR\u00caMIO E D\u00c1 OUTRAS PROVID\u00caNCIAS<\/td><td>https:\/\/drive.google.com\/file\/d\/17rxUxrKJx4Uku88SF4Dd2BqkGRBZ17Es\/view?usp=sharing<\/td>        <\/tr>\n            <tr data-row_id=\"259\" class=\"ninja_table_row_259 nt_row_id_259\">\n            <td>Portaria<\/td><td>438\/2023<\/td><td>21\/12\/2023<\/td><td>Gabinete do prefeito<\/td><td>DISPOE SOBRE CONCESS\u00c3O DE F\u00c9RIAS E D\u00c1 OUTRAS PROVID\u00caNCIAS<\/td><td>https:\/\/drive.google.com\/file\/d\/18myVag01e7Wl8yhK92nGdDsVS0WxlAfm\/view?usp=sharing<\/td>        <\/tr>\n            <tr data-row_id=\"260\" class=\"ninja_table_row_260 nt_row_id_260\">\n            <td>Portaria<\/td><td>437\/2023<\/td><td>13\/12\/2023<\/td><td>Gabinete do prefeito<\/td><td>DISPOE SOBRE CONCESS\u00c3O DE F\u00c9RIAS E D\u00c1 OUTRAS PROVID\u00caNCIAS<\/td><td>https:\/\/drive.google.com\/file\/d\/1cyXfPIYyF0P4TQ5MLy58cXqakfVqrmzb\/view?usp=sharing<\/td>        <\/tr>\n            <tr data-row_id=\"261\" class=\"ninja_table_row_261 nt_row_id_261\">\n            <td>Portaria<\/td><td>434\/2023<\/td><td>07\/12\/2023<\/td><td>Gabinete do prefeito<\/td><td>DISP\u00d5E SOBRE CONCESS\u00c3O DE LICEN\u00c7A PARA TRATAR DE INTERESSES PARTICULARES E D\u00c1 OUTRAS PROVID\u00caNCIAS<\/td><td>https:\/\/drive.google.com\/open?id=16iv_hff0WpAvZwxzmXymkQsKxqofub0h&amp;usp=drive_copy<\/td>        <\/tr>\n            <tr data-row_id=\"262\" class=\"ninja_table_row_262 nt_row_id_262\">\n            <td>Portaria<\/td><td>433\/2023<\/td><td>06\/12\/2023<\/td><td>Gabinete do prefeito<\/td><td>DISPOE SOBRE CONCESS\u00c3O DE F\u00c9RIAS E D\u00c1 OUTRAS PROVID\u00caNCIAS<\/td><td>https:\/\/drive.google.com\/file\/d\/1KqtqP7MYmu5UxyoTMPAatLD_y2ew8YDF\/view?usp=sharing<\/td>        <\/tr>\n            <tr data-row_id=\"263\" class=\"ninja_table_row_263 nt_row_id_263\">\n            <td>Portaria<\/td><td>002\/2023<\/td><td>01\/12\/2023<\/td><td>Gabinete do prefeito<\/td><td>DETERMINA REGRAS PARA HOR\u00c1RIO DE FUNCIONAMENTO DA SECRETARIA MUNICIPAL DE EDUCA\u00c7\u00c3O- SEMED DE ABEL FIGUEIREDO - PAR\u00c1.<\/td><td>https:\/\/drive.google.com\/open?id=10_3DaPBJp0x_89rHqPFlv4aBXYa0NVWh&amp;usp=drive_copy<\/td>        <\/tr>\n            <tr data-row_id=\"264\" class=\"ninja_table_row_264 nt_row_id_264\">\n            <td>Portaria<\/td><td>423\/2023<\/td><td>29\/11\/2023<\/td><td>Gabinete do prefeito<\/td><td>DISP\u00d5E SOBRE CONCESS\u00c3O DE LICEN\u00c7A MATERNIDADE D\u00c1 OUTRAS PROVIDENCIAS<\/td><td>https:\/\/drive.google.com\/file\/d\/1kTDfAegsqoNHeRpXYs3PaKNhvDul_VQQ\/view?usp=sharing<\/td>        <\/tr>\n            <tr data-row_id=\"265\" class=\"ninja_table_row_265 nt_row_id_265\">\n            <td>Portaria<\/td><td>422\/2023<\/td><td>29\/11\/2023<\/td><td>Gabinete do prefeito<\/td><td>DISP\u00d5E SOBRE CONCESS\u00c3O DE LICEN\u00c7A MATERNIDADE D\u00c1 OUTRAS PROVIDENCIAS<\/td><td>https:\/\/drive.google.com\/file\/d\/1LI2EWDnATLQ94AlAK41hcHejH9fe5Kws\/view?usp=sharing<\/td>        <\/tr>\n            <tr data-row_id=\"266\" class=\"ninja_table_row_266 nt_row_id_266\">\n            <td>Portaria<\/td><td>421\/2023<\/td><td>29\/11\/2023<\/td><td>Gabinete do prefeito<\/td><td>DISPOE SOBRE CONCESS\u00c3O DE F\u00c9RIAS E D\u00c1 OUTRAS PROVID\u00caNCIAS<\/td><td>https:\/\/drive.google.com\/file\/d\/1ULHNzaXRl7PySgSLS5AzwIDeMi3Cewag\/view?usp=sharing<\/td>        <\/tr>\n            <tr data-row_id=\"267\" class=\"ninja_table_row_267 nt_row_id_267\">\n            <td>Portaria<\/td><td>420\/2023<\/td><td>29\/11\/2023<\/td><td>Gabinete do prefeito<\/td><td>DISPOE SOBRE CONCESS\u00c3O DE F\u00c9RIAS E D\u00c1 OUTRAS PROVID\u00caNCIAS<\/td><td>https:\/\/drive.google.com\/file\/d\/1VcOGzaeJ6CD9vzJDUVAEasoe7e6I5BWP\/view?usp=sharing<\/td>        <\/tr>\n            <tr data-row_id=\"268\" class=\"ninja_table_row_268 nt_row_id_268\">\n            <td>Portaria<\/td><td>396\/2023<\/td><td>17\/11\/2023<\/td><td>Gabinete do prefeito<\/td><td>NOMEIA COMISS\u00c3O ESPECIAL PARA PROCEDER A INDICA\u00c7\u00c3O DE BENS M\u00d3VEIS INSERV\u00cdVEIS, DE PROPRIEDADE DO MUNIC\u00cdPIO OBJETIVANDO POSTERIOR ALIENA\u00c7\u00c3O ATRAV\u00c9S DE LICITA\u00c7\u00c3O NA MODALIDADE DE LEIL\u00c3O P\u00daBLICO, E D\u00c1 OUTRAS PROVID\u00caNCIAS<\/td><td>https:\/\/drive.google.com\/file\/d\/1ZbCt6enR5SFMPFbSUuxTFdPQ2_Gu3sWU\/view?usp=sharing<\/td>        <\/tr>\n            <tr data-row_id=\"269\" class=\"ninja_table_row_269 nt_row_id_269\">\n            <td>Portaria<\/td><td>391\/2023<\/td><td>13\/11\/2023<\/td><td>Gabinete do prefeito<\/td><td>DISP\u00d5E SOBRE CONCESS\u00c3O DE LICEN\u00c7A PREMIO E D\u00c1 OUTRAS PROVID\u00caNCIAS<\/td><td>https:\/\/drive.google.com\/open?id=1xZE9L06CtC6GU41Mrv-E1pK-9i_ixyN8&amp;usp=drive_copy<\/td>        <\/tr>\n            <tr data-row_id=\"270\" class=\"ninja_table_row_270 nt_row_id_270\">\n            <td>Portaria<\/td><td>390\/2023<\/td><td>13\/11\/2023<\/td><td>Gabinete do prefeito<\/td><td>DISPOE SOBRE CONCESS\u00c3O DE F\u00c9RIAS E D\u00c1 OUTRAS PROVID\u00caNCIAS<\/td><td>https:\/\/drive.google.com\/open?id=1ZERX3QQ96Utzlo0YJln3pSxirf3BaM_e&amp;usp=drive_copy<\/td>        <\/tr>\n            <tr data-row_id=\"271\" class=\"ninja_table_row_271 nt_row_id_271\">\n            <td>Portaria<\/td><td>389\/2023<\/td><td>13\/11\/2023<\/td><td>Gabinete do prefeito<\/td><td>DISPOE SOBRE CONCESS\u00c3O DE F\u00c9RIAS E D\u00c1 OUTRAS PROVID\u00caNCIAS<\/td><td>https:\/\/drive.google.com\/open?id=147i_UpmRCy5XgOx16Nnuqc0hCBUd2Aq9&amp;usp=drive_copy<\/td>        <\/tr>\n            <tr data-row_id=\"272\" class=\"ninja_table_row_272 nt_row_id_272\">\n            <td>Portaria<\/td><td>378\/2023<\/td><td>01\/11\/2023<\/td><td>Gabinete do prefeito<\/td><td>DISP\u00d5E SOBRE CONCESS\u00c3O DE LICEN\u00c7A PR\u00caMIO E D\u00c1 OUTRAS PROVID\u00caNCIAS<\/td><td>https:\/\/drive.google.com\/open?id=19vLX0XDkFDc4t5Op_wnzO43srfWexBM3&amp;usp=drive_copy<\/td>        <\/tr>\n            <tr data-row_id=\"273\" class=\"ninja_table_row_273 nt_row_id_273\">\n            <td>Portaria<\/td><td>374\/2023<\/td><td>01\/11\/2023<\/td><td>Gabinete do prefeito<\/td><td>DISP\u00d5E SOBRE CONCESS\u00c3O DE LICEN\u00c7A PR\u00caMIO E D\u00c1 OUTRAS PROVID\u00caNCIAS<\/td><td>https:\/\/drive.google.com\/open?id=10d7Mu9btoLO_VWhh68bBMMyKWZ4fcLVV&amp;usp=drive_copy<\/td>        <\/tr>\n            <tr data-row_id=\"274\" class=\"ninja_table_row_274 nt_row_id_274\">\n            <td>Portaria<\/td><td>373\/2023<\/td><td>01\/11\/2023<\/td><td>Gabinete do prefeito<\/td><td>DISP\u00d5E SOBRE CONCESS\u00c3O DE LICEN\u00c7A PR\u00caMIO E D\u00c1 OUTRAS PROVID\u00caNCIAS<\/td><td>https:\/\/drive.google.com\/open?id=1VwCRR8pssVKxA3TmCHVLnEVNlPH4f9WO&amp;usp=drive_copy<\/td>        <\/tr>\n            <tr data-row_id=\"275\" class=\"ninja_table_row_275 nt_row_id_275\">\n            <td>Portaria<\/td><td>372\/2023<\/td><td>01\/11\/2023<\/td><td>Gabinete do prefeito<\/td><td>DISP\u00d5E SOBRE CONCESS\u00c3O DE LICEN\u00c7A PR\u00caMIO E D\u00c1 OUTRAS PROVID\u00caNCIAS<\/td><td>https:\/\/drive.google.com\/open?id=1dkJ7v0jfeh0jufvPV5k4Ves0c-F6IiMZ&amp;usp=drive_copy<\/td>        <\/tr>\n            <tr data-row_id=\"276\" class=\"ninja_table_row_276 nt_row_id_276\">\n            <td>Portaria<\/td><td>371\/2023<\/td><td>01\/11\/2023<\/td><td>Gabinete do prefeito<\/td><td>DISP\u00d5E SOBRE CONCESS\u00c3O DE LICEN\u00c7A PR\u00caMIO E D\u00c1 OUTRAS PROVID\u00caNCIAS<\/td><td>https:\/\/drive.google.com\/open?id=1JAHfIAVpMJs0XX3-Vfd92TxpHk4hslw5&amp;usp=drive_copy<\/td>        <\/tr>\n            <tr data-row_id=\"277\" class=\"ninja_table_row_277 nt_row_id_277\">\n            <td>Portaria<\/td><td>370\/2023<\/td><td>30\/10\/2023<\/td><td>Gabinete do prefeito<\/td><td>MATERNIDADE CONCESS\u00c3O DE LOUIS MATERNIDADE OUTRAS PROVIDENCIAS<\/td><td>https:\/\/drive.google.com\/open?id=1byRE4cgHXCiZO1W5fBTXg8-9GZYTs9Vc&amp;usp=drive_copy<\/td>        <\/tr>\n            <tr data-row_id=\"278\" class=\"ninja_table_row_278 nt_row_id_278\">\n            <td>Portaria<\/td><td>366\/2023<\/td><td>24\/10\/2023<\/td><td>Gabinete do prefeito<\/td><td>DISPOE SOBRE CONCESS\u00c3O DE F\u00c9RIAS E D\u00c1 OUTRAS PROVIDENCIAS<\/td><td>https:\/\/drive.google.com\/open?id=1Y3LTWNN2KiGW691PMS5xfthqCkI4LECB&amp;usp=drive_copy<\/td>        <\/tr>\n            <tr data-row_id=\"279\" class=\"ninja_table_row_279 nt_row_id_279\">\n            <td>Portaria<\/td><td>365\/2023<\/td><td>24\/10\/2023<\/td><td>Gabinete do prefeito<\/td><td>DISPOE SOBRE CONCESS\u00c3O DE F\u00c9RIAS E D\u00c1 OUTRAS PROVIDENCIAS<\/td><td>https:\/\/drive.google.com\/open?id=1ivkN_JKvATpSkxWaMPGa_qb3Wwb0d-XP&amp;usp=drive_copy<\/td>        <\/tr>\n            <tr data-row_id=\"280\" class=\"ninja_table_row_280 nt_row_id_280\">\n            <td>Portaria<\/td><td>364\/2023<\/td><td>24\/10\/2023<\/td><td>Gabinete do prefeito<\/td><td>DISPOE SOBRE CONCESS\u00c3O DE F\u00c9RIAS E D\u00c1 OUTRAS PROVIDENCIAS<\/td><td>https:\/\/drive.google.com\/open?id=1KPpGVzaSXKFXP8tLlb-1G02oAb9EaGqa&amp;usp=drive_copy<\/td>        <\/tr>\n            <tr data-row_id=\"281\" class=\"ninja_table_row_281 nt_row_id_281\">\n            <td>Portaria<\/td><td>362\/2023<\/td><td>20\/10\/2023<\/td><td>Gabinete do prefeito<\/td><td>DISPOE SOBRE CONCESS\u00c3O DE F\u00c9RIAS E D\u00c1 OUTRAS PROVIDENCIAS<\/td><td>https:\/\/drive.google.com\/open?id=1Tl29uxaRC5uLn1e1m1Cqr5B8t-idnMkQ&amp;usp=drive_copy<\/td>        <\/tr>\n            <tr data-row_id=\"282\" class=\"ninja_table_row_282 nt_row_id_282\">\n            <td>Portaria<\/td><td>361\/2023<\/td><td>21\/10\/2023<\/td><td>Gabinete do prefeito<\/td><td>DISPOE SOBRE CONCESS\u00c3O DE F\u00c9RIAS E D\u00c1 OUTRAS PROVIDENCIAS<\/td><td>https:\/\/drive.google.com\/open?id=1-NCo1IqySvkQMdCYdt9Bwq1iVwD-KC9G&amp;usp=drive_copy<\/td>        <\/tr>\n            <tr data-row_id=\"283\" class=\"ninja_table_row_283 nt_row_id_283\">\n            <td>Portaria<\/td><td>354\/2023<\/td><td>11\/10\/2023<\/td><td>Gabinete do prefeito<\/td><td>DISP\u00d5E SOBRE NOMEA\u00c7\u00c3O DA COMISS\u00c3O ORGANIZADORA DA 1\u00aa CONFER\u00caNCIA MUNICIPAL DE CULTURA E D\u00c1 OUTRAS PROVID\u00caNCIAS<\/td><td>https:\/\/drive.google.com\/open?id=185azbsXEEcCm87a3wDa02YaMXBjvWlo1&amp;usp=drive_copy<\/td>        <\/tr>\n            <tr data-row_id=\"284\" class=\"ninja_table_row_284 nt_row_id_284\">\n            <td>Portaria<\/td><td>353\/2023<\/td><td>11\/10\/2023<\/td><td>Gabinete do prefeito<\/td><td>DISPOE SOBRE CONCESS\u00c3O DE F\u00c9RIAS E D\u00c1 OUTRAS PROVID\u00caNCIAS<\/td><td>https:\/\/drive.google.com\/open?id=1eOPlbaA53hviO7_mSC2W3jqsbh10HJpL&amp;usp=drive_copy<\/td>        <\/tr>\n            <tr data-row_id=\"285\" class=\"ninja_table_row_285 nt_row_id_285\">\n            <td>Portaria<\/td><td>352\/2023<\/td><td>09\/10\/2023<\/td><td>Gabinete do prefeito<\/td><td>DISP\u00d5E SOBRE CONCESS\u00c3O DE LICEN\u00c7A PR\u00caMIO E D\u00c1 OUTRAS PROVID\u00caNCIAS<\/td><td>https:\/\/drive.google.com\/open?id=1vvw0KOBNP6mba6VziDWChnrKzsxk8Wer&amp;usp=drive_copy<\/td>        <\/tr>\n            <tr data-row_id=\"286\" class=\"ninja_table_row_286 nt_row_id_286\">\n            <td>Portaria<\/td><td>347\/2023<\/td><td>04\/10\/2023<\/td><td>Gabinete do prefeito<\/td><td>Disp\u00f5e sobre concess\u00e3o de licen\u00e7a para tratamento de sa\u00fade e d\u00e1 outras provid\u00eancias.<\/td><td>https:\/\/drive.google.com\/open?id=1nurRYplUHsJuno2WymQebmlYhB9BJ9fP&amp;usp=drive_copy<\/td>        <\/tr>\n            <tr data-row_id=\"287\" class=\"ninja_table_row_287 nt_row_id_287\">\n            <td>Portaria<\/td><td>342\/2023<\/td><td>28\/09\/2023<\/td><td>Gabinete do prefeito<\/td><td>Disp\u00f5e sobre concess\u00e3o de licen\u00e7a para tratamento de sa\u00fade e d\u00e1 outras provid\u00eancias.<\/td><td>https:\/\/drive.google.com\/open?id=1dtMg2eB0hYb607FetPZI6zHf0DaiPdcb&amp;usp=drive_copy<\/td>        <\/tr>\n            <tr data-row_id=\"288\" class=\"ninja_table_row_288 nt_row_id_288\">\n            <td>Portaria<\/td><td>339\/2023<\/td><td>25\/09\/2023<\/td><td>Gabinete do prefeito<\/td><td>Disp\u00f5e sobre concess\u00e3o de licen\u00e7a para tratamento de sa\u00fade e d\u00e1 outras provid\u00eancias.<\/td><td>https:\/\/drive.google.com\/open?id=1S7Q3ixGZ5wBRcMINBj5Rc_GoK7WtJSPf&amp;usp=drive_copy<\/td>        <\/tr>\n            <tr data-row_id=\"289\" class=\"ninja_table_row_289 nt_row_id_289\">\n            <td>Portaria<\/td><td>338\/2023<\/td><td>25\/09\/2023<\/td><td>Gabinete do prefeito<\/td><td>Disp\u00f5e sobre concess\u00e3o de licen\u00e7a para tratamento de sa\u00fade e d\u00e1 outras provid\u00eancias.<\/td><td>https:\/\/drive.google.com\/open?id=1C5Ek6xnZGo5lWdej3qpH0Uv70A6zvVt2&amp;usp=drive_copy<\/td>        <\/tr>\n            <tr data-row_id=\"290\" class=\"ninja_table_row_290 nt_row_id_290\">\n            <td>Portaria<\/td><td>337\/2023<\/td><td>25\/09\/2023<\/td><td>Gabinete do prefeito<\/td><td>Disp\u00f5e sobre concess\u00e3o de licen\u00e7a para tratamento de sa\u00fade e d\u00e1 outras provid\u00eancias.<\/td><td>https:\/\/drive.google.com\/open?id=1WLM4Ue7ZEG1DMdQv9BmQC5MY2z5c80j6&amp;usp=drive_copy<\/td>        <\/tr>\n            <tr data-row_id=\"291\" class=\"ninja_table_row_291 nt_row_id_291\">\n            <td>Portaria<\/td><td>331\/2023<\/td><td>20\/09\/2023<\/td><td>Gabinete do prefeito<\/td><td>Disp\u00f5e sobre a nomea\u00e7\u00e3o dos membros do Comit\u00ea Gestor da Lei Paulo Gustavo no \u00e2mbito da Lei Complementar N\u00ba 195, de 8 de Julho de 2022<\/td><td>https:\/\/drive.google.com\/open?id=1Q1zPqug4DruD_Tgb6mtjgRXupXO1TmY5&amp;usp=drive_copy<\/td>        <\/tr>\n            <tr data-row_id=\"292\" class=\"ninja_table_row_292 nt_row_id_292\">\n            <td>Portaria<\/td><td>330\/2023<\/td><td>18\/09\/2023<\/td><td>Gabinete do prefeito<\/td><td>Disp\u00f5e sobre concess\u00e3o de licen\u00e7a para tratamento de sa\u00fade e d\u00e1 outras provid\u00eancias.<\/td><td>https:\/\/drive.google.com\/open?id=1EvvQ38-AqSop9SBEzu84QFS-AqLtRO_6&amp;usp=drive_copy<\/td>        <\/tr>\n            <tr data-row_id=\"293\" class=\"ninja_table_row_293 nt_row_id_293\">\n            <td>Portaria<\/td><td>329\/2023<\/td><td>18\/09\/2023<\/td><td>Gabinete do prefeito<\/td><td>Disp\u00f5e sobre concess\u00e3o de licen\u00e7a para tratamento de sa\u00fade e d\u00e1 outras provid\u00eancias.<\/td><td>https:\/\/drive.google.com\/open?id=1N5IhFWKDDwE5sB53iOqyzD3GwNjqgC5s&amp;usp=drive_copy<\/td>        <\/tr>\n            <tr data-row_id=\"294\" class=\"ninja_table_row_294 nt_row_id_294\">\n            <td>Portaria<\/td><td>328\/2023<\/td><td>18\/09\/2023<\/td><td>Gabinete do prefeito<\/td><td>Disp\u00f5e sobre concess\u00e3o de licen\u00e7a para tratamento de sa\u00fade e d\u00e1 outras provid\u00eancias.<\/td><td>https:\/\/drive.google.com\/open?id=1D2x9hsBmxnCxRXWQ8LAPNaDNBvkgF2UB&amp;usp=drive_copy<\/td>        <\/tr>\n            <tr data-row_id=\"295\" class=\"ninja_table_row_295 nt_row_id_295\">\n            <td>Portaria<\/td><td>323\/2023<\/td><td>13\/09\/2023<\/td><td>Gabinete do prefeito<\/td><td>Disp\u00f5e sobre concess\u00e3o de licen\u00e7a para tratamento de sa\u00fade e d\u00e1 outras provid\u00eancias.<\/td><td>https:\/\/drive.google.com\/open?id=1fIN6pBXW63cBcBWWKWtg8nbsjuETtOSc&amp;usp=drive_copy<\/td>        <\/tr>\n            <tr data-row_id=\"296\" class=\"ninja_table_row_296 nt_row_id_296\">\n            <td>Portaria<\/td><td>317\/2023<\/td><td>06\/09\/2023<\/td><td>Gabinete do prefeito<\/td><td>DISPOE SOBRE PRORROGA\u00c7\u00c3O DE LICEN\u00c7A PARA TRATAR DE INTERESSES PARTICULARES E D\u00c1 OUTRAS PROVIDENCIAS<\/td><td>https:\/\/drive.google.com\/file\/d\/1qPkqOnrGw2bC0I7vNqeHiZ0NenYWfLPv\/view?usp=drive_link<\/td>        <\/tr>\n            <tr data-row_id=\"297\" class=\"ninja_table_row_297 nt_row_id_297\">\n            <td>Portaria<\/td><td>316\/2023<\/td><td>06\/09\/2023<\/td><td>Gabinete do prefeito<\/td><td>DISP\u00d5E SOBRE CONCESS\u00c3O DE LICEN\u00c7A PR\u00caMIO E D\u00c1 OUTRAS PROVIDENCIAS<\/td><td>https:\/\/drive.google.com\/file\/d\/1UbtzdTOo7R2HY1V_-rbZ9Dwrz7-1E4hd\/view?usp=drive_link<\/td>        <\/tr>\n            <tr data-row_id=\"298\" class=\"ninja_table_row_298 nt_row_id_298\">\n            <td>Portaria<\/td><td>315\/2023<\/td><td>06\/09\/2023<\/td><td>Gabinete do prefeito<\/td><td>DISP\u00d5E SOBRE CONCESS\u00c3O DE LICEN\u00c7A PR\u00caMIO E D\u00c1 OUTRAS PROVIDENCIAS<\/td><td>https:\/\/drive.google.com\/file\/d\/1horKBhE2tJ05gvtld4kRMix-szAkGJk7\/view?usp=drive_link<\/td>        <\/tr>\n            <tr data-row_id=\"299\" class=\"ninja_table_row_299 nt_row_id_299\">\n            <td>Portaria<\/td><td>312\/2023<\/td><td>04\/09\/2023<\/td><td>Gabinete do prefeito<\/td><td>DISPOE SOBRE CONCESS\u00c3O DE F\u00c9RIAS E D\u00c1 OUTRAS PROVIDENCIAS<\/td><td>https:\/\/drive.google.com\/file\/d\/1mcVQCg0AcJx89oJ7Z5SFg8_wV2U0XhSS\/view?usp=drive_link<\/td>        <\/tr>\n            <tr data-row_id=\"300\" class=\"ninja_table_row_300 nt_row_id_300\">\n            <td>Portaria<\/td><td>309\/2023<\/td><td>04\/09\/2023<\/td><td>Gabinete do prefeito<\/td><td>DISPOE SOBRE CONCESS\u00c3O DE F\u00c9RIAS E D\u00c1 OUTRAS PROVIDENCIAS<\/td><td>https:\/\/drive.google.com\/file\/d\/1RtMmAwHsj6IWJhhoXs4xVEKTUTTcP-51\/view?usp=drive_link<\/td>        <\/tr>\n            <tr data-row_id=\"301\" class=\"ninja_table_row_301 nt_row_id_301\">\n            <td>Portaria<\/td><td>308\/2023<\/td><td>04\/09\/2023<\/td><td>Gabinete do prefeito<\/td><td>DISPOE SOBRE CONCESS\u00c3O DE F\u00c9RIAS E D\u00c1 OUTRAS PROVIDENCIAS<\/td><td>https:\/\/drive.google.com\/file\/d\/1NyHMaID63PSRfKs9MHzprPWBM4qY4Pqh\/view?usp=drive_link<\/td>        <\/tr>\n            <tr data-row_id=\"302\" class=\"ninja_table_row_302 nt_row_id_302\">\n            <td>Portaria<\/td><td>307\/2023<\/td><td>04\/09\/2023<\/td><td>Gabinete do prefeito<\/td><td>DISPOE SOBRE CONCESS\u00c3O DE F\u00c9RIAS E D\u00c1 OUTRAS PROVIDENCIAS<\/td><td>https:\/\/drive.google.com\/file\/d\/1S0zIRolTxDT1LjvRpPF06Up65URURC3p\/view?usp=drive_link<\/td>        <\/tr>\n            <tr data-row_id=\"303\" class=\"ninja_table_row_303 nt_row_id_303\">\n            <td>Portaria<\/td><td>306\/2023<\/td><td>01\/09\/2023<\/td><td>Gabinete do prefeito<\/td><td>Nomear o Sr. ISAIAS GONCALVES ALMEIDA, como Agente Municipal de Desenvolvimento do Munic\u00edpio de Abel Figueiredo.<\/td><td>https:\/\/drive.google.com\/open?id=1TYgWK70lfvqgtlCoQ3XlJDAkQ-N5Uy5V&amp;usp=drive_copy<\/td>        <\/tr>\n            <tr data-row_id=\"304\" class=\"ninja_table_row_304 nt_row_id_304\">\n            <td>Portaria<\/td><td>298\/2023<\/td><td>25\/08\/2023<\/td><td>Gabinete do prefeito<\/td><td>DISPOE SOBRE CONCESS\u00c3O DE F\u00c9RIAS E D\u00c1 OUTRAS PROVIDENCIAS<\/td><td>https:\/\/drive.google.com\/file\/d\/1wlApUq33lsRlOIoCOb637X7f7m0FLrAr\/view?usp=drive_link<\/td>        <\/tr>\n            <tr data-row_id=\"305\" class=\"ninja_table_row_305 nt_row_id_305\">\n            <td>Portaria<\/td><td>297\/2023<\/td><td>25\/08\/2023<\/td><td>Gabinete do prefeito<\/td><td>DISPOE SOBRE CONCESS\u00c3O DE F\u00c9RIAS E D\u00c1 OUTRAS PROVIDENCIAS<\/td><td>https:\/\/drive.google.com\/file\/d\/1oSEU8pVmIgIf6vCwvMjj4FNftohANPbt\/view?usp=drive_link<\/td>        <\/tr>\n            <tr data-row_id=\"306\" class=\"ninja_table_row_306 nt_row_id_306\">\n            <td>Portaria<\/td><td>296\/2023<\/td><td>25\/08\/2023<\/td><td>Gabinete do prefeito<\/td><td>DISPOE SOBRE CONCESS\u00c3O DE F\u00c9RIAS E D\u00c1 OUTRAS PROVIDENCIAS<\/td><td>https:\/\/drive.google.com\/file\/d\/1EDo53ZHP_WDJGcxDOSRff3MfhUHRkrIG\/view?usp=drive_link<\/td>        <\/tr>\n            <tr data-row_id=\"307\" class=\"ninja_table_row_307 nt_row_id_307\">\n            <td>Portaria<\/td><td>295\/2023<\/td><td>25\/08\/2023<\/td><td>Gabinete do prefeito<\/td><td>DISPOE SOBRE CONCESS\u00c3O DE F\u00c9RIAS E D\u00c1 OUTRAS PROVIDENCIAS<\/td><td>https:\/\/drive.google.com\/file\/d\/1mr9dfXsdunGZsm3Hf_a5q3nYiNky9X22\/view?usp=drive_link<\/td>        <\/tr>\n            <tr data-row_id=\"308\" class=\"ninja_table_row_308 nt_row_id_308\">\n            <td>Portaria<\/td><td>287\/2023<\/td><td>22\/08\/2023<\/td><td>Gabinete do prefeito<\/td><td>DISPOE SOBRE CONCESS\u00c3O DE F\u00c9RIAS E D\u00c1 OUTRAS PROVIDENCIAS<\/td><td>https:\/\/drive.google.com\/file\/d\/14iLhkRRBx_r3CRRUE1yS2IPQZWOcIwGR\/view?usp=drive_link<\/td>        <\/tr>\n            <tr data-row_id=\"309\" class=\"ninja_table_row_309 nt_row_id_309\">\n            <td>Portaria<\/td><td>286\/2023<\/td><td>22\/08\/2023<\/td><td>Gabinete do prefeito<\/td><td>DISPOE SOBRE CONCESS\u00c3O DE F\u00c9RIAS E D\u00c1 OUTRAS PROVIDENCIAS<\/td><td>https:\/\/drive.google.com\/file\/d\/13fJg1-FQQXnJ5vj8BIs25JlGtVcDRAZR\/view?usp=drive_link<\/td>        <\/tr>\n            <tr data-row_id=\"310\" class=\"ninja_table_row_310 nt_row_id_310\">\n            <td>Portaria<\/td><td>285\/2023<\/td><td>22\/08\/2023<\/td><td>Gabinete do prefeito<\/td><td>DISPOE SOBRE CONCESS\u00c3O DE F\u00c9RIAS E D\u00c1 OUTRAS PROVIDENCIAS<\/td><td>https:\/\/drive.google.com\/file\/d\/1oiVKv4KBlKnSerDOG0tuDdj-2ivOvzDY\/view?usp=drive_link<\/td>        <\/tr>\n            <tr data-row_id=\"311\" class=\"ninja_table_row_311 nt_row_id_311\">\n            <td>Portaria<\/td><td>284\/2023<\/td><td>22\/08\/2023<\/td><td>Gabinete do prefeito<\/td><td>DISPOE SOBRE CONCESS\u00c3O DE F\u00c9RIAS E D\u00c1 OUTRAS PROVIDENCIAS<\/td><td>https:\/\/drive.google.com\/file\/d\/1EryTFDnzNLQFpFrlfY3j8L0ehRKCGPDh\/view?usp=drive_link<\/td>        <\/tr>\n            <tr data-row_id=\"312\" class=\"ninja_table_row_312 nt_row_id_312\">\n            <td>Portaria<\/td><td>283\/2023<\/td><td>22\/08\/2023<\/td><td>Gabinete do prefeito<\/td><td>DISPOE SOBRE CONCESS\u00c3O DE F\u00c9RIAS E D\u00c1 OUTRAS PROVIDENCIAS<\/td><td>https:\/\/drive.google.com\/file\/d\/1bMbOLDvI3WGF2o2r41rPAqdRoqwJk65B\/view?usp=drive_link<\/td>        <\/tr>\n            <tr data-row_id=\"313\" class=\"ninja_table_row_313 nt_row_id_313\">\n            <td>Portaria<\/td><td>282\/2023<\/td><td>22\/08\/2023<\/td><td>Gabinete do prefeito<\/td><td>DISP\u00d5E SOBRE CONCESS\u00c3O DE LICEN\u00c7A MATERNIDADE D\u00c1 OUTRAS PROVIDENCIAS<\/td><td>https:\/\/drive.google.com\/file\/d\/1Kj8V1my8xGug8gg1zZvvYISUunbgd980\/view?usp=drive_link<\/td>        <\/tr>\n            <tr data-row_id=\"314\" class=\"ninja_table_row_314 nt_row_id_314\">\n            <td>Portaria<\/td><td>280\/2023<\/td><td>22\/08\/2023<\/td><td>Gabinete do prefeito<\/td><td>DISP\u00d5E SOBRE CONCESS\u00c3O DE LICEN\u00c7A PR\u00caMIO E D\u00c1 OUTRAS PROVIDENCIAS<\/td><td>https:\/\/drive.google.com\/file\/d\/1z1lSqXMJt6BS2678Dzt6hMHEL9bch-YN\/view?usp=drive_link<\/td>        <\/tr>\n            <tr data-row_id=\"315\" class=\"ninja_table_row_315 nt_row_id_315\">\n            <td>Portaria<\/td><td>279\/2023<\/td><td>21\/08\/2023<\/td><td>Gabinete do prefeito<\/td><td>DISP\u00d5E SOBRE EXONERA\u00c7\u00c3O SERVIDOR DE CARGO EM COMISS\u00c3O DE DIRE\u00c7\u00c3O E ASSESSORAMENTO E DE DA OUTRAS PROVIDENCIAS<\/td><td>https:\/\/drive.google.com\/file\/d\/15eSZ9P5Eft8Et6pdoRKCq8nVGliUtKdQ\/view?usp=drive_link<\/td>        <\/tr>\n            <tr data-row_id=\"316\" class=\"ninja_table_row_316 nt_row_id_316\">\n            <td>Portaria<\/td><td>278\/2023<\/td><td>21\/08\/2023<\/td><td>Gabinete do prefeito<\/td><td>DISP\u00d5E SOBRE TRANSFER\u00caNCIA DO CARGO DE PREFEITO MUNICIPAL E D\u00c1 OUTRAS PROVIDENCIAS<\/td><td>https:\/\/drive.google.com\/file\/d\/1ugWcPAP43ICN6_oFy2uv69670NDH3jNN\/view?usp=drive_link<\/td>        <\/tr>\n            <tr data-row_id=\"317\" class=\"ninja_table_row_317 nt_row_id_317\">\n            <td>Portaria<\/td><td>276\/2023<\/td><td>17\/08\/2023<\/td><td>Gabinete do prefeito<\/td><td>DISP\u00d5E SOBRE TRANSFER\u00caNCIA DO CARGO DE PREFEITO MUNICIPAL E D\u00c1 OUTRAS PROVIDENCIAS<\/td><td>https:\/\/drive.google.com\/file\/d\/1UnuzWZbFzIPvlgDZsG0aj_pj0rRwIxhd\/view?usp=drive_link<\/td>        <\/tr>\n            <tr data-row_id=\"318\" class=\"ninja_table_row_318 nt_row_id_318\">\n            <td>Portaria<\/td><td>273\/2023<\/td><td>04\/08\/2023<\/td><td>Gabinete do prefeito<\/td><td>DISPOE SOBRE CONCESS\u00c3O DE F\u00c9RIAS E D\u00c1 OUTRAS PROVIDENCIAS<\/td><td>https:\/\/drive.google.com\/file\/d\/1mVpUP3pJR-9Jl-XGhW62w-I1cqKGmIpj\/view?usp=drive_link<\/td>        <\/tr>\n            <tr data-row_id=\"319\" class=\"ninja_table_row_319 nt_row_id_319\">\n            <td>Portaria<\/td><td>272\/2023<\/td><td>04\/08\/2023<\/td><td>Gabinete do prefeito<\/td><td>DISP\u00d5E SOBRE TRANSFER\u00caNCIA DO CARGO DE PREFEITO MUNICIPAL E D\u00c1 OUTRAS PROVIDENCIAS<\/td><td>https:\/\/drive.google.com\/file\/d\/1kzV3M7yB2k9_MwjK3ClKuH9w0cn2wUx0\/view?usp=drive_link<\/td>        <\/tr>\n            <tr data-row_id=\"320\" class=\"ninja_table_row_320 nt_row_id_320\">\n            <td>Portaria<\/td><td>271\/2023<\/td><td>03\/08\/2023<\/td><td>Gabinete do prefeito<\/td><td>DISP\u00d5E SOBRE CONCESS\u00c3O DE LICEN\u00c7A PR\u00caMIO E D\u00c1 OUTRAS PROVIDENCIAS<\/td><td>https:\/\/drive.google.com\/file\/d\/10rBFfnM6ZIxaV_Cha6AG2Tc23eJQvZCk\/view?usp=drive_link<\/td>        <\/tr>\n            <tr data-row_id=\"321\" class=\"ninja_table_row_321 nt_row_id_321\">\n            <td>Portaria<\/td><td>269\/2023<\/td><td>03\/08\/2023<\/td><td>Gabinete do prefeito<\/td><td>DISP\u00d5E SOBRE TRANSFER\u00caNCIA DO CARGO DE PREFEITO MUNICIPAL E D\u00c1 OUTRAS PROVIDENCIAS<\/td><td>https:\/\/drive.google.com\/file\/d\/1U84hLKksEdJ1ICKlnB31EPa3aGVh5Dbj\/view?usp=drive_link<\/td>        <\/tr>\n            <tr data-row_id=\"322\" class=\"ninja_table_row_322 nt_row_id_322\">\n            <td>Portaria<\/td><td>263\/2023<\/td><td>31\/07\/2023<\/td><td>Gabinete do prefeito<\/td><td>DISPOE SOBRE CONCESS\u00c3O DE F\u00c9RIAS E D\u00c1 OUTRAS PROVIDENCIAS<\/td><td>https:\/\/drive.google.com\/file\/d\/1eFjQsl5XrXqDReCf3AxgjRe6e14YgycH\/view?usp=drive_link<\/td>        <\/tr>\n            <tr data-row_id=\"323\" class=\"ninja_table_row_323 nt_row_id_323\">\n            <td>Portaria<\/td><td>262\/2023<\/td><td>31\/07\/2023<\/td><td>Gabinete do prefeito<\/td><td>DISPOE SOBRE CONCESS\u00c3O DE F\u00c9RIAS E D\u00c1 OUTRAS PROVIDENCIAS<\/td><td>https:\/\/drive.google.com\/file\/d\/1B3kmWj6w5jpCFAXAAK2URAoM_8cauedO\/view?usp=drive_link<\/td>        <\/tr>\n            <tr data-row_id=\"324\" class=\"ninja_table_row_324 nt_row_id_324\">\n            <td>Portaria<\/td><td>261\/2023<\/td><td>31\/07\/2023<\/td><td>Gabinete do prefeito<\/td><td>DISPOE SOBRE CONCESS\u00c3O DE F\u00c9RIAS E D\u00c1 OUTRAS PROVIDENCIAS<\/td><td>https:\/\/drive.google.com\/file\/d\/14cu6wb-jzqgvbD44rSeI_vAS-vbay9gH\/view?usp=drive_link<\/td>        <\/tr>\n            <tr data-row_id=\"325\" class=\"ninja_table_row_325 nt_row_id_325\">\n            <td>Portaria<\/td><td>260\/2023<\/td><td>31\/07\/2023<\/td><td>Gabinete do prefeito<\/td><td>DISPOE SOBRE CONCESS\u00c3O DE F\u00c9RIAS E D\u00c1 OUTRAS PROVIDENCIAS<\/td><td>https:\/\/drive.google.com\/file\/d\/1dnxvqASCzcxSLsS_Ip6vFIq1GGD_CoE8\/view?usp=drive_link<\/td>        <\/tr>\n            <tr data-row_id=\"326\" class=\"ninja_table_row_326 nt_row_id_326\">\n            <td>Portaria<\/td><td>259\/2023<\/td><td>31\/07\/2023<\/td><td>Gabinete do prefeito<\/td><td>DISPOE SOBRE CONCESS\u00c3O DE F\u00c9RIAS E D\u00c1 OUTRAS PROVIDENCIAS<\/td><td>https:\/\/drive.google.com\/file\/d\/1ulhvEQPI70nXYQgIT7w7MI-nbnM3GHr1\/view?usp=drive_link<\/td>        <\/tr>\n            <tr data-row_id=\"327\" class=\"ninja_table_row_327 nt_row_id_327\">\n            <td>Portaria<\/td><td>258\/2023<\/td><td>31\/07\/2023<\/td><td>Gabinete do prefeito<\/td><td>DISPOE SOBRE CONCESS\u00c3O DE F\u00c9RIAS E D\u00c1 OUTRAS PROVIDENCIAS<\/td><td>https:\/\/drive.google.com\/open?id=1uDlR9KqN-1YNnR93X-zlo2Hi6Q6-M9GR&amp;usp=drive_copy<\/td>        <\/tr>\n            <tr data-row_id=\"328\" class=\"ninja_table_row_328 nt_row_id_328\">\n            <td>Portaria<\/td><td>257\/2023<\/td><td>31\/07\/2023<\/td><td>Gabinete do prefeito<\/td><td>DISPOE SOBRE CONCESS\u00c3O DE F\u00c9RIAS E D\u00c1 OUTRAS PROVIDENCIAS<\/td><td>https:\/\/drive.google.com\/file\/d\/1vd45tLp88GuU_bIZ4p8A7oQElw-mEFlC\/view?usp=drive_link<\/td>        <\/tr>\n            <tr data-row_id=\"329\" class=\"ninja_table_row_329 nt_row_id_329\">\n            <td>Portaria<\/td><td>256\/2023<\/td><td>27\/07\/2023<\/td><td>Gabinete do prefeito<\/td><td>DISPOE SOBRE CONCESS\u00c3O DE F\u00c9RIAS E D\u00c1 OUTRAS PROVIDENCIAS<\/td><td>https:\/\/drive.google.com\/file\/d\/11Lp85uzKMuPC-Yn77YAszTQ6bl8XC7Ed\/view?usp=drive_link<\/td>        <\/tr>\n            <tr data-row_id=\"330\" class=\"ninja_table_row_330 nt_row_id_330\">\n            <td>Portaria<\/td><td>255\/2023<\/td><td>27\/07\/2023<\/td><td>Gabinete do prefeito<\/td><td>DISPOE SOBRE CONCESS\u00c3O DE F\u00c9RIAS E D\u00c1 OUTRAS PROVIDENCIAS<\/td><td>https:\/\/drive.google.com\/file\/d\/1ur5FqSLcxRnG_xWUJPsTGa5ZJGUHy3v5\/view?usp=drive_link<\/td>        <\/tr>\n            <tr data-row_id=\"331\" class=\"ninja_table_row_331 nt_row_id_331\">\n            <td>Portaria<\/td><td>254\/2023<\/td><td>27\/07\/2023<\/td><td>Gabinete do prefeito<\/td><td>DISPOE SOBRE CONCESS\u00c3O DE F\u00c9RIAS E D\u00c1 OUTRAS PROVIDENCIAS<\/td><td>https:\/\/drive.google.com\/file\/d\/1d8rkYkVbA_x5VNWUa7xrvt3skfdhU1Jv\/view?usp=drive_link<\/td>        <\/tr>\n            <tr data-row_id=\"332\" class=\"ninja_table_row_332 nt_row_id_332\">\n            <td>Portaria<\/td><td>253\/2023<\/td><td>27\/07\/2023<\/td><td>Gabinete do prefeito<\/td><td>DISPOE SOBRE CONCESS\u00c3O DE F\u00c9RIAS E D\u00c1 OUTRAS PROVIDENCIAS<\/td><td>https:\/\/drive.google.com\/file\/d\/1t0aPr-JU_Ls_0Lbv6TvpSXyRwy8l3Lfz\/view?usp=drive_link<\/td>        <\/tr>\n            <tr data-row_id=\"333\" class=\"ninja_table_row_333 nt_row_id_333\">\n            <td>Portaria<\/td><td>250\/2023<\/td><td>26\/07\/2023<\/td><td>Gabinete do prefeito<\/td><td>DISPOE SOBRE CONCESS\u00c3O DE F\u00c9RIAS E D\u00c1 OUTRAS PROVIDENCIAS<\/td><td>https:\/\/drive.google.com\/file\/d\/17XG9BjDSl3ho5-CItAl40_JR5eVXnMAf\/view?usp=drive_link<\/td>        <\/tr>\n            <tr data-row_id=\"334\" class=\"ninja_table_row_334 nt_row_id_334\">\n            <td>Portaria<\/td><td>249\/2023<\/td><td>26\/07\/2023<\/td><td>Gabinete do prefeito<\/td><td>DISPOE SOBRE CONCESS\u00c3O DE F\u00c9RIAS E D\u00c1 OUTRAS PROVIDENCIAS<\/td><td>https:\/\/drive.google.com\/file\/d\/1PwxB7OyFYDN9oOos0c8K4vNo6E6ILToa\/view?usp=drive_link<\/td>        <\/tr>\n            <tr data-row_id=\"335\" class=\"ninja_table_row_335 nt_row_id_335\">\n            <td>Portaria<\/td><td>248\/2023<\/td><td>26\/07\/2023<\/td><td>Gabinete do prefeito<\/td><td>DISPOE SOBRE CONCESS\u00c3O DE F\u00c9RIAS E D\u00c1 OUTRAS PROVIDENCIAS<\/td><td>https:\/\/drive.google.com\/file\/d\/1uNAVzGQ3diicfUCSvNjdu7oaYy4MHVif\/view?usp=drive_link<\/td>        <\/tr>\n            <tr data-row_id=\"336\" class=\"ninja_table_row_336 nt_row_id_336\">\n            <td>Portaria<\/td><td>239\/2023<\/td><td>03\/07\/2023<\/td><td>Gabinete do prefeito<\/td><td>DISP\u00d5E SOBRE CONCESS\u00c3O DE LICEN\u00c7A PR\u00caMIO E D\u00c1 OUTRAS PROVIDENCIAS<\/td><td>https:\/\/drive.google.com\/file\/d\/1GVmelp8_dMchKkG_IwQ_GLZCyDdEwKJu\/view?usp=drive_link<\/td>        <\/tr>\n            <tr data-row_id=\"337\" class=\"ninja_table_row_337 nt_row_id_337\">\n            <td>Portaria<\/td><td>238\/2023<\/td><td>03\/07\/2023<\/td><td>Gabinete do prefeito<\/td><td>DISPOE SOBRE CONCESS\u00c3O DE F\u00c9RIAS E D\u00c1 OUTRAS PROVIDENCIAS<\/td><td>https:\/\/drive.google.com\/file\/d\/1qrP8iFjwReMzI2adwu2beU3q6CgOKlLM\/view?usp=drive_link<\/td>        <\/tr>\n            <tr data-row_id=\"338\" class=\"ninja_table_row_338 nt_row_id_338\">\n            <td>Portaria<\/td><td>236\/2023<\/td><td>29\/06\/2023<\/td><td>Gabinete do prefeito<\/td><td>DISPOE SOBRE CONCESS\u00c3O DE F\u00c9RIAS E D\u00c1 OUTRAS PROVIDENCIAS<\/td><td>https:\/\/drive.google.com\/file\/d\/1iAZJ_LPkVqvjJkLmUwsQ9xrH8RP-LnI9\/view?usp=drive_link<\/td>        <\/tr>\n            <tr data-row_id=\"339\" class=\"ninja_table_row_339 nt_row_id_339\">\n            <td>Portaria<\/td><td>231\/2023<\/td><td>22\/06\/2023<\/td><td>Gabinete do prefeito<\/td><td>DISPOE SOBRE CONCESS\u00c3O DE F\u00c9RIAS E D\u00c1 OUTRAS PROVIDENCIAS<\/td><td>https:\/\/drive.google.com\/file\/d\/1nMoEUQJLgVxBWhwYUZ2JkZGfe1XE41Lh\/view?usp=drive_link<\/td>        <\/tr>\n            <tr data-row_id=\"340\" class=\"ninja_table_row_340 nt_row_id_340\">\n            <td>Portaria<\/td><td>227\/2023<\/td><td>20\/06\/2023<\/td><td>Gabinete do prefeito<\/td><td>DISPOE SOBRE CONCESS\u00c3O DE F\u00c9RIAS E D\u00c1 OUTRAS PROVIDENCIAS<\/td><td>https:\/\/drive.google.com\/open?id=1lbuTFdPDfvAFBuVi12rX9ePGL7qXd5AR&amp;usp=drive_copy<\/td>        <\/tr>\n            <tr data-row_id=\"341\" class=\"ninja_table_row_341 nt_row_id_341\">\n            <td>Portaria<\/td><td>226\/2023<\/td><td>20\/06\/2023<\/td><td>Gabinete do prefeito<\/td><td>DISPOE SOBRE CONCESS\u00c3O DE F\u00c9RIAS E D\u00c1 OUTRAS PROVIDENCIAS<\/td><td>https:\/\/drive.google.com\/open?id=1Q_M1tsS72eMT1XqAMM9thAcHjnRdRYyP&amp;usp=drive_copy<\/td>        <\/tr>\n            <tr data-row_id=\"342\" class=\"ninja_table_row_342 nt_row_id_342\">\n            <td>Portaria<\/td><td>225\/2023<\/td><td>20\/06\/2023<\/td><td>Gabinete do prefeito<\/td><td>DISPOE SOBRE CONCESS\u00c3O DE F\u00c9RIAS E D\u00c1 OUTRAS PROVIDENCIAS<\/td><td>https:\/\/drive.google.com\/open?id=1qPhLrOAvh0X1zAwUeH2bMxfHqi-iFxyC&amp;usp=drive_copy<\/td>        <\/tr>\n            <tr data-row_id=\"343\" class=\"ninja_table_row_343 nt_row_id_343\">\n            <td>Portaria<\/td><td>224\/2023<\/td><td>20\/07\/2023<\/td><td>Gabinete do prefeito<\/td><td>DISPOE SOBRE CONCESS\u00c3O DE F\u00c9RIAS E D\u00c1 OUTRAS PROVIDENCIAS<\/td><td>https:\/\/drive.google.com\/open?id=1dC8WzjC2a4TMtu2y7HnzhTNyfIxn-chz&amp;usp=drive_copy<\/td>        <\/tr>\n            <tr data-row_id=\"344\" class=\"ninja_table_row_344 nt_row_id_344\">\n            <td>Portaria<\/td><td>223\/2023<\/td><td>19\/06\/2023<\/td><td>Gabinete do prefeito<\/td><td>DISPOE SOBRE CONCESS\u00c3O DE F\u00c9RIAS E D\u00c1 OUTRAS PROVIDENCIAS<\/td><td>https:\/\/drive.google.com\/open?id=1A6RrWOeEtn6DjEPpzkPYyJ_1qtL8ZeE9&amp;usp=drive_copy<\/td>        <\/tr>\n            <tr data-row_id=\"345\" class=\"ninja_table_row_345 nt_row_id_345\">\n            <td>Portaria<\/td><td>222\/2023<\/td><td>19\/06\/2023<\/td><td>Gabinete do prefeito<\/td><td>DISPOE SOBRE CONCESS\u00c3O DE F\u00c9RIAS E D\u00c1 OUTRAS PROVIDENCIAS<\/td><td>https:\/\/drive.google.com\/open?id=1uEVuTGsaiSEmtU3kF-haaq8NoKfwJSG2&amp;usp=drive_copy<\/td>        <\/tr>\n            <tr data-row_id=\"346\" class=\"ninja_table_row_346 nt_row_id_346\">\n            <td>Portaria<\/td><td>221\/2023<\/td><td>19\/06\/2023<\/td><td>Gabinete do prefeito<\/td><td>DISPOE SOBRE CONCESS\u00c3O DE F\u00c9RIAS E D\u00c1 OUTRAS PROVIDENCIAS<\/td><td>https:\/\/drive.google.com\/open?id=1P0rnTF9lYeFWu35eBRdUEugHG-gLPL43&amp;usp=drive_copy<\/td>        <\/tr>\n            <tr data-row_id=\"347\" class=\"ninja_table_row_347 nt_row_id_347\">\n            <td>Portaria<\/td><td>220\/2023<\/td><td>19\/06\/2023<\/td><td>Gabinete do prefeito<\/td><td>DISPOE SOBRE CONCESS\u00c3O DE F\u00c9RIAS E D\u00c1 OUTRAS PROVIDENCIAS<\/td><td>https:\/\/drive.google.com\/open?id=1XN1N2zH_mRG5h8mlNHagKzIjNeiBfOku&amp;usp=drive_copy<\/td>        <\/tr>\n            <tr data-row_id=\"348\" class=\"ninja_table_row_348 nt_row_id_348\">\n            <td>Portaria<\/td><td>219\/2023<\/td><td>19\/06\/2023<\/td><td>Gabinete do prefeito<\/td><td>DISPOE SOBRE CONCESS\u00c3O DE F\u00c9RIAS E D\u00c1 OUTRAS PROVIDENCIAS<\/td><td>https:\/\/drive.google.com\/open?id=1CMLanjXJ5R1FI1xlpjDbQZD5km51l4TE&amp;usp=drive_copy<\/td>        <\/tr>\n            <tr data-row_id=\"349\" class=\"ninja_table_row_349 nt_row_id_349\">\n            <td>Portaria<\/td><td>218\/2023<\/td><td>19\/06\/2023<\/td><td>Gabinete do prefeito<\/td><td>DISPOE SOBRE CONCESS\u00c3O DE F\u00c9RIAS E D\u00c1 OUTRAS PROVIDENCIAS<\/td><td>https:\/\/drive.google.com\/open?id=1DHgt658RHAqqSTRrAnCq9T3bvT1VkKY1&amp;usp=drive_copy<\/td>        <\/tr>\n            <tr data-row_id=\"350\" class=\"ninja_table_row_350 nt_row_id_350\">\n            <td>Portaria<\/td><td>217\/2023<\/td><td>19\/06\/2023<\/td><td>Gabinete do prefeito<\/td><td>DISPOE SOBRE CONCESS\u00c3O DE F\u00c9RIAS E D\u00c1 OUTRAS PROVIDENCIAS<\/td><td>https:\/\/drive.google.com\/open?id=1bsULk2ZA96HYEpUdmG_HLTVc9rKPD98Q&amp;usp=drive_copy<\/td>        <\/tr>\n            <tr data-row_id=\"351\" class=\"ninja_table_row_351 nt_row_id_351\">\n            <td>Portaria<\/td><td>216\/2023<\/td><td>15\/06\/2023<\/td><td>Gabinete do prefeito<\/td><td>DISPOE SOBRE CONCESS\u00c3O DE F\u00c9RIAS E D\u00c1 OUTRAS PROVIDENCIAS<\/td><td>https:\/\/drive.google.com\/open?id=1qYwqURbFMV2TtoIVWkchDBI0xZhZcUBI&amp;usp=drive_copy<\/td>        <\/tr>\n            <tr data-row_id=\"352\" class=\"ninja_table_row_352 nt_row_id_352\">\n            <td>Portaria<\/td><td>215\/2023<\/td><td>15\/06\/2023<\/td><td>Gabinete do prefeito<\/td><td>DISP\u00d5E SOBRE CONCESS\u00c3O DE LICEN\u00c7A PR\u00caMIO E D\u00c1 OUTRAS PROVIDENCIAS<\/td><td>https:\/\/drive.google.com\/open?id=1Ps9chXqcLjmcNmQ8y_28kH8EMX5l4CAz&amp;usp=drive_copy<\/td>        <\/tr>\n            <tr data-row_id=\"353\" class=\"ninja_table_row_353 nt_row_id_353\">\n            <td>Portaria<\/td><td>214\/2023<\/td><td>15\/06\/2023<\/td><td>Gabinete do prefeito<\/td><td>DISPOE SOBRE CONCESS\u00c3O DE F\u00c9RIAS E D\u00c1 OUTRAS PROVIDENCIAS<\/td><td>https:\/\/drive.google.com\/open?id=1Ev4VwX225XEmzH1rw3bPnNyJl6MkprTw&amp;usp=drive_copy<\/td>        <\/tr>\n            <tr data-row_id=\"354\" class=\"ninja_table_row_354 nt_row_id_354\">\n            <td>Portaria<\/td><td>213\/2023<\/td><td>15\/06\/2023<\/td><td>Gabinete do prefeito<\/td><td>DISPOE SOBRE CONCESS\u00c3O DE F\u00c9RIAS E D\u00c1 OUTRAS PROVIDENCIAS<\/td><td>https:\/\/drive.google.com\/open?id=1BmIGy3_cAcTWqjb7LtD_AFbV-rlWCOav&amp;usp=drive_copy<\/td>        <\/tr>\n            <tr data-row_id=\"355\" class=\"ninja_table_row_355 nt_row_id_355\">\n            <td>Portaria<\/td><td>207\/2023<\/td><td>12\/06\/2023<\/td><td>Gabinete do prefeito<\/td><td>DISPOE SOBRE CONCESS\u00c3O DE F\u00c9RIAS E D\u00c1 OUTRAS PROVIDENCIAS<\/td><td>https:\/\/drive.google.com\/open?id=1lBxGb4pyJ6ShOpk47HC_XsqD33Mc1hrv&amp;usp=drive_copy<\/td>        <\/tr>\n            <tr data-row_id=\"356\" class=\"ninja_table_row_356 nt_row_id_356\">\n            <td>Portaria<\/td><td>205\/2023<\/td><td>06\/06\/2023<\/td><td>Gabinete do prefeito<\/td><td>DISP\u00d5E SOBRE NOMEA\u00c7\u00c3O PARA CARGO EM COMISS\u00c3O DE DIRE\u00c7\u00c3O E ASSESSORAMENTO E D\u00c1 OUTRAS PROVID\u00caNCIAS<\/td><td>https:\/\/drive.google.com\/file\/d\/1-0Nxv0U0fWFkbC4i6B0o3lhkLFNSfHP3\/view<\/td>        <\/tr>\n            <tr data-row_id=\"357\" class=\"ninja_table_row_357 nt_row_id_357\">\n            <td>Portaria<\/td><td>203\/2023<\/td><td>06\/06\/2023<\/td><td>Gabinete do prefeito<\/td><td>DISP\u00d5E SOBRE CONCESS\u00c3O DE LICEN\u00c7A PARA TRATAMENTO DE SA\u00daDE E D\u00c1 OUTRAS PROVID\u00caNCIAS<\/td><td>https:\/\/drive.google.com\/file\/d\/1p2OPVwUEG49v4VYt2gvI3XbmCk0oJ5Ws\/view<\/td>        <\/tr>\n            <tr data-row_id=\"358\" class=\"ninja_table_row_358 nt_row_id_358\">\n            <td>Portaria<\/td><td>188\/2023<\/td><td>30\/05\/2023<\/td><td>Gabinete do prefeito<\/td><td>DISPOE SOBRE CONCESS\u00c3O DE F\u00c9RIAS E D\u00c1 OUTRAS PROVIDENCIAS<\/td><td>https:\/\/drive.google.com\/open?id=14XuWrGHyGDXR2zXhQ48ZwAsI56l3Ne8c&amp;usp=drive_copy<\/td>        <\/tr>\n            <tr data-row_id=\"359\" class=\"ninja_table_row_359 nt_row_id_359\">\n            <td>Portaria<\/td><td>187\/2023<\/td><td>30\/05\/2023<\/td><td>Gabinete do prefeito<\/td><td>DISPOE SOBRE CONCESS\u00c3O DE F\u00c9RIAS E D\u00c1 OUTRAS PROVIDENCIAS<\/td><td>https:\/\/drive.google.com\/open?id=1vJcb1TwtHZWNLH0YKmcILBDdghiK2m28&amp;usp=drive_copy<\/td>        <\/tr>\n            <tr data-row_id=\"360\" class=\"ninja_table_row_360 nt_row_id_360\">\n            <td>Portaria<\/td><td>186\/2023<\/td><td>30\/05\/2023<\/td><td>Gabinete do prefeito<\/td><td>DISPOE SOBRE CONCESS\u00c3O DE F\u00c9RIAS E D\u00c1 OUTRAS PROVIDENCIAS<\/td><td>https:\/\/drive.google.com\/open?id=1sAAT3HbDPFy3u12f8daYKSleznRFTC2e&amp;usp=drive_copy<\/td>        <\/tr>\n            <tr data-row_id=\"361\" class=\"ninja_table_row_361 nt_row_id_361\">\n            <td>Portaria<\/td><td>185\/2023<\/td><td>30\/05\/2023<\/td><td>Gabinete do prefeito<\/td><td>DISPOE SOBRE CONCESS\u00c3O DE F\u00c9RIAS E D\u00c1 OUTRAS PROVIDENCIAS<\/td><td>https:\/\/drive.google.com\/open?id=1WA871Zf5U9SxWi9lYCdGuG1j11R8VUkW&amp;usp=drive_copy<\/td>        <\/tr>\n            <tr data-row_id=\"362\" class=\"ninja_table_row_362 nt_row_id_362\">\n            <td>Portaria<\/td><td>182\/2023<\/td><td>29\/05\/2023<\/td><td>Gabinete do prefeito<\/td><td>DISPOE SOBRE CONCESS\u00c3O DE F\u00c9RIAS E D\u00c1 OUTRAS PROVIDENCIAS<\/td><td>https:\/\/drive.google.com\/open?id=1pNxMY75LdHyALNJUF9ssLwhcdT4vcxq5&amp;usp=drive_copy<\/td>        <\/tr>\n            <tr data-row_id=\"363\" class=\"ninja_table_row_363 nt_row_id_363\">\n            <td>Portaria<\/td><td>179\/2023<\/td><td>29\/05\/2023<\/td><td>Gabinete do prefeito<\/td><td>DISPOE SOBRE CONCESS\u00c3O DE F\u00c9RIAS E D\u00c1 OUTRAS PROVIDENCIAS<\/td><td>https:\/\/drive.google.com\/open?id=1H6F0f6Hw8xHdMS73y83HUPU8dsTOhif6&amp;usp=drive_copy<\/td>        <\/tr>\n            <tr data-row_id=\"364\" class=\"ninja_table_row_364 nt_row_id_364\">\n            <td>Portaria<\/td><td>173\/2023<\/td><td>24\/05\/2023<\/td><td>Gabinete do prefeito<\/td><td>DISP\u00d5E SOBRE DESIGNA\u00c7\u00c3O DE SERVIDORES PARA ACOMPANHAR CONTRATOS DA SECRETARIA MUNICIPAL DE DESENVOLVIMENTO E PROMO\u00c7\u00c3O SOCIAL DE ABEL FIGUEIREDO E D\u00c1 OUTRAS PROVID\u00caNCIAS<\/td><td>https:\/\/drive.google.com\/open?id=1TC5vZszEpWQw728oHgR154QbrkQUJC1F&amp;usp=drive_copy<\/td>        <\/tr>\n            <tr data-row_id=\"365\" class=\"ninja_table_row_365 nt_row_id_365\">\n            <td>Portaria<\/td><td>171\/2023<\/td><td>24\/05\/2023<\/td><td>Gabinete do prefeito<\/td><td>DISP\u00d5E SOBRE CONCESS\u00c3O DE LICEN\u00c7A POR MOTIVO DE DOEN\u00c7A EM PESSOA DA FAM\u00cdLIA E D\u00c1 OUTRAS PROVID\u00caNCIAS<\/td><td>https:\/\/drive.google.com\/open?id=14KjvhWrcKQBGq2hwOknVTVocSTzkwJzG&amp;usp=drive_copy<\/td>        <\/tr>\n            <tr data-row_id=\"366\" class=\"ninja_table_row_366 nt_row_id_366\">\n            <td>Portaria<\/td><td>164\/2023<\/td><td>18\/05\/2023<\/td><td>Gabinete do prefeito<\/td><td>DISPOE SOBRE CONCESS\u00c3O DE F\u00c9RIAS E D\u00c1 OUTRAS PROVIDENCIAS<\/td><td>https:\/\/drive.google.com\/open?id=1R_kBIn14QPFYpLQd4QQd3sOyv4s41aW9&amp;usp=drive_copy<\/td>        <\/tr>\n            <tr data-row_id=\"367\" class=\"ninja_table_row_367 nt_row_id_367\">\n            <td>Portaria<\/td><td>163\/2023<\/td><td>18\/05\/2023<\/td><td>Gabinete do prefeito<\/td><td>DISPOE SOBRE CONCESS\u00c3O DE F\u00c9RIAS E D\u00c1 OUTRAS PROVIDENCIAS<\/td><td>https:\/\/drive.google.com\/open?id=1M2yL8IXOavWkmGH6LklT60a_JHfUAuM6&amp;usp=drive_copy<\/td>        <\/tr>\n            <tr data-row_id=\"368\" class=\"ninja_table_row_368 nt_row_id_368\">\n            <td>Portaria<\/td><td>162\/2023<\/td><td>18\/05\/2023<\/td><td>Gabinete do prefeito<\/td><td>DISP\u00d5E SOBRE CONCESS\u00c3O DE LICEN\u00c7A PR\u00caMIO E D\u00c1 OUTRAS PROVID\u00caNCIAS<\/td><td>https:\/\/drive.google.com\/open?id=1OL4tYkXEI0kbLjENSSALyljQEovJ3tR1&amp;usp=drive_copy<\/td>        <\/tr>\n            <tr data-row_id=\"369\" class=\"ninja_table_row_369 nt_row_id_369\">\n            <td>Portaria<\/td><td>150\/2023<\/td><td>27\/04\/2023<\/td><td>Gabinete do prefeito<\/td><td>DISPOE SOBRE CONCESS\u00c3O DE F\u00c9RIAS E D\u00c1 OUTRAS PROVIDENCIAS<\/td><td>https:\/\/drive.google.com\/open?id=1z4OgCDaQpuBxbmUEs2Uw0GJWMTZhH9A4&amp;usp=drive_copy<\/td>        <\/tr>\n            <tr data-row_id=\"370\" class=\"ninja_table_row_370 nt_row_id_370\">\n            <td>Portaria<\/td><td>147\/2023<\/td><td>20\/04\/2023<\/td><td>Gabinete do prefeito<\/td><td>DISP\u00d5E SOBRE CONCESS\u00c3O DE LICEN\u00c7A PR\u00caMIO E D\u00c1 OUTRAS PROVID\u00caNCIAS<\/td><td>https:\/\/drive.google.com\/open?id=1F1Yk59mVuRkNyYJYUCrFFUemzIG3PhSP&amp;usp=drive_copy<\/td>        <\/tr>\n            <tr data-row_id=\"371\" class=\"ninja_table_row_371 nt_row_id_371\">\n            <td>Portaria<\/td><td>146\/2023<\/td><td>20\/04\/2023<\/td><td>Gabinete do prefeito<\/td><td>DISP\u00d5E SOBRE EXONERA\u00c7\u00c3O SERVIDOR DE CARGO EM COMISS\u00c3O DE DIRE\u00c7\u00c3O E ASSESSORAMENTO E DE DA OUTRAS PROVIDENCIAS<\/td><td>https:\/\/drive.google.com\/open?id=107Z6YCXCLeSGPaoFAh2nihcOcdCESgwL&amp;usp=drive_copy<\/td>        <\/tr>\n            <tr data-row_id=\"372\" class=\"ninja_table_row_372 nt_row_id_372\">\n            <td>Portaria<\/td><td>143\/2023<\/td><td>19\/04\/2023<\/td><td>Gabinete do prefeito<\/td><td>DISPOE SOBRE CONCESS\u00c3O DE F\u00c9RIAS E D\u00c1 OUTRAS PROVIDENCIAS<\/td><td>https:\/\/drive.google.com\/open?id=1RhNWfbzyzFgH5yTLtlz5Bt3iKGrEaXFN&amp;usp=drive_copy<\/td>        <\/tr>\n            <tr data-row_id=\"373\" class=\"ninja_table_row_373 nt_row_id_373\">\n            <td>Portaria<\/td><td>142\/2023<\/td><td>19\/04\/2023<\/td><td>Gabinete do prefeito<\/td><td>DISPOE SOBRE CONCESS\u00c3O DE FERIAS E DA OUTRAS PROVIDENCIAS:<\/td><td>https:\/\/drive.google.com\/open?id=1PakNxsp0YCjWyKGimcz3DJwWCitAjrXT&amp;usp=drive_copy<\/td>        <\/tr>\n            <tr data-row_id=\"374\" class=\"ninja_table_row_374 nt_row_id_374\">\n            <td>Portaria<\/td><td>141\/2023<\/td><td>19\/04\/2023<\/td><td>Gabinete do prefeito<\/td><td>DISPOE SOBRE CONCESS\u00c3O DE F\u00c9RIAS E DA OUTRAS PROVIDENCIAS<\/td><td>https:\/\/drive.google.com\/open?id=1OTVYzkG3K8o1Xq2L16NUduuMMJoxAImX&amp;usp=drive_copy<\/td>        <\/tr>\n            <tr data-row_id=\"375\" class=\"ninja_table_row_375 nt_row_id_375\">\n            <td>Portaria<\/td><td>140\/2023<\/td><td>19\/04\/2023<\/td><td>Gabinete do prefeito<\/td><td>DISPOE SOBRE CONCESS\u00c3O DE F\u00c9RIAS E D\u00c1 OUTRAS PROVIDENCIAS<\/td><td>https:\/\/drive.google.com\/open?id=1DpjkiSKdzgUgohMMT10R_ySWRmTmtDAQ&amp;usp=drive_copy<\/td>        <\/tr>\n            <tr data-row_id=\"376\" class=\"ninja_table_row_376 nt_row_id_376\">\n            <td>Portaria<\/td><td>139\/2023<\/td><td>18\/04\/2023<\/td><td>Gabinete do prefeito<\/td><td>DISP\u00d5E SOBRE CONCESS\u00c3O DE LICEN\u00c7A MATERNIDADE D\u00c1 OUTRAS PROVIDENCIAS<\/td><td>https:\/\/drive.google.com\/open?id=13VV4U6xLGaiSMmty6WVSBW_pzY0AGDE-&amp;usp=drive_copy<\/td>        <\/tr>\n            <tr data-row_id=\"377\" class=\"ninja_table_row_377 nt_row_id_377\">\n            <td>Portaria<\/td><td>127\/2023<\/td><td>03\/04\/2023<\/td><td>Gabinete do prefeito<\/td><td>DISP\u00d5E SOBRE CONCESS\u00c3O DE LICEN\u00c7A PREMIO E DA OUTRAS PROVIDENCIAS<\/td><td>https:\/\/drive.google.com\/open?id=1jjY1AHegdWBV4K3BkN9CG_leZd0ecKJx&amp;usp=drive_copy<\/td>        <\/tr>\n            <tr data-row_id=\"378\" class=\"ninja_table_row_378 nt_row_id_378\">\n            <td>Portaria<\/td><td>126\/2023<\/td><td>03\/04\/2023<\/td><td>Gabinete do prefeito<\/td><td>DISP\u00d5E SOBRE CONCESS\u00c3O DE LICEN\u00c7A PR\u00caMIO E D\u00c1 OUTRAS PROVIDENCIAS<\/td><td>https:\/\/drive.google.com\/open?id=1DhsShhEOxUCxyo8tX_MLirZ_c5wIOFbb&amp;usp=drive_copy<\/td>        <\/tr>\n            <tr data-row_id=\"379\" class=\"ninja_table_row_379 nt_row_id_379\">\n            <td>Portaria<\/td><td>125\/2023<\/td><td>03\/04\/2023<\/td><td>Gabinete do prefeito<\/td><td>DISP\u00d5E SOBRE CONCESS\u00c3O DE LICEN\u00c7A PR\u00caMIO E D\u00c1 OUTRAS PROVID\u00caNCIAS<\/td><td>https:\/\/drive.google.com\/open?id=1oUvWPofXa8HAHrnhUG-pR1iipAenhV39&amp;usp=drive_copy<\/td>        <\/tr>\n            <tr data-row_id=\"380\" class=\"ninja_table_row_380 nt_row_id_380\">\n            <td>Portaria<\/td><td>124\/2023<\/td><td>03\/04\/2023<\/td><td>Gabinete do prefeito<\/td><td>DISP\u00d5E SOBRE CONCESS\u00c3O DE LICEN\u00c7A PREMIO E D\u00c1 OUTRAS PROVIDENCIAS<\/td><td>https:\/\/drive.google.com\/open?id=1a8uTmtE0n0NPMVGu1JpVAK7df1fQkOPo&amp;usp=drive_copy<\/td>        <\/tr>\n            <tr data-row_id=\"381\" class=\"ninja_table_row_381 nt_row_id_381\">\n            <td>Portaria<\/td><td>123\/2023<\/td><td>30\/03\/2023<\/td><td>Gabinete do prefeito<\/td><td>DISP\u00d5E SORE CONCESS\u00c3O DE LICEN\u00c7A MATERNIDADE E DA OUTRAS PROVIDENCIAS<\/td><td>https:\/\/drive.google.com\/open?id=1fqFiO7TiFe_PZ4yqy-cibjt5Cy2CQ5MV&amp;usp=drive_copy<\/td>        <\/tr>\n            <tr data-row_id=\"382\" class=\"ninja_table_row_382 nt_row_id_382\">\n            <td>Portaria<\/td><td>122\/2023<\/td><td>30\/03\/2023<\/td><td>Gabinete do prefeito<\/td><td>DISPOE SOBRE CONCESS\u00c3O DE F\u00c9RIAS E D\u00c1 OUTRAS PROVIDENCIAS<\/td><td>https:\/\/drive.google.com\/open?id=1inxHOBvEeCRi2FGdLr2ReqdXNTgP_skF&amp;usp=drive_copy<\/td>        <\/tr>\n            <tr data-row_id=\"383\" class=\"ninja_table_row_383 nt_row_id_383\">\n            <td>Portaria<\/td><td>121\/2023<\/td><td>30\/03\/2023<\/td><td>Gabinete do prefeito<\/td><td>DISP\u00d5E CONCESS\u00c3O DE LICEN\u00c7A DE SERVIDOR PARA REALIZA\u00c7\u00c3O DE ESTUDO E DA OUTRAS PROVIDENCIAS:<\/td><td>https:\/\/drive.google.com\/open?id=1_snElMrQs4wcoYyy4Zt1oYoiqBi-Zqpe&amp;usp=drive_copy<\/td>        <\/tr>\n            <tr data-row_id=\"384\" class=\"ninja_table_row_384 nt_row_id_384\">\n            <td>Portaria<\/td><td>120\/2023<\/td><td>28\/03\/2023<\/td><td>Gabinete do prefeito<\/td><td>DISP\u00d5E SOBRE CONCESS\u00c3O DE LICEN\u00c7A MATERNIDADE E D\u00c1 OUTRAS PROVIDENCIAS<\/td><td>https:\/\/drive.google.com\/open?id=1NzJ2kMeOXSeDaQfMed36MCqTj4t2bnB3&amp;usp=drive_copy<\/td>        <\/tr>\n            <tr data-row_id=\"385\" class=\"ninja_table_row_385 nt_row_id_385\">\n            <td>Portaria<\/td><td>119\/2023<\/td><td>27\/03\/2023<\/td><td>Gabinete do prefeito<\/td><td>DISPOE SOBRE CONCESS\u00c3O DE F\u00c9RIAS E D\u00c1 OUTRAS PROVIDENCIAS<\/td><td>https:\/\/drive.google.com\/open?id=1DNwx2gNrt1mONYS0b9KNSDQqu2XC-2Bo&amp;usp=drive_copy<\/td>        <\/tr>\n            <tr data-row_id=\"386\" class=\"ninja_table_row_386 nt_row_id_386\">\n            <td>Portaria<\/td><td>118\/2023<\/td><td>27\/03\/2023<\/td><td>Gabinete do prefeito<\/td><td>DISPOE SOBRE CONCESS\u00c3O DE LICEN\u00c7A PR\u00caMIO E DA OUTRAS PROVIDENCIAS<\/td><td>https:\/\/drive.google.com\/open?id=1WbOCvcq_HVXfgyrXj7Zzd0BgYGtKSK9y&amp;usp=drive_copy<\/td>        <\/tr>\n            <tr data-row_id=\"387\" class=\"ninja_table_row_387 nt_row_id_387\">\n            <td>Portaria<\/td><td>109\/2023<\/td><td>22\/03\/2023<\/td><td>Gabinete do prefeito<\/td><td>DISPOE SOBRE CONCESS\u00c3O DE F\u00c9RIAS E D\u00c1 OUTRAS PROVIDENCIAS<\/td><td>https:\/\/drive.google.com\/open?id=1qsDYbVqbxgtVgkecbenIsplmFBN6817M&amp;usp=drive_copy<\/td>        <\/tr>\n            <tr data-row_id=\"388\" class=\"ninja_table_row_388 nt_row_id_388\">\n            <td>Portaria<\/td><td>108\/2023<\/td><td>20\/03\/2023<\/td><td>Gabinete do prefeito<\/td><td>DISPOE SOBRE CONCESS\u00c3O DE F\u00c9RIAS E D\u00c1 OUTRAS PROVIDENCIAS<\/td><td>https:\/\/drive.google.com\/open?id=1kwF-Lagu9mB8OHapqmUS2lu4e5WuRSEh&amp;usp=drive_copy<\/td>        <\/tr>\n            <tr data-row_id=\"389\" class=\"ninja_table_row_389 nt_row_id_389\">\n            <td>Portaria<\/td><td>106\/2023<\/td><td>20\/03\/2023<\/td><td>Gabinete do prefeito<\/td><td>DISP\u00d5E SOBRE CONCESS\u00c3O DE LICEN\u00c7A PR\u00caMIO E D\u00c1 OUTRAS PROVID\u00caNCIAS;<\/td><td>https:\/\/drive.google.com\/open?id=1VK-a_xCpor9ug5pEwT-f4Lo8gyR2C9cx&amp;usp=drive_copy<\/td>        <\/tr>\n            <tr data-row_id=\"390\" class=\"ninja_table_row_390 nt_row_id_390\">\n            <td>Portaria<\/td><td>105\/2023<\/td><td>20\/03\/2023<\/td><td>Gabinete do prefeito<\/td><td>DISPOE SOBRE CONCESS\u00c3O DE F\u00c9RIAS E D\u00c1 OUTRAS PROVIDENCIAS<\/td><td>https:\/\/drive.google.com\/open?id=1w7-2wV4B3T3A7cG54KLwnJMPV6ZHbk5S&amp;usp=drive_copy<\/td>        <\/tr>\n            <tr data-row_id=\"391\" class=\"ninja_table_row_391 nt_row_id_391\">\n            <td>Portaria<\/td><td>104\/2023<\/td><td>20\/03\/2023<\/td><td>Gabinete do prefeito<\/td><td>DISPOE SOBRE CONCESS\u00c3O DE F\u00c9RIAS E D\u00c1 OUTRAS PROVIDENCIAS<\/td><td>https:\/\/drive.google.com\/open?id=1qgXPm7PETAoc6SGQAfwVe_YN0jBesKy7&amp;usp=drive_copy<\/td>        <\/tr>\n            <tr data-row_id=\"392\" class=\"ninja_table_row_392 nt_row_id_392\">\n            <td>Portaria<\/td><td>103\/2023<\/td><td>17\/03\/2023<\/td><td>Gabinete do prefeito<\/td><td>DISP\u00d5E SOBRE LICEN\u00c7A MATERNIDADE E D\u00c1 OUTRAS PROVID\u00caNCIAS<\/td><td>https:\/\/drive.google.com\/open?id=1pBtolMrGf8ySCe0F6wgBkGrJF0XGRXa2&amp;usp=drive_copy<\/td>        <\/tr>\n            <tr data-row_id=\"393\" class=\"ninja_table_row_393 nt_row_id_393\">\n            <td>Portaria<\/td><td>102\/2023<\/td><td>17\/03\/2023<\/td><td>Gabinete do prefeito<\/td><td>DISPOE SOBRE CONCESS\u00c3O DE F\u00c9RIAS E D\u00c1 OUTRAS PROVIDENCIAS<\/td><td>https:\/\/drive.google.com\/open?id=15YEOiPQPa422yvGsX8z5ObHf2cAsP0c5&amp;usp=drive_copy<\/td>        <\/tr>\n            <tr data-row_id=\"394\" class=\"ninja_table_row_394 nt_row_id_394\">\n            <td>Portaria<\/td><td>101\/2023<\/td><td>16\/03\/2023<\/td><td>Gabinete do prefeito<\/td><td>DISP\u00d5E SOBRE A TRANSFER\u00caNCIA DO CARGO DE PREFEITO MUNICIPAL E D\u00c1 OUTRAS PROVID\u00caNCIAS<\/td><td>https:\/\/drive.google.com\/open?id=1uJ4f9PI9oVUaqJ8MPjyJwmngtF4DWF45&amp;usp=drive_copy<\/td>        <\/tr>\n            <tr data-row_id=\"395\" class=\"ninja_table_row_395 nt_row_id_395\">\n            <td>Portaria<\/td><td>097\/2023<\/td><td>13\/03\/2023<\/td><td>Gabinete do prefeito<\/td><td>DISP\u00d5E SOBRE TRANSFER\u00caNCIA DO CARGO DE PREFEITO MUNICIPAL E D\u00c1 OUTRAS PROVID\u00caNCIAS <\/td><td>https:\/\/drive.google.com\/open?id=1u9VFJcnPBpP16Ps28l-SDeC5wVHdQ0cv&amp;usp=drive_copy<\/td>        <\/tr>\n            <tr data-row_id=\"396\" class=\"ninja_table_row_396 nt_row_id_396\">\n            <td>Portaria<\/td><td>095\/2023<\/td><td>08\/03\/2023<\/td><td>Gabinete do prefeito<\/td><td>DISP\u00d5E SOBRE CONCESS\u00c3O DE LICEN\u00c7A PR\u00caMIO E D\u00c1 OUTRAS PROVID\u00caNCIAS<\/td><td>https:\/\/drive.google.com\/open?id=1sEyG6iR5MjigkgZBkPyTVfYJ5IBeU4HK&amp;usp=drive_copy<\/td>        <\/tr>\n            <tr data-row_id=\"397\" class=\"ninja_table_row_397 nt_row_id_397\">\n            <td>Portaria<\/td><td>094\/2023<\/td><td>08\/03\/2023<\/td><td>Gabinete do prefeito<\/td><td>DISP\u00d5E SOBRE CONCESS\u00c3O DE LICEN\u00c7A PR\u00caMIO E D\u00c1 OUTRAS PROVID\u00caNCIAS<\/td><td>https:\/\/drive.google.com\/open?id=1-Tvx0J5MuM-48VIZmuwJ4Ny79h9wCKoZ&amp;usp=drive_copy<\/td>        <\/tr>\n            <tr data-row_id=\"398\" class=\"ninja_table_row_398 nt_row_id_398\">\n            <td>Portaria<\/td><td>091\/2023<\/td><td>08\/03\/2023<\/td><td>Gabinete do prefeito<\/td><td>DISPOE SOBRE PRORROGA\u00c7\u00c3O DE LICEN\u00c7A PARA TRATAR DE INTERESSES PARTICULARES E D\u00c1 OUTRAS PROVIDENCIAS<\/td><td>https:\/\/drive.google.com\/open?id=1NUuxYMKVNp2PsOc-GTAXmMx12QA9YgEi&amp;usp=drive_copy<\/td>        <\/tr>\n            <tr data-row_id=\"399\" class=\"ninja_table_row_399 nt_row_id_399\">\n            <td>Portaria<\/td><td>087\/2023<\/td><td>06\/03\/2023<\/td><td>Gabinete do prefeito<\/td><td>DISP\u00d5E SOBRE CONCESS\u00c3O DE LICEN\u00c7A PR\u00caMIO E D\u00c1 OUTRAS PROVID\u00caNCIAS<\/td><td>https:\/\/drive.google.com\/open?id=1lBV7JkDVDUzC-nQvndGRDuRMRtKsMi0G&amp;usp=drive_copy<\/td>        <\/tr>\n            <tr data-row_id=\"400\" class=\"ninja_table_row_400 nt_row_id_400\">\n            <td>Portaria<\/td><td>086\/2023<\/td><td>06\/03\/2023<\/td><td>Gabinete do prefeito<\/td><td>DISP\u00d5E SOBRE CONCESS\u00c3O DE LICEN\u00c7A PR\u00caMIO E D\u00c1 OUTRAS PROVID\u00caNCIAS<\/td><td>https:\/\/drive.google.com\/open?id=1CIdK7StFe5FmUKuHT60QtlsPAC-0B2eJ&amp;usp=drive_copy<\/td>        <\/tr>\n            <tr data-row_id=\"401\" class=\"ninja_table_row_401 nt_row_id_401\">\n            <td>Portaria<\/td><td>082\/2023<\/td><td>01\/03\/2023<\/td><td>Gabinete do prefeito<\/td><td>DISP\u00d5E SOBRE CONCESS\u00c3O DE LICEN\u00c7A PR\u00caMIO E D\u00c1 OUTRAS PROVID\u00caNCIAS<\/td><td>https:\/\/drive.google.com\/open?id=1Y30fE1s3UXW8r_Xu_4AYIt6O0AT9YB50&amp;usp=drive_copy<\/td>        <\/tr>\n            <tr data-row_id=\"402\" class=\"ninja_table_row_402 nt_row_id_402\">\n            <td>Portaria<\/td><td>081\/2023<\/td><td>01\/03\/2023<\/td><td>Gabinete do prefeito<\/td><td>DISP\u00d5E SOBRE CONCESS\u00c3O DE LICEN\u00c7A PR\u00caMIO E D\u00c1 OUTRAS PROVID\u00caNCIAS<\/td><td>https:\/\/drive.google.com\/open?id=1ImnWpIJVTqNmBr0A7e4_iJI-Z_Ucosrb&amp;usp=drive_copy<\/td>        <\/tr>\n            <tr data-row_id=\"403\" class=\"ninja_table_row_403 nt_row_id_403\">\n            <td>Portaria<\/td><td>080\/2023<\/td><td>01\/03\/2023<\/td><td>Gabinete do prefeito<\/td><td>DISP\u00d5E SOBRE CONCESS\u00c3O DE LICEN\u00c7A PR\u00caMIO E D\u00c1 OUTRAS PROVID\u00caNCIAS<\/td><td>https:\/\/drive.google.com\/open?id=1sQLZ_PdPUJETVPSo5iYKPcoVAenzJhGz&amp;usp=drive_copy<\/td>        <\/tr>\n            <tr data-row_id=\"404\" class=\"ninja_table_row_404 nt_row_id_404\">\n            <td>Portaria<\/td><td>079\/2023<\/td><td>01\/03\/2023<\/td><td>Gabinete do prefeito<\/td><td>DISP\u00d5E SOBRE CONCESS\u00c3O DE LICEN\u00c7A PR\u00caMIO E D\u00c1 OUTRAS PROVID\u00caNCIAS<\/td><td>https:\/\/drive.google.com\/open?id=1n4qkwt-_6vFxHWFFmsEMqPJKJvpGN61O&amp;usp=drive_copy<\/td>        <\/tr>\n            <tr data-row_id=\"405\" class=\"ninja_table_row_405 nt_row_id_405\">\n            <td>Portaria<\/td><td>078\/2023<\/td><td>01\/03\/2023<\/td><td>Gabinete do prefeito<\/td><td>DISPOE SOBRE CONCESS\u00c3O DE F\u00c9RIAS E D\u00c1 OUTRAS PROVIDENCIAS;<\/td><td>https:\/\/drive.google.com\/open?id=17ACm-pJCRq1-FE9jVgBAi3RmsUXlRJdu&amp;usp=drive_copy<\/td>        <\/tr>\n            <tr data-row_id=\"406\" class=\"ninja_table_row_406 nt_row_id_406\">\n            <td>Portaria<\/td><td>077\/2023<\/td><td>01\/03\/2023<\/td><td>Gabinete do prefeito<\/td><td>DISPOE SOBRE CONCESS\u00c3O DE F\u00c9RIAS E D\u00c1 OUTRAS PROVIDENCIAS<\/td><td>https:\/\/drive.google.com\/open?id=1Qspokf4gVSENzah6RXsdGBVRbTzNQWKE&amp;usp=drive_copy<\/td>        <\/tr>\n            <tr data-row_id=\"407\" class=\"ninja_table_row_407 nt_row_id_407\">\n            <td>Portaria<\/td><td>076\/2023<\/td><td>01\/03\/2023<\/td><td>Gabinete do prefeito<\/td><td>DISPOE SOBRE CONCESS\u00c3O DE F\u00c9RIAS E D\u00c1 OUTRAS PROVIDENCIAS<\/td><td>https:\/\/drive.google.com\/open?id=1onAbwQDRD7uwYQknmYzypGhbDnnquSIg&amp;usp=drive_copy<\/td>        <\/tr>\n            <tr data-row_id=\"408\" class=\"ninja_table_row_408 nt_row_id_408\">\n            <td>Portaria<\/td><td>075\/2023<\/td><td>01\/03\/2023<\/td><td>Gabinete do prefeito<\/td><td>DISPOE SOBRE CONCESS\u00c3O DE F\u00c9RIAS E D\u00c1 OUTRAS PROVIDENCIAS<\/td><td>https:\/\/drive.google.com\/open?id=1YL-7BvDrc92mk_8HMhzokTLw6vq9FjFv&amp;usp=drive_copy<\/td>        <\/tr>\n            <tr data-row_id=\"409\" class=\"ninja_table_row_409 nt_row_id_409\">\n            <td>Portaria<\/td><td>074\/2023<\/td><td>01\/03\/2023<\/td><td>Gabinete do prefeito<\/td><td>DISPOE SOBRE CONCESS\u00c3O DE F\u00c9RIAS E D\u00c1 OUTRAS PROVIDENCIAS<\/td><td>https:\/\/drive.google.com\/open?id=1hibYpfNHTtbE4LGm4t8J_M-T__yGMIG0&amp;usp=drive_copy<\/td>        <\/tr>\n            <tr data-row_id=\"410\" class=\"ninja_table_row_410 nt_row_id_410\">\n            <td>Portaria<\/td><td>073\/2023<\/td><td>01\/03\/2023<\/td><td>Gabinete do prefeito<\/td><td>DISPOE SOBRE CONCESS\u00c3O DE F\u00c9RIAS E D\u00c1 OUTRAS PROVIDENCIAS<\/td><td>https:\/\/drive.google.com\/open?id=1lv5SVSSxwlUTgD9uAW4TitxpRmSxqW2g&amp;usp=drive_copy<\/td>        <\/tr>\n            <tr data-row_id=\"411\" class=\"ninja_table_row_411 nt_row_id_411\">\n            <td>Portaria<\/td><td>072\/2023<\/td><td>01\/03\/2023<\/td><td>Gabinete do prefeito<\/td><td>DISPOE SOBRE CONCESS\u00c3O DE F\u00c9RIAS E D\u00c1 OUTRAS PROVIDENCIAS<\/td><td>https:\/\/drive.google.com\/open?id=1RFQ8OU7Brp4csU7Bf3RSHPM_KRx_AGiS&amp;usp=drive_copy<\/td>        <\/tr>\n            <tr data-row_id=\"412\" class=\"ninja_table_row_412 nt_row_id_412\">\n            <td>Portaria<\/td><td>071\/2023<\/td><td>01\/03\/2023<\/td><td>Gabinete do prefeito<\/td><td>DISPOE SOBRE CONCESS\u00c3O DE F\u00c9RIAS E D\u00c1 OUTRAS PROVIDENCIAS<\/td><td>https:\/\/drive.google.com\/open?id=1A1CG4LC25dGC5TytJhRrUO6Q_s05egm3&amp;usp=drive_copy<\/td>        <\/tr>\n            <tr data-row_id=\"413\" class=\"ninja_table_row_413 nt_row_id_413\">\n            <td>Portaria<\/td><td>069\/2023<\/td><td>27\/02\/2023<\/td><td>Gabinete do prefeito<\/td><td>DISP\u00d5E SOBRE EXONERA\u00c7\u00c3O DO CARGO DE DIRE\u00c7\u00c3O E ASSESSORAMENTO E D\u00c1 OUTRAS PROVID\u00caNCIAS ;<\/td><td>https:\/\/drive.google.com\/open?id=1E4sJSM4X42RsFGMgpGEObcLZIPwh9VCN&amp;usp=drive_copy<\/td>        <\/tr>\n            <tr data-row_id=\"414\" class=\"ninja_table_row_414 nt_row_id_414\">\n            <td>Portaria<\/td><td>068\/2023<\/td><td>27\/02\/2023<\/td><td>Gabinete do prefeito<\/td><td>DISP\u00d5E SOBRE CONCESS\u00c3O DE LICEN\u00c7A PR\u00caMIO E D\u00c1 OUTRAS PROVID\u00caNCIAS<\/td><td>https:\/\/drive.google.com\/open?id=1DUQj9Gx0qvcvtHLlBAnp451QGoN8hWqG&amp;usp=drive_copy<\/td>        <\/tr>\n            <tr data-row_id=\"415\" class=\"ninja_table_row_415 nt_row_id_415\">\n            <td>Portaria<\/td><td>067\/2023<\/td><td>27\/02\/2023<\/td><td>Gabinete do prefeito<\/td><td>DISP\u00d5E SOBRE CONCESS\u00c3O DE LICEN\u00c7A PR\u00caMIO E D\u00c1 OUTRAS PROVID\u00caNCIAS<\/td><td>https:\/\/drive.google.com\/open?id=1k5Gim_vsD3wkCBxkD4Ja2UBJUG2A3qC-&amp;usp=drive_copy<\/td>        <\/tr>\n            <tr data-row_id=\"416\" class=\"ninja_table_row_416 nt_row_id_416\">\n            <td>Portaria<\/td><td>058\/2023<\/td><td>16\/02\/2023<\/td><td>Gabinete do prefeito<\/td><td>DISPOE SOBRE PRORROGA\u00c7\u00c3O DE LICEN\u00c7A PARA TRATAR DE INTERESSES  PARTICULARES E D\u00c1 OUTRAS PROVIDENCIAS<\/td><td>https:\/\/drive.google.com\/open?id=1fSYReY-yjKJ4p7gwuVSptJW3rJsSJcU8&amp;usp=drive_copy<\/td>        <\/tr>\n            <tr data-row_id=\"417\" class=\"ninja_table_row_417 nt_row_id_417\">\n            <td>Portaria<\/td><td>055\/2023<\/td><td>15\/02\/2023<\/td><td>Gabinete do prefeito<\/td><td>DISP\u00d5E SOBRE CONCESS\u00c3O DE LICEN\u00c7A I PR\u00caMIO E D\u00c1 OUTRAS PROVID\u00caNCIAS<\/td><td>https:\/\/drive.google.com\/open?id=1j0-hpRHjjvHdkc7_3W7tkYSvf4YdSDSq&amp;usp=drive_copy<\/td>        <\/tr>\n            <tr data-row_id=\"418\" class=\"ninja_table_row_418 nt_row_id_418\">\n            <td>Portaria<\/td><td>054\/2023<\/td><td>15\/02\/2023<\/td><td>Gabinete do prefeito<\/td><td>DISPOE SOBRE CONCESS\u00c3O DE F\u00c9RIAS E D\u00c1 OUTRAS PROVIDENCIAS ;<\/td><td>https:\/\/drive.google.com\/open?id=1X3iP7h-LfkCuRq1T-W9FuoyJCVjuaMSs&amp;usp=drive_copy<\/td>        <\/tr>\n            <tr data-row_id=\"419\" class=\"ninja_table_row_419 nt_row_id_419\">\n            <td>Portaria<\/td><td>053\/2023<\/td><td>15\/02\/2023<\/td><td>Gabinete do prefeito<\/td><td>DISP\u00d5E SOBRE CONCESS\u00c3O DE F\u00c9RIAS E D\u00c1 OUTRAS PROVID\u00caNCIAS;<\/td><td>https:\/\/drive.google.com\/open?id=1wbu2NcKJHvd5vZb4CjRxov7ep1EwZmRS&amp;usp=drive_copy<\/td>        <\/tr>\n            <tr data-row_id=\"420\" class=\"ninja_table_row_420 nt_row_id_420\">\n            <td>Portaria<\/td><td>052\/2023<\/td><td>15\/02\/2023<\/td><td>Gabinete do prefeito<\/td><td>DISP\u00d5E SOBRE NOMEA\u00c7\u00c3O PARA CARGO EM COMISS\u00c3O DE DIRE\u00c7\u00c3O E D\u00c1 OUTRAS E ASSESSORAMENTO PROVID\u00caNCIAS<\/td><td>https:\/\/drive.google.com\/open?id=1z4TAJ_BOt8BVZakdB88ln9BsCjhQuUuh&amp;usp=drive_copy<\/td>        <\/tr>\n            <tr data-row_id=\"421\" class=\"ninja_table_row_421 nt_row_id_421\">\n            <td>Portaria<\/td><td>051\/2023<\/td><td>15\/02\/2023<\/td><td>Gabinete do prefeito<\/td><td>DISP\u00d5E SOBRE NOMEA\u00c7\u00c3O PARA CARGO EM COMISS\u00c3O DE DIRE\u00c7\u00c3O E ASSESSORAMENTO E D\u00c1 OUTRAS PROVID\u00caNCIAS<\/td><td>https:\/\/drive.google.com\/open?id=1qm7IyhwJs3A5ZJ4a1bbWhE71BrjkOScL&amp;usp=drive_copy<\/td>        <\/tr>\n            <tr data-row_id=\"422\" class=\"ninja_table_row_422 nt_row_id_422\">\n            <td>Portaria<\/td><td>049\/2023<\/td><td>10\/02\/2023<\/td><td>Gabinete do prefeito<\/td><td>DISP\u00d5E SOBRE MUDAN\u00c7A DE MEMBROS SERVIDORES PARA ACOMPANHAR CONTRATOS DA SECRETARIA MUNICIPAL DE SA\u00daDE DE ABEL FIGUEIREDO E D\u00c1 OUTRAS PROVID\u00caNCIAS.<\/td><td>https:\/\/drive.google.com\/open?id=1SUMUjbk2G0weRgVcBqPNSBVstA2WDsAo&amp;usp=drive_copy<\/td>        <\/tr>\n            <tr data-row_id=\"423\" class=\"ninja_table_row_423 nt_row_id_423\">\n            <td>Portaria<\/td><td>045\/2023<\/td><td>08\/02\/2023<\/td><td>Gabinete do prefeito<\/td><td>DISP\u00d5E SOBRE INTERRUP\u00c7\u00c3O TRATAR DE PARA DE LICEN\u00c7A INTERESSES OUTRAS PARTICULARES PROVID\u00caNCIAS . E D\u00c1<\/td><td>https:\/\/drive.google.com\/open?id=1ufSiiAAkNHwsKc11HPBzAvI3KomUxkA_&amp;usp=drive_copy<\/td>        <\/tr>\n            <tr data-row_id=\"424\" class=\"ninja_table_row_424 nt_row_id_424\">\n            <td>Portaria<\/td><td>044\/2023<\/td><td>08\/02\/2023<\/td><td>Gabinete do prefeito<\/td><td>DISP\u00d5E SOBRE NOMEA\u00c7\u00c3O PARA CARGO EM COMISS\u00c3O DE DIRE\u00c7\u00c3O E ASSESSORAMENTO E D\u00c1 OUTRAS PROVID\u00caNCIAS<\/td><td>https:\/\/drive.google.com\/open?id=1cZEi0PmSqWYs3DjZy0msQ_lfVJeFEP1I&amp;usp=drive_copy<\/td>        <\/tr>\n            <tr data-row_id=\"425\" class=\"ninja_table_row_425 nt_row_id_425\">\n            <td>Portaria<\/td><td>043\/2023<\/td><td>08\/02\/2023<\/td><td>Gabinete do prefeito<\/td><td>DISP\u00d5E SOBRE EXONERA\u00c7\u00c3O DE SERVIDOR DE CARGO EM COMISS\u00c3O DE DIRE\u00c7\u00c3O E ASSESSORAMENTO E D\u00c1 OUTRAS PROVID\u00caNCIAS<\/td><td>https:\/\/drive.google.com\/open?id=19I0tn3lfdUp6esGYRxFY-AW-qJgR7b1d&amp;usp=drive_copy<\/td>        <\/tr>\n            <tr data-row_id=\"426\" class=\"ninja_table_row_426 nt_row_id_426\">\n            <td>Portaria<\/td><td>039\/2023<\/td><td>07\/02\/2023<\/td><td>Gabinete do prefeito<\/td><td>DISP\u00d5E SOBRE CONCESS\u00c3O DE LICEN\u00c7A PR\u00caMIO E D\u00c1 OUTRAS PROVID\u00caNCIAS<\/td><td>https:\/\/drive.google.com\/open?id=14TNIiFACdXTOiUnAmSZEDHq0HVcTGhyq&amp;usp=drive_copy<\/td>        <\/tr>\n            <tr data-row_id=\"427\" class=\"ninja_table_row_427 nt_row_id_427\">\n            <td>Portaria<\/td><td>038\/2023<\/td><td>06\/02\/2023<\/td><td>Gabinete do prefeito<\/td><td>DISP\u00d5E SOBRE CONCESS\u00c3O DE LICEN\u00c7A PR\u00caMIO E D\u00c1 OUTRAS PROVID\u00caNCIAS<\/td><td>https:\/\/drive.google.com\/open?id=1yhtuoCsK7RYlVJVJt_T6ch8mWUC3HsfW&amp;usp=drive_copy<\/td>        <\/tr>\n            <tr data-row_id=\"428\" class=\"ninja_table_row_428 nt_row_id_428\">\n            <td>Portaria<\/td><td>033\/2023<\/td><td>01\/02\/2023<\/td><td>Gabinete do prefeito<\/td><td>DISP\u00d5E SOBRE CONCESS\u00c3O DE LICEN\u00c7A MATERNIDADE E D\u00c1 OUTRAS PROVID\u00caNCIAS<\/td><td>https:\/\/drive.google.com\/open?id=1IM5zTodEPcN3tw6V-sm-7kbmFzo96T8D&amp;usp=drive_copy<\/td>        <\/tr>\n            <tr data-row_id=\"429\" class=\"ninja_table_row_429 nt_row_id_429\">\n            <td>Portaria<\/td><td>031\/2023<\/td><td>27\/01\/2023<\/td><td>Gabinete do prefeito<\/td><td>DISPOE SOBRE CONCESS\u00c3O DE F\u00c9RIAS E D\u00c1 OUTRAS PROVIDENCIAS<\/td><td>https:\/\/drive.google.com\/open?id=1t4yKvgxczO7QA3ROWrn2g-4Y3esxy62j&amp;usp=drive_copy<\/td>        <\/tr>\n            <tr data-row_id=\"430\" class=\"ninja_table_row_430 nt_row_id_430\">\n            <td>Portaria<\/td><td>030\/2023<\/td><td>27\/01\/2023<\/td><td>Gabinete do prefeito<\/td><td>DISP\u00d5E SOBRE EXONERA\u00c7\u00c3O DO CARGO DE DIRE\u00c7\u00c3O E ASSESSORAMENTO E D\u00c1 OUTRAS PROVID\u00caNCIAS<\/td><td>https:\/\/drive.google.com\/open?id=1JYmEzT0PtexCP53z_zPrMz7vwFJ_Gc29&amp;usp=drive_copy<\/td>        <\/tr>\n            <tr data-row_id=\"431\" class=\"ninja_table_row_431 nt_row_id_431\">\n            <td>Portaria<\/td><td>029\/2023<\/td><td>26\/01\/2023<\/td><td>Gabinete do prefeito<\/td><td>DISP\u00d5E SOBRE DESIGNA\u00c7\u00c3O DE SERVIDORES PARA ACOMPANHAR CONTRATOS DA SECRETARIA MUNICIPAL DE EDUCA\u00c7\u00c3O DE ABEL FIGUEIREDO E D\u00c1 OUTRAS PROVID\u00caNCIAS<\/td><td>https:\/\/drive.google.com\/open?id=1_9Bf26ZPvOeGCvmelPDvYq50sQquhPHW&amp;usp=drive_copy<\/td>        <\/tr>\n            <tr data-row_id=\"432\" class=\"ninja_table_row_432 nt_row_id_432\">\n            <td>Portaria<\/td><td>028\/2023<\/td><td>26\/01\/2023<\/td><td>Gabinete do prefeito<\/td><td>DISP\u00d5E SOBRE NOMEA\u00c7\u00c3O DE GESTOR ESCOLAR E D\u00c1 OUTRAS PROVID\u00caNCIAS<\/td><td>https:\/\/drive.google.com\/open?id=1D0UKSE7Zp9bZANNsiDjIgllW-8Ls8IBr&amp;usp=drive_copy<\/td>        <\/tr>\n            <tr data-row_id=\"433\" class=\"ninja_table_row_433 nt_row_id_433\">\n            <td>Portaria<\/td><td>027\/2023<\/td><td>26\/01\/2023<\/td><td>Gabinete do prefeito<\/td><td>DISP\u00d5E SOBRE EXONERA\u00c7\u00c3O DE GESTOR ESCOLAR E D\u00c1 OUTRAS PROVID\u00caNCIAS<\/td><td>https:\/\/drive.google.com\/open?id=1CT32nGOxeDwoPkGZrbIKffp--mhKfrEo&amp;usp=drive_copy<\/td>        <\/tr>\n            <tr data-row_id=\"434\" class=\"ninja_table_row_434 nt_row_id_434\">\n            <td>Portaria<\/td><td>023\/2023<\/td><td>25\/01\/2023<\/td><td>Gabinete do prefeito<\/td><td>DISP\u00d5E SOBRE CONCESS\u00c3O DE LICEN\u00c7A PR\u00caMIO E D\u00c1 OUTRAS PROVID\u00caNCIAS<\/td><td>https:\/\/drive.google.com\/open?id=1YIBaJxAU4SFbt8yPPYxNXfGafY7vRNTC&amp;usp=drive_copy<\/td>        <\/tr>\n            <tr data-row_id=\"435\" class=\"ninja_table_row_435 nt_row_id_435\">\n            <td>Portaria<\/td><td>022\/2023<\/td><td>25\/01\/2023<\/td><td>Gabinete do prefeito<\/td><td>DISP\u00d5E SOBRE CONCESS\u00c3O DE LICEN\u00c7A PR\u00caMIO E D\u00c1 OUTRAS PROVID\u00caNCIAS<\/td><td>https:\/\/drive.google.com\/open?id=1qcmHAgVtylYpPsabyx2EqUhsrXfVQntT&amp;usp=drive_copy<\/td>        <\/tr>\n            <tr data-row_id=\"436\" class=\"ninja_table_row_436 nt_row_id_436\">\n            <td>Portaria<\/td><td>021\/2023<\/td><td>25\/01\/2023<\/td><td>Gabinete do prefeito<\/td><td>DISP\u00d5E SOBRE PRORROGA\u00c7\u00c3O DE LICEN\u00c7A PARA TRATAR DE INTERESSES PARTICULARES E D\u00c1 OUTRAS PROVIDENCIAS ;<\/td><td>https:\/\/drive.google.com\/open?id=1jRGUEFkYAo8W0z_n0NKJHfr2uK4bYstZ&amp;usp=drive_copy<\/td>        <\/tr>\n            <tr data-row_id=\"437\" class=\"ninja_table_row_437 nt_row_id_437\">\n            <td>Portaria<\/td><td>020\/2023<\/td><td>25\/01\/2023<\/td><td>Gabinete do prefeito<\/td><td>DISP\u00d5E SOBRE CONCESS\u00c3O DE LICEN\u00c7A PR\u00caMIO E D\u00c1 OUTRAS PROVID\u00caNCIAS<\/td><td>https:\/\/drive.google.com\/open?id=15cV9gqdVeqEQddjszeCVNYHcMdE6aZir&amp;usp=drive_copy<\/td>        <\/tr>\n            <tr data-row_id=\"438\" class=\"ninja_table_row_438 nt_row_id_438\">\n            <td>Portaria<\/td><td>019\/2023<\/td><td>25\/01\/2023<\/td><td>Gabinete do prefeito<\/td><td>DISP\u00d5E SOBRE CONCESS\u00c3O DE LICEN\u00c7A PR\u00caMIO E D\u00c1 OUTRAS PROVID\u00caNCIAS<\/td><td>https:\/\/drive.google.com\/open?id=1AfrDDSyyDwK-d0KO4YXwO5hN3WgmcLPu&amp;usp=drive_copy<\/td>        <\/tr>\n            <tr data-row_id=\"439\" class=\"ninja_table_row_439 nt_row_id_439\">\n            <td>Portaria<\/td><td>018\/2023<\/td><td>25\/01\/2023<\/td><td>Gabinete do prefeito<\/td><td>DISP\u00d5E SOBRE CONCESS\u00c3O DE LICEN\u00c7A PR\u00caMIO E D\u00c1 OUTRAS PROVID\u00caNCIAS<\/td><td>https:\/\/drive.google.com\/open?id=13JJkb4YATwA5_cDLnsfaHe8JODoSOv31&amp;usp=drive_copy<\/td>        <\/tr>\n            <tr data-row_id=\"440\" class=\"ninja_table_row_440 nt_row_id_440\">\n            <td>Portaria<\/td><td>012\/2023<\/td><td>17\/01\/2023<\/td><td>Gabinete do prefeito<\/td><td>DISP\u00d5E SOBRE NOMEA\u00c7\u00c3O DA COMISS\u00c3O PERMANENTE DE LICITA\u00c7\u00c3O DA PREFEITURA MUNICIPAL DE ABEL FIGUEIREDO E D\u00c1 OUTRAS PROVIDENCIAS<\/td><td>https:\/\/drive.google.com\/open?id=1PYnVowXq-G1HCpzgq3SvJENsgKFgoT9i&amp;usp=drive_copy<\/td>        <\/tr>\n            <tr data-row_id=\"441\" class=\"ninja_table_row_441 nt_row_id_441\">\n            <td>Portaria<\/td><td>011\/2023<\/td><td>17\/01\/2023<\/td><td>Gabinete do prefeito<\/td><td>DISP\u00d5E SOBRE NOMEA\u00c7\u00c3O DO PREGOEIRO E EQUIPE DE APOIO DA PREFEITURA MUNICIPAL DE ABEL FIGUEIREDO E D\u00c1 OUTRAS PROVID\u00caNCIAS .<\/td><td>https:\/\/drive.google.com\/open?id=1w5pIMMnii0OXR5k7NQxsyNMTMD7aeBwj&amp;usp=drive_copy<\/td>        <\/tr>\n            <tr data-row_id=\"442\" class=\"ninja_table_row_442 nt_row_id_442\">\n            <td>Portaria<\/td><td>007\/2023<\/td><td>16\/01\/2023<\/td><td>Gabinete do prefeito<\/td><td>DISP\u00d5E SOBRE CONCESS\u00c3O DE LICEN\u00c7A PR\u00caMIO E D\u00c1 OUTRAS PROVID\u00caNCIAS<\/td><td>https:\/\/drive.google.com\/open?id=1xvN8FOcqmrs-oNDQyIWSnLtLgmX_inPJ&amp;usp=drive_copy<\/td>        <\/tr>\n            <tr data-row_id=\"443\" class=\"ninja_table_row_443 nt_row_id_443\">\n            <td>Portaria<\/td><td>005\/2023<\/td><td>13\/01\/2023<\/td><td>Gabinete do prefeito<\/td><td>DISP\u00d5E SOBRE CONCESS\u00c3O DE LICEN\u00c7A PR\u00caMIO E D\u00c1 OUTRAS PROVID\u00caNCIAS ;<\/td><td>https:\/\/drive.google.com\/open?id=1wLxK8wvf8pvggOAyaQGzFB3UINkLgWlJ&amp;usp=drive_copy<\/td>        <\/tr>\n            <tr data-row_id=\"444\" class=\"ninja_table_row_444 nt_row_id_444\">\n            <td>Portaria<\/td><td>004\/2023<\/td><td>13\/01\/2023<\/td><td>Gabinete do prefeito<\/td><td>DISPOE SOBRE PRORROGA\u00c7\u00c3O DE LICEN\u00c7A PARA TRATAR INTERESSES DE PARTICULARES E D\u00c1 OUTRASPROVIDENCIAS <\/td><td>https:\/\/drive.google.com\/open?id=1wEMUgheeTndifCbrVTK6Sav11bdvEaFd&amp;usp=drive_copy<\/td>        <\/tr>\n            <tr data-row_id=\"445\" class=\"ninja_table_row_445 nt_row_id_445\">\n            <td>Portaria<\/td><td>003\/2023<\/td><td>13\/01\/2023<\/td><td>Gabinete do prefeito<\/td><td>DISPOE SOBRE CONCESS\u00c3O DE F\u00c9RIAS E D\u00c1 OUTRAS PROVIDENCIAS<\/td><td>https:\/\/drive.google.com\/open?id=11yWXl8A8nvQ0JOmiqrr3vAGuWyoymgb-&amp;usp=drive_copy<\/td>        <\/tr>\n            <tr data-row_id=\"446\" class=\"ninja_table_row_446 nt_row_id_446\">\n            <td>Portaria<\/td><td>002\/2023<\/td><td>13\/01\/2023<\/td><td>Gabinete do prefeito<\/td><td>DISP\u00d5E SOBRE MATERNIDADE PROVIDENCIAS ; CONCESS\u00c3O DE D\u00c1 LICEN\u00c7A OUTRAS<\/td><td>https:\/\/drive.google.com\/open?id=1xZdxjrEYPAtmPOxqGQCn90huKGJxK3xM&amp;usp=drive_copy<\/td>        <\/tr>\n            <tr data-row_id=\"447\" class=\"ninja_table_row_447 nt_row_id_447\">\n            <td>Portaria<\/td><td>001\/2023<\/td><td>09\/01\/2023<\/td><td>Gabinete do prefeito<\/td><td>DISPOE SOBRE CONCESS\u00c3O DE F\u00c9RIAS E D\u00c1 OUTRAS PROVIDENCIAS<\/td><td>https:\/\/drive.google.com\/open?id=1Xh2Cvy1yYiDBdKQa3660y3dm6n_50xIx&amp;usp=drive_copy<\/td>        <\/tr>\n            <tr data-row_id=\"448\" class=\"ninja_table_row_448 nt_row_id_448\">\n            <td>Portaria<\/td><td>437\/2022<\/td><td>19\/12\/2022<\/td><td>Gabinete do prefeito<\/td><td>DISP\u00d5E SOBRE CONCESS\u00c3O DE LICEN\u00c7A PR\u00caMIO E D\u00c1 OUTRAS PROVID\u00caNCIAS<\/td><td>https:\/\/drive.google.com\/open?id=1aUIxf0RUN5ArgleymRXBR1F3-YGeU7-F&amp;usp=drive_copy<\/td>        <\/tr>\n            <tr data-row_id=\"449\" class=\"ninja_table_row_449 nt_row_id_449\">\n            <td>Portaria<\/td><td>431\/2022<\/td><td>15\/12\/2022<\/td><td>Gabinete do prefeito<\/td><td>DISP\u00d5E SOBRE CONCESS\u00c3O DE LICEN\u00c7A PR\u00caMIO E D\u00c1 OUTRAS PROVID\u00caNCIAS<\/td><td>https:\/\/drive.google.com\/open?id=1iOjVK6UroTT5vA1L_n2tUnh4yJAXqtRj&amp;usp=drive_copy<\/td>        <\/tr>\n            <tr data-row_id=\"450\" class=\"ninja_table_row_450 nt_row_id_450\">\n            <td>Portaria<\/td><td>430\/2022<\/td><td>14\/12\/2022<\/td><td>Gabinete do prefeito<\/td><td>DISP\u00d5E SOBRE CONCESS\u00c3O DE LICEN\u00c7A PR\u00caMIO E D\u00c1 OUTRAS PROVID\u00caNCIAS<\/td><td>https:\/\/drive.google.com\/open?id=1LY6hkVl-Mq3U2HdP1CIZ7idNigabs0Ai&amp;usp=drive_copy<\/td>        <\/tr>\n            <tr data-row_id=\"451\" class=\"ninja_table_row_451 nt_row_id_451\">\n            <td>Portaria<\/td><td>429\/2022<\/td><td>14\/12\/2022<\/td><td>Gabinete do prefeito<\/td><td>DISPOE SOBRE CONCESS\u00c3O DE F\u00c9RIAS E D\u00c1 OUTRAS PROVIDENCIAS<\/td><td>https:\/\/drive.google.com\/open?id=1BVILlr9ZMcSyhu3c-kiDrIpt3O1RJ43F&amp;usp=drive_copy<\/td>        <\/tr>\n            <tr data-row_id=\"452\" class=\"ninja_table_row_452 nt_row_id_452\">\n            <td>Portaria<\/td><td>428\/2022<\/td><td>13\/12\/2022<\/td><td>Gabinete do prefeito<\/td><td>DISP\u00d5E SOBRE CONCESS\u00c3O DE LICEN\u00c7A PR\u00caMIO E D\u00c1 OUTRAS PROVID\u00caNCIAS<\/td><td>https:\/\/drive.google.com\/open?id=1Jw3TW2wurRCsO_XNU5bBOLWGMrLkfCRV&amp;usp=drive_copy<\/td>        <\/tr>\n            <tr data-row_id=\"453\" class=\"ninja_table_row_453 nt_row_id_453\">\n            <td>Portaria<\/td><td>427\/2022<\/td><td>13\/12\/2022<\/td><td>Gabinete do prefeito<\/td><td>DISPOE SOBRE PRORROGA\u00c7\u00c3O DE LICEN\u00c7A PARA TRATAR DE INTERESSES PARTICULARES E D\u00c1  OUTRAS PROVIDENCIAS <\/td><td>https:\/\/drive.google.com\/open?id=14WvadAwQuKgW2ZOsokJa8uRXX3gbuZrS&amp;usp=drive_copy<\/td>        <\/tr>\n            <tr data-row_id=\"454\" class=\"ninja_table_row_454 nt_row_id_454\">\n            <td>Portaria<\/td><td>426\/2022<\/td><td>12\/12\/2022<\/td><td>Gabinete do prefeito<\/td><td>DISPOE SOBRE CONCESS\u00c3O DE F\u00c9RIAS E D\u00c1 OUTRAS PROVIDENCIAS<\/td><td>https:\/\/drive.google.com\/open?id=1K7MJPAEaPq0yRIZ5rvXl5o1fvLsXC7yE&amp;usp=drive_copy<\/td>        <\/tr>\n            <tr data-row_id=\"455\" class=\"ninja_table_row_455 nt_row_id_455\">\n            <td>Portaria<\/td><td>422\/2022<\/td><td>07\/12\/2022<\/td><td>Gabinete do prefeito<\/td><td>DISP\u00d5E SOBRE CONCESS\u00c3O DE LICEN\u00c7A PR\u00caMIO E D\u00c1 OUTRAS PROVID\u00caNCIAS<\/td><td>https:\/\/drive.google.com\/open?id=1CpGvwamfEgkGw7b7dW06bN1KwFFNGek-&amp;usp=drive_copy<\/td>        <\/tr>\n            <tr data-row_id=\"456\" class=\"ninja_table_row_456 nt_row_id_456\">\n            <td>Portaria<\/td><td>412\/2022<\/td><td>29\/11\/2022<\/td><td>Gabinete do prefeito<\/td><td>DISP\u00d5E SOBRE CONCESS\u00c3O DE LICEN\u00c7A MATRIM\u00d4NIO E D\u00c1 OUTRAS PROVID\u00caNCIAS<\/td><td>https:\/\/drive.google.com\/open?id=137UOkvUxT8vwOs3GLOCtcm_0ylNxi48D&amp;usp=drive_copy<\/td>        <\/tr>\n            <tr data-row_id=\"457\" class=\"ninja_table_row_457 nt_row_id_457\">\n            <td>Portaria<\/td><td>411\/2022<\/td><td>29\/11\/2022<\/td><td>Gabinete do prefeito<\/td><td>DISPOE SOBRE CONCESS\u00c3O DE F\u00c9RIAS E D\u00c1 OUTRAS PROVIDENCIAS<\/td><td>https:\/\/drive.google.com\/open?id=1ffxOF2SBLo_zaKNT6ikY4cS8IhAqMImg&amp;usp=drive_copy<\/td>        <\/tr>\n            <tr data-row_id=\"458\" class=\"ninja_table_row_458 nt_row_id_458\">\n            <td>Portaria<\/td><td>408\/2022<\/td><td>28\/11\/2022<\/td><td>Gabinete do prefeito<\/td><td>DISP\u00d5E SOBRE CONCESS\u00c3O DE LICEN\u00c7A MATRIM\u00d4NIO E D\u00c1 OUTRAS PROVID\u00caNCIAS<\/td><td>https:\/\/drive.google.com\/open?id=1muIg55kJvTaPqASL3MYYAZwySAKkkyVg&amp;usp=drive_copy<\/td>        <\/tr>\n            <tr data-row_id=\"459\" class=\"ninja_table_row_459 nt_row_id_459\">\n            <td>Portaria<\/td><td>403\/2022<\/td><td>21\/11\/2022<\/td><td>Gabinete do prefeito<\/td><td>DISPOE SOBRE CONCESS\u00c3O DE F\u00c9RIAS E D\u00c1 OUTRAS PROVIDENCIAS<\/td><td>https:\/\/drive.google.com\/open?id=1fLs5KFNYB6ALYViJ1AM_JLDPBHc7m-7a&amp;usp=drive_copy<\/td>        <\/tr>\n            <tr data-row_id=\"460\" class=\"ninja_table_row_460 nt_row_id_460\">\n            <td>Portaria<\/td><td>402\/2022<\/td><td>21\/11\/2022<\/td><td>Gabinete do prefeito<\/td><td>DISPOE SOBRE CONCESS\u00c3O DE F\u00c9RIAS E D\u00c1 OUTRAS PROVIDENCIAS<\/td><td>https:\/\/drive.google.com\/open?id=11vINknwFZLVK5jLtl5LJaguCVAVyMzwJ&amp;usp=drive_copy<\/td>        <\/tr>\n            <tr data-row_id=\"461\" class=\"ninja_table_row_461 nt_row_id_461\">\n            <td>Portaria<\/td><td>400\/2022<\/td><td>21\/11\/2022<\/td><td>Gabinete do prefeito<\/td><td>DISPOE SOBRE CONCESS\u00c3O DE F\u00c9RIAS E D\u00c1 OUTRAS PROVIDENCIAS<\/td><td>https:\/\/drive.google.com\/open?id=1dV4ATTwb6SdyXFVLL_ExA6LqtNgwzeG6&amp;usp=drive_copy<\/td>        <\/tr>\n            <tr data-row_id=\"462\" class=\"ninja_table_row_462 nt_row_id_462\">\n            <td>Portaria<\/td><td>398\/2022<\/td><td>11\/11\/2022<\/td><td>Gabinete do prefeito<\/td><td>DISP\u00d5E SOBRE CONCESS\u00c3O DE LICEN\u00c7A PARA TRATAR INTERESSES PARTICULARES E D\u00c1 OUTRAS PROVIDENCIAS<\/td><td>https:\/\/drive.google.com\/open?id=1_cRm76ADx17Z7d_EnPl-OIrYX6cz0znq&amp;usp=drive_copy<\/td>        <\/tr>\n            <tr data-row_id=\"463\" class=\"ninja_table_row_463 nt_row_id_463\">\n            <td>Portaria<\/td><td>387\/2022<\/td><td>07\/11\/2022<\/td><td>Gabinete do prefeito<\/td><td>DISPOE SOBRE CONCESS\u00c3O DE F\u00c9RIAS E D\u00c1 OUTRAS PROVIDENCIAS<\/td><td>https:\/\/drive.google.com\/open?id=1SDuPKJriDnAQ2pPUF1WMO6N_SPd2xZrI&amp;usp=drive_copy<\/td>        <\/tr>\n            <tr data-row_id=\"464\" class=\"ninja_table_row_464 nt_row_id_464\">\n            <td>Portaria<\/td><td>386\/2022<\/td><td>03\/11\/2022<\/td><td>Gabinete do prefeito<\/td><td>DISPOE SOBRE CONCESS\u00c3O DE F\u00c9RIAS E D\u00c1 OUTRAS PROVIDENCIAS<\/td><td>https:\/\/drive.google.com\/open?id=1nTsiKFUNGfxNzSAFTTeR0JUqoeMwjAXz&amp;usp=drive_copy<\/td>        <\/tr>\n            <tr data-row_id=\"465\" class=\"ninja_table_row_465 nt_row_id_465\">\n            <td>Portaria<\/td><td>385\/2022<\/td><td>03\/11\/2022<\/td><td>Gabinete do prefeito<\/td><td>DISPOE SOBRE CONCESS\u00c3O DE F\u00c9RIAS E D\u00c1 OUTRAS PROVIDENCIAS<\/td><td>https:\/\/drive.google.com\/open?id=1Jgw1nNJlhH2JwrE5F0kA-jw6KNq8Oe3a&amp;usp=drive_copy<\/td>        <\/tr>\n            <tr data-row_id=\"466\" class=\"ninja_table_row_466 nt_row_id_466\">\n            <td>Portaria<\/td><td>384\/2022<\/td><td>03\/11\/2022<\/td><td>Gabinete do prefeito<\/td><td>DISPOE SOBRE CONCESS\u00c3O DE F\u00c9RIAS E D\u00c1 OUTRAS PROVIDENCIAS<\/td><td>https:\/\/drive.google.com\/open?id=1vy6hEHgk0lAl4uMhA8Ug5vLDDkK9jGi7&amp;usp=drive_copy<\/td>        <\/tr>\n            <tr data-row_id=\"467\" class=\"ninja_table_row_467 nt_row_id_467\">\n            <td>Portaria<\/td><td>383\/2022<\/td><td>03\/11\/2022<\/td><td>Gabinete do prefeito<\/td><td>DISPOE SOBRE CONCESS\u00c3O DE F\u00c9RIAS E D\u00c1 OUTRAS PROVIDENCIAS<\/td><td>https:\/\/drive.google.com\/open?id=16r0K8-DAo6zcnInbQ-He7qFuAwHb4b7d&amp;usp=drive_copy<\/td>        <\/tr>\n            <tr data-row_id=\"468\" class=\"ninja_table_row_468 nt_row_id_468\">\n            <td>Portaria<\/td><td>382\/2022<\/td><td>03\/11\/2022<\/td><td>Gabinete do prefeito<\/td><td>DISPOE SOBRE CONCESS\u00c3O DE F\u00c9RIAS E D\u00c1 OUTRAS PROVIDENCIAS<\/td><td>https:\/\/drive.google.com\/open?id=1x-u2Rk-iUirKEZcy-J8XElcZeitr8Cjo&amp;usp=drive_copy<\/td>        <\/tr>\n            <tr data-row_id=\"469\" class=\"ninja_table_row_469 nt_row_id_469\">\n            <td>Portaria<\/td><td>382\/2022<\/td><td>03\/11\/2022<\/td><td>Gabinete do prefeito<\/td><td>DISP\u00d5E SOBRE CED\u00caNCIA DE SERVIDOR P\u00daBLICO MUNICIPAL E D\u00c1 OUTRAS PROVID\u00caNCIAS<\/td><td>https:\/\/drive.google.com\/open?id=1YKAeTDVQObh9bUXCcBTPPurJF6cDiqiK&amp;usp=drive_copy<\/td>        <\/tr>\n            <tr data-row_id=\"470\" class=\"ninja_table_row_470 nt_row_id_470\">\n            <td>Portaria<\/td><td>381\/2022<\/td><td>03\/11\/2022<\/td><td>Gabinete do prefeito<\/td><td>DISPOE SOBRE CONCESS\u00c3O DE F\u00c9RIAS E D\u00c1 OUTRAS PROVIDENCIAS<\/td><td>https:\/\/drive.google.com\/open?id=1G97fpWeDOqi6xCl2a8M9iWg3yesGeWVC&amp;usp=drive_copy<\/td>        <\/tr>\n            <tr data-row_id=\"471\" class=\"ninja_table_row_471 nt_row_id_471\">\n            <td>Portaria<\/td><td>379\/2022<\/td><td>03\/11\/2022<\/td><td>Gabinete do prefeito<\/td><td>DISPOE SOBRE CONCESS\u00c3O DE F\u00c9RIAS E D\u00c1 OUTRAS PROVIDENCIAS<\/td><td>https:\/\/drive.google.com\/open?id=1NkAqbgdUsJW36HiFYXGmPXRiQehdIkAG&amp;usp=drive_copy<\/td>        <\/tr>\n            <tr data-row_id=\"472\" class=\"ninja_table_row_472 nt_row_id_472\">\n            <td>Portaria<\/td><td>378\/2022<\/td><td>03\/11\/2022<\/td><td>Gabinete do prefeito<\/td><td>DISPOE SOBRE CONCESS\u00c3O DE F\u00c9RIAS E D\u00c1 OUTRAS PROVIDENCIAS<\/td><td>https:\/\/drive.google.com\/open?id=1ENMAqV1Rdj7UNcj9idkPKaglQuQB5jx6&amp;usp=drive_copy<\/td>        <\/tr>\n            <tr data-row_id=\"473\" class=\"ninja_table_row_473 nt_row_id_473\">\n            <td>Portaria<\/td><td>377\/2022<\/td><td>03\/11\/2022<\/td><td>Gabinete do prefeito<\/td><td>DISP\u00d5E SOBRE CONCESS\u00c3O DE LICEN\u00c7A PR\u00caMIO E D\u00c1 OUTRAS PROVID\u00caNCIAS<\/td><td>https:\/\/drive.google.com\/open?id=1UnY_tLcO2DMe-uuUyMTU6_8B8uXac9Sy&amp;usp=drive_copy<\/td>        <\/tr>\n            <tr data-row_id=\"474\" class=\"ninja_table_row_474 nt_row_id_474\">\n            <td>Portaria<\/td><td>376\/2022<\/td><td>28\/10\/2022<\/td><td>Gabinete do prefeito<\/td><td>DISP\u00d5E SOBRE CONCESS\u00c3O DE LICEN\u00c7A PR\u00caMIO E D\u00c1 OUTRAS PROVID\u00caNCIAS<\/td><td>https:\/\/drive.google.com\/open?id=1jd67weH0xV-04fVtyv4JTnKsd_W4-Fyc&amp;usp=drive_copy<\/td>        <\/tr>\n            <tr data-row_id=\"475\" class=\"ninja_table_row_475 nt_row_id_475\">\n            <td>Portaria<\/td><td>375\/2022<\/td><td>27\/10\/2022<\/td><td>Gabinete do prefeito<\/td><td>Disp\u00f5e sobre a cria\u00e7\u00e3o da COMISS\u00c3O ORGANIZADORA MUNICIPAL da Confer\u00eancia Municipal da Cidade Abel Figueiredo.<\/td><td>https:\/\/drive.google.com\/open?id=1X9-zLQJi7oq91elFuMMW-BD8ZLELtKxE&amp;usp=drive_copy<\/td>        <\/tr>\n            <tr data-row_id=\"476\" class=\"ninja_table_row_476 nt_row_id_476\">\n            <td>Portaria<\/td><td>371\/2022<\/td><td>21\/10\/2022<\/td><td>Gabinete do prefeito<\/td><td>DISPOE SOBRE CONCESS\u00c3O DE F\u00c9RIAS E D\u00c1 OUTRAS PROVIDENCIAS<\/td><td>https:\/\/drive.google.com\/open?id=1PUxYjuUyQ2MiTowF7YvpAuPasvdFGy1L&amp;usp=drive_copy<\/td>        <\/tr>\n            <tr data-row_id=\"477\" class=\"ninja_table_row_477 nt_row_id_477\">\n            <td>Portaria<\/td><td>370\/2022<\/td><td>21\/10\/2022<\/td><td>Gabinete do prefeito<\/td><td>DISP\u00d5E SOBRE CONCESS\u00c3O DE LICEN\u00c7A PR\u00caMIO E D\u00c1 OUTRAS PROVID\u00caNCIAS<\/td><td>https:\/\/drive.google.com\/open?id=1ji4gBV8ukLg-E-lyHKq-W8uXfpAU9UjX&amp;usp=drive_copy<\/td>        <\/tr>\n            <tr data-row_id=\"478\" class=\"ninja_table_row_478 nt_row_id_478\">\n            <td>Portaria<\/td><td>359\/2022<\/td><td>10\/10\/2022<\/td><td>Gabinete do prefeito<\/td><td>DISP\u00d5E SOBRE NOMEA\u00c7\u00c3O PARA CARGO EM COMISS\u00c3O DIRE\u00c7\u00c3O ASSESSORAMENTO E D\u00c1 OUTRAS PROVID\u00caNCIAS ;<\/td><td>https:\/\/drive.google.com\/open?id=1lX3bsgkVsCZr4rthTfp0ZBpfZaCTFvnI&amp;usp=drive_copy<\/td>        <\/tr>\n            <tr data-row_id=\"479\" class=\"ninja_table_row_479 nt_row_id_479\">\n            <td>Portaria<\/td><td>357\/2022<\/td><td>07\/10\/2022<\/td><td>Gabinete do prefeito<\/td><td>DISPOE SOBRE CONCESS\u00c3O DE F\u00c9RIAS E D\u00c1 OUTRAS PROVIDENCIAS<\/td><td>https:\/\/drive.google.com\/open?id=1ThfjH5NKcLFgb5LY1WmauQEpfRCIxD06&amp;usp=drive_copy<\/td>        <\/tr>\n            <tr data-row_id=\"480\" class=\"ninja_table_row_480 nt_row_id_480\">\n            <td>Portaria<\/td><td>356\/2022<\/td><td>07\/10\/2022<\/td><td>Gabinete do prefeito<\/td><td>DISP\u00d5E SOBRE PRORROGA\u00c7\u00c3O DE LICEN\u00c7A PARA TRATAR DE INTERESSES PARTICULARES E D\u00c1 OUTRAS PROVID\u00caNCIAS<\/td><td>https:\/\/drive.google.com\/open?id=1gsI6Qx1wF9DU-udhdJwHJuXi8gfo9F-Q&amp;usp=drive_copy<\/td>        <\/tr>\n            <tr data-row_id=\"481\" class=\"ninja_table_row_481 nt_row_id_481\">\n            <td>Portaria<\/td><td>353\/2022<\/td><td>03\/10\/2022<\/td><td>Gabinete do prefeito<\/td><td>DISP\u00d5E SOBRE CONCESS\u00c3O DE LICEN\u00c7A PR\u00caMIO E D\u00c1 OUTRAS PROVID\u00caNCIAS<\/td><td>https:\/\/drive.google.com\/open?id=1YAD-ykzOQgJJ1A9WdTTs7kanL6WTx7Ut&amp;usp=drive_copy<\/td>        <\/tr>\n            <tr data-row_id=\"482\" class=\"ninja_table_row_482 nt_row_id_482\">\n            <td>Portaria<\/td><td>334\/2022<\/td><td>15\/09\/2022<\/td><td>Gabinete do prefeito<\/td><td>DISP\u00d5E SOBRE EXONERA\u00c7\u00c3O DO CARGO DE DIRE\u00c7\u00c3O E ASSESSORAMENTO E D\u00c1 OUTRAS PROVID\u00caNCIAS<\/td><td>https:\/\/drive.google.com\/open?id=18zQ9J0Mf57Jfehon5IWKXO6mebloparw&amp;usp=drive_copy<\/td>        <\/tr>\n            <tr data-row_id=\"483\" class=\"ninja_table_row_483 nt_row_id_483\">\n            <td>Portaria<\/td><td>329\/2022<\/td><td>12\/09\/2022<\/td><td>Gabinete do prefeito<\/td><td>DISP\u00d5E SOBRE NOMEA\u00c7\u00c3O PARA CARGO EM COMISS\u00c3O DIRE\u00c7\u00c3O ASSESSORAMENTO E D\u00c1 OUTRAS PROVID\u00caNCIAS<\/td><td>https:\/\/drive.google.com\/open?id=1IoAct7TYZf4sSCFECNYxm_ul0sy8Tfe-&amp;usp=drive_copy<\/td>        <\/tr>\n            <tr data-row_id=\"484\" class=\"ninja_table_row_484 nt_row_id_484\">\n            <td>Portaria<\/td><td>323\/2022<\/td><td>29\/08\/2022<\/td><td>Gabinete do prefeito<\/td><td>DISP\u00d5E SOBRE CONCESS\u00c3O DE LICEN\u00c7A PR\u00caMIO E D\u00c1 OUTRAS PROVID\u00caNCIAS<\/td><td>https:\/\/drive.google.com\/open?id=1rhYtyGdnftTuy8o6ImsYFXBGc2Fe1mbp&amp;usp=drive_copy<\/td>        <\/tr>\n            <tr data-row_id=\"485\" class=\"ninja_table_row_485 nt_row_id_485\">\n            <td>Portaria<\/td><td>322\/2022<\/td><td>29\/08\/2022<\/td><td>Gabinete do prefeito<\/td><td>DISP\u00d5E SOBRE CONCESS\u00c3O DE LICEN\u00c7A PR\u00caMIO E D\u00c1 OUTRAS PROVID\u00caNCIAS<\/td><td>https:\/\/drive.google.com\/open?id=1VbDkUXJDEzBQfenp-so-7jcrcs2jdFYz&amp;usp=drive_copy<\/td>        <\/tr>\n            <tr data-row_id=\"486\" class=\"ninja_table_row_486 nt_row_id_486\">\n            <td>Portaria<\/td><td>320\/2022<\/td><td>26\/08\/2022<\/td><td>Gabinete do prefeito<\/td><td>DISP\u00d5E SOBRE CONCESS\u00c3O DE LICEN\u00c7A PR\u00caMIO E D\u00c1 OUTRAS PROVID\u00caNCIAS<\/td><td>https:\/\/drive.google.com\/open?id=17ghcqi-FQ1ZA9n_3nuZ4U8lq9bxsYyzU&amp;usp=drive_copy<\/td>        <\/tr>\n            <tr data-row_id=\"487\" class=\"ninja_table_row_487 nt_row_id_487\">\n            <td>Portaria<\/td><td>319\/2022<\/td><td>26\/08\/2022<\/td><td>Gabinete do prefeito<\/td><td>DISP\u00d5E SOBRE CONCESS\u00c3O DE LICEN\u00c7A PR\u00caMIO E D\u00c1 OUTRAS PROVID\u00caNCIAS<\/td><td>https:\/\/drive.google.com\/open?id=1HiKLLhWMkRU9XDv74t39YUubYXfdyNkm&amp;usp=drive_copy<\/td>        <\/tr>\n            <tr data-row_id=\"488\" class=\"ninja_table_row_488 nt_row_id_488\">\n            <td>Portaria<\/td><td>318\/2022<\/td><td>26\/08\/2022<\/td><td>Gabinete do prefeito<\/td><td>DISP\u00d5E SOBRE CONCESS\u00c3O DE LICEN\u00c7A PR\u00caMIO E D\u00c1 OUTRAS PROVID\u00caNCIAS<\/td><td>https:\/\/drive.google.com\/open?id=1GGPVlJibYcl4vnKj_45J3rF90HTu561s&amp;usp=drive_copy<\/td>        <\/tr>\n            <tr data-row_id=\"489\" class=\"ninja_table_row_489 nt_row_id_489\">\n            <td>Portaria<\/td><td>317\/2022<\/td><td>26\/08\/2022<\/td><td>Gabinete do prefeito<\/td><td>DISP\u00d5E SOBRE CONCESS\u00c3O DE LICEN\u00c7A PR\u00caMIO E D\u00c1 OUTRAS PROVID\u00caNCIAS<\/td><td>https:\/\/drive.google.com\/open?id=1lB1md_xVseLKG653W8BZUN66fnRMJEf9&amp;usp=drive_copy<\/td>        <\/tr>\n            <tr data-row_id=\"490\" class=\"ninja_table_row_490 nt_row_id_490\">\n            <td>Portaria<\/td><td>316\/2022<\/td><td>26\/08\/2022<\/td><td>Gabinete do prefeito<\/td><td>DISP\u00d5E SOBRE CONCESS\u00c3O DE LICEN\u00c7A PR\u00caMIO E D\u00c1 OUTRAS PROVID\u00caNCIAS<\/td><td>https:\/\/drive.google.com\/open?id=190blQF1S-4IcZddQ28ar0IHgj-gEGE3L&amp;usp=drive_copy<\/td>        <\/tr>\n            <tr data-row_id=\"491\" class=\"ninja_table_row_491 nt_row_id_491\">\n            <td>Portaria<\/td><td>315\/2022<\/td><td>25\/08\/2022<\/td><td>Gabinete do prefeito<\/td><td>DISPOE SOBRE CONCESS\u00c3O DE F\u00c9RIAS E D\u00c1 OUTRAS PROVIDENCIAS<\/td><td>https:\/\/drive.google.com\/open?id=1AjMUcmY9gzz82fcGLtCzlRGxHwMT5l9_&amp;usp=drive_copy<\/td>        <\/tr>\n            <tr data-row_id=\"492\" class=\"ninja_table_row_492 nt_row_id_492\">\n            <td>Portaria<\/td><td>314\/2022<\/td><td>25\/08\/2022<\/td><td>Gabinete do prefeito<\/td><td>DISPOE SOBRE CONCESS\u00c3O DE F\u00c9RIAS E D\u00c1 OUTRAS PROVIDENCIAS<\/td><td>https:\/\/drive.google.com\/open?id=1gflyV_V4UzGGZjjzlXds_70OzxHXuBzw&amp;usp=drive_copy<\/td>        <\/tr>\n            <tr data-row_id=\"493\" class=\"ninja_table_row_493 nt_row_id_493\">\n            <td>Portaria<\/td><td>313\/2022<\/td><td>25\/08\/2022<\/td><td>Gabinete do prefeito<\/td><td>DISPOE SOBRE CONCESS\u00c3O DE F\u00c9RIAS E D\u00c1 OUTRAS PROVIDENCIAS<\/td><td>https:\/\/drive.google.com\/open?id=1dnmJCyVkxboPpXrWGLN6QkveZFz5R9eU&amp;usp=drive_copy<\/td>        <\/tr>\n            <tr data-row_id=\"494\" class=\"ninja_table_row_494 nt_row_id_494\">\n            <td>Portaria<\/td><td>312\/2022<\/td><td>25\/08\/2022<\/td><td>Gabinete do prefeito<\/td><td>DISP\u00d5E SOBRE CONCESS\u00c3O DE LICEN\u00c7A PR\u00caMIO E D\u00c1 OUTRAS PROVID\u00caNCIAS<\/td><td>https:\/\/drive.google.com\/open?id=1lKB0E6IkEtBLCWSJ6eF8gGH35Y3T8I4b&amp;usp=drive_copy<\/td>        <\/tr>\n            <tr data-row_id=\"495\" class=\"ninja_table_row_495 nt_row_id_495\">\n            <td>Portaria<\/td><td>311\/2022<\/td><td>25\/08\/2022<\/td><td>Gabinete do prefeito<\/td><td>DISPOE SOBRE CONCESS\u00c3O DE F\u00c9RIAS E D\u00c1 OUTRAS PROVIDENCIAS<\/td><td>https:\/\/drive.google.com\/open?id=1Av_YKsRm_xFTGyRfam4o9itQgsh6vf28&amp;usp=drive_copy<\/td>        <\/tr>\n            <tr data-row_id=\"496\" class=\"ninja_table_row_496 nt_row_id_496\">\n            <td>Portaria<\/td><td>310\/2022<\/td><td>25\/08\/2022<\/td><td>Gabinete do prefeito<\/td><td>DISPOE SOBRE CONCESS\u00c3O DE F\u00c9RIAS E D\u00c1 OUTRAS PROVIDENCIAS<\/td><td>https:\/\/drive.google.com\/open?id=1-Y1kzvPvB_NSvyVvOytYOcuZ9wXuDd5U&amp;usp=drive_copy<\/td>        <\/tr>\n            <tr data-row_id=\"497\" class=\"ninja_table_row_497 nt_row_id_497\">\n            <td>Portaria<\/td><td>308\/2022<\/td><td>23\/08\/2022<\/td><td>Gabinete do prefeito<\/td><td>DISP\u00d5E SOBRE REVOGA\u00c7\u00c3O DA PORTARIA QUE MENCIONA E D\u00c1 OUTRAS PROVID\u00caNCIAS<\/td><td>https:\/\/drive.google.com\/open?id=18dNpWvUxcYWUYcsuzstpefRPfdyrcfiX&amp;usp=drive_copy<\/td>        <\/tr>\n            <tr data-row_id=\"498\" class=\"ninja_table_row_498 nt_row_id_498\">\n            <td>Portaria<\/td><td>307\/2022<\/td><td>22\/08\/2022<\/td><td>Gabinete do prefeito<\/td><td>DISP\u00d5E SOBRE NOMEA\u00c7\u00c3O PARA CARGO DE DIRE\u00c7\u00c3O E ASSESSORAMENTO E D\u00c1 OUTRAS PROVID\u00caNCIAS<\/td><td>https:\/\/drive.google.com\/open?id=1ztxS-vllRhpQthTsxatvxhu6pTlA1TYd&amp;usp=drive_copy<\/td>        <\/tr>\n            <tr data-row_id=\"499\" class=\"ninja_table_row_499 nt_row_id_499\">\n            <td>Portaria<\/td><td>304\/2022<\/td><td>22\/08\/2022<\/td><td>Gabinete do prefeito<\/td><td>DISPOE SOBRE CONCESS\u00c3O DE F\u00c9RIAS E D\u00c1 OUTRAS PROVIDENCIAS<\/td><td>https:\/\/drive.google.com\/open?id=1r2E-3z3896hSdyAuyUD2ODzwtG6TK3HE&amp;usp=drive_copy<\/td>        <\/tr>\n            <tr data-row_id=\"500\" class=\"ninja_table_row_500 nt_row_id_500\">\n            <td>Portaria<\/td><td>303\/2022<\/td><td>22\/08\/2022<\/td><td>Gabinete do prefeito<\/td><td>DISPOE SOBRE CONCESS\u00c3O DE F\u00c9RIAS E D\u00c1 OUTRAS PROVIDENCIAS<\/td><td>https:\/\/drive.google.com\/open?id=1egdVOOfAfheLuBiGeywDyEYSn4JhRvm6&amp;usp=drive_copy<\/td>        <\/tr>\n            <tr data-row_id=\"501\" class=\"ninja_table_row_501 nt_row_id_501\">\n            <td>Portaria<\/td><td>302\/2022<\/td><td>22\/08\/2022<\/td><td>Gabinete do prefeito<\/td><td>DISPOE SOBRE CONCESS\u00c3O DE F\u00c9RIAS E D\u00c1 OUTRAS PROVIDENCIAS<\/td><td>https:\/\/drive.google.com\/open?id=1cSdbyhzWyzT1Fzrj5JS9m12LD5ArMDWd&amp;usp=drive_copy<\/td>        <\/tr>\n            <tr data-row_id=\"502\" class=\"ninja_table_row_502 nt_row_id_502\">\n            <td>Portaria<\/td><td>301\/2022<\/td><td>22\/08\/2022<\/td><td>Gabinete do prefeito<\/td><td>DISPOE SOBRE CONCESS\u00c3O DE F\u00c9RIAS E D\u00c1 OUTRAS PROVIDENCIAS<\/td><td>https:\/\/drive.google.com\/open?id=1ivy3XZFbqB_de4lBNZfPIazMjnUNrS5X&amp;usp=drive_copy<\/td>        <\/tr>\n            <tr data-row_id=\"503\" class=\"ninja_table_row_503 nt_row_id_503\">\n            <td>Portaria<\/td><td>299\/2022<\/td><td>22\/08\/2022<\/td><td>Gabinete do prefeito<\/td><td>DISP\u00d5E SOBRE CONCESS\u00c3O DE LICEN\u00c7A PR\u00caMIO E D\u00c1 OUTRAS PROVID\u00caNCIAS<\/td><td>https:\/\/drive.google.com\/open?id=1FS36o43qxmTvUNxzFqMT-GK-5DqLiQE2&amp;usp=drive_copy<\/td>        <\/tr>\n            <tr data-row_id=\"504\" class=\"ninja_table_row_504 nt_row_id_504\">\n            <td>Portaria<\/td><td>298\/2022<\/td><td>11\/08\/2022<\/td><td>Gabinete do prefeito<\/td><td>DISP\u00d5E SOBRE NOMEA\u00c7\u00c3O PARA CARGO DE PROVIMENTO EM COMISS\u00c3O DE SECRET\u00c1RIO MUNICIPAL E D\u00c1 OUTRAS PROVID\u00caNCIAS <\/td><td>https:\/\/drive.google.com\/open?id=1TJjZSjBS5JLWDigQhtCTGhZgILp8vOjX&amp;usp=drive_copy<\/td>        <\/tr>\n            <tr data-row_id=\"505\" class=\"ninja_table_row_505 nt_row_id_505\">\n            <td>Portaria<\/td><td>295\/2022<\/td><td>11\/08\/2022<\/td><td>Gabinete do prefeito<\/td><td>DISP\u00d5E SOBRE EXONERA\u00c7\u00c3O DO CARGO DE PROVIMENTO EM COMISS\u00c3O DE SECRET\u00c1RIO MUNICIPAL E D\u00c1 OUTRAS PROVID\u00caNCIAS<\/td><td>https:\/\/drive.google.com\/open?id=1hnieRn1lf7PnZiQUlzYAYGZ1XeK3v-E1&amp;usp=drive_copy<\/td>        <\/tr>\n            <tr data-row_id=\"506\" class=\"ninja_table_row_506 nt_row_id_506\">\n            <td>Portaria<\/td><td>294\/2022<\/td><td>11\/08\/2022<\/td><td>Gabinete do prefeito<\/td><td>DISP\u00d5E SOBRE NOMEA\u00c7\u00c3O PARA O CARGO DE GESTOR ESCOLAR E D\u00c1 OUTRAS PROVID\u00caNCIAS<\/td><td>https:\/\/drive.google.com\/open?id=1kP6MOQxWCdOwYSpFf6EYB_ChZ7sgfzuM&amp;usp=drive_copy<\/td>        <\/tr>\n            <tr data-row_id=\"507\" class=\"ninja_table_row_507 nt_row_id_507\">\n            <td>Portaria<\/td><td>293\/2022<\/td><td>11\/08\/2022<\/td><td>Gabinete do prefeito<\/td><td>DISP\u00d5E SOBRE NOMEA\u00c7\u00c3O PARA O CARGO DE GESTOR ESCOLAR E D\u00c1 OUTRAS PROVID\u00caNCIAS<\/td><td>https:\/\/drive.google.com\/open?id=1suP4a0HGYFVzW9gw3LbzpmMq81Rrbf9J&amp;usp=drive_copy<\/td>        <\/tr>\n            <tr data-row_id=\"508\" class=\"ninja_table_row_508 nt_row_id_508\">\n            <td>Portaria<\/td><td>292\/2022<\/td><td>10\/08\/2022<\/td><td>Gabinete do prefeito<\/td><td>DISP\u00d5E SOBRE CONCESS\u00c3O DE LICEN\u00c7A PR\u00caMIO E D\u00c1 OUTRAS PROVID\u00caNCIAS<\/td><td>https:\/\/drive.google.com\/open?id=1GYQXtnPFITnYwKG0riL0vbMT2Evgka73&amp;usp=drive_copy<\/td>        <\/tr>\n            <tr data-row_id=\"509\" class=\"ninja_table_row_509 nt_row_id_509\">\n            <td>Portaria<\/td><td>291\/2022<\/td><td>03\/08\/2022<\/td><td>Gabinete do prefeito<\/td><td>DISP\u00d5E SOBRE EXONERA\u00c7\u00c3O DE GESTOR ESCOLAR E D\u00c1 OUTRAS PROVID\u00caNCIAS;<\/td><td>https:\/\/drive.google.com\/open?id=136lAf6OQgM3kduCUU8u_QXbFcGbCqdoZ&amp;usp=drive_copy<\/td>        <\/tr>\n            <tr data-row_id=\"510\" class=\"ninja_table_row_510 nt_row_id_510\">\n            <td>Portaria<\/td><td>290\/2022<\/td><td>01\/08\/2022<\/td><td>Gabinete do prefeito<\/td><td>DISPOE SOBRE CONCESS\u00c3O DE F\u00c9RIAS E D\u00c1 OUTRAS PROVIDENCIAS<\/td><td>https:\/\/drive.google.com\/open?id=13KKR71gdxu3ghzHt4b_bw8Sz0VsSC6YB&amp;usp=drive_copy<\/td>        <\/tr>\n            <tr data-row_id=\"511\" class=\"ninja_table_row_511 nt_row_id_511\">\n            <td>Portaria<\/td><td>289\/2022<\/td><td>01\/08\/2023<\/td><td>Gabinete do prefeito<\/td><td>DISP\u00d5E SOBRE CONCESS\u00c3O DE LICEN\u00c7A PR\u00caMIO E D\u00c1 OUTRAS PROVID\u00caNCIAS<\/td><td>https:\/\/drive.google.com\/open?id=1pF92bcGJ1xWbNpGyquKmZnNG4s4bMHXV&amp;usp=drive_copy<\/td>        <\/tr>\n            <tr data-row_id=\"512\" class=\"ninja_table_row_512 nt_row_id_512\">\n            <td>Portaria<\/td><td>288\/2022<\/td><td>01\/08\/2022<\/td><td>Gabinete do prefeito<\/td><td>DISP\u00d5E SOBRE NOMEA\u00c7\u00c3O PARA CARGO EM COMISS\u00c3O DE DIRE\u00c7\u00c3O E D\u00c1 OUTRAS E ASSESSORAMENTO PROVID\u00caNCIAS<\/td><td>https:\/\/drive.google.com\/open?id=1sf94A3ZcO3IwtZMLaWoeu_oy0eGlViZx&amp;usp=drive_copy<\/td>        <\/tr>\n            <tr data-row_id=\"513\" class=\"ninja_table_row_513 nt_row_id_513\">\n            <td>Portaria<\/td><td>287\/2022<\/td><td>01\/08\/2022<\/td><td>Gabinete do prefeito<\/td><td>DISPOE SOBRE CONCESS\u00c3O DE F\u00c9RIAS E D\u00c1 OUTRAS PROVIDENCIAS<\/td><td>https:\/\/drive.google.com\/open?id=1RDCts4Vyzdr3NEDNs9wSNwsdt0sw1z1t&amp;usp=drive_copy<\/td>        <\/tr>\n            <tr data-row_id=\"514\" class=\"ninja_table_row_514 nt_row_id_514\">\n            <td>Portaria<\/td><td>286\/2022<\/td><td>01\/08\/2022<\/td><td>Gabinete do prefeito<\/td><td>DISPOE SOBRE CONCESS\u00c3O DE F\u00c9RIAS E D\u00c1 OUTRAS PROVIDENCIAS<\/td><td>https:\/\/drive.google.com\/open?id=1cIxPC-WYyVfEOTi24t2nvBwJBf_Tv3o-&amp;usp=drive_copy<\/td>        <\/tr>\n            <tr data-row_id=\"515\" class=\"ninja_table_row_515 nt_row_id_515\">\n            <td>Portaria<\/td><td>285\/2022<\/td><td>01\/08\/2022<\/td><td>Gabinete do prefeito<\/td><td>DISPOE SOBRE CONCESS\u00c3O DE F\u00c9RIAS E D\u00c1 OUTRAS PROVIDENCIAS<\/td><td>https:\/\/drive.google.com\/open?id=1QsIW897Yy3BbLMblFLe8FzsV5XlNqm1a&amp;usp=drive_copy<\/td>        <\/tr>\n            <tr data-row_id=\"516\" class=\"ninja_table_row_516 nt_row_id_516\">\n            <td>Portaria<\/td><td>284\/2022<\/td><td>01\/08\/2022<\/td><td>Gabinete do prefeito<\/td><td>DISPOE SOBRE CONCESS\u00c3O DE F\u00c9RIAS E D\u00c1 OUTRAS PROVIDENCIAS<\/td><td>https:\/\/drive.google.com\/open?id=1fTwY6eLExTo10UC0NrYUb6aCQNuOt1vA&amp;usp=drive_copy<\/td>        <\/tr>\n            <tr data-row_id=\"517\" class=\"ninja_table_row_517 nt_row_id_517\">\n            <td>Portaria<\/td><td>282\/2022<\/td><td>25\/07\/2022<\/td><td>Gabinete do prefeito<\/td><td>DISPOE SOBRE CONCESS\u00c3O DE F\u00c9RIAS E D\u00c1 OUTRAS PROVIDENCIAS<\/td><td>https:\/\/drive.google.com\/open?id=1dy9gdczLyeGOtTDDcXjYoPOB4k1XWXnm&amp;usp=drive_copy<\/td>        <\/tr>\n            <tr data-row_id=\"518\" class=\"ninja_table_row_518 nt_row_id_518\">\n            <td>Portaria<\/td><td>281\/2022<\/td><td>25\/07\/2022<\/td><td>Gabinete do prefeito<\/td><td>DISP\u00d5E SOBRE CONCESS\u00c3O DE LICEN\u00c7A PR\u00caMIO E D\u00c1 OUTRAS PROVID\u00caNCIAS<\/td><td>https:\/\/drive.google.com\/open?id=1rXQNpG7AuL5TvWL8cedRsNJkhpgBpN0c&amp;usp=drive_copy<\/td>        <\/tr>\n            <tr data-row_id=\"519\" class=\"ninja_table_row_519 nt_row_id_519\">\n            <td>Portaria<\/td><td>280\/2022<\/td><td>25\/07\/2022<\/td><td>Gabinete do prefeito<\/td><td>DISPOE SOBRE CONCESS\u00c3O DE F\u00c9RIAS E D\u00c1 OUTRAS PROVIDENCIAS<\/td><td>https:\/\/drive.google.com\/open?id=1O4PZEknCEZWWMm8jskxkNJ4xcW73zpX5&amp;usp=drive_copy<\/td>        <\/tr>\n            <tr data-row_id=\"520\" class=\"ninja_table_row_520 nt_row_id_520\">\n            <td>Portaria<\/td><td>278\/2022<\/td><td>20\/07\/2022<\/td><td>Gabinete do prefeito<\/td><td>DISPOE SOBRE CONCESS\u00c3O DE F\u00c9RIAS E D\u00c1 OUTRAS PROVIDENCIAS<\/td><td>https:\/\/drive.google.com\/open?id=1yGUNs6dVVN3JsBJpK-AY3iZ0Wvf5anYR&amp;usp=drive_copy<\/td>        <\/tr>\n            <tr data-row_id=\"521\" class=\"ninja_table_row_521 nt_row_id_521\">\n            <td>Portaria<\/td><td>277\/2022<\/td><td>20\/07\/2022<\/td><td>Gabinete do prefeito<\/td><td>DISPOE SOBRE CONCESS\u00c3O DE F\u00c9RIAS E D\u00c1 OUTRAS PROVIDENCIAS<\/td><td>https:\/\/drive.google.com\/open?id=1T1HQ8RqJhB2Ou4K4tKDUciv4-k4v-9wK&amp;usp=drive_copy<\/td>        <\/tr>\n            <tr data-row_id=\"522\" class=\"ninja_table_row_522 nt_row_id_522\">\n            <td>Portaria<\/td><td>275\/2022<\/td><td>19\/07\/2022<\/td><td>Gabinete do prefeito<\/td><td>DISPOE SOBRE CONCESS\u00c3O DE F\u00c9RIAS E D\u00c1 OUTRAS PROVIDENCIAS<\/td><td>https:\/\/drive.google.com\/open?id=1vN91yvE-rs32MdfBvyUqZ4B5drtbzbUh&amp;usp=drive_copy<\/td>        <\/tr>\n            <tr data-row_id=\"523\" class=\"ninja_table_row_523 nt_row_id_523\">\n            <td>Portaria<\/td><td>274\/2022<\/td><td>19\/06\/2022<\/td><td>Gabinete do prefeito<\/td><td>DISP\u00d5E SOBRE CONCESS\u00c3O DE LICEN\u00c7A PR\u00caMIO E D\u00c1 OUTRAS PROVID\u00caNCIAS<\/td><td>https:\/\/drive.google.com\/open?id=1Lqh8-_rpma48rSQ_LWA_tco8O-GbFbhD&amp;usp=drive_copy<\/td>        <\/tr>\n            <tr data-row_id=\"524\" class=\"ninja_table_row_524 nt_row_id_524\">\n            <td>Portaria<\/td><td>273\/2022<\/td><td>19\/06\/2022<\/td><td>Gabinete do prefeito<\/td><td>DISP\u00d5E SOBRE CONCESS\u00c3O DE LICEN\u00c7A PR\u00caMIO E D\u00c1 OUTRAS PROVID\u00caNCIAS<\/td><td>https:\/\/drive.google.com\/open?id=1B8TKBx5SA7bSsZU029pM12Hx1pO2A_9X&amp;usp=drive_copy<\/td>        <\/tr>\n            <tr data-row_id=\"525\" class=\"ninja_table_row_525 nt_row_id_525\">\n            <td>Portaria<\/td><td>268\/2022<\/td><td>07\/07\/2022<\/td><td>Gabinete do prefeito<\/td><td>DISP\u00d5E SOBRE CONCESS\u00c3O DE LICEN\u00c7A PR\u00caMIO E D\u00c1 OUTRAS PROVID\u00caNCIAS<\/td><td>https:\/\/drive.google.com\/open?id=1YxOHzSAG_UYXbhT_SzOdekRDVFgJSSiX&amp;usp=drive_copy<\/td>        <\/tr>\n            <tr data-row_id=\"526\" class=\"ninja_table_row_526 nt_row_id_526\">\n            <td>Portaria<\/td><td>263\/2022<\/td><td>29\/06\/2022<\/td><td>Gabinete do prefeito<\/td><td>DISPOE SOBRE CONCESS\u00c3O DE F\u00c9RIAS E D\u00c1 OUTRAS PROVIDENCIAS<\/td><td>https:\/\/drive.google.com\/open?id=1itLxgpRV87nsjzONplO7cmVU90cF5nh8&amp;usp=drive_copy<\/td>        <\/tr>\n            <tr data-row_id=\"527\" class=\"ninja_table_row_527 nt_row_id_527\">\n            <td>Portaria<\/td><td>262\/2022<\/td><td>29\/06\/2022<\/td><td>Gabinete do prefeito<\/td><td>DISPOE SOBRE CONCESS\u00c3O DE F\u00c9RIAS E D\u00c1 OUTRAS PROVIDENCIAS<\/td><td>https:\/\/drive.google.com\/open?id=1SxdGAYfN-d3GkuTbF9h1PwZy6KQBFPaU&amp;usp=drive_copy<\/td>        <\/tr>\n            <tr data-row_id=\"528\" class=\"ninja_table_row_528 nt_row_id_528\">\n            <td>Portaria<\/td><td>261\/2022<\/td><td>28\/06\/2022<\/td><td>Gabinete do prefeito<\/td><td>DISPOE SOBRE CONCESS\u00c3O DE F\u00c9RIAS E D\u00c1 OUTRAS PROVIDENCIAS<\/td><td>https:\/\/drive.google.com\/open?id=1FKqde2doN61eQiueQMtAbIys56t4IIlC&amp;usp=drive_copy<\/td>        <\/tr>\n            <tr data-row_id=\"529\" class=\"ninja_table_row_529 nt_row_id_529\">\n            <td>Portaria<\/td><td>259\/2022<\/td><td>28\/06\/2022<\/td><td>Gabinete do prefeito<\/td><td>DISP\u00d5E SOBRE CONCESS\u00c3O DE LICEN\u00c7A PR\u00caMIO E D\u00c1 OUTRAS PROVID\u00caNCIAS<\/td><td>https:\/\/drive.google.com\/open?id=1tVyJyASbKtEebEVhXI4DvY6ZU1gbN6iO&amp;usp=drive_copy<\/td>        <\/tr>\n            <tr data-row_id=\"530\" class=\"ninja_table_row_530 nt_row_id_530\">\n            <td>Portaria<\/td><td>258\/2022<\/td><td>28\/06\/2022<\/td><td>Gabinete do prefeito<\/td><td>DISPOE SOBRE CONCESS\u00c3O DE F\u00c9RIAS E D\u00c1 OUTRAS PROVIDENCIAS<\/td><td>https:\/\/drive.google.com\/open?id=1W_cq_8X2VSOduPXSZQoEn5oTuwx9UMBO&amp;usp=drive_copy<\/td>        <\/tr>\n            <tr data-row_id=\"531\" class=\"ninja_table_row_531 nt_row_id_531\">\n            <td>Portaria<\/td><td>257\/2022<\/td><td>28\/06\/2022<\/td><td>Gabinete do prefeito<\/td><td>DISPOE SOBRE CONCESS\u00c3O DE F\u00c9RIAS E D\u00c1 OUTRAS PROVIDENCIAS<\/td><td>https:\/\/drive.google.com\/open?id=1l6AGnBNMeFAUscFvxdxwY5_Y2ixgPvcy&amp;usp=drive_copy<\/td>        <\/tr>\n            <tr data-row_id=\"532\" class=\"ninja_table_row_532 nt_row_id_532\">\n            <td>Portaria<\/td><td>256\/2022<\/td><td>28\/06\/2022<\/td><td>Gabinete do prefeito<\/td><td>DISPOE SOBRE CONCESS\u00c3O DE F\u00c9RIAS E D\u00c1 OUTRAS PROVIDENCIAS<\/td><td>https:\/\/drive.google.com\/open?id=1_W_H_yWCrs9kcWFogy50Hu4SislDlhX1&amp;usp=drive_copy<\/td>        <\/tr>\n            <tr data-row_id=\"533\" class=\"ninja_table_row_533 nt_row_id_533\">\n            <td>Portaria<\/td><td>255\/2022<\/td><td>28\/06\/2022<\/td><td>Gabinete do prefeito<\/td><td>DISP\u00d5E SOBRE CONCESS\u00c3O DE LICEN\u00c7A PR\u00caMIO E D\u00c1 OUTRAS PROVID\u00caNCIAS<\/td><td>https:\/\/drive.google.com\/open?id=1iiTw3-WRzOkSc09ttCTxQUCNqiEQ77ld&amp;usp=drive_copy<\/td>        <\/tr>\n            <tr data-row_id=\"534\" class=\"ninja_table_row_534 nt_row_id_534\">\n            <td>Portaria<\/td><td>246\/2022<\/td><td>27\/06\/2022<\/td><td>Gabinete do prefeito<\/td><td>DISPOE SOBRE CONCESS\u00c3O DE F\u00c9RIAS E D\u00c1 OUTRAS PROVIDENCIAS<\/td><td>https:\/\/drive.google.com\/open?id=1uM5ug7kDkXWWRuvUABOrs0feJ0k_nH5L&amp;usp=drive_copy<\/td>        <\/tr>\n            <tr data-row_id=\"535\" class=\"ninja_table_row_535 nt_row_id_535\">\n            <td>Portaria<\/td><td>245\/2022<\/td><td>27\/06\/2022<\/td><td>Gabinete do prefeito<\/td><td>DISP\u00d5E SOBRE CONCESS\u00c3O DE LICEN\u00c7A PR\u00caMIO E D\u00c1 OUTRAS PROVID\u00caNCIAS<\/td><td>https:\/\/drive.google.com\/open?id=1PfTG40L9cXgZZ-XbidUt-ovc9HaekQ9V&amp;usp=drive_copy<\/td>        <\/tr>\n            <tr data-row_id=\"536\" class=\"ninja_table_row_536 nt_row_id_536\">\n            <td>Portaria<\/td><td>244\/2022<\/td><td>27\/06\/2022<\/td><td>Gabinete do prefeito<\/td><td>DISPOE SOBRE CONCESS\u00c3O DE F\u00c9RIAS E D\u00c1 OUTRAS PROVIDENCIAS<\/td><td>https:\/\/drive.google.com\/open?id=1DsHsGX6SRvX_I-z09EEJCYGf6RfBaM9o&amp;usp=drive_copy<\/td>        <\/tr>\n            <tr data-row_id=\"537\" class=\"ninja_table_row_537 nt_row_id_537\">\n            <td>Portaria<\/td><td>243\/2022<\/td><td>27\/06\/2022<\/td><td>Gabinete do prefeito<\/td><td>DISPOE SOBRE CONCESS\u00c3O DE F\u00c9RIAS E D\u00c1 OUTRAS PROVIDENCIAS<\/td><td>https:\/\/drive.google.com\/open?id=1GvMERKHUFDu93eloaO8B0ZvdhYsoVyrv&amp;usp=drive_copy<\/td>        <\/tr>\n            <tr data-row_id=\"538\" class=\"ninja_table_row_538 nt_row_id_538\">\n            <td>Portaria<\/td><td>242\/2022<\/td><td>27\/06\/2022<\/td><td>Gabinete do prefeito<\/td><td>DISPOE SOBRE CONCESS\u00c3O DE F\u00c9RIAS E D\u00c1 OUTRAS PROVIDENCIAS<\/td><td>https:\/\/drive.google.com\/open?id=15sbYVxE00efwyu2RRMWQE-qS9RoWWq4X&amp;usp=drive_copy<\/td>        <\/tr>\n            <tr data-row_id=\"539\" class=\"ninja_table_row_539 nt_row_id_539\">\n            <td>Portaria<\/td><td>241\/2022<\/td><td>27\/06\/2022<\/td><td>Gabinete do prefeito<\/td><td>DISPOE SOBRE CONCESS\u00c3O DE F\u00c9RIAS E D\u00c1 OUTRAS PROVIDENCIAS<\/td><td>https:\/\/drive.google.com\/open?id=1IPfeCI8yMmhrxiniWpKgcA-tzrrbYRaB&amp;usp=drive_copy<\/td>        <\/tr>\n            <tr data-row_id=\"540\" class=\"ninja_table_row_540 nt_row_id_540\">\n            <td>Portaria<\/td><td>238\/2022<\/td><td>21\/06\/2022<\/td><td>Gabinete do prefeito<\/td><td>DISPOE SOBRE CONCESS\u00c3O DE F\u00c9RIAS E D\u00c1 OUTRAS PROVIDENCIAS<\/td><td>https:\/\/drive.google.com\/open?id=15bxLVhzxj3dJ5GoS6Mq9kBKvsn8VCbGd&amp;usp=drive_copy<\/td>        <\/tr>\n            <tr data-row_id=\"541\" class=\"ninja_table_row_541 nt_row_id_541\">\n            <td>Portaria<\/td><td>237\/2022<\/td><td>21\/06\/2022<\/td><td>Gabinete do prefeito<\/td><td>DISPOE SOBRE CONCESS\u00c3O DE F\u00c9RIAS E D\u00c1 OUTRAS PROVIDENCIAS<\/td><td>https:\/\/drive.google.com\/open?id=1osPT6JSxwSwEvtGvQ3XfIjCCB4EG0v5y&amp;usp=drive_copy<\/td>        <\/tr>\n            <tr data-row_id=\"542\" class=\"ninja_table_row_542 nt_row_id_542\">\n            <td>Portaria<\/td><td>236\/2022<\/td><td>21\/06\/2022<\/td><td>Gabinete do prefeito<\/td><td>DISPOE SOBRE CONCESS\u00c3O DE F\u00c9RIAS E D\u00c1 OUTRAS PROVIDENCIAS<\/td><td>https:\/\/drive.google.com\/open?id=11TxpAZd_r3XI7jGN5x1U2AWJiHRK6UMv&amp;usp=drive_copy<\/td>        <\/tr>\n            <tr data-row_id=\"543\" class=\"ninja_table_row_543 nt_row_id_543\">\n            <td>Portaria<\/td><td>235\/2022<\/td><td>21\/06\/2022<\/td><td>Gabinete do prefeito<\/td><td>DISPOE SOBRE CONCESS\u00c3O DE F\u00c9RIAS E D\u00c1 OUTRAS PROVIDENCIAS<\/td><td>https:\/\/drive.google.com\/open?id=1dQefDX_gADNo5K6NvT6iDa2XGlVLE8O8&amp;usp=drive_copy<\/td>        <\/tr>\n            <tr data-row_id=\"544\" class=\"ninja_table_row_544 nt_row_id_544\">\n            <td>Portaria<\/td><td>234\/2022<\/td><td>21\/06\/2022<\/td><td>Gabinete do prefeito<\/td><td>DISPOE SOBRE CONCESS\u00c3O DE F\u00c9RIAS E D\u00c1 OUTRAS PROVIDENCIAS<\/td><td>https:\/\/drive.google.com\/open?id=1PmhCW3ujxV4lKt5u0K4QH-BbIMsnoRQA&amp;usp=drive_copy<\/td>        <\/tr>\n            <tr data-row_id=\"545\" class=\"ninja_table_row_545 nt_row_id_545\">\n            <td>Portaria<\/td><td>233\/2022<\/td><td>21\/06\/2022<\/td><td>Gabinete do prefeito<\/td><td>DISPOE SOBRE CONCESS\u00c3O DE F\u00c9RIAS E D\u00c1 OUTRAS PROVIDENCIAS<\/td><td>https:\/\/drive.google.com\/open?id=1iPCVeFQnIMUL6IdqWPavBNS00fNkbshn&amp;usp=drive_copy<\/td>        <\/tr>\n            <tr data-row_id=\"546\" class=\"ninja_table_row_546 nt_row_id_546\">\n            <td>Portaria<\/td><td>232\/2022<\/td><td>21\/06\/2022<\/td><td>Gabinete do prefeito<\/td><td>DISPOE SOBRE CONCESS\u00c3O DE F\u00c9RIAS E D\u00c1 OUTRAS PROVIDENCIAS<\/td><td>https:\/\/drive.google.com\/open?id=1BHVaBmGNrwGVEfglRm5X9d6EiT561E1e&amp;usp=drive_copy<\/td>        <\/tr>\n            <tr data-row_id=\"547\" class=\"ninja_table_row_547 nt_row_id_547\">\n            <td>Portaria<\/td><td>212\/2022<\/td><td>06\/06\/2022<\/td><td>Gabinete do prefeito<\/td><td>DISP\u00d5E SOBRE EXONERA\u00c7\u00c3O DO CARGO DE DIRE\u00c7\u00c3O E ASSESSORAMENTO E D\u00c1 OUTRAS PROVID\u00caNCIAS<\/td><td>https:\/\/drive.google.com\/open?id=1-j0BxJnquXhDtJDB0xdnXloDF3AkapYO&amp;usp=drive_copy<\/td>        <\/tr>\n            <tr data-row_id=\"548\" class=\"ninja_table_row_548 nt_row_id_548\">\n            <td>Portaria<\/td><td>210\/2022<\/td><td>06\/06\/2022<\/td><td>Gabinete do prefeito<\/td><td>DISP\u00d5E SOBRE CONCESS\u00c3O DE LICEN\u00c7A MATERNIDADE D\u00c1 OUTRAS PROVIDENCIAS<\/td><td>https:\/\/drive.google.com\/open?id=10yKzCLeuqnoeEkRxlRIfSPJMaT39FhA2&amp;usp=drive_copy<\/td>        <\/tr>\n            <tr data-row_id=\"549\" class=\"ninja_table_row_549 nt_row_id_549\">\n            <td>Portaria<\/td><td>209\/2022<\/td><td>01\/06\/2022<\/td><td>Gabinete do prefeito<\/td><td>DISP\u00d5E SOBRE CONCESS\u00c3O DE LICEN\u00c7A PR\u00caMIO E D\u00c1 OUTRAS PROVID\u00caNCIAS<\/td><td>https:\/\/drive.google.com\/open?id=1j8pxDqj6UUcfBhdt3wHwiS7khOV963lL&amp;usp=drive_copy<\/td>        <\/tr>\n            <tr data-row_id=\"550\" class=\"ninja_table_row_550 nt_row_id_550\">\n            <td>Portaria<\/td><td>208\/2022<\/td><td>01\/06\/2022<\/td><td>Gabinete do prefeito<\/td><td>DISP\u00d5E SOBRE EXONERA\u00c7\u00c3O DO CARGO DE GESTOR ESCOLAR E D\u00c1 OUTRAS PROVID\u00caNCIAS<\/td><td>https:\/\/drive.google.com\/open?id=1aur1mxWY_uvsBWadlAWC5d1_gUHwQwBr&amp;usp=drive_copy<\/td>        <\/tr>\n            <tr data-row_id=\"551\" class=\"ninja_table_row_551 nt_row_id_551\">\n            <td>Portaria<\/td><td>206\/2022<\/td><td>31\/05\/2022<\/td><td>Gabinete do prefeito<\/td><td>DISP\u00d5E SOBRE CONCESS\u00c3O DE LICEN\u00c7A PR\u00caMIO E D\u00c1 OUTRAS PROVID\u00caNCIAS<\/td><td>https:\/\/drive.google.com\/open?id=11exp8SVxk_iRj1kPtDDHbyWFM_3dSn6E&amp;usp=drive_copy<\/td>        <\/tr>\n            <tr data-row_id=\"552\" class=\"ninja_table_row_552 nt_row_id_552\">\n            <td>Portaria<\/td><td>205\/2022<\/td><td>31\/05\/2022<\/td><td>Gabinete do prefeito<\/td><td>DISPOE SOBRE CONCESS\u00c3O DE F\u00c9RIAS E D\u00c1 OUTRAS PROVIDENCIAS<\/td><td>https:\/\/drive.google.com\/open?id=1WQKdTZVEIuNqLi12upW08Vf-4XrX39OX&amp;usp=drive_copy<\/td>        <\/tr>\n            <tr data-row_id=\"553\" class=\"ninja_table_row_553 nt_row_id_553\">\n            <td>Portaria<\/td><td>204\/2022<\/td><td>31\/05\/2022<\/td><td>Gabinete do prefeito<\/td><td>DISPOE SOBRE CONCESS\u00c3O DE F\u00c9RIAS E D\u00c1 OUTRAS PROVIDENCIAS<\/td><td>https:\/\/drive.google.com\/open?id=1weWGpU5tmZFbtyeAxGMwuBsOIHhkg1qb&amp;usp=drive_copy<\/td>        <\/tr>\n            <tr data-row_id=\"554\" class=\"ninja_table_row_554 nt_row_id_554\">\n            <td>Portaria<\/td><td>197\/2022<\/td><td>26\/05\/2022<\/td><td>Gabinete do prefeito<\/td><td>DISP\u00d5E SOBRE CONCESS\u00c3O DE LICEN\u00c7A PR\u00caMIO E D\u00c1 OUTRAS PROVID\u00caNCIAS<\/td><td>https:\/\/drive.google.com\/open?id=15ALJZAEXD1SfmRRK2pQT9RfmPOkG1OEP&amp;usp=drive_copy<\/td>        <\/tr>\n            <tr data-row_id=\"555\" class=\"ninja_table_row_555 nt_row_id_555\">\n            <td>Portaria<\/td><td>196\/2022<\/td><td>26\/05\/2022<\/td><td>Gabinete do prefeito<\/td><td>DISP\u00d5E SOBRE CONCESS\u00c3O DE LICEN\u00c7A PR\u00caMIO E D\u00c1 OUTRAS PROVID\u00caNCIAS<\/td><td>https:\/\/drive.google.com\/open?id=1PrwbE3qmHqNg8_sKOryqzLQ_NplygV7u&amp;usp=drive_copy<\/td>        <\/tr>\n            <tr data-row_id=\"556\" class=\"ninja_table_row_556 nt_row_id_556\">\n            <td>Portaria<\/td><td>195\/2022<\/td><td>26\/05\/2022<\/td><td>Gabinete do prefeito<\/td><td>DISPOE SOBRE CONCESS\u00c3O DE F\u00c9RIAS E D\u00c1 OUTRAS PROVIDENCIAS<\/td><td>https:\/\/drive.google.com\/open?id=1YcOMb2HyGkRotlo1KOdlAX5FxOqAzUT3&amp;usp=drive_copy<\/td>        <\/tr>\n            <tr data-row_id=\"557\" class=\"ninja_table_row_557 nt_row_id_557\">\n            <td>Portaria<\/td><td>194\/2022<\/td><td>25\/05\/2022<\/td><td>Gabinete do prefeito<\/td><td>DISPOE SOBRE CONCESS\u00c3O DE F\u00c9RIAS E D\u00c1 OUTRAS PROVIDENCIAS<\/td><td>https:\/\/drive.google.com\/open?id=1h3Zs_Du6mHvyPRVV7VV-FKyzD2doV_09&amp;usp=drive_copy<\/td>        <\/tr>\n            <tr data-row_id=\"558\" class=\"ninja_table_row_558 nt_row_id_558\">\n            <td>Portaria<\/td><td>193\/2022<\/td><td>25\/05\/2022<\/td><td>Gabinete do prefeito<\/td><td>DISPOE SOBRE CONCESS\u00c3O DE F\u00c9RIAS E D\u00c1 OUTRAS PROVIDENCIAS<\/td><td>https:\/\/drive.google.com\/open?id=176tJoq2zFyX7BUjixKUxAeTKApZwHbwW&amp;usp=drive_copy<\/td>        <\/tr>\n            <tr data-row_id=\"559\" class=\"ninja_table_row_559 nt_row_id_559\">\n            <td>Portaria<\/td><td>192\/2022<\/td><td>25\/05\/2022<\/td><td>Gabinete do prefeito<\/td><td>DISPOE SOBRE CONCESS\u00c3O DE F\u00c9RIAS E D\u00c1 OUTRAS PROVIDENCIAS<\/td><td>https:\/\/drive.google.com\/open?id=1fq74tcwrLFGQkklwvGjTzw8j6wCAOs4g&amp;usp=drive_copy<\/td>        <\/tr>\n            <tr data-row_id=\"560\" class=\"ninja_table_row_560 nt_row_id_560\">\n            <td>Portaria<\/td><td>191\/2022<\/td><td>25\/05\/2022<\/td><td>Gabinete do prefeito<\/td><td>DISPOE SOBRE CONCESS\u00c3O DE F\u00c9RIAS E D\u00c1 OUTRAS PROVIDENCIAS<\/td><td>https:\/\/drive.google.com\/open?id=1ZurWY0Q1i3D9q8jPgISKBePyH5E-0BAe&amp;usp=drive_copy<\/td>        <\/tr>\n            <tr data-row_id=\"561\" class=\"ninja_table_row_561 nt_row_id_561\">\n            <td>Portaria<\/td><td>188\/2022<\/td><td>23\/05\/2022<\/td><td>Gabinete do prefeito<\/td><td>DISPOE SOBRE CONCESS\u00c3O DE F\u00c9RIAS E D\u00c1 OUTRAS PROVIDENCIAS<\/td><td>https:\/\/drive.google.com\/open?id=1LKMOlS706n_PCmddanET4NbLAkX_LJqd&amp;usp=drive_copy<\/td>        <\/tr>\n            <tr data-row_id=\"562\" class=\"ninja_table_row_562 nt_row_id_562\">\n            <td>Portaria<\/td><td>184\/2022<\/td><td>19\/05\/2022<\/td><td>Gabinete do prefeito<\/td><td>DISPOE SOBRE CONCESS\u00c3O DE F\u00c9RIAS E D\u00c1 OUTRAS PROVIDENCIAS<\/td><td>https:\/\/drive.google.com\/open?id=1HxnUqrzAYgix9Q8KBZrpb0TJxVHZ_6Ab&amp;usp=drive_copy<\/td>        <\/tr>\n            <tr data-row_id=\"563\" class=\"ninja_table_row_563 nt_row_id_563\">\n            <td>Portaria<\/td><td>183\/2022<\/td><td>19\/05\/2022<\/td><td>Gabinete do prefeito<\/td><td>DISPOE SOBRE CONCESS\u00c3O DE F\u00c9RIAS E D\u00c1 OUTRAS PROVIDENCIAS<\/td><td>https:\/\/drive.google.com\/open?id=1qBVpRqhZ3UXo4IDY7f1upW88zzoTKSPJ&amp;usp=drive_copy<\/td>        <\/tr>\n            <tr data-row_id=\"564\" class=\"ninja_table_row_564 nt_row_id_564\">\n            <td>Portaria<\/td><td>177\/2022<\/td><td>16\/05\/2022<\/td><td>Gabinete do prefeito<\/td><td>DISPOE SOBRE CONCESS\u00c3O DE F\u00c9RIAS E D\u00c1 OUTRAS PROVIDENCIAS<\/td><td>https:\/\/drive.google.com\/open?id=1VfNJiPFRK4Zpha81IFaSaZwWG3AiWhSN&amp;usp=drive_copy<\/td>        <\/tr>\n            <tr data-row_id=\"565\" class=\"ninja_table_row_565 nt_row_id_565\">\n            <td>Portaria<\/td><td>174\/2022<\/td><td>16\/05\/2022<\/td><td>Gabinete do prefeito<\/td><td>DISPOE SOBRE CONCESS\u00c3O DE F\u00c9RIAS E D\u00c1 OUTRAS PROVIDENCIAS<\/td><td>https:\/\/drive.google.com\/open?id=1j3IPhHwGIONy-lRwvPMxJr5whCsul9gv&amp;usp=drive_copy<\/td>        <\/tr>\n            <tr data-row_id=\"566\" class=\"ninja_table_row_566 nt_row_id_566\">\n            <td>Portaria<\/td><td>173\/2022<\/td><td>16\/05\/2022<\/td><td>Gabinete do prefeito<\/td><td>DISPOE SOBRE CONCESS\u00c3O DE F\u00c9RIAS E D\u00c1 OUTRAS PROVIDENCIAS<\/td><td>https:\/\/drive.google.com\/open?id=1biGM51YoLFFu29nnG5_kwNz3HpFUl-Qi&amp;usp=drive_copy<\/td>        <\/tr>\n            <tr data-row_id=\"567\" class=\"ninja_table_row_567 nt_row_id_567\">\n            <td>Portaria<\/td><td>170\/2022<\/td><td>16\/05\/2022<\/td><td>Gabinete do prefeito<\/td><td>DISP\u00d5E SOBRE CONCESS\u00c3O DE LICEN\u00c7A PR\u00caMIO E D\u00c1 OUTRAS PROVID\u00caNCIAS<\/td><td>https:\/\/drive.google.com\/open?id=1mW1gq0IeSL5DLFuSfI6vXNt2vRloVCUT&amp;usp=drive_copy<\/td>        <\/tr>\n            <tr data-row_id=\"568\" class=\"ninja_table_row_568 nt_row_id_568\">\n            <td>Portaria<\/td><td>169\/2022<\/td><td>13\/05\/2022<\/td><td>Gabinete do prefeito<\/td><td>DESIGNA COMISS\u00c3O DE \u00c9TICA CRIADA PELO ART. 20 DO DECRETO NO 012\/2022 QUE INSTITUI O C\u00d3DIGO DE \u00c9TICA DA \u00c3LTA ADMINISTRA\u00c7\u00c3O DA ADMINISTRA\u00c7\u00c3O DIRETA E INDIRETA DO MUNIC\u00cdPIO DE ABEL FIGUEIREDO E D\u00c1 OUTRAS PROVID\u00caNCIAS<\/td><td>https:\/\/drive.google.com\/open?id=1Lb4sbTVoxWU6lCA1Bc6uOdG5NjI_MlQ_&amp;usp=drive_copy<\/td>        <\/tr>\n            <tr data-row_id=\"569\" class=\"ninja_table_row_569 nt_row_id_569\">\n            <td>Portaria<\/td><td>145\/2022<\/td><td>25\/04\/2022<\/td><td>Gabinete do prefeito<\/td><td>DISPOE SOBRE CONCESS\u00c3O DE F\u00c9RIAS E D\u00c1 OUTRAS PROVIDENCIAS<\/td><td>https:\/\/drive.google.com\/open?id=1qGw_3hUmYpJ-bpTZq48ybY8mi30eJrPt&amp;usp=drive_copy<\/td>        <\/tr>\n            <tr data-row_id=\"570\" class=\"ninja_table_row_570 nt_row_id_570\">\n            <td>Portaria<\/td><td>144\/2022<\/td><td>25\/04\/2022<\/td><td>Gabinete do prefeito<\/td><td>DISPOE SOBRE CONCESS\u00c3O DE F\u00c9RIAS E D\u00c1 OUTRAS PROVIDENCIAS<\/td><td>https:\/\/drive.google.com\/open?id=11mP_fbapXiQ-Pg0MckDhZ79ni1UQEQBa&amp;usp=drive_copy<\/td>        <\/tr>\n            <tr data-row_id=\"571\" class=\"ninja_table_row_571 nt_row_id_571\">\n            <td>Portaria<\/td><td>143\/2022<\/td><td>25\/04\/2022<\/td><td>Gabinete do prefeito<\/td><td>DISPOE SOBRE CONCESS\u00c3O DE F\u00c9RIAS E D\u00c1 OUTRAS PROVIDENCIAS<\/td><td>https:\/\/drive.google.com\/open?id=1t-s6cPtHFLt9sFYGNisFfRFsLfaGKzxr&amp;usp=drive_copy<\/td>        <\/tr>\n            <tr data-row_id=\"572\" class=\"ninja_table_row_572 nt_row_id_572\">\n            <td>Portaria<\/td><td>142\/2022<\/td><td>25\/04\/2022<\/td><td>Gabinete do prefeito<\/td><td>DISPOE SOBRE CONCESS\u00c3O DE F\u00c9RIAS E D\u00c1 OUTRAS PROVIDENCIAS<\/td><td>https:\/\/drive.google.com\/open?id=1QL_s8FmhiWkxAT8KcFkubhloO15Uwql_&amp;usp=drive_copy<\/td>        <\/tr>\n            <tr data-row_id=\"573\" class=\"ninja_table_row_573 nt_row_id_573\">\n            <td>Portaria<\/td><td>141\/2022<\/td><td>25\/04\/2022<\/td><td>Gabinete do prefeito<\/td><td>DISPOE SOBRE CONCESS\u00c3O DE F\u00c9RIAS E D\u00c1 OUTRAS PROVIDENCIAS<\/td><td>https:\/\/drive.google.com\/open?id=1_wZJj9tUw7QGivpWhLn3ZYk3UYVakVEx&amp;usp=drive_copy<\/td>        <\/tr>\n            <tr data-row_id=\"574\" class=\"ninja_table_row_574 nt_row_id_574\">\n            <td>Portaria<\/td><td>135\/2022<\/td><td>19\/04\/2022<\/td><td>Gabinete do prefeito<\/td><td>DISP\u00d5E SOBRE CONCESS\u00c3O DE LICEN\u00c7A PARA TRATAR DE D\u00c1 INTERESSES OUTRAS PARTICULARES PROVIDENCIAS<\/td><td>https:\/\/drive.google.com\/open?id=1s0Ir5j4eekD1XRKkNMghm2BKIaUAOO7K&amp;usp=drive_copy<\/td>        <\/tr>\n            <tr data-row_id=\"575\" class=\"ninja_table_row_575 nt_row_id_575\">\n            <td>Portaria<\/td><td>130\/2022<\/td><td>11\/04\/2022<\/td><td>Gabinete do prefeito<\/td><td>DISP\u00d5E SOBRE TROCA NA DESIGNA\u00c7\u00c3O DE SERVIDORES PARA ACOMPANHAR CONTRATOS DA SECRETARIA MUNICIPAL DE MEIO AMBIENTE DE ABEL FIGUEIREDO E D\u00c1 OUTRAS PROVID\u00caNCIAS.<\/td><td>https:\/\/drive.google.com\/open?id=1QIjxSH1VzB2KtIZWLnNkQQpbYyhTcy0S&amp;usp=drive_copy<\/td>        <\/tr>\n            <tr data-row_id=\"576\" class=\"ninja_table_row_576 nt_row_id_576\">\n            <td>Portaria<\/td><td>129\/2022<\/td><td>08\/04\/2022<\/td><td>Gabinete do prefeito<\/td><td>DISP\u00d5E SOBRE NOMEA\u00c7\u00c3O PARA CARGO DE PROVIMENTO EM COMISS\u00c3O DE DIRETOR DE DEPARTAMENTO E D\u00c1 OUTRAS PROVID\u00caNCIAS<\/td><td>https:\/\/drive.google.com\/open?id=1kIksMGlGuJdW_M_e0aHfb8cA42DNK7kX&amp;usp=drive_copy<\/td>        <\/tr>\n            <tr data-row_id=\"577\" class=\"ninja_table_row_577 nt_row_id_577\">\n            <td>Portaria<\/td><td>128\/2022<\/td><td>08\/04\/2022<\/td><td>Gabinete do prefeito<\/td><td>DISP\u00d5E SOBRE EXONERA\u00c7\u00c3O DO CARGO DE PROVIMENTO EM COMISS\u00c3O E D\u00c1 OUTRAS PROVID\u00caNCIAS<\/td><td>https:\/\/drive.google.com\/open?id=1kciwA2L_OFmHCGjfQgB37fPXy-4uw1f2&amp;usp=drive_copy<\/td>        <\/tr>\n            <tr data-row_id=\"578\" class=\"ninja_table_row_578 nt_row_id_578\">\n            <td>Portaria<\/td><td>127\/2022<\/td><td>05\/04\/2022<\/td><td>Gabinete do prefeito<\/td><td>DISP\u00d5E SOBRE EXONERA\u00c7\u00c3O DO CARGO DE PROVIMENTO EM COMISS\u00c3O DE DIRETOR DE DEPARTAMENTO E D\u00c1 OUTRAS PROVID\u00caNCIAS<\/td><td>https:\/\/drive.google.com\/open?id=1oibajHlnAlspxu96JWjvdj3jt7TcpWwK&amp;usp=drive_copy<\/td>        <\/tr>\n            <tr data-row_id=\"579\" class=\"ninja_table_row_579 nt_row_id_579\">\n            <td>Portaria<\/td><td>123\/2022<\/td><td>01\/04\/2022<\/td><td>Gabinete do prefeito<\/td><td>DISP\u00d5E SOBRE NOMEA\u00c7\u00c3O PARA CARGO DE DIRE\u00c7\u00c3O E ASSISTENCIA INTERMEDI\u00c1RIA E D\u00c1 OUTRAS PROVID\u00caNCIAS<\/td><td>https:\/\/drive.google.com\/open?id=1IAiLPU_8fsfFerylnm-z2WTwUPF55dZe&amp;usp=drive_copy<\/td>        <\/tr>\n            <tr data-row_id=\"580\" class=\"ninja_table_row_580 nt_row_id_580\">\n            <td>Portaria<\/td><td>122\/2022<\/td><td>01\/04\/2022<\/td><td>Gabinete do prefeito<\/td><td>DISP\u00d5E SOBRE NOMEA\u00c7\u00c3O PARA CARGO DE PROVI&gt;ENTO EM COMISS\u00c3O DE SECRET\u00c1RIO MUNICIPAL E D\u00c1 OUTRAS PROVID\u00caNCIAS<\/td><td>https:\/\/drive.google.com\/open?id=1evhH32CyEEYnIX7wxilhx7me8rP87Z1z&amp;usp=drive_copy<\/td>        <\/tr>\n            <tr data-row_id=\"581\" class=\"ninja_table_row_581 nt_row_id_581\">\n            <td>Portaria<\/td><td>121\/2022<\/td><td>01\/04\/2022<\/td><td>Gabinete do prefeito<\/td><td>DISP\u00d5E SOBRE EXONERA\u00c7\u00c3O DO CARGO DE DIRE\u00c7\u00c3O E ASSISTENCIA INTERMEDI\u00c1RIA E D\u00c1 OUTRAS PROVID\u00caNCIAS<\/td><td>https:\/\/drive.google.com\/open?id=1uO5W391gRvBXhZpd93_IsdWpFaYMxOM8&amp;usp=drive_copy<\/td>        <\/tr>\n            <tr data-row_id=\"582\" class=\"ninja_table_row_582 nt_row_id_582\">\n            <td>Portaria<\/td><td>120\/2022<\/td><td>01\/04\/2022<\/td><td>Gabinete do prefeito<\/td><td>DISP\u00d5E SOBRE EXONERA\u00c7\u00c3O DO CARGO DE PROVIMENTO EM COMISS\u00c3O DE SECRET\u00c1RIO MUNICIPAL E D\u00c1 OUTRAS PROVID\u00caNCIAS<\/td><td>https:\/\/drive.google.com\/open?id=1wsVSQSM91mTakAafB8Va928IploSjvjh&amp;usp=drive_copy<\/td>        <\/tr>\n            <tr data-row_id=\"583\" class=\"ninja_table_row_583 nt_row_id_583\">\n            <td>Portaria<\/td><td>119\/2022<\/td><td>31\/03\/2022<\/td><td>Gabinete do prefeito<\/td><td>DISPOE SOBRE CONCESS\u00c3O DE F\u00c9RIAS E D\u00c1 OUTRAS PROVIDENCIAS<\/td><td>https:\/\/drive.google.com\/open?id=12xtSqB7xV_6IHQXKj0cVH774G0E5CDTJ&amp;usp=drive_copy<\/td>        <\/tr>\n            <tr data-row_id=\"584\" class=\"ninja_table_row_584 nt_row_id_584\">\n            <td>Portaria<\/td><td>118\/2022<\/td><td>31\/03\/2022<\/td><td>Gabinete do prefeito<\/td><td>DISPOE SOBRE CONCESS\u00c3O DE F\u00c9RIAS E D\u00c1 OUTRAS PROVIDENCIAS<\/td><td>https:\/\/drive.google.com\/open?id=1yFt26HJaayB6iKxymKCBE6U3ytfJ7fdh&amp;usp=drive_copy<\/td>        <\/tr>\n            <tr data-row_id=\"585\" class=\"ninja_table_row_585 nt_row_id_585\">\n            <td>Portaria<\/td><td>117\/2022<\/td><td>31\/03\/2022<\/td><td>Gabinete do prefeito<\/td><td>DISPOE SOBRE CONCESS\u00c3O DE F\u00c9RIAS E D\u00c1 OUTRAS PROVIDENCIAS<\/td><td>https:\/\/drive.google.com\/open?id=1AIPlD7dRs1Q56u-nYnaA02cQ8ROr2mpC&amp;usp=drive_copy<\/td>        <\/tr>\n            <tr data-row_id=\"586\" class=\"ninja_table_row_586 nt_row_id_586\">\n            <td>Portaria<\/td><td>116\/2022<\/td><td>30\/03\/2022<\/td><td>Gabinete do prefeito<\/td><td>DISPOE SOBRE CONCESS\u00c3O DE F\u00c9RIAS E D\u00c1 OUTRAS PROVIDENCIAS<\/td><td>https:\/\/drive.google.com\/open?id=124k89fjHfVpDr2Tqg1d8uPMm-_Zw5dij&amp;usp=drive_copy<\/td>        <\/tr>\n            <tr data-row_id=\"587\" class=\"ninja_table_row_587 nt_row_id_587\">\n            <td>Portaria<\/td><td>108\/2022<\/td><td>28\/03\/2022<\/td><td>Gabinete do prefeito<\/td><td>DISP\u00d5E SOBRE CONCESS\u00c3O DE LICEN\u00c7A MATERNIDADE E D\u00c1 OUTRAS PROVID\u00caNCIAS<\/td><td>https:\/\/drive.google.com\/open?id=1X5xOjRwxSdTfbcWCw_gAgMbP4ebH3WIg&amp;usp=drive_copy<\/td>        <\/tr>\n            <tr data-row_id=\"588\" class=\"ninja_table_row_588 nt_row_id_588\">\n            <td>Portaria<\/td><td>100\/2022<\/td><td>24\/03\/2022<\/td><td>Gabinete do prefeito<\/td><td>DISP\u00d5E SOBRE NOMEA\u00c7\u00c3O DE GESTOR ESCOLAR E D\u00c1 OUTRAS PROVID\u00caNCIAS<\/td><td>https:\/\/drive.google.com\/open?id=18E8GbDLD0Vupg_rQwVInfV3f_LoYq4Vn&amp;usp=drive_copy<\/td>        <\/tr>\n            <tr data-row_id=\"589\" class=\"ninja_table_row_589 nt_row_id_589\">\n            <td>Portaria<\/td><td>099\/2022<\/td><td>24\/03\/2022<\/td><td>Gabinete do prefeito<\/td><td>DISP\u00d5E SOBRE NOMEA\u00c7\u00c3O DE GESTOR ESCOLAR E D\u00c1 OUTRAS PROVID\u00caNCIAS<\/td><td>https:\/\/drive.google.com\/open?id=1BwnCm36Z0j6F-l7-QeLAkSqPV978jR-t&amp;usp=drive_copy<\/td>        <\/tr>\n            <tr data-row_id=\"590\" class=\"ninja_table_row_590 nt_row_id_590\">\n            <td>Portaria<\/td><td>095\/2022<\/td><td>21\/03\/2022<\/td><td>Gabinete do prefeito<\/td><td>DISP\u00d5E SOBRE CONCESS\u00c3O DE LICEN\u00c7A PR\u00caMIO E D\u00c1 OUTRAS PROVID\u00caNCIAS<\/td><td>https:\/\/drive.google.com\/open?id=1O1TlX8eoK2wwg4eZw51Bj9wlQ4dkyeDM&amp;usp=drive_copy<\/td>        <\/tr>\n            <tr data-row_id=\"591\" class=\"ninja_table_row_591 nt_row_id_591\">\n            <td>Portaria<\/td><td>094\/2022<\/td><td>21\/03\/2022<\/td><td>Gabinete do prefeito<\/td><td>DISPOE SOBRE CONCESS\u00c3O DE F\u00c9RIAS E D\u00c1 OUTRAS PROVIDENCIAS<\/td><td>https:\/\/drive.google.com\/open?id=1ajQZjeBKtCx0AsU-aMkIlHYvf9IC4Q00&amp;usp=drive_copy<\/td>        <\/tr>\n            <tr data-row_id=\"592\" class=\"ninja_table_row_592 nt_row_id_592\">\n            <td>Portaria<\/td><td>093\/2022<\/td><td>21\/03\/2022<\/td><td>Gabinete do prefeito<\/td><td>DISPOE SOBRE CONCESS\u00c3O DE F\u00c9RIAS E D\u00c1 OUTRAS PROVIDENCIAS<\/td><td>https:\/\/drive.google.com\/open?id=1rvyZ41zXjvLEOl3q_WAmW2i52b2rfN27&amp;usp=drive_copy<\/td>        <\/tr>\n            <tr data-row_id=\"593\" class=\"ninja_table_row_593 nt_row_id_593\">\n            <td>Portaria<\/td><td>092\/2022<\/td><td>21\/03\/2022<\/td><td>Gabinete do prefeito<\/td><td>DISPOE SOBRE CONCESS\u00c3O DE F\u00c9RIAS E D\u00c1 OUTRAS PROVIDENCIAS<\/td><td>https:\/\/drive.google.com\/open?id=1oIibWDsFx437HWFpKP62kIwh9EgxpXMn&amp;usp=drive_copy<\/td>        <\/tr>\n            <tr data-row_id=\"594\" class=\"ninja_table_row_594 nt_row_id_594\">\n            <td>Portaria<\/td><td>091\/2022<\/td><td>17\/03\/2022<\/td><td>Gabinete do prefeito<\/td><td>DISP\u00d5E SOBRE CONCESS\u00c3O DE LICEN\u00c7A PARA TRATAMENTO DE SA\u00daDE E D\u00c1 OUTRAS PROVID\u00caNCIAS<\/td><td>https:\/\/drive.google.com\/open?id=1M03147TMFdHYfoAykJBYWSRpYpqdYYqw&amp;usp=drive_copy<\/td>        <\/tr>\n            <tr data-row_id=\"595\" class=\"ninja_table_row_595 nt_row_id_595\">\n            <td>Portaria<\/td><td>090\/2022<\/td><td>15\/03\/2022<\/td><td>Gabinete do prefeito<\/td><td>DISP\u00d5E SOBRE CONCESS\u00c3O DE LICEN\u00c7A MATERNIDADE E D\u00c1 OUTRAS PROVID\u00caNCIAS<\/td><td>https:\/\/drive.google.com\/open?id=1fI0hyTOE_IgpPWf3zb8O5GtnDcyFyF-z&amp;usp=drive_copy<\/td>        <\/tr>\n            <tr data-row_id=\"596\" class=\"ninja_table_row_596 nt_row_id_596\">\n            <td>Portaria<\/td><td>087\/2022<\/td><td>14\/03\/2022<\/td><td>Gabinete do prefeito<\/td><td>DISP\u00d5E ACERCA DA PRORROGA\u00c7\u00c3O DA PORTARIA NO 055\/2022, DE 09 DE FEVEREIRO DE 2022, QUE NOMEIA A COMISS\u00c3O ESPECIAL PARA PROCEDER A INDICA\u00c7\u00c3O DOS M\u00d3VEIS INSERV\u00cdVEIS, DE MUNIC\u00edPlO, PROPRIEDADE DO OBJETIVANDO POSTERIOR ALIENA\u00c7\u00c3O ATRAV\u00c9S DE LICITA\u00c7\u00c3O NA MODALIDADE LEIL\u00c3O P\u00daBLICO<\/td><td>https:\/\/drive.google.com\/open?id=18SNtrpIMbQNUDT4kn4wX7w9v8f-vmAsD&amp;usp=drive_copy<\/td>        <\/tr>\n            <tr data-row_id=\"597\" class=\"ninja_table_row_597 nt_row_id_597\">\n            <td>Portaria<\/td><td>081\/2022<\/td><td>04\/02\/2022<\/td><td>Gabinete do prefeito<\/td><td>DISP\u00d5E SOBRE CONCESS\u00c3O DE LICEN\u00c7A PR\u00caMIO E D\u00c1 OUTRAS PROVID\u00caNCIAS<\/td><td>https:\/\/drive.google.com\/open?id=1tqFuu8G3rUfeYQDhxqkjwlFZLFkh_XHB&amp;usp=drive_copy<\/td>        <\/tr>\n            <tr data-row_id=\"598\" class=\"ninja_table_row_598 nt_row_id_598\">\n            <td>Portaria<\/td><td>080\/2022<\/td><td>04\/03\/2022<\/td><td>Gabinete do prefeito<\/td><td>DISPOE SOBRE CONCESS\u00c3O DE F\u00c9RIAS E D\u00c1 OUTRAS PROVID\u00caNCIAS<\/td><td>https:\/\/drive.google.com\/open?id=1n7dxq35K6uNytQGCTHujwZnSMwD1Jn7E&amp;usp=drive_copy<\/td>        <\/tr>\n            <tr data-row_id=\"599\" class=\"ninja_table_row_599 nt_row_id_599\">\n            <td>Portaria<\/td><td>079\/2022<\/td><td>04\/03\/2022<\/td><td>Gabinete do prefeito<\/td><td>DISPOE SOBRE CONCESS\u00c3O DE F\u00c9RIAS E D\u00c1 OUTRAS PROVID\u00caNCIAS<\/td><td>https:\/\/drive.google.com\/open?id=1EtPcn3RpZTko6hYwXIdfvANX_3QC7Xkj&amp;usp=drive_copy<\/td>        <\/tr>\n            <tr data-row_id=\"600\" class=\"ninja_table_row_600 nt_row_id_600\">\n            <td>Portaria<\/td><td>076\/2022<\/td><td>04\/03\/2022<\/td><td>Gabinete do prefeito<\/td><td>DISPOE SOBRE CONCESS\u00c3O DE F\u00c9RIAS E D\u00c1 OUTRAS PROVIDENCIAS<\/td><td>https:\/\/drive.google.com\/open?id=11kaD5PlfrDN28nj3SYJP2MGbZOh9irWV&amp;usp=drive_copy<\/td>        <\/tr>\n            <tr data-row_id=\"601\" class=\"ninja_table_row_601 nt_row_id_601\">\n            <td>Portaria<\/td><td>061\/2022<\/td><td>15\/02\/2022<\/td><td>Gabinete do prefeito<\/td><td>DISP\u00d5E SOBRE NOMEA\u00c7\u00c3O PARA CARGO ASSESSORA DE DIRE\u00c7\u00c3O E E D\u00c1 OUTRAS PROVID\u00caNCIAS<\/td><td>https:\/\/drive.google.com\/open?id=1p6U9qVz1QaF8o4yRXcvXzz9DoMcYo4Sj&amp;usp=drive_copy<\/td>        <\/tr>\n            <tr data-row_id=\"602\" class=\"ninja_table_row_602 nt_row_id_602\">\n            <td>Portaria<\/td><td>060\/2022<\/td><td>14\/02\/2022<\/td><td>Gabinete do prefeito<\/td><td>DISPOE SOBRE CONCESS\u00c3O DE F\u00c9RIAS E D\u00c1 OUTRAS PROVID\u00caNCIAS<\/td><td>https:\/\/drive.google.com\/open?id=1sL5CJsc8l-d4Jvyx8VIt_Nhy-JVQp5hf&amp;usp=drive_copy<\/td>        <\/tr>\n            <tr data-row_id=\"603\" class=\"ninja_table_row_603 nt_row_id_603\">\n            <td>Portaria<\/td><td>059\/2022<\/td><td>14\/02\/2022<\/td><td>Gabinete do prefeito<\/td><td>DISP\u00d5E SOBRE CONCESS\u00c3O DE LICEN\u00c7A PR\u00caMIO E D\u00c1 OUTRAS PROVID\u00caNCIAS<\/td><td>https:\/\/drive.google.com\/open?id=1OHrALbFFqhK0_aXVDuE7SZnt4L7lpIWJ&amp;usp=drive_copy<\/td>        <\/tr>\n            <tr data-row_id=\"604\" class=\"ninja_table_row_604 nt_row_id_604\">\n            <td>Portaria<\/td><td>058\/2022<\/td><td>14\/02\/2022<\/td><td>Gabinete do prefeito<\/td><td>DISP\u00d5E SOBRE CONCESS\u00c3O DE LICEN\u00c7A PR\u00caMIO E D\u00c1 OUTRAS PROVID\u00caNCIAS<\/td><td>https:\/\/drive.google.com\/open?id=1XheZkdy0OubMAGabQps8qrVZq_yaWsMM&amp;usp=drive_copy<\/td>        <\/tr>\n            <tr data-row_id=\"605\" class=\"ninja_table_row_605 nt_row_id_605\">\n            <td>Portaria<\/td><td>055\/2022<\/td><td>09\/02\/2022<\/td><td>Gabinete do prefeito<\/td><td>NOMEIA COMISS\u00c3O ESPECIAL PARA PROCEDER A INDICA\u00c7\u00c3O DE BENS M\u00d3VEIS INSERV\u00cdVEIS, DE PROPRIEDADE DO MUNIC\u00cdPIO, OBJETIVANDO POSTERIOR ALIENA\u00c7\u00c3O ATRAV\u00c9S DE LICITA\u00c7\u00c3O NA MODALIDADE DE LE\u00c3O P\u00daBLICO, E D\u00c1 OUTRAS PROVID\u00caNCIAS<\/td><td>https:\/\/drive.google.com\/open?id=1PeQQ_eUo3N-6jB4lgwWWVGQNWyYDM5Q9&amp;usp=drive_copy<\/td>        <\/tr>\n            <tr data-row_id=\"606\" class=\"ninja_table_row_606 nt_row_id_606\">\n            <td>Portaria<\/td><td>043\/2022<\/td><td>31\/01\/2022<\/td><td>Gabinete do prefeito<\/td><td>DISP\u00d5E SOBRE CONCESS\u00c3O DE LICEN\u00c7A PR\u00caMIO E D\u00c1 OUTRAS PROVID\u00caNCIAS<\/td><td>https:\/\/drive.google.com\/open?id=1ym1a4Z_bmHx-ekQL0qQPAVtl79gGBS6R&amp;usp=drive_copy<\/td>        <\/tr>\n            <tr data-row_id=\"607\" class=\"ninja_table_row_607 nt_row_id_607\">\n            <td>Portaria<\/td><td>042\/2022<\/td><td>31\/01\/2022<\/td><td>Gabinete do prefeito<\/td><td>DISPOE SOBRE PRORROGA\u00c7\u00c3O DE LICEN\u00c7A PARA TRATAR DE D\u00c1 INTERESSES OUTRAS PARTICULARES PROVIDENCIAS<\/td><td>https:\/\/drive.google.com\/open?id=1sDra5il4e19afq9Jhwp98dBSD7aW6b1i&amp;usp=drive_copy<\/td>        <\/tr>\n            <tr data-row_id=\"608\" class=\"ninja_table_row_608 nt_row_id_608\">\n            <td>Portaria<\/td><td>041\/2022<\/td><td>31\/01\/2022<\/td><td>Gabinete do prefeito<\/td><td>DISPOE SOBRE PRORROGA\u00c7\u00c3O DE LICEN\u00c7A PARA TRATAR DE INTERESSES PARTICULARES D\u00c1 OUTRAS PROVIDENCIAS<\/td><td>https:\/\/drive.google.com\/open?id=1630pxWRjBg4uJYll_zYB2nsCJklfyNIs&amp;usp=drive_copy<\/td>        <\/tr>\n            <tr data-row_id=\"609\" class=\"ninja_table_row_609 nt_row_id_609\">\n            <td>Portaria<\/td><td>040\/2022<\/td><td>28\/01\/2022<\/td><td>Gabinete do prefeito<\/td><td>DISPOE SOBRE PRORROGA\u00c7\u00c3O DE LICEN\u00c7A PARA TRATAR DE INTERESSES PARTICULARES D\u00c1 OUTRAS PROVIDENCIAS<\/td><td>https:\/\/drive.google.com\/open?id=1xC5wB2AV64FFeDUtUpnQy2ctXOXiwxAT&amp;usp=drive_copy<\/td>        <\/tr>\n            <tr data-row_id=\"610\" class=\"ninja_table_row_610 nt_row_id_610\">\n            <td>Portaria<\/td><td>039\/2022<\/td><td>28\/01\/2022<\/td><td>Gabinete do prefeito<\/td><td>DISPOE SOBRE CONCESS\u00c3O DE F\u00c9RIAS E D\u00c1 OUTRAS PROVID\u00caNCIAS<\/td><td>https:\/\/drive.google.com\/open?id=14two3lMrB7YRZKW5qCwIx7DRwM5YH6cO&amp;usp=drive_copy<\/td>        <\/tr>\n            <tr data-row_id=\"611\" class=\"ninja_table_row_611 nt_row_id_611\">\n            <td>Portaria<\/td><td>036\/2022<\/td><td>28\/01\/2022<\/td><td>Gabinete do prefeito<\/td><td>DISPOE SOBRE CONCESS\u00c3O DE F\u00c9RIAS E D\u00c1 OUTRAS PROVID\u00caNCIAS<\/td><td>https:\/\/drive.google.com\/open?id=1yo7Ro4kJcKxTtykLIqtWdXI2CdN32wgz&amp;usp=drive_copy<\/td>        <\/tr>\n            <tr data-row_id=\"612\" class=\"ninja_table_row_612 nt_row_id_612\">\n            <td>Portaria<\/td><td>035\/2022<\/td><td>28\/01\/2022<\/td><td>Gabinete do prefeito<\/td><td>DISPOE SOBRE CONCESS\u00c3O DE F\u00c9RIAS E D\u00c1 OUTRAS PROVID\u00caNCIAS<\/td><td>https:\/\/drive.google.com\/open?id=1pcnxN-JajmVwGkD0gcCQkiRWbG8f4Hxh&amp;usp=drive_copy<\/td>        <\/tr>\n            <tr data-row_id=\"613\" class=\"ninja_table_row_613 nt_row_id_613\">\n            <td>Portaria<\/td><td>034\/2022<\/td><td>27\/01\/2022<\/td><td>Gabinete do prefeito<\/td><td>DISPOE SOBRE PRORROGA\u00c7\u00c3O DE LICEN\u00c7A PARA TRATAR DE INTERESSES PARTICULARES D\u00c1 OUTRAS PROVIDENCIAS<\/td><td>https:\/\/drive.google.com\/open?id=1pME_BaqNwpttyLPvqqGAfUvmeWfoo1_t&amp;usp=drive_copy<\/td>        <\/tr>\n            <tr data-row_id=\"614\" class=\"ninja_table_row_614 nt_row_id_614\">\n            <td>Portaria<\/td><td>032\/2022<\/td><td>27\/01\/2022<\/td><td>Gabinete do prefeito<\/td><td>DISPOE SOBRE PRORROGA\u00c7\u00c3O DE LICEN\u00c7A PARA TRATAR DE INTERESSES PARTICULARES D\u00c1 OUTRAS PROVIDENCIAS<\/td><td>https:\/\/drive.google.com\/open?id=1oKZf20BI_kL8GmIk5IDhpmQVI9mv8twM&amp;usp=drive_copy<\/td>        <\/tr>\n            <tr data-row_id=\"615\" class=\"ninja_table_row_615 nt_row_id_615\">\n            <td>Portaria<\/td><td>031\/2022<\/td><td>25\/01\/2022<\/td><td>Gabinete do prefeito<\/td><td>DISPOE SOBRE CONCESS\u00c3O DE F\u00c9RIAS E D\u00c1 OUTRAS PROVID\u00caNCIAS<\/td><td>https:\/\/drive.google.com\/open?id=1bFGwZK10fYu5TR1u10k_P7xmYNMOOTWG&amp;usp=drive_copy<\/td>        <\/tr>\n            <tr data-row_id=\"616\" class=\"ninja_table_row_616 nt_row_id_616\">\n            <td>Portaria<\/td><td>030\/2022<\/td><td>19\/01\/2022<\/td><td>Gabinete do prefeito<\/td><td>DISP\u00d5E SOBRE DESIGNA\u00c7\u00c3O DE SERVIDORES PARA ACOMPANHAR CONTRATOS DA SECRETARIA MUNICIPAL DE DESENVOLVIMENTO E PROMO\u00c7\u00c3O SOCIAL DE ABEL FIGUEIREDO E D\u00c1 OUTRAS PROVID\u00caNCIAS<\/td><td>https:\/\/drive.google.com\/open?id=1hXGApvYHiIpB4YPHZCj0ovJtAB4h_A4T&amp;usp=drive_copy<\/td>        <\/tr>\n            <tr data-row_id=\"617\" class=\"ninja_table_row_617 nt_row_id_617\">\n            <td>Portaria<\/td><td>029\/2022<\/td><td>18\/01\/2022<\/td><td>Gabinete do prefeito<\/td><td>DISP\u00d5E SOBRE DESIGNA\u00c7\u00c3O DE SERVIDORES PARA ACOMPANHAR CONTRATOS DA SECRETARIA MUNICIPAL DE CULTURA DESPORTO LAZER E TURISMO DE ABEL FIGUEIREDO E D\u00c1 OUTRAS PROVID\u00caNCIAS.<\/td><td>https:\/\/drive.google.com\/open?id=1J_3rG5mZhF5FSfxDrexeLpXD_vXseh7v&amp;usp=drive_copy<\/td>        <\/tr>\n            <tr data-row_id=\"618\" class=\"ninja_table_row_618 nt_row_id_618\">\n            <td>Portaria<\/td><td>028\/2022<\/td><td>18\/01\/2022<\/td><td>Gabinete do prefeito<\/td><td>DISP\u00d5E SOBRE DESIGNA\u00c7\u00c3O DE SERVIDORES PARA ACOMPANHAR CONTRATOS DA SECRETARIA MUNICIPAL DE MEIO AMBIENTE DE ABEL FIGUEIREDO E D\u00c1 OUTRAS PROVID\u00caNCIAS.<\/td><td>https:\/\/drive.google.com\/open?id=1f9tdAWY79vPPJw8ijXjNX-iRp6-iymB4&amp;usp=drive_copy<\/td>        <\/tr>\n            <tr data-row_id=\"619\" class=\"ninja_table_row_619 nt_row_id_619\">\n            <td>Portaria<\/td><td>027\/2022<\/td><td>18\/01\/2022<\/td><td>Gabinete do prefeito<\/td><td>DISP\u00d5E SOBRE DESIGNA\u00c7\u00c3O DE SERVIDORES PARA ACOMPANHAR CONTRATOS DA SECRETARIA MUNICIPAL DE EDUCA\u00c7\u00c3O DE ABEL FIGUEIREDO E D\u00c1 OUTRAS PROVID\u00caNCIAS<\/td><td>https:\/\/drive.google.com\/open?id=1PXElOJLVv9-Z0SHifDGs7LbcazYMlZv_&amp;usp=drive_copy<\/td>        <\/tr>\n            <tr data-row_id=\"620\" class=\"ninja_table_row_620 nt_row_id_620\">\n            <td>Portaria<\/td><td>026\/2022<\/td><td>18\/01\/2022<\/td><td>Gabinete do prefeito<\/td><td>DISP\u00d5E SOBRE DESIGNA\u00c7\u00c3O DE SERVIDORES PARA ACOMPANHAR CONTRATOS DA PREFEITURA MUNICIPAL DE ABEL FIGUEIREDO E D\u00c1 OUTRAS PROVID\u00caNCIAS<\/td><td>https:\/\/drive.google.com\/open?id=1loxz3qVNCDG9fptWG25x9kjts9eW_cHN&amp;usp=drive_copy<\/td>        <\/tr>\n            <tr data-row_id=\"621\" class=\"ninja_table_row_621 nt_row_id_621\">\n            <td>Portaria<\/td><td>025\/2022<\/td><td>18\/01\/2022<\/td><td>Gabinete do prefeito<\/td><td>DISP\u00d5E SOBRE DESIGNA\u00c7\u00c3O DE SERVIDORES PARA ACOMPANHAR CONTRATOS DA SECRETARIA MUNICIPAL DE SA\u00daDE DE ABEL FIGUEIREDO E D\u00c1 OUTRAS PROVID\u00caNCIAS<\/td><td>https:\/\/drive.google.com\/open?id=17g-SRNAb8C6C2bM0Q-zuf4IXn7PWvxEv&amp;usp=drive_copy<\/td>        <\/tr>\n            <tr data-row_id=\"622\" class=\"ninja_table_row_622 nt_row_id_622\">\n            <td>Portaria<\/td><td>016\/2022<\/td><td>14\/01\/2022<\/td><td>Gabinete do prefeito<\/td><td>DISP\u00d5E SOBRE CONCESS\u00c3O DE LICEN\u00c7A PR\u00caMIO E D\u00c1 OUTRAS PROVID\u00caNCIAS<\/td><td>https:\/\/drive.google.com\/open?id=1sN_YMRZ0WunCvgp8M9uaBtNU3mw1iU4y&amp;usp=drive_copy<\/td>        <\/tr>\n            <tr data-row_id=\"623\" class=\"ninja_table_row_623 nt_row_id_623\">\n            <td>Portaria<\/td><td>015\/2022<\/td><td>14\/01\/2022<\/td><td>Gabinete do prefeito<\/td><td>DISP\u00d5E SOBRE CONCESS\u00c3O DE LICEN\u00c7A PR\u00caMIO E D\u00c1 OUTRAS PROVID\u00caNCIAS<\/td><td>https:\/\/drive.google.com\/open?id=1fT2bI4UTbOFzDjiatqN4og6c-PwN7YRv&amp;usp=drive_copy<\/td>        <\/tr>\n            <tr data-row_id=\"624\" class=\"ninja_table_row_624 nt_row_id_624\">\n            <td>Portaria<\/td><td>014\/2022<\/td><td>14\/01\/2022<\/td><td>Gabinete do prefeito<\/td><td>DISP\u00d5E SOBRE CONCESS\u00c3O DE LICEN\u00c7A PR\u00caMIO E D\u00c1 OUTRAS PROVID\u00caNCIAS<\/td><td>https:\/\/drive.google.com\/open?id=15qgUSoD36aTLOZGMjGsek9QK4E3qZWZ4&amp;usp=drive_copy<\/td>        <\/tr>\n            <tr data-row_id=\"625\" class=\"ninja_table_row_625 nt_row_id_625\">\n            <td>Portaria<\/td><td>013\/2022<\/td><td>14\/01\/2022<\/td><td>Gabinete do prefeito<\/td><td>DISP\u00d5E SOBRE CONCESS\u00c3O DE LICEN\u00c7A PR\u00caMIO E D\u00c1 OUTRAS PROVID\u00caNCIAS<\/td><td>https:\/\/drive.google.com\/open?id=1FiZfbApdsBSKKNrp2_8-4c_u3TDlT4k4&amp;usp=drive_copy<\/td>        <\/tr>\n            <tr data-row_id=\"626\" class=\"ninja_table_row_626 nt_row_id_626\">\n            <td>Portaria<\/td><td>012\/2022<\/td><td>14\/01\/2022<\/td><td>Gabinete do prefeito<\/td><td>DISP\u00d5E SOBRE CONCESS\u00c3O DE LICEN\u00c7A PR\u00caMIO E D\u00c1 OUTRAS PROVID\u00caNCIAS<\/td><td>https:\/\/drive.google.com\/open?id=1At8lic0w3UtWiLWAAPJuPJ0MDVfUNA2C&amp;usp=drive_copy<\/td>        <\/tr>\n            <tr data-row_id=\"627\" class=\"ninja_table_row_627 nt_row_id_627\">\n            <td>Portaria<\/td><td>011\/2022<\/td><td>14\/01\/2022<\/td><td>Gabinete do prefeito<\/td><td>DISPOE SOBRE CONCESS\u00c3O DE F\u00c9RIAS E D\u00c1 OUTRAS PROVID\u00caNCIAS<\/td><td>https:\/\/drive.google.com\/open?id=10a_k6ZpGb8lJno1dNciiLyCs48OXf8Gh&amp;usp=drive_copy<\/td>        <\/tr>\n            <tr data-row_id=\"628\" class=\"ninja_table_row_628 nt_row_id_628\">\n            <td>Portaria<\/td><td>010\/2022<\/td><td>13\/01\/2022<\/td><td>Gabinete do prefeito<\/td><td>DISP\u00d5E SOBRE EXONERA\u00c7\u00c3O DO CARGO DE PROVIMENTO EM COMISS\u00c3O E D\u00c1 OUTRAS PROVID\u00caNCIAS<\/td><td>https:\/\/drive.google.com\/open?id=1EvjfpaPSOkjF0U7dsRLTNwMaAjAtuPfl&amp;usp=drive_copy<\/td>        <\/tr>\n            <tr data-row_id=\"629\" class=\"ninja_table_row_629 nt_row_id_629\">\n            <td>Portaria<\/td><td>009\/2022<\/td><td>12\/01\/2022<\/td><td>Gabinete do prefeito<\/td><td>DISP\u00d5E SOBRE EXONERA\u00c7\u00c3O DO CARGO DE PROVIMENTO EM COMISS\u00c3O E D\u00c1 OUTRAS PROVID\u00caNCIAS<\/td><td>https:\/\/drive.google.com\/open?id=16sPVPEZQvldzgA_BNfQmsGU258Rjhpcw&amp;usp=drive_copy<\/td>        <\/tr>\n            <tr data-row_id=\"630\" class=\"ninja_table_row_630 nt_row_id_630\">\n            <td>Portaria<\/td><td>004\/2022<\/td><td>11\/01\/2022<\/td><td>Gabinete do prefeito<\/td><td>DISPOE SOBRE CONCESS\u00c3O DE F\u00c9RIAS E D\u00c1 OUTRAS PROVID\u00caNCIAS<\/td><td>https:\/\/drive.google.com\/open?id=1rtQDtlOnULNud0P55O13JCcJaBnnC8Wo&amp;usp=drive_copy<\/td>        <\/tr>\n            <tr data-row_id=\"631\" class=\"ninja_table_row_631 nt_row_id_631\">\n            <td>Portaria<\/td><td>003\/2022<\/td><td>11\/01\/2022<\/td><td>Gabinete do prefeito<\/td><td>Disp\u00f5e sobre concess\u00e3o de licen\u00e7a para tratar de interesses particulares e d\u00e1 outras provid\u00eancias<\/td><td>https:\/\/drive.google.com\/open?id=1Y5ki8gy7dVDN8z3gdaI6NoMN-MYe6kEd&amp;usp=drive_copy<\/td>        <\/tr>\n            <tr data-row_id=\"632\" class=\"ninja_table_row_632 nt_row_id_632\">\n            <td>Portaria<\/td><td>002\/2022<\/td><td>11\/01\/2022<\/td><td>Gabinete do prefeito<\/td><td>DISPOE SOBRE CONCESS\u00c3O DE F\u00c9RIAS E D\u00c1 OUTRAS PROVID\u00caNCIAS<\/td><td>https:\/\/drive.google.com\/open?id=1L4LILd5DR3FpC5HWQtZ2PgoNouDUSJUd&amp;usp=drive_copy<\/td>        <\/tr>\n            <tr data-row_id=\"633\" class=\"ninja_table_row_633 nt_row_id_633\">\n            <td>Portaria<\/td><td>003\/2022<\/td><td>11\/01\/2022<\/td><td>Gabinete do prefeito<\/td><td>DISPOE SOBRE PRORROGA\u00c7\u00c3O DE LICEN\u00c7A PARA TRATAR DE INTERESSES PARTICULARES D\u00c1 OUTRAS PROVIDENCIAS<\/td><td>https:\/\/drive.google.com\/open?id=1Y5ki8gy7dVDN8z3gdaI6NoMN-MYe6kEd&amp;usp=drive_copy<\/td>        <\/tr>\n            <tr data-row_id=\"634\" class=\"ninja_table_row_634 nt_row_id_634\">\n            <td>Portaria<\/td><td>002\/2022<\/td><td>11\/01\/2022<\/td><td>Gabinete do prefeito<\/td><td>DISPOE SOBRE CONCESS\u00c3O DE F\u00c9RIAS E D\u00c1 OUTRAS PROVID\u00caNCIAS<\/td><td>https:\/\/drive.google.com\/open?id=1L4LILd5DR3FpC5HWQtZ2PgoNouDUSJUd&amp;usp=drive_copy<\/td>        <\/tr>\n            <tr data-row_id=\"635\" class=\"ninja_table_row_635 nt_row_id_635\">\n            <td>Portaria<\/td><td>480\/2021<\/td><td>22\/12\/2022<\/td><td>Gabinete do prefeito<\/td><td>DISPOE SOBRE PRORROGA\u00c7\u00c3O DE LICEN\u00c7A PARA TRATAR DE INTERESSES PARTICULARES D\u00c1 OUTRAS PROVIDENCIAS<\/td><td>https:\/\/drive.google.com\/open?id=1w1p3S0W4raZ-AhZ039By3zZ98AUwt9P5&amp;usp=drive_copy<\/td>        <\/tr>\n            <tr data-row_id=\"636\" class=\"ninja_table_row_636 nt_row_id_636\">\n            <td>Portaria<\/td><td>454\/2021<\/td><td>03\/12\/2022<\/td><td>Gabinete do prefeito<\/td><td>DISP\u00d5E SOBRE EXONERA\u00c7\u00c3O DO CARGO DE DIRE\u00c7\u00c3O E ASSESSORAMENTO E D\u00c1 OUTRAS PROVID\u00caNCIAS ;<\/td><td>https:\/\/drive.google.com\/open?id=1_ECY9idqDZtwFSiF3B88-n5zkuXvNp_s&amp;usp=drive_copy<\/td>        <\/tr>\n            <tr data-row_id=\"637\" class=\"ninja_table_row_637 nt_row_id_637\">\n            <td>Portaria<\/td><td>455\/2021<\/td><td>06\/11\/2022<\/td><td>Gabinete do prefeito<\/td><td>DISP\u00d5E SOBRE CONCESS\u00c3O DE LICEN\u00c7A POR MOTIVO DE DOEN\u00c7A EM PESSOA DA FAM\u00cdLIA E D\u00c1 OUTRAS PROVIDENCIAS<\/td><td>https:\/\/drive.google.com\/open?id=1zCP8PZqpoD0Ti9-6z1jSAWezDhX5qSER&amp;usp=drive_copy<\/td>        <\/tr>\n            <tr data-row_id=\"638\" class=\"ninja_table_row_638 nt_row_id_638\">\n            <td>Portaria<\/td><td>456\/2021<\/td><td>06\/12\/2021<\/td><td>Gabinete do prefeito<\/td><td>DISPOE SOBRE CONCESS\u00c3O DE F\u00c9RIAS E D\u00c1 OUTRAS PROVID\u00caNCIAS<\/td><td>https:\/\/drive.google.com\/open?id=1YgwFmxO4Cx2yTCf7V3gh8cd1Lo6W9Gtg&amp;usp=drive_copy<\/td>        <\/tr>\n            <tr data-row_id=\"639\" class=\"ninja_table_row_639 nt_row_id_639\">\n            <td>Portaria<\/td><td>457\/2021<\/td><td>06\/12\/2021<\/td><td>Gabinete do prefeito<\/td><td>DISPOE SOBRE CONCESS\u00c3O DE F\u00c9RIAS E D\u00c1 OUTRAS PROVID\u00caNCIAS<\/td><td>https:\/\/drive.google.com\/open?id=1OJE79WDKrH0bYpY4L9ZXOwXYxIYLgXXD&amp;usp=drive_copy<\/td>        <\/tr>\n            <tr data-row_id=\"640\" class=\"ninja_table_row_640 nt_row_id_640\">\n            <td>Portaria<\/td><td>440\/2021<\/td><td>25\/11\/2021<\/td><td>Gabinete do prefeito<\/td><td>DISPOE SOBRE CONCESS\u00c3O DE F\u00c9RIAS E D\u00c1 OUTRAS PROVID\u00caNCIAS<\/td><td>https:\/\/drive.google.com\/open?id=1MwVWde6p1rxiXhj10RSi0obf_xSj1nuW&amp;usp=drive_copy<\/td>        <\/tr>\n            <tr data-row_id=\"641\" class=\"ninja_table_row_641 nt_row_id_641\">\n            <td>Portaria<\/td><td>444\/2021<\/td><td>25\/11\/2021<\/td><td>Gabinete do prefeito<\/td><td>DISPOE SOBRE CONCESS\u00c3O DE F\u00c9RIAS E D\u00c1 OUTRAS PROVID\u00caNCIAS<\/td><td>https:\/\/drive.google.com\/open?id=13SmAbSuqr09rs9lWKsiWk6-VhYSRE5Qq&amp;usp=drive_copy<\/td>        <\/tr>\n            <tr data-row_id=\"642\" class=\"ninja_table_row_642 nt_row_id_642\">\n            <td>Portaria<\/td><td>443\/2021<\/td><td>25\/11\/2021<\/td><td>Gabinete do prefeito<\/td><td>DISPOE SOBRE CONCESS\u00c3O DE F\u00c9RIAS E D\u00c1 OUTRAS PROVID\u00caNCIAS<\/td><td>https:\/\/drive.google.com\/open?id=13_gxgOR8yawW7UaMNuajJJiy9pBbxrl6&amp;usp=drive_copy<\/td>        <\/tr>\n            <tr data-row_id=\"643\" class=\"ninja_table_row_643 nt_row_id_643\">\n            <td>Portaria<\/td><td>442\/2021<\/td><td>25\/11\/2021<\/td><td>Gabinete do prefeito<\/td><td>DISPOE SOBRE CONCESS\u00c3O DE F\u00c9RIAS E D\u00c1 OUTRAS PROVID\u00caNCIAS<\/td><td>https:\/\/drive.google.com\/open?id=1oPC8-qKqRlwrxK89TPTzBUVfz_UKmEmf&amp;usp=drive_copy<\/td>        <\/tr>\n            <tr data-row_id=\"644\" class=\"ninja_table_row_644 nt_row_id_644\">\n            <td>Portaria<\/td><td>441\/2021<\/td><td>25\/11\/2021<\/td><td>Gabinete do prefeito<\/td><td>DISPOE SOBRE CONCESS\u00c3O DE F\u00c9RIAS E D\u00c1 OUTRAS PROVID\u00caNCIAS<\/td><td>https:\/\/drive.google.com\/open?id=16_zrp5zlYIaf3DB1SBJyfUth6irTj3cC&amp;usp=drive_copy<\/td>        <\/tr>\n            <tr data-row_id=\"645\" class=\"ninja_table_row_645 nt_row_id_645\">\n            <td>Portaria<\/td><td>445\/2021<\/td><td>25\/11\/2021<\/td><td>Gabinete do prefeito<\/td><td>DISPOE SOBRE CONCESS\u00c3O DE F\u00c9RIAS E D\u00c1 OUTRAS PROVID\u00caNCIAS<\/td><td>https:\/\/drive.google.com\/open?id=19yGNsIKtzwoeEuDkEmE5cZZj1cK5Hmkg&amp;usp=drive_copy<\/td>        <\/tr>\n            <tr data-row_id=\"646\" class=\"ninja_table_row_646 nt_row_id_646\">\n            <td>Portaria<\/td><td>447\/2021<\/td><td>25\/11\/2021<\/td><td>Gabinete do prefeito<\/td><td>DISP\u00d5E SOBRE NOMEA\u00c7\u00c3O PARA CARGO DE PROVIMENTO EM COMISS\u00c3O DE SECRET\u00c1RIO MUNICIPAL E D\u00c1 OUTRAS PROVID\u00caNCIAS<\/td><td>https:\/\/drive.google.com\/open?id=1aPOhSgD17IixdS4lVJTUdFi_ktP_SuS_&amp;usp=drive_copy<\/td>        <\/tr>\n            <tr data-row_id=\"647\" class=\"ninja_table_row_647 nt_row_id_647\">\n            <td>Portaria<\/td><td>446\/2021<\/td><td>25\/11\/2021<\/td><td>Gabinete do prefeito<\/td><td>DISPOE SOBRE CONCESS\u00c3O DE F\u00c9RIAS E D\u00c1 OUTRAS PROVID\u00caNCIAS<\/td><td>https:\/\/drive.google.com\/open?id=1FKocVbBGm9d4JyakqfkdLNAl8xfGIuZh&amp;usp=drive_copy<\/td>        <\/tr>\n            <tr data-row_id=\"648\" class=\"ninja_table_row_648 nt_row_id_648\">\n            <td>Portaria<\/td><td>432\/2021<\/td><td>22\/11\/2021<\/td><td>Gabinete do prefeito<\/td><td>DISP\u00d5E SOBRE EXONERA\u00c7\u00c3O DO CARGO DE PROVIMENTO EM COMISS\u00c3O DE SECRET\u00c1RIA MUNICIPAL E D\u00c1 OUTRAS PROVID\u00caNCIAS<\/td><td>https:\/\/drive.google.com\/open?id=1pDeSudCXsNrDRKTEWnMW0IXNyyPPj_Eo&amp;usp=drive_copy<\/td>        <\/tr>\n            <tr data-row_id=\"649\" class=\"ninja_table_row_649 nt_row_id_649\">\n            <td>Portaria<\/td><td>422\/2021<\/td><td>18\/11\/2021<\/td><td>Gabinete do prefeito<\/td><td>DISPOE SOBRE CONCESS\u00c3O DE F\u00c9RIAS E D\u00c1 OUTRAS PROVID\u00caNCIAS<\/td><td>https:\/\/drive.google.com\/open?id=17qSOoHwICOdlCHe87_e5HCYq_C_g2bA7&amp;usp=drive_copy<\/td>        <\/tr>\n            <tr data-row_id=\"650\" class=\"ninja_table_row_650 nt_row_id_650\">\n            <td>Portaria<\/td><td>420\/2021<\/td><td>10\/11\/2021<\/td><td>Gabinete do prefeito<\/td><td>DISPOE SOBRE CONCESS\u00c3O DE F\u00c9RIAS E D\u00c1 OUTRAS PROVID\u00caNCIAS<\/td><td>https:\/\/drive.google.com\/open?id=1I8FulCufI79RBffWewwUEUF6Qnn3aLMV&amp;usp=drive_copy<\/td>        <\/tr>\n            <tr data-row_id=\"651\" class=\"ninja_table_row_651 nt_row_id_651\">\n            <td>Portaria<\/td><td>417\/2021<\/td><td>10\/11\/2021<\/td><td>Gabinete do prefeito<\/td><td>DISPOE SOBRE CONCESS\u00c3O DE F\u00c9RIAS E D\u00c1 OUTRAS PROVID\u00caNCIAS<\/td><td>https:\/\/drive.google.com\/open?id=1IRJUGF6EB1ZaqFXFAYxYO6b-UJIMu8iD&amp;usp=drive_copy<\/td>        <\/tr>\n            <tr data-row_id=\"652\" class=\"ninja_table_row_652 nt_row_id_652\">\n            <td>Portaria<\/td><td>416\/2021<\/td><td>10\/11\/2021<\/td><td>Gabinete do prefeito<\/td><td>DISPOE SOBRE CONCESS\u00c3O DE F\u00c9RIAS E D\u00c1 OUTRAS PROVID\u00caNCIAS<\/td><td>https:\/\/drive.google.com\/open?id=1vJGBqG0qIbKCHk1XuU64qL4_liR5plKQ&amp;usp=drive_copy<\/td>        <\/tr>\n            <tr data-row_id=\"653\" class=\"ninja_table_row_653 nt_row_id_653\">\n            <td>Portaria<\/td><td>411\/2021<\/td><td>05\/11\/2021<\/td><td>Gabinete do prefeito<\/td><td>DISPOE SOBRE PRORROGA\u00c7\u00c3O DE LICEN\u00c7A PARA TRATAR DE INTERESSES PARTICULARES D\u00c1 OUTRAS PROVIDENCIAS<\/td><td>https:\/\/drive.google.com\/open?id=1lUjZwFToWhTG1wwgjWEy8oyQ79G6SNa3&amp;usp=drive_copy<\/td>        <\/tr>\n            <tr data-row_id=\"654\" class=\"ninja_table_row_654 nt_row_id_654\">\n            <td>Portaria<\/td><td>409\/2021<\/td><td>03\/11\/2021<\/td><td>Gabinete do prefeito<\/td><td>DISPOE SOBRE PRORROGA\u00c7\u00c3O DE LICEN\u00c7A PARA TRATAR DE INTERESSES PARTICULARES D\u00c1 OUTRAS PROVIDENCIAS<\/td><td>https:\/\/drive.google.com\/open?id=1L5Txn2cm9JVlokuoC5xTS2lwu90YFxWs&amp;usp=drive_copy<\/td>        <\/tr>\n            <tr data-row_id=\"655\" class=\"ninja_table_row_655 nt_row_id_655\">\n            <td>Portaria<\/td><td>405\/2021<\/td><td>26\/10\/2021<\/td><td>Gabinete do prefeito<\/td><td>DISP\u00d5E SOBRE NOMEA\u00c7\u00c3O PARA CARGO DE DIRE\u00c7\u00c3O E ASSESSORAMENTO E D\u00c1 OUTRAS PROVID\u00caNCIAS<\/td><td>https:\/\/drive.google.com\/open?id=1_2Nh-P9MUwUSDAPA11-CqF8gAWpklaSr&amp;usp=drive_copy<\/td>        <\/tr>\n            <tr data-row_id=\"656\" class=\"ninja_table_row_656 nt_row_id_656\">\n            <td>Portaria<\/td><td>404\/2021<\/td><td>26\/10\/2021<\/td><td>Gabinete do prefeito<\/td><td>DISP\u00d5E SOBRE EXONERA\u00c7\u00c3O DO CARGO DE DIRE\u00c7\u00c3O E ASSESSORAMENTO E D\u00c1 OUTRAS PROVID\u00caNCIAS<\/td><td>https:\/\/drive.google.com\/open?id=1kCcM-psXYOIhKsz-gKapX6fShHTNVvPT&amp;usp=drive_copy<\/td>        <\/tr>\n            <tr data-row_id=\"657\" class=\"ninja_table_row_657 nt_row_id_657\">\n            <td>Portaria<\/td><td>403\/2021<\/td><td>26\/10\/2021<\/td><td>Gabinete do prefeito<\/td><td>DISP\u00d5E SOBRE NOMEA\u00c7\u00c3O PARA CARGO DE DIRE\u00c7\u00c3O E ASSESSORAMENTO E D\u00c1 OUTRAS PROVID\u00caNCIAS<\/td><td>https:\/\/drive.google.com\/open?id=1XQ_Ny1ZkSdZL_Z65G5Y-msMB66wV9a0I&amp;usp=drive_copy<\/td>        <\/tr>\n            <tr data-row_id=\"658\" class=\"ninja_table_row_658 nt_row_id_658\">\n            <td>Portaria<\/td><td>402\/2021<\/td><td>26\/10\/2021<\/td><td>Gabinete do prefeito<\/td><td>DISP\u00d5E SOBRE EXONERA\u00c7\u00c3O DO CARGO DE SERVIDOR COMISSIONADO E D\u00c1 OUTRAS PROVID\u00caNCIAS<\/td><td>https:\/\/drive.google.com\/open?id=1SvzH8l_WCdyvkz3t7AHfJOUGVK9-cIRN&amp;usp=drive_copy<\/td>        <\/tr>\n            <tr data-row_id=\"659\" class=\"ninja_table_row_659 nt_row_id_659\">\n            <td>Portaria<\/td><td>401\/2021<\/td><td>25\/10\/2021<\/td><td>Gabinete do prefeito<\/td><td>DISPOE SOBRE CONCESS\u00c3O DE F\u00c9RIAS E D\u00c1 OUTRAS PROVID\u00caNCIAS<\/td><td>https:\/\/drive.google.com\/open?id=1yT9uVVDVTjQl_o0HevKnTdP1a-4TpXJX&amp;usp=drive_copy<\/td>        <\/tr>\n            <tr data-row_id=\"660\" class=\"ninja_table_row_660 nt_row_id_660\">\n            <td>Portaria<\/td><td>400\/2021<\/td><td>25\/10\/2021<\/td><td>Gabinete do prefeito<\/td><td>DISPOE SOBRE CONCESS\u00c3O DE F\u00c9RIAS E D\u00c1 OUTRAS PROVID\u00caNCIAS<\/td><td>https:\/\/drive.google.com\/open?id=1oE58HGuk_KvBmQ1DqL54MsFWkMS9m373&amp;usp=drive_copy<\/td>        <\/tr>\n            <tr data-row_id=\"661\" class=\"ninja_table_row_661 nt_row_id_661\">\n            <td>Portaria<\/td><td>399\/2021<\/td><td>25\/10\/2021<\/td><td>Gabinete do prefeito<\/td><td>DISPOE SOBRE CONCESS\u00c3O DE F\u00c9RIAS E D\u00c1 OUTRAS PROVID\u00caNCIAS<\/td><td>https:\/\/drive.google.com\/open?id=1zcCO9Rqx0Y-9eTEnDg13uqS0hxm8YUkP&amp;usp=drive_copy<\/td>        <\/tr>\n            <tr data-row_id=\"662\" class=\"ninja_table_row_662 nt_row_id_662\">\n            <td>Portaria<\/td><td>398\/2021<\/td><td>22\/10\/2021<\/td><td>Gabinete do prefeito<\/td><td>DISPOE SOBRE PRORROGA\u00c7\u00c3O DE LICEN\u00c7A PARA TRATAR DE INTERESSES PARTICULARES D\u00c1 OUTRAS PROVIDENCIAS<\/td><td>https:\/\/drive.google.com\/open?id=1Nb-3ldP73mBLh9lePoaNG_Uy6BG4l6es&amp;usp=drive_copy<\/td>        <\/tr>\n            <tr data-row_id=\"663\" class=\"ninja_table_row_663 nt_row_id_663\">\n            <td>Portaria<\/td><td>397\/2021<\/td><td>22\/10\/2021<\/td><td>Gabinete do prefeito<\/td><td>DISP\u00d5E SOBRE CONCESS\u00c3O DE LICEN\u00c7A MATERNIDADE E D\u00c1 OUTRAS PROVID\u00caNCIAS<\/td><td>https:\/\/drive.google.com\/open?id=1pvfbzPzFu9lo9k3DObP2DatNGtcb_GjS&amp;usp=drive_copy<\/td>        <\/tr>\n            <tr data-row_id=\"664\" class=\"ninja_table_row_664 nt_row_id_664\">\n            <td>Portaria<\/td><td>395\/2021<\/td><td>22\/10\/2021<\/td><td>Gabinete do prefeito<\/td><td>DISPOE SOBRE CONCESS\u00c3O DE F\u00c9RIAS E D\u00c1 OUTRAS PROVID\u00caNCIAS<\/td><td>https:\/\/drive.google.com\/open?id=1x9CAuNGbqSo-GJKAmWRKa41987plctqj&amp;usp=drive_copy<\/td>        <\/tr>\n            <tr data-row_id=\"665\" class=\"ninja_table_row_665 nt_row_id_665\">\n            <td>Portaria<\/td><td>394\/2021<\/td><td>22\/10\/2021<\/td><td>Gabinete do prefeito<\/td><td>DISPOE SOBRE CONCESS\u00c3O DE F\u00c9RIAS E D\u00c1 OUTRAS PROVID\u00caNCIAS<\/td><td>https:\/\/drive.google.com\/open?id=1GNFhsNNG_Ko1LzTUOoaDplFVHSycZXSM&amp;usp=drive_copy<\/td>        <\/tr>\n            <tr data-row_id=\"666\" class=\"ninja_table_row_666 nt_row_id_666\">\n            <td>Portaria<\/td><td>377\/2021<\/td><td>06\/10\/2021<\/td><td>Gabinete do prefeito<\/td><td>DISPOE SOBRE CONCESS\u00c3O DE F\u00c9RIAS E D\u00c1 OUTRAS PROVID\u00caNCIAS<\/td><td>https:\/\/drive.google.com\/open?id=1DhGn_AuDf4zY_ZDSQjsSJ2WfznfsejAp&amp;usp=drive_copy<\/td>        <\/tr>\n            <tr data-row_id=\"667\" class=\"ninja_table_row_667 nt_row_id_667\">\n            <td>Portaria<\/td><td>376\/2021<\/td><td>06\/10\/2021<\/td><td>Gabinete do prefeito<\/td><td>DISP\u00d5E SOBRE CONCESS\u00c3O DE LICEN\u00c7A PR\u00caMIO E D\u00c1 OUTRAS PROVID\u00caNCIAS<\/td><td>https:\/\/drive.google.com\/open?id=1VozqAzsQtPCKVenREMoydEUvBdJkcp8y&amp;usp=drive_copy<\/td>        <\/tr>\n            <tr data-row_id=\"668\" class=\"ninja_table_row_668 nt_row_id_668\">\n            <td>Portaria<\/td><td>375\/2021<\/td><td>04\/10\/2021<\/td><td>Gabinete do prefeito<\/td><td>DISP\u00d5E DESIGNA\u00c7\u00c3O DE GESTOR SOBRE DE CONTRATOS E OS PROCEDIMENTOS A SEREM ADOTADOS NO ACOMPANHAMENTO E FISCALIZA\u00c7\u00c3O DE EXECU\u00c7\u00c3O DOS CONTRATOS FIRMADOS NO \u00c2MBITO DO MUNIC\u00cdPIO DE ABEL FIGUEIREDO<\/td><td>https:\/\/drive.google.com\/open?id=10uHDdJj8PscivvFMruEAaguam2x0evJd&amp;usp=drive_copy<\/td>        <\/tr>\n            <tr data-row_id=\"669\" class=\"ninja_table_row_669 nt_row_id_669\">\n            <td>Portaria<\/td><td>374\/2021<\/td><td>04\/10\/2021<\/td><td>Gabinete do prefeito<\/td><td>DISP\u00d5E SOBRE REVOGA\u00c7\u00c3O DA PORTARIA QUE MENCIONA E D\u00c1 OUTRAS PROVID\u00caNCIAS<\/td><td>https:\/\/drive.google.com\/open?id=1eexBfaHLcs5ewUMBajZs65HCdxKGVsVv&amp;usp=drive_copy<\/td>        <\/tr>\n            <tr data-row_id=\"670\" class=\"ninja_table_row_670 nt_row_id_670\">\n            <td>Portaria<\/td><td>373\/2021<\/td><td>30\/09\/2021<\/td><td>Gabinete do prefeito<\/td><td>DISP\u00d5E SOBRE CONCESS\u00c3O DE LICEN\u00c7A POR MOTIVO DE DOEN\u00c7A EM PESSOA DA FAM\u00cdLIA E D\u00c1 OUTRAS PROVIDENCIAS<\/td><td>https:\/\/drive.google.com\/open?id=1QYW0knZCaLCcyuri3TqC2YxVIEW_KQk6&amp;usp=drive_copy<\/td>        <\/tr>\n            <tr data-row_id=\"671\" class=\"ninja_table_row_671 nt_row_id_671\">\n            <td>Portaria<\/td><td>372\/2021<\/td><td>30\/09\/2021<\/td><td>Gabinete do prefeito<\/td><td>DISPOE SOBRE CONCESS\u00c3O DE F\u00c9RIAS E D\u00c1 OUTRAS PROVID\u00caNCIAS<\/td><td>https:\/\/drive.google.com\/open?id=18Vp14TJMfSVhdPA6b2O5DjVFirgCyg_O&amp;usp=drive_copy<\/td>        <\/tr>\n            <tr data-row_id=\"672\" class=\"ninja_table_row_672 nt_row_id_672\">\n            <td>Portaria<\/td><td>371\/2021<\/td><td>30\/09\/2021<\/td><td>Gabinete do prefeito<\/td><td>DISPOE SOBRE CONCESS\u00c3O DE F\u00c9RIAS E D\u00c1 OUTRAS PROVID\u00caNCIAS<\/td><td>https:\/\/drive.google.com\/open?id=1Wow7FArsR9-DFvWh3MfISyQRn9xNwUZW&amp;usp=drive_copy<\/td>        <\/tr>\n            <tr data-row_id=\"673\" class=\"ninja_table_row_673 nt_row_id_673\">\n            <td>Portaria<\/td><td>370\/2021<\/td><td>30\/09\/2021<\/td><td>Gabinete do prefeito<\/td><td>DISPOE SOBRE CONCESS\u00c3O DE F\u00c9RIAS E D\u00c1 OUTRAS PROVID\u00caNCIAS<\/td><td>https:\/\/drive.google.com\/open?id=16WBJyoG8GF9oRQAXpe37EPE3uAzEFErh&amp;usp=drive_copy<\/td>        <\/tr>\n            <tr data-row_id=\"674\" class=\"ninja_table_row_674 nt_row_id_674\">\n            <td>Portaria<\/td><td>369\/2021<\/td><td>30\/09\/2021<\/td><td>Gabinete do prefeito<\/td><td>DISP\u00d5E SOBRE CONCESS\u00c3O DE LICEN\u00c7A PARA TRATAR DE INTERESSES PARTICULARES E D\u00c1 OUTRAS PROVID\u00caNCIAS<\/td><td>https:\/\/drive.google.com\/open?id=1yt2sJtFp6b1pmsxVaypxpB4BxxWxTsYU&amp;usp=drive_copy<\/td>        <\/tr>\n            <tr data-row_id=\"675\" class=\"ninja_table_row_675 nt_row_id_675\">\n            <td>Portaria<\/td><td>368\/2021<\/td><td>30\/09\/2021<\/td><td>Gabinete do prefeito<\/td><td>DISP\u00d5E SOBRE REVOGA\u00c7\u00c3O DE PORTARIA QUE CONCEDEU LICEN\u00c7A PR\u00caMIO E D\u00c1 OUTRAS PROVID\u00caNCIAS<\/td><td>https:\/\/drive.google.com\/open?id=194buQnZ8aMSVjMok0PTSp54tp2D-CvwX&amp;usp=drive_copy<\/td>        <\/tr>\n            <tr data-row_id=\"676\" class=\"ninja_table_row_676 nt_row_id_676\">\n            <td>Portaria<\/td><td>367\/2021<\/td><td>30\/09\/2021<\/td><td>Gabinete do prefeito<\/td><td>DISP\u00d5E SOBRE TRANSFER\u00caNCIA DO CARGO DE PREFEITO MUNICIPAL E D\u00c1 OUTRAS PROVID\u00caNCIAS<\/td><td>https:\/\/drive.google.com\/open?id=1xvuitTNWmHnaSrOPRm_zN4nq2PBj74p6&amp;usp=drive_copy<\/td>        <\/tr>\n            <tr data-row_id=\"677\" class=\"ninja_table_row_677 nt_row_id_677\">\n            <td>Portaria<\/td><td>364\/2021<\/td><td>28\/09\/2021<\/td><td>Gabinete do prefeito<\/td><td>DISP\u00d5E SOBRE TRANSFER\u00caNCIA DO CARGO DE PREFEITO MUNICIPAL E D\u00c1 OUTRAS PROVID\u00caNCIAS<\/td><td>https:\/\/drive.google.com\/open?id=1cvprg_7osKhNeM_Fnic91zudcE_tcFx7&amp;usp=drive_copy<\/td>        <\/tr>\n            <tr data-row_id=\"678\" class=\"ninja_table_row_678 nt_row_id_678\">\n            <td>Portaria<\/td><td>345\/2021<\/td><td>21\/09\/2021<\/td><td>Gabinete do prefeito<\/td><td>DISPOE SOBRE CONCESS\u00c3O DE F\u00c9RIAS E D\u00c1 OUTRAS PROVID\u00caNCIAS<\/td><td>https:\/\/drive.google.com\/open?id=1hCGnK9eaqvkzmDCER8t0_MEYyhxWA3wG&amp;usp=drive_copy<\/td>        <\/tr>\n            <tr data-row_id=\"679\" class=\"ninja_table_row_679 nt_row_id_679\">\n            <td>Portaria<\/td><td>344\/2021<\/td><td>21\/09\/2021<\/td><td>Gabinete do prefeito<\/td><td>DISPOE SOBRE CONCESS\u00c3O DE F\u00c9RIAS E D\u00c1 OUTRAS PROVID\u00caNCIAS<\/td><td>https:\/\/drive.google.com\/open?id=10YXJCcWi4-cPb5WYeJheWR9bxiq8Y9Dt&amp;usp=drive_copy<\/td>        <\/tr>\n            <tr data-row_id=\"680\" class=\"ninja_table_row_680 nt_row_id_680\">\n            <td>Portaria<\/td><td>343\/2021<\/td><td>21\/09\/2021<\/td><td>Gabinete do prefeito<\/td><td>DISPOE SOBRE CONCESS\u00c3O DE F\u00c9RIAS E D\u00c1 OUTRAS PROVID\u00caNCIAS<\/td><td>https:\/\/drive.google.com\/open?id=1MPH_hjzgYnWvwG9BjXYQEFZSf-JVVNjo&amp;usp=drive_copy<\/td>        <\/tr>\n            <tr data-row_id=\"681\" class=\"ninja_table_row_681 nt_row_id_681\">\n            <td>Portaria<\/td><td>342\/2021<\/td><td>21\/09\/2021<\/td><td>Gabinete do prefeito<\/td><td>DISPOE SOBRE CONCESS\u00c3O DE F\u00c9RIAS E D\u00c1 OUTRAS PROVID\u00caNCIAS<\/td><td>https:\/\/drive.google.com\/open?id=1kzQxMtSqo5keXbaGm1MFHjrtQf3WWFeJ&amp;usp=drive_copy<\/td>        <\/tr>\n            <tr data-row_id=\"682\" class=\"ninja_table_row_682 nt_row_id_682\">\n            <td>Portaria<\/td><td>340\/2021<\/td><td>21\/09\/2021<\/td><td>Gabinete do prefeito<\/td><td>DISP\u00d5E SOBRE CONCESS\u00c3O DE LICEN\u00c7A PARA TRATAR DE INTERESSES PARTICULARES E D\u00c1 OUTRAS PROVID\u00caNCIAS<\/td><td>https:\/\/drive.google.com\/open?id=11J8cOYVdAHtc9aNEzFaUReCiFuoA60Y6&amp;usp=drive_copy<\/td>        <\/tr>\n            <tr data-row_id=\"683\" class=\"ninja_table_row_683 nt_row_id_683\">\n            <td>Portaria<\/td><td>336\/2021<\/td><td>17\/09\/2021<\/td><td>Gabinete do prefeito<\/td><td>DISPOE SOBRE PRORROGA\u00c7\u00c3O PARA TRATAR DE D\u00c1 DE LTCEN\u00c7A INTERESSES OUTRAS PARTICULARES PROVIDENCIAS<\/td><td>https:\/\/drive.google.com\/open?id=1SF7yYxs0jPVJCXIzJFr-CsCECT0___hq&amp;usp=drive_copy<\/td>        <\/tr>\n            <tr data-row_id=\"684\" class=\"ninja_table_row_684 nt_row_id_684\">\n            <td>Portaria<\/td><td>328\/2021<\/td><td>08\/09\/2021<\/td><td>Gabinete do prefeito<\/td><td>DISP\u00d5E SOBRE EXONERA\u00c7\u00c3O DO CARGO DE DIRE\u00c7\u00c3O E ASSESSORAMENTO E D\u00c1 OUTRAS PROVID\u00caNCIAS<\/td><td>https:\/\/drive.google.com\/open?id=1k8MPtW4LREV-zTEqmnF74y7wQVrJxG6n&amp;usp=drive_copy<\/td>        <\/tr>\n            <tr data-row_id=\"685\" class=\"ninja_table_row_685 nt_row_id_685\">\n            <td>Portaria<\/td><td>327\/2021<\/td><td>08\/09\/2021<\/td><td>Gabinete do prefeito<\/td><td>DISP\u00d5E SOBRE NOMEA\u00c7\u00c3O PARA CARGO DE DIRE\u00c7\u00c3O E ASSESSORAMENTO E D\u00c1 OUTRAS PROVID\u00caNCIAS<\/td><td>https:\/\/drive.google.com\/open?id=1dChyHaT88BoMC_lob9xTDEHy_FbmVn_t&amp;usp=drive_copy<\/td>        <\/tr>\n            <tr data-row_id=\"686\" class=\"ninja_table_row_686 nt_row_id_686\">\n            <td>Portaria<\/td><td>326\/2021<\/td><td>01\/09\/2021<\/td><td>Gabinete do prefeito<\/td><td>DISP\u00d5E SOBRE CONCESS\u00c3O DE LICEN\u00c7A PR\u00caMIO E D\u00c1 OUTRAS PROVID\u00caNCIAS<\/td><td>https:\/\/drive.google.com\/open?id=1bAjDQ7jwogRhH6LmBObtuFbw0b0-9WlK&amp;usp=drive_copy<\/td>        <\/tr>\n            <tr data-row_id=\"687\" class=\"ninja_table_row_687 nt_row_id_687\">\n            <td>Portaria<\/td><td>325\/2021<\/td><td>01\/09\/2021<\/td><td>Gabinete do prefeito<\/td><td>DISPOE SOBRE CONCESS\u00c3O DE F\u00c9RIAS E D\u00c1 OUTRAS PROVID\u00caNCIAS<\/td><td>https:\/\/drive.google.com\/open?id=1pDG2BOxtKzS_l7VUZmQ9Ag20CyFHI9xH&amp;usp=drive_copy<\/td>        <\/tr>\n            <tr data-row_id=\"688\" class=\"ninja_table_row_688 nt_row_id_688\">\n            <td>Portaria<\/td><td>324\/2021<\/td><td>01\/09\/2021<\/td><td>Gabinete do prefeito<\/td><td>DISPOE SOBRE CONCESS\u00c3O DE F\u00c9RIAS E D\u00c1 OUTRAS PROVID\u00caNCIAS<\/td><td>https:\/\/drive.google.com\/open?id=10bXnBGIq41uWdx857kSHF_o3ukWgrqiB&amp;usp=drive_copy<\/td>        <\/tr>\n            <tr data-row_id=\"689\" class=\"ninja_table_row_689 nt_row_id_689\">\n            <td>Portaria<\/td><td>323\/2021<\/td><td>01\/09\/2021<\/td><td>Gabinete do prefeito<\/td><td>DISPOE SOBRE CONCESS\u00c3O DE F\u00c9RIAS E D\u00c1 OUTRAS PROVID\u00caNCIAS<\/td><td>https:\/\/drive.google.com\/open?id=1nj_45RZyoVrZjUNpE6AeNIJ_dCpTD1fX&amp;usp=drive_copy<\/td>        <\/tr>\n            <tr data-row_id=\"690\" class=\"ninja_table_row_690 nt_row_id_690\">\n            <td>Portaria<\/td><td>322\/2021<\/td><td>01\/09\/2021<\/td><td>Gabinete do prefeito<\/td><td>DISPOE SOBRE CONCESS\u00c3O DE F\u00c9RIAS E D\u00c1 OUTRAS PROVID\u00caNCIAS<\/td><td>https:\/\/drive.google.com\/open?id=1xKoCIXERKte-nKUdbVTBM2eiDFLe6Zvg&amp;usp=drive_copy<\/td>        <\/tr>\n            <tr data-row_id=\"691\" class=\"ninja_table_row_691 nt_row_id_691\">\n            <td>Portaria<\/td><td>321\/2021<\/td><td>01\/09\/2021<\/td><td>Gabinete do prefeito<\/td><td>DISPOE SOBRE CONCESS\u00c3O DE F\u00c9RIAS E D\u00c1 OUTRAS PROVID\u00caNCIAS<\/td><td>https:\/\/drive.google.com\/open?id=1VBsmuHe_NoyOtX47RYqNRMBHc1xWiaNY&amp;usp=drive_copy<\/td>        <\/tr>\n            <tr data-row_id=\"692\" class=\"ninja_table_row_692 nt_row_id_692\">\n            <td>Portaria<\/td><td>314\/2021<\/td><td>23\/08\/2021<\/td><td>Gabinete do prefeito<\/td><td>DISP\u00d5E SOBRE CONCESS\u00c3O DE LICEN\u00c7A PR\u00caMIO E D\u00c1 OUTRAS PROVID\u00caNCIAS<\/td><td>https:\/\/drive.google.com\/open?id=1tuAgMCr_KsBukNfI4lJo_3Z5WTz1UfHj&amp;usp=drive_copy<\/td>        <\/tr>\n            <tr data-row_id=\"693\" class=\"ninja_table_row_693 nt_row_id_693\">\n            <td>Portaria<\/td><td>313\/2021<\/td><td>23\/08\/2021<\/td><td>Gabinete do prefeito<\/td><td>DISP\u00d5E SOBRE CONCESS\u00c3O DE LICEN\u00c7A MATERNIDADE E D\u00c1 OUTRAS PROVID\u00caNCIAS<\/td><td>https:\/\/drive.google.com\/open?id=16G1SO-elrld4e6kxxWRmkjjyN-zVtMQt&amp;usp=drive_copy<\/td>        <\/tr>\n            <tr data-row_id=\"694\" class=\"ninja_table_row_694 nt_row_id_694\">\n            <td>Portaria<\/td><td>312\/2021<\/td><td>23\/08\/2021<\/td><td>Gabinete do prefeito<\/td><td>DISPOE SOBRE CONCESS\u00c3O DE F\u00c9RIAS E D\u00c1 OUTRAS PROVID\u00caNCIAS<\/td><td>https:\/\/drive.google.com\/open?id=1ciBsWMcRQgJJWDd1RqFjzhAawWqXSFNs&amp;usp=drive_copy<\/td>        <\/tr>\n            <tr data-row_id=\"695\" class=\"ninja_table_row_695 nt_row_id_695\">\n            <td>Portaria<\/td><td>309\/2021<\/td><td>19\/08\/2021<\/td><td>Gabinete do prefeito<\/td><td>DISP\u00d5E SOBRE DESIGNA\u00c7\u00c3O DE SERVIDOR PARA ACOMPANHAR CONTRATOS DA SECRETARIA MUNICIPAL DE OBRAS TRANSPORTES E URBANISMO DE ABEL FIGUEIREDO E D\u00c1 OUTRAS PROVID\u00caNCIAS<\/td><td>https:\/\/drive.google.com\/open?id=1-JZYKzDyQWucw6gFxwAshaG6PNCdMCDY&amp;usp=drive_copy<\/td>        <\/tr>\n            <tr data-row_id=\"696\" class=\"ninja_table_row_696 nt_row_id_696\">\n            <td>Portaria<\/td><td>307\/2021<\/td><td>17\/08\/2021<\/td><td>Gabinete do prefeito<\/td><td>DISPOE SOBRE CONCESS\u00c3O DE F\u00c9RIAS E D\u00c1 OUTRAS PROVID\u00caNCIAS<\/td><td>https:\/\/drive.google.com\/open?id=1WrTSPQ8u4s7Q9Hh1InWLZDC6Ku-2UQ4u&amp;usp=drive_copy<\/td>        <\/tr>\n            <tr data-row_id=\"697\" class=\"ninja_table_row_697 nt_row_id_697\">\n            <td>Portaria<\/td><td>306\/2021<\/td><td>17\/08\/2021<\/td><td>Gabinete do prefeito<\/td><td>DISPOE SOBRE CONCESS\u00c3O DE F\u00c9RIAS E D\u00c1 OUTRAS PROVIDENCIAS<\/td><td>https:\/\/drive.google.com\/open?id=1TdQppZ3A5kaKP-kxDlFhG6URoYjWNjG6&amp;usp=drive_copy<\/td>        <\/tr>\n            <tr data-row_id=\"698\" class=\"ninja_table_row_698 nt_row_id_698\">\n            <td>Portaria<\/td><td>305\/2021<\/td><td>17\/08\/2021<\/td><td>Gabinete do prefeito<\/td><td>DISP\u00d5E SOBRE CONCESS\u00c3O DE LICEN\u00c7A PR\u00caMIO E D\u00c1 OUTRAS PROVID\u00caNCIAS<\/td><td>https:\/\/drive.google.com\/open?id=1YdFhLM9ReoDg9yswS1GgUVjcwgrVt08R&amp;usp=drive_copy<\/td>        <\/tr>\n            <tr data-row_id=\"699\" class=\"ninja_table_row_699 nt_row_id_699\">\n            <td>Portaria<\/td><td>304\/2021<\/td><td>17\/08\/2021<\/td><td>Gabinete do prefeito<\/td><td>DISP\u00d5E SOBRE CONCESS\u00c3O DE LICEN\u00c7A PR\u00caMIO E D\u00c1 OUTRAS PROVID\u00caNCIAS<\/td><td>https:\/\/drive.google.com\/open?id=1LJpe4o_GJNO1aJwtEQRd2yGSWGz2Svbd&amp;usp=drive_copy<\/td>        <\/tr>\n            <tr data-row_id=\"700\" class=\"ninja_table_row_700 nt_row_id_700\">\n            <td>Portaria<\/td><td>303\/2021<\/td><td>17\/08\/2021<\/td><td>Gabinete do prefeito<\/td><td>DISPOE SOBRE CONCESS\u00c3O DE F\u00c9RIAS E D\u00c1 OUTRAS PROVIDENCIAS<\/td><td>https:\/\/drive.google.com\/open?id=17uIOfibtSRpklseYxdVfcRBcmgXkIeMy&amp;usp=drive_copy<\/td>        <\/tr>\n            <tr data-row_id=\"701\" class=\"ninja_table_row_701 nt_row_id_701\">\n            <td>Portaria<\/td><td>302\/2021<\/td><td>17\/08\/2021<\/td><td>Gabinete do prefeito<\/td><td>DISPOE SOBRE CONCESS\u00c3O DE F\u00c9RIAS E D\u00c1 OUTRAS PROVIDENCIAS<\/td><td>https:\/\/drive.google.com\/open?id=1wiGlINu9P-lpAhE9-2RSwkvC3rFlY2r2&amp;usp=drive_copy<\/td>        <\/tr>\n            <tr data-row_id=\"702\" class=\"ninja_table_row_702 nt_row_id_702\">\n            <td>Portaria<\/td><td>301\/2021<\/td><td>17\/08\/2021<\/td><td>Gabinete do prefeito<\/td><td>DISPOE SOBRE CONCESS\u00c3O DE F\u00c9RIAS E D\u00c1 OUTRAS PROVIDENCIAS<\/td><td>https:\/\/drive.google.com\/open?id=1elon9f3aPZUeSf70nrH__Z4nveVL3rzb&amp;usp=drive_copy<\/td>        <\/tr>\n            <tr data-row_id=\"703\" class=\"ninja_table_row_703 nt_row_id_703\">\n            <td>Portaria<\/td><td>300\/2021<\/td><td>17\/08\/2021<\/td><td>Gabinete do prefeito<\/td><td>DISP\u00d5E SOBRE CONCESS\u00c3O DE LICEN\u00c7A PR\u00caMIO E D\u00c1 OUTRAS PROVID\u00caNCIAS<\/td><td>https:\/\/drive.google.com\/open?id=1mo9GkTsQMhG6D0ABRtwzo4joK0lR4pbq&amp;usp=drive_copy<\/td>        <\/tr>\n            <tr data-row_id=\"704\" class=\"ninja_table_row_704 nt_row_id_704\">\n            <td>Portaria<\/td><td>299\/2021<\/td><td>17\/08\/2021<\/td><td>Gabinete do prefeito<\/td><td>DISPOE SOBRE CONCESS\u00c3O DE F\u00c9RIAS E D\u00c1 OUTRAS PROVIDENCIAS<\/td><td>https:\/\/drive.google.com\/open?id=13cIt5AiWFDdEQgeo-TyRcpa8fcGrafiz&amp;usp=drive_copy<\/td>        <\/tr>\n            <tr data-row_id=\"705\" class=\"ninja_table_row_705 nt_row_id_705\">\n            <td>Portaria<\/td><td>298\/2021<\/td><td>17\/08\/2021<\/td><td>Gabinete do prefeito<\/td><td>DISP\u00d5E SOBRE CONCESS\u00c3O DE LICEN\u00c7A PR\u00caMIO E D\u00c1 OUTRAS PROVID\u00caNCIAS<\/td><td>https:\/\/drive.google.com\/open?id=1xnwdZYW5YJ_I4alz6CFIqPGgFRI33dDB&amp;usp=drive_copy<\/td>        <\/tr>\n            <tr data-row_id=\"706\" class=\"ninja_table_row_706 nt_row_id_706\">\n            <td>Portaria<\/td><td>297\/2021<\/td><td>17\/08\/2021<\/td><td>Gabinete do prefeito<\/td><td>DISP\u00d5E SOBRE CONCESS\u00c3O DE LICEN\u00c7A PR\u00caMIO E D\u00c1 OUTRAS PROVID\u00caNCIAS<\/td><td>https:\/\/drive.google.com\/open?id=18J7AM0_xF2837iKH5dBnA9jNc3S6tvjW&amp;usp=drive_copy<\/td>        <\/tr>\n            <tr data-row_id=\"707\" class=\"ninja_table_row_707 nt_row_id_707\">\n            <td>Portaria<\/td><td>296\/2021<\/td><td>17\/08\/2021<\/td><td>Gabinete do prefeito<\/td><td>DISPOE SOBRE CONCESS\u00c3O DE F\u00c9RIAS E D\u00c1 OUTRAS PROVIDENCIAS<\/td><td>https:\/\/drive.google.com\/open?id=1tZnNTDqtkOJMYeW4DVtJprn_Op-JMwOn&amp;usp=drive_copy<\/td>        <\/tr>\n            <tr data-row_id=\"708\" class=\"ninja_table_row_708 nt_row_id_708\">\n            <td>Portaria<\/td><td>289\/2021<\/td><td>28\/07\/2021<\/td><td>Gabinete do prefeito<\/td><td>DISPOE SOBRE CONCESS\u00c3O DE F\u00c9RIAS E D\u00c1 OUTRAS PROVIDENCIAS<\/td><td>https:\/\/drive.google.com\/open?id=1rPcicplrZ6YE9RyGaAuFnHbUQbcxLeb7&amp;usp=drive_copy<\/td>        <\/tr>\n            <tr data-row_id=\"709\" class=\"ninja_table_row_709 nt_row_id_709\">\n            <td>Portaria<\/td><td>288\/2021<\/td><td>28\/07\/2021<\/td><td>Gabinete do prefeito<\/td><td>DISPOE SOBRE CONCESS\u00c3O DE F\u00c9RIAS E D\u00c1 OUTRAS PROVIDENCIAS<\/td><td>https:\/\/drive.google.com\/open?id=17YaTg0gDrL4SAYjD01lk4rlNl-oxQG5F&amp;usp=drive_copy<\/td>        <\/tr>\n            <tr data-row_id=\"710\" class=\"ninja_table_row_710 nt_row_id_710\">\n            <td>Portaria<\/td><td>287\/2021<\/td><td>28\/07\/2021<\/td><td>Gabinete do prefeito<\/td><td>DISPOE SOBRE CONCESS\u00c3O DE F\u00c9RIAS E D\u00c1 OUTRAS PROVIDENCIAS<\/td><td>https:\/\/drive.google.com\/open?id=1myZhv6KCqpmN__XX3Sn6_POijiQB8H83&amp;usp=drive_copy<\/td>        <\/tr>\n            <tr data-row_id=\"711\" class=\"ninja_table_row_711 nt_row_id_711\">\n            <td>Portaria<\/td><td>286\/2021<\/td><td>28\/07\/2021<\/td><td>Gabinete do prefeito<\/td><td>DISPOE SOBRE CONCESS\u00c3O DE F\u00c9RIAS E D\u00c1 OUTRAS PROVIDENCIAS<\/td><td>https:\/\/drive.google.com\/open?id=17WWiHOt6cU2kr686tRowKybQYVjIrh5x&amp;usp=drive_copy<\/td>        <\/tr>\n            <tr data-row_id=\"712\" class=\"ninja_table_row_712 nt_row_id_712\">\n            <td>Portaria<\/td><td>285\/2021<\/td><td>28\/07\/2021<\/td><td>Gabinete do prefeito<\/td><td>DISPOE SOBRE CONCESS\u00c3O DE F\u00c9RIAS E D\u00c1 OUTRAS PROVIDENCIAS<\/td><td>https:\/\/drive.google.com\/open?id=1dAwgMjUiPPytAsJwJKHCXf1_RfaW1WgR&amp;usp=drive_copy<\/td>        <\/tr>\n            <tr data-row_id=\"713\" class=\"ninja_table_row_713 nt_row_id_713\">\n            <td>Portaria<\/td><td>284\/2021<\/td><td>28\/07\/2021<\/td><td>Gabinete do prefeito<\/td><td>DISPOE SOBRE CONCESS\u00c3O DE F\u00c9RIAS E D\u00c1 OUTRAS PROVIDENCIAS<\/td><td>https:\/\/drive.google.com\/open?id=1kXeEUu4E8Rc7XPAt7kac-CtXTrOuL-zK&amp;usp=drive_copy<\/td>        <\/tr>\n            <tr data-row_id=\"714\" class=\"ninja_table_row_714 nt_row_id_714\">\n            <td>Portaria<\/td><td>283\/2021<\/td><td>28\/07\/2021<\/td><td>Gabinete do prefeito<\/td><td>DISPOE SOBRE CONCESS\u00c3O DE F\u00c9RIAS E D\u00c1 OUTRAS PROVIDENCIAS<\/td><td>https:\/\/drive.google.com\/open?id=1WYMtGdl0F3LhLgrwPbS6bC8IwtH-gxoj&amp;usp=drive_copy<\/td>        <\/tr>\n            <tr data-row_id=\"715\" class=\"ninja_table_row_715 nt_row_id_715\">\n            <td>Portaria<\/td><td>282\/2021<\/td><td>28\/07\/2021<\/td><td>Gabinete do prefeito<\/td><td>DISP\u00d5E SOBRE CONCESS\u00c3O DE LICEN\u00c7A PR\u00caMIO E D\u00c1 OUTRAS PROVID\u00caNCIAS<\/td><td>https:\/\/drive.google.com\/open?id=1ZMDF3CbGL1ZbaUwGEC6kSO7tzmrEpAVi&amp;usp=drive_copy<\/td>        <\/tr>\n            <tr data-row_id=\"716\" class=\"ninja_table_row_716 nt_row_id_716\">\n            <td>Portaria<\/td><td>281\/2021<\/td><td>28\/07\/2021<\/td><td>Gabinete do prefeito<\/td><td>DISP\u00d5E SOBRE NOMEA\u00c7\u00c3O PARA CARGO DE DIRE\u00c7\u00c3O E ASSESSORAMENTO E D\u00c1 OUTRAS PROVID\u00caNCIAS<\/td><td>https:\/\/drive.google.com\/open?id=1t4QUYOxpCgoX5DhFz8F7sDYhSUAGvAat&amp;usp=drive_copy<\/td>        <\/tr>\n            <tr data-row_id=\"717\" class=\"ninja_table_row_717 nt_row_id_717\">\n            <td>Portaria<\/td><td>280\/2021<\/td><td>28\/07\/2021<\/td><td>Gabinete do prefeito<\/td><td>DISPOE SOBRE CONCESS\u00c3O DE F\u00c9RIAS E D\u00c1 OUTRAS PROVIDENCIAS<\/td><td>https:\/\/drive.google.com\/open?id=1QVbhy6YPYJtUj2t-De-uAAyBoH5XyKWH&amp;usp=drive_copy<\/td>        <\/tr>\n            <tr data-row_id=\"718\" class=\"ninja_table_row_718 nt_row_id_718\">\n            <td>Portaria<\/td><td>279\/2021<\/td><td>28\/07\/2021<\/td><td>Gabinete do prefeito<\/td><td>DISPOE SOBRE CONCESS\u00c3O DE F\u00c9RIAS E D\u00c1 OUTRAS PROVIDENCIAS<\/td><td>https:\/\/drive.google.com\/open?id=13pi-KsLZ4hjmJeY03oMHxk-T2qnBLLRy&amp;usp=drive_copy<\/td>        <\/tr>\n            <tr data-row_id=\"719\" class=\"ninja_table_row_719 nt_row_id_719\">\n            <td>Portaria<\/td><td>278\/2021<\/td><td>28\/07\/2021<\/td><td>Gabinete do prefeito<\/td><td>DISPOE SOBRE CONCESS\u00c3O DE F\u00c9RIAS E D\u00c1 OUTRAS PROVIDENCIAS<\/td><td>https:\/\/drive.google.com\/open?id=1hNOrx6vxE9leWtGwTLCyxHmWNzmz3agH&amp;usp=drive_copy<\/td>        <\/tr>\n            <tr data-row_id=\"720\" class=\"ninja_table_row_720 nt_row_id_720\">\n            <td>Portaria<\/td><td>277\/2021<\/td><td>28\/07\/2021<\/td><td>Gabinete do prefeito<\/td><td>DISPOE SOBRE CONCESS\u00c3O DE F\u00c9RIAS E D\u00c1 OUTRAS PROVIDENCIAS<\/td><td>https:\/\/drive.google.com\/open?id=1fAOEAueIZmnxUtnV9PUUU_En4jE_AGcu&amp;usp=drive_copy<\/td>        <\/tr>\n            <tr data-row_id=\"721\" class=\"ninja_table_row_721 nt_row_id_721\">\n            <td>Portaria<\/td><td>276\/2021<\/td><td>28\/07\/2021<\/td><td>Gabinete do prefeito<\/td><td>DISPOE SOBRE CONCESS\u00c3O DE F\u00c9RIAS E D\u00c1 OUTRAS PROVIDENCIAS<\/td><td>https:\/\/drive.google.com\/open?id=1joXnjSYPQ7JOQvSoViBflAZCU52JnZAR&amp;usp=drive_copy<\/td>        <\/tr>\n            <tr data-row_id=\"722\" class=\"ninja_table_row_722 nt_row_id_722\">\n            <td>Portaria<\/td><td>275\/2021<\/td><td>28\/07\/2021<\/td><td>Gabinete do prefeito<\/td><td>DISPOE SOBRE CONCESS\u00c3O DE F\u00c9RIAS E D\u00c1 OUTRAS PROVIDENCIAS<\/td><td>https:\/\/drive.google.com\/open?id=1J-V_sfyLmZ8Asxd4KdOsoM656WyLYt9c&amp;usp=drive_copy<\/td>        <\/tr>\n            <tr data-row_id=\"723\" class=\"ninja_table_row_723 nt_row_id_723\">\n            <td>Portaria<\/td><td>274\/2021<\/td><td>28\/07\/2021<\/td><td>Gabinete do prefeito<\/td><td>DISPOE SOBRE CONCESS\u00c3O DE F\u00c9RIAS E D\u00c1 OUTRAS PROVIDENCIAS<\/td><td>https:\/\/drive.google.com\/open?id=1-l23D6tC8kl0AnsrPijapJgbWiCF9edS&amp;usp=drive_copy<\/td>        <\/tr>\n            <tr data-row_id=\"724\" class=\"ninja_table_row_724 nt_row_id_724\">\n            <td>Portaria<\/td><td>265\/2021<\/td><td>09\/07\/2021<\/td><td>Gabinete do prefeito<\/td><td>DISP\u00d5E SOBRE CONCESS\u00c3O DE LICEN\u00c7A MATERNIDADE E D\u00c1 OUTRAS PROVID\u00caNCIAS<\/td><td>https:\/\/drive.google.com\/open?id=1rMmMhzq3MY1vELC24qkQxrTqZK_Q6whw&amp;usp=drive_copy<\/td>        <\/tr>\n            <tr data-row_id=\"725\" class=\"ninja_table_row_725 nt_row_id_725\">\n            <td>Portaria<\/td><td>264\/2021<\/td><td>07\/07\/2021<\/td><td>Gabinete do prefeito<\/td><td>DISP\u00d5E SOBRE EXONERA\u00c7\u00c3O DO CARGO DE DIRE\u00c7\u00c3O E ASSESSORAMENTO E D\u00c1 OUTRAS PROVID\u00caNCIAS <\/td><td>https:\/\/drive.google.com\/open?id=1NHsYIAeOGoq23L2OXwuoGWh1gPDSSt18&amp;usp=drive_copy<\/td>        <\/tr>\n            <tr data-row_id=\"726\" class=\"ninja_table_row_726 nt_row_id_726\">\n            <td>Portaria<\/td><td>263\/2021<\/td><td>07\/07\/2021<\/td><td>Gabinete do prefeito<\/td><td>DISP\u00d5E SOBRE EXONERA\u00c7\u00c3O DO CARGO DE DIRE\u00c7\u00c3O E ASSESSORAMENTO E D\u00c1 OUTRAS PROVID\u00caNCIAS<\/td><td>https:\/\/drive.google.com\/open?id=1NFQaSjOa9dgHF2c-UePCFeUc8SRVWMW0&amp;usp=drive_copy<\/td>        <\/tr>\n            <tr data-row_id=\"727\" class=\"ninja_table_row_727 nt_row_id_727\">\n            <td>Portaria<\/td><td>262\/2021<\/td><td>07\/07\/2021<\/td><td>Gabinete do prefeito<\/td><td>DISP\u00d5E SOBRE EXONERA\u00c7\u00c3O DO CARGO DE DIRE\u00c7\u00c3O E ASSESSORAMENTO D\u00c1 OUTRAS PROVID\u00caNCIAS<\/td><td>https:\/\/drive.google.com\/open?id=1CNvXS8s97uRLkJtONZYlKJ1qKgk0At1H&amp;usp=drive_copy<\/td>        <\/tr>\n            <tr data-row_id=\"728\" class=\"ninja_table_row_728 nt_row_id_728\">\n            <td>Portaria<\/td><td>261\/2021<\/td><td>07\/07\/2021<\/td><td>Gabinete do prefeito<\/td><td>DISP\u00d5E SOBRE EXONERA\u00c7\u00c3O DO CARGO DE DIRE\u00c7\u00c3O E ASSESSORAMENTO E D\u00c1 OUTRAS PROVID\u00caNCIAS<\/td><td>https:\/\/drive.google.com\/open?id=1_zAVqaCQTMlKB9ZF7bRdxXkyt1-0GRiV&amp;usp=drive_copy<\/td>        <\/tr>\n            <tr data-row_id=\"729\" class=\"ninja_table_row_729 nt_row_id_729\">\n            <td>Portaria<\/td><td>260\/2021<\/td><td>07\/07\/2021<\/td><td>Gabinete do prefeito<\/td><td>DISP\u00d5E SOBRE EXONERA\u00c7\u00c3O DO CARGO DE DIRE\u00c7\u00c3O E ASSESSORAMENTO E D\u00c1 OUTRAS PROVID\u00caNCIAS<\/td><td>https:\/\/drive.google.com\/open?id=10NlC3NTzWybjce4CPP2AoiW1yy8Wvo7Z&amp;usp=drive_copy<\/td>        <\/tr>\n            <tr data-row_id=\"730\" class=\"ninja_table_row_730 nt_row_id_730\">\n            <td>Portaria<\/td><td>259\/2021<\/td><td>07\/07\/2021<\/td><td>Gabinete do prefeito<\/td><td>DISP\u00d5E SOBRE EXONERA\u00c7\u00c3O DO CARGO DE DIRE\u00c7\u00c3O E ASSESSORAMENTO E D\u00c1 OUTRAS PROVID\u00caNCIAS<\/td><td>https:\/\/drive.google.com\/open?id=1LjiEbXOLWr8JA5uYSiM34qzeTMVIEV3J&amp;usp=drive_copy<\/td>        <\/tr>\n            <tr data-row_id=\"731\" class=\"ninja_table_row_731 nt_row_id_731\">\n            <td>Portaria<\/td><td>258\/2021<\/td><td>07\/07\/2021<\/td><td>Gabinete do prefeito<\/td><td>DISP\u00d5E SOBRE EXONERA\u00c7\u00c3O DO CARGO DE DIRE\u00c7\u00c3O E ASSESSORAMENTO E D\u00c1 OUTRAS PROVID\u00caNCIAS<\/td><td>https:\/\/drive.google.com\/open?id=1jrGvYXTuULqGcNJWud5GvX8L7JYUUC7F&amp;usp=drive_copy<\/td>        <\/tr>\n            <tr data-row_id=\"732\" class=\"ninja_table_row_732 nt_row_id_732\">\n            <td>Portaria<\/td><td>253\/2021<\/td><td>06\/07\/2021<\/td><td>Gabinete do prefeito<\/td><td>DESIGNA\u00c7\u00c3O DE GESTOR DE DISP\u00d5E SOBRE CONTRATOS E OS PROCEDIMENTOS A SEREM ADOTADOS NO ACOMPANHAMENTO E FISCALIZA\u00c7\u00c3O DE EXECU\u00c7\u00c3O DOS CONTRATOS FIRMADOS NO \u00c2MBITO DO MUNIC\u00cdPIO DE ABEL FIGUEIREDO<\/td><td>https:\/\/drive.google.com\/open?id=1H1Qp6-3L5twvVacxhx5D1fMcYmqVXyYz&amp;usp=drive_copy<\/td>        <\/tr>\n            <tr data-row_id=\"733\" class=\"ninja_table_row_733 nt_row_id_733\">\n            <td>Portaria<\/td><td>245\/2021<\/td><td>29\/06\/2021<\/td><td>Gabinete do prefeito<\/td><td>DISPOE SOBRE CONCESS\u00c3O DE F\u00c9RIAS E D\u00c1 OUTRAS PROVIDENCIAS<\/td><td>https:\/\/drive.google.com\/open?id=1B67SkLu8GcKGMpe9Lmam1076DcA-jXUb&amp;usp=drive_copy<\/td>        <\/tr>\n            <tr data-row_id=\"734\" class=\"ninja_table_row_734 nt_row_id_734\">\n            <td>Portaria<\/td><td>241\/2021<\/td><td>25\/06\/2021<\/td><td>Gabinete do prefeito<\/td><td>DISP\u00d5E SOBRE CONCESS\u00c3O DE LICEN\u00c7A MATERNIDADE D\u00c1 OUTRAS PROVIDENCIAS<\/td><td>https:\/\/drive.google.com\/open?id=1Ulztb5tUhm5iOLrjyTUio-LlEUIdo09Z&amp;usp=drive_copy<\/td>        <\/tr>\n            <tr data-row_id=\"735\" class=\"ninja_table_row_735 nt_row_id_735\">\n            <td>Portaria<\/td><td>240\/2021<\/td><td>25\/06\/2021<\/td><td>Gabinete do prefeito<\/td><td>DISP\u00d5E SOBRE CONCESS\u00c3O DE LICEN\u00c7A PR\u00caMIO E D\u00c1 OUTRAS PROVID\u00caNCIAS<\/td><td>https:\/\/drive.google.com\/open?id=1MoUxUVaeqcPEVp9Yx1QA8Im549DMZUhX&amp;usp=drive_copy<\/td>        <\/tr>\n            <tr data-row_id=\"736\" class=\"ninja_table_row_736 nt_row_id_736\">\n            <td>Portaria<\/td><td>239\/2021<\/td><td>25\/06\/2021<\/td><td>Gabinete do prefeito<\/td><td>DISP\u00d5E SOBRE CONCESS\u00c3O DE LICEN\u00c7A PR\u00caMIO E D\u00c1 OUTRAS PROVID\u00caNCIAS<\/td><td>https:\/\/drive.google.com\/open?id=1Uxlt5W-wVgoEWu0maWEOKGwQ09MebGpH&amp;usp=drive_copy<\/td>        <\/tr>\n            <tr data-row_id=\"737\" class=\"ninja_table_row_737 nt_row_id_737\">\n            <td>Portaria<\/td><td>238\/2021<\/td><td>25\/06\/2021<\/td><td>Gabinete do prefeito<\/td><td>DISPOE SOBRE CONCESS\u00c3O DE F\u00c9RIAS E D\u00c1 OUTRAS PROVIDENCIAS<\/td><td>https:\/\/drive.google.com\/open?id=1cz-k2NTSTIiosZ6uRPfNyVL90KNM5FTA&amp;usp=drive_copy<\/td>        <\/tr>\n            <tr data-row_id=\"738\" class=\"ninja_table_row_738 nt_row_id_738\">\n            <td>Portaria<\/td><td>237\/2021<\/td><td>25\/06\/2021<\/td><td>Gabinete do prefeito<\/td><td>DISPOE SOBRE CONCESS\u00c3O DE F\u00c9RIAS E D\u00c1 OUTRAS PROVIDENCIAS<\/td><td>https:\/\/drive.google.com\/open?id=1TtZeOSZmJbjpLamKb1JBee4CN1Jv9Wqo&amp;usp=drive_copy<\/td>        <\/tr>\n            <tr data-row_id=\"739\" class=\"ninja_table_row_739 nt_row_id_739\">\n            <td>Portaria<\/td><td>236\/2021<\/td><td>24\/06\/2021<\/td><td>Gabinete do prefeito<\/td><td>DISPOE SOBRE CONCESS\u00c3O DE F\u00c9RIAS E D\u00c1 OUTRAS PROVIDENCIAS<\/td><td>https:\/\/drive.google.com\/open?id=1IqWhHSx8sGFeZlAVB84tCDMuNy0wgQsA&amp;usp=drive_copy<\/td>        <\/tr>\n            <tr data-row_id=\"740\" class=\"ninja_table_row_740 nt_row_id_740\">\n            <td>Portaria<\/td><td>235\/2021<\/td><td>24\/06\/2021<\/td><td>Gabinete do prefeito<\/td><td>DISPOE SOBRE CONCESS\u00c3O DE F\u00c9RIAS E D\u00c1 OUTRAS PROVIDENCIAS<\/td><td>https:\/\/drive.google.com\/open?id=1yjs_LIA4zJOZzdPLXJglJ6IyxwcpcSdb&amp;usp=drive_copy<\/td>        <\/tr>\n            <tr data-row_id=\"741\" class=\"ninja_table_row_741 nt_row_id_741\">\n            <td>Portaria<\/td><td>234\/2021<\/td><td>24\/06\/2021<\/td><td>Gabinete do prefeito<\/td><td>DISPOE SOBRE CONCESS\u00c3O DE F\u00c9RIAS E D\u00c1 OUTRAS PROVIDENCIAS<\/td><td>https:\/\/drive.google.com\/open?id=1s8FTmMXieuO5u09NEx0uSc_DZfVxN76f&amp;usp=drive_copy<\/td>        <\/tr>\n            <tr data-row_id=\"742\" class=\"ninja_table_row_742 nt_row_id_742\">\n            <td>Portaria<\/td><td>233\/2021<\/td><td>24\/06\/2021<\/td><td>Gabinete do prefeito<\/td><td>DISPOE SOBRE CONCESS\u00c3O DE F\u00c9RIAS E D\u00c1 OUTRAS PROVIDENCIAS<\/td><td>https:\/\/drive.google.com\/open?id=1HXWbYi6zYi2B7usGiPNs9SPzDOqBUffA&amp;usp=drive_copy<\/td>        <\/tr>\n            <tr data-row_id=\"743\" class=\"ninja_table_row_743 nt_row_id_743\">\n            <td>Portaria<\/td><td>232\/2021<\/td><td>24\/06\/2021<\/td><td>Gabinete do prefeito<\/td><td>DISPOE SOBRE CONCESS\u00c3O DE F\u00c9RIAS E D\u00c1 OUTRAS PROVIDENCIAS<\/td><td>https:\/\/drive.google.com\/open?id=1mMZNnDhjH04WEWas2_tUINfNKz2AoP3c&amp;usp=drive_copy<\/td>        <\/tr>\n            <tr data-row_id=\"744\" class=\"ninja_table_row_744 nt_row_id_744\">\n            <td>Portaria<\/td><td>231\/2021<\/td><td>24\/06\/2021<\/td><td>Gabinete do prefeito<\/td><td>DISPOE SOBRE CONCESS\u00c3O DE F\u00c9RIAS E D\u00c1 OUTRAS PROVIDENCIAS<\/td><td>https:\/\/drive.google.com\/open?id=1s0e7TbBqIAlR37Po-rMgOksNUuXW8R6A&amp;usp=drive_copy<\/td>        <\/tr>\n            <tr data-row_id=\"745\" class=\"ninja_table_row_745 nt_row_id_745\">\n            <td>Portaria<\/td><td>230\/2021<\/td><td>24\/06\/2021<\/td><td>Gabinete do prefeito<\/td><td>DISPOE SOBRE CONCESS\u00c3O DE F\u00c9RIAS E D\u00c1 OUTRAS PROVIDENCIAS<\/td><td>https:\/\/drive.google.com\/open?id=1iChZFFWeS6gb_3AFmHasdkqh_ZaJeblM&amp;usp=drive_copy<\/td>        <\/tr>\n            <tr data-row_id=\"746\" class=\"ninja_table_row_746 nt_row_id_746\">\n            <td>Portaria<\/td><td>229\/2021<\/td><td>24\/06\/2021<\/td><td>Gabinete do prefeito<\/td><td>DISPOE SOBRE CONCESS\u00c3O DE F\u00c9RIAS E D\u00c1 OUTRAS PROVIDENCIAS<\/td><td>https:\/\/drive.google.com\/open?id=1OYO1U8cc6xXZhLTuKQudPk-aY6nI2HD1&amp;usp=drive_copy<\/td>        <\/tr>\n            <tr data-row_id=\"747\" class=\"ninja_table_row_747 nt_row_id_747\">\n            <td>Portaria<\/td><td>227\/2021<\/td><td>21\/06\/2021<\/td><td>Gabinete do prefeito<\/td><td>DISPOE SOBRE CONCESS\u00c3O DE F\u00c9RIAS E D\u00c1 OUTRAS PROVIDENCIAS<\/td><td>https:\/\/drive.google.com\/open?id=19C89ic-UsJsauwBtdQfOJzLgXqXpU1BJ&amp;usp=drive_copy<\/td>        <\/tr>\n            <tr data-row_id=\"748\" class=\"ninja_table_row_748 nt_row_id_748\">\n            <td>Portaria<\/td><td>226\/2021<\/td><td>21\/06\/2021<\/td><td>Gabinete do prefeito<\/td><td>DISPOE SOBRE CONCESS\u00c3O DE F\u00c9RIAS E D\u00c1 OUTRAS PROVIDENCIAS<\/td><td>https:\/\/drive.google.com\/open?id=18G6IkxVqQTyS4RtLTaEOwzfDhfoM51mW&amp;usp=drive_copy<\/td>        <\/tr>\n            <tr data-row_id=\"749\" class=\"ninja_table_row_749 nt_row_id_749\">\n            <td>Portaria<\/td><td>225\/2021<\/td><td>21\/06\/2021<\/td><td>Gabinete do prefeito<\/td><td>DISPOE SOBRE CONCESS\u00c3O DE F\u00c9RIAS E D\u00c1 OUTRAS PROVIDENCIAS<\/td><td>https:\/\/drive.google.com\/open?id=1iOyo4SlM9YAQCbG4UuQYjuxkioSXUiaF&amp;usp=drive_copy<\/td>        <\/tr>\n            <tr data-row_id=\"750\" class=\"ninja_table_row_750 nt_row_id_750\">\n            <td>Portaria<\/td><td>224\/2021<\/td><td>21\/06\/2021<\/td><td>Gabinete do prefeito<\/td><td>DISPOE SOBRE CONCESS\u00c3O DE F\u00c9RIAS E D\u00c1 OUTRAS PROVIDENCIAS<\/td><td>https:\/\/drive.google.com\/open?id=1Lh0jcPA6zCFoj4VpY4dwK0P7_zRDj4pw&amp;usp=drive_copy<\/td>        <\/tr>\n            <tr data-row_id=\"751\" class=\"ninja_table_row_751 nt_row_id_751\">\n            <td>Portaria<\/td><td>223\/2021<\/td><td>21\/06\/2021<\/td><td>Gabinete do prefeito<\/td><td>DISPOE SOBRE CONCESS\u00c3O DE F\u00c9RIAS E D\u00c1 OUTRAS PROVIDENCIAS<\/td><td>https:\/\/drive.google.com\/open?id=1B95zxaEGf-q34GEfunpFBtWfTj8zuy9q&amp;usp=drive_copy<\/td>        <\/tr>\n            <tr data-row_id=\"752\" class=\"ninja_table_row_752 nt_row_id_752\">\n            <td>Portaria<\/td><td>222\/2021<\/td><td>21\/06\/2021<\/td><td>Gabinete do prefeito<\/td><td>DISPOE SOBRE CONCESS\u00c3O DE F\u00c9RIAS E D\u00c1 OUTRAS PROVIDENCIAS<\/td><td>https:\/\/drive.google.com\/open?id=1upy6UmfbW-R6ue42eMUnyP18ElYYRCcR&amp;usp=drive_copy<\/td>        <\/tr>\n            <tr data-row_id=\"753\" class=\"ninja_table_row_753 nt_row_id_753\">\n            <td>Portaria<\/td><td>221\/2021<\/td><td>21\/06\/2021<\/td><td>Gabinete do prefeito<\/td><td>DISPOE SOBRE CONCESS\u00c3O DE F\u00c9RIAS E D\u00c1 OUTRAS PROVIDENCIAS<\/td><td>https:\/\/drive.google.com\/open?id=1hmoyKWSUS0C3jf8CvFyfdbn-BUB_rizw&amp;usp=drive_copy<\/td>        <\/tr>\n            <tr data-row_id=\"754\" class=\"ninja_table_row_754 nt_row_id_754\">\n            <td>Portaria<\/td><td>220\/2021<\/td><td>21\/06\/2021<\/td><td>Gabinete do prefeito<\/td><td>DISPOE SOBRE CONCESS\u00c3O DE F\u00c9RIAS E D\u00c1 OUTRAS PROVIDENCIAS<\/td><td>https:\/\/drive.google.com\/open?id=1vioSC7NA0pexuu7yOw4HaXgjq8Saxm9H&amp;usp=drive_copy<\/td>        <\/tr>\n            <tr data-row_id=\"755\" class=\"ninja_table_row_755 nt_row_id_755\">\n            <td>Portaria<\/td><td>219\/2021<\/td><td>21\/06\/2021<\/td><td>Gabinete do prefeito<\/td><td>DISPOE SOBRE CONCESS\u00c3O DE F\u00c9RIAS E D\u00c1 OUTRAS PROVIDENCIAS<\/td><td>https:\/\/drive.google.com\/open?id=1d_LSgRh8rRUkmCrgRMwtODS1yVF3erpr&amp;usp=drive_copy<\/td>        <\/tr>\n            <tr data-row_id=\"756\" class=\"ninja_table_row_756 nt_row_id_756\">\n            <td>Portaria<\/td><td>218\/2021<\/td><td>21\/06\/2021<\/td><td>Gabinete do prefeito<\/td><td>DISPOE SOBRE CONCESS\u00c3O DE F\u00c9RIAS E D\u00c1 OUTRAS PROVIDENCIAS<\/td><td>https:\/\/drive.google.com\/open?id=1Ht44EF-v1QmfxcbrbYRxjxDFchETTBaz&amp;usp=drive_copy<\/td>        <\/tr>\n            <tr data-row_id=\"757\" class=\"ninja_table_row_757 nt_row_id_757\">\n            <td>Portaria<\/td><td>215\/2021<\/td><td>14\/06\/2021<\/td><td>Gabinete do prefeito<\/td><td>DISPOE SOBRE CONCESS\u00c3O DE F\u00c9RIAS E D\u00c1 OUTRAS PROVIDENCIAS<\/td><td>https:\/\/drive.google.com\/open?id=1fHZEL2ltRpat-fcz-HBS1CCPviCW1Vby&amp;usp=drive_copy<\/td>        <\/tr>\n            <tr data-row_id=\"758\" class=\"ninja_table_row_758 nt_row_id_758\">\n            <td>Portaria<\/td><td>213\/2021<\/td><td>04\/06\/2021<\/td><td>Gabinete do prefeito<\/td><td>DISP\u00d5E SOBRE TRANSFER\u00caNCIA DO CARGO DE PREFEITO MUNICIPAL E D\u00c1 OUTRAS PROVID\u00caNCIAS<\/td><td>https:\/\/drive.google.com\/open?id=1fv95AIEvpXHZyIuzlO6Y7x2Df2hzFOgz&amp;usp=drive_copy<\/td>        <\/tr>\n            <tr data-row_id=\"759\" class=\"ninja_table_row_759 nt_row_id_759\">\n            <td>Portaria<\/td><td>210\/2021<\/td><td>01\/06\/2021<\/td><td>Gabinete do prefeito<\/td><td>NOEMA\u00c7\u00c3O DE T\u00c9CNICO PARA UTILIZA\u00c7\u00c3O DA PLATAFORMA MAPA CULTURAL DO PAR\u00c1<\/td><td>https:\/\/drive.google.com\/open?id=1u7QASPp2c6e47Iou2G_cbF_nF7OaLiSA&amp;usp=drive_copy<\/td>        <\/tr>\n            <tr data-row_id=\"760\" class=\"ninja_table_row_760 nt_row_id_760\">\n            <td>Portaria<\/td><td>209\/2021<\/td><td>01\/06\/2021<\/td><td>Gabinete do prefeito<\/td><td>DISPOE SOBRE CONCESS\u00c3O DE F\u00c9RIAS E D\u00c1 OUTRAS PROVIDENCIAS<\/td><td>https:\/\/drive.google.com\/open?id=1aX7ziprjB4BYi7IKj9rH0M2Fn2N3dtC0&amp;usp=drive_copy<\/td>        <\/tr>\n            <tr data-row_id=\"761\" class=\"ninja_table_row_761 nt_row_id_761\">\n            <td>Portaria<\/td><td>208\/2021<\/td><td>01\/06\/2021<\/td><td>Gabinete do prefeito<\/td><td>DISPOE SOBRE CONCESS\u00c3O DE F\u00c9RIAS E D\u00c1 OUTRAS PROVIDENCIAS<\/td><td>https:\/\/drive.google.com\/open?id=1bP7CRdm1LWOyn1Hw6gNcT50a6efFpiZv&amp;usp=drive_copy<\/td>        <\/tr>\n            <tr data-row_id=\"762\" class=\"ninja_table_row_762 nt_row_id_762\">\n            <td>Portaria<\/td><td>207\/2021<\/td><td>01\/06\/2021<\/td><td>Gabinete do prefeito<\/td><td>DISPOE SOBRE CONCESS\u00c3O DE F\u00c9RIAS E D\u00c1 OUTRAS PROVIDENCIAS<\/td><td>https:\/\/drive.google.com\/open?id=1k4MtRqH9R7d0j-59uSSgeQJEshiweAkh&amp;usp=drive_copy<\/td>        <\/tr>\n            <tr data-row_id=\"763\" class=\"ninja_table_row_763 nt_row_id_763\">\n            <td>Portaria<\/td><td>206\/2021<\/td><td>01\/06\/2021<\/td><td>Gabinete do prefeito<\/td><td>DISPOE SOBRE CONCESS\u00c3O DE F\u00c9RIAS E D\u00c1 OUTRAS PROVIDENCIAS<\/td><td>https:\/\/drive.google.com\/open?id=1G2ULB1nxzNDtmvLkdnoKu8r8IkERBpnH&amp;usp=drive_copy<\/td>        <\/tr>\n            <tr data-row_id=\"764\" class=\"ninja_table_row_764 nt_row_id_764\">\n            <td>Portaria<\/td><td>205\/2021<\/td><td>01\/06\/2021<\/td><td>Gabinete do prefeito<\/td><td>DISP\u00d5E SOBRE CONCESS\u00c3O DE LICEN\u00c7A PR\u00caMIO E D\u00c1 OUTRAS PROVID\u00caNCIAS<\/td><td>https:\/\/drive.google.com\/open?id=1RN8RCkwJmISTyAXjUohAWsvArESfun1b&amp;usp=drive_copy<\/td>        <\/tr>\n            <tr data-row_id=\"765\" class=\"ninja_table_row_765 nt_row_id_765\">\n            <td>Portaria<\/td><td>204\/2021<\/td><td>01\/06\/2021<\/td><td>Gabinete do prefeito<\/td><td>DISP\u00d4E SOBRE REVOGA\u00c7\u00c3O DE PORTARIA QUE CONCEDEU LICEN\u00c7A PREMIO E D\u00c1 OUTRAS PROVID\u00caNCIAS<\/td><td>https:\/\/drive.google.com\/open?id=15Wmeo0JCNDutU1RWzJ-Fvm3iIHdL4J-k&amp;usp=drive_copy<\/td>        <\/tr>\n            <tr data-row_id=\"766\" class=\"ninja_table_row_766 nt_row_id_766\">\n            <td>Portaria<\/td><td>203\/2021<\/td><td>01\/06\/2021<\/td><td>Gabinete do prefeito<\/td><td>DISP\u00d4E SOBRE REVOGA\u00c7\u00c3O DE PORTARIA QUE CONCEDEU LICEN\u00c7A PREMIO E D\u00c1 OUTRAS PROVID\u00caNCIAS<\/td><td>https:\/\/drive.google.com\/open?id=14l3eZmNY7_GmVaB5iKlPU_wTKchDqrPi&amp;usp=drive_copy<\/td>        <\/tr>\n            <tr data-row_id=\"767\" class=\"ninja_table_row_767 nt_row_id_767\">\n            <td>Portaria<\/td><td>202\/2021<\/td><td>01\/06\/2021<\/td><td>Gabinete do prefeito<\/td><td>DISP\u00d4E SOBRE REVOGA\u00c7\u00c3O DE PORTARIA QUE CONCEDEU LICEN\u00c7A PREMIO E D\u00c1 OUTRAS PROVID\u00caNCIAS<\/td><td>https:\/\/drive.google.com\/open?id=1kKalWIX5M4iUu_766OT4Arh2jdn7jw0b&amp;usp=drive_copy<\/td>        <\/tr>\n            <tr data-row_id=\"768\" class=\"ninja_table_row_768 nt_row_id_768\">\n            <td>Portaria<\/td><td>201\/2021<\/td><td>01\/06\/2021<\/td><td>Gabinete do prefeito<\/td><td>DISP\u00d4E SOBRE REVOGA\u00c7\u00c3O DE PORTARIA QUE CONCEDEU LICEN\u00c7A PREMIO E D\u00c1 OUTRAS PROVID\u00caNCIAS<\/td><td>https:\/\/drive.google.com\/open?id=1NVDRTsaKLfCl6vaBLTzBAnXFOP0Y18Se&amp;usp=drive_copy<\/td>        <\/tr>\n            <tr data-row_id=\"769\" class=\"ninja_table_row_769 nt_row_id_769\">\n            <td>Portaria<\/td><td>200\/2021<\/td><td>01\/06\/2021<\/td><td>Gabinete do prefeito<\/td><td>DISP\u00d4E SOBRE REVOGA\u00c7\u00c3O DE PORTARIA QUE CONCEDEU LICEN\u00c7A PREMIO E D\u00c1 OUTRAS PROVID\u00caNCIAS<\/td><td>https:\/\/drive.google.com\/open?id=1qkMXoZPVr44Yf-cRfolmfvIE7hktoxK6&amp;usp=drive_copy<\/td>        <\/tr>\n            <tr data-row_id=\"770\" class=\"ninja_table_row_770 nt_row_id_770\">\n            <td>Portaria<\/td><td>199\/2021<\/td><td>31\/05\/2021<\/td><td>Gabinete do prefeito<\/td><td>DISP\u00d5E SOBRE TRANSFER\u00caNCIA DO CARGO DE PREFEITO MUNICIPAL E D\u00c1 OUTRAS PROVID\u00caNCIAS<\/td><td>https:\/\/drive.google.com\/open?id=1dTQ7U3xdUIk9t72xaMQ4FCKp41aDqJVh&amp;usp=drive_copy<\/td>        <\/tr>\n            <tr data-row_id=\"771\" class=\"ninja_table_row_771 nt_row_id_771\">\n            <td>Portaria<\/td><td>198\/2021<\/td><td>31\/05\/2021<\/td><td>Gabinete do prefeito<\/td><td>DISP\u00d5E SOBRE CONCESS\u00c3O DE LICEN\u00c7A PR\u00caMIO E D\u00c1 OUTRAS PROVID\u00caNCIAS<\/td><td>https:\/\/drive.google.com\/open?id=1Q1QJbhLp5XJ8celeADEAKB8xUdiT8XQK&amp;usp=drive_copy<\/td>        <\/tr>\n            <tr data-row_id=\"772\" class=\"ninja_table_row_772 nt_row_id_772\">\n            <td>Portaria<\/td><td>193\/2021<\/td><td>24\/05\/2021<\/td><td>Gabinete do prefeito<\/td><td>DISP\u00d5E SOBRE CONCESS\u00c3O DE LICEN\u00c7A PR\u00caMIO E D\u00c1 OUTRAS PROVID\u00caNCIAS<\/td><td>https:\/\/drive.google.com\/open?id=1vL_9FVTOxA2gLoBsmUCPJkaz8lQ2LPlx&amp;usp=drive_copy<\/td>        <\/tr>\n            <tr data-row_id=\"773\" class=\"ninja_table_row_773 nt_row_id_773\">\n            <td>Portaria<\/td><td>192\/2021<\/td><td>24\/05\/2021<\/td><td>Gabinete do prefeito<\/td><td>DISP\u00d5E SOBRE CONCESS\u00c3O DE LICEN\u00c7A PR\u00caMIO E D\u00c1 OUTRAS PROVID\u00caNCIAS<\/td><td>https:\/\/drive.google.com\/open?id=14H7bUskpLo4TwP0jZSbjC8GJu6HlTzAH&amp;usp=drive_copy<\/td>        <\/tr>\n            <tr data-row_id=\"774\" class=\"ninja_table_row_774 nt_row_id_774\">\n            <td>Portaria<\/td><td>191\/2021<\/td><td>24\/05\/2021<\/td><td>Gabinete do prefeito<\/td><td>DISPOE SOBRE CONCESS\u00c3O DE F\u00c9RIAS E D\u00c1 OUTRAS PROVIDENCIAS<\/td><td>https:\/\/drive.google.com\/open?id=1mQS8pSAPVuZCcu1mTBPXcGB8RPeBXGyc&amp;usp=drive_copy<\/td>        <\/tr>\n            <tr data-row_id=\"775\" class=\"ninja_table_row_775 nt_row_id_775\">\n            <td>Portaria<\/td><td>190\/2021<\/td><td>24\/05\/2021<\/td><td>Gabinete do prefeito<\/td><td>DISPOE SOBRE CONCESS\u00c3O DE F\u00c9RIAS E D\u00c1 OUTRAS PROVIDENCIAS<\/td><td>https:\/\/drive.google.com\/open?id=1wKr6BngP0aw5zYstbzzTi2tyoAGMQQed&amp;usp=drive_copy<\/td>        <\/tr>\n            <tr data-row_id=\"776\" class=\"ninja_table_row_776 nt_row_id_776\">\n            <td>Portaria<\/td><td>189\/2021<\/td><td>24\/05\/2021<\/td><td>Gabinete do prefeito<\/td><td>DISPOE SOBRE CONCESS\u00c3O DE F\u00c9RIAS E D\u00c1 OUTRAS PROVIDENCIAS<\/td><td>https:\/\/drive.google.com\/open?id=1f27J8Yj3kPBhQ5z8l-v7T72MOToxykSi&amp;usp=drive_copy<\/td>        <\/tr>\n            <tr data-row_id=\"777\" class=\"ninja_table_row_777 nt_row_id_777\">\n            <td>Portaria<\/td><td>188\/2021<\/td><td>24\/05\/2021<\/td><td>Gabinete do prefeito<\/td><td>DISPOE SOBRE CONCESS\u00c3O DE F\u00c9RIAS E D\u00c1 OUTRAS PROVIDENCIAS<\/td><td>https:\/\/drive.google.com\/open?id=1a2tXkTBmjGdwaNExS0lCaNeGhlGtYdJJ&amp;usp=drive_copy<\/td>        <\/tr>\n            <tr data-row_id=\"778\" class=\"ninja_table_row_778 nt_row_id_778\">\n            <td>Portaria<\/td><td>187\/2021<\/td><td>24\/05\/2021<\/td><td>Gabinete do prefeito<\/td><td>DISPOE SOBRE CONCESS\u00c3O DE F\u00c9RIAS E D\u00c1 OUTRAS PROVIDENCIAS<\/td><td>https:\/\/drive.google.com\/open?id=1iQyHNwtsKus4BLL5xgnlIstm_ePeMCGk&amp;usp=drive_copy<\/td>        <\/tr>\n            <tr data-row_id=\"779\" class=\"ninja_table_row_779 nt_row_id_779\">\n            <td>Portaria<\/td><td>186\/2021<\/td><td>24\/05\/2021<\/td><td>Gabinete do prefeito<\/td><td>DISPOE SOBRE CONCESS\u00c3O DE F\u00c9RIAS E D\u00c1 OUTRAS PROVIDENCIAS<\/td><td>https:\/\/drive.google.com\/open?id=1i4OMIcqmAhFzZ-kDn-5v2gzm3BedRyKz&amp;usp=drive_copy<\/td>        <\/tr>\n            <tr data-row_id=\"780\" class=\"ninja_table_row_780 nt_row_id_780\">\n            <td>Portaria<\/td><td>185\/2021<\/td><td>24\/05\/2021<\/td><td>Gabinete do prefeito<\/td><td>DISP\u00d5E SOBRE CONCESS\u00c3O DE LICEN\u00c7A PR\u00caMIO E D\u00c1 OUTRAS PROVID\u00caNCIAS<\/td><td>https:\/\/drive.google.com\/open?id=1QJ6GTwgaFSRnlcbv_slPJ01kpxzKcBOe&amp;usp=drive_copy<\/td>        <\/tr>\n            <tr data-row_id=\"781\" class=\"ninja_table_row_781 nt_row_id_781\">\n            <td>Portaria<\/td><td>184\/2021<\/td><td>24\/05\/2021<\/td><td>Gabinete do prefeito<\/td><td>DISPOE SOBRE CONCESS\u00c3O DE F\u00c9RIAS E D\u00c1 OUTRAS PROVIDENCIAS<\/td><td>https:\/\/drive.google.com\/open?id=1AiSKSLEtf5WKgrjEvLIcYTZKZ86nAh_0&amp;usp=drive_copy<\/td>        <\/tr>\n            <tr data-row_id=\"782\" class=\"ninja_table_row_782 nt_row_id_782\">\n            <td>Portaria<\/td><td>183\/2021<\/td><td>24\/05\/2021<\/td><td>Gabinete do prefeito<\/td><td>DISPOE SOBRE CONCESS\u00c3O DE F\u00c9RIAS E D\u00c1 OUTRAS PROVIDENCIAS<\/td><td>https:\/\/drive.google.com\/open?id=1p9Tw1V5KQZ8N8awQHMk2NRQosVpR4Q1v&amp;usp=drive_copy<\/td>        <\/tr>\n            <tr data-row_id=\"783\" class=\"ninja_table_row_783 nt_row_id_783\">\n            <td>Portaria<\/td><td>180\/2021<\/td><td>19\/05\/2021<\/td><td>Gabinete do prefeito<\/td><td>DISP\u00d5E SOBRE CONCESS\u00c3O DE LICEN\u00c7A PR\u00caMIO E D\u00c1 OUTRAS PROVID\u00caNCIAS<\/td><td>https:\/\/drive.google.com\/open?id=1dpx7nI28p8-o0G26XPtJhm02EB3WU0lp&amp;usp=drive_copy<\/td>        <\/tr>\n            <tr data-row_id=\"784\" class=\"ninja_table_row_784 nt_row_id_784\">\n            <td>Portaria<\/td><td>179\/2021<\/td><td>19\/05\/2021<\/td><td>Gabinete do prefeito<\/td><td>DISP\u00d5E SOBRE CONCESS\u00c3O DE LICEN\u00c7A PR\u00caMIO E D\u00c1 OUTRAS PROVID\u00caNCIAS<\/td><td>https:\/\/drive.google.com\/open?id=1Y-1aEehbGxuon6i0vxCSI8za--_MCjw2&amp;usp=drive_copy<\/td>        <\/tr>\n            <tr data-row_id=\"785\" class=\"ninja_table_row_785 nt_row_id_785\">\n            <td>Portaria<\/td><td>178\/2021<\/td><td>19\/05\/2021<\/td><td>Gabinete do prefeito<\/td><td>DISPOE SOBRE CONCESS\u00c3O DE F\u00c9RIAS E D\u00c1 OUTRAS PROVIDENCIAS<\/td><td>https:\/\/drive.google.com\/open?id=1a_kdpADKjemdmQEDSlkCDJUOhR-VVeer&amp;usp=drive_copy<\/td>        <\/tr>\n            <tr data-row_id=\"786\" class=\"ninja_table_row_786 nt_row_id_786\">\n            <td>Portaria<\/td><td>177\/2021<\/td><td>19\/05\/2021<\/td><td>Gabinete do prefeito<\/td><td>DISPOE SOBRE CONCESS\u00c3O DE F\u00c9RIAS E D\u00c1 OUTRAS PROVIDENCIAS<\/td><td>https:\/\/drive.google.com\/open?id=1XfflR-ImgUSm4yRgPDEU6fJBkd7Pzzu0&amp;usp=drive_copy<\/td>        <\/tr>\n            <tr data-row_id=\"787\" class=\"ninja_table_row_787 nt_row_id_787\">\n            <td>Portaria<\/td><td>176\/2021<\/td><td>19\/05\/2021<\/td><td>Gabinete do prefeito<\/td><td>DISP\u00d5E SOBRE CONCESS\u00c3O DE LICEN\u00c7A PR\u00caMIO E D\u00c1 OUTRAS PROVID\u00caNCIAS<\/td><td>https:\/\/drive.google.com\/open?id=1aJ1rQpfwRevGPnnv_XZQGSaxr6zsVgfA&amp;usp=drive_copy<\/td>        <\/tr>\n            <tr data-row_id=\"788\" class=\"ninja_table_row_788 nt_row_id_788\">\n            <td>Portaria<\/td><td>175\/2021<\/td><td>19\/05\/2021<\/td><td>Gabinete do prefeito<\/td><td>DISPOE SOBRE CONCESS\u00c3O DE F\u00c9RIAS E D\u00c1 OUTRAS PROVIDENCIAS<\/td><td>https:\/\/drive.google.com\/open?id=1J0JnWJi5AqSO4ULmnYIXt6-w7xrCgK5x&amp;usp=drive_copy<\/td>        <\/tr>\n            <tr data-row_id=\"789\" class=\"ninja_table_row_789 nt_row_id_789\">\n            <td>Portaria<\/td><td>174\/2021<\/td><td>19\/05\/2021<\/td><td>Gabinete do prefeito<\/td><td>DISPOE SOBRE CONCESS\u00c3O DE F\u00c9RIAS E D\u00c1 OUTRAS PROVIDENCIAS<\/td><td>https:\/\/drive.google.com\/open?id=1YWaCJ0exyzlkI8n4_-3lxROOHjRiPt_H&amp;usp=drive_copy<\/td>        <\/tr>\n            <tr data-row_id=\"790\" class=\"ninja_table_row_790 nt_row_id_790\">\n            <td>Portaria<\/td><td>173\/2021<\/td><td>19\/05\/2021<\/td><td>Gabinete do prefeito<\/td><td>DISP\u00d5E SOBRE CONCESS\u00c3O DE LICEN\u00c7A PR\u00caMIO E D\u00c1 OUTRAS PROVID\u00caNCIAS<\/td><td>https:\/\/drive.google.com\/open?id=19aA1XoXFdaJJ2vjFc28vxstXtquAHKi-&amp;usp=drive_copy<\/td>        <\/tr>\n            <tr data-row_id=\"791\" class=\"ninja_table_row_791 nt_row_id_791\">\n            <td>Portaria<\/td><td>172\/2021<\/td><td>19\/05\/2021<\/td><td>Gabinete do prefeito<\/td><td>DISPOE SOBRE CONCESS\u00c3O DE F\u00c9RIAS E D\u00c1 OUTRAS PROVIDENCIAS<\/td><td>https:\/\/drive.google.com\/open?id=1IQvkuuiFx_1V2IQkmqelgk3S0PuxbdQ4&amp;usp=drive_copy<\/td>        <\/tr>\n            <tr data-row_id=\"792\" class=\"ninja_table_row_792 nt_row_id_792\">\n            <td>Portaria<\/td><td>170\/2021<\/td><td>18\/08\/2021<\/td><td>Gabinete do prefeito<\/td><td>DISP\u00d5E SOBRE TRANSFER\u00caNCIA DO CARGO DE D\u00c1 OUTRAS PREFEITO MUNICIPAL E PROVID\u00caNCIAS<\/td><td>https:\/\/drive.google.com\/open?id=1fousUMKnbBeBIPiI80-SfHxBvowh0p0Z&amp;usp=drive_copy<\/td>        <\/tr>\n            <tr data-row_id=\"793\" class=\"ninja_table_row_793 nt_row_id_793\">\n            <td>Portaria<\/td><td>166\/2021<\/td><td>17\/05\/2021<\/td><td>Gabinete do prefeito<\/td><td>DISP\u00d5E SOBRE TRANSFER\u00caNCIA DO CARGO DE PREFEITO MUNICIPAL E D\u00c1 OUTRAS PROVID\u00caNCIAS<\/td><td>https:\/\/drive.google.com\/open?id=1Zc2Eg8LNvvzb-dSCnbMx7-7EOjuuofQg&amp;usp=drive_copy<\/td>        <\/tr>\n            <tr data-row_id=\"794\" class=\"ninja_table_row_794 nt_row_id_794\">\n            <td>Portaria<\/td><td>165\/2021<\/td><td>14\/05\/2021<\/td><td>Gabinete do prefeito<\/td><td>DISPOE SOBRE CONCESS\u00c3O DE F\u00c9RIAS E D\u00c1 OUTRAS PROVIDENCIAS<\/td><td>https:\/\/drive.google.com\/open?id=1cU3BjHjsl37mRFT_DztHCSqmhbRL3wro&amp;usp=drive_copy<\/td>        <\/tr>\n            <tr data-row_id=\"795\" class=\"ninja_table_row_795 nt_row_id_795\">\n            <td>Portaria<\/td><td>164\/2021<\/td><td>14\/05\/2021<\/td><td>Gabinete do prefeito<\/td><td>DISPOE SOBRE CONCESS\u00c3O DE F\u00c9RIAS E D\u00c1 OUTRAS PROVIDENCIAS<\/td><td>https:\/\/drive.google.com\/open?id=1hLz_46HeoDUp7sOBu8pgtvj25ZLSFRRM&amp;usp=drive_copy<\/td>        <\/tr>\n            <tr data-row_id=\"796\" class=\"ninja_table_row_796 nt_row_id_796\">\n            <td>Portaria<\/td><td>162\/2021<\/td><td>14\/05\/2021<\/td><td>Gabinete do prefeito<\/td><td>DISPOE SOBRE CONCESS\u00c3O DE F\u00c9RIAS E D\u00c1 OUTRAS PROVIDENCIAS<\/td><td>https:\/\/drive.google.com\/open?id=1RB430fdc1W_KijB8bSsy3s4CiPgkJg6r&amp;usp=drive_copy<\/td>        <\/tr>\n            <tr data-row_id=\"797\" class=\"ninja_table_row_797 nt_row_id_797\">\n            <td>Portaria<\/td><td>161\/2021<\/td><td>14\/05\/2021<\/td><td>Gabinete do prefeito<\/td><td>DISP\u00d5E SOBRE CONCESS\u00c3O DE LICEN\u00c7A PATERNIDADE E D\u00c1 OUTRAS PROVID\u00caNCIAS<\/td><td>https:\/\/drive.google.com\/open?id=1HMHlb29vrsDDGbI4rIFVFo7_RB6hgcKc&amp;usp=drive_copy<\/td>        <\/tr>\n            <tr data-row_id=\"798\" class=\"ninja_table_row_798 nt_row_id_798\">\n            <td>Portaria<\/td><td>160\/2021<\/td><td>14\/05\/2021<\/td><td>Gabinete do prefeito<\/td><td>MATERNIDADE CONCESS\u00c3O DE LICEN\u00c7A MATERNIDADE PROVIDENCIAS<\/td><td>https:\/\/drive.google.com\/open?id=1OTUKrv7Y0omO89uTYiLqEfGwzqOolmvL&amp;usp=drive_copy<\/td>        <\/tr>\n            <tr data-row_id=\"799\" class=\"ninja_table_row_799 nt_row_id_799\">\n            <td>Portaria<\/td><td>159\/2021<\/td><td>14\/05\/2021<\/td><td>Gabinete do prefeito<\/td><td>MATERNIDADE CONCESS\u00c3O DE LICEN\u00c7A MATERNIDADE PROVIDENCIAS<\/td><td>https:\/\/drive.google.com\/open?id=15nSTbMWU50gSvOa6mA_JZSm51VdttyTy&amp;usp=drive_copy<\/td>        <\/tr>\n            <tr data-row_id=\"800\" class=\"ninja_table_row_800 nt_row_id_800\">\n            <td>Portaria<\/td><td>156\/2021<\/td><td>05\/05\/2021<\/td><td>Gabinete do prefeito<\/td><td>DISPOE SOBRE CONCESS\u00c3O DE F\u00c9RIAS E D\u00c1 OUTRAS PROVIDENCIAS<\/td><td>https:\/\/drive.google.com\/open?id=1lp-rseZCqPSQJ-2myAwWLeextNSnqiia&amp;usp=drive_copy<\/td>        <\/tr>\n            <tr data-row_id=\"801\" class=\"ninja_table_row_801 nt_row_id_801\">\n            <td>Portaria<\/td><td>154\/2021<\/td><td>29\/04\/2021<\/td><td>Gabinete do prefeito<\/td><td>DISPOE SOBRE CONCESS\u00c3O DE F\u00c9RIAS E D\u00c1 OUTRAS PROVIDENCIAS<\/td><td>https:\/\/drive.google.com\/open?id=19PYdLcXmK50noycNnXwBkr8CcOopgdMz&amp;usp=drive_copy<\/td>        <\/tr>\n            <tr data-row_id=\"802\" class=\"ninja_table_row_802 nt_row_id_802\">\n            <td>Portaria<\/td><td>146\/2021<\/td><td>19\/04\/2021<\/td><td>Gabinete do prefeito<\/td><td>DISP\u00d5E SOBRE NOMEA\u00c7\u00c3O PARA CARGO DE DIRE\u00c7\u00c3O E ASSESSORAMENTO E D\u00c1 OUTRAS PROVID\u00caNCIAS<\/td><td>https:\/\/drive.google.com\/open?id=1PsUJH5vT5E90u8jyzuMQH7pz_-1OuSZt&amp;usp=drive_copy<\/td>        <\/tr>\n            <tr data-row_id=\"803\" class=\"ninja_table_row_803 nt_row_id_803\">\n            <td>Portaria<\/td><td>145\/2021<\/td><td>16\/04\/2021<\/td><td>Gabinete do prefeito<\/td><td>DISP\u00d5E SOBRE CONCESS\u00c3O DE LICEN\u00c7A PR\u00caMIO E D\u00c1 OUTRAS PROVID\u00caNCIAS<\/td><td>https:\/\/drive.google.com\/open?id=1Fxz9U1OyLptkUaqfXWRCDn3NeDkYoUN8&amp;usp=drive_copy<\/td>        <\/tr>\n            <tr data-row_id=\"804\" class=\"ninja_table_row_804 nt_row_id_804\">\n            <td>Portaria<\/td><td>143\/2021<\/td><td>19\/04\/2021<\/td><td>Gabinete do prefeito<\/td><td>DISP\u00d5E SOBRE NOMEA\u00c7\u00c3O PARA CARGO DE DIRE\u00c7\u00c3O E ASSESSORAMENTO E D\u00c1 OUTRAS PROVID\u00caNCIAS<\/td><td>https:\/\/drive.google.com\/open?id=1U3eefnSuE8urC1LJRcNadNkUFxWvjO9b&amp;usp=drive_copy<\/td>        <\/tr>\n            <tr data-row_id=\"805\" class=\"ninja_table_row_805 nt_row_id_805\">\n            <td>Portaria<\/td><td>142\/2021<\/td><td>19\/04\/2021<\/td><td>Gabinete do prefeito<\/td><td>DISP\u00d5E SOBRE NOMEA\u00c7\u00c3O PARA CARGO DE DIRE\u00c7\u00c3O E ASSESSORAMENTO E D\u00c1 OUTRAS PROVID\u00caNCIAS<\/td><td>https:\/\/drive.google.com\/open?id=1cU5dXIV1VGGsBMzce3fdBUsQtA84ERXf&amp;usp=drive_copy<\/td>        <\/tr>\n            <tr data-row_id=\"806\" class=\"ninja_table_row_806 nt_row_id_806\">\n            <td>Portaria<\/td><td>141\/2021<\/td><td>19\/04\/2021<\/td><td>Gabinete do prefeito<\/td><td>DISP\u00d5E SOBRE NOMEA\u00c7\u00c3O PARA CARGO DE DIRE\u00c7\u00c3O E ASSESSORAMENTO E D\u00c1 OUTRAS PROVID\u00caNCIAS<\/td><td>https:\/\/drive.google.com\/open?id=1QRj_n5LGhl_VtRpLlj6CSf0pe0unAnj1&amp;usp=drive_copy<\/td>        <\/tr>\n            <tr data-row_id=\"807\" class=\"ninja_table_row_807 nt_row_id_807\">\n            <td>Portaria<\/td><td>140\/2021<\/td><td>19\/04\/2021<\/td><td>Gabinete do prefeito<\/td><td>DISP\u00d5E SOBRE NOMEA\u00c7\u00c3O PARA CARGO DE DIRE\u00c7\u00c3O E ASSESSORAMENTO E D\u00c1 OUTRAS PROVID\u00caNCIAS<\/td><td>https:\/\/drive.google.com\/open?id=1F7e76EiYrstFIg23qempSumjULf2Xonf&amp;usp=drive_copy<\/td>        <\/tr>\n            <tr data-row_id=\"808\" class=\"ninja_table_row_808 nt_row_id_808\">\n            <td>Portaria<\/td><td>136\/2021<\/td><td>12\/04\/2021<\/td><td>Gabinete do prefeito<\/td><td>DISPOE SOBRE CONCESS\u00c3O DE F\u00c9RIAS E D\u00c1 OUTRAS PROVID\u00caNCIAS<\/td><td>https:\/\/drive.google.com\/open?id=161f3Z5ps1NbCS17BpoFNNHclz7YLbz7E&amp;usp=drive_copy<\/td>        <\/tr>\n            <tr data-row_id=\"809\" class=\"ninja_table_row_809 nt_row_id_809\">\n            <td>Portaria<\/td><td>134\/2021<\/td><td>05\/04\/2021<\/td><td>Gabinete do prefeito<\/td><td>DISP\u00d5E SOBRE CONCESS\u00c3O DE F\u00c9RIAS E D\u00c1 OUTRAS PROVIDENCIAS<\/td><td>https:\/\/drive.google.com\/open?id=1Pw69KVa-DXmEZvYq5187G8ch0duUAbI1&amp;usp=drive_copy<\/td>        <\/tr>\n            <tr data-row_id=\"810\" class=\"ninja_table_row_810 nt_row_id_810\">\n            <td>Portaria<\/td><td>133\/2021<\/td><td>05\/04\/2021<\/td><td>Gabinete do prefeito<\/td><td>DISP\u00d5E SOBRE CONCESS\u00c3O DE F\u00c9RIAS E D\u00c1 OUTRAS PROVIDENCIAS<\/td><td>https:\/\/drive.google.com\/open?id=1t6k85q9WadOiBBGgk_5S7EzLkxIhdUGV&amp;usp=drive_copy<\/td>        <\/tr>\n            <tr data-row_id=\"811\" class=\"ninja_table_row_811 nt_row_id_811\">\n            <td>Portaria<\/td><td>132\/2021<\/td><td>05\/04\/2021<\/td><td>Gabinete do prefeito<\/td><td>DISPOE SOBRE CONCESS\u00c3O DE F\u00c9RIAS E D\u00c1 OUTRAS PROVIDENCIAS<\/td><td>https:\/\/drive.google.com\/open?id=1UQzxpYIRQ9dRci9bDCEGFLskxEkOgXIO&amp;usp=drive_copy<\/td>        <\/tr>\n            <tr data-row_id=\"812\" class=\"ninja_table_row_812 nt_row_id_812\">\n            <td>Portaria<\/td><td>131\/2021<\/td><td>05\/04\/2021<\/td><td>Gabinete do prefeito<\/td><td>DISPOE SOBRE CONCESS\u00c3O DE F\u00c9RIAS E D\u00c1 OUTRAS PROVIDENCIAS<\/td><td>https:\/\/drive.google.com\/open?id=1MCjOh2lOHwcgwNucxgKG-wNeiNhhTYn4&amp;usp=drive_copy<\/td>        <\/tr>\n            <tr data-row_id=\"813\" class=\"ninja_table_row_813 nt_row_id_813\">\n            <td>Portaria<\/td><td>128\/2021<\/td><td>29\/03\/2021<\/td><td>Gabinete do prefeito<\/td><td>DISP\u00d5E SOBRE CONCESS\u00c3O DE LICEN\u00c7A PR\u00caMIO E D\u00c1 OUTRAS PROVID\u00caNCIAS<\/td><td>https:\/\/drive.google.com\/open?id=1xBMioo9ikFkWf01OMendr4YFTPLQ_dVh&amp;usp=drive_copy<\/td>        <\/tr>\n            <tr data-row_id=\"814\" class=\"ninja_table_row_814 nt_row_id_814\">\n            <td>Portaria<\/td><td>127\/2021<\/td><td>29\/03\/2021<\/td><td>Gabinete do prefeito<\/td><td>DISPOE SOBRE CONCESS\u00c3O DE F\u00c9RIAS E D\u00c1 OUTRAS PROVIDENCIAS<\/td><td>https:\/\/drive.google.com\/open?id=1aDt_lL5vZMq-FpEDHJLGlzneo_pfIHww&amp;usp=drive_copy<\/td>        <\/tr>\n            <tr data-row_id=\"815\" class=\"ninja_table_row_815 nt_row_id_815\">\n            <td>Portaria<\/td><td>126\/2021<\/td><td>29\/03\/2021<\/td><td>Gabinete do prefeito<\/td><td>DISPOE SOBRE CONCESS\u00c3O DE F\u00c9RIAS E D\u00c1 OUTRAS PROVIDENCIAS<\/td><td>https:\/\/drive.google.com\/open?id=1vbZrs3ztqWj2YEtcPy3JY_Z1Cmz1P76t&amp;usp=drive_copy<\/td>        <\/tr>\n            <tr data-row_id=\"816\" class=\"ninja_table_row_816 nt_row_id_816\">\n            <td>Portaria<\/td><td>125\/2021<\/td><td>25\/03\/2021<\/td><td>Gabinete do prefeito<\/td><td>DISPOE SOBRE CONCESS\u00c3O DE F\u00c9RIAS E D\u00c1 OUTRAS PROVIDENCIAS<\/td><td>https:\/\/drive.google.com\/open?id=1LWbaUzgRO6MW0nHXfM_xB7KBYSYXhD6u&amp;usp=drive_copy<\/td>        <\/tr>\n            <tr data-row_id=\"817\" class=\"ninja_table_row_817 nt_row_id_817\">\n            <td>Portaria<\/td><td>124\/2021<\/td><td>24\/03\/2021<\/td><td>Gabinete do prefeito<\/td><td>DISPOE SOBRE CONCESS\u00c3O DE F\u00c9RIAS E D\u00c1 OUTRAS PROVIDENCIAS<\/td><td>https:\/\/drive.google.com\/open?id=1r4619olfVYpB9FtXrADJbgEl66iXbd4Q&amp;usp=drive_copy<\/td>        <\/tr>\n            <tr data-row_id=\"818\" class=\"ninja_table_row_818 nt_row_id_818\">\n            <td>Portaria<\/td><td>122\/2021<\/td><td>23\/03\/2021<\/td><td>Gabinete do prefeito<\/td><td>DESIGNA INTEGRANTES PARA COMPOR O N\u00daCLEO MUNICIPAL DE REGULARIZA\u00c7\u00c3O FUNDI\u00c1RIA - NMRF, NO \u00c2MBITO DO PROGRAMA TITULA BRASIL.<\/td><td>https:\/\/drive.google.com\/open?id=1ccdCQQHb6SS_I8yZIOdEzUgF5ZpRMq_f&amp;usp=drive_copy<\/td>        <\/tr>\n            <tr data-row_id=\"819\" class=\"ninja_table_row_819 nt_row_id_819\">\n            <td>Portaria<\/td><td>118\/2021<\/td><td>11\/03\/2021<\/td><td>Gabinete do prefeito<\/td><td>DISP\u00d5E SOBRE NOMEA\u00c7\u00c3O PARA CARGO DE DIRE\u00c7\u00c3O E ASSESSORAMENTO E D\u00c1 OUTRAS PROVID\u00caNCIAS<\/td><td>https:\/\/drive.google.com\/open?id=1PlAZ-0NOqDC_X9leYCTnCP03b5CFfZHr&amp;usp=drive_copy<\/td>        <\/tr>\n            <tr data-row_id=\"820\" class=\"ninja_table_row_820 nt_row_id_820\">\n            <td>Portaria<\/td><td>117\/2021<\/td><td>11\/03\/2021<\/td><td>Gabinete do prefeito<\/td><td>DISP\u00d5E SOBRE NOMEA\u00c7\u00c3O PARA CARGO DE DIRE\u00c7\u00c3O E ASSESSORAMENTO E D\u00c1 OUTRAS PROVID\u00caNCIAS<\/td><td>https:\/\/drive.google.com\/open?id=1lpWhl-Zp7KySICn-sKuizjWQ9k7Ce1Fl&amp;usp=drive_copy<\/td>        <\/tr>\n            <tr data-row_id=\"821\" class=\"ninja_table_row_821 nt_row_id_821\">\n            <td>Portaria<\/td><td>116\/2021<\/td><td>11\/03\/2021<\/td><td>Gabinete do prefeito<\/td><td>DISP\u00d5E SOBRE NOMEA\u00c7\u00c3O PARA CARGO DE DIRE\u00c7\u00c3O E ASSESSORAMENTO D\u00c1 OUTRAS PROVID\u00caNCIAS<\/td><td>https:\/\/drive.google.com\/open?id=1WL-erWghFtHFGp9rTNZe9JItGNwdQIZF&amp;usp=drive_copy<\/td>        <\/tr>\n            <tr data-row_id=\"822\" class=\"ninja_table_row_822 nt_row_id_822\">\n            <td>Portaria<\/td><td>115\/2021<\/td><td>11\/03\/2021<\/td><td>Gabinete do prefeito<\/td><td>DISP\u00d5E SOBRE NOMEA\u00c7\u00c3O PARA CARGO DE DIRE\u00c7\u00c3O E ASSESSORAMENTO E D\u00c1 OUTRAS PROVID\u00caNCIAS<\/td><td>https:\/\/drive.google.com\/open?id=1RvhLg8P0b7uMLoe_z_ngtbQw5IcLwTDs&amp;usp=drive_copy<\/td>        <\/tr>\n            <tr data-row_id=\"823\" class=\"ninja_table_row_823 nt_row_id_823\">\n            <td>Portaria<\/td><td>114\/2021<\/td><td>11\/03\/2021<\/td><td>Gabinete do prefeito<\/td><td>DISP\u00d5E SOBRE NOMEA\u00c7\u00c3O PARA CARGO DE DIRE\u00c7\u00c3O E ASSESSORAMENTO E D\u00c1 OUTRAS PROVID\u00caNCIAS<\/td><td>https:\/\/drive.google.com\/open?id=18DoSLBOmTKudUlekisPu6VkKzNhYNFlZ&amp;usp=drive_copy<\/td>        <\/tr>\n            <tr data-row_id=\"824\" class=\"ninja_table_row_824 nt_row_id_824\">\n            <td>Portaria<\/td><td>113\/2021<\/td><td>11\/02\/2021<\/td><td>Gabinete do prefeito<\/td><td>DISP\u00d5E SOBRE NOMEA\u00c7\u00c3O PARA CARGO DE DIRE\u00c7\u00c3O E ASSESSORAMENTO E D\u00c1 OUTRAS PROVID\u00caNCIAS<\/td><td>https:\/\/drive.google.com\/open?id=12Iuhy26nCZX9JkbDDzhGRTEzjcOVQ27e&amp;usp=drive_copy<\/td>        <\/tr>\n            <tr data-row_id=\"825\" class=\"ninja_table_row_825 nt_row_id_825\">\n            <td>Portaria<\/td><td>112\/2021<\/td><td>09\/03\/2021<\/td><td>Gabinete do prefeito<\/td><td>DISP\u00d5E SOBRE NOMEA\u00c7\u00c3O DE GESTOR ESCOLAR E D\u00c1 OUTRAS PROVID\u00caNCIAS<\/td><td>https:\/\/drive.google.com\/open?id=1FWqkXtnR6gkWzqLVaiDYitt-0INcPhfR&amp;usp=drive_copy<\/td>        <\/tr>\n            <tr data-row_id=\"826\" class=\"ninja_table_row_826 nt_row_id_826\">\n            <td>Portaria<\/td><td>111\/2021<\/td><td>09\/03\/2021<\/td><td>Gabinete do prefeito<\/td><td>DISP\u00d5E SOBRE EXONERA\u00c7\u00c3O DO CARGO DE GESTOR ESCOLAR E D\u00c1 OUTRAS PROVID\u00caNCIAS<\/td><td>https:\/\/drive.google.com\/open?id=1X3Nc1rw6z_-xxQ35yjwg1-tQzSnVdbSV&amp;usp=drive_copy<\/td>        <\/tr>\n            <tr data-row_id=\"827\" class=\"ninja_table_row_827 nt_row_id_827\">\n            <td>Portaria<\/td><td>109\/2021<\/td><td>08\/03\/2021<\/td><td>Gabinete do prefeito<\/td><td>DISPOE SOBRE PRORROGA\u00c7\u00c3O DE LICEN\u00c7A PARA TRATAR PARTICULARES E D\u00c1 INTERUTRAS OUTRAS PROVIDENCIAS<\/td><td>https:\/\/drive.google.com\/open?id=12btV4-tX6-xzJEOEih96ghOGaHqyXx7H&amp;usp=drive_copy<\/td>        <\/tr>\n            <tr data-row_id=\"828\" class=\"ninja_table_row_828 nt_row_id_828\">\n            <td>Portaria<\/td><td>108\/2021<\/td><td>04\/03\/2021<\/td><td>Gabinete do prefeito<\/td><td>DISP\u00d5E SOBRE CONCESS\u00c3O DE LICEN\u00c7A MATERNIDADE E D\u00c1 OUTRAS PROVID\u00caNCIAS<\/td><td>https:\/\/drive.google.com\/open?id=19rKcxg0wwnQYuONGfi8GXitkFbpTZK0Y&amp;usp=drive_copy<\/td>        <\/tr>\n            <tr data-row_id=\"829\" class=\"ninja_table_row_829 nt_row_id_829\">\n            <td>Portaria<\/td><td>107\/2021<\/td><td>04\/03\/2021<\/td><td>Gabinete do prefeito<\/td><td>DISP\u00d5E SOBRE CONCESS\u00c3O DE LICEN\u00c7A PARA TRATAR DE INTERESSES PARTICULARES E D\u00c1 OUTRAS PROVID\u00caNCIAS<\/td><td>https:\/\/drive.google.com\/open?id=1vMctLUbLT-X1fB4VaicXoMtwR-QTd1ym&amp;usp=drive_copy<\/td>        <\/tr>\n            <tr data-row_id=\"830\" class=\"ninja_table_row_830 nt_row_id_830\">\n            <td>Portaria<\/td><td>106\/2021<\/td><td>04\/03\/2021<\/td><td>Gabinete do prefeito<\/td><td>DISP\u00d5E SOBRE EXONERA\u00c7\u00c3O DO CARGO DE SERVIDOR COMISSIONADO E D\u00c1 OUTRAS PROVID\u00caNCIAS<\/td><td>https:\/\/drive.google.com\/open?id=1a2QKfL8Fupfw8NSJXc0IGgxvRnrGv4ny&amp;usp=drive_copy<\/td>        <\/tr>\n            <tr data-row_id=\"831\" class=\"ninja_table_row_831 nt_row_id_831\">\n            <td>Portaria<\/td><td>105\/2021<\/td><td>03\/03\/2021<\/td><td>Gabinete do prefeito<\/td><td>DISP\u00d5E SOBRE CONCESS\u00c3O DE LICEN\u00c7A PARA TRATAR PARTICULARES E INTERESSES D\u00c1 OUTRAS PROVIDENCIAS<\/td><td>https:\/\/drive.google.com\/open?id=1wbTuP3tG3yTeMbSPrNXI_34x8LkZXdPT&amp;usp=drive_copy<\/td>        <\/tr>\n            <tr data-row_id=\"832\" class=\"ninja_table_row_832 nt_row_id_832\">\n            <td>Portaria<\/td><td>104\/2021<\/td><td>02\/03\/2021<\/td><td>Gabinete do prefeito<\/td><td>DISP\u00d5E SOBRE A DESIGNA\u00c7\u00c3O DE ACOMPANHAR PARA SERVIDOR CONTRATOS DA SECRETARIA E DO FUNDO MUNICIPAL DE ASSIST\u00caNCIA SOCIAL DE ABEL FIGUEIREDO E D\u00c1 OUTRAS PROVID\u00caNCIAS<\/td><td>https:\/\/drive.google.com\/open?id=1HcdZOq3I4DlqkrSMglUhbw-fEX8Iu4jG&amp;usp=drive_copy<\/td>        <\/tr>\n            <tr data-row_id=\"833\" class=\"ninja_table_row_833 nt_row_id_833\">\n            <td>Portaria<\/td><td>103\/2021<\/td><td>01\/03\/2021<\/td><td>Gabinete do prefeito<\/td><td>DISPOE SOBRE CONCESS\u00c3O DE F\u00c9RIAS E D\u00c1 OUTRAS PROVIDENCIAS<\/td><td>https:\/\/drive.google.com\/open?id=1cuVCphf-wWsNJ4HpnK7fgMt_w4Sv9bVP&amp;usp=drive_copy<\/td>        <\/tr>\n            <tr data-row_id=\"834\" class=\"ninja_table_row_834 nt_row_id_834\">\n            <td>Portaria<\/td><td>102\/2021<\/td><td>01\/03\/2021<\/td><td>Gabinete do prefeito<\/td><td>DISP\u00d5E SOBRE CONCESS\u00c3O DE LICEN\u00c7A PARA TRATAR DE INTERESSES PARTICULARES E D\u00c1 OUTRAS ROVIDENCIAS<\/td><td>https:\/\/drive.google.com\/open?id=1Onhv8QeNF9MAIoz5elJSX5J1qZMC_jHv&amp;usp=drive_copy<\/td>        <\/tr>\n            <tr data-row_id=\"835\" class=\"ninja_table_row_835 nt_row_id_835\">\n            <td>Portaria<\/td><td>101\/2021<\/td><td>26\/02\/2021<\/td><td>Gabinete do prefeito<\/td><td>DISP\u00d5E SOBRE CONCESS\u00c3O DE LICEN\u00c7A PARA TRATAR DE INTERESSES PARTICULARES E D\u00c1 OUTRAS ROVIDENCIAS<\/td><td>https:\/\/drive.google.com\/open?id=1gQ1W7wRKnEkM5Z1dCNP5FDpDCJVRL-7q&amp;usp=drive_copy<\/td>        <\/tr>\n            <tr data-row_id=\"836\" class=\"ninja_table_row_836 nt_row_id_836\">\n            <td>Portaria<\/td><td>100\/2021<\/td><td>26\/02\/2021<\/td><td>Gabinete do prefeito<\/td><td>DISPOE SOBRE CONCESS\u00c3O DE F\u00c9RIAS E D\u00c1 OUTRAS PROVIDENCIAS<\/td><td>https:\/\/drive.google.com\/open?id=1xsM53nf36qKfAfToBfWOhh44FgckXp98&amp;usp=drive_copy<\/td>        <\/tr>\n            <tr data-row_id=\"837\" class=\"ninja_table_row_837 nt_row_id_837\">\n            <td>Portaria<\/td><td>099\/2021<\/td><td>26\/02\/2021<\/td><td>Gabinete do prefeito<\/td><td>DISPOE SOBRE CONCESS\u00c3O DE F\u00c9RIAS E D\u00c1 OUTRAS PROVIDENCIAS<\/td><td>https:\/\/drive.google.com\/open?id=1sOIrZTdtcc6wfaTRO-lKxfm0FlQe3_Cy&amp;usp=drive_copy<\/td>        <\/tr>\n            <tr data-row_id=\"838\" class=\"ninja_table_row_838 nt_row_id_838\">\n            <td>Portaria<\/td><td>098\/2021<\/td><td>26\/02\/2021<\/td><td>Gabinete do prefeito<\/td><td>DISP\u00d5E SOBRE NOMEA\u00c7\u00c3O CARGO DE PROVIMENTO PEM COMISS\u00c3O E D\u00c1 OUTRAS PROVID\u00caNCIAS<\/td><td>https:\/\/drive.google.com\/open?id=1VSThUfm8oA6CQXBvPGxLM67D_VlwnwrD&amp;usp=drive_copy<\/td>        <\/tr>\n            <tr data-row_id=\"839\" class=\"ninja_table_row_839 nt_row_id_839\">\n            <td>Portaria<\/td><td>097\/2021<\/td><td>05\/02\/2021<\/td><td>Gabinete do prefeito<\/td><td>DISP\u00d5E SOBRE A DESIGNA\u00c7\u00c3O DE SERVIDOR PARA ACOMPANHAR CONTRATOS DA SECRETARIA E O FUNDO MUNICIPAL DE EDUCA\u00c7\u00c3O DE ABEL FIGUEIREDO E D\u00c1 OUTRAS PROVID\u00caNCIAS<\/td><td>https:\/\/drive.google.com\/open?id=1-BFOy6b9BO-Q0ELpz-b93okBUQyVFYoh&amp;usp=drive_copy<\/td>        <\/tr>\n            <tr data-row_id=\"840\" class=\"ninja_table_row_840 nt_row_id_840\">\n            <td>Portaria<\/td><td>096\/2021<\/td><td>25\/02\/2021<\/td><td>Gabinete do prefeito<\/td><td>DISP\u00d5E SOBRE A DESIGNA\u00c7\u00c3O DE SERVIDOR PARA ACOMPANHAR CONTRATOS DA SECRETARIA E O FUNDO MUNICIPAL DE SA\u00daDE DE ABEL FIGUEIREDO E D\u00c1 OUTRAS PROVID\u00caNCIAS<\/td><td>https:\/\/drive.google.com\/open?id=1aXQYIkrc-1L76Vdw3iKOblj6uwmr5tXi&amp;usp=drive_copy<\/td>        <\/tr>\n            <tr data-row_id=\"841\" class=\"ninja_table_row_841 nt_row_id_841\">\n            <td>Portaria<\/td><td>095\/2021<\/td><td>25\/02\/2021<\/td><td>Gabinete do prefeito<\/td><td>DISP\u00d5E SOBRE A DESIGNA\u00c7\u00c3O DE SERVIDOR PARA ACOMPANHAR CONTRATOS DA SECRETARIA MUNICIPAL DE OBRAS, TRANSPORTES E URBANISMO DE ABEL FIGUEIREDO E D\u00c1 OUTRAS PROVID\u00caNCIAS<\/td><td>https:\/\/drive.google.com\/open?id=18eFS4Tyb6GoP0rbCJN-lAUkLxHB_Tdqq&amp;usp=drive_copy<\/td>        <\/tr>\n            <tr data-row_id=\"842\" class=\"ninja_table_row_842 nt_row_id_842\">\n            <td>Portaria<\/td><td>094\/2021<\/td><td>25\/02\/2021<\/td><td>Gabinete do prefeito<\/td><td>DISP\u00d5E SOBRE A DESIGNA\u00c7\u00c3O DE SERVIDOR PARA ACOMPANHAR CONTRATOS DA PREFEITURA MUNICIPAL DE ABEL FIGUEIREDO E D\u00c1 OUTRAS PROVID\u00caNCIAS<\/td><td>https:\/\/drive.google.com\/open?id=1bQJzFfOf0RAc3-HyCdODYoyZ3fZVDYLV&amp;usp=drive_copy<\/td>        <\/tr>\n            <tr data-row_id=\"843\" class=\"ninja_table_row_843 nt_row_id_843\">\n            <td>Portaria<\/td><td>092\/2021<\/td><td>25\/02\/2021<\/td><td>Gabinete do prefeito<\/td><td>NOMEA\u00c7\u00c3O DISP\u00d5E DA SOBRE COORDENADORIA DA DEFESA CIVIL DO MUNIC\u00cdPIO DE ABEL FIGUEIREDO E D\u00c1 OUTRAS PROVID\u00caNCIAS<\/td><td>https:\/\/drive.google.com\/open?id=1Zhp_dhZJfq6kvg62TlMuia-9faxjivCp&amp;usp=drive_copy<\/td>        <\/tr>\n            <tr data-row_id=\"844\" class=\"ninja_table_row_844 nt_row_id_844\">\n            <td>Portaria<\/td><td>091\/2021<\/td><td>23\/02\/2021<\/td><td>Gabinete do prefeito<\/td><td>DISP\u00d5E SOBRE CONCESS\u00c3O DE LICEN\u00c7A MATERNIDADE D\u00c1 OUTRAS PROVIDENCIAS<\/td><td>https:\/\/drive.google.com\/open?id=1YbZ7XJRjgEyVWCeWdfQKnQzwjEq3yh-v&amp;usp=drive_copy<\/td>        <\/tr>\n            <tr data-row_id=\"845\" class=\"ninja_table_row_845 nt_row_id_845\">\n            <td>Portaria<\/td><td>090\/2021<\/td><td>18\/02\/2021<\/td><td>Gabinete do prefeito<\/td><td>Designa servidor para acompanhar e fiscalizar a execu\u00e7\u00e3o de contratos de obras e servi\u00e7os de engenharia<\/td><td>https:\/\/drive.google.com\/open?id=1w5dpabpMoCPw7QayWXLB5nEgWebuDvYK&amp;usp=drive_copy<\/td>        <\/tr>\n            <tr data-row_id=\"846\" class=\"ninja_table_row_846 nt_row_id_846\">\n            <td>Portaria<\/td><td>086\/2021<\/td><td>10\/02\/2021<\/td><td>Gabinete do prefeito<\/td><td>DISP\u00d5E SOBRE NOMEA\u00c7\u00c3O PARA CARGO DE DIRE\u00c7\u00c3O E ASSESSORAMENTO E D\u00c1 OUTRAS PROVID\u00caNCIAS<\/td><td>https:\/\/drive.google.com\/open?id=1wm3Be0hVydKrvASEqhgUlzU0OrNynN_4&amp;usp=drive_copy<\/td>        <\/tr>\n            <tr data-row_id=\"847\" class=\"ninja_table_row_847 nt_row_id_847\">\n            <td>Portaria<\/td><td>085\/2021<\/td><td>10\/02\/2021<\/td><td>Gabinete do prefeito<\/td><td>DISP\u00d5E SOBRE NOMEA\u00c7\u00c3O PARA CARGO DE DIRE\u00c7\u00c3O E ASSESSORAMENTO D\u00c1 OUTRAS PROVID\u00caNCIAS<\/td><td>https:\/\/drive.google.com\/open?id=146OUttIiO4tw4b4ZcbRoDUr5sKxEHJFD&amp;usp=drive_copy<\/td>        <\/tr>\n            <tr data-row_id=\"848\" class=\"ninja_table_row_848 nt_row_id_848\">\n            <td>Portaria<\/td><td>084\/2021<\/td><td>10\/02\/2021<\/td><td>Gabinete do prefeito<\/td><td>DISP\u00d5E SOBRE NOMEA\u00c7\u00c3O PARA CARGO DE DIRE\u00c7\u00c3O E ASSESSORAMENTO D\u00c1 OUTRAS PROVID\u00caNCIAS<\/td><td>https:\/\/drive.google.com\/open?id=11lW_aHEO6tjyJGkwkVn9GXRJrCkLJ2GV&amp;usp=drive_copy<\/td>        <\/tr>\n            <tr data-row_id=\"849\" class=\"ninja_table_row_849 nt_row_id_849\">\n            <td>Portaria<\/td><td>083\/2021<\/td><td>10\/02\/2021<\/td><td>Gabinete do prefeito<\/td><td>DISP\u00d5E SOBRE NOMEA\u00c7\u00c3O PARA CARGO DE DIRE\u00c7\u00c3O E ASSESSORAMENTO E D\u00c1 OUTRAS PROVID\u00caNCIAS<\/td><td>https:\/\/drive.google.com\/open?id=1ecbzGuzVuKMwsx3rz0pCh64W_viXjLHK&amp;usp=drive_copy<\/td>        <\/tr>\n            <tr data-row_id=\"850\" class=\"ninja_table_row_850 nt_row_id_850\">\n            <td>Portaria<\/td><td>082\/2021<\/td><td>10\/02\/2021<\/td><td>Gabinete do prefeito<\/td><td>DISP\u00d5E SOBRE NOMEA\u00c7\u00c3O PARA CARGO DE DIRE\u00c7\u00c3O E ASSESSORAMENTO E D\u00c1 OUTRAS PROVID\u00caNCIAS<\/td><td>https:\/\/drive.google.com\/open?id=1SfD28RdkP8be0t_QGXwiJuzqpI35793z&amp;usp=drive_copy<\/td>        <\/tr>\n            <tr data-row_id=\"851\" class=\"ninja_table_row_851 nt_row_id_851\">\n            <td>Portaria<\/td><td>081\/2021<\/td><td>10\/02\/2021<\/td><td>Gabinete do prefeito<\/td><td>DISP\u00d5E SOBRE NOIEA\u00c7\u00c0O PARA CARGO DE DIRE\u00c7\u00c3O E ASSESSORAMENTO E D\u00c1 OUTRAS PROVID\u00caNCIAS<\/td><td>https:\/\/drive.google.com\/open?id=1Rq5e9FolrTlv4-Ngk6NNO0A_I3ACsLZ2&amp;usp=drive_copy<\/td>        <\/tr>\n            <tr data-row_id=\"852\" class=\"ninja_table_row_852 nt_row_id_852\">\n            <td>Portaria<\/td><td>080\/2021<\/td><td>10\/02\/2021<\/td><td>Gabinete do prefeito<\/td><td>DISP\u00d5E SOBRE NOhEA\u00c7\u00c0O PARA CARGO DE DIRE\u00c7\u00c3O E ASSESSORAMENTO D\u00c1 OUTRAS PROVID\u00caNCIAS<\/td><td>https:\/\/drive.google.com\/open?id=1itRfXEyAXxqwG_yVmeZ2vMYYtYpdGl_H&amp;usp=drive_copy<\/td>        <\/tr>\n            <tr data-row_id=\"853\" class=\"ninja_table_row_853 nt_row_id_853\">\n            <td>Portaria<\/td><td>079\/2021<\/td><td>10\/02\/2021<\/td><td>Gabinete do prefeito<\/td><td>DISP\u00d5E SOBRE NOMEA\u00c7\u00c3O PARA CARGO DE DIRE\u00c7\u00c3O E ASSESSORAMENTO D\u00c1 OUTRAS PROVID\u00caNCIAS<\/td><td>https:\/\/drive.google.com\/open?id=15gTYrnAs6S4vq1VlQ9wQgf4QBfdlhTMT&amp;usp=drive_copy<\/td>        <\/tr>\n            <tr data-row_id=\"854\" class=\"ninja_table_row_854 nt_row_id_854\">\n            <td>Portaria<\/td><td>078\/2021<\/td><td>10\/02\/2021<\/td><td>Gabinete do prefeito<\/td><td>DISP\u00d5E SOBRE NOMEA\u00c7\u00c3O PARA CARGO DE DIRE\u00c7\u00c3O E ASSESSORR,ENTO E D\u00c1 OUTRAS PROVID\u00caNCIAS<\/td><td>https:\/\/drive.google.com\/open?id=1Sj0ZvNgOktpMRTeYDs3QdAjQOkShkDRw&amp;usp=drive_copy<\/td>        <\/tr>\n            <tr data-row_id=\"855\" class=\"ninja_table_row_855 nt_row_id_855\">\n            <td>Portaria<\/td><td>077\/2021<\/td><td>10\/02\/2021<\/td><td>Gabinete do prefeito<\/td><td>DISP\u00d5E SOBRE NOMEA\u00c7\u00c3O PARA CARGO DE DIRE\u00c7\u00c3O E ASSESSORAMENTO E D\u00c1 OUTRAS PROVID\u00caNCIAS<\/td><td>https:\/\/drive.google.com\/open?id=1YB1-IuCqiW8VdRwMYkBq92H-w2BghTN7&amp;usp=drive_copy<\/td>        <\/tr>\n            <tr data-row_id=\"856\" class=\"ninja_table_row_856 nt_row_id_856\">\n            <td>Portaria<\/td><td>076\/2021<\/td><td>10\/02\/2021<\/td><td>Gabinete do prefeito<\/td><td>DISP\u00d5E SOBRE NOMEA\u00c7\u00c3O PARA CARGO DE DIRE\u00c7\u00c3O E ASSESSORAMENTO E D\u00c1 OUTRAS PROVID\u00caNCIAS<\/td><td>https:\/\/drive.google.com\/open?id=1KFuI6X0Y6kB-CpSpuneNJLdb3Or2a0R5&amp;usp=drive_copy<\/td>        <\/tr>\n            <tr data-row_id=\"857\" class=\"ninja_table_row_857 nt_row_id_857\">\n            <td>Portaria<\/td><td>074\/2021<\/td><td>05\/02\/2021<\/td><td>Gabinete do prefeito<\/td><td>DISP\u00d5E SOBRE CONCESS\u00c3O DE LICEN\u00c7A PARA TRATAR DE INTERESSES PARTICULARES E DA OUTRAS PROVID\u00caNCIAS<\/td><td>https:\/\/drive.google.com\/open?id=1ZAafPteUZLlC3PEEutNMlDHlEgb0gigz&amp;usp=drive_copy<\/td>        <\/tr>\n            <tr data-row_id=\"858\" class=\"ninja_table_row_858 nt_row_id_858\">\n            <td>Portaria<\/td><td>073\/2021<\/td><td>05\/02\/2021<\/td><td>Gabinete do prefeito<\/td><td>DISPOE SOBRE PRORROGA\u00c7\u00c3O DE LICEN\u00c7A PARA TRATAR DE INTERESSES PARTICULARES E D\u00c1 OUTRAS PROVIDENCIAS<\/td><td>https:\/\/drive.google.com\/open?id=1pJW9VCRgPQDpM7N4hFhJq13z5Bo4D08d&amp;usp=drive_copy<\/td>        <\/tr>\n            <tr data-row_id=\"859\" class=\"ninja_table_row_859 nt_row_id_859\">\n            <td>Portaria<\/td><td>071\/2021<\/td><td>03\/02\/2021<\/td><td>Gabinete do prefeito<\/td><td>DISP\u00d5E SOBRE ANULA\u00c7\u00c3O DE REVOGA\u00c7\u00d5ES DE PORTARIAS DE LICEN\u00c7A PREMIO D\u00c1 OUTRAS PROVID\u00caNCIAS<\/td><td>https:\/\/drive.google.com\/open?id=199fRAEXJM4nzNfh4X2A-85I8qw6b4dEc&amp;usp=drive_copy<\/td>        <\/tr>\n            <tr data-row_id=\"860\" class=\"ninja_table_row_860 nt_row_id_860\">\n            <td>Portaria<\/td><td>069\/2021<\/td><td>28\/01\/2021<\/td><td>Gabinete do prefeito<\/td><td>DISP\u00d5E SOBRE NOMEA\u00c7\u00c3O PARA CARGO DE PROVIMENTO EM COMISS\u00c3O DE SECRET\u00c1RIO MUNICIPAL E D\u00c1 OUTRAS PROVID\u00caNCIAS<\/td><td>https:\/\/drive.google.com\/open?id=1Fuf0MvXvxEmqjBUso_Nc6vEt8AwZu2hT&amp;usp=drive_copy<\/td>        <\/tr>\n            <tr data-row_id=\"861\" class=\"ninja_table_row_861 nt_row_id_861\">\n            <td>Portaria<\/td><td>068\/2021<\/td><td>26\/01\/2021<\/td><td>Gabinete do prefeito<\/td><td>DISP\u00d5E SOBRE NOMEA\u00c7\u00c3O PARA CARGO DE DIRE\u00c7\u00c3O E ASSESSORAMENTO E D\u00c1 OUTRAS PROVID\u00caNCIAS<\/td><td>https:\/\/drive.google.com\/open?id=1_DgHh5MPVWOnG_X0HTINeg18Wv8PU9_M&amp;usp=drive_copy<\/td>        <\/tr>\n            <tr data-row_id=\"862\" class=\"ninja_table_row_862 nt_row_id_862\">\n            <td>Portaria<\/td><td>067\/2021<\/td><td>26\/01\/2021<\/td><td>Gabinete do prefeito<\/td><td>DISP\u00d5E SOBRE A REVOGA\u00c7\u00c3O DA PORTARIA QUE MENCIONA E D\u00c1 OUTRAS PROVID\u00caNCIAS<\/td><td>https:\/\/drive.google.com\/open?id=1Fmh0I8DOLhtQQ85RPV1Q6Epm0H_YvTto&amp;usp=drive_copy<\/td>        <\/tr>\n            <tr data-row_id=\"863\" class=\"ninja_table_row_863 nt_row_id_863\">\n            <td>Portaria<\/td><td>066\/2021<\/td><td>26\/01\/2021<\/td><td>Gabinete do prefeito<\/td><td>Disp\u00f5e sobre ainterrup\u00e7\u00e3o de licen\u00e7a para tratar de interesses particulares e d\u00e1 outras provid\u00eancias<\/td><td>https:\/\/drive.google.com\/open?id=1yYvrIvZbsOP9A9sBLB5CZGgJFvzw4tOa&amp;usp=drive_copy<\/td>        <\/tr>\n            <tr data-row_id=\"864\" class=\"ninja_table_row_864 nt_row_id_864\">\n            <td>Portaria<\/td><td>064\/2021<\/td><td>25\/01\/2021<\/td><td>Gabinete do prefeito<\/td><td>DISP\u00d5E SOBRE CED\u00caNCIA SERVIDOR P\u00daBLICO MUNICIPAL E D\u00c1 OUTRAS PROVID\u00caNCIAS<\/td><td>https:\/\/drive.google.com\/open?id=1gmYh_B0gXCk9r3yZ17cHRP9T7IrY6TJU&amp;usp=drive_copy<\/td>        <\/tr>\n            <tr data-row_id=\"865\" class=\"ninja_table_row_865 nt_row_id_865\">\n            <td>Portaria<\/td><td>063\/2021<\/td><td>25\/01\/2021<\/td><td>Gabinete do prefeito<\/td><td>DISP\u00d5E SOBRE NOMEA\u00c7\u00c3O PARA CARGO DE DIRE\u00c7\u00c3O E ASSESSORN,ENTO E D\u00c1 OUTRAS PROVID\u00caNCIAS<\/td><td>https:\/\/drive.google.com\/open?id=1KY7QV2nMpJddOXRfoZksiWm9qPs8SvAO&amp;usp=drive_copy<\/td>        <\/tr>\n            <tr data-row_id=\"866\" class=\"ninja_table_row_866 nt_row_id_866\">\n            <td>Portaria<\/td><td>062\/2021<\/td><td>25\/01\/2021<\/td><td>Gabinete do prefeito<\/td><td>DISP\u00d5E SOBRE RETORNO DE LICEN\u00c7A PARA TRATAR PARTICULARES E INTERESSES D\u00c1 OUTRAS PROVID\u00caNCIAS<\/td><td>https:\/\/drive.google.com\/open?id=1H8ZY73NX-zDht8q5tWOX1qRYdtFqmyQD&amp;usp=drive_copy<\/td>        <\/tr>\n            <tr data-row_id=\"867\" class=\"ninja_table_row_867 nt_row_id_867\">\n            <td>Portaria<\/td><td>061\/2021<\/td><td>22\/01\/2021<\/td><td>Gabinete do prefeito<\/td><td>DISP\u00d5E SOBRE NOMEA\u00c7\u00c3O PARA CARGO DE DIRE\u00c7\u00c3O E ASSESSORAMENTO D\u00c1 OUTRAS PROVID\u00caNCIAS<\/td><td>https:\/\/drive.google.com\/open?id=1gUt0fvqspwiPol1x8LH-6fSvX4X6Wsia&amp;usp=drive_copy<\/td>        <\/tr>\n            <tr data-row_id=\"868\" class=\"ninja_table_row_868 nt_row_id_868\">\n            <td>Portaria<\/td><td>060\/2021<\/td><td>22\/01\/2021<\/td><td>Gabinete do prefeito<\/td><td>DISP\u00d5E SOBRE NOMEA\u00c7\u00c3O PARA CARGO DE DIRE\u00c7\u00c3O E ASSESSORAMENTO E D\u00c1 OUTRAS PROVID\u00caNCIAS<\/td><td>https:\/\/drive.google.com\/open?id=14iWAnMp8ypDqVb3SSQDL-Ns5ppvAs8Jw&amp;usp=drive_copy<\/td>        <\/tr>\n            <tr data-row_id=\"869\" class=\"ninja_table_row_869 nt_row_id_869\">\n            <td>Portaria<\/td><td>059\/2021<\/td><td>22\/01\/2021<\/td><td>Gabinete do prefeito<\/td><td>DISP\u00d5E SOBRE NOMEA\u00c7\u00c0O PARA CARGO DE DIRE\u00c7\u00c3O E ASSESSORAMENTO E D\u00c1 OUTRAS PROVID\u00caNCIAS<\/td><td>https:\/\/drive.google.com\/open?id=1v0G1nE74298qqG5hwxleWberkyqs8wIr&amp;usp=drive_copy<\/td>        <\/tr>\n            <tr data-row_id=\"870\" class=\"ninja_table_row_870 nt_row_id_870\">\n            <td>Portaria<\/td><td>058\/2021<\/td><td>22\/01\/2021<\/td><td>Gabinete do prefeito<\/td><td>DISP\u00d5E SOBRE NOMEA\u00c7\u00c3O PARA CARGO DE DIRE\u00c7\u00c3O ASSESSORAMENTO D\u00c1 OUTRAS PROVID\u00caNCIAS<\/td><td>https:\/\/drive.google.com\/open?id=1TlJB9h0-JDPQRoyO5Zk2T3MR4tDyM4R_&amp;usp=drive_copy<\/td>        <\/tr>\n            <tr data-row_id=\"871\" class=\"ninja_table_row_871 nt_row_id_871\">\n            <td>Portaria<\/td><td>057\/2021<\/td><td>22\/01\/2021<\/td><td>Gabinete do prefeito<\/td><td>DISP\u00d5E SOBRE NOMEA\u00c7\u00c3O PARA CARGO DE DIRE\u00c7\u00c3O ASSESSORAMENTO D\u00c1 OUTRAS PROVID\u00caNCIAS<\/td><td>https:\/\/drive.google.com\/open?id=1qS-W9OKbchicWqt0GO7I32JoM8YK92BI&amp;usp=drive_copy<\/td>        <\/tr>\n            <tr data-row_id=\"872\" class=\"ninja_table_row_872 nt_row_id_872\">\n            <td>Portaria<\/td><td>055\/2021<\/td><td>22\/01\/2021<\/td><td>Gabinete do prefeito<\/td><td>DISP\u00d5E SOBRE NOMEA\u00c7\u00c3O PARA CARGO DE DIRE\u00c7\u00c3O E ASSESSORAMENTO E D\u00c1 OUTRAS PROVID\u00caNCIAS<\/td><td>https:\/\/drive.google.com\/open?id=1-9kFLFgZ7NpJVG0NcECm7iSRx8M5F4N7&amp;usp=drive_copy<\/td>        <\/tr>\n            <tr data-row_id=\"873\" class=\"ninja_table_row_873 nt_row_id_873\">\n            <td>Portaria<\/td><td>054\/2021<\/td><td>22\/01\/2021<\/td><td>Gabinete do prefeito<\/td><td>DISP\u00d5E SOBRE NOIvEA\u00c7\u00c0O PARA CARGO DE DIRE\u00c7\u00c3O E ASSESSORA)ENTO E D\u00c1 OUTRAS PROVID\u00caNCIAS<\/td><td>https:\/\/drive.google.com\/open?id=1DS27NcwKrW9y3wC2szX9dqtPSTVUsymJ&amp;usp=drive_copy<\/td>        <\/tr>\n            <tr data-row_id=\"874\" class=\"ninja_table_row_874 nt_row_id_874\">\n            <td>Portaria<\/td><td>053\/2021<\/td><td>22\/01\/2021<\/td><td>Gabinete do prefeito<\/td><td>DISP\u00d5E SOBRE N01vEA\u00c7\u00c0O PARA CARGO DE DIRE\u00c7\u00c3O E ASSESSORAIvENTO E D\u00c1 OUTRAS PROVID\u00caNCIAS<\/td><td>https:\/\/drive.google.com\/open?id=1VdJ6dtRrjXp9WTBEf-O4c89exTgnsulN&amp;usp=drive_copy<\/td>        <\/tr>\n            <tr data-row_id=\"875\" class=\"ninja_table_row_875 nt_row_id_875\">\n            <td>Portaria<\/td><td>052\/2021<\/td><td>22\/01\/2021<\/td><td>Gabinete do prefeito<\/td><td>DISP\u00d5E SOBRE NOMEA\u00c7\u00c3O PARA CARGO DE DIRE\u00c7\u00c3O E ASSESSORAIENTO E D\u00c1 OUTRAS PROVID\u00caNCIAS<\/td><td>https:\/\/drive.google.com\/open?id=1AlqFLR_30852q6np5G26QOEmr3qD-AE3&amp;usp=drive_copy<\/td>        <\/tr>\n            <tr data-row_id=\"876\" class=\"ninja_table_row_876 nt_row_id_876\">\n            <td>Portaria<\/td><td>051\/2021<\/td><td>22\/01\/2021<\/td><td>Gabinete do prefeito<\/td><td>DISP\u00d5E SOBRE NOh.EA\u00c7\u00c0O PARA CARGO DE DIRE\u00c7\u00c3O E ASSESSORAMENTO E D\u00c1 OUTRAS PROVID\u00caNCIAS<\/td><td>https:\/\/drive.google.com\/open?id=1q97uO7Ep9U3yqY0fJSHUPsyeNeDasXnt&amp;usp=drive_copy<\/td>        <\/tr>\n            <tr data-row_id=\"877\" class=\"ninja_table_row_877 nt_row_id_877\">\n            <td>Portaria<\/td><td>050\/2021<\/td><td>22\/01\/2021<\/td><td>Gabinete do prefeito<\/td><td>DISP\u00d5E SOBRE NOMEA\u00c7\u00c3O PARA CARGO DE DIRE\u00c7\u00c3O E ASSESSORAMENTO E D\u00c1 OUTRAS PROVID\u00caNCIAS<\/td><td>https:\/\/drive.google.com\/open?id=1F-l6hDYhF-w-4hFmWssHM02vl1PPCWhm&amp;usp=drive_copy<\/td>        <\/tr>\n            <tr data-row_id=\"878\" class=\"ninja_table_row_878 nt_row_id_878\">\n            <td>Portaria<\/td><td>049\/2021<\/td><td>22\/01\/2021<\/td><td>Gabinete do prefeito<\/td><td>DISP\u00d5E SOBRE NOMEA\u00c7\u00c3O PARA CARGO DE DIRE\u00c7\u00c3O E ASSESSORAMENTO D\u00c1 OUTRAS PROVID\u00caNCIAS<\/td><td>https:\/\/drive.google.com\/open?id=1idBm3yuMlHvuJTg0QJEcPs6-6MwmxFp6&amp;usp=drive_copy<\/td>        <\/tr>\n            <tr data-row_id=\"879\" class=\"ninja_table_row_879 nt_row_id_879\">\n            <td>Portaria<\/td><td>048\/2021<\/td><td>22\/01\/2021<\/td><td>Gabinete do prefeito<\/td><td>DISP\u00d5E SOBRE REVOGA\u00c7\u00c3O DE PORTARIA QUE CONCEDEU LICEN\u00c7A PREMIO E D\u00c1 OUTRAS PROVID\u00caNCIAS<\/td><td>https:\/\/drive.google.com\/open?id=1d8h6CRQuOZ7IA75Vvum6l94uhO2SKcAo&amp;usp=drive_copy<\/td>        <\/tr>\n            <tr data-row_id=\"880\" class=\"ninja_table_row_880 nt_row_id_880\">\n            <td>Portaria<\/td><td>047\/2021<\/td><td>22\/01\/2021<\/td><td>Gabinete do prefeito<\/td><td>DISP\u00d5E SOBRE REVOGA\u00c7\u00c3O DE PORTARIA QUE CONCEDEU LICEN\u00c7A PREMIO E D\u00c1 OUTRAS PROVID\u00caNCIAS<\/td><td>https:\/\/drive.google.com\/open?id=1xRjUrL0FMFANI1zHv1LYDdlq1ZG7OI8_&amp;usp=drive_copy<\/td>        <\/tr>\n            <tr data-row_id=\"881\" class=\"ninja_table_row_881 nt_row_id_881\">\n            <td>Portaria<\/td><td>046\/2021<\/td><td>22\/01\/2021<\/td><td>Gabinete do prefeito<\/td><td>DISP\u00d4E SOBRE REVOGA\u00c7\u00c3O DE PORTARIA QUE CONCEDEU LICEN\u00c7A PREMIO E D\u00c1 OUTRAS PROVID\u00caNCIAS<\/td><td>https:\/\/drive.google.com\/open?id=15Qwi5g5JA0PCK-PgBcM6sM-AP4KTrJq2&amp;usp=drive_copy<\/td>        <\/tr>\n            <tr data-row_id=\"882\" class=\"ninja_table_row_882 nt_row_id_882\">\n            <td>Portaria<\/td><td>045\/2021<\/td><td>22\/01\/2021<\/td><td>Gabinete do prefeito<\/td><td>DISP\u00d5E SOBRE REVOGA\u00c7\u00c3O DE PORTARIA QUE CONCEDEU LICEN\u00c7A PREMIO E D\u00c1 OUTRAS PROVID\u00caNCIAS<\/td><td>https:\/\/drive.google.com\/open?id=1hyrzqd9g77r9I9YdESWSVFzuLwqGttmt&amp;usp=drive_copy<\/td>        <\/tr>\n            <tr data-row_id=\"883\" class=\"ninja_table_row_883 nt_row_id_883\">\n            <td>Portaria<\/td><td>044\/2021<\/td><td>22\/01\/2021<\/td><td>Gabinete do prefeito<\/td><td>DISP\u00d4E SOBRE REVOGA\u00c7\u00c3O DE PORTARIA QUE CONCEDEU LICEN\u00c7A PREMIO E D\u00c1 OUTRAS PROVID\u00caNCIAS<\/td><td>https:\/\/drive.google.com\/open?id=1u4CVkYqhICH7_FloWnKAV3CD-irhLcxx&amp;usp=drive_copy<\/td>        <\/tr>\n            <tr data-row_id=\"884\" class=\"ninja_table_row_884 nt_row_id_884\">\n            <td>Portaria<\/td><td>043\/2021<\/td><td>22\/01\/2021<\/td><td>Gabinete do prefeito<\/td><td>DISP\u00d4E SOBRE REVOGA\u00c7\u00c3O DE PORTARIA QUE CONCEDEU LICEN\u00c7A PREMIO E D\u00c1 OUTRAS PROVID\u00caNCIAS<\/td><td>https:\/\/drive.google.com\/open?id=13CNlTFc_uTO7-XsAbQu6EV3beGDggHl7&amp;usp=drive_copy<\/td>        <\/tr>\n            <tr data-row_id=\"885\" class=\"ninja_table_row_885 nt_row_id_885\">\n            <td>Portaria<\/td><td>042\/2021<\/td><td>20\/01\/2021<\/td><td>Gabinete do prefeito<\/td><td>DISP\u00d5E SOBRE NOMEA\u00c7\u00c3O PARA CARGO DE DIRE\u00c7\u00c3O E ASSESSORAMENTO E D\u00c1 OUTRAS PROVID\u00caNCIAS<\/td><td>https:\/\/drive.google.com\/open?id=1U0_f4Qnh9UNCEUBQrK-7hWLH4ejg2Ui-&amp;usp=drive_copy<\/td>        <\/tr>\n            <tr data-row_id=\"886\" class=\"ninja_table_row_886 nt_row_id_886\">\n            <td>Portaria<\/td><td>039\/2021<\/td><td>20\/01\/2021<\/td><td>Gabinete do prefeito<\/td><td>DISP\u00d4E SOBRE REVOGA\u00c7\u00c3O DE PORTARIA QUE CONCEDEU LICEN\u00c7A PREMIO E D\u00c1 OUTRAS PROVID\u00caNCIAS<\/td><td>https:\/\/drive.google.com\/open?id=1Oudm3We9EoIk3SatM22bLLN5o39DLsq2&amp;usp=drive_copy<\/td>        <\/tr>\n            <tr data-row_id=\"887\" class=\"ninja_table_row_887 nt_row_id_887\">\n            <td>Portaria<\/td><td>038\/2021<\/td><td>20\/01\/2021<\/td><td>Gabinete do prefeito<\/td><td>DISP\u00d5E SOBRE REVOGA\u00c7\u00c3O DE PORTARIA QUE CONCEDEU LICEN\u00c7A PREMIO E D\u00c1 OUTRAS PROVID\u00caNCIAS<\/td><td>https:\/\/drive.google.com\/open?id=1SH1KfBnxN2Aetxo2cRtHQuPwsSVYdd_o&amp;usp=drive_copy<\/td>        <\/tr>\n            <tr data-row_id=\"888\" class=\"ninja_table_row_888 nt_row_id_888\">\n            <td>Portaria<\/td><td>037\/2021<\/td><td>20\/01\/2021<\/td><td>Gabinete do prefeito<\/td><td>DISP\u00d4E SOBRE REVOGA\u00c7\u00c3O DE PORTARIA QUE CONCEDEU LICEN\u00c7A PREMIO E D\u00c1 OUTRAS PROVID\u00caNCIAS<\/td><td>https:\/\/drive.google.com\/open?id=1eVsCJZLM1WRcPTcG_snKjzPqbJjdz7Ne&amp;usp=drive_copy<\/td>        <\/tr>\n            <tr data-row_id=\"889\" class=\"ninja_table_row_889 nt_row_id_889\">\n            <td>Portaria<\/td><td>036\/2021<\/td><td>20\/01\/2021<\/td><td>Gabinete do prefeito<\/td><td>DISP\u00d4E SOBRE REVOGA\u00c7\u00c3O DE PORTARIA QUE CONCEDEU LICEN\u00c7A PREMIO E D\u00c1 OUTRAS PROVID\u00caNCIAS<\/td><td>https:\/\/drive.google.com\/open?id=1I6mNtNx0wM63p8Zk-qh79ArXdXZXlpqZ&amp;usp=drive_copy<\/td>        <\/tr>\n            <tr data-row_id=\"890\" class=\"ninja_table_row_890 nt_row_id_890\">\n            <td>Portaria<\/td><td>035\/2021<\/td><td>20\/01\/2021<\/td><td>Gabinete do prefeito<\/td><td>DISP\u00d4E SOBRE REVOGA\u00c7\u00c3O DE PORTARIA QUE CONCEDEU LICEN\u00c7A PREMIO E D\u00c1 OUTRAS PROVID\u00caNCIAS<\/td><td>https:\/\/drive.google.com\/open?id=11qq5z5rtczO_HTAzLVGA5ej52ZAcoEyI&amp;usp=drive_copy<\/td>        <\/tr>\n            <tr data-row_id=\"891\" class=\"ninja_table_row_891 nt_row_id_891\">\n            <td>Portaria<\/td><td>034\/2021<\/td><td>20\/01\/2021<\/td><td>Gabinete do prefeito<\/td><td>DISP\u00d5E SOBRE REVOGA\u00c7\u00c3O DE PORTARIA QUE CONCEDEU LICEN\u00c7A PREMIO E D\u00c1 OUTRAS PROVID\u00caNCIAS<\/td><td>https:\/\/drive.google.com\/open?id=1dyGVnonlG531GPld5HHYjHOzrBaCfepg&amp;usp=drive_copy<\/td>        <\/tr>\n            <tr data-row_id=\"892\" class=\"ninja_table_row_892 nt_row_id_892\">\n            <td>Portaria<\/td><td>033\/2021<\/td><td>20\/01\/2021<\/td><td>Gabinete do prefeito<\/td><td>DISP\u00d5E SOBRE REVOGA\u00c7\u00c3O DE PORTARIA QUE CONCEDEU LICEN\u00c7A PREMIO E D\u00c1 OUTRAS PROVID\u00caNCIAS<\/td><td>https:\/\/drive.google.com\/open?id=1mIdBzIbqV74aXh17WdU6f7hNOzg1SgbP&amp;usp=drive_copy<\/td>        <\/tr>\n            <tr data-row_id=\"893\" class=\"ninja_table_row_893 nt_row_id_893\">\n            <td>Portaria<\/td><td>032\/2021<\/td><td>20\/01\/2021<\/td><td>Gabinete do prefeito<\/td><td>DISP\u00d5E SOBRE REVOGA\u00c7\u00c3O DE PORTARIA QUE CONCEDEU LICEN\u00c7A PREMIO E D\u00c1 OUTRAS PROVID\u00caNCIAS<\/td><td>https:\/\/drive.google.com\/open?id=1lvWYVNyGKb7bSHn-dPL7w_O5DnIP5ShF&amp;usp=drive_copy<\/td>        <\/tr>\n            <tr data-row_id=\"894\" class=\"ninja_table_row_894 nt_row_id_894\">\n            <td>Portaria<\/td><td>031\/2021<\/td><td>19\/01\/2021<\/td><td>Gabinete do prefeito<\/td><td>DISP\u00d5E SOBRE CONCESS\u00c3O DE LICEN\u00c7A PARA TRATAR DE INTERESSES PARTICULARES E D\u00c1 OUTRAS PROVID\u00caNCIAS<\/td><td>https:\/\/drive.google.com\/open?id=1yfPemP-uQSoLjWnZyPXW3FvJ5w0Ou2BB&amp;usp=drive_copy<\/td>        <\/tr>\n            <tr data-row_id=\"895\" class=\"ninja_table_row_895 nt_row_id_895\">\n            <td>Portaria<\/td><td>030\/2021<\/td><td>18\/01\/2021<\/td><td>Gabinete do prefeito<\/td><td>DISP\u00d5E SOBRE NOMEA\u00c7\u00c3O PARA REGULADO A DANADOR DA AGENCET FIGUEIREDA DA DA DE ABEL OUTRAS PROVID\u00caNCIAS<\/td><td>https:\/\/drive.google.com\/open?id=1qrDio2cYIWK6CDW-XSsHm1aHALs6SbYc&amp;usp=drive_copy<\/td>        <\/tr>\n            <tr data-row_id=\"896\" class=\"ninja_table_row_896 nt_row_id_896\">\n            <td>Portaria<\/td><td>029\/2021<\/td><td>18\/01\/2021<\/td><td>Gabinete do prefeito<\/td><td>DISP\u00d5E SOBRE NOMEA\u00c7\u00c3O DE GESTOR ESCOLAR E D\u00c1 OUTRAS PROVID\u00caNCIAS<\/td><td>https:\/\/drive.google.com\/open?id=1sQDCcTneK6_ZV6VqoUv54pBhBXweJzP4&amp;usp=drive_copy<\/td>        <\/tr>\n            <tr data-row_id=\"897\" class=\"ninja_table_row_897 nt_row_id_897\">\n            <td>Portaria<\/td><td>028\/2021<\/td><td>18\/01\/2021<\/td><td>Gabinete do prefeito<\/td><td>DISP\u00d5E SOBRE NOMEA\u00c7\u00c3O PARA CARGO DE DIRE\u00c7\u00c3O E ASSISTENCIA INTERMEDI\u00c1RIA E D\u00c1 OUTRAS PROVID\u00caNCIAS<\/td><td>https:\/\/drive.google.com\/open?id=1WeQLcHRRJaeUWk0jqIDaAKovPaBccbLG&amp;usp=drive_copy<\/td>        <\/tr>\n            <tr data-row_id=\"898\" class=\"ninja_table_row_898 nt_row_id_898\">\n            <td>Portaria<\/td><td>027\/2021<\/td><td>18\/01\/2021<\/td><td>Gabinete do prefeito<\/td><td>DISP\u00d5E SOBRE NOMEA\u00c7\u00c3O DA COMISS\u00c3O PERMANENTE DE LICITA\u00c7\u00c3O DA PREFEITURA MUNICIPAL DE ABEL FIGUEIREDO E D\u00c1 OUTRAS PROVID\u00caNCIAS<\/td><td>https:\/\/drive.google.com\/open?id=17_Xkv0RkQFOhyaAfnZooh0So49JeYP1A&amp;usp=drive_copy<\/td>        <\/tr>\n            <tr data-row_id=\"899\" class=\"ninja_table_row_899 nt_row_id_899\">\n            <td>Portaria<\/td><td>026\/2021<\/td><td>16\/01\/2021<\/td><td>Gabinete do prefeito<\/td><td>DISP\u00d5E SOBRE NO&gt;.EA\u00c7\u00c0O DO PREGOEIRO E EQUIPE DE APOIO DA PREFEITURA MUNICIPAL DE ABEL FIGUEIREDO E D\u00c1 OUTRAS PROVID\u00caNCIAS<\/td><td>https:\/\/drive.google.com\/open?id=1NhGTvtBhCT7CK08Yqk_byHxVX0EeGKfg&amp;usp=drive_copy<\/td>        <\/tr>\n            <tr data-row_id=\"900\" class=\"ninja_table_row_900 nt_row_id_900\">\n            <td>Portaria<\/td><td>025\/2021<\/td><td>18\/01\/2021<\/td><td>Gabinete do prefeito<\/td><td>DISP\u00d5E SOBRE NOIVEA\u00c7\u00c0O PARA CARGO DE DIRE\u00c7\u00c3O E ASSESSORAMENTO E D\u00c1 OUTRAS PROVID\u00caNCIAS<\/td><td>https:\/\/drive.google.com\/open?id=1y9sc9JZTBayyarbGplWFLWO_SX3qcsVR&amp;usp=drive_copy<\/td>        <\/tr>\n            <tr data-row_id=\"901\" class=\"ninja_table_row_901 nt_row_id_901\">\n            <td>Portaria<\/td><td>024\/2021<\/td><td>18\/01\/2021<\/td><td>Gabinete do prefeito<\/td><td>DISP\u00d5E SOBRE NOMEA\u00c7\u00c3O PARA CARGO DE DIRE\u00c7\u00c3O E ASSESSORN,ENTO E D\u00c1 OUTRAS PROVID\u00caNCIAS<\/td><td>https:\/\/drive.google.com\/open?id=16vuNYkachtI_g69_MGahUnB6QgYnPxce&amp;usp=drive_copy<\/td>        <\/tr>\n            <tr data-row_id=\"902\" class=\"ninja_table_row_902 nt_row_id_902\">\n            <td>Portaria<\/td><td>023\/2021<\/td><td>18\/01\/2021<\/td><td>Gabinete do prefeito<\/td><td>DISP\u00d5E SOBRE NOMEA\u00c7\u00c3O PARA CARGO DE DIRE\u00c7\u00c3O E ASSESSORAIENTO E D\u00c1 OUTRAS PROVID\u00caNCIAS<\/td><td>https:\/\/drive.google.com\/open?id=1yrm6kU5II1dYQdm2ycREv6ze4SxlN-R2&amp;usp=drive_copy<\/td>        <\/tr>\n            <tr data-row_id=\"903\" class=\"ninja_table_row_903 nt_row_id_903\">\n            <td>Portaria<\/td><td>022\/2021<\/td><td>18\/01\/2021<\/td><td>Gabinete do prefeito<\/td><td>DISP\u00d5E SOBRE NOMEA\u00c7\u00c3O PARA CARGO DE DIRE\u00c7\u00c3O E ASSESSORAMENTO E D\u00c1 OUTRAS PROVID\u00caNCIAS<\/td><td>https:\/\/drive.google.com\/open?id=1mTU_nCnJ1tUDHBgY7nghokylNNVNC5gF&amp;usp=drive_copy<\/td>        <\/tr>\n            <tr data-row_id=\"904\" class=\"ninja_table_row_904 nt_row_id_904\">\n            <td>Portaria<\/td><td>021\/2021<\/td><td>18\/01\/2021<\/td><td>Gabinete do prefeito<\/td><td>DISP\u00d5E SOBRE NOMEA\u00c7\u00c3O PARA CARGO DE DIRE\u00c7\u00c3O E ASSESSORNENTO E D\u00c1 OUTRAS PROVID\u00caNCIAS<\/td><td>https:\/\/drive.google.com\/open?id=1c46GgZaNtQ7K0stKSRmHsLKZeG7R2qMf&amp;usp=drive_copy<\/td>        <\/tr>\n            <tr data-row_id=\"905\" class=\"ninja_table_row_905 nt_row_id_905\">\n            <td>Portaria<\/td><td>020\/2021<\/td><td>18\/01\/2021<\/td><td>Gabinete do prefeito<\/td><td>DISP\u00d5E SOBRE NOMEA\u00c7\u00c3O PARA CARGO DE DIRE\u00c7\u00c3O E ASSESSORAMENTO E D\u00c1 OUTRAS PROVID\u00caNCIAS<\/td><td>https:\/\/drive.google.com\/open?id=1b9P0vuEKiu7fNCCd5UTkzQl3xghsjHkt&amp;usp=drive_copy<\/td>        <\/tr>\n            <tr data-row_id=\"906\" class=\"ninja_table_row_906 nt_row_id_906\">\n            <td>Portaria<\/td><td>015\/2021<\/td><td>11\/01\/2021<\/td><td>Gabinete do prefeito<\/td><td>DISP\u00d5E SOBRE NOMEA\u00c7\u00c3O DE GESTOR ESCOLAR E D\u00c1 OUTRAS PROVID\u00caNCIAS<\/td><td>https:\/\/drive.google.com\/open?id=19JxfbX7PFMs_DMQpq5Ic32nSbIAtoGSN&amp;usp=drive_copy<\/td>        <\/tr>\n            <tr data-row_id=\"907\" class=\"ninja_table_row_907 nt_row_id_907\">\n            <td>Portaria<\/td><td>014\/2021<\/td><td>11\/01\/2021<\/td><td>Gabinete do prefeito<\/td><td>DISP\u00d5E SOBRE NOMEA\u00c7\u00c3O DE GESTOR ESCOLAR E D\u00c1 OUTRAS PROVID\u00caNCIAS<\/td><td>https:\/\/drive.google.com\/open?id=16I3GW-6QQwQMZMyq_Y_bVh4s92iZ1uB4&amp;usp=drive_copy<\/td>        <\/tr>\n            <tr data-row_id=\"908\" class=\"ninja_table_row_908 nt_row_id_908\">\n            <td>Portaria<\/td><td>013\/2021<\/td><td>11\/01\/2021<\/td><td>Gabinete do prefeito<\/td><td>DISP\u00d5E SOBRE NOMEA\u00c7\u00c3O DE GESTOR ESCOLAR E D\u00c1 OUTRAS PROVID\u00caNCIAS<\/td><td>https:\/\/drive.google.com\/open?id=1fBJBHHsO40UKjniDh1MyPA8SviVHIvkR&amp;usp=drive_copy<\/td>        <\/tr>\n            <tr data-row_id=\"909\" class=\"ninja_table_row_909 nt_row_id_909\">\n            <td>Portaria<\/td><td>012\/2021<\/td><td>11\/01\/2021<\/td><td>Gabinete do prefeito<\/td><td>DISP\u00d5E SOBRE NOMEA\u00c7\u00c3O DE GESTOR ESCOLAR E D\u00c1 OUTRAS PROVID\u00caNCIAS<\/td><td>https:\/\/drive.google.com\/open?id=1OeDUWSAuVVCF68xFKXdE9E_QliPHQVRL&amp;usp=drive_copy<\/td>        <\/tr>\n            <tr data-row_id=\"910\" class=\"ninja_table_row_910 nt_row_id_910\">\n            <td>Portaria<\/td><td>011\/2021<\/td><td>11\/01\/2021<\/td><td>Gabinete do prefeito<\/td><td>DISP\u00d5E SOBRE NOMEA\u00c7\u00c3O DE GESTOR ESCOLAR E D\u00c1 OUTRAS PROVID\u00caNCIAS<\/td><td>https:\/\/drive.google.com\/open?id=1XuJ3d2evw3cylnH9TVS9M_it-3TdfTm8&amp;usp=drive_copy<\/td>        <\/tr>\n            <tr data-row_id=\"911\" class=\"ninja_table_row_911 nt_row_id_911\">\n            <td>Portaria<\/td><td>009\/2021<\/td><td>05\/01\/2021<\/td><td>Gabinete do prefeito<\/td><td>DISP\u00d5E SOBRE RETORNO DE LICEN\u00c7A PARA TRATAR DE INTERESSES PARTICULARES E D\u00c1 OUTRAS PROVID\u00caNCIAS<\/td><td>https:\/\/drive.google.com\/open?id=1c4fuYywn-WZGz3Sr3RW3i3z9gDzOzwjR&amp;usp=drive_copy<\/td>        <\/tr>\n            <tr data-row_id=\"912\" class=\"ninja_table_row_912 nt_row_id_912\">\n            <td>Portaria<\/td><td>008\/2021<\/td><td>04\/01\/2021<\/td><td>Gabinete do prefeito<\/td><td>DISP\u00d5E SOBRE NOMEA\u00c7\u00c3O PARA CARGO DE PROVIMENTO EM COMISS\u00c3O DE SECRET\u00c1RIO MUNICIPAL E D\u00c1 OUTRAS PROVID\u00caNCIAS<\/td><td>https:\/\/drive.google.com\/open?id=1QHm1oDbjsHUJu4mYuNPL2zIHxc3e2uZ2&amp;usp=drive_copy<\/td>        <\/tr>\n            <tr data-row_id=\"913\" class=\"ninja_table_row_913 nt_row_id_913\">\n            <td>Portaria<\/td><td>007\/2021<\/td><td>04\/01\/2021<\/td><td>Gabinete do prefeito<\/td><td>DISP\u00d5E SOBRE PARA CARGO DE PROVIMENTO EM COMISS\u00c3O DE DIRETOR DE DEPARTAMENTO E D\u00c1 OUTRAS PROVID\u00caNCIAS<\/td><td>https:\/\/drive.google.com\/open?id=1RpQT6l7Jo_2Op4-hEEvnqsCp0SKeGPqd&amp;usp=drive_copy<\/td>        <\/tr>\n            <tr data-row_id=\"914\" class=\"ninja_table_row_914 nt_row_id_914\">\n            <td>Portaria<\/td><td>006\/2021<\/td><td>04\/01\/2021<\/td><td>Gabinete do prefeito<\/td><td>DISP\u00d5E SOBRE NOMEA\u00c7\u00c3O PARA CARGO DE PROVIMENTO EM COMISS\u00c3O DE SECRET\u00c1RIO MUNICIPAL E D\u00c1 OUTRAS PROVID\u00caNCIAS<\/td><td>https:\/\/drive.google.com\/open?id=1Gz6xG8-sFOMU7Q4GT-8QAMEHZZG6PKxz&amp;usp=drive_copy<\/td>        <\/tr>\n            <tr data-row_id=\"915\" class=\"ninja_table_row_915 nt_row_id_915\">\n            <td>Portaria<\/td><td>005\/2021<\/td><td>04\/01\/2021<\/td><td>Gabinete do prefeito<\/td><td>DISP\u00d5E SOBRE PARA CARGO DE PROVn\u2022ENTO EM COMISS\u00c3O DE SECRET\u00c1RIO MUNICIPAL E D\u00c1 OUTRAS PROVID\u00caNCIAS<\/td><td>https:\/\/drive.google.com\/open?id=18xZ8CDNccot7NIVV4q2v1dfuqhAaAM1o&amp;usp=drive_copy<\/td>        <\/tr>\n            <tr data-row_id=\"916\" class=\"ninja_table_row_916 nt_row_id_916\">\n            <td>Portaria<\/td><td>004\/2021<\/td><td>04\/01\/2021<\/td><td>Gabinete do prefeito<\/td><td>DISP\u00d5E SOBRE NOMEA\u00c7\u00c3O PARA CARGO DE PROVIMENTO EM COMISS\u00c3O DE SECRET\u00c1RIO MUNICIPAL E D\u00c1 OUTRAS PROVID\u00caNCIAS<\/td><td>https:\/\/drive.google.com\/open?id=12u7xS-4za4QdxDxQuMXXCiOGA7SDK2FV&amp;usp=drive_copy<\/td>        <\/tr>\n            <tr data-row_id=\"917\" class=\"ninja_table_row_917 nt_row_id_917\">\n            <td>Portaria<\/td><td>003\/2021<\/td><td>04\/01\/2021<\/td><td>Gabinete do prefeito<\/td><td>DISP\u00d5E SOBRE NOh,EA\u00c7\u00c0O PARA CARGO DE PROVIMENTO COMISS\u00c3O DE SECRET\u00c1RIO MUNICIPAL E D\u00c1 OUTRAS PROVID\u00caNCIAS<\/td><td>https:\/\/drive.google.com\/open?id=1Sbkzstlz95GWm2EQ_pRIYKaVYJ5iHDW-&amp;usp=drive_copy<\/td>        <\/tr>\n            <tr data-row_id=\"918\" class=\"ninja_table_row_918 nt_row_id_918\">\n            <td>Portaria<\/td><td>002\/2021<\/td><td>04\/01\/2021<\/td><td>Gabinete do prefeito<\/td><td>DISP\u00d5E SOBRE NOMEA\u00c7\u00c3O PARA CARGO DE COMISS\u00c3O PROVIMENTO DE SECRET\u00c1RIO MUNICIPAL E D\u00c1 OUTRAS PROVID\u00caNCIAS<\/td><td>https:\/\/drive.google.com\/open?id=1n84CvLS0JCaYRi7fvEJ3hYNUQwHsloUG&amp;usp=drive_copy<\/td>        <\/tr>\n            <tr data-row_id=\"919\" class=\"ninja_table_row_919 nt_row_id_919\">\n            <td>Portaria<\/td><td>001\/2021<\/td><td>04\/01\/2021<\/td><td>Gabinete do prefeito<\/td><td>DISP\u00d5E SOBRE PARA CARGO DE COMISS\u00c3O DE SECRET\u00c1RIO MUNICIPAL E D\u00c1 OUTRAS PROVID\u00caNCIAS<\/td><td>https:\/\/drive.google.com\/open?id=1tAocYxtRxnq8dwtGMt4v6VMBEjTFcANc&amp;usp=drive_copy<\/td>        <\/tr>\n    <\/tbody><!--ninja_tobody_rendering_done-->\n    <\/table>\n    \n    \n    \n<\/div>\n","protected":false},"excerpt":{"rendered":"<p>Atos Normativos at\u00e9 2023 Consulte as publica\u00e7\u00f5es utilizando a tabela abaixo e\u00a0filtre conforme sua necessidade, utilizando a\u00a0ferramenta de busca\/filtro.<\/p>\n","protected":false},"author":1,"featured_media":0,"parent":1862,"menu_order":0,"comment_status":"closed","ping_status":"closed","template":"","meta":{"footnotes":""},"class_list":["post-8833","page","type-page","status-publish"],"yoast_head":"<!-- This site is optimized with the Yoast SEO plugin v26.6 - https:\/\/yoast.com\/wordpress\/plugins\/seo\/ -->\n<title>Atos Normativos - Prefeitura Municipal de Abel Figueiredo | Gest\u00e3o 2025-2028<\/title>\n<meta name=\"robots\" content=\"index, follow, max-snippet:-1, max-image-preview:large, max-video-preview:-1\" \/>\n<link rel=\"canonical\" href=\"https:\/\/abelfigueiredo.pa.gov.br\/site\/portal-da-transparencia\/atos-normativos\/\" \/>\n<meta property=\"og:locale\" content=\"pt_BR\" \/>\n<meta property=\"og:type\" content=\"article\" \/>\n<meta property=\"og:title\" content=\"Atos Normativos - Prefeitura Municipal de Abel Figueiredo | Gest\u00e3o 2025-2028\" \/>\n<meta property=\"og:description\" content=\"Atos Normativos at\u00e9 2023 Consulte as publica\u00e7\u00f5es utilizando a tabela abaixo e\u00a0filtre conforme sua necessidade, utilizando a\u00a0ferramenta de busca\/filtro.\" \/>\n<meta property=\"og:url\" content=\"https:\/\/abelfigueiredo.pa.gov.br\/site\/portal-da-transparencia\/atos-normativos\/\" \/>\n<meta property=\"og:site_name\" content=\"Prefeitura Municipal de Abel Figueiredo | Gest\u00e3o 2025-2028\" \/>\n<meta property=\"article:modified_time\" content=\"2025-01-03T18:08:19+00:00\" \/>\n<script type=\"application\/ld+json\" class=\"yoast-schema-graph\">{\"@context\":\"https:\/\/schema.org\",\"@graph\":[{\"@type\":\"WebPage\",\"@id\":\"https:\/\/abelfigueiredo.pa.gov.br\/site\/portal-da-transparencia\/atos-normativos\/\",\"url\":\"https:\/\/abelfigueiredo.pa.gov.br\/site\/portal-da-transparencia\/atos-normativos\/\",\"name\":\"Atos Normativos - Prefeitura Municipal de Abel Figueiredo | Gest\u00e3o 2025-2028\",\"isPartOf\":{\"@id\":\"https:\/\/abelfigueiredo.pa.gov.br\/site\/#website\"},\"datePublished\":\"2023-05-23T19:13:03+00:00\",\"dateModified\":\"2025-01-03T18:08:19+00:00\",\"breadcrumb\":{\"@id\":\"https:\/\/abelfigueiredo.pa.gov.br\/site\/portal-da-transparencia\/atos-normativos\/#breadcrumb\"},\"inLanguage\":\"pt-BR\",\"potentialAction\":[{\"@type\":\"ReadAction\",\"target\":[\"https:\/\/abelfigueiredo.pa.gov.br\/site\/portal-da-transparencia\/atos-normativos\/\"]}]},{\"@type\":\"BreadcrumbList\",\"@id\":\"https:\/\/abelfigueiredo.pa.gov.br\/site\/portal-da-transparencia\/atos-normativos\/#breadcrumb\",\"itemListElement\":[{\"@type\":\"ListItem\",\"position\":1,\"name\":\"Portal da Transpar\u00eancia\",\"item\":\"https:\/\/abelfigueiredo.pa.gov.br\/site\/portal-da-transparencia\/\"},{\"@type\":\"ListItem\",\"position\":2,\"name\":\"Atos Normativos\"}]},{\"@type\":\"WebSite\",\"@id\":\"https:\/\/abelfigueiredo.pa.gov.br\/site\/#website\",\"url\":\"https:\/\/abelfigueiredo.pa.gov.br\/site\/\",\"name\":\"Prefeitura Municipal de Abel Figueiredo | Gest\u00e3o 2025-2028\",\"description\":\"Site oficial da Prefeitura Municipal de Abel Figueiredo\",\"potentialAction\":[{\"@type\":\"SearchAction\",\"target\":{\"@type\":\"EntryPoint\",\"urlTemplate\":\"https:\/\/abelfigueiredo.pa.gov.br\/site\/?s={search_term_string}\"},\"query-input\":{\"@type\":\"PropertyValueSpecification\",\"valueRequired\":true,\"valueName\":\"search_term_string\"}}],\"inLanguage\":\"pt-BR\"}]}<\/script>\n<!-- \/ Yoast SEO plugin. -->","yoast_head_json":{"title":"Atos Normativos - Prefeitura Municipal de Abel Figueiredo | Gest\u00e3o 2025-2028","robots":{"index":"index","follow":"follow","max-snippet":"max-snippet:-1","max-image-preview":"max-image-preview:large","max-video-preview":"max-video-preview:-1"},"canonical":"https:\/\/abelfigueiredo.pa.gov.br\/site\/portal-da-transparencia\/atos-normativos\/","og_locale":"pt_BR","og_type":"article","og_title":"Atos Normativos - Prefeitura Municipal de Abel Figueiredo | Gest\u00e3o 2025-2028","og_description":"Atos Normativos at\u00e9 2023 Consulte as publica\u00e7\u00f5es utilizando a tabela abaixo e\u00a0filtre conforme sua necessidade, utilizando a\u00a0ferramenta de busca\/filtro.","og_url":"https:\/\/abelfigueiredo.pa.gov.br\/site\/portal-da-transparencia\/atos-normativos\/","og_site_name":"Prefeitura Municipal de Abel Figueiredo | Gest\u00e3o 2025-2028","article_modified_time":"2025-01-03T18:08:19+00:00","schema":{"@context":"https:\/\/schema.org","@graph":[{"@type":"WebPage","@id":"https:\/\/abelfigueiredo.pa.gov.br\/site\/portal-da-transparencia\/atos-normativos\/","url":"https:\/\/abelfigueiredo.pa.gov.br\/site\/portal-da-transparencia\/atos-normativos\/","name":"Atos Normativos - Prefeitura Municipal de Abel Figueiredo | Gest\u00e3o 2025-2028","isPartOf":{"@id":"https:\/\/abelfigueiredo.pa.gov.br\/site\/#website"},"datePublished":"2023-05-23T19:13:03+00:00","dateModified":"2025-01-03T18:08:19+00:00","breadcrumb":{"@id":"https:\/\/abelfigueiredo.pa.gov.br\/site\/portal-da-transparencia\/atos-normativos\/#breadcrumb"},"inLanguage":"pt-BR","potentialAction":[{"@type":"ReadAction","target":["https:\/\/abelfigueiredo.pa.gov.br\/site\/portal-da-transparencia\/atos-normativos\/"]}]},{"@type":"BreadcrumbList","@id":"https:\/\/abelfigueiredo.pa.gov.br\/site\/portal-da-transparencia\/atos-normativos\/#breadcrumb","itemListElement":[{"@type":"ListItem","position":1,"name":"Portal da Transpar\u00eancia","item":"https:\/\/abelfigueiredo.pa.gov.br\/site\/portal-da-transparencia\/"},{"@type":"ListItem","position":2,"name":"Atos Normativos"}]},{"@type":"WebSite","@id":"https:\/\/abelfigueiredo.pa.gov.br\/site\/#website","url":"https:\/\/abelfigueiredo.pa.gov.br\/site\/","name":"Prefeitura Municipal de Abel Figueiredo | Gest\u00e3o 2025-2028","description":"Site oficial da Prefeitura Municipal de Abel Figueiredo","potentialAction":[{"@type":"SearchAction","target":{"@type":"EntryPoint","urlTemplate":"https:\/\/abelfigueiredo.pa.gov.br\/site\/?s={search_term_string}"},"query-input":{"@type":"PropertyValueSpecification","valueRequired":true,"valueName":"search_term_string"}}],"inLanguage":"pt-BR"}]}},"_links":{"self":[{"href":"https:\/\/abelfigueiredo.pa.gov.br\/site\/wp-json\/wp\/v2\/pages\/8833","targetHints":{"allow":["GET"]}}],"collection":[{"href":"https:\/\/abelfigueiredo.pa.gov.br\/site\/wp-json\/wp\/v2\/pages"}],"about":[{"href":"https:\/\/abelfigueiredo.pa.gov.br\/site\/wp-json\/wp\/v2\/types\/page"}],"author":[{"embeddable":true,"href":"https:\/\/abelfigueiredo.pa.gov.br\/site\/wp-json\/wp\/v2\/users\/1"}],"replies":[{"embeddable":true,"href":"https:\/\/abelfigueiredo.pa.gov.br\/site\/wp-json\/wp\/v2\/comments?post=8833"}],"version-history":[{"count":8,"href":"https:\/\/abelfigueiredo.pa.gov.br\/site\/wp-json\/wp\/v2\/pages\/8833\/revisions"}],"predecessor-version":[{"id":18969,"href":"https:\/\/abelfigueiredo.pa.gov.br\/site\/wp-json\/wp\/v2\/pages\/8833\/revisions\/18969"}],"up":[{"embeddable":true,"href":"https:\/\/abelfigueiredo.pa.gov.br\/site\/wp-json\/wp\/v2\/pages\/1862"}],"wp:attachment":[{"href":"https:\/\/abelfigueiredo.pa.gov.br\/site\/wp-json\/wp\/v2\/media?parent=8833"}],"curies":[{"name":"wp","href":"https:\/\/api.w.org\/{rel}","templated":true}]}}