{"id":8831,"date":"2023-05-29T10:04:19","date_gmt":"2023-05-29T13:04:19","guid":{"rendered":"http:\/\/barcarena.pa.gov.br\/?page_id=2115"},"modified":"2024-12-11T17:07:00","modified_gmt":"2024-12-11T20:07:00","slug":"agenda","status":"publish","type":"page","link":"https:\/\/abelfigueiredo.pa.gov.br\/site\/portal-da-transparencia\/agenda\/","title":{"rendered":"Agenda Externa do Prefeito"},"content":{"rendered":"<h4><strong>2024<\/strong><\/h4>\n<h4>Novembro<\/h4>\n<p>Sem agenda externa<\/p>\n<h4>Outubro<\/h4>\n<p>Sem agenda externa<\/p>\n<h4>Setembro<\/h4>\n<p><strong>Data: 11\/09\/2024 a 30\/09\/2024<\/strong><br \/>\nAssunto: Somente atendimento interno, sem agenda externa<\/p>\n<p><strong>Data: 01\/09\/2024 a 10\/09\/2024<\/strong><br \/>\nAssunto: Somente atendimento interno, sem agenda externa<\/p>\n<h4>Agosto<\/h4>\n<p><strong>Data: 08\/08\/2024 a 31\/08\/2024<\/strong><br \/>\nAssunto: Somente atendimento interno, sem agenda externa<\/p>\n<p><strong>Data: 01\/08\/2024 a 07\/08\/2024<\/strong><br \/>\nAssunto: Somente atendimento interno, sem agenda externa<\/p>\n<h4>Julho<\/h4>\n<p><strong>Data: 23\/07\/2024 a 31\/07\/2024<\/strong><br \/>\nAssunto: Somente atendimento interno, sem agenda externa<\/p>\n<p><strong>Data: 01\/07\/2024 a 22\/07\/2024<\/strong><br \/>\nAssunto: Somente atendimento interno, sem agenda externa<\/p>\n<h4>Junho<\/h4>\n<p><strong>Data:<\/strong> <strong>19\/06\/2024 a 30\/07\/2024<\/strong><br \/>\nAssunto: Somente atendimento interno, sem agenda externa<\/p>\n<p><strong>Data:<\/strong> <strong>16\/06\/2024 a 18\/06\/2024<\/strong><br \/>\nAssunto: Prefeito Ant\u00f4nio Calhau, esteve presente em Bel\u00e9m-PA, para participar da solenidade de entrega de m\u00e1quina e equipamentos a munic\u00edpios e associa\u00e7\u00f5es do Estado do Par\u00e1.<br \/>\n<strong>Hor\u00e1rio:<\/strong> 9:00hrs<br \/>\n<strong>Local:<\/strong> Bel\u00e9m- PA<\/p>\n<p><strong>Data:<\/strong> <strong>01\/06\/2024 a 15\/06\/2024<\/strong><br \/>\nAssunto: Somente atendimento interno, sem agenda externa<\/p>\n<h4>Maio<\/h4>\n<p><strong>Data: 01\/05\/2024 a 31\/05\/2024<\/strong><br \/>\nAssunto: Somente atendimento interno, sem agenda externa.<\/p>\n<h4>Abril<\/h4>\n<p><strong>Data: 01\/04\/2024 a 30\/04\/2024<\/strong><br \/>\nAssunto: Somente atendimento interno, sem agenda externa.<\/p>\n<h4>Mar\u00e7o<\/h4>\n<p><strong>Data: 01\/03\/2024 a 27\/03\/2024<\/strong><br \/>\nAssunto: Somente atendimento interno, sem agenda externa.<\/p>\n<h4>Fevereiro<\/h4>\n<p><strong>Data: 29\/02\/2024<\/strong><br \/>\nAssunto: Despachou no gabinete<br \/>\nLocal: Gabinete<\/p>\n<p><strong>Data: 28\/02\/2024<\/strong><br \/>\nAssunto: Despachou no gabinete<br \/>\nLocal: Gabinete<\/p>\n<p><strong>Data: 27\/02\/2024<\/strong><br \/>\nAssunto: Despachou no gabinete<br \/>\nLocal: Gabinete<\/p>\n<p><strong>Data: 26\/02\/2024<\/strong><br \/>\nHor\u00e1rio: 9h<br \/>\nAssunto: Despachou no gabinete e Sess\u00e3o ordin\u00e1ria<br \/>\nLocal: Gabinete<\/p>\n<p><strong>Data: 23\/02\/2024<\/strong><br \/>\n<strong>Hor\u00e1rio:<\/strong> 10:00hrs<br \/>\nAssunto: Prefeito Ant\u00f4nio Calhau, esteve presente em Bel\u00e9m-PA, para assinatura do termo de recebimento de uma Motoniveladora (Patrol), junto ao Minist\u00e9rio do Desenvolvimento Regional Ministro Waldez G\u00f3is em parceria com a CODEVASF, indica\u00e7\u00e3o e emenda do Deputado Federal e Ministro do Turismo Celso Sabino.<br \/>\n<strong>Local:<\/strong> Bel\u00e9m- PA<\/p>\n<p><strong>Data: 22\/02\/2024<\/strong><br \/>\nAssunto: Despachou no gabinete<br \/>\nLocal: Gabinete<\/p>\n<p><strong>Data: 21\/02\/2024<\/strong><br \/>\nAssunto: Despachou no gabinete<br \/>\nLocal: Gabinete<\/p>\n<p><strong>Data: 20\/02\/2024<\/strong><br \/>\nAssunto: Despachou no gabinete<br \/>\nLocal: Gabinete<\/p>\n<p><strong>Data: 19\/02\/2024<\/strong><br \/>\nHor\u00e1rio: 19h<br \/>\nAssunto: Despachou no gabinete e Sess\u00e3o ordin\u00e1ria<br \/>\nLocal: Gabinete<\/p>\n<p><strong>Data: 16\/02\/2024<\/strong><br \/>\nAssunto: Despachou no gabinete<br \/>\nLocal: Gabinete<\/p>\n<p><strong>Data: 15\/02\/2024<\/strong><br \/>\nHor\u00e1rio: 9h<br \/>\nAssunto: Despachou no gabinete e Sess\u00e3o Solene<br \/>\nLocal: Gabinete<\/p>\n<h4>Janeiro<\/h4>\n<p><strong>Data: 16\/01\/2024 a 17\/01\/2024<\/strong><br \/>\nHor\u00e1rio: 9:00hrs<br \/>\nAssunto: Prefeito Ant\u00f4nio Calhau, Participou da cerim\u00f4nia de assinatura de contratos de repasse para obras de Infraestrutura Tur\u00edstica no Estado do Par\u00e1, que aconteceu no Gabinete da Vice-Governadoria do Estado do Par\u00e1, e participou de uma Audi\u00eancia do TCM\/PA<br \/>\nLocal: Bel\u00e9m- PA<\/p>\n<p><strong>Data: 04\/01\/2024 a 15\/01\/2024<\/strong><br \/>\nAssunto: Somente atendimento interno, sem agenda externa.<\/p>\n<h4><strong>2023<\/strong><\/h4>\n<h4><strong>Dezembro<\/strong><\/h4>\n<p><strong>Data: 01\/12\/2023 a 31\/12\/2023<\/strong><br \/>\nAssunto: Somente atendimento interno, sem agenda externa<\/p>\n<h4><strong>Novembro<\/strong><\/h4>\n<p><strong>Data: 01\/11\/2023 a 30\/11\/2023<\/strong><br \/>\nAssunto: Somente atendimento interno, sem agenda externa<\/p>\n<h4><strong>Outubro<\/strong><\/h4>\n<p><strong>Data: 01\/10\/2023 a 31\/10\/2023<\/strong><br \/>\nAssunto: Somente atendimento interno, sem agenda externa<\/p>\n<h4>Setembro<\/h4>\n<p><strong>Data: 23\/09\/2023 a 30\/09\/2023<\/strong><br \/>\nAssunto: Somente atendimento interno, sem agenda externa<\/p>\n<p><strong>Data: 01\/09\/2023 a 22\/09\/2023<\/strong><br \/>\nAssunto: Somente atendimento interno, sem agenda externa<\/p>\n<h4>Agosto<\/h4>\n<p><strong>Data: 30\/08\/2023<\/strong><br \/>\nHor\u00e1rio: 10:00 hrs<br \/>\nAssunto: Prefeito Ant\u00f4nio Calhau, participou da Agenda do Deputado Francisco Melo (Chic\u00e3o).<br \/>\nLocal: Bel\u00e9m-PA<\/p>\n<p><strong>Data: 03\/08\/2023<\/strong><br \/>\nHor\u00e1rio: 11:00 hrs<br \/>\nAssunto: Prefeito Ant\u00f4nio Calhau, esteve presente na posse do Ministro do Turismo Celso Sabino.<br \/>\nLocal: Brasilia-DF<\/p>\n<h4><strong>Julho<\/strong><\/h4>\n<p>Somente atendimento interno, sem agenda externa<\/p>\n<h4><strong>Junho<\/strong><\/h4>\n<p>Somente atendimento interno, sem agenda externa<\/p>\n<h4><strong>Maio<\/strong><\/h4>\n<p><strong>Data: 29\/05\/2023<\/strong><br \/>\nHor\u00e1rio: 09:00 hrs<br \/>\nAssunto: Prefeito Ant\u00f4nio Calhau, participou da apresenta\u00e7\u00e3o do Programa Alfabetiza Par\u00e1 na Idade Certa Regi\u00e3o Caraj\u00e1s\/Lago de Tucuru\u00ed Polo Marab\u00e1 no dia 29\/05\/2023 no Caraj\u00e1s Centro de Conven\u00e7\u00f5es.<br \/>\nLocal: Marab\u00e1-PA<\/p>\n<p><strong>Data: 26\/05\/2023<\/strong><br \/>\nHor\u00e1rio: 13:00 hrs<br \/>\nAssunto: Prefeito Ant\u00f4nio Calhau, participou de uma audi\u00eancia com o secret\u00e1rio do Estado de Transportes (SETRAN), para formaliza\u00e7\u00e3o de pleitos com o objetivo de aquisi\u00e7\u00e3o de combust\u00edvel para recupera\u00e7\u00e3o de estrada vicinais do munic\u00edpio.<br \/>\nLocal: Bel\u00e9m-PA<\/p>\n<h4><strong>Abril<\/strong><\/h4>\n<p><strong>Data: 14\/04\/2023<\/strong><br \/>\nHor\u00e1rio: 09:00hrs<br \/>\nAssunto: Prefeito Ant\u00f4nio Calhau, Participou do I Semin\u00e1rio Regional sobre moradia popular. Tema: Habita\u00e7\u00e3o Para Todos\u201d. Um encontro de entes federativos compartilhando caminhos de acessos aos programas habitacionais como o Minha Casa Minha Vida e o programa Sua Casa, bem como outros programas das Secretarias Nacionais do Minist\u00e9rio das Cidades.<br \/>\nLocal: Parauapebas-PA.<\/p>\n<p><strong>Data: 04\/04\/2023<\/strong><br \/>\nHor\u00e1rio: 13:00hrs<br \/>\nAssunto: Prefeito Ant\u00f4nio Calhau, Participou da agenda na capital do Estado com os parlamentares estaduais e federais.<br \/>\nLocal: Bel\u00e9m-PA.<\/p>\n<h4><strong>Mar\u00e7o<\/strong><\/h4>\n<p><strong>Data: 15\/03\/2023<\/strong><br \/>\nHor\u00e1rio: 09:30hrs<br \/>\nAssunto: Prefeito Ant\u00f4nio Calhau, Participou da reuni\u00e3o na SEDOP (Secretaria de estado de Desenvolvimento Urbano e Obras P\u00fablicas), acompanhando o andamento das obras no munic\u00edpio de Abel Figueiredo-PA, em parceria com o Estado.<br \/>\nLocal: Bel\u00e9m-PA.<\/p>\n<p><strong>Data: 14\/03\/2023<\/strong><br \/>\nHor\u00e1rio: 13:00hrs<br \/>\nAssunto: Prefeito Ant\u00f4nio Calhau, Participou da Marcha com os Prefeitos, em defesa dos munic\u00edpios paraenses.<br \/>\nLocal: Bel\u00e9m-PA.<\/p>\n<h4><strong>Fevereiro<\/strong><\/h4>\n<p><strong>Data: 17\/02\/2023<\/strong><br \/>\nHor\u00e1rio: 8:00hrs<br \/>\nAssunto: Prefeito Ant\u00f4nio Calhau, Participou de uma importante reuni\u00e3o da Secretaria de Estado de Desenvolvimento Urbano e Obras P\u00fablicas (Sedop) no Centro de Conven\u00e7\u00f5es, em Marab\u00e1, com prefeitos e prefeitas de munic\u00edpios da regi\u00e3o de Integra\u00e7\u00e3o da AMATCaraj\u00e1s, para tratar sobre a distribui\u00e7\u00e3o de recursos do Fundo para o Desenvolvimento Regional com Recursos da Desestatiza\u00e7\u00e3o (FRD) da mineradora Vale.<br \/>\nLocal: Marab\u00e1- PA<\/p>\n<p><strong>Data: 10 e 11\/02\/203<\/strong><br \/>\nHor\u00e1rio: 9:00hrs<br \/>\nAssunto: Prefeito Ant\u00f4nio Calhau, Participou do programa Alfabetiza Par\u00e1, e da Agenda do Governador do Estado do Par\u00e1 Helder Barbalho.<br \/>\nLocal: Bel\u00e9m- PA<\/p>\n<h4><strong>Janeiro<\/strong><\/h4>\n<p>Somente atendimento interno, sem agenda externa<\/p>\n<h4><strong>2022<\/strong><\/h4>\n<h4><strong>Dezembro<\/strong><\/h4>\n<p><strong>Data: 10\/12\/2022 \u00e0s 08:00hrs<\/strong><br \/>\nPrefeito Ant\u00f4nio Calhau, Esteve presente na cerim\u00f4nia da entrega de T\u00edtulos definitivos em parceria (TITULA BRASIL).<br \/>\nLocal: Marab\u00e1-PA<\/p>\n<h4><strong>Novembro<\/strong><\/h4>\n<p>Somente atendimento interno, sem agenda externa<\/p>\n<h4><strong>Outubro<\/strong><\/h4>\n<p><strong>Data: 10\/10\/2022 \u00e0s 08:00hrs<\/strong><br \/>\nPrefeito Ant\u00f4nio Calhau, participou da reuni\u00e3o com o Governador do Estado Helder Barbalho.<br \/>\nLocal: Bel\u00e9m-Pa<\/p>\n<h4><strong>Setembro<\/strong><\/h4>\n<p><strong>Data: 30\/09\/2022 \u00e0s 09:00hrs<\/strong><br \/>\nPrefeito Ant\u00f4nio Calhau, Esteve recepcionando o Governador Helder Barbalho e acompanhando a agenda do Governador que \u00e9 parceiro do munic\u00edpio de Abel Figueiredo\/PA<br \/>\nLocal: Rondon do Par\u00e1 \u2013 PA<\/p>\n<p><strong>Data: 01\/09\/2022 a 19\/09\/2022<\/strong><br \/>\nSomente atendimento interno, sem agenda externa<\/p>\n<h4><strong>Agosto<\/strong><\/h4>\n<p>Somente atendimento interno, sem agenda externa<\/p>\n<h4><strong>Julho<\/strong><\/h4>\n<p><strong>Data: 11\/07\/2022 \u00e0s 07:00 hrs<\/strong><br \/>\nPrefeito Ant\u00f4nio Calhau, esteve participando da Audi\u00eancia com o Deputado Cristiano Vale e tamb\u00e9m receber o Girico na SEDAP.<br \/>\nLocal: Bel\u00e9m-Pa.<\/p>\n<h4><strong>Junho<\/strong><\/h4>\n<p><strong>Data: 29\/06\/2022 \u00e0s 13:00hs<\/strong><br \/>\nPrefeito Ant\u00f4nio Calhau, Esteve recepcionando o Governador Helder Barbalho e acompanhando a agenda do Governador que \u00e9 parceiro parceiro do munic\u00edpio de Abel Figueiredo\/PA<br \/>\nLocal: Rondon do Par\u00e1 \u2013 PA<\/p>\n<h4><strong>Maio<\/strong><\/h4>\n<p>Somente atendimento interno, sem agenda externa<\/p>\n<h4><strong>Abril<\/strong><\/h4>\n<p><strong>Data: 27\/04\/2022 \u00e1s 18:00hrs<\/strong><br \/>\nPrefeito Ant\u00f4nio Calhau, Esteve participando do lan\u00e7amento da campanha de vacina\u00e7\u00e3o contra Febre Aftosa 2022, e do projeto Pecuariano do Governo do Estado junto com o Governador Helder Barbalho e comitiva em Marab\u00e1-PA.<br \/>\nLocal: Marab\u00e1- PA<\/p>\n<p><strong>Data: 05\/04\/2022 13:00hrs \u00e1s 18:00hrs<\/strong><br \/>\nPrefeito Ant\u00f4nio Calhau esteve recepcionando o Governador Helder Barbalho, na ocasi\u00e3o foi inaugurado a nova Base de Grupamento A\u00e9reo de Seguran\u00e7a P\u00fablica (Graesp).<br \/>\nLocal: Marab\u00e1- PA<\/p>\n<h4><strong>Mar\u00e7o<\/strong><\/h4>\n<p><strong>Data: 07\/03\/2022 a 08\/03\/2022<\/strong><br \/>\nO Prefeito participou de reuni\u00e3o com o deputado Cristiano Vale e com o Governador do Estado.<br \/>\nLocal: Bel\u00e9m\/PA<\/p>\n<h4><strong>Fevereiro<\/strong><\/h4>\n<p><strong>Data: 01\/02\/2022 a 02\/02\/2022<\/strong><br \/>\nO Prefeito participou de reuni\u00f5es nas secretarias de estado, SEPLAN, SEDOP,SETRAN,COHAB E Pol\u00edcia Civil, para tratar dos projetos de demandas do munic\u00edpio.<br \/>\nLocal: Bel\u00e9m\/PA<\/p>\n<h4><strong>Janeiro<\/strong><\/h4>\n<p><strong>Data: 30\/01\/2022 a 31\/01\/2022<\/strong><br \/>\nO Prefeito participou de reuni\u00f5es nas secretarias de estado, SEPLAN, SEDOP,SETRAN,COHAB E Pol\u00edcia Civil, para tratar dos projetos de demandas do munic\u00edpio.<br \/>\nLocal: Bel\u00e9m\/PA<\/p>\n<h4><strong>2021<\/strong><\/h4>\n<h5><strong>Dezembro<\/strong><\/h5>\n<p>Sem agenda externa<\/p>\n<h5><strong>Novembro<\/strong><\/h5>\n<p><strong>Data: 19\/11\/2021 das 08:00H \u00e0s 18:00H\u00a0<\/strong><br \/>\nPrefeito Ant\u00f4nio Calhau, Participou do 1\u00b0Encontro Municipalista do Sul e Sudeste do Par\u00e1.<br \/>\nLocal: Cana\u00e3 dos Caraj\u00e1s-Pa<\/p>\n<h5><strong>Outubro<\/strong><\/h5>\n<p><strong>Data: 06\/10\/2021 das 13:00H \u00e0s 18:00H<\/strong><br \/>\nPrefeito Ant\u00f4nio Calhau, Participou de reuni\u00e3o com Governador Helder Barbalho.<br \/>\nLocal: Rondon do Par\u00e1 \u2013 PA<\/p>\n<h5><strong>Setembro<\/strong><\/h5>\n<p><strong>Data: 28\/09\/21 A 29\/09\/21 das 08:00h \u00e0s 18:00h<\/strong><br \/>\nPrefeito Ant\u00f4nio Calhau, Participou de reuni\u00e3o com Ministra da Mulher, da Fam\u00edlia e dos Direitos Humanos, Damares Alves<br \/>\nLocal: Bel\u00e9m \u2013 PA<\/p>\n<p><strong>Data: 22\/09\/21 das 08:00h \u00e0s 18:00h<\/strong><br \/>\nPrefeito Ant\u00f4nio Calhau, Participou de reuni\u00e3o para assinatura de conv\u00eanio com UNIFESSPA<br \/>\nLocal: MARAB\u00c1 \u2013 PA<\/p>\n<h5><strong>Agosto<\/strong><\/h5>\n<p><strong>Data: 29\/08\/21 a 31\/08\/2021 das 08:00h \u00e0s 18:00h<\/strong><br \/>\nPrefeito Ant\u00f4nio Calhau, Participou de reuni\u00e3o com Governador Helder Barbalho e nas Secretarias de Estado, como SEDOP, SETRAN, SESPA, ITERPA<br \/>\nLocal: Bel\u00e9m \u2013 PA<\/p>\n<p><strong>Data: 27\/08\/21 das 07:50h \u00e0s 09:45h<\/strong><br \/>\nPrefeito Ant\u00f4nio Calhau, Atendimento ao cidad\u00e3o<\/p>\n<p><strong>Data: 24\/08\/21 das 07:51h \u00e0s 08:45h<\/strong><br \/>\nPrefeito Ant\u00f4nio Calhau, Atendimento ao cidad\u00e3o<\/p>\n<p><strong>Data: 23\/08\/21 das 09:54h \u00e0s 10:45h<\/strong><br \/>\nPrefeito Ant\u00f4nio Calhau, Atendimento ao cidad\u00e3o<\/p>\n<p><strong>Data: 17\/08\/21 das 08:30h \u00e0s 10:45h<\/strong><br \/>\nPrefeito Ant\u00f4nio Calhau, Atendimento ao cidad\u00e3o<\/p>\n<p><strong>Data: 13\/08\/21 das 08:30h \u00e0s 10:45h<\/strong><br \/>\nPrefeito Ant\u00f4nio Calhau, Atendimento ao cidad\u00e3o<\/p>\n<p><strong>Data: 13\/08\/21 das 07:48h \u00e0s 08:17h<\/strong><br \/>\nPrefeito Ant\u00f4nio Calhau, Atendimento ao cidad\u00e3o<\/p>\n<p><strong>Data: 12\/08\/21 das 08:50h \u00e0s 10:00h<\/strong><br \/>\nPrefeito Ant\u00f4nio Calhau, Atendimento ao cidad\u00e3o<\/p>\n<p><strong>Data: 10\/08\/21 \u00e0s 09:11h \u00e0s 10:55h<\/strong><br \/>\nPrefeito Ant\u00f4nio Calhau, Atendimento a Vereador<\/p>\n<p><strong>Data: 09\/08\/21 das 10:00h \u00e0s 11:25h<\/strong><br \/>\nPrefeito Ant\u00f4nio Calhau, Reuni\u00e3o com Secret\u00e1ria de Educa\u00e7\u00e3o<br \/>\nLocal: Secretaria de Educa\u00e7\u00e3o<\/p>\n<p><strong>Data: 04\/08\/21 das 08:00h \u00e0s 10:50h<\/strong><br \/>\nPrefeito Ant\u00f4nio Calhau, Atendimento ao cidad\u00e3o<\/p>\n<p><strong>Data: 03\/08\/21 das 09:00h \u00e0s 10:53h<\/strong><br \/>\nPrefeito Ant\u00f4nio Calhau, Reuni\u00e3o com equipe SEMDEPS<br \/>\nLocal: Pr\u00e9dio\u00a0SEMDEPS<\/p>\n<h5><strong>Julho<\/strong><\/h5>\n<p><strong>Data: 30\/07\/21 das 08:19h \u00e0s 11:05h<\/strong><br \/>\nPrefeito Ant\u00f4nio Calhau, Atendimento ao cidad\u00e3o<\/p>\n<p><strong>Data: 29\/07\/21 a 31\/07\/2021 das 08:00h \u00e0s 18:00h<\/strong><br \/>\nPrefeito Ant\u00f4nio Calhau, Participou de reuni\u00e3o com Governador Helder Barbalho e nas Secretarias de Estado, como SEDOP, SETRAN, SESPA, ITERPA<br \/>\nLocal: Bel\u00e9m \u2013 PA<\/p>\n<p><strong>Data: 28\/07\/21 das 08:11h \u00e0s 11:00h<\/strong><br \/>\nPrefeito Ant\u00f4nio Calhau, Atendimento a Secret\u00e1rios Municipais<\/p>\n<p><strong>Data: 27\/07\/21 das 10:30h<\/strong><br \/>\nPrefeito Ant\u00f4nio Calhau, Atendimento a Vereador<\/p>\n<p><strong>Data: 27\/07\/21 \u00e0s 10:30h<\/strong><br \/>\nPrefeito Ant\u00f4nio Calhau, Atendimento a Vereador<\/p>\n<p><strong>Data: 26\/07\/21 das 07:40h \u00e0s 08:12h<\/strong><br \/>\nPrefeito Ant\u00f4nio Calhau, Atendimento ao cidad\u00e3o<\/p>\n<p><strong>Data: 22\/07\/21 das 08:44h \u00e0s 10:37h<\/strong><br \/>\nPrefeito Ant\u00f4nio Calhau, Atendimento ao cidad\u00e3o<\/p>\n<p><strong>Data: 20\/07\/21 \u00e0s 09:45h<\/strong><br \/>\nPrefeito Ant\u00f4nio Calhau, reuni\u00e3o com corpo t\u00e9cnico da UNIFESSPA<\/p>\n<p><strong>Data: 20\/07\/21 das 08:20h \u00e0s 09:45h<\/strong><br \/>\nPrefeito Ant\u00f4nio Calhau, Atendimento ao cidad\u00e3o<\/p>\n<p><strong>Data: 19\/07\/21 das 08:46h \u00e0s 11:10h<\/strong><br \/>\nPrefeito Ant\u00f4nio Calhau, Atendimento ao cidad\u00e3o<\/p>\n<p><strong>Data: 07\/07\/21 das 9:30h \u00e0s 11:30h<\/strong><br \/>\nPrefeito Ant\u00f4nio Calhau, Atendimento as Secret\u00e1rios<\/p>\n<p><strong>Data: 06\/07\/21 das 08:35h \u00e0s 10:53h<\/strong><br \/>\nPrefeito Ant\u00f4nio Calhau, Atendimento ao cidad\u00e3o<\/p>\n<p><strong>Data: 01\/07\/21 a 03\/07\/2021 de<\/strong>\u00a0<strong>08:00h \u00e0s 18:00h<\/strong><br \/>\nPrefeito Ant\u00f4nio Calhau, Participou do evento: Encontro com o Ministro da Educa\u00e7\u00e3o e Presidente do FNDE e sua respectiva equipe t\u00e9cnica (Salin\u00edpolis)<br \/>\nLocal: Salin\u00f3polis<\/p>\n<h5><strong>Junho<\/strong><\/h5>\n<p><strong>Data: 19\/06\/21 \u00e0s 08:45h \u00e0s 11:30h<\/strong><br \/>\nPrefeito Ant\u00f4nio Calhau, Trabalhou no Expediente Interno<\/p>\n<p><strong>Data: 17\/06\/21 \u00e0s 08:45h \u00e0s 11:30h<\/strong><br \/>\nPrefeito Ant\u00f4nio Calhau, Trabalhou no Expediente Interno<\/p>\n<p><strong>Data: 15\/06\/21 \u00e0s 08:45h \u00e0s 11:05h<\/strong><br \/>\nPrefeito Ant\u00f4nio Calhau, Atendimento ao cidad\u00e3o<\/p>\n<p><strong>Data: 14\/06\/21 \u00e0s 08:05h \u00e0s 11:30h<\/strong><br \/>\nPrefeito Ant\u00f4nio Calhau, Trabalhou no Expediente Interno<\/p>\n<p><strong>Data: 10\/06\/21 \u00e0s 08:05h \u00e0s 11:05h<\/strong><br \/>\nPrefeito Ant\u00f4nio Calhau, Atendimento ao cidad\u00e3o<\/p>\n<p><strong>Data: 09\/06\/21 \u00e0s 08:30h \u00e0s 10:30h<\/strong><br \/>\nPrefeito Ant\u00f4nio Calhau, Atendimento ao cidad\u00e3o<\/p>\n<p><strong>Data: 08\/06\/21 \u00e0s 10:00h \u00e0s 11:30h<\/strong><br \/>\nPrefeito Ant\u00f4nio Calhau, Atendimento ao cidad\u00e3o<\/p>\n<p><strong>Data: 08\/04\/21 \u00e0s 09:15h<\/strong><br \/>\nPrefeito Ant\u00f4nio Calhau, Reuniu com Niramar<br \/>\nLocal: Sec. de Cultura<\/p>\n<p><strong>Data: 07\/06\/21 \u00e0s 09:00h<\/strong><br \/>\nPrefeito Ant\u00f4nio Calhau, Recep\u00e7\u00e3o do Presidente da Rep\u00fablica na cidade Marab\u00e1<br \/>\nLocal: Marab\u00e1<\/p>\n<h5><strong>Maio<\/strong><\/h5>\n<p><strong>Data: 09\/05\/21 \u00e0s 07:40h \u00e0s 9:45h<\/strong><br \/>\nPrefeito Ant\u00f4nio Calhau, Reuniu com Secret\u00e1rios (Sem agenda externa)<\/p>\n<p><strong>Data: 09\/05\/21 \u00e0s 07:40h \u00e0s 10:00h<\/strong><br \/>\nPrefeito Ant\u00f4nio Calhau, Atendimento ao cidad\u00e3o (Sem agenda externa)<\/p>\n<p><strong>Data: 07\/05\/21 \u00e0s 09:00h<\/strong><br \/>\nPrefeito Ant\u00f4nio Calhau, Reuniu com Vice-prefeito Evandro da Serraria e vereadores<br \/>\nLocal: MARAB\u00c1 \u2013 PA<\/p>\n<h5><strong>Abril<\/strong><\/h5>\n<p>Sem agenda externa<\/p>\n<p><strong>Data: 09\/04\/21 \u00e0s 10:01h<\/strong><br \/>\nPrefeito Ant\u00f4nio Calhau, Reuniu com Alex Cassini (Sec. de Agricultura) e Mariozan (Sec. Obras).<\/p>\n<p><strong>Data: 08\/04\/21 \u00e0s 09:15h<\/strong><br \/>\nPrefeito Ant\u00f4nio Calhau, Reuniu com Niramar (Sec. de Cultura).<\/p>\n<p><strong>Data: 08\/04\/21 \u00e0s10:01h<\/strong><br \/>\nPrefeito Ant\u00f4nio Calhau, Reuniu com Edinei (cidad\u00e3o).<\/p>\n<p><strong>Data: 07\/04\/21 \u00e0s 10:23h<\/strong><br \/>\nPrefeito Ant\u00f4nio Calhau, Reuniu com Diones enfermeiro, representante do governo na c\u00e2mara de vereadores.<\/p>\n<p><strong>Data: 06\/04\/21 \u00e0s 09:30h<\/strong><br \/>\nPrefeito Ant\u00f4nio Calhau, Reuniu com presidente da empresa Hidrofort.<\/p>\n<h5><strong>Mar\u00e7o<\/strong><\/h5>\n<p><strong>Data: 15\/03\/2021<\/strong><br \/>\nViagem a capital de Bel\u00e9m, para tratar de assuntos em benef\u00edcio do munic\u00edpio<\/p>\n<p><strong>Data: 14\/03\/2021<\/strong><br \/>\nViagem a capital de Bel\u00e9m, para tratar de assuntos em benef\u00edcio do munic\u00edpio<\/p>\n<p><strong>Data: 13\/03\/2021<\/strong><br \/>\nViagem a capital de Bel\u00e9m, para tratar de assuntos em benef\u00edcio do munic\u00edpio<\/p>\n<p><strong>Data: 12\/03\/2021<\/strong><br \/>\nViagem a capital de Bel\u00e9m, para tratar de assuntos em benef\u00edcio do munic\u00edpio<\/p>\n<p><strong>Data: 11\/03\/2021<\/strong><br \/>\nViagem a capital de Bel\u00e9m, para tratar de assuntos em benef\u00edcio do munic\u00edpio<\/p>\n<p><strong>Data: 08\/03\/2021<\/strong><br \/>\nViagem a capital de Bel\u00e9m, para tratar de assuntos em benef\u00edcio do munic\u00edpio<\/p>\n<p><strong>Data: 07\/03\/2021<\/strong><br \/>\nN\u00e3o houve nenhum evento externo<br \/>\nLocal: Gabinete do Prefeito<\/p>\n<p><strong>Data: 06\/03\/2021<\/strong><br \/>\nN\u00e3o houve nenhum evento externo<br \/>\nLocal: Gabinete do Prefeito<\/p>\n<p><strong>Data: 05\/03\/2021<\/strong><br \/>\nN\u00e3o houve nenhum evento externo<br \/>\nLocal: Gabinete do Prefeito<\/p>\n<p><strong>Data: 04\/03\/2021<\/strong><br \/>\nN\u00e3o houve nenhum evento externo<br \/>\nLocal: Gabinete do Prefeito<\/p>\n<p><strong>Data: 01\/03\/2021<\/strong><br \/>\nVisita Zona Rural<br \/>\nLocal:\u00a0 Comunidade Zona rural<\/p>\n<h5><strong>Fevereiro<\/strong><\/h5>\n<p><strong>Data: 28\/02\/2021<\/strong><br \/>\nN\u00e3o houve nenhum evento externo<br \/>\nLocal: Gabinete do Prefeito<\/p>\n<p><strong>Data: 27\/02\/2021<\/strong><br \/>\nVisita a Comunidade da Zona Rural (agenda externa)<br \/>\nLocal: Comunidade na Zona rural<\/p>\n<p><strong>Data: 26\/02\/2021<\/strong><br \/>\nN\u00e3o houve nenhum evento externo<br \/>\nLocal: Gabinete do Prefeito<\/p>\n<p><strong>Data: 25\/02\/2021<\/strong><br \/>\nN\u00e3o houve nenhum evento externo<br \/>\nLocal: Gabinete do Prefeito<\/p>\n<p><strong>Data: 22\/02\/2021<\/strong><br \/>\nN\u00e3o houve nenhum evento externo<br \/>\nLocal: Gabinete do Prefeito<\/p>\n<p><strong>Data: 21\/02\/2021<\/strong><br \/>\nN\u00e3o houve nenhum evento externo<br \/>\nLocal: Gabinete do Prefeito<\/p>\n<p><strong>Data: 20\/02\/2021<\/strong><br \/>\nN\u00e3o houve nenhum evento externo<br \/>\nLocal: Gabinete do Prefeito<\/p>\n<p><strong>Data: 19\/02\/2021<\/strong><br \/>\nN\u00e3o houve nenhum evento externo<br \/>\nLocal: Gabinete do Prefeito<\/p>\n<p><strong>Data: 18\/02\/2021<\/strong><br \/>\nN\u00e3o houve nenhum evento externo<br \/>\nLocal: Gabinete do Prefeito<\/p>\n<p><strong>Data: 15\/02\/2021<\/strong><br \/>\nVisita a Comunidade da Zona Rural (agenda externa)<br \/>\nLocal: Comunidade na Zona rural<\/p>\n<p><strong>Data: 14\/02\/2021<\/strong><br \/>\nVisita a Comunidade da Zona Rural (agenda externa)<br \/>\nLocal: Comunidade na Zona rural<\/p>\n<p><strong>Data: 13\/02\/2021<\/strong><br \/>\nN\u00e3o houve nenhum evento externo<br \/>\nLocal: Gabinete do Prefeito<\/p>\n<p><strong>Data: 12\/02\/2021<\/strong><br \/>\nN\u00e3o houve nenhum evento externo<br \/>\nLocal: Gabinete do Prefeito<\/p>\n<p><strong>Data: 11\/02\/2021<\/strong><br \/>\nN\u00e3o houve nenhum evento externo<br \/>\nLocal: Gabinete do Prefeito<\/p>\n<p><strong>Data: 08\/02\/2021<\/strong><br \/>\nVisita a Comunidade da Zona Rural (agenda externa)<br \/>\nLocal: Comunidade na Zona rural<\/p>\n<p><strong>Data: 07\/02\/2021<\/strong><br \/>\nN\u00e3o houve nenhum evento externo<br \/>\nLocal: Gabinete do Prefeito<\/p>\n<p><strong>Data: 06\/02\/2021<\/strong><br \/>\nN\u00e3o houve nenhum evento externo<br \/>\nLocal: Gabinete do Prefeito<\/p>\n<p><strong>Data: 05\/02\/2021<\/strong><br \/>\nN\u00e3o houve nenhum evento externo<br \/>\nLocal: Gabinete do Prefeito<\/p>\n<p><strong>Data: 04\/02\/2021<\/strong><br \/>\nN\u00e3o houve nenhum evento externo<br \/>\nLocal: Gabinete do Prefeito<\/p>\n<p><strong>Data: 01\/02\/2021<\/strong><br \/>\nN\u00e3o houve nenhum evento externo<br \/>\nLocal: Gabinete do Prefeito<\/p>\n<h5><strong>Janeiro<\/strong><\/h5>\n<p><strong>Data: 31\/01\/2021<\/strong><br \/>\nVisita a Comunidade da Zona Rural (agenda externa)<br \/>\nLocal: Comunidade zona na rural<\/p>\n<p><strong>Data: 30\/01\/2021<\/strong><br \/>\nN\u00e3o houve nenhum evento externo<br \/>\nLocal: Gabinete do Prefeito<\/p>\n<p><strong>Data: 29\/01\/2021<\/strong><br \/>\nN\u00e3o houve nenhum evento externo<br \/>\nLocal: Gabinete do Prefeito<\/p>\n<p><strong>Data: 28\/01\/2021<\/strong><br \/>\nN\u00e3o houve nenhum evento externo<br \/>\nLocal: Gabinete do Prefeito<\/p>\n<p><strong>Data: 25\/01\/2021<\/strong><br \/>\nVisita a Comunidade da Zona Rural (agenda externa)<br \/>\nLocal: Comunidade na Zona rural<\/p>\n<p><strong>Data: 24\/01\/2021<\/strong><br \/>\nN\u00e3o houve nenhum evento externo<br \/>\nLocal: Gabinete do Prefeito<\/p>\n<p><strong>Data: 23\/01\/2021<\/strong><br \/>\nN\u00e3o houve nenhum evento externo<br \/>\nLocal: Gabinete do Prefeito<\/p>\n<p><strong>Data: 22\/01\/2021<\/strong><br \/>\nN\u00e3o houve nenhum evento externo<br \/>\nLocal: Gabinete do Prefeito<\/p>\n<p><strong>Data: 21\/01\/2021<\/strong><br \/>\nVisita a Comunidade da Zona Rural (agenda externa)<br \/>\nLocal: Comunidade na Zona rural<\/p>\n<p><strong>Data: 18\/01\/2021<\/strong><br \/>\nN\u00e3o houve nenhum evento externo<br \/>\nLocal: Gabinete do Prefeito<\/p>\n<p><strong>Data: 17\/01\/2021<\/strong><br \/>\nN\u00e3o houve nenhum evento externo<br \/>\nLocal: Gabinete do Prefeito<\/p>\n<p><strong>Data: 16\/01\/2021<\/strong><br \/>\nN\u00e3o houve nenhum evento externo<br \/>\nLocal: Gabinete do Prefeito<\/p>\n<p><strong>Data: 15\/01\/2021<\/strong><br \/>\nVisita a Comunidade da Zona Rural (agenda externa)<br \/>\nLocal: Comunidade na Zona rural<\/p>\n<p><strong>Data: 14\/01\/2021<\/strong><br \/>\nN\u00e3o houve nenhum evento externo<br \/>\nLocal: Gabinete do Prefeito<\/p>\n<p><strong>Data: 11\/01\/2021<\/strong><br \/>\nN\u00e3o houve nenhum evento externo<br \/>\nLocal: Gabinete do Prefeito<\/p>\n<p><strong>Data: 10\/01\/2021<\/strong><br \/>\nN\u00e3o houve nenhum evento externo<br \/>\nLocal: Gabinete do Prefeito<\/p>\n<p><strong>Data: 09\/01\/2021<\/strong><br \/>\nVisita a Comunidade da Zona Rural (agenda externa)<br \/>\nLocal: Comunidade na Zona rural<\/p>\n<p><strong>Data: 08\/01\/2021<\/strong><br \/>\nN\u00e3o houve nenhum evento externo<br \/>\nLocal: Gabinete do Prefeito<\/p>\n<p><strong>Data: 07\/01\/2021<\/strong><br \/>\nN\u00e3o houve nenhum evento externo<br \/>\nLocal: Gabinete do Prefeito<\/p>\n<p><strong>Data: 04\/01\/2021<\/strong><br \/>\nVisita a Comunidade da Zona Rural (agenda externa)<br \/>\nLocal: Comunidade na Zona rural<\/p>\n<p><strong>Data: 03\/01\/2021<\/strong><br \/>\nN\u00e3o houve nenhum evento externo<br \/>\nLocal: Gabinete do Prefeito<\/p>\n<p><strong>Data: 02\/01\/2021<\/strong><br \/>\nN\u00e3o houve nenhum evento externo<br \/>\nLocal: Gabinete do Prefeito<\/p>\n","protected":false},"excerpt":{"rendered":"<p>2024 Novembro Sem agenda externa Outubro Sem agenda externa Setembro Data: 11\/09\/2024 a 30\/09\/2024 Assunto: Somente atendimento interno, sem agenda externa Data: 01\/09\/2024 a 10\/09\/2024 Assunto: Somente atendimento interno, sem agenda externa Agosto Data: 08\/08\/2024 a 31\/08\/2024 Assunto: Somente atendimento interno, sem agenda externa Data: 01\/08\/2024 a 07\/08\/2024 Assunto: Somente atendimento interno, sem agenda externa<\/p>\n<div class=\"read-more\"><a href=\"https:\/\/abelfigueiredo.pa.gov.br\/site\/portal-da-transparencia\/agenda\/\" title=\"Veja mais\">Veja mais<\/a><\/div>\n","protected":false},"author":1,"featured_media":0,"parent":1862,"menu_order":0,"comment_status":"closed","ping_status":"closed","template":"","meta":{"footnotes":""},"class_list":["post-8831","page","type-page","status-publish"],"yoast_head":"<!-- This site is optimized with the Yoast SEO plugin v26.6 - https:\/\/yoast.com\/wordpress\/plugins\/seo\/ -->\n<title>Agenda Externa do Prefeito - Prefeitura Municipal de Abel Figueiredo | Gest\u00e3o 2025-2028<\/title>\n<meta name=\"robots\" content=\"index, follow, max-snippet:-1, max-image-preview:large, max-video-preview:-1\" \/>\n<link rel=\"canonical\" href=\"https:\/\/abelfigueiredo.pa.gov.br\/site\/portal-da-transparencia\/agenda\/\" \/>\n<meta property=\"og:locale\" content=\"pt_BR\" \/>\n<meta property=\"og:type\" content=\"article\" \/>\n<meta property=\"og:title\" content=\"Agenda Externa do Prefeito - Prefeitura Municipal de Abel Figueiredo | Gest\u00e3o 2025-2028\" \/>\n<meta property=\"og:description\" content=\"2024 Novembro Sem agenda externa Outubro Sem agenda externa Setembro Data: 11\/09\/2024 a 30\/09\/2024 Assunto: Somente atendimento interno, sem agenda externa Data: 01\/09\/2024 a 10\/09\/2024 Assunto: Somente atendimento interno, sem agenda externa Agosto Data: 08\/08\/2024 a 31\/08\/2024 Assunto: Somente atendimento interno, sem agenda externa Data: 01\/08\/2024 a 07\/08\/2024 Assunto: Somente atendimento interno, sem agenda externaVeja mais\" \/>\n<meta property=\"og:url\" content=\"https:\/\/abelfigueiredo.pa.gov.br\/site\/portal-da-transparencia\/agenda\/\" \/>\n<meta property=\"og:site_name\" content=\"Prefeitura Municipal de Abel Figueiredo | Gest\u00e3o 2025-2028\" \/>\n<meta property=\"article:modified_time\" content=\"2024-12-11T20:07:00+00:00\" \/>\n<meta name=\"twitter:label1\" content=\"Est. tempo de leitura\" \/>\n\t<meta name=\"twitter:data1\" content=\"13 minutos\" \/>\n<script type=\"application\/ld+json\" class=\"yoast-schema-graph\">{\"@context\":\"https:\/\/schema.org\",\"@graph\":[{\"@type\":\"WebPage\",\"@id\":\"https:\/\/abelfigueiredo.pa.gov.br\/site\/portal-da-transparencia\/agenda\/\",\"url\":\"https:\/\/abelfigueiredo.pa.gov.br\/site\/portal-da-transparencia\/agenda\/\",\"name\":\"Agenda Externa do Prefeito - Prefeitura Municipal de Abel Figueiredo | Gest\u00e3o 2025-2028\",\"isPartOf\":{\"@id\":\"https:\/\/abelfigueiredo.pa.gov.br\/site\/#website\"},\"datePublished\":\"2023-05-29T13:04:19+00:00\",\"dateModified\":\"2024-12-11T20:07:00+00:00\",\"breadcrumb\":{\"@id\":\"https:\/\/abelfigueiredo.pa.gov.br\/site\/portal-da-transparencia\/agenda\/#breadcrumb\"},\"inLanguage\":\"pt-BR\",\"potentialAction\":[{\"@type\":\"ReadAction\",\"target\":[\"https:\/\/abelfigueiredo.pa.gov.br\/site\/portal-da-transparencia\/agenda\/\"]}]},{\"@type\":\"BreadcrumbList\",\"@id\":\"https:\/\/abelfigueiredo.pa.gov.br\/site\/portal-da-transparencia\/agenda\/#breadcrumb\",\"itemListElement\":[{\"@type\":\"ListItem\",\"position\":1,\"name\":\"Portal da Transpar\u00eancia\",\"item\":\"https:\/\/abelfigueiredo.pa.gov.br\/site\/portal-da-transparencia\/\"},{\"@type\":\"ListItem\",\"position\":2,\"name\":\"Agenda Externa do Prefeito\"}]},{\"@type\":\"WebSite\",\"@id\":\"https:\/\/abelfigueiredo.pa.gov.br\/site\/#website\",\"url\":\"https:\/\/abelfigueiredo.pa.gov.br\/site\/\",\"name\":\"Prefeitura Municipal de Abel Figueiredo | Gest\u00e3o 2025-2028\",\"description\":\"Site oficial da Prefeitura Municipal de Abel Figueiredo\",\"potentialAction\":[{\"@type\":\"SearchAction\",\"target\":{\"@type\":\"EntryPoint\",\"urlTemplate\":\"https:\/\/abelfigueiredo.pa.gov.br\/site\/?s={search_term_string}\"},\"query-input\":{\"@type\":\"PropertyValueSpecification\",\"valueRequired\":true,\"valueName\":\"search_term_string\"}}],\"inLanguage\":\"pt-BR\"}]}<\/script>\n<!-- \/ Yoast SEO plugin. -->","yoast_head_json":{"title":"Agenda Externa do Prefeito - Prefeitura Municipal de Abel Figueiredo | Gest\u00e3o 2025-2028","robots":{"index":"index","follow":"follow","max-snippet":"max-snippet:-1","max-image-preview":"max-image-preview:large","max-video-preview":"max-video-preview:-1"},"canonical":"https:\/\/abelfigueiredo.pa.gov.br\/site\/portal-da-transparencia\/agenda\/","og_locale":"pt_BR","og_type":"article","og_title":"Agenda Externa do Prefeito - Prefeitura Municipal de Abel Figueiredo | Gest\u00e3o 2025-2028","og_description":"2024 Novembro Sem agenda externa Outubro Sem agenda externa Setembro Data: 11\/09\/2024 a 30\/09\/2024 Assunto: Somente atendimento interno, sem agenda externa Data: 01\/09\/2024 a 10\/09\/2024 Assunto: Somente atendimento interno, sem agenda externa Agosto Data: 08\/08\/2024 a 31\/08\/2024 Assunto: Somente atendimento interno, sem agenda externa Data: 01\/08\/2024 a 07\/08\/2024 Assunto: Somente atendimento interno, sem agenda externaVeja mais","og_url":"https:\/\/abelfigueiredo.pa.gov.br\/site\/portal-da-transparencia\/agenda\/","og_site_name":"Prefeitura Municipal de Abel Figueiredo | Gest\u00e3o 2025-2028","article_modified_time":"2024-12-11T20:07:00+00:00","twitter_misc":{"Est. tempo de leitura":"13 minutos"},"schema":{"@context":"https:\/\/schema.org","@graph":[{"@type":"WebPage","@id":"https:\/\/abelfigueiredo.pa.gov.br\/site\/portal-da-transparencia\/agenda\/","url":"https:\/\/abelfigueiredo.pa.gov.br\/site\/portal-da-transparencia\/agenda\/","name":"Agenda Externa do Prefeito - Prefeitura Municipal de Abel Figueiredo | Gest\u00e3o 2025-2028","isPartOf":{"@id":"https:\/\/abelfigueiredo.pa.gov.br\/site\/#website"},"datePublished":"2023-05-29T13:04:19+00:00","dateModified":"2024-12-11T20:07:00+00:00","breadcrumb":{"@id":"https:\/\/abelfigueiredo.pa.gov.br\/site\/portal-da-transparencia\/agenda\/#breadcrumb"},"inLanguage":"pt-BR","potentialAction":[{"@type":"ReadAction","target":["https:\/\/abelfigueiredo.pa.gov.br\/site\/portal-da-transparencia\/agenda\/"]}]},{"@type":"BreadcrumbList","@id":"https:\/\/abelfigueiredo.pa.gov.br\/site\/portal-da-transparencia\/agenda\/#breadcrumb","itemListElement":[{"@type":"ListItem","position":1,"name":"Portal da Transpar\u00eancia","item":"https:\/\/abelfigueiredo.pa.gov.br\/site\/portal-da-transparencia\/"},{"@type":"ListItem","position":2,"name":"Agenda Externa do Prefeito"}]},{"@type":"WebSite","@id":"https:\/\/abelfigueiredo.pa.gov.br\/site\/#website","url":"https:\/\/abelfigueiredo.pa.gov.br\/site\/","name":"Prefeitura Municipal de Abel Figueiredo | Gest\u00e3o 2025-2028","description":"Site oficial da Prefeitura Municipal de Abel Figueiredo","potentialAction":[{"@type":"SearchAction","target":{"@type":"EntryPoint","urlTemplate":"https:\/\/abelfigueiredo.pa.gov.br\/site\/?s={search_term_string}"},"query-input":{"@type":"PropertyValueSpecification","valueRequired":true,"valueName":"search_term_string"}}],"inLanguage":"pt-BR"}]}},"_links":{"self":[{"href":"https:\/\/abelfigueiredo.pa.gov.br\/site\/wp-json\/wp\/v2\/pages\/8831","targetHints":{"allow":["GET"]}}],"collection":[{"href":"https:\/\/abelfigueiredo.pa.gov.br\/site\/wp-json\/wp\/v2\/pages"}],"about":[{"href":"https:\/\/abelfigueiredo.pa.gov.br\/site\/wp-json\/wp\/v2\/types\/page"}],"author":[{"embeddable":true,"href":"https:\/\/abelfigueiredo.pa.gov.br\/site\/wp-json\/wp\/v2\/users\/1"}],"replies":[{"embeddable":true,"href":"https:\/\/abelfigueiredo.pa.gov.br\/site\/wp-json\/wp\/v2\/comments?post=8831"}],"version-history":[{"count":32,"href":"https:\/\/abelfigueiredo.pa.gov.br\/site\/wp-json\/wp\/v2\/pages\/8831\/revisions"}],"predecessor-version":[{"id":18940,"href":"https:\/\/abelfigueiredo.pa.gov.br\/site\/wp-json\/wp\/v2\/pages\/8831\/revisions\/18940"}],"up":[{"embeddable":true,"href":"https:\/\/abelfigueiredo.pa.gov.br\/site\/wp-json\/wp\/v2\/pages\/1862"}],"wp:attachment":[{"href":"https:\/\/abelfigueiredo.pa.gov.br\/site\/wp-json\/wp\/v2\/media?parent=8831"}],"curies":[{"name":"wp","href":"https:\/\/api.w.org\/{rel}","templated":true}]}}