{"id":8830,"date":"2023-05-19T00:00:24","date_gmt":"2023-05-19T03:00:24","guid":{"rendered":"http:\/\/www.prefeiturademo.tk\/?page_id=1261"},"modified":"2025-01-03T15:22:17","modified_gmt":"2025-01-03T18:22:17","slug":"convenios-e-transferencias","status":"publish","type":"page","link":"https:\/\/abelfigueiredo.pa.gov.br\/site\/portal-da-transparencia\/convenios-e-transferencias\/","title":{"rendered":"Conv\u00eanios \/ Transfer\u00eancias Volunt\u00e1rias"},"content":{"rendered":"<h3>Conv\u00eanios at\u00e9 2024<\/h3>\n<ul>\n<li><a href=\"https:\/\/portal.cr2.co\/convenios_transferencia\/licita\u00e7\u00f5es-contratos-conv\u00eanios-transfer\u00eancias-volunt\u00e1rias-e-obras-12?entidade=abel-figueiredo&amp;modulo=Conv\u00eanios%20%2F%20Transfer\u00eancias%20Volunt\u00e1rias\">Clique aqui para acessar<\/a><\/li>\n<\/ul>\n<h3>Conv\u00eanios at\u00e9 2023<\/h3>\n<p>Consulte as publica\u00e7\u00f5es utilizando a tabela abaixo e <strong>filtre conforme sua necessidade<\/strong>, utilizando a\u00a0<strong>ferramenta de busca\/filtro<\/strong>.<\/p>\n<div id=\"footable_parent_6232\"\n         class=\" footable_parent ninja_table_wrapper loading_ninja_table wp_table_data_press_parent semantic_ui \">\n                <table data-ninja_table_instance=\"ninja_table_instance_0\" data-footable_id=\"6232\" data-filter-delay=\"1000\" aria-label=\"Conv\u00eanios\"            id=\"footable_6232\"\n           data-unique_identifier=\"ninja_table_unique_id_927478060_6232\"\n           class=\" foo-table ninja_footable foo_table_6232 ninja_table_unique_id_927478060_6232 ui table  nt_type_legacy_table selectable striped vertical_centered  footable-paging-right ninja_table_search_disabled ninja_table_pro ninja_table_afd_columns ninja_table_afcs_columns_3 ninja_table_afcl_new_line ninja_table_has_custom_filter\">\n                <colgroup>\n                            <col class=\"ninja_column_0 \">\n                            <col class=\"ninja_column_1 \">\n                            <col class=\"ninja_column_2 \">\n                            <col class=\"ninja_column_3 \">\n                            <col class=\"ninja_column_4 \">\n                            <col class=\"ninja_column_5 \">\n                            <col class=\"ninja_column_6 \">\n                            <col class=\"ninja_column_7 \">\n                    <\/colgroup>\n        <thead>\n<tr class=\"footable-header\">\n                                                                                                                                        <th scope=\"col\"  class=\"ninja_column_0 ninja_clmn_nm_nmero \">N\u00famero<\/th><th scope=\"col\"  class=\"ninja_column_1 ninja_clmn_nm_cedenteorigemdosrecursos \">Cedente \/ Origem dos recursos<\/th><th scope=\"col\"  class=\"ninja_column_2 ninja_clmn_nm_datadeincio \">Data de in\u00edcio<\/th><th scope=\"col\"  class=\"ninja_column_3 ninja_clmn_nm_datadefim \">Data de fim<\/th><th scope=\"col\"  class=\"ninja_column_4 ninja_clmn_nm_valorr \">Valor (R$)<\/th><th scope=\"col\"  class=\"ninja_column_5 ninja_clmn_nm_objeto \">Objeto<\/th><th scope=\"col\"  class=\"ninja_column_6 ninja_clmn_nm_repassesrealizados \">Repasses realizados<\/th><th scope=\"col\"  class=\"ninja_column_7 ninja_clmn_nm_documentos \">Documentos<\/th><\/tr>\n<\/thead>\n<tbody>\n\n        <tr data-row_id=\"0\" class=\"ninja_table_row_0 nt_row_id_0\">\n            <td>955240-2023<\/td><td>MINISTERIO DO TURISMO<\/td><td>31\/12\/2023<\/td><td>31\/12\/2026<\/td><td>1.940.316,00<\/td><td>Urbaniza\u00e7\u00e3o da Orla da Lagoa de Abel Figueiredo no Munic\u00edpio de Abel Figueiredo\/PA<\/td><td><\/td><td>https:\/\/drive.google.com\/drive\/folders\/1ON51Ac-BxwsyGUUwPOtD0dFJOfxifOMF<\/td>        <\/tr>\n            <tr data-row_id=\"1\" class=\"ninja_table_row_1 nt_row_id_1\">\n            <td><\/td><td><\/td><td>01\/12\/2023<\/td><td>31\/12\/2023<\/td><td><\/td><td>N\u00e3o houve celebra\u00e7\u00e3o de CONV\u00caNIOS no m\u00eas de DEZembro de 2023<\/td><td><\/td><td>https:\/\/drive.google.com\/open?id=1C6_AJBgWtex7RWa0lg-cy90cNzXeQpSa&amp;usp=drive_copy<\/td>        <\/tr>\n            <tr data-row_id=\"2\" class=\"ninja_table_row_2 nt_row_id_2\">\n            <td><\/td><td><\/td><td>01\/11\/2023<\/td><td>31\/11\/2023<\/td><td><\/td><td>N\u00e3o houve celebra\u00e7\u00e3o de CONV\u00caNIOS no m\u00eas de Novembro de 2023<\/td><td>https:\/\/drive.google.com\/open?id=1znE5L7fFt-kXlCT9UyL1uIVYCL-gS0Lr&amp;usp=drive_copy<\/td><td>https:\/\/drive.google.com\/open?id=1op0kElvk7O9pbK6Lq9MH2yy8l2tmU27B&amp;usp=drive_copy<\/td>        <\/tr>\n            <tr data-row_id=\"3\" class=\"ninja_table_row_3 nt_row_id_3\">\n            <td><\/td><td><\/td><td>01\/10\/2023<\/td><td>31\/10\/2023<\/td><td><\/td><td>N\u00e3o houve celebra\u00e7\u00e3o de CONV\u00caNIOS no m\u00eas de Outubro de 2023<\/td><td><\/td><td>https:\/\/drive.google.com\/open?id=1o7HhZTL_K6pN_7NQuxFGIPd88OgmJgIP&amp;usp=drive_copy<\/td>        <\/tr>\n            <tr data-row_id=\"4\" class=\"ninja_table_row_4 nt_row_id_4\">\n            <td><\/td><td><\/td><td>01\/09\/2023<\/td><td>30\/09\/2023<\/td><td><\/td><td>N\u00e3o houve celebra\u00e7\u00e3o de CONV\u00caNIOS no m\u00eas de SETEMBRO de 2023<\/td><td>https:\/\/drive.google.com\/open?id=19T5Vnug4tI0XdwmEG3d1UKEkxMgLYqJM&amp;usp=drive_copy<\/td><td>https:\/\/drive.google.com\/open?id=1BLTAFiszfRRNnOLcK_-gLETAZy6-CFBY&amp;usp=drive_copy<\/td>        <\/tr>\n            <tr data-row_id=\"5\" class=\"ninja_table_row_5 nt_row_id_5\">\n            <td><\/td><td><\/td><td>01\/08\/2023<\/td><td>31\/08\/2023<\/td><td><\/td><td>N\u00e3o houve celebra\u00e7\u00e3o de CONV\u00caNIOS no m\u00eas de Agosto de 2023<\/td><td><\/td><td>https:\/\/drive.google.com\/open?id=1CZr0RNwLu38ki4bBk7ESCpCa9Hr7f9i2&amp;usp=drive_copy<\/td>        <\/tr>\n            <tr data-row_id=\"6\" class=\"ninja_table_row_6 nt_row_id_6\">\n            <td><\/td><td><\/td><td>01\/06\/2023<\/td><td>30\/06\/2023<\/td><td><\/td><td>N\u00e3o houve celebra\u00e7\u00e3o de CONV\u00caNIOS no m\u00eas de Junho de 2023<\/td><td><\/td><td>https:\/\/drive.google.com\/open?id=1SUZUktlQY2pDJ8Y7_Teda4_RY16GhhR5&amp;usp=drive_copy<\/td>        <\/tr>\n            <tr data-row_id=\"7\" class=\"ninja_table_row_7 nt_row_id_7\">\n            <td><\/td><td><\/td><td>01\/05\/2023<\/td><td>31\/05\/2023<\/td><td><\/td><td>N\u00e3o houve celebra\u00e7\u00e3o de CONV\u00caNIOS no m\u00eas de Maio de 2023<\/td><td><\/td><td>https:\/\/drive.google.com\/open?id=1o7xO_HOtZcGBMp5Q5rHid7i4LTkyOmPT&amp;usp=drive_copy<\/td>        <\/tr>\n            <tr data-row_id=\"8\" class=\"ninja_table_row_8 nt_row_id_8\">\n            <td><\/td><td><\/td><td>01\/04\/2023<\/td><td>30\/04\/2023<\/td><td><\/td><td>N\u00e3o houve celebra\u00e7\u00e3o de CONV\u00caNIOS no m\u00eas de Abril de 2023<\/td><td><\/td><td>https:\/\/drive.google.com\/open?id=1jrEZ5IHalg5AxKr6fga7NS4dbvQSnfsA&amp;usp=drive_copy<\/td>        <\/tr>\n            <tr data-row_id=\"9\" class=\"ninja_table_row_9 nt_row_id_9\">\n            <td><\/td><td><\/td><td>01\/03\/2023<\/td><td>31\/03\/2023<\/td><td><\/td><td>N\u00e3o houve celebra\u00e7\u00e3o de CONV\u00caNIOS no m\u00eas de Mar\u00e7o de 2023<\/td><td><\/td><td>https:\/\/drive.google.com\/open?id=15ZWB8xK-hGAn8_OR-E-Gy_NthnNIQ0jm&amp;usp=drive_copy<\/td>        <\/tr>\n            <tr data-row_id=\"10\" class=\"ninja_table_row_10 nt_row_id_10\">\n            <td><\/td><td><\/td><td>01\/02\/2023<\/td><td>28\/02\/2023<\/td><td><\/td><td>N\u00e3o houve celebra\u00e7\u00e3o de CONV\u00caNIOS no m\u00eas de Fevereiro de 2023<\/td><td><\/td><td>https:\/\/drive.google.com\/open?id=1AF0FzCtGNHztlgUbuNdzcCUiLbZtG8vE&amp;usp=drive_copy<\/td>        <\/tr>\n            <tr data-row_id=\"11\" class=\"ninja_table_row_11 nt_row_id_11\">\n            <td>128\/2022<\/td><td>Secretaria de Estado de Desenvolvimento Urbano e Obras P\u00fablicas - SEDOP<\/td><td>02\/06\/2022<\/td><td>03\/06\/2024<\/td><td>1.601.371,53<\/td><td>URBANIZA\u00c7\u00c3O DAS LOGOAS DE ABEL FIGUEIREDO, NESTE ESTADO<\/td><td>https:\/\/drive.google.com\/open?id=1A_1IBfTOpkuDDp_5aYCHogaU-gl9q0aF&amp;usp=drive_copy<\/td><td>https:\/\/drive.google.com\/drive\/folders\/1gLPHI28wsBbeVys3SBIzNVI3w72nzJBD?usp=drive_link<\/td>        <\/tr>\n            <tr data-row_id=\"12\" class=\"ninja_table_row_12 nt_row_id_12\">\n            <td>125\/2022<\/td><td>Secretaria de Estado de Desenvolvimento Urbano e Obras P\u00fablicas - SEDOP<\/td><td>14\/06\/2022<\/td><td>14\/06\/2024<\/td><td>311.899,45<\/td><td>REFORMA DA C\u00c2MARA MUNICIPAL, NO MUNIC\u00cdPIO DE ABEL FIGUEIREDO<\/td><td>https:\/\/drive.google.com\/open?id=1zG3u3TZs0dEhfBQ6dSB3kVZxjH8Ru0Vu&amp;usp=drive_copy<\/td><td>https:\/\/drive.google.com\/drive\/folders\/1S0eCv-Azt-5HFpaUl7wU8hLFK1BtLavv?usp=drive_link<\/td>        <\/tr>\n            <tr data-row_id=\"13\" class=\"ninja_table_row_13 nt_row_id_13\">\n            <td>073\/2022<\/td><td>Secretaria de Estado de Transportes - SETRAN<\/td><td>07\/06\/2022<\/td><td>06\/06\/2023<\/td><td>300.593,08<\/td><td>aquisi\u00e7\u00e3o de 50.107,20 L de \u00f3leo diesel para a recupera\u00e7\u00e3o de 63,50 km de estradas vicinais<\/td><td>https:\/\/docs.google.com\/spreadsheets\/d\/1ek2yDIXGZR-p4DFgmqS-A7e5dSShpKlv\/edit?usp=drive_link&amp;ouid=106680984850482872522&amp;rtpof=true&amp;sd=true<\/td><td>https:\/\/drive.google.com\/drive\/folders\/1Eng75unfidRpLtVOLdicgRhZogCR2oHj?usp=drive_link<\/td>        <\/tr>\n            <tr data-row_id=\"14\" class=\"ninja_table_row_14 nt_row_id_14\">\n            <td>126\/2022<\/td><td>Secretaria de Estado de Desenvolvimento Urbano e Obras P\u00fablicas - SEDOP<\/td><td>03\/06\/2022<\/td><td>03\/06\/2024<\/td><td>1.601.371,53<\/td><td>URBANIZA\u00c7\u00c3O DAS LOGOAS DE ABEL FIGUEIREDO, NESTE ESTADO<\/td><td>https:\/\/docs.google.com\/spreadsheets\/d\/1aBFvdYJRwLthWH1KiVS2Ke_GQzq2elix\/edit?usp=drive_link&amp;ouid=106680984850482872522&amp;rtpof=true&amp;sd=true<\/td><td>https:\/\/drive.google.com\/drive\/folders\/1Ny0opAfZKfR_vKjW4jTArVni0QKaHpZr?usp=drive_link<\/td>        <\/tr>\n            <tr data-row_id=\"15\" class=\"ninja_table_row_15 nt_row_id_15\">\n            <td>911797\/2021<\/td><td>Minist\u00e9rio do Desenvolvimento Regional<\/td><td>31\/12\/2021<\/td><td>31\/06\/2023<\/td><td>398.433,33<\/td><td>Aquisi\u00e7\u00e3o de Caminh\u00e3o Ca\u00e7amba e Implementos Agr\u00edcolas<\/td><td><\/td><td>https:\/\/drive.google.com\/drive\/folders\/1Xjz0I6HKk5gSSfaYMjHC51y-xYKE1eP4?usp=drive_link<\/td>        <\/tr>\n            <tr data-row_id=\"16\" class=\"ninja_table_row_16 nt_row_id_16\">\n            <td>108\/2021<\/td><td>Secretaria de Estado de Transportes - SETRAN<\/td><td>21\/12\/2021<\/td><td>30\/12\/2022<\/td><td>81.798,62<\/td><td>Aquisi\u00e7\u00e3o de 14.203,62 L de Diesel S10, para recupera\u00e7\u00e3o de 18 Km de Estradas Vicinais<\/td><td>https:\/\/docs.google.com\/spreadsheets\/d\/1Scdx2RPB8ZT1BuXl0fCMypwmrMqqdqRk\/edit?usp=drive_link&amp;ouid=106680984850482872522&amp;rtpof=true&amp;sd=true<\/td><td>https:\/\/drive.google.com\/drive\/folders\/18ye28Fc20ELxeql-orjVU2TlTWBqhH9m?usp=drive_link<\/td>        <\/tr>\n            <tr data-row_id=\"17\" class=\"ninja_table_row_17 nt_row_id_17\">\n            <td>11562805000121001<\/td><td>Minist\u00e9rio da Sa\u00fade<\/td><td>02\/09\/2021<\/td><td><\/td><td><\/td><td>execu\u00e7\u00e3o de obras de reforma<\/td><td>https:\/\/docs.google.com\/spreadsheets\/d\/1u7gAlb9ySzBQYYWrQkPNVzrzgWSW0bwV\/edit?usp=drive_link&amp;ouid=106680984850482872522&amp;rtpof=true&amp;sd=true<\/td><td>https:\/\/drive.google.com\/drive\/folders\/1BQ1TVrwszM22wdvhFGcSlkFXQJsRYDQs?usp=drive_link<\/td>        <\/tr>\n            <tr data-row_id=\"18\" class=\"ninja_table_row_18 nt_row_id_18\">\n            <td>015\/2020<\/td><td>Secretaria de Estado de Transportes - SETRAN<\/td><td>11\/03\/2020<\/td><td>10\/03\/2021<\/td><td>12.173.811,10<\/td><td>execu\u00e7\u00e3o da pavimenta\u00e7\u00e3o asf\u00e1ltica da estrada vicinal Carne de Sol, localizada no munic\u00edpio de Abel Figueiredo\/PA<\/td><td>https:\/\/docs.google.com\/spreadsheets\/d\/1BUxAKvPstvCy6khr2hK1vk7rQbIaXi7d\/edit?usp=drive_link&amp;ouid=106680984850482872522&amp;rtpof=true&amp;sd=true<\/td><td>https:\/\/drive.google.com\/drive\/folders\/1Rv9mt4xbUFAJMUJ0cwYEKsnrG3bVoXUx?usp=drive_link<\/td>        <\/tr>\n            <tr data-row_id=\"19\" class=\"ninja_table_row_19 nt_row_id_19\">\n            <td>886117\/2019<\/td><td>Minist\u00e9rio da Agricultura<\/td><td>31\/12\/2019<\/td><td>30\/04\/2021<\/td><td>195.400,00<\/td><td>PATRULHA AGRICOLA<\/td><td>https:\/\/docs.google.com\/spreadsheets\/d\/1w4wxXaNER18CmbXpohv_XNpXPgt-kr3K\/edit?usp=drive_link&amp;ouid=106680984850482872522&amp;rtpof=true&amp;sd=true<\/td><td>https:\/\/drive.google.com\/drive\/folders\/1BIRijz2zVV43_Qy2e9Esv094HU5sMvrf?usp=drive_link<\/td>        <\/tr>\n            <tr data-row_id=\"20\" class=\"ninja_table_row_20 nt_row_id_20\">\n            <td>894358\/2019<\/td><td>Minist\u00e9rio da Agricultura, Pecu\u00e1ria e Abastecimento - MAPA<\/td><td>31\/12\/2019<\/td><td>31\/12\/2021<\/td><td>866.000,00<\/td><td>AQUISI\u00c7\u00c3O DE CAMINH\u00c3O CO M CA\u00c7AMBA BASCULANTE E TRATOR DE ESTEIRA<\/td><td>https:\/\/docs.google.com\/spreadsheets\/d\/1cOkxTV0HOviHsPSH2ZMAx9C2-A8dvl9n\/edit?usp=drive_link&amp;ouid=106680984850482872522&amp;rtpof=true&amp;sd=true<\/td><td>https:\/\/drive.google.com\/drive\/folders\/17Bl617JF-ea4d5Q9eaKPVty-JNB3j6_l?usp=drive_link<\/td>        <\/tr>\n            <tr data-row_id=\"21\" class=\"ninja_table_row_21 nt_row_id_21\">\n            <td>884350\/2019<\/td><td>Minist\u00e9rio da Agricultura, Pecu\u00e1ria e Abastecimento - MAPA<\/td><td>31\/12\/2019<\/td><td>30\/04\/2021<\/td><td>200.000,00<\/td><td>AQUISI\u00c7\u00c3O DE M\u00c1QUINAS E IMPLEMENTOS AGR\u00cdCOLAS<\/td><td>https:\/\/docs.google.com\/spreadsheets\/d\/1EyM1HHjelgsHucA47jyoAVRbcuITbOa1\/edit?usp=drive_link&amp;ouid=106680984850482872522&amp;rtpof=true&amp;sd=true<\/td><td>https:\/\/drive.google.com\/drive\/folders\/1qq5LT8WCzBBjtnmi18pyT-BruRE9GM26?usp=drive_link<\/td>        <\/tr>\n            <tr data-row_id=\"22\" class=\"ninja_table_row_22 nt_row_id_22\">\n            <td>034\/2019<\/td><td>Secretaria de Estado de Transportes - SETRAN<\/td><td>30\/07\/2019<\/td><td>29\/07\/2020<\/td><td>202.309,98<\/td><td>Recupera\u00e7\u00e3o de trechos cr\u00edticos das Estrada Vicinais no Munic\u00edpio de Abel Figueiredo<\/td><td>https:\/\/docs.google.com\/spreadsheets\/d\/1TEaUJ0Y51QnXmxCfG3R62Ot9GG-wzLB8\/edit?usp=drive_link&amp;ouid=106680984850482872522&amp;rtpof=true&amp;sd=true<\/td><td>https:\/\/drive.google.com\/drive\/folders\/1kMcXP5uJ8qgbQL5UxZXUaWBgcwVX2pe0?usp=drive_link<\/td>        <\/tr>\n    <\/tbody><!--ninja_tobody_rendering_done-->\n    <\/table>\n    \n    \n    \n<\/div>\n<ul>\n<li><a href=\"https:\/\/abelfigueiredo.pa.gov.br\/site\/wp-content\/uploads\/2023\/06\/RELACAO-CONVENIOS-E-CONTRATOS-GERAL-JUNHO-2022.pdf\" target=\"_blank\" rel=\"noopener\">Rela\u00e7\u00e3o de Conv\u00eanios em geral (PDF)<\/a><\/li>\n<\/ul>\n<p>&nbsp;<\/p>\n","protected":false},"excerpt":{"rendered":"<p>Conv\u00eanios at\u00e9 2024 Clique aqui para acessar Conv\u00eanios at\u00e9 2023 Consulte as publica\u00e7\u00f5es utilizando a tabela abaixo e filtre conforme sua necessidade, utilizando a\u00a0ferramenta de busca\/filtro. Rela\u00e7\u00e3o de Conv\u00eanios em geral (PDF) &nbsp;<\/p>\n","protected":false},"author":1,"featured_media":0,"parent":1862,"menu_order":0,"comment_status":"closed","ping_status":"closed","template":"","meta":{"footnotes":""},"class_list":["post-8830","page","type-page","status-publish"],"yoast_head":"<!-- This site is optimized with the Yoast SEO plugin v26.6 - https:\/\/yoast.com\/wordpress\/plugins\/seo\/ -->\n<title>Conv\u00eanios \/ Transfer\u00eancias Volunt\u00e1rias - Prefeitura Municipal de Abel Figueiredo | Gest\u00e3o 2025-2028<\/title>\n<meta name=\"robots\" content=\"index, follow, max-snippet:-1, max-image-preview:large, max-video-preview:-1\" \/>\n<link rel=\"canonical\" href=\"https:\/\/abelfigueiredo.pa.gov.br\/site\/portal-da-transparencia\/convenios-e-transferencias\/\" \/>\n<meta property=\"og:locale\" content=\"pt_BR\" \/>\n<meta property=\"og:type\" content=\"article\" \/>\n<meta property=\"og:title\" content=\"Conv\u00eanios \/ Transfer\u00eancias Volunt\u00e1rias - Prefeitura Municipal de Abel Figueiredo | Gest\u00e3o 2025-2028\" \/>\n<meta property=\"og:description\" content=\"Conv\u00eanios at\u00e9 2024 Clique aqui para acessar Conv\u00eanios at\u00e9 2023 Consulte as publica\u00e7\u00f5es utilizando a tabela abaixo e filtre conforme sua necessidade, utilizando a\u00a0ferramenta de busca\/filtro. Rela\u00e7\u00e3o de Conv\u00eanios em geral (PDF) &nbsp;\" \/>\n<meta property=\"og:url\" content=\"https:\/\/abelfigueiredo.pa.gov.br\/site\/portal-da-transparencia\/convenios-e-transferencias\/\" \/>\n<meta property=\"og:site_name\" content=\"Prefeitura Municipal de Abel Figueiredo | Gest\u00e3o 2025-2028\" \/>\n<meta property=\"article:modified_time\" content=\"2025-01-03T18:22:17+00:00\" \/>\n<script type=\"application\/ld+json\" class=\"yoast-schema-graph\">{\"@context\":\"https:\/\/schema.org\",\"@graph\":[{\"@type\":\"WebPage\",\"@id\":\"https:\/\/abelfigueiredo.pa.gov.br\/site\/portal-da-transparencia\/convenios-e-transferencias\/\",\"url\":\"https:\/\/abelfigueiredo.pa.gov.br\/site\/portal-da-transparencia\/convenios-e-transferencias\/\",\"name\":\"Conv\u00eanios \/ Transfer\u00eancias Volunt\u00e1rias - Prefeitura Municipal de Abel Figueiredo | Gest\u00e3o 2025-2028\",\"isPartOf\":{\"@id\":\"https:\/\/abelfigueiredo.pa.gov.br\/site\/#website\"},\"datePublished\":\"2023-05-19T03:00:24+00:00\",\"dateModified\":\"2025-01-03T18:22:17+00:00\",\"breadcrumb\":{\"@id\":\"https:\/\/abelfigueiredo.pa.gov.br\/site\/portal-da-transparencia\/convenios-e-transferencias\/#breadcrumb\"},\"inLanguage\":\"pt-BR\",\"potentialAction\":[{\"@type\":\"ReadAction\",\"target\":[\"https:\/\/abelfigueiredo.pa.gov.br\/site\/portal-da-transparencia\/convenios-e-transferencias\/\"]}]},{\"@type\":\"BreadcrumbList\",\"@id\":\"https:\/\/abelfigueiredo.pa.gov.br\/site\/portal-da-transparencia\/convenios-e-transferencias\/#breadcrumb\",\"itemListElement\":[{\"@type\":\"ListItem\",\"position\":1,\"name\":\"Portal da Transpar\u00eancia\",\"item\":\"https:\/\/abelfigueiredo.pa.gov.br\/site\/portal-da-transparencia\/\"},{\"@type\":\"ListItem\",\"position\":2,\"name\":\"Conv\u00eanios \/ Transfer\u00eancias Volunt\u00e1rias\"}]},{\"@type\":\"WebSite\",\"@id\":\"https:\/\/abelfigueiredo.pa.gov.br\/site\/#website\",\"url\":\"https:\/\/abelfigueiredo.pa.gov.br\/site\/\",\"name\":\"Prefeitura Municipal de Abel Figueiredo | Gest\u00e3o 2025-2028\",\"description\":\"Site oficial da Prefeitura Municipal de Abel Figueiredo\",\"potentialAction\":[{\"@type\":\"SearchAction\",\"target\":{\"@type\":\"EntryPoint\",\"urlTemplate\":\"https:\/\/abelfigueiredo.pa.gov.br\/site\/?s={search_term_string}\"},\"query-input\":{\"@type\":\"PropertyValueSpecification\",\"valueRequired\":true,\"valueName\":\"search_term_string\"}}],\"inLanguage\":\"pt-BR\"}]}<\/script>\n<!-- \/ Yoast SEO plugin. -->","yoast_head_json":{"title":"Conv\u00eanios \/ Transfer\u00eancias Volunt\u00e1rias - Prefeitura Municipal de Abel Figueiredo | Gest\u00e3o 2025-2028","robots":{"index":"index","follow":"follow","max-snippet":"max-snippet:-1","max-image-preview":"max-image-preview:large","max-video-preview":"max-video-preview:-1"},"canonical":"https:\/\/abelfigueiredo.pa.gov.br\/site\/portal-da-transparencia\/convenios-e-transferencias\/","og_locale":"pt_BR","og_type":"article","og_title":"Conv\u00eanios \/ Transfer\u00eancias Volunt\u00e1rias - Prefeitura Municipal de Abel Figueiredo | Gest\u00e3o 2025-2028","og_description":"Conv\u00eanios at\u00e9 2024 Clique aqui para acessar Conv\u00eanios at\u00e9 2023 Consulte as publica\u00e7\u00f5es utilizando a tabela abaixo e filtre conforme sua necessidade, utilizando a\u00a0ferramenta de busca\/filtro. Rela\u00e7\u00e3o de Conv\u00eanios em geral (PDF) &nbsp;","og_url":"https:\/\/abelfigueiredo.pa.gov.br\/site\/portal-da-transparencia\/convenios-e-transferencias\/","og_site_name":"Prefeitura Municipal de Abel Figueiredo | Gest\u00e3o 2025-2028","article_modified_time":"2025-01-03T18:22:17+00:00","schema":{"@context":"https:\/\/schema.org","@graph":[{"@type":"WebPage","@id":"https:\/\/abelfigueiredo.pa.gov.br\/site\/portal-da-transparencia\/convenios-e-transferencias\/","url":"https:\/\/abelfigueiredo.pa.gov.br\/site\/portal-da-transparencia\/convenios-e-transferencias\/","name":"Conv\u00eanios \/ Transfer\u00eancias Volunt\u00e1rias - Prefeitura Municipal de Abel Figueiredo | Gest\u00e3o 2025-2028","isPartOf":{"@id":"https:\/\/abelfigueiredo.pa.gov.br\/site\/#website"},"datePublished":"2023-05-19T03:00:24+00:00","dateModified":"2025-01-03T18:22:17+00:00","breadcrumb":{"@id":"https:\/\/abelfigueiredo.pa.gov.br\/site\/portal-da-transparencia\/convenios-e-transferencias\/#breadcrumb"},"inLanguage":"pt-BR","potentialAction":[{"@type":"ReadAction","target":["https:\/\/abelfigueiredo.pa.gov.br\/site\/portal-da-transparencia\/convenios-e-transferencias\/"]}]},{"@type":"BreadcrumbList","@id":"https:\/\/abelfigueiredo.pa.gov.br\/site\/portal-da-transparencia\/convenios-e-transferencias\/#breadcrumb","itemListElement":[{"@type":"ListItem","position":1,"name":"Portal da Transpar\u00eancia","item":"https:\/\/abelfigueiredo.pa.gov.br\/site\/portal-da-transparencia\/"},{"@type":"ListItem","position":2,"name":"Conv\u00eanios \/ Transfer\u00eancias Volunt\u00e1rias"}]},{"@type":"WebSite","@id":"https:\/\/abelfigueiredo.pa.gov.br\/site\/#website","url":"https:\/\/abelfigueiredo.pa.gov.br\/site\/","name":"Prefeitura Municipal de Abel Figueiredo | Gest\u00e3o 2025-2028","description":"Site oficial da Prefeitura Municipal de Abel Figueiredo","potentialAction":[{"@type":"SearchAction","target":{"@type":"EntryPoint","urlTemplate":"https:\/\/abelfigueiredo.pa.gov.br\/site\/?s={search_term_string}"},"query-input":{"@type":"PropertyValueSpecification","valueRequired":true,"valueName":"search_term_string"}}],"inLanguage":"pt-BR"}]}},"_links":{"self":[{"href":"https:\/\/abelfigueiredo.pa.gov.br\/site\/wp-json\/wp\/v2\/pages\/8830","targetHints":{"allow":["GET"]}}],"collection":[{"href":"https:\/\/abelfigueiredo.pa.gov.br\/site\/wp-json\/wp\/v2\/pages"}],"about":[{"href":"https:\/\/abelfigueiredo.pa.gov.br\/site\/wp-json\/wp\/v2\/types\/page"}],"author":[{"embeddable":true,"href":"https:\/\/abelfigueiredo.pa.gov.br\/site\/wp-json\/wp\/v2\/users\/1"}],"replies":[{"embeddable":true,"href":"https:\/\/abelfigueiredo.pa.gov.br\/site\/wp-json\/wp\/v2\/comments?post=8830"}],"version-history":[{"count":6,"href":"https:\/\/abelfigueiredo.pa.gov.br\/site\/wp-json\/wp\/v2\/pages\/8830\/revisions"}],"predecessor-version":[{"id":18972,"href":"https:\/\/abelfigueiredo.pa.gov.br\/site\/wp-json\/wp\/v2\/pages\/8830\/revisions\/18972"}],"up":[{"embeddable":true,"href":"https:\/\/abelfigueiredo.pa.gov.br\/site\/wp-json\/wp\/v2\/pages\/1862"}],"wp:attachment":[{"href":"https:\/\/abelfigueiredo.pa.gov.br\/site\/wp-json\/wp\/v2\/media?parent=8830"}],"curies":[{"name":"wp","href":"https:\/\/api.w.org\/{rel}","templated":true}]}}