{"id":860,"date":"2013-08-28T00:30:22","date_gmt":"2013-08-28T00:30:22","guid":{"rendered":"http:\/\/wrcriacaodesites.com.br\/provas\/fermatec\/?page_id=860"},"modified":"2021-09-28T13:00:37","modified_gmt":"2021-09-28T16:00:37","slug":"mapa-do-site","status":"publish","type":"page","link":"https:\/\/abelfigueiredo.pa.gov.br\/site\/mapa-do-site\/","title":{"rendered":"Mapa do Site"},"content":{"rendered":"<div class=\"wsp-container\"><h2 class=\"wsp-pages-title\">Pages<\/h2>\n<ul class=\"wsp-pages-list\">\n<li class=\"page_item page-item-5994 page_item_has_children\"><a href=\"https:\/\/abelfigueiredo.pa.gov.br\/site\/atendimento\/\">Atendimento<\/a>\n<ul class='children'>\n\t<li class=\"page_item page-item-1999\"><a href=\"https:\/\/abelfigueiredo.pa.gov.br\/site\/atendimento\/ouvidoria\/\">Ouvidoria<\/a><\/li>\n\t<li class=\"page_item page-item-1238\"><a href=\"https:\/\/abelfigueiredo.pa.gov.br\/site\/atendimento\/sic\/\">Servi\u00e7o de Informa\u00e7\u00e3o ao Cidad\u00e3o<\/a><\/li>\n<\/ul>\n<\/li>\n<li class=\"page_item page-item-860\"><a href=\"https:\/\/abelfigueiredo.pa.gov.br\/site\/mapa-do-site\/\">Mapa do Site<\/a><\/li>\n<li class=\"page_item page-item-687 page_item_has_children\"><a href=\"https:\/\/abelfigueiredo.pa.gov.br\/site\/o-governo\/\">O Governo<\/a>\n<ul class='children'>\n\t<li class=\"page_item page-item-676 page_item_has_children\"><a href=\"https:\/\/abelfigueiredo.pa.gov.br\/site\/o-governo\/estrutura-organizacional\/\">Estrutura Organizacional<\/a>\n\t<ul class='children'>\n\t\t<li class=\"page_item page-item-739\"><a href=\"https:\/\/abelfigueiredo.pa.gov.br\/site\/o-governo\/estrutura-organizacional\/gabinete-do-prefeito\/\">Gabinete do Prefeito<\/a><\/li>\n\t\t<li class=\"page_item page-item-1959\"><a href=\"https:\/\/abelfigueiredo.pa.gov.br\/site\/o-governo\/estrutura-organizacional\/organograma\/\">Organograma<\/a><\/li>\n\t\t<li class=\"page_item page-item-5600\"><a href=\"https:\/\/abelfigueiredo.pa.gov.br\/site\/o-governo\/estrutura-organizacional\/secretaria-municipal-de-administracao-e-financas\/\">Secretaria Municipal de Administra\u00e7\u00e3o e Finan\u00e7as<\/a><\/li>\n\t\t<li class=\"page_item page-item-662\"><a href=\"https:\/\/abelfigueiredo.pa.gov.br\/site\/o-governo\/estrutura-organizacional\/secretaria-municipal-de-agricultura-abastecimento-e-terras-patrimoniais\/\">Secretaria Municipal de Agricultura, Abastecimento e Terras Patrimoniais<\/a><\/li>\n\t\t<li class=\"page_item page-item-656\"><a href=\"https:\/\/abelfigueiredo.pa.gov.br\/site\/o-governo\/estrutura-organizacional\/secretaria-municipal-de-cultura-desporto-lazer-e-turismo\/\">Secretaria Municipal de Cultura, Desporto, Lazer e Turismo<\/a><\/li>\n\t\t<li class=\"page_item page-item-5597\"><a href=\"https:\/\/abelfigueiredo.pa.gov.br\/site\/o-governo\/estrutura-organizacional\/secretaria-municipal-de-desenvolvimento-e-promocao-social\/\">Secretaria Municipal de Desenvolvimento e Promo\u00e7\u00e3o Social<\/a><\/li>\n\t\t<li class=\"page_item page-item-15795\"><a href=\"https:\/\/abelfigueiredo.pa.gov.br\/site\/o-governo\/estrutura-organizacional\/secretaria-municipal-de-educacao\/\">Secretaria Municipal de Educa\u00e7\u00e3o<\/a><\/li>\n\t\t<li class=\"page_item page-item-5595\"><a href=\"https:\/\/abelfigueiredo.pa.gov.br\/site\/o-governo\/estrutura-organizacional\/secretaria-municipal-de-meio-ambiente\/\">Secretaria Municipal de Meio Ambiente<\/a><\/li>\n\t\t<li class=\"page_item page-item-646\"><a href=\"https:\/\/abelfigueiredo.pa.gov.br\/site\/o-governo\/estrutura-organizacional\/secretaria-municipal-de-obras-transportes-e-urbanismo\/\">Secretaria Municipal de Obras, Transportes e Urbanismo<\/a><\/li>\n\t\t<li class=\"page_item page-item-15083\"><a href=\"https:\/\/abelfigueiredo.pa.gov.br\/site\/o-governo\/estrutura-organizacional\/secretaria-municipal-de-saude\/\">Secretaria Municipal de Sa\u00fade<\/a><\/li>\n\t<\/ul>\n<\/li>\n\t<li class=\"page_item page-item-641\"><a href=\"https:\/\/abelfigueiredo.pa.gov.br\/site\/o-governo\/prefeito\/\">Prefeito<\/a><\/li>\n\t<li class=\"page_item page-item-644\"><a href=\"https:\/\/abelfigueiredo.pa.gov.br\/site\/o-governo\/vice-prefeito\/\">Vice-Prefeito<\/a><\/li>\n<\/ul>\n<\/li>\n<li class=\"page_item page-item-746 page_item_has_children\"><a href=\"https:\/\/abelfigueiredo.pa.gov.br\/site\/o-municipio\/\">O Munic\u00edpio<\/a>\n<ul class='children'>\n\t<li class=\"page_item page-item-750\"><a href=\"https:\/\/abelfigueiredo.pa.gov.br\/site\/o-municipio\/historia\/\">Hist\u00f3ria<\/a><\/li>\n\t<li class=\"page_item page-item-748\"><a href=\"https:\/\/abelfigueiredo.pa.gov.br\/site\/o-municipio\/sobre-o-municipio\/\">Sobre o Munic\u00edpio<\/a><\/li>\n\t<li class=\"page_item page-item-754\"><a href=\"https:\/\/abelfigueiredo.pa.gov.br\/site\/o-municipio\/telefones-uteis\/\">Telefones \u00dateis<\/a><\/li>\n\t<li class=\"page_item page-item-752\"><a href=\"https:\/\/abelfigueiredo.pa.gov.br\/site\/o-municipio\/turismo-e-lazer\/\">Turismo e Lazer<\/a><\/li>\n<\/ul>\n<\/li>\n<li class=\"page_item page-item-17466\"><a href=\"https:\/\/abelfigueiredo.pa.gov.br\/site\/ordem-cronologica-dos-pagamentos\/\">Ordem Cronol\u00f3gica dos Pagamentos<\/a><\/li>\n<li class=\"page_item page-item-1632\"><a href=\"https:\/\/abelfigueiredo.pa.gov.br\/site\/\">P\u00e1gina Inicial<\/a><\/li>\n<li class=\"page_item page-item-5886\"><a href=\"https:\/\/abelfigueiredo.pa.gov.br\/site\/lgpd\/\">Pol\u00edtica de Cookies &#8211; LGPD<\/a><\/li>\n<li class=\"page_item page-item-1862 page_item_has_children\"><a href=\"https:\/\/abelfigueiredo.pa.gov.br\/site\/portal-da-transparencia\/\">Portal da Transpar\u00eancia<\/a>\n<ul class='children'>\n\t<li class=\"page_item page-item-8831\"><a href=\"https:\/\/abelfigueiredo.pa.gov.br\/site\/portal-da-transparencia\/agenda\/\">Agenda Externa do Prefeito<\/a><\/li>\n\t<li class=\"page_item page-item-8833\"><a href=\"https:\/\/abelfigueiredo.pa.gov.br\/site\/portal-da-transparencia\/atos-normativos\/\">Atos Normativos<\/a><\/li>\n\t<li class=\"page_item page-item-5840\"><a href=\"https:\/\/abelfigueiredo.pa.gov.br\/site\/portal-da-transparencia\/balancete-financeiro\/\">Balancete Financeiro<\/a><\/li>\n\t<li class=\"page_item page-item-2117\"><a href=\"https:\/\/abelfigueiredo.pa.gov.br\/site\/portal-da-transparencia\/balanco-anual\/\">Balan\u00e7o Anual<\/a><\/li>\n\t<li class=\"page_item page-item-2220\"><a href=\"https:\/\/abelfigueiredo.pa.gov.br\/site\/portal-da-transparencia\/carta-de-servicos-ao-usuario\/\">Carta de Servi\u00e7os ao Usu\u00e1rio<\/a><\/li>\n\t<li class=\"page_item page-item-8693\"><a href=\"https:\/\/abelfigueiredo.pa.gov.br\/site\/portal-da-transparencia\/concursos-e-pss\/\">Concursos P\u00fablicos e Processos Seletivos<\/a><\/li>\n\t<li class=\"page_item page-item-1261\"><a href=\"https:\/\/abelfigueiredo.pa.gov.br\/site\/portal-da-transparencia\/convenios\/\">Conv\u00eanios \/ Transfer\u00eancias Volunt\u00e1rias<\/a><\/li>\n\t<li class=\"page_item page-item-8830\"><a href=\"https:\/\/abelfigueiredo.pa.gov.br\/site\/portal-da-transparencia\/convenios-e-transferencias\/\">Conv\u00eanios \/ Transfer\u00eancias Volunt\u00e1rias<\/a><\/li>\n\t<li class=\"page_item page-item-8735\"><a href=\"https:\/\/abelfigueiredo.pa.gov.br\/site\/portal-da-transparencia\/dados-abertos\/\">Dados Abertos<\/a><\/li>\n\t<li class=\"page_item page-item-1853\"><a href=\"https:\/\/abelfigueiredo.pa.gov.br\/site\/portal-da-transparencia\/despesas\/\">Despesas (empenhos, liquida\u00e7\u00f5es e pagamentos)<\/a><\/li>\n\t<li class=\"page_item page-item-1855 page_item_has_children\"><a href=\"https:\/\/abelfigueiredo.pa.gov.br\/site\/portal-da-transparencia\/despesas-com-pessoal\/\">Despesas com Pessoal \/ Folhas de Pagamento<\/a>\n\t<ul class='children'>\n\t\t<li class=\"page_item page-item-15688 page_item_has_children\"><a href=\"https:\/\/abelfigueiredo.pa.gov.br\/site\/portal-da-transparencia\/despesas-com-pessoal\/estagiarios\/\">Estagi\u00e1rios<\/a>\n\t\t<ul class='children'>\n\t\t\t<li class=\"page_item page-item-18001\"><a href=\"https:\/\/abelfigueiredo.pa.gov.br\/site\/portal-da-transparencia\/despesas-com-pessoal\/estagiarios\/estagiarios-2023\/\">Estagi\u00e1rios &#8211; 2023<\/a><\/li>\n\t\t\t<li class=\"page_item page-item-18003\"><a href=\"https:\/\/abelfigueiredo.pa.gov.br\/site\/portal-da-transparencia\/despesas-com-pessoal\/estagiarios\/estagiarios-2024\/\">Estagi\u00e1rios &#8211; 2024<\/a><\/li>\n\t\t<\/ul>\n<\/li>\n\t\t<li class=\"page_item page-item-17440 page_item_has_children\"><a href=\"https:\/\/abelfigueiredo.pa.gov.br\/site\/portal-da-transparencia\/despesas-com-pessoal\/prestadores-de-servicos-terceirizados\/\">Prestadores de Servi\u00e7os Terceirizados<\/a>\n\t\t<ul class='children'>\n\t\t\t<li class=\"page_item page-item-18009\"><a href=\"https:\/\/abelfigueiredo.pa.gov.br\/site\/portal-da-transparencia\/despesas-com-pessoal\/prestadores-de-servicos-terceirizados\/prestadores-de-servicos-terceirizados-2024\/\">Prestadores de Servi\u00e7os Terceirizados &#8211; 2024<\/a><\/li>\n\t\t<\/ul>\n<\/li>\n\t<\/ul>\n<\/li>\n\t<li class=\"page_item page-item-1856\"><a href=\"https:\/\/abelfigueiredo.pa.gov.br\/site\/portal-da-transparencia\/diarias-e-passagens\/\">Di\u00e1rias e Passagens<\/a><\/li>\n\t<li class=\"page_item page-item-8732\"><a href=\"https:\/\/abelfigueiredo.pa.gov.br\/site\/portal-da-transparencia\/educacao\/\">Educa\u00e7\u00e3o<\/a><\/li>\n\t<li class=\"page_item page-item-8722 page_item_has_children\"><a href=\"https:\/\/abelfigueiredo.pa.gov.br\/site\/portal-da-transparencia\/emendas-parlamentares\/\">Emendas Parlamentares<\/a>\n\t<ul class='children'>\n\t\t<li class=\"page_item page-item-17139\"><a href=\"https:\/\/abelfigueiredo.pa.gov.br\/site\/portal-da-transparencia\/emendas-parlamentares\/declaracao-emendas-parlamentares\/\">Declara\u00e7\u00e3o Emendas Parlamentares<\/a><\/li>\n\t<\/ul>\n<\/li>\n\t<li class=\"page_item page-item-2148\"><a href=\"https:\/\/abelfigueiredo.pa.gov.br\/site\/portal-da-transparencia\/legislacao-de-pessoal\/\">Legisla\u00e7\u00e3o de Pessoal<\/a><\/li>\n\t<li class=\"page_item page-item-2146\"><a href=\"https:\/\/abelfigueiredo.pa.gov.br\/site\/portal-da-transparencia\/lei-de-diretrizes-orcamentarias-ldo\/\">Lei de Diretrizes Or\u00e7ament\u00e1rias (LDO)<\/a><\/li>\n\t<li class=\"page_item page-item-2147\"><a href=\"https:\/\/abelfigueiredo.pa.gov.br\/site\/portal-da-transparencia\/lei-orcamentaria-anual-loa\/\">Lei Or\u00e7ament\u00e1ria Anual (LOA)<\/a><\/li>\n\t<li class=\"page_item page-item-6021\"><a href=\"https:\/\/abelfigueiredo.pa.gov.br\/site\/portal-da-transparencia\/lei-organica-municipal\/\">Lei Org\u00e2nica Municipal<\/a><\/li>\n\t<li class=\"page_item page-item-7908\"><a href=\"https:\/\/abelfigueiredo.pa.gov.br\/site\/portal-da-transparencia\/leis-e-atos-normativos\/\">Leis e Atos Normativos<\/a><\/li>\n\t<li class=\"page_item page-item-8712\"><a href=\"https:\/\/abelfigueiredo.pa.gov.br\/site\/portal-da-transparencia\/lgpd-dados\/\">LGPD &#8211; Lei Geral de Prote\u00e7\u00e3o de Dados<\/a><\/li>\n\t<li class=\"page_item page-item-6044\"><a href=\"https:\/\/abelfigueiredo.pa.gov.br\/site\/portal-da-transparencia\/licitacoes\/\">Licita\u00e7\u00f5es<\/a><\/li>\n\t<li class=\"page_item page-item-8836\"><a href=\"https:\/\/abelfigueiredo.pa.gov.br\/site\/portal-da-transparencia\/licitacoes-e-contratos\/\">Licita\u00e7\u00f5es e Contratos<\/a><\/li>\n\t<li class=\"page_item page-item-8553\"><a href=\"https:\/\/abelfigueiredo.pa.gov.br\/site\/portal-da-transparencia\/divida-ativa\/\">Lista dos Inscritos em D\u00edvida Ativa<\/a><\/li>\n\t<li class=\"page_item page-item-17774\"><a href=\"https:\/\/abelfigueiredo.pa.gov.br\/site\/portal-da-transparencia\/manual-de-gestao-patrimonial\/\">Manual de Gest\u00e3o Patrimonial<\/a><\/li>\n\t<li class=\"page_item page-item-8700 page_item_has_children\"><a href=\"https:\/\/abelfigueiredo.pa.gov.br\/site\/portal-da-transparencia\/parecer-previo-e-julgamento-de-contas\/\">Parecer Pr\u00e9vio e Julgamento de Contas<\/a>\n\t<ul class='children'>\n\t\t<li class=\"page_item page-item-18984\"><a href=\"https:\/\/abelfigueiredo.pa.gov.br\/site\/portal-da-transparencia\/parecer-previo-e-julgamento-de-contas\/julgamento-das-contas-do-poder-executivo-pelo-poder-legislativo\/\">Julgamento das contas do Poder Executivo pelo Poder Legislativo<\/a><\/li>\n\t\t<li class=\"page_item page-item-18983\"><a href=\"https:\/\/abelfigueiredo.pa.gov.br\/site\/portal-da-transparencia\/parecer-previo-e-julgamento-de-contas\/parecer-previo-do-tribunal-de-contas\/\">Parecer Pr\u00e9vio do Tribunal de Contas<\/a><\/li>\n\t<\/ul>\n<\/li>\n\t<li class=\"page_item page-item-1214\"><a href=\"https:\/\/abelfigueiredo.pa.gov.br\/site\/portal-da-transparencia\/perguntas-frequentes\/\">Perguntas Frequentes<\/a><\/li>\n\t<li class=\"page_item page-item-8885\"><a href=\"https:\/\/abelfigueiredo.pa.gov.br\/site\/portal-da-transparencia\/pesquisas-de-satisfacao\/\">Pesquisas de Satisfa\u00e7\u00e3o dos Servi\u00e7os<\/a><\/li>\n\t<li class=\"page_item page-item-8706\"><a href=\"https:\/\/abelfigueiredo.pa.gov.br\/site\/portal-da-transparencia\/plano-estrategico\/\">Plano Estrat\u00e9gico<\/a><\/li>\n\t<li class=\"page_item page-item-2149\"><a href=\"https:\/\/abelfigueiredo.pa.gov.br\/site\/portal-da-transparencia\/plano-plurianual-ppa\/\">Plano Plurianual (PPA)<\/a><\/li>\n\t<li class=\"page_item page-item-1875\"><a href=\"https:\/\/abelfigueiredo.pa.gov.br\/site\/portal-da-transparencia\/prestacao-de-contas-relatorio-de-gestao\/\">Presta\u00e7\u00e3o de Contas (Relat\u00f3rio de Gest\u00e3o)<\/a><\/li>\n\t<li class=\"page_item page-item-2120\"><a href=\"https:\/\/abelfigueiredo.pa.gov.br\/site\/portal-da-transparencia\/programas-e-acoes\/\">Programas e A\u00e7\u00f5es<\/a><\/li>\n\t<li class=\"page_item page-item-2121 page_item_has_children\"><a href=\"https:\/\/abelfigueiredo.pa.gov.br\/site\/portal-da-transparencia\/projetos-e-execucao-de-obras-publicas\/\">Projetos e execu\u00e7\u00e3o de obras p\u00fablicas<\/a>\n\t<ul class='children'>\n\t\t<li class=\"page_item page-item-17788\"><a href=\"https:\/\/abelfigueiredo.pa.gov.br\/site\/portal-da-transparencia\/projetos-e-execucao-de-obras-publicas\/obras-paralisadas\/\">Obras Paralisadas<\/a><\/li>\n\t<\/ul>\n<\/li>\n\t<li class=\"page_item page-item-8832\"><a href=\"https:\/\/abelfigueiredo.pa.gov.br\/site\/portal-da-transparencia\/projetos-e-obras\/\">Projetos e execu\u00e7\u00e3o de obras p\u00fablicas<\/a><\/li>\n\t<li class=\"page_item page-item-8550\"><a href=\"https:\/\/abelfigueiredo.pa.gov.br\/site\/portal-da-transparencia\/radar\/\">Radar Nacional de Transpar\u00eancia P\u00fablica<\/a><\/li>\n\t<li class=\"page_item page-item-1972\"><a href=\"https:\/\/abelfigueiredo.pa.gov.br\/site\/portal-da-transparencia\/receitas-arrecadadas\/\">Receitas Arrecadadas<\/a><\/li>\n\t<li class=\"page_item page-item-2150\"><a href=\"https:\/\/abelfigueiredo.pa.gov.br\/site\/portal-da-transparencia\/regulamentacao-da-concessao-de-diarias\/\">Regulamenta\u00e7\u00e3o da Concess\u00e3o de Di\u00e1rias<\/a><\/li>\n\t<li class=\"page_item page-item-2151\"><a href=\"https:\/\/abelfigueiredo.pa.gov.br\/site\/portal-da-transparencia\/regulamentacao-da-lai\/\">Regulamenta\u00e7\u00e3o da LAI<\/a><\/li>\n\t<li class=\"page_item page-item-2222\"><a href=\"https:\/\/abelfigueiredo.pa.gov.br\/site\/portal-da-transparencia\/regulamentacao-da-ouvidoria\/\">Regulamenta\u00e7\u00e3o da Ouvidoria<\/a><\/li>\n\t<li class=\"page_item page-item-2124\"><a href=\"https:\/\/abelfigueiredo.pa.gov.br\/site\/portal-da-transparencia\/relacao-patrimonio-publico-imoveis\/\">Rela\u00e7\u00e3o do Patrim\u00f4nio P\u00fablico (IM\u00d3VEIS)<\/a><\/li>\n\t<li class=\"page_item page-item-2125\"><a href=\"https:\/\/abelfigueiredo.pa.gov.br\/site\/portal-da-transparencia\/relacao-patrimonio-publico-moveis\/\">Rela\u00e7\u00e3o do Patrim\u00f4nio P\u00fablico (M\u00d3VEIS)<\/a><\/li>\n\t<li class=\"page_item page-item-6009\"><a href=\"https:\/\/abelfigueiredo.pa.gov.br\/site\/portal-da-transparencia\/relatorio-circunstanciado\/\">Relat\u00f3rio Circunstanciado<\/a><\/li>\n\t<li class=\"page_item page-item-8834\"><a href=\"https:\/\/abelfigueiredo.pa.gov.br\/site\/portal-da-transparencia\/relatorio-de-gestao\/\">Relat\u00f3rio de Gest\u00e3o<\/a><\/li>\n\t<li class=\"page_item page-item-1350\"><a href=\"https:\/\/abelfigueiredo.pa.gov.br\/site\/portal-da-transparencia\/relatorio-de-gestao-fiscal-rgf\/\">Relat\u00f3rio de Gest\u00e3o Fiscal (RGF)<\/a><\/li>\n\t<li class=\"page_item page-item-2126\"><a href=\"https:\/\/abelfigueiredo.pa.gov.br\/site\/portal-da-transparencia\/relatorio-controle-interno\/\">Relat\u00f3rio do Controle Interno<\/a><\/li>\n\t<li class=\"page_item page-item-6011\"><a href=\"https:\/\/abelfigueiredo.pa.gov.br\/site\/portal-da-transparencia\/relatorio-estatistico\/\">Relat\u00f3rio Estat\u00edstico do e-SIC<\/a><\/li>\n\t<li class=\"page_item page-item-1348 page_item_has_children\"><a href=\"https:\/\/abelfigueiredo.pa.gov.br\/site\/portal-da-transparencia\/relatorio-resumido-da-execucao-orcamentaria-rreo\/\">Relat\u00f3rio Resumido da Execu\u00e7\u00e3o Or\u00e7ament\u00e1ria (RREO)<\/a>\n\t<ul class='children'>\n\t\t<li class=\"page_item page-item-19015\"><a href=\"https:\/\/abelfigueiredo.pa.gov.br\/site\/portal-da-transparencia\/relatorio-resumido-da-execucao-orcamentaria-rreo\/relatorio-resumido-da-execucao-orcamentaria-rreo-ate-2023\/\">Relat\u00f3rio Resumido da Execu\u00e7\u00e3o Or\u00e7ament\u00e1ria (RREO) at\u00e9 2023<\/a><\/li>\n\t<\/ul>\n<\/li>\n\t<li class=\"page_item page-item-8835\"><a href=\"https:\/\/abelfigueiredo.pa.gov.br\/site\/portal-da-transparencia\/renuncias-de-receita\/\">Ren\u00fancias de Receita \/ Ren\u00fancias Fiscais<\/a><\/li>\n\t<li class=\"page_item page-item-6016\"><a href=\"https:\/\/abelfigueiredo.pa.gov.br\/site\/portal-da-transparencia\/renuncias-fiscais\/\">Ren\u00fancias Fiscais<\/a><\/li>\n\t<li class=\"page_item page-item-8726 page_item_has_children\"><a href=\"https:\/\/abelfigueiredo.pa.gov.br\/site\/portal-da-transparencia\/saude\/\">Sa\u00fade<\/a>\n\t<ul class='children'>\n\t\t<li class=\"page_item page-item-18753\"><a href=\"https:\/\/abelfigueiredo.pa.gov.br\/site\/portal-da-transparencia\/saude\/programacao-anual-de-saude\/\">Programa\u00e7\u00e3o Anual de Sa\u00fade<\/a><\/li>\n\t\t<li class=\"page_item page-item-18747\"><a href=\"https:\/\/abelfigueiredo.pa.gov.br\/site\/portal-da-transparencia\/saude\/relatorio-de-gestao-anual-de-saude\/\">Relat\u00f3rio de Gest\u00e3o Anual de Sa\u00fade<\/a><\/li>\n\t<\/ul>\n<\/li>\n\t<li class=\"page_item page-item-6749\"><a href=\"https:\/\/abelfigueiredo.pa.gov.br\/site\/portal-da-transparencia\/servicos-online\/\">Servi\u00e7os Online<\/a><\/li>\n<\/ul>\n<\/li>\n<li class=\"page_item page-item-5988\"><a href=\"https:\/\/abelfigueiredo.pa.gov.br\/site\/publicacoes-oficiais\/\">Publica\u00e7\u00f5es Oficiais<\/a><\/li>\n<li class=\"page_item page-item-16012 page_item_has_children\"><a href=\"https:\/\/abelfigueiredo.pa.gov.br\/site\/relacao-dos-licitantes-contratados-sancionados\/\">Rela\u00e7\u00e3o dos licitantes\/contratados sancionados<\/a>\n<ul class='children'>\n\t<li class=\"page_item page-item-18017\"><a href=\"https:\/\/abelfigueiredo.pa.gov.br\/site\/relacao-dos-licitantes-contratados-sancionados\/relacao-dos-licitantes-contratados-sancionados-2023\/\">Rela\u00e7\u00e3o dos licitantes\/contratados sancionados &#8211; 2023<\/a><\/li>\n\t<li class=\"page_item page-item-18019\"><a href=\"https:\/\/abelfigueiredo.pa.gov.br\/site\/relacao-dos-licitantes-contratados-sancionados\/relacao-dos-licitantes-contratados-sancionados-2024\/\">Rela\u00e7\u00e3o dos licitantes\/contratados sancionados &#8211; 2024<\/a><\/li>\n<\/ul>\n<\/li>\n<li class=\"page_item page-item-2224 page_item_has_children\"><a href=\"https:\/\/abelfigueiredo.pa.gov.br\/site\/covid-19\/\">Transpar\u00eancia COVID-19<\/a>\n<ul class='children'>\n\t<li class=\"page_item page-item-2232\"><a href=\"https:\/\/abelfigueiredo.pa.gov.br\/site\/covid-19\/atos-normativos-covid-19\/\">Atos Normativos COVID-19<\/a><\/li>\n\t<li class=\"page_item page-item-5831\"><a href=\"https:\/\/abelfigueiredo.pa.gov.br\/site\/covid-19\/plano-de-vacinacao\/\">Plano de Vacina\u00e7\u00e3o<\/a><\/li>\n\t<li class=\"page_item page-item-5832\"><a href=\"https:\/\/abelfigueiredo.pa.gov.br\/site\/covid-19\/relacao-dos-vacinados\/\">Rela\u00e7\u00e3o dos Vacinados<\/a><\/li>\n<\/ul>\n<\/li>\n<\/ul>\n<h2 class=\"wsp-posts-title\">Posts by category<\/h2>\n<ul class=\"wsp-posts-list\">\n\t<li><strong class=\"wsp-category-title\">Category: <a href=\"https:\/\/abelfigueiredo.pa.gov.br\/site\/c\/covid-19\/\">Covid-19<\/a><\/strong>\n<ul class=\"wsp-posts-list\">\t<li><strong class=\"wsp-category-title\">Category: <a href=\"https:\/\/abelfigueiredo.pa.gov.br\/site\/c\/covid-19\/boletins-covid-19\/\">Boletins COVID-19<\/a><\/strong>\n<ul class=\"wsp-posts-list\">\t\t<li class=\"wsp-post\"><a href=\"https:\/\/abelfigueiredo.pa.gov.br\/site\/boletim-02-02-2023\/\">BOLETIM (02\/02\/2023)<\/a><\/li>\n\t\t<li class=\"wsp-post\"><a href=\"https:\/\/abelfigueiredo.pa.gov.br\/site\/boletim-31-01-2023\/\">BOLETIM (31\/01\/2023)<\/a><\/li>\n\t\t<li class=\"wsp-post\"><a href=\"https:\/\/abelfigueiredo.pa.gov.br\/site\/boletim-27-01-2023\/\">BOLETIM ( 27\/01\/2023 )<\/a><\/li>\n\t\t<li class=\"wsp-post\"><a href=\"https:\/\/abelfigueiredo.pa.gov.br\/site\/boletim-25-01-2023\/\">BOLETIM ( 25\/01\/2023 )<\/a><\/li>\n\t\t<li class=\"wsp-post\"><a href=\"https:\/\/abelfigueiredo.pa.gov.br\/site\/boletim-23-01-2023\/\">BOLETIM ( 23\/01\/2023 )<\/a><\/li>\n\t\t<li class=\"wsp-post\"><a href=\"https:\/\/abelfigueiredo.pa.gov.br\/site\/boletim-19-01-2023\/\">BOLETIM ( 19\/01\/2023 )<\/a><\/li>\n\t\t<li class=\"wsp-post\"><a href=\"https:\/\/abelfigueiredo.pa.gov.br\/site\/boletim-18-01-2023\/\">BOLETIM ( 18\/01\/2023 )<\/a><\/li>\n\t\t<li class=\"wsp-post\"><a href=\"https:\/\/abelfigueiredo.pa.gov.br\/site\/boletim-16-01-2023\/\">BOLETIM ( 16\/01\/2023 )<\/a><\/li>\n\t\t<li class=\"wsp-post\"><a href=\"https:\/\/abelfigueiredo.pa.gov.br\/site\/boletim-12-01-2023\/\">BOLETIM ( 12\/01\/2023 )<\/a><\/li>\n\t\t<li class=\"wsp-post\"><a href=\"https:\/\/abelfigueiredo.pa.gov.br\/site\/boletim-11-01-2023\/\">BOLETIM ( 11\/01\/2023 )<\/a><\/li>\n\t\t<li class=\"wsp-post\"><a href=\"https:\/\/abelfigueiredo.pa.gov.br\/site\/boletim-10-01-2023\/\">BOLETIM ( 10\/01\/2023 )<\/a><\/li>\n\t\t<li class=\"wsp-post\"><a href=\"https:\/\/abelfigueiredo.pa.gov.br\/site\/boletim-09-01-2023\/\">BOLETIM (09\/01\/2023 )<\/a><\/li>\n\t\t<li class=\"wsp-post\"><a href=\"https:\/\/abelfigueiredo.pa.gov.br\/site\/boletim-03-01-2023\/\">BOLETIM (03\/01\/2023 )<\/a><\/li>\n\t\t<li class=\"wsp-post\"><a href=\"https:\/\/abelfigueiredo.pa.gov.br\/site\/boletim-22-12-2022\/\">BOLETIM ( 22\/12\/2022 )<\/a><\/li>\n\t\t<li class=\"wsp-post\"><a href=\"https:\/\/abelfigueiredo.pa.gov.br\/site\/boletim-16-12-2022-2\/\">BOLETIM (20\/12\/2022 )<\/a><\/li>\n\t\t<li class=\"wsp-post\"><a href=\"https:\/\/abelfigueiredo.pa.gov.br\/site\/boletim-16-12-2022\/\">BOLETIM ( 16\/12\/2022 )<\/a><\/li>\n\t\t<li class=\"wsp-post\"><a href=\"https:\/\/abelfigueiredo.pa.gov.br\/site\/boletim-15-12-2022\/\">BOLETIM ( 15\/12\/2022 )<\/a><\/li>\n\t\t<li class=\"wsp-post\"><a href=\"https:\/\/abelfigueiredo.pa.gov.br\/site\/boletim-14-12-2022\/\">BOLETIM ( 14\/12\/2022 )<\/a><\/li>\n\t\t<li class=\"wsp-post\"><a href=\"https:\/\/abelfigueiredo.pa.gov.br\/site\/boletim-12-12-2022\/\">BOLETIM ( 12\/12\/2022 )<\/a><\/li>\n\t\t<li class=\"wsp-post\"><a href=\"https:\/\/abelfigueiredo.pa.gov.br\/site\/boletim-06-12-2022\/\">BOLETIM ( 06\/12\/2022 )<\/a><\/li>\n\t\t<li class=\"wsp-post\"><a href=\"https:\/\/abelfigueiredo.pa.gov.br\/site\/boletim-02-12-2022\/\">BOLETIM ( 02\/12\/2022 )<\/a><\/li>\n\t\t<li class=\"wsp-post\"><a href=\"https:\/\/abelfigueiredo.pa.gov.br\/site\/boletim-01-12-2022\/\">BOLETIM ( 01\/12\/2022 )<\/a><\/li>\n\t\t<li class=\"wsp-post\"><a href=\"https:\/\/abelfigueiredo.pa.gov.br\/site\/boletim-30-11-2022\/\">BOLETIM ( 30\/11\/2022 )<\/a><\/li>\n\t\t<li class=\"wsp-post\"><a href=\"https:\/\/abelfigueiredo.pa.gov.br\/site\/boletim-29-11-2022\/\">BOLETIM ( 29\/11\/2022 )<\/a><\/li>\n\t\t<li class=\"wsp-post\"><a href=\"https:\/\/abelfigueiredo.pa.gov.br\/site\/boletim-28-11-2022\/\">BOLETIM ( 28\/11\/2022 )<\/a><\/li>\n\t\t<li class=\"wsp-post\"><a href=\"https:\/\/abelfigueiredo.pa.gov.br\/site\/boletim-26-11-2022\/\">BOLETIM ( 26\/11\/2022 )<\/a><\/li>\n\t\t<li class=\"wsp-post\"><a href=\"https:\/\/abelfigueiredo.pa.gov.br\/site\/boletim-25-11-2022\/\">BOLETIM ( 25\/11\/2022 )<\/a><\/li>\n\t\t<li class=\"wsp-post\"><a href=\"https:\/\/abelfigueiredo.pa.gov.br\/site\/boletim-24-11-2022\/\">BOLETIM ( 24\/11\/2022 )<\/a><\/li>\n\t\t<li class=\"wsp-post\"><a href=\"https:\/\/abelfigueiredo.pa.gov.br\/site\/boletim-29-09-2022\/\">BOLETIM ( 29\/09\/2022 )<\/a><\/li>\n\t\t<li class=\"wsp-post\"><a href=\"https:\/\/abelfigueiredo.pa.gov.br\/site\/boletim-26-09-2022\/\">BOLETIM (26\/09\/2022)<\/a><\/li>\n\t\t<li class=\"wsp-post\"><a href=\"https:\/\/abelfigueiredo.pa.gov.br\/site\/boletim-22-09-2022\/\">BOLETIM (22\/09\/2022)<\/a><\/li>\n\t\t<li class=\"wsp-post\"><a href=\"https:\/\/abelfigueiredo.pa.gov.br\/site\/boletim19-09-2022-2\/\">BOLETIM(19\/09\/2022)<\/a><\/li>\n\t\t<li class=\"wsp-post\"><a href=\"https:\/\/abelfigueiredo.pa.gov.br\/site\/boletim19-09-2022\/\">BOLETIM(19\/09\/2022)<\/a><\/li>\n\t\t<li class=\"wsp-post\"><a href=\"https:\/\/abelfigueiredo.pa.gov.br\/site\/boletim-15-09-2022\/\">BOLETIM (15\/09\/2022)<\/a><\/li>\n\t\t<li class=\"wsp-post\"><a href=\"https:\/\/abelfigueiredo.pa.gov.br\/site\/boletim-14-09-2022\/\">BOLETIM (14\/09\/2022)<\/a><\/li>\n\t\t<li class=\"wsp-post\"><a href=\"https:\/\/abelfigueiredo.pa.gov.br\/site\/boletim-12-09-2022\/\">BOLETIM (12\/09\/2022)<\/a><\/li>\n\t\t<li class=\"wsp-post\"><a href=\"https:\/\/abelfigueiredo.pa.gov.br\/site\/boletim-06-09-2022\/\">BOLETIM (06\/09\/2022)<\/a><\/li>\n\t\t<li class=\"wsp-post\"><a href=\"https:\/\/abelfigueiredo.pa.gov.br\/site\/boletim-05-09-2022\/\">BOLETIM (05\/09\/2022)<\/a><\/li>\n\t\t<li class=\"wsp-post\"><a href=\"https:\/\/abelfigueiredo.pa.gov.br\/site\/boletim-02-09-2022\/\">BOLETIM (02\/09\/2022)<\/a><\/li>\n\t\t<li class=\"wsp-post\"><a href=\"https:\/\/abelfigueiredo.pa.gov.br\/site\/boletim-31-08-2022\/\">BOLETIM (31\/08\/2022)<\/a><\/li>\n\t\t<li class=\"wsp-post\"><a href=\"https:\/\/abelfigueiredo.pa.gov.br\/site\/boletim-30-08-2022\/\">BOLETIM (30\/08\/2022)<\/a><\/li>\n\t\t<li class=\"wsp-post\"><a href=\"https:\/\/abelfigueiredo.pa.gov.br\/site\/boletim-29-08-2022\/\">BOLETIM (29\/08\/2022)<\/a><\/li>\n\t\t<li class=\"wsp-post\"><a href=\"https:\/\/abelfigueiredo.pa.gov.br\/site\/boletim-25-08-2022\/\">BOLETIM (25\/08\/2022)<\/a><\/li>\n\t\t<li class=\"wsp-post\"><a href=\"https:\/\/abelfigueiredo.pa.gov.br\/site\/boletim-24-08-2022\/\">BOLETIM (24\/08\/2022)<\/a><\/li>\n\t\t<li class=\"wsp-post\"><a href=\"https:\/\/abelfigueiredo.pa.gov.br\/site\/boletim-23-08-2022\/\">BOLETIM (23\/08\/2022)<\/a><\/li>\n\t\t<li class=\"wsp-post\"><a href=\"https:\/\/abelfigueiredo.pa.gov.br\/site\/boletim-20-08-2022\/\">BOLETIM ( 20\/08\/2022)<\/a><\/li>\n\t\t<li class=\"wsp-post\"><a href=\"https:\/\/abelfigueiredo.pa.gov.br\/site\/boletim19-08-2022\/\">BOLETIM(19\/08\/2022)<\/a><\/li>\n\t\t<li class=\"wsp-post\"><a href=\"https:\/\/abelfigueiredo.pa.gov.br\/site\/boletim18-08-2022\/\">BOLETIM(18\/08\/2022)<\/a><\/li>\n\t\t<li class=\"wsp-post\"><a href=\"https:\/\/abelfigueiredo.pa.gov.br\/site\/boletim-17-08-2022\/\">BOLETIM (17\/08\/2022)<\/a><\/li>\n\t\t<li class=\"wsp-post\"><a href=\"https:\/\/abelfigueiredo.pa.gov.br\/site\/boletim16-08-2022\/\">BOLETIM(16\/08\/2022)<\/a><\/li>\n\t\t<li class=\"wsp-post\"><a href=\"https:\/\/abelfigueiredo.pa.gov.br\/site\/boletim10-08-2022\/\">BOLETIM(10\/08\/2022)<\/a><\/li>\n\t\t<li class=\"wsp-post\"><a href=\"https:\/\/abelfigueiredo.pa.gov.br\/site\/boletim-09-08-2022\/\">BOLETIM ( 09\/08\/2022)<\/a><\/li>\n\t\t<li class=\"wsp-post\"><a href=\"https:\/\/abelfigueiredo.pa.gov.br\/site\/boletim-08-08-2022\/\">BOLETIM ( 08\/08\/2022)<\/a><\/li>\n\t\t<li class=\"wsp-post\"><a href=\"https:\/\/abelfigueiredo.pa.gov.br\/site\/boletim-04-08-2022\/\">BOLETIM ( 04\/08\/2022)<\/a><\/li>\n\t\t<li class=\"wsp-post\"><a href=\"https:\/\/abelfigueiredo.pa.gov.br\/site\/boletim-03-08-2022\/\">BOLETIM ( 03\/08\/2022)<\/a><\/li>\n\t\t<li class=\"wsp-post\"><a href=\"https:\/\/abelfigueiredo.pa.gov.br\/site\/boletim-02-08-2022\/\">BOLETIM ( 02\/08\/2022)<\/a><\/li>\n\t\t<li class=\"wsp-post\"><a href=\"https:\/\/abelfigueiredo.pa.gov.br\/site\/boletim-01-08-2022\/\">BOLETIM ( 01\/08\/2022)<\/a><\/li>\n\t\t<li class=\"wsp-post\"><a href=\"https:\/\/abelfigueiredo.pa.gov.br\/site\/boletim-29-07-2022\/\">BOLETIM ( 29\/07\/2022)<\/a><\/li>\n\t\t<li class=\"wsp-post\"><a href=\"https:\/\/abelfigueiredo.pa.gov.br\/site\/boletim-28-07-2022\/\">BOLETIM ( 28\/07\/2022)<\/a><\/li>\n\t\t<li class=\"wsp-post\"><a href=\"https:\/\/abelfigueiredo.pa.gov.br\/site\/boletim-27-07-2022\/\">BOLETIM ( 27\/07\/2022)<\/a><\/li>\n\t\t<li class=\"wsp-post\"><a href=\"https:\/\/abelfigueiredo.pa.gov.br\/site\/boletim-26-07-2022\/\">BOLETIM (26\/07\/2022)<\/a><\/li>\n\t\t<li class=\"wsp-post\"><a href=\"https:\/\/abelfigueiredo.pa.gov.br\/site\/boletim-25-07-2022\/\">BOLETIM ( 25\/07\/2022)<\/a><\/li>\n\t\t<li class=\"wsp-post\"><a href=\"https:\/\/abelfigueiredo.pa.gov.br\/site\/boletim-22-07-2022\/\">BOLETIM ( 22\/07\/2022)<\/a><\/li>\n\t\t<li class=\"wsp-post\"><a href=\"https:\/\/abelfigueiredo.pa.gov.br\/site\/boletim-21-07-2022\/\">BOLETIM ( 21\/07\/2022)<\/a><\/li>\n\t\t<li class=\"wsp-post\"><a href=\"https:\/\/abelfigueiredo.pa.gov.br\/site\/boletim-20-07-2022\/\">BOLETIM 20\/07\/2022<\/a><\/li>\n\t\t<li class=\"wsp-post\"><a href=\"https:\/\/abelfigueiredo.pa.gov.br\/site\/boletim-19-07-2022\/\">BOLETIM 19\/07\/2022<\/a><\/li>\n\t\t<li class=\"wsp-post\"><a href=\"https:\/\/abelfigueiredo.pa.gov.br\/site\/boletim-18-07-2022\/\">BOLETIM 18\/07\/2022<\/a><\/li>\n\t\t<li class=\"wsp-post\"><a href=\"https:\/\/abelfigueiredo.pa.gov.br\/site\/boletim-15-07-2022\/\">BOLETIM 15\/07\/2022<\/a><\/li>\n\t\t<li class=\"wsp-post\"><a href=\"https:\/\/abelfigueiredo.pa.gov.br\/site\/boletim-14-07-2022\/\">BOLETIM 14\/07\/2022<\/a><\/li>\n\t\t<li class=\"wsp-post\"><a href=\"https:\/\/abelfigueiredo.pa.gov.br\/site\/boletim-13-07-2022\/\">BOLETIM 13\/07\/2022<\/a><\/li>\n\t\t<li class=\"wsp-post\"><a href=\"https:\/\/abelfigueiredo.pa.gov.br\/site\/boletim-12-07-2022\/\">BOLETIM 12\/07\/2022<\/a><\/li>\n\t\t<li class=\"wsp-post\"><a href=\"https:\/\/abelfigueiredo.pa.gov.br\/site\/boletim-11-07-2022\/\">BOLETIM 11\/07\/2022<\/a><\/li>\n\t\t<li class=\"wsp-post\"><a href=\"https:\/\/abelfigueiredo.pa.gov.br\/site\/boletim-08-07-2022\/\">BOLETIM 08\/07\/2022<\/a><\/li>\n\t\t<li class=\"wsp-post\"><a href=\"https:\/\/abelfigueiredo.pa.gov.br\/site\/boletim-07-07-2022\/\">BOLETIM 07\/07\/2022<\/a><\/li>\n\t\t<li class=\"wsp-post\"><a href=\"https:\/\/abelfigueiredo.pa.gov.br\/site\/boletim-05-07-222\/\">BOLETIM 05\/07\/2022<\/a><\/li>\n\t\t<li class=\"wsp-post\"><a href=\"https:\/\/abelfigueiredo.pa.gov.br\/site\/boletim-04-07-2022\/\">BOLETIM 04\/07\/2022<\/a><\/li>\n\t\t<li class=\"wsp-post\"><a href=\"https:\/\/abelfigueiredo.pa.gov.br\/site\/boletim-01-07-2022\/\">BOLETIM 01\/07\/2022<\/a><\/li>\n\t\t<li class=\"wsp-post\"><a href=\"https:\/\/abelfigueiredo.pa.gov.br\/site\/boletim-29-06-2022\/\">BOLETIM 29\/06\/2022<\/a><\/li>\n\t\t<li class=\"wsp-post\"><a href=\"https:\/\/abelfigueiredo.pa.gov.br\/site\/boletim-28-06-2022\/\">BOLETIM 28\/06\/2022<\/a><\/li>\n\t\t<li class=\"wsp-post\"><a href=\"https:\/\/abelfigueiredo.pa.gov.br\/site\/boletim-27-06-2022\/\">BOLETIM 27\/06\/2022<\/a><\/li>\n\t\t<li class=\"wsp-post\"><a href=\"https:\/\/abelfigueiredo.pa.gov.br\/site\/boletim-24-06-2022\/\">BOLETIM 24\/06\/2022<\/a><\/li>\n\t\t<li class=\"wsp-post\"><a href=\"https:\/\/abelfigueiredo.pa.gov.br\/site\/boletim-23-06-2022\/\">BOLETIM 23\/06\/2022<\/a><\/li>\n\t\t<li class=\"wsp-post\"><a href=\"https:\/\/abelfigueiredo.pa.gov.br\/site\/boletim-20-06-2022\/\">BOLETIM 20\/06\/2022<\/a><\/li>\n\t\t<li class=\"wsp-post\"><a href=\"https:\/\/abelfigueiredo.pa.gov.br\/site\/boletim-15-06-2022\/\">BOLETIM 15\/06\/2022<\/a><\/li>\n\t\t<li class=\"wsp-post\"><a href=\"https:\/\/abelfigueiredo.pa.gov.br\/site\/boletim-13-06-2022\/\">BOLETIM 13\/06\/2022<\/a><\/li>\n\t\t<li class=\"wsp-post\"><a href=\"https:\/\/abelfigueiredo.pa.gov.br\/site\/boletim-10-06-2022\/\">BOLETIM 10\/06\/2022<\/a><\/li>\n\t\t<li class=\"wsp-post\"><a href=\"https:\/\/abelfigueiredo.pa.gov.br\/site\/boletim09-06-2022\/\">BOLETIM09\/06\/2022<\/a><\/li>\n\t\t<li class=\"wsp-post\"><a href=\"https:\/\/abelfigueiredo.pa.gov.br\/site\/boletim-07-06-2022\/\">BOLETIM 07\/06\/2022<\/a><\/li>\n\t\t<li class=\"wsp-post\"><a href=\"https:\/\/abelfigueiredo.pa.gov.br\/site\/boletim-06-06-2022\/\">BOLETIM 06\/06\/2022<\/a><\/li>\n\t\t<li class=\"wsp-post\"><a href=\"https:\/\/abelfigueiredo.pa.gov.br\/site\/boletim-01-06-2022\/\">BOLETIM ( 01\/06\/2022)<\/a><\/li>\n\t\t<li class=\"wsp-post\"><a href=\"https:\/\/abelfigueiredo.pa.gov.br\/site\/boletim30-05-2022\/\">Boletim COVID-19 (30\/05\/2022)<\/a><\/li>\n\t\t<li class=\"wsp-post\"><a href=\"https:\/\/abelfigueiredo.pa.gov.br\/site\/boletim-covid-19-23-05-2022\/\">Boletim COVID-19 (23\/05\/2022)<\/a><\/li>\n\t\t<li class=\"wsp-post\"><a href=\"https:\/\/abelfigueiredo.pa.gov.br\/site\/boletim-covid-19-19-05-2022\/\">Boletim COVID-19 (19\/05\/2022)<\/a><\/li>\n\t\t<li class=\"wsp-post\"><a href=\"https:\/\/abelfigueiredo.pa.gov.br\/site\/boletim-covid-19-17-05-2022\/\">Boletim COVID-19 (17\/05\/2022)<\/a><\/li>\n\t\t<li class=\"wsp-post\"><a href=\"https:\/\/abelfigueiredo.pa.gov.br\/site\/boletim-covid-19-16-05-2022\/\">Boletim COVID-19 (16\/05\/2022)<\/a><\/li>\n\t\t<li class=\"wsp-post\"><a href=\"https:\/\/abelfigueiredo.pa.gov.br\/site\/boletim-covid-19-13-05-2022\/\">Boletim COVID-19 (13\/05\/2022)<\/a><\/li>\n\t\t<li class=\"wsp-post\"><a href=\"https:\/\/abelfigueiredo.pa.gov.br\/site\/boletim-covid-19-10-05-2022\/\">Boletim COVID-19 (10\/05\/2022)<\/a><\/li>\n\t\t<li class=\"wsp-post\"><a href=\"https:\/\/abelfigueiredo.pa.gov.br\/site\/boletim-07-05-2022\/\">BOLETIM ( 07\/05\/2022)<\/a><\/li>\n\t\t<li class=\"wsp-post\"><a href=\"https:\/\/abelfigueiredo.pa.gov.br\/site\/boletim-covid-19-05-05-2022\/\">Boletim COVID-19 (05\/05\/2022)<\/a><\/li>\n\t\t<li class=\"wsp-post\"><a href=\"https:\/\/abelfigueiredo.pa.gov.br\/site\/boletim-covid-19-03-05-2022\/\">Boletim COVID-19 (03\/05\/2022)<\/a><\/li>\n\t\t<li class=\"wsp-post\"><a href=\"https:\/\/abelfigueiredo.pa.gov.br\/site\/boletim-covid-19-02-05-2022\/\">Boletim COVID-19 (02\/05\/2022)<\/a><\/li>\n\t\t<li class=\"wsp-post\"><a href=\"https:\/\/abelfigueiredo.pa.gov.br\/site\/boletim19-04-2022\/\">BOLETIM(19\/04\/2022)<\/a><\/li>\n\t\t<li class=\"wsp-post\"><a href=\"https:\/\/abelfigueiredo.pa.gov.br\/site\/boletim18-04-2022\/\">BOLETIM(18\/04\/2022)<\/a><\/li>\n\t\t<li class=\"wsp-post\"><a href=\"https:\/\/abelfigueiredo.pa.gov.br\/site\/boletim14-04-2022\/\">BOLETIM(14\/04\/2022)<\/a><\/li>\n\t\t<li class=\"wsp-post\"><a href=\"https:\/\/abelfigueiredo.pa.gov.br\/site\/boletim13-04-2022\/\">BOLETIM(13\/04\/2022)<\/a><\/li>\n\t\t<li class=\"wsp-post\"><a href=\"https:\/\/abelfigueiredo.pa.gov.br\/site\/boletim12-04-2022\/\">BOLETIM(12\/04\/2022<\/a><\/li>\n\t\t<li class=\"wsp-post\"><a href=\"https:\/\/abelfigueiredo.pa.gov.br\/site\/boletim11-04-2022\/\">BOLETIM(11\/04\/2022)<\/a><\/li>\n\t\t<li class=\"wsp-post\"><a href=\"https:\/\/abelfigueiredo.pa.gov.br\/site\/boletim08-04-2022\/\">BOLETIM(08\/04\/2022)<\/a><\/li>\n\t\t<li class=\"wsp-post\"><a href=\"https:\/\/abelfigueiredo.pa.gov.br\/site\/boletim07-04-2022\/\">BOLETIM(07\/04\/2022)<\/a><\/li>\n\t\t<li class=\"wsp-post\"><a href=\"https:\/\/abelfigueiredo.pa.gov.br\/site\/boletim06-04-2022\/\">BOLETIM(06\/04\/2022)<\/a><\/li>\n\t\t<li class=\"wsp-post\"><a href=\"https:\/\/abelfigueiredo.pa.gov.br\/site\/boletim05-04-2022\/\">BOLETIM(05\/04\/2022)<\/a><\/li>\n\t\t<li class=\"wsp-post\"><a href=\"https:\/\/abelfigueiredo.pa.gov.br\/site\/boletim04-04-2022\/\">BOLETIM(04\/04\/2022)<\/a><\/li>\n\t\t<li class=\"wsp-post\"><a href=\"https:\/\/abelfigueiredo.pa.gov.br\/site\/boletim28-03-2022\/\">BOLETIM(28\/03\/2022)<\/a><\/li>\n\t\t<li class=\"wsp-post\"><a href=\"https:\/\/abelfigueiredo.pa.gov.br\/site\/boletim31-03-2022\/\">BOLETIM(31\/03\/2022)<\/a><\/li>\n\t\t<li class=\"wsp-post\"><a href=\"https:\/\/abelfigueiredo.pa.gov.br\/site\/boletim30-03-2022\/\">BOLETIM(30\/03\/2022)<\/a><\/li>\n\t\t<li class=\"wsp-post\"><a href=\"https:\/\/abelfigueiredo.pa.gov.br\/site\/boletim29-03-2022\/\">BOLETIM(29\/03\/2022)<\/a><\/li>\n\t\t<li class=\"wsp-post\"><a href=\"https:\/\/abelfigueiredo.pa.gov.br\/site\/boletim25-03-2022\/\">BOLETIM(25\/03\/2022)<\/a><\/li>\n\t\t<li class=\"wsp-post\"><a href=\"https:\/\/abelfigueiredo.pa.gov.br\/site\/boletim24-03-2022\/\">BOLETIM(24\/03\/2022)<\/a><\/li>\n\t\t<li class=\"wsp-post\"><a href=\"https:\/\/abelfigueiredo.pa.gov.br\/site\/boletim22-03-2022\/\">BOLETIM(22\/03\/2022)<\/a><\/li>\n\t\t<li class=\"wsp-post\"><a href=\"https:\/\/abelfigueiredo.pa.gov.br\/site\/boletim21-03-2022\/\">BOLETIM(21\/03\/2022)<\/a><\/li>\n\t\t<li class=\"wsp-post\"><a href=\"https:\/\/abelfigueiredo.pa.gov.br\/site\/boletim18-03-2022\/\">BOLETIM(18\/03\/2022)<\/a><\/li>\n\t\t<li class=\"wsp-post\"><a href=\"https:\/\/abelfigueiredo.pa.gov.br\/site\/boletim16-03-2022\/\">BOLETIM(16\/03\/2022)<\/a><\/li>\n\t\t<li class=\"wsp-post\"><a href=\"https:\/\/abelfigueiredo.pa.gov.br\/site\/boletim15-03-2022\/\">BOLETIM(15\/03\/2022)<\/a><\/li>\n\t\t<li class=\"wsp-post\"><a href=\"https:\/\/abelfigueiredo.pa.gov.br\/site\/boletim14-03-2022\/\">BOLETIM(14\/03\/2022)<\/a><\/li>\n\t\t<li class=\"wsp-post\"><a href=\"https:\/\/abelfigueiredo.pa.gov.br\/site\/boletim11-03-2022\/\">BOLETIM(11\/03\/2022)<\/a><\/li>\n\t\t<li class=\"wsp-post\"><a href=\"https:\/\/abelfigueiredo.pa.gov.br\/site\/boletim10-03-2022\/\">BOLETIM(10\/03\/2022)<\/a><\/li>\n\t\t<li class=\"wsp-post\"><a href=\"https:\/\/abelfigueiredo.pa.gov.br\/site\/coletim-09-03-2022\/\">BOLETIM( 09\/03\/2022)<\/a><\/li>\n\t\t<li class=\"wsp-post\"><a href=\"https:\/\/abelfigueiredo.pa.gov.br\/site\/boletim08-03-2022\/\">BOLETIM(08\/03\/2022)<\/a><\/li>\n\t\t<li class=\"wsp-post\"><a href=\"https:\/\/abelfigueiredo.pa.gov.br\/site\/boletim07-03-2022\/\">BOLETIM(07\/03\/2022)<\/a><\/li>\n\t\t<li class=\"wsp-post\"><a href=\"https:\/\/abelfigueiredo.pa.gov.br\/site\/boletim04-03-2022\/\">BOLETIM(04\/03\/2022)<\/a><\/li>\n\t\t<li class=\"wsp-post\"><a href=\"https:\/\/abelfigueiredo.pa.gov.br\/site\/boletim03-03-2022\/\">BOLETIM(03\/03\/2022)<\/a><\/li>\n\t\t<li class=\"wsp-post\"><a href=\"https:\/\/abelfigueiredo.pa.gov.br\/site\/boletim25-02-2022\/\">BOLETIM(25\/02\/2022)<\/a><\/li>\n\t\t<li class=\"wsp-post\"><a href=\"https:\/\/abelfigueiredo.pa.gov.br\/site\/boletim24-02-2022\/\">BOLETIM(24\/02\/2022)<\/a><\/li>\n\t\t<li class=\"wsp-post\"><a href=\"https:\/\/abelfigueiredo.pa.gov.br\/site\/boletim23-02-2022\/\">BOLETIM(23\/02\/2022)<\/a><\/li>\n\t\t<li class=\"wsp-post\"><a href=\"https:\/\/abelfigueiredo.pa.gov.br\/site\/boletim-22-02-2022\/\">BOLETIM (22\/02\/2022)<\/a><\/li>\n\t\t<li class=\"wsp-post\"><a href=\"https:\/\/abelfigueiredo.pa.gov.br\/site\/boletim21-02-2022\/\">BOLETIM(21\/02\/2022)<\/a><\/li>\n\t\t<li class=\"wsp-post\"><a href=\"https:\/\/abelfigueiredo.pa.gov.br\/site\/boletim18-02-2022\/\">BOLETIM(18\/02\/2022)<\/a><\/li>\n\t\t<li class=\"wsp-post\"><a href=\"https:\/\/abelfigueiredo.pa.gov.br\/site\/boletim17-02-2022\/\">BOLETIM(17\/02\/2022)<\/a><\/li>\n\t\t<li class=\"wsp-post\"><a href=\"https:\/\/abelfigueiredo.pa.gov.br\/site\/boletim16-02-2022\/\">BOLETIM(16\/02\/2022)<\/a><\/li>\n\t\t<li class=\"wsp-post\"><a href=\"https:\/\/abelfigueiredo.pa.gov.br\/site\/boletim15-02-2022\/\">BOLETIM(15\/02\/2022)<\/a><\/li>\n\t\t<li class=\"wsp-post\"><a href=\"https:\/\/abelfigueiredo.pa.gov.br\/site\/boletim14-02-2022\/\">BOLETIM(14\/02\/2022)<\/a><\/li>\n\t\t<li class=\"wsp-post\"><a href=\"https:\/\/abelfigueiredo.pa.gov.br\/site\/boletim11-02-2022\/\">BOLETIM(11\/02\/2022)<\/a><\/li>\n\t\t<li class=\"wsp-post\"><a href=\"https:\/\/abelfigueiredo.pa.gov.br\/site\/boletim10-02-2022\/\">BOLETIM(10\/02\/2022)<\/a><\/li>\n\t\t<li class=\"wsp-post\"><a href=\"https:\/\/abelfigueiredo.pa.gov.br\/site\/boletim-09-02-2022\/\">BOLETIM ( 09\/02\/2022)<\/a><\/li>\n\t\t<li class=\"wsp-post\"><a href=\"https:\/\/abelfigueiredo.pa.gov.br\/site\/boletim08-02-2022\/\">BOLETIM(08\/02\/2022)<\/a><\/li>\n\t\t<li class=\"wsp-post\"><a href=\"https:\/\/abelfigueiredo.pa.gov.br\/site\/boletim07-02-2022\/\">boletim(07\/02\/2022)<\/a><\/li>\n\t\t<li class=\"wsp-post\"><a href=\"https:\/\/abelfigueiredo.pa.gov.br\/site\/boletim04-02-2022\/\">BOLETIM(04\/02\/2022)<\/a><\/li>\n\t\t<li class=\"wsp-post\"><a href=\"https:\/\/abelfigueiredo.pa.gov.br\/site\/boletim03-02-2022\/\">BOLETIM(03\/02\/2022)<\/a><\/li>\n\t\t<li class=\"wsp-post\"><a href=\"https:\/\/abelfigueiredo.pa.gov.br\/site\/boletim02-02-2022\/\">BOLETIM(02\/02\/2022)<\/a><\/li>\n\t\t<li class=\"wsp-post\"><a href=\"https:\/\/abelfigueiredo.pa.gov.br\/site\/boletim01-02-2022\/\">BOLETIM(01\/02\/2022)<\/a><\/li>\n\t\t<li class=\"wsp-post\"><a href=\"https:\/\/abelfigueiredo.pa.gov.br\/site\/boletim31-01-2022\/\">BOLETIM(31\/01\/2022)<\/a><\/li>\n\t\t<li class=\"wsp-post\"><a href=\"https:\/\/abelfigueiredo.pa.gov.br\/site\/boletim28-01-2022\/\">BOLETIM(28\/01\/2022)<\/a><\/li>\n\t\t<li class=\"wsp-post\"><a href=\"https:\/\/abelfigueiredo.pa.gov.br\/site\/boletim27-01-2022\/\">BOLETIM(27\/01\/2022)<\/a><\/li>\n\t\t<li class=\"wsp-post\"><a href=\"https:\/\/abelfigueiredo.pa.gov.br\/site\/boletim26-01-2022_\/\">BOLETIM(26\/01\/2022_<\/a><\/li>\n\t\t<li class=\"wsp-post\"><a href=\"https:\/\/abelfigueiredo.pa.gov.br\/site\/boletim-25-01-2022\/\">BOLETIM (25\/01\/2022)<\/a><\/li>\n\t\t<li class=\"wsp-post\"><a href=\"https:\/\/abelfigueiredo.pa.gov.br\/site\/boletim24-01-2022\/\">BOLETIM(24\/01\/2022)<\/a><\/li>\n\t\t<li class=\"wsp-post\"><a href=\"https:\/\/abelfigueiredo.pa.gov.br\/site\/boletim21-01-2022\/\">BOLETIM(21\/01\/2022)<\/a><\/li>\n\t\t<li class=\"wsp-post\"><a href=\"https:\/\/abelfigueiredo.pa.gov.br\/site\/boletim20-01-2022\/\">BOLETIM(20\/01\/2022)<\/a><\/li>\n\t\t<li class=\"wsp-post\"><a href=\"https:\/\/abelfigueiredo.pa.gov.br\/site\/boletim19-01-2022\/\">BOLETIM(19\/01\/2022)<\/a><\/li>\n\t\t<li class=\"wsp-post\"><a href=\"https:\/\/abelfigueiredo.pa.gov.br\/site\/boletim18-01-2022\/\">BOLETIM(18\/01\/2022)<\/a><\/li>\n\t\t<li class=\"wsp-post\"><a href=\"https:\/\/abelfigueiredo.pa.gov.br\/site\/boletim-17-01-2022\/\">BOLETIM (17\/01\/2022)<\/a><\/li>\n\t\t<li class=\"wsp-post\"><a href=\"https:\/\/abelfigueiredo.pa.gov.br\/site\/boletim-13-01-2022\/\">BOLETIM (13\/01\/2022)<\/a><\/li>\n\t\t<li class=\"wsp-post\"><a href=\"https:\/\/abelfigueiredo.pa.gov.br\/site\/boletim-12-01-2022\/\">BOLETIM ( 12\/01\/2022)<\/a><\/li>\n\t\t<li class=\"wsp-post\"><a href=\"https:\/\/abelfigueiredo.pa.gov.br\/site\/boletim-11-01-2022\/\">BOLETIM ( 11\/01\/2022)<\/a><\/li>\n\t\t<li class=\"wsp-post\"><a href=\"https:\/\/abelfigueiredo.pa.gov.br\/site\/boletim-10-01-2022\/\">BOLETIM (10\/01\/2022)<\/a><\/li>\n\t\t<li class=\"wsp-post\"><a href=\"https:\/\/abelfigueiredo.pa.gov.br\/site\/boletim-07-01-2022\/\">BOLETIM ( 07\/01\/2022)<\/a><\/li>\n\t\t<li class=\"wsp-post\"><a href=\"https:\/\/abelfigueiredo.pa.gov.br\/site\/boletim-covid-19-06-01-2022\/\">Boletim COVID-19 (06\/01\/2022)<\/a><\/li>\n\t\t<li class=\"wsp-post\"><a href=\"https:\/\/abelfigueiredo.pa.gov.br\/site\/boletim-covid-19-05-01-2022\/\">Boletim COVID-19 (05\/01\/2022)<\/a><\/li>\n\t\t<li class=\"wsp-post\"><a href=\"https:\/\/abelfigueiredo.pa.gov.br\/site\/boletim-covid-19-04-01-2022\/\">Boletim COVID-19 (04\/01\/2022)<\/a><\/li>\n\t\t<li class=\"wsp-post\"><a href=\"https:\/\/abelfigueiredo.pa.gov.br\/site\/boletim-covid-19-03-01-2022\/\">Boletim COVID-19 (03\/01\/2022)<\/a><\/li>\n\t\t<li class=\"wsp-post\"><a href=\"https:\/\/abelfigueiredo.pa.gov.br\/site\/boletim-covid-19-30-12-2021\/\">Boletim COVID-19 (30\/12\/2021)<\/a><\/li>\n\t\t<li class=\"wsp-post\"><a href=\"https:\/\/abelfigueiredo.pa.gov.br\/site\/boletim-covid-19-28-12-2021\/\">Boletim COVID-19 (28\/12\/2021)<\/a><\/li>\n\t\t<li class=\"wsp-post\"><a href=\"https:\/\/abelfigueiredo.pa.gov.br\/site\/boletim-covid-19-27-12-2021\/\">Boletim COVID-19 (27\/12\/2021)<\/a><\/li>\n\t\t<li class=\"wsp-post\"><a href=\"https:\/\/abelfigueiredo.pa.gov.br\/site\/boletim-covid-19-24-12-2021\/\">Boletim COVID-19 (24\/12\/2021)<\/a><\/li>\n\t\t<li class=\"wsp-post\"><a href=\"https:\/\/abelfigueiredo.pa.gov.br\/site\/boletim-covid-19-23-12-2021\/\">Boletim COVID-19 (23\/12\/2021)<\/a><\/li>\n\t\t<li class=\"wsp-post\"><a href=\"https:\/\/abelfigueiredo.pa.gov.br\/site\/boletim-covid-19-22-12-2021\/\">Boletim COVID-19 (22\/12\/2021)<\/a><\/li>\n\t\t<li class=\"wsp-post\"><a href=\"https:\/\/abelfigueiredo.pa.gov.br\/site\/boletim-covid-19-21-12-2021\/\">Boletim COVID-19 (21\/12\/2021)<\/a><\/li>\n\t\t<li class=\"wsp-post\"><a href=\"https:\/\/abelfigueiredo.pa.gov.br\/site\/boletim-covid-19-20-12-2021\/\">Boletim COVID-19 (20\/12\/2021)<\/a><\/li>\n\t\t<li class=\"wsp-post\"><a href=\"https:\/\/abelfigueiredo.pa.gov.br\/site\/boletim-covid-19-17-12-2021\/\">Boletim COVID-19 (17\/12\/2021)<\/a><\/li>\n\t\t<li class=\"wsp-post\"><a href=\"https:\/\/abelfigueiredo.pa.gov.br\/site\/boletim-covid-19-16-12-2021\/\">Boletim COVID-19 (16\/12\/2021)<\/a><\/li>\n\t\t<li class=\"wsp-post\"><a href=\"https:\/\/abelfigueiredo.pa.gov.br\/site\/boletim-covid-19-15-12-2021\/\">Boletim COVID-19 (15\/12\/2021)<\/a><\/li>\n\t\t<li class=\"wsp-post\"><a href=\"https:\/\/abelfigueiredo.pa.gov.br\/site\/boletim-covid-19-14-12-2021\/\">Boletim COVID-19 (14\/12\/2021)<\/a><\/li>\n\t\t<li class=\"wsp-post\"><a href=\"https:\/\/abelfigueiredo.pa.gov.br\/site\/boletim-covid-19-13-12-2021\/\">Boletim COVID-19 (13\/12\/2021)<\/a><\/li>\n\t\t<li class=\"wsp-post\"><a href=\"https:\/\/abelfigueiredo.pa.gov.br\/site\/boletim-covid-19-10-12-2021\/\">Boletim COVID-19 (10\/12\/2021)<\/a><\/li>\n\t\t<li class=\"wsp-post\"><a href=\"https:\/\/abelfigueiredo.pa.gov.br\/site\/boletim-covid-19-09-12-2021\/\">Boletim COVID-19 (09\/12\/2021)<\/a><\/li>\n\t\t<li class=\"wsp-post\"><a href=\"https:\/\/abelfigueiredo.pa.gov.br\/site\/boletim-covid-19-08-12-2021\/\">Boletim COVID-19 (08\/12\/2021)<\/a><\/li>\n\t\t<li class=\"wsp-post\"><a href=\"https:\/\/abelfigueiredo.pa.gov.br\/site\/boletim-covid-19-06-12-2021\/\">Boletim COVID-19 (06\/12\/2021)<\/a><\/li>\n\t\t<li class=\"wsp-post\"><a href=\"https:\/\/abelfigueiredo.pa.gov.br\/site\/boletim-covid-19-03-12-2021\/\">Boletim COVID-19 (03\/12\/2021)<\/a><\/li>\n\t\t<li class=\"wsp-post\"><a href=\"https:\/\/abelfigueiredo.pa.gov.br\/site\/boletim-covid-19-01-12-2021\/\">Boletim COVID-19 (01\/12\/2021)<\/a><\/li>\n\t\t<li class=\"wsp-post\"><a href=\"https:\/\/abelfigueiredo.pa.gov.br\/site\/boletim-covid-19-29-11-2021\/\">Boletim COVID-19 (29\/11\/2021)<\/a><\/li>\n\t\t<li class=\"wsp-post\"><a href=\"https:\/\/abelfigueiredo.pa.gov.br\/site\/boletim-covid-19-25-11-2021\/\">Boletim COVID-19 (25\/11\/2021)<\/a><\/li>\n\t\t<li class=\"wsp-post\"><a href=\"https:\/\/abelfigueiredo.pa.gov.br\/site\/boletim-covid-19-24-11-2021\/\">Boletim COVID-19 (24\/11\/2021)<\/a><\/li>\n\t\t<li class=\"wsp-post\"><a href=\"https:\/\/abelfigueiredo.pa.gov.br\/site\/boletim-covid-19-19-11-2021\/\">Boletim COVID-19 (19\/11\/2021)<\/a><\/li>\n\t\t<li class=\"wsp-post\"><a href=\"https:\/\/abelfigueiredo.pa.gov.br\/site\/boletim-covid-19-18-11-2021\/\">Boletim COVID-19 (18\/11\/2021)<\/a><\/li>\n\t\t<li class=\"wsp-post\"><a href=\"https:\/\/abelfigueiredo.pa.gov.br\/site\/boletim-covid-19-17-11-2021\/\">Boletim COVID-19 (17\/11\/2021)<\/a><\/li>\n\t\t<li class=\"wsp-post\"><a href=\"https:\/\/abelfigueiredo.pa.gov.br\/site\/boletim-covid-19-16-11-2021\/\">Boletim COVID-19 (16\/11\/2021)<\/a><\/li>\n\t\t<li class=\"wsp-post\"><a href=\"https:\/\/abelfigueiredo.pa.gov.br\/site\/boletim-covid-19-11-11-2021\/\">Boletim COVID-19 (11\/11\/2021)<\/a><\/li>\n\t\t<li class=\"wsp-post\"><a href=\"https:\/\/abelfigueiredo.pa.gov.br\/site\/boletim-covid-19-08-11-2021\/\">Boletim COVID-19 (08\/11\/2021)<\/a><\/li>\n\t\t<li class=\"wsp-post\"><a href=\"https:\/\/abelfigueiredo.pa.gov.br\/site\/boletim-covid-19-04-11-2021\/\">Boletim COVID-19 (04\/11\/2021)<\/a><\/li>\n\t\t<li class=\"wsp-post\"><a href=\"https:\/\/abelfigueiredo.pa.gov.br\/site\/boletim-covid-19-03-11-2021\/\">Boletim COVID-19 (03\/11\/2021)<\/a><\/li>\n\t\t<li class=\"wsp-post\"><a href=\"https:\/\/abelfigueiredo.pa.gov.br\/site\/boletim-covid-19-22-10-2021\/\">Boletim COVID-19 (22\/10\/2021)<\/a><\/li>\n\t\t<li class=\"wsp-post\"><a href=\"https:\/\/abelfigueiredo.pa.gov.br\/site\/boletim-covid-19-19-10-2021\/\">Boletim COVID-19 (19\/10\/2021)<\/a><\/li>\n\t\t<li class=\"wsp-post\"><a href=\"https:\/\/abelfigueiredo.pa.gov.br\/site\/boletim-covid-19-18-10-2021\/\">Boletim COVID-19 (18\/10\/2021)<\/a><\/li>\n\t\t<li class=\"wsp-post\"><a href=\"https:\/\/abelfigueiredo.pa.gov.br\/site\/boletim-covid-19-15-10-2021\/\">Boletim COVID-19 (15\/10\/2021)<\/a><\/li>\n\t\t<li class=\"wsp-post\"><a href=\"https:\/\/abelfigueiredo.pa.gov.br\/site\/boletim-covid-19-08-10-2021\/\">Boletim COVID-19 (08\/10\/2021)<\/a><\/li>\n\t\t<li class=\"wsp-post\"><a href=\"https:\/\/abelfigueiredo.pa.gov.br\/site\/boletim-covid-19-07-10-2021\/\">Boletim COVID-19 (07\/10\/2021)<\/a><\/li>\n\t\t<li class=\"wsp-post\"><a href=\"https:\/\/abelfigueiredo.pa.gov.br\/site\/boletim-covid-19-06-10-2021\/\">Boletim COVID-19 (06\/10\/2021)<\/a><\/li>\n\t\t<li class=\"wsp-post\"><a href=\"https:\/\/abelfigueiredo.pa.gov.br\/site\/boletim-covid-19-05-10-2021\/\">Boletim COVID-19 (05\/10\/2021)<\/a><\/li>\n\t\t<li class=\"wsp-post\"><a href=\"https:\/\/abelfigueiredo.pa.gov.br\/site\/boletim-covid-19-30-09-2021\/\">Boletim COVID-19 (30\/09\/2021)<\/a><\/li>\n\t\t<li class=\"wsp-post\"><a href=\"https:\/\/abelfigueiredo.pa.gov.br\/site\/boletim-covid-19-29-09-2021\/\">Boletim COVID-19 (29\/09\/2021)<\/a><\/li>\n\t\t<li class=\"wsp-post\"><a href=\"https:\/\/abelfigueiredo.pa.gov.br\/site\/boletim-covid-19-28-09-2021\/\">Boletim COVID-19 (28\/09\/2021)<\/a><\/li>\n\t\t<li class=\"wsp-post\"><a href=\"https:\/\/abelfigueiredo.pa.gov.br\/site\/boletim-covid-19-23-09-2021\/\">Boletim COVID-19 (23\/09\/2021)<\/a><\/li>\n\t\t<li class=\"wsp-post\"><a href=\"https:\/\/abelfigueiredo.pa.gov.br\/site\/boletim-covid-19-22-09-2021\/\">Boletim COVID-19 (22\/09\/2021)<\/a><\/li>\n\t\t<li class=\"wsp-post\"><a href=\"https:\/\/abelfigueiredo.pa.gov.br\/site\/boletim-covid-19-21-09-2021\/\">Boletim COVID-19 (21\/09\/2021)<\/a><\/li>\n\t\t<li class=\"wsp-post\"><a href=\"https:\/\/abelfigueiredo.pa.gov.br\/site\/boletim-covid-19-20-09-2021\/\">Boletim COVID-19 (20\/09\/2021)<\/a><\/li>\n\t\t<li class=\"wsp-post\"><a href=\"https:\/\/abelfigueiredo.pa.gov.br\/site\/boletim-covid-19-17-09-2021\/\">Boletim COVID-19 (17\/09\/2021)<\/a><\/li>\n\t\t<li class=\"wsp-post\"><a href=\"https:\/\/abelfigueiredo.pa.gov.br\/site\/boletim-covid-19-15-09-2021\/\">Boletim COVID-19 (15\/09\/2021)<\/a><\/li>\n\t\t<li class=\"wsp-post\"><a href=\"https:\/\/abelfigueiredo.pa.gov.br\/site\/boletim-covid-19-14-09-2021\/\">Boletim COVID-19 (14\/09\/2021)<\/a><\/li>\n\t\t<li class=\"wsp-post\"><a href=\"https:\/\/abelfigueiredo.pa.gov.br\/site\/boletim-covid-19-10-09-2021\/\">Boletim COVID-19 (10\/09\/2021)<\/a><\/li>\n\t\t<li class=\"wsp-post\"><a href=\"https:\/\/abelfigueiredo.pa.gov.br\/site\/boletim-covid-19-09-09-2021\/\">Boletim COVID-19 (09\/09\/2021)<\/a><\/li>\n\t\t<li class=\"wsp-post\"><a href=\"https:\/\/abelfigueiredo.pa.gov.br\/site\/boletim-covid-19-08-09-2021\/\">Boletim COVID-19 (08\/09\/2021)<\/a><\/li>\n\t\t<li class=\"wsp-post\"><a href=\"https:\/\/abelfigueiredo.pa.gov.br\/site\/boletim-covid-19-03-09-2021\/\">Boletim COVID-19 (03\/09\/2021)<\/a><\/li>\n\t\t<li class=\"wsp-post\"><a href=\"https:\/\/abelfigueiredo.pa.gov.br\/site\/boletim-covid-19-02-09-2021\/\">Boletim COVID-19 (02\/09\/2021)<\/a><\/li>\n\t\t<li class=\"wsp-post\"><a href=\"https:\/\/abelfigueiredo.pa.gov.br\/site\/boletim-covid-19-01-09-2021\/\">Boletim COVID-19 (01\/09\/2021)<\/a><\/li>\n\t\t<li class=\"wsp-post\"><a href=\"https:\/\/abelfigueiredo.pa.gov.br\/site\/boletim-covid-19-31-08-2021\/\">Boletim COVID-19 (31\/08\/2021)<\/a><\/li>\n\t\t<li class=\"wsp-post\"><a href=\"https:\/\/abelfigueiredo.pa.gov.br\/site\/a-prefeitura-de-abel-figueiredo-atraves-da-secretaria-municipal-de-saude-informa-boletim-epidemiologico-atualizado-hoje-dia-30-de-agosto-de-2021-as-19h\/\">Boletim COVID-19 (30\/08\/2021)<\/a><\/li>\n\t\t<li class=\"wsp-post\"><a href=\"https:\/\/abelfigueiredo.pa.gov.br\/site\/boletim-covid-19-27-08-2021\/\">Boletim COVID-19 (27\/08\/2021)<\/a><\/li>\n\t\t<li class=\"wsp-post\"><a href=\"https:\/\/abelfigueiredo.pa.gov.br\/site\/boletim-covid-19-26-08-2021\/\">Boletim COVID-19 (26\/08\/2021)<\/a><\/li>\n\t\t<li class=\"wsp-post\"><a href=\"https:\/\/abelfigueiredo.pa.gov.br\/site\/boletim-covid-19-25-08-2021\/\">Boletim COVID-19 (25\/08\/2021)<\/a><\/li>\n\t\t<li class=\"wsp-post\"><a href=\"https:\/\/abelfigueiredo.pa.gov.br\/site\/boletim-covid-19-24-08-2021\/\">Boletim COVID-19 (24\/08\/2021)<\/a><\/li>\n\t\t<li class=\"wsp-post\"><a href=\"https:\/\/abelfigueiredo.pa.gov.br\/site\/boletim-covid-19-23-08-2021\/\">Boletim COVID-19 (23\/08\/2021)<\/a><\/li>\n\t\t<li class=\"wsp-post\"><a href=\"https:\/\/abelfigueiredo.pa.gov.br\/site\/boletim-covid-19-20-08-2021\/\">Boletim COVID-19 (20\/08\/2021)<\/a><\/li>\n\t\t<li class=\"wsp-post\"><a href=\"https:\/\/abelfigueiredo.pa.gov.br\/site\/boletim-covid-19-17-08-2021\/\">Boletim COVID-19 (17\/08\/2021)<\/a><\/li>\n\t\t<li class=\"wsp-post\"><a href=\"https:\/\/abelfigueiredo.pa.gov.br\/site\/boletim-covid-19-16-08-2021\/\">Boletim COVID-19 (16\/08\/2021)<\/a><\/li>\n\t\t<li class=\"wsp-post\"><a href=\"https:\/\/abelfigueiredo.pa.gov.br\/site\/boletim-covid-19-13-08-2021\/\">Boletim COVID-19 (13\/08\/2021)<\/a><\/li>\n\t\t<li class=\"wsp-post\"><a href=\"https:\/\/abelfigueiredo.pa.gov.br\/site\/boletim-covid-19-12-08-2021\/\">Boletim COVID-19 (12\/08\/2021)<\/a><\/li>\n\t\t<li class=\"wsp-post\"><a href=\"https:\/\/abelfigueiredo.pa.gov.br\/site\/boletim-covid-19-11-08-2021\/\">Boletim COVID-19 (11\/08\/2021)<\/a><\/li>\n\t\t<li class=\"wsp-post\"><a href=\"https:\/\/abelfigueiredo.pa.gov.br\/site\/boletim-covid-19-10-08-2021\/\">Boletim COVID-19 (10\/08\/2021)<\/a><\/li>\n\t\t<li class=\"wsp-post\"><a href=\"https:\/\/abelfigueiredo.pa.gov.br\/site\/boletim-covid-19-09-08-2021\/\">Boletim COVID-19 (09\/08\/2021)<\/a><\/li>\n\t\t<li class=\"wsp-post\"><a href=\"https:\/\/abelfigueiredo.pa.gov.br\/site\/boletim-covid-19-06-08-2021\/\">Boletim COVID-19 (06\/08\/2021)<\/a><\/li>\n\t\t<li class=\"wsp-post\"><a href=\"https:\/\/abelfigueiredo.pa.gov.br\/site\/boletim-covid-19-05-08-2021\/\">Boletim COVID-19 (05\/08\/2021)<\/a><\/li>\n\t\t<li class=\"wsp-post\"><a href=\"https:\/\/abelfigueiredo.pa.gov.br\/site\/boletim-covid-19-04-08-2021\/\">Boletim COVID-19 (04\/08\/2021)<\/a><\/li>\n\t\t<li class=\"wsp-post\"><a href=\"https:\/\/abelfigueiredo.pa.gov.br\/site\/boletim-covid-19-03-08-2021\/\">Boletim COVID-19 (03\/08\/2021)<\/a><\/li>\n\t\t<li class=\"wsp-post\"><a href=\"https:\/\/abelfigueiredo.pa.gov.br\/site\/boletim-covid-19-02-08-2021\/\">Boletim COVID-19 (02\/08\/2021)<\/a><\/li>\n\t\t<li class=\"wsp-post\"><a href=\"https:\/\/abelfigueiredo.pa.gov.br\/site\/boletim-covid-19-30-07-2021\/\">Boletim COVID-19 (30\/07\/2021)<\/a><\/li>\n\t\t<li class=\"wsp-post\"><a href=\"https:\/\/abelfigueiredo.pa.gov.br\/site\/boletim-covid-19-29-07-2021\/\">Boletim COVID-19 (29\/07\/2021)<\/a><\/li>\n\t\t<li class=\"wsp-post\"><a href=\"https:\/\/abelfigueiredo.pa.gov.br\/site\/boletim-covid-19-28-07-2021\/\">Boletim COVID-19 (28\/07\/2021)<\/a><\/li>\n\t\t<li class=\"wsp-post\"><a href=\"https:\/\/abelfigueiredo.pa.gov.br\/site\/boletim-covid-19-27-07-2021\/\">Boletim COVID-19 (27\/07\/2021)<\/a><\/li>\n\t\t<li class=\"wsp-post\"><a href=\"https:\/\/abelfigueiredo.pa.gov.br\/site\/boletim-covid-19-26-07-2021\/\">Boletim COVID-19 (26\/07\/2021)<\/a><\/li>\n\t\t<li class=\"wsp-post\"><a href=\"https:\/\/abelfigueiredo.pa.gov.br\/site\/boletim-covid-19-23-07-2021\/\">Boletim COVID-19 (23\/07\/2021)<\/a><\/li>\n\t\t<li class=\"wsp-post\"><a href=\"https:\/\/abelfigueiredo.pa.gov.br\/site\/boletim-covid-19-22-07-2021\/\">Boletim COVID-19 (22\/07\/2021)<\/a><\/li>\n\t\t<li class=\"wsp-post\"><a href=\"https:\/\/abelfigueiredo.pa.gov.br\/site\/boletim-covid-19-21-07-2021\/\">Boletim COVID-19 (21\/07\/2021)<\/a><\/li>\n\t\t<li class=\"wsp-post\"><a href=\"https:\/\/abelfigueiredo.pa.gov.br\/site\/boletim-covid-19-20-07-2021\/\">Boletim COVID-19 (20\/07\/2021)<\/a><\/li>\n\t\t<li class=\"wsp-post\"><a href=\"https:\/\/abelfigueiredo.pa.gov.br\/site\/boletim-covid-19-14-07-2021\/\">Boletim COVID-19 (14\/07\/2021)<\/a><\/li>\n\t\t<li class=\"wsp-post\"><a href=\"https:\/\/abelfigueiredo.pa.gov.br\/site\/boletim-covid-19-13-07-2021\/\">Boletim COVID-19 (13\/07\/2021)<\/a><\/li>\n\t\t<li class=\"wsp-post\"><a href=\"https:\/\/abelfigueiredo.pa.gov.br\/site\/boletim-covid-19-12-07-2021\/\">Boletim COVID-19 (12\/07\/2021)<\/a><\/li>\n\t\t<li class=\"wsp-post\"><a href=\"https:\/\/abelfigueiredo.pa.gov.br\/site\/boletim-covid-19-09-07-2021\/\">Boletim COVID-19 (09\/07\/2021)<\/a><\/li>\n\t\t<li class=\"wsp-post\"><a href=\"https:\/\/abelfigueiredo.pa.gov.br\/site\/boletim-covid-19-08-07-2021\/\">Boletim COVID-19 (08\/07\/2021)<\/a><\/li>\n\t\t<li class=\"wsp-post\"><a href=\"https:\/\/abelfigueiredo.pa.gov.br\/site\/boletim-covid-19-07-07-2021\/\">Boletim COVID-19 (07\/07\/2021)<\/a><\/li>\n\t\t<li class=\"wsp-post\"><a href=\"https:\/\/abelfigueiredo.pa.gov.br\/site\/boletim-covid-19-06-07-2021\/\">Boletim COVID-19 (06\/07\/2021)<\/a><\/li>\n\t\t<li class=\"wsp-post\"><a href=\"https:\/\/abelfigueiredo.pa.gov.br\/site\/boletim-covid-19-05-07-2021\/\">Boletim COVID-19 (05\/07\/2021)<\/a><\/li>\n\t\t<li class=\"wsp-post\"><a href=\"https:\/\/abelfigueiredo.pa.gov.br\/site\/boletim-covid-19-02-07-2021\/\">Boletim COVID-19 (02\/07\/2021)<\/a><\/li>\n\t\t<li class=\"wsp-post\"><a href=\"https:\/\/abelfigueiredo.pa.gov.br\/site\/boletim-covid-19-01-07-2021\/\">Boletim COVID-19 (01\/07\/2021)<\/a><\/li>\n\t\t<li class=\"wsp-post\"><a href=\"https:\/\/abelfigueiredo.pa.gov.br\/site\/a-prefeitura-de-abel-figueiredo-atraves-da-secretaria-municipal-de-saude-informa-boletim-epidemiologico-atualizado-hoje-dia-30-junho-de-2021-as-19h\/\">A Prefeitura de Abel Figueiredo atrav\u00e9s da Secretaria Municipal de Sa\u00fade informa; Boletim Epidemiol\u00f3gico atualizado hoje dia 30 junho de 2021 \u00e0s 19h<\/a><\/li>\n\t\t<li class=\"wsp-post\"><a href=\"https:\/\/abelfigueiredo.pa.gov.br\/site\/a-prefeitura-de-abel-figueiredo-atraves-da-secretaria-municipal-de-saude-informa-boletim-epidemiologico-atualizado-hoje-dia-29-junho-de-2021-as-19h\/\">A Prefeitura de Abel Figueiredo atrav\u00e9s da Secretaria Municipal de Sa\u00fade informa; Boletim Epidemiol\u00f3gico atualizado hoje dia 29 junho de 2021 \u00e0s 19h<\/a><\/li>\n\t\t<li class=\"wsp-post\"><a href=\"https:\/\/abelfigueiredo.pa.gov.br\/site\/a-prefeitura-de-abel-figueiredo-atraves-da-secretaria-municipal-de-saude-informa-boletim-epidemiologico-atualizado-hoje-dia-28-junho-de-2021-as-19h\/\">A Prefeitura de Abel Figueiredo atrav\u00e9s da Secretaria Municipal de Sa\u00fade informa; Boletim Epidemiol\u00f3gico atualizado hoje dia 28 junho de 2021 \u00e0s 19h<\/a><\/li>\n\t\t<li class=\"wsp-post\"><a href=\"https:\/\/abelfigueiredo.pa.gov.br\/site\/a-prefeitura-de-abel-figueiredo-atraves-da-secretaria-municipal-de-saude-informa-boletim-epidemiologico-atualizado-hoje-dia-24-junho-de-2021-as-19h\/\">A Prefeitura de Abel Figueiredo atrav\u00e9s da Secretaria Municipal de Sa\u00fade informa; Boletim Epidemiol\u00f3gico atualizado hoje dia 24 junho de 2021 \u00e0s 19h<\/a><\/li>\n\t\t<li class=\"wsp-post\"><a href=\"https:\/\/abelfigueiredo.pa.gov.br\/site\/a-prefeitura-de-abel-figueiredo-atraves-da-secretaria-municipal-de-saude-informa-boletim-epidemiologico-atualizado-hoje-dia-23-junho-de-2021-as-19h\/\">A Prefeitura de Abel Figueiredo atrav\u00e9s da Secretaria Municipal de Sa\u00fade informa; Boletim Epidemiol\u00f3gico atualizado hoje dia 23 junho de 2021 \u00e0s 19h<\/a><\/li>\n\t\t<li class=\"wsp-post\"><a href=\"https:\/\/abelfigueiredo.pa.gov.br\/site\/a-prefeitura-de-abel-figueiredo-atraves-da-secretaria-municipal-de-saude-informa-boletim-epidemiologico-atualizado-hoje-dia-22-junho-de-2021-as-19h\/\">A Prefeitura de Abel Figueiredo atrav\u00e9s da Secretaria Municipal de Sa\u00fade informa; Boletim Epidemiol\u00f3gico atualizado hoje dia 22 junho de 2021 \u00e0s 19h<\/a><\/li>\n\t\t<li class=\"wsp-post\"><a href=\"https:\/\/abelfigueiredo.pa.gov.br\/site\/a-prefeitura-de-abel-figueiredo-atraves-da-secretaria-municipal-de-saude-informa-boletim-epidemiologico-atualizado-hoje-dia-21-junho-de-2021-as-19h\/\">A Prefeitura de Abel Figueiredo atrav\u00e9s da Secretaria Municipal de Sa\u00fade informa; Boletim Epidemiol\u00f3gico atualizado hoje dia 21 junho de 2021 \u00e0s 19h<\/a><\/li>\n\t\t<li class=\"wsp-post\"><a href=\"https:\/\/abelfigueiredo.pa.gov.br\/site\/a-prefeitura-de-abel-figueiredo-atraves-da-secretaria-municipal-de-saude-informa-boletim-epidemiologico-atualizado-hoje-dia-18-junho-de-2021-as-18h\/\">A Prefeitura de Abel Figueiredo atrav\u00e9s da Secretaria Municipal de Sa\u00fade informa; Boletim Epidemiol\u00f3gico atualizado hoje dia 18 junho de 2021 \u00e0s 18h<\/a><\/li>\n\t\t<li class=\"wsp-post\"><a href=\"https:\/\/abelfigueiredo.pa.gov.br\/site\/a-prefeitura-de-abel-figueiredo-atraves-da-secretaria-municipal-de-saude-informa-boletim-epidemiologico-atualizado-hoje-dia-17-junho-de-2021-as-19h\/\">A Prefeitura de Abel Figueiredo atrav\u00e9s da Secretaria Municipal de Sa\u00fade informa; Boletim Epidemiol\u00f3gico atualizado hoje dia 17 junho de 2021 \u00e0s 19h<\/a><\/li>\n\t\t<li class=\"wsp-post\"><a href=\"https:\/\/abelfigueiredo.pa.gov.br\/site\/a-prefeitura-de-abel-figueiredo-atraves-da-secretaria-municipal-de-saude-informa-boletim-epidemiologico-atualizado-hoje-dia-16-junho-de-2021-as-18h\/\">A Prefeitura de Abel Figueiredo atrav\u00e9s da Secretaria Municipal de Sa\u00fade informa; Boletim Epidemiol\u00f3gico atualizado hoje dia 16 junho de 2021 \u00e0s 18h<\/a><\/li>\n\t\t<li class=\"wsp-post\"><a href=\"https:\/\/abelfigueiredo.pa.gov.br\/site\/a-prefeitura-de-abel-figueiredo-atraves-da-secretaria-municipal-de-saude-informa-boletim-epidemiologico-atualizado-hoje-dia-15-junho-de-2021-as-19h\/\">A Prefeitura de Abel Figueiredo atrav\u00e9s da Secretaria Municipal de Sa\u00fade informa; Boletim Epidemiol\u00f3gico atualizado hoje dia 15 junho de 2021 \u00e0s 19h<\/a><\/li>\n\t\t<li class=\"wsp-post\"><a href=\"https:\/\/abelfigueiredo.pa.gov.br\/site\/a-prefeitura-de-abel-figueiredo-atraves-da-secretaria-municipal-de-saude-informa-boletim-epidemiologico-atualizado-hoje-dia-14-junho-de-2021-as-18h\/\">A Prefeitura de Abel Figueiredo atrav\u00e9s da Secretaria Municipal de Sa\u00fade informa; Boletim Epidemiol\u00f3gico atualizado hoje dia 14 junho de 2021 \u00e0s 18h<\/a><\/li>\n<\/ul><\/li>\n<\/ul><\/li>\n\t<li><strong class=\"wsp-category-title\">Category: <a href=\"https:\/\/abelfigueiredo.pa.gov.br\/site\/c\/noticias\/\">Not\u00edcias<\/a><\/strong>\n<ul class=\"wsp-posts-list\">\t\t<li class=\"wsp-post\"><a href=\"https:\/\/abelfigueiredo.pa.gov.br\/site\/abel-em-movimento\/\">Abel em Movimento<\/a><\/li>\n\t\t<li class=\"wsp-post\"><a href=\"https:\/\/abelfigueiredo.pa.gov.br\/site\/%f0%9f%93%9a-abertura-do-programa-proleei-em-abel-figueiredo-pa\/\">\ud83d\udcda Abertura do Programa ProLEEI em Abel Figueiredo &#8211; PA<\/a><\/li>\n\t\t<li class=\"wsp-post\"><a href=\"https:\/\/abelfigueiredo.pa.gov.br\/site\/dia-do-livro-infantil-18-de-abril\/\">Dia do Livro Infantil (18 de abril)<\/a><\/li>\n\t\t<li class=\"wsp-post\"><a href=\"https:\/\/abelfigueiredo.pa.gov.br\/site\/posse-das-gestoras-escolares-eleitas-de-forma-democratica\/\">Posse das Gestoras Escolares eleitas de forma Democr\u00e1tica<\/a><\/li>\n\t\t<li class=\"wsp-post\"><a href=\"https:\/\/abelfigueiredo.pa.gov.br\/site\/transformando-vidas-atraves-do-esporte%f0%9f%92%9b\/\">Transformando vidas atrav\u00e9s do esporte\ud83d\udc9b<\/a><\/li>\n\t\t<li class=\"wsp-post\"><a href=\"https:\/\/abelfigueiredo.pa.gov.br\/site\/municipio-de-abel-figueiredo-e-selo-fnas-%f0%9f%8f%85%e2%9c%a8\/\">Munic\u00edpio de Abel Figueiredo \u00e9 Selo FNAS \ud83c\udfc5\u2728<\/a><\/li>\n\t\t<li class=\"wsp-post\"><a href=\"https:\/\/abelfigueiredo.pa.gov.br\/site\/%f0%9f%8f%86-9o-campeonato-de-futsal-de-abel-figueiredo-prestigiando-esse-importante-evento-esportivo-do-municipio\/\">\ud83c\udfc6 9\u00ba Campeonato de Futsal de Abel Figueiredo, prestigiando esse importante evento esportivo do munic\u00edpio.<\/a><\/li>\n\t\t<li class=\"wsp-post\"><a href=\"https:\/\/abelfigueiredo.pa.gov.br\/site\/a-secretaria-municipal-de-assistencia-social-luciene-da-paz-e-a-coordenadora-do-cras-claudia-rodrigues-participaram-de-uma-importante-capacitacao-no-municipio-de-castanhal-com-assistencia-p\/\">A Secret\u00e1ria Municipal de Assist\u00eancia Social Luciene da Paz e a coordenadora do CRAS Cl\u00e1udia Rodrigues participaram de uma importante capacita\u00e7\u00e3o no Munic\u00edpio de Castanhal com;  \u201cAssist\u00eancia por todo Par\u00e1.<\/a><\/li>\n\t\t<li class=\"wsp-post\"><a href=\"https:\/\/abelfigueiredo.pa.gov.br\/site\/a-prefeitura-municipal-de-abel-figueiredo-atraves-da-secretaria-municipal-de-saude-esteve-presente-no-xii-congresso-de-secretarias-municipais-de-saude-do-para\/\">A Prefeitura Municipal de Abel Figueiredo, atrav\u00e9s da Secretaria Municipal de Sa\u00fade, esteve presente no XII Congresso de Secretarias Municipais de Sa\u00fade do Par\u00e1.<\/a><\/li>\n\t\t<li class=\"wsp-post\"><a href=\"https:\/\/abelfigueiredo.pa.gov.br\/site\/dia-mundial-da-conscientizacao-do-autismo-%f0%9f%92%99\/\">Dia Mundial da Conscientiza\u00e7\u00e3o do Autismo \ud83d\udc99<\/a><\/li>\n\t\t<li class=\"wsp-post\"><a href=\"https:\/\/abelfigueiredo.pa.gov.br\/site\/cuidar-das-pessoas-e-tambem-garantir-o-essencial-na-mesa-%f0%9f%a5%9b%f0%9f%92%9a\/\">Cuidar das pessoas \u00e9 tamb\u00e9m garantir o essencial na mesa. \ud83e\udd5b\ud83d\udc9a<\/a><\/li>\n\t\t<li class=\"wsp-post\"><a href=\"https:\/\/abelfigueiredo.pa.gov.br\/site\/acao-mulher\/\">A\u00e7\u00e3o Mulher<\/a><\/li>\n\t\t<li class=\"wsp-post\"><a href=\"https:\/\/abelfigueiredo.pa.gov.br\/site\/em-comemoracao-ao-mes-da-mulher\/\">Em comemora\u00e7\u00e3o ao m\u00eas da mulher<\/a><\/li>\n\t\t<li class=\"wsp-post\"><a href=\"https:\/\/abelfigueiredo.pa.gov.br\/site\/com-muita-alegria-retomamos-as-atividades-do-grupo-da-melhor-idade\/\">Com muita alegria retomamos as atividades do grupo da Melhor Idade<\/a><\/li>\n\t\t<li class=\"wsp-post\"><a href=\"https:\/\/abelfigueiredo.pa.gov.br\/site\/fortalecendo-lacos-construindo-historias-e-promovendo-cuidado-%f0%9f%92%99\/\">Fortalecendo la\u00e7os, construindo hist\u00f3rias e promovendo cuidado \ud83d\udc99<\/a><\/li>\n\t\t<li class=\"wsp-post\"><a href=\"https:\/\/abelfigueiredo.pa.gov.br\/site\/combate-a-hanseniase\/\">Combate a Hansen\u00edase<\/a><\/li>\n\t\t<li class=\"wsp-post\"><a href=\"https:\/\/abelfigueiredo.pa.gov.br\/site\/final-do-campeonato-municipal-de-abel-figueiredo\/\">Final do Campeonato Municipal de Abel Figueiredo<\/a><\/li>\n\t\t<li class=\"wsp-post\"><a href=\"https:\/\/abelfigueiredo.pa.gov.br\/site\/atencao-pais-e-responsaveis\/\">Aten\u00e7\u00e3o, pais e respons\u00e1veis!<\/a><\/li>\n\t\t<li class=\"wsp-post\"><a href=\"https:\/\/abelfigueiredo.pa.gov.br\/site\/selo-diamante\/\">Selo Diamante<\/a><\/li>\n\t\t<li class=\"wsp-post\"><a href=\"https:\/\/abelfigueiredo.pa.gov.br\/site\/abel-figueiredo-agora-faz-parte-do-mapa-do-turismo-brasileiro-%f0%9f%8c%8d%e2%9c%a8\/\">Abel Figueiredo agora faz parte do Mapa do Turismo Brasileiro! \ud83c\udf0d\u2728<\/a><\/li>\n\t\t<li class=\"wsp-post\"><a href=\"https:\/\/abelfigueiredo.pa.gov.br\/site\/a-escola-dom-pedro-celebrou-o-dia-da-consciencia-negra\/\">A Escola Dom Pedro celebrou o Dia da Consci\u00eancia Negra<\/a><\/li>\n\t\t<li class=\"wsp-post\"><a href=\"https:\/\/abelfigueiredo.pa.gov.br\/site\/abel-figueiredo-agora-faz-parte-do-mapa-do-turismo-brasileiro\/\">Abel Figueiredo agora faz parte do Mapa do Turismo Brasileiro!<\/a><\/li>\n\t\t<li class=\"wsp-post\"><a href=\"https:\/\/abelfigueiredo.pa.gov.br\/site\/conhecimento-que-transforma-o-campo-%f0%9f%8c%be\/\">Conhecimento que transforma o campo! \ud83c\udf3e<\/a><\/li>\n\t\t<li class=\"wsp-post\"><a href=\"https:\/\/abelfigueiredo.pa.gov.br\/site\/reuniao-com-os-pais-do-servico-de-convivencia-e-fortalecimento-de-vinculos\/\">Reuni\u00e3o com os pais do Servi\u00e7o de Conviv\u00eancia e Fortalecimento de V\u00ednculos<\/a><\/li>\n\t\t<li class=\"wsp-post\"><a href=\"https:\/\/abelfigueiredo.pa.gov.br\/site\/mais-uma-conquista-da-nossa-gestao\/\">Mais uma conquista da nossa gest\u00e3o!<\/a><\/li>\n\t\t<li class=\"wsp-post\"><a href=\"https:\/\/abelfigueiredo.pa.gov.br\/site\/estradas-melhores-significam-mais-%f0%9f%9a%9cdignidade\/\">Estradas melhores significam mais \ud83d\ude9cdignidade<\/a><\/li>\n\t\t<li class=\"wsp-post\"><a href=\"https:\/\/abelfigueiredo.pa.gov.br\/site\/cprocesso-eleitoral-para-escolha-do-gestor-escolar\/\">Processo Eleitoral para escolha do Gestor Escolar.<\/a><\/li>\n\t\t<li class=\"wsp-post\"><a href=\"https:\/\/abelfigueiredo.pa.gov.br\/site\/avaliacoes-do-sispae-2025-para-o-2o-ano-do-ensino-fundamental-%f0%9f%9a%80\/\">Avalia\u00e7\u00f5es do SisPAE 2025 para o 2\u00ba ano do ensino fundamental! \ud83d\ude80<\/a><\/li>\n\t\t<li class=\"wsp-post\"><a href=\"https:\/\/abelfigueiredo.pa.gov.br\/site\/2-de-novembro-dia-de-finados\/\">2 de Novembro \u2014 Dia de Finados<\/a><\/li>\n\t\t<li class=\"wsp-post\"><a href=\"https:\/\/abelfigueiredo.pa.gov.br\/site\/dia-do-servidor-publico\/\">DIA DO SERVIDOR P\u00daBLICO<\/a><\/li>\n\t\t<li class=\"wsp-post\"><a href=\"https:\/\/abelfigueiredo.pa.gov.br\/site\/06-de-outubro-dia-do-prefeito-3\/\">06 de Outubro | Dia do Prefeito<\/a><\/li>\n\t\t<li class=\"wsp-post\"><a href=\"https:\/\/abelfigueiredo.pa.gov.br\/site\/o-municipio-de-abel-figueiredo-foi-atendido-pelo-fundo-nacional-de-desenvolvimento-da-educacao-fnde-durante-evento-realizado-em-santarem-pa\/\">O Munic\u00edpio de Abel Figueiredo foi atendido pelo Fundo Nacional de Desenvolvimento da Educa\u00e7\u00e3o (FNDE), durante evento realizado em Santar\u00e9m-PA.<\/a><\/li>\n\t\t<li class=\"wsp-post\"><a href=\"https:\/\/abelfigueiredo.pa.gov.br\/site\/curso-de-derivados-do-leite\/\">Curso de Derivados do Leite.<\/a><\/li>\n\t\t<li class=\"wsp-post\"><a href=\"https:\/\/abelfigueiredo.pa.gov.br\/site\/primeiro-tanque-elevado-ecologico-em-abel-figueiredo\/\">Primeiro Tanque Elevado Ecol\u00f3gico em Abel Figueiredo<\/a><\/li>\n\t\t<li class=\"wsp-post\"><a href=\"https:\/\/abelfigueiredo.pa.gov.br\/site\/processo-para-selecao-de-candidatos-para-o-cargo-de-gestor-escolar-das-escolas-municipais-de-abel-figueiredo-para\/\">PROCESSO PARA SELE\u00c7\u00c3O DE CANDIDATOS PARA O CARGO DE GESTOR ESCOLAR DAS ESCOLAS MUNICIPAIS DE ABEL FIGUEIREDO &#8211; PAR\u00c1<\/a><\/li>\n\t\t<li class=\"wsp-post\"><a href=\"https:\/\/abelfigueiredo.pa.gov.br\/site\/jogos-estudantis-alusivos-a-semana-da-patria-chegaram-ao-fim-deixando-um-legado-de-uniao-respeito-e-espirito-esportivo\/\">Jogos Estudantis alusivos \u00e0 Semana da P\u00e1tria chegaram ao fim deixando um legado de uni\u00e3o, respeito e esp\u00edrito esportivo!<\/a><\/li>\n\t\t<li class=\"wsp-post\"><a href=\"https:\/\/abelfigueiredo.pa.gov.br\/site\/resgatamos-o-ato-civico-em-abel-figueiredo\/\">Resgatamos o Ato C\u00edvico em Abel Figueiredo<\/a><\/li>\n\t\t<li class=\"wsp-post\"><a href=\"https:\/\/abelfigueiredo.pa.gov.br\/site\/nossos-alunos-do-projeto-cantarolendo-tem-se-preparado-intensamente-nos-ensaios-da-banda-marcial\/\">Nossos alunos do projeto Cantarolendo t\u00eam se preparado intensamente nos ensaios da banda marcial<\/a><\/li>\n\t\t<li class=\"wsp-post\"><a href=\"https:\/\/abelfigueiredo.pa.gov.br\/site\/consulta-com-o-dr-aston-chaves-urologista\/\">Consulta com o Dr. Aston Chaves, Urologista.<\/a><\/li>\n\t\t<li class=\"wsp-post\"><a href=\"https:\/\/abelfigueiredo.pa.gov.br\/site\/abertura-oficial-dos-jogos-estudantis\/\">Abertura oficial dos Jogos Estudantis<\/a><\/li>\n\t\t<li class=\"wsp-post\"><a href=\"https:\/\/abelfigueiredo.pa.gov.br\/site\/culto-de-gratidao\/\">Culto de Gratid\u00e3o<\/a><\/li>\n\t\t<li class=\"wsp-post\"><a href=\"https:\/\/abelfigueiredo.pa.gov.br\/site\/aniversario-do-ministro-celso-sabino\/\">Anivers\u00e1rio do Ministro Celso Sabino.<\/a><\/li>\n\t\t<li class=\"wsp-post\"><a href=\"https:\/\/abelfigueiredo.pa.gov.br\/site\/aulas-de-hidroginastica-para-3a-idade\/\">Aulas de Hidrogin\u00e1stica, para 3\u00aa idade.<\/a><\/li>\n\t\t<li class=\"wsp-post\"><a href=\"https:\/\/abelfigueiredo.pa.gov.br\/site\/programa-nacional-eleitor-do-futuro\/\">Programa Nacional Eleitor do Futuro<\/a><\/li>\n\t\t<li class=\"wsp-post\"><a href=\"https:\/\/abelfigueiredo.pa.gov.br\/site\/agosto-lilas-em-acao\/\">Agosto Lil\u00e1s em a\u00e7\u00e3o<\/a><\/li>\n\t\t<li class=\"wsp-post\"><a href=\"https:\/\/abelfigueiredo.pa.gov.br\/site\/primeira-colheita-de-melancia-em-abel-figueiredo\/\">Primeira colheita de melancia em Abel Figueiredo!<\/a><\/li>\n\t\t<li class=\"wsp-post\"><a href=\"https:\/\/abelfigueiredo.pa.gov.br\/site\/agosto-verde-mes-da-primeira-infancia\/\">Agosto Verde, m\u00eas da Primeira Inf\u00e2ncia<\/a><\/li>\n\t\t<li class=\"wsp-post\"><a href=\"https:\/\/abelfigueiredo.pa.gov.br\/site\/abertura-do-2o-semestre-com-o-grupo-melhor-idade\/\">abertura do 2\u00ba semestre com o Grupo Melhor Idade<\/a><\/li>\n\t\t<li class=\"wsp-post\"><a href=\"https:\/\/abelfigueiredo.pa.gov.br\/site\/a-cooppraf-agora-e-realidade\/\">A COOPPRAF agora \u00e9 realidade!<\/a><\/li>\n\t\t<li class=\"wsp-post\"><a href=\"https:\/\/abelfigueiredo.pa.gov.br\/site\/o-programa-leite\/\">O Programa + Leite<\/a><\/li>\n\t\t<li class=\"wsp-post\"><a href=\"https:\/\/abelfigueiredo.pa.gov.br\/site\/11-de-agosto-dia-do-estudante-3\/\">11 de Agosto \u2013 Dia do Estudante<\/a><\/li>\n\t\t<li class=\"wsp-post\"><a href=\"https:\/\/abelfigueiredo.pa.gov.br\/site\/11-de-agosto-dia-do-estudante-2\/\">11 de Agosto \u2013 Dia do Estudante<\/a><\/li>\n\t\t<li class=\"wsp-post\"><a href=\"https:\/\/abelfigueiredo.pa.gov.br\/site\/agradeco-a-deus-pela-vida-de-todos-os-pais-da-nossa-querida-abel-figueiredo\/\">Agrade\u00e7o a Deus pela vida de todos os pais da nossa querida Abel Figueiredo.<\/a><\/li>\n\t\t<li class=\"wsp-post\"><a href=\"https:\/\/abelfigueiredo.pa.gov.br\/site\/tigres-brasil-e-campeao-do-19o-copao-intermunicipal-2\/\">Tigres Brasil \u00e9 campe\u00e3o do 19\u00ba Cop\u00e3o Intermunicipal<\/a><\/li>\n\t\t<li class=\"wsp-post\"><a href=\"https:\/\/abelfigueiredo.pa.gov.br\/site\/tigres-brasil-e-campeao-do-19o-copao-intermunicipal\/\">Tigres Brasil \u00e9 campe\u00e3o do 19\u00ba Cop\u00e3o Intermunicipal<\/a><\/li>\n\t\t<li class=\"wsp-post\"><a href=\"https:\/\/abelfigueiredo.pa.gov.br\/site\/nao-poderia-ter-um-momento-melhor-para-inaugurar-a-escola-maria-ilza-do-que-na-vespera-do-dia-dos-pais\/\">N\u00e3o poderia ter um momento melhor para inaugurar a Escola Maria Ilza do que na v\u00e9spera do Dia dos Pais.<\/a><\/li>\n\t\t<li class=\"wsp-post\"><a href=\"https:\/\/abelfigueiredo.pa.gov.br\/site\/volta-as-aulas-com-sabor-regional\/\">Volta \u00e0s aulas com sabor regional!<\/a><\/li>\n\t\t<li class=\"wsp-post\"><a href=\"https:\/\/abelfigueiredo.pa.gov.br\/site\/nossa-gestao-valoriza-e-prioriza-o-agricultor-porque-reconhece-sua-forca-como-base-do-desenvolvimento-do-nosso-municipio\/\">Nossa gest\u00e3o valoriza e prioriza o agricultor, porque reconhece sua for\u00e7a como base do desenvolvimento do nosso munic\u00edpio.<\/a><\/li>\n\t\t<li class=\"wsp-post\"><a href=\"https:\/\/abelfigueiredo.pa.gov.br\/site\/audiencia-publica-ppa-2026-2029\/\">Audi\u00eancia P\u00fablica PPA 2026-2029<\/a><\/li>\n\t\t<li class=\"wsp-post\"><a href=\"https:\/\/abelfigueiredo.pa.gov.br\/site\/neste-sabado-dia-19-07-foi-a-grande-abertura-do-19o-copao-intermunicipal-de-abel-figueiredo\/\">Abertura do 19\u00ba Cop\u00e3o Intermunicipal agita Abel Figueiredo com jogos emocionantes e premia\u00e7\u00e3o recorde<\/a><\/li>\n\t\t<li class=\"wsp-post\"><a href=\"https:\/\/abelfigueiredo.pa.gov.br\/site\/o-municipio-acaba-de-receber-grandes-conquistas-com-o-apoio-do-ministro-do-turismo-celso-sabino\/\">O munic\u00edpio acaba de receber grandes conquistas com o apoio do ministro do Turismo, Celso Sabino:<\/a><\/li>\n\t\t<li class=\"wsp-post\"><a href=\"https:\/\/abelfigueiredo.pa.gov.br\/site\/prefeito-marcone-lacerda-acompanhou-a-agenda-do-ministro-do-turismo-celso-sabino\/\">Prefeito Marcone Lacerda acompanhou a agenda do ministro do Turismo, Celso Sabino.<\/a><\/li>\n\t\t<li class=\"wsp-post\"><a href=\"https:\/\/abelfigueiredo.pa.gov.br\/site\/culminancia-do-projeto-na-pontinha-do-pe-com-a-participacao-dos-projetos-zumba-e-cantarolendo\/\">Culmin\u00e2ncia do projeto na pontinha do p\u00e9, com a participa\u00e7\u00e3o dos projetos Zumba e  Cantarolendo!<\/a><\/li>\n\t\t<li class=\"wsp-post\"><a href=\"https:\/\/abelfigueiredo.pa.gov.br\/site\/a-secretaria-de-saude-de-abel-figueiredo-promoveu-um-momento-especial-de-reconhecimento-e-valorizacao-aos-profissionais-de-enfermagem-do-nosso-municipio-com-a-presenca-do-prefeito-marcone-lacerda\/\">A Secretaria de Sa\u00fade de Abel Figueiredo promoveu um momento especial de reconhecimento e valoriza\u00e7\u00e3o aos profissionais de Enfermagem do nosso munic\u00edpio, com a presen\u00e7a do prefeito Marcone Lacerda.<\/a><\/li>\n\t\t<li class=\"wsp-post\"><a href=\"https:\/\/abelfigueiredo.pa.gov.br\/site\/plano-de-aplicacao-dos-recursos-da-politica-nacional-aldir-blanc-de-fomento-a-cultura\/\">Plano de aplica\u00e7\u00e3o dos recursos da pol\u00edtica nacional Aldir Blanc de fomento\u00a0\u00e0\u00a0cultura<\/a><\/li>\n\t\t<li class=\"wsp-post\"><a href=\"https:\/\/abelfigueiredo.pa.gov.br\/site\/%f0%9f%8e%ad-convite-aos-agentes-culturais-de-abel-figueiredo\/\">\ud83c\udfad Convite aos agentes culturais de Abel Figueiredo!<\/a><\/li>\n\t\t<li class=\"wsp-post\"><a href=\"https:\/\/abelfigueiredo.pa.gov.br\/site\/reuniao-do-grupo-nova-vida-gestantes-de-abel-figueiredo\/\">Reuni\u00e3o do Grupo Nova Vida \u2013 Gestantes de Abel Figueiredo<\/a><\/li>\n\t\t<li class=\"wsp-post\"><a href=\"https:\/\/abelfigueiredo.pa.gov.br\/site\/a-final-do-campeonato-de-futsal-de-abel-figueiredo-foi-eletrizante\/\">A final do Campeonato de Futsal de Abel Figueiredo foi eletrizante.<\/a><\/li>\n\t\t<li class=\"wsp-post\"><a href=\"https:\/\/abelfigueiredo.pa.gov.br\/site\/maio-laranja-faca-bonito-proteja-nossas-criancas-e-adolescentes\/\">MAIO LARANJA ( FA\u00c7A BONITO- PROTEJA NOSSAS CRIAN\u00c7AS E ADOLESCENTES )<\/a><\/li>\n\t\t<li class=\"wsp-post\"><a href=\"https:\/\/abelfigueiredo.pa.gov.br\/site\/dia-do-assistente-social\/\">DIA DO ASSISTENTE SOCIAL<\/a><\/li>\n\t\t<li class=\"wsp-post\"><a href=\"https:\/\/abelfigueiredo.pa.gov.br\/site\/12-de-maio-dia-internacional-da-enfermagem\/\">12 de Maio \u2013 Dia Internacional da Enfermagem<\/a><\/li>\n\t\t<li class=\"wsp-post\"><a href=\"https:\/\/abelfigueiredo.pa.gov.br\/site\/festa-em-homenagem-ao-dia-das-maes-emociona-e-reune-centenas-em-abel-figueiredo\/\">Festa em Homenagem ao Dia das M\u00e3es emociona e re\u00fane centenas em Abel Figueiredo<\/a><\/li>\n\t\t<li class=\"wsp-post\"><a href=\"https:\/\/abelfigueiredo.pa.gov.br\/site\/visita-do-ministro-do-turismo-celso-sabino-na-obra-da-futura-lagoa-de-abel-figueiredo-pa\/\">VISITA DO MINISTRO DO TURISMO CELSO SABINO NA OBRA DA FUTURA LAGOA DE ABEL FIGUEIREDO-PA<\/a><\/li>\n\t\t<li class=\"wsp-post\"><a href=\"https:\/\/abelfigueiredo.pa.gov.br\/site\/abel-figueiredo-assume-papel-estrategico-na-undime-para-em-eleicao-na-capital-belem\/\">Abel Figueiredo assume papel estrat\u00e9gico na Undime Par\u00e1 em elei\u00e7\u00e3o na capital Bel\u00e9m<\/a><\/li>\n\t\t<li class=\"wsp-post\"><a href=\"https:\/\/abelfigueiredo.pa.gov.br\/site\/educacao-em-foco-reforma-do-colegio-maria-ilza-e-nova-rota-do-transporte-escolar-beneficiam-comunidade\/\">Educa\u00e7\u00e3o em Foco: Reforma do Col\u00e9gio Maria Ilza e Nova Rota do Transporte Escolar Beneficiam Comunidade<\/a><\/li>\n\t\t<li class=\"wsp-post\"><a href=\"https:\/\/abelfigueiredo.pa.gov.br\/site\/mais-de-100-oculos-entregues-e-80-consultas-oftalmologicas-realizadas-em-abel-figueiredo\/\">Mais de 100 \u00f3culos entregues e 80 consultas oftalmol\u00f3gicas realizadas em Abel Figueiredo<\/a><\/li>\n\t\t<li class=\"wsp-post\"><a href=\"https:\/\/abelfigueiredo.pa.gov.br\/site\/%f0%9f%8f%86abel-figueiredo-recebe-selo-nacional-ouro-do-compromisso-com-a-alfabetizacao\/\">\ud83c\udfc6Abel Figueiredo recebe Selo Nacional Ouro do Compromisso com a Alfabetiza\u00e7\u00e3o<\/a><\/li>\n\t\t<li class=\"wsp-post\"><a href=\"https:\/\/abelfigueiredo.pa.gov.br\/site\/estudantes-de-abel-figueiredo-terao-transporte-escolar-para-maraba\/\">Estudantes de Abel Figueiredo Ter\u00e3o Transporte Escolar para Marab\u00e1<\/a><\/li>\n\t\t<li class=\"wsp-post\"><a href=\"https:\/\/abelfigueiredo.pa.gov.br\/site\/prefeito-marcone-lacerda-busca-investimentos-para-saude-e-desenvolvimento-economico-em-belem\/\">Prefeito Marcone Lacerda busca investimentos para sa\u00fade e desenvolvimento econ\u00f4mico em Bel\u00e9m<\/a><\/li>\n\t\t<li class=\"wsp-post\"><a href=\"https:\/\/abelfigueiredo.pa.gov.br\/site\/relatorio-final-da-comissao-administrativa-de-transicao-de-mandato-2024-2025\/\">Relat\u00f3rio Final da Comiss\u00e3o Administrativa de Transi\u00e7\u00e3o de Mandato 2024-2025<\/a><\/li>\n\t\t<li class=\"wsp-post\"><a href=\"https:\/\/abelfigueiredo.pa.gov.br\/site\/e-selo-diamante-de-novo-abel-figueiredo-brilha-em-transparencia-publica\/\">\u00c9 Selo Diamante de Novo! Abel Figueiredo Brilha em Transpar\u00eancia P\u00fablica!<\/a><\/li>\n\t\t<li class=\"wsp-post\"><a href=\"https:\/\/abelfigueiredo.pa.gov.br\/site\/ordem-de-servico-para-a-construcao-da-praca-da-juventude-dando-inicio-a-segunda-fase-de-urbanizacao-da-lagoa\/\">Ordem de servi\u00e7o para a Constru\u00e7\u00e3o da Pra\u00e7a da Juventude, dando in\u00edcio a segunda fase de urbaniza\u00e7\u00e3o da Lagoa<\/a><\/li>\n\t\t<li class=\"wsp-post\"><a href=\"https:\/\/abelfigueiredo.pa.gov.br\/site\/dia-da-consciencia-negra\/\">Dia da Consci\u00eancia Negra<\/a><\/li>\n\t\t<li class=\"wsp-post\"><a href=\"https:\/\/abelfigueiredo.pa.gov.br\/site\/acao-cidadania-por-todo-para-realizada-com-sucesso-em-abel-figueiredo\/\">A\u00e7\u00e3o Cidadania por Todo Par\u00e1 Realizada com Sucesso em Abel Figueiredo!<\/a><\/li>\n\t\t<li class=\"wsp-post\"><a href=\"https:\/\/abelfigueiredo.pa.gov.br\/site\/dia-d-do-novembro-azul\/\">dia &#8220;D&#8221; do Novembro Azul<\/a><\/li>\n\t\t<li class=\"wsp-post\"><a href=\"https:\/\/abelfigueiredo.pa.gov.br\/site\/construcao-da-galeria-para-drenagem-urbana-do-bairro-bela-vista\/\">CONSTRU\u00c7\u00c3O DA GALERIA PARA DRENAGEM URBANA DO BAIRRO BELA VISTA<\/a><\/li>\n\t\t<li class=\"wsp-post\"><a href=\"https:\/\/abelfigueiredo.pa.gov.br\/site\/dia-d-da-vacinacao-contra-gripe-dia-14-de-novembro\/\">Dia D da Vacina\u00e7\u00e3o contra Gripe dia 14 de novembro.<\/a><\/li>\n\t\t<li class=\"wsp-post\"><a href=\"https:\/\/abelfigueiredo.pa.gov.br\/site\/pnab-politica-nacional-aldir-blanc-de-fomento-a-cultura\/\">PNAB (Pol\u00edtica Nacional Aldir Blanc de fomento \u00e0 cultura)<\/a><\/li>\n\t\t<li class=\"wsp-post\"><a href=\"https:\/\/abelfigueiredo.pa.gov.br\/site\/periodo-eleitoral\/\">Per\u00edodo Eleitoral<\/a><\/li>\n\t\t<li class=\"wsp-post\"><a href=\"https:\/\/abelfigueiredo.pa.gov.br\/site\/o-municipio-de-abel-figueiredo-pa-recebeu-um-onibus-rural-escolar-ore1\/\">o munic\u00edpio de Abel Figueiredo &#8211; PA recebeu um \u00d4nibus Rural Escolar ORE1<\/a><\/li>\n\t\t<li class=\"wsp-post\"><a href=\"https:\/\/abelfigueiredo.pa.gov.br\/site\/capacitacao-de-atualizacao-do-operadores-do-suas\/\">Capacita\u00e7\u00e3o de atualiza\u00e7\u00e3o  do &#8220;Operadores do SUAS&#8221;<\/a><\/li>\n\t\t<li class=\"wsp-post\"><a href=\"https:\/\/abelfigueiredo.pa.gov.br\/site\/alo-abel-figueiredo-e-regiao-vem-ai-o-mio-arraia-de-todos-os-tempos-o-arraia-do-povo-2024-vai-ser-bom-demais-sio-dias-28-de-29-de-junho-na-avenida-alacid-nunes-com-muitas-comilancas-e-muito-fo\/\">Arrai\u00e1 do Povo 2024 realizado com sucesso em Abel Figueiredo.<\/a><\/li>\n\t\t<li class=\"wsp-post\"><a href=\"https:\/\/abelfigueiredo.pa.gov.br\/site\/saude-em-acao-trazendo-atendimentos-especializados-para-nosso-municipio\/\">Sa\u00fade em a\u00e7\u00e3o trazendo atendimentos especializados para nosso munic\u00edpio.<\/a><\/li>\n\t\t<li class=\"wsp-post\"><a href=\"https:\/\/abelfigueiredo.pa.gov.br\/site\/neste-final-de-semana-teremos-grandes-emocoes-nas-semifinais-do-7-campeonato-municipal-de-futsal-masculino\/\">Neste final de semana teremos grandes emo\u00e7\u00f5es nas semifinais do 7\u00b0 Campeonato Municipal de Futsal masculino.<\/a><\/li>\n\t\t<li class=\"wsp-post\"><a href=\"https:\/\/abelfigueiredo.pa.gov.br\/site\/conferencia-da-saude-realizada-com-sucesso\/\">CONFER\u00caNCIA DA SA\u00daDE REALIZADA COM SUCESSO<\/a><\/li>\n\t\t<li class=\"wsp-post\"><a href=\"https:\/\/abelfigueiredo.pa.gov.br\/site\/campanha-de-vacinacao-contra-a-poliomielite-2024-2\/\">Campanha de Vacina\u00e7\u00e3o contra a poliomielite 2024.<\/a><\/li>\n\t\t<li class=\"wsp-post\"><a href=\"https:\/\/abelfigueiredo.pa.gov.br\/site\/secretaria-municipal-de-saude-realizando-atendimentos-com-cardiologista-em-abel-figueiredo-pa\/\">Secretaria Municipal de Sa\u00fade realizando atendimentos com Cardiologista em Abel Figueiredo-PA.<\/a><\/li>\n\t\t<li class=\"wsp-post\"><a href=\"https:\/\/abelfigueiredo.pa.gov.br\/site\/palestra-em-parceria-com-a-instituicao-financeira-sicredi\/\">Palestra, em parceria com a Institui\u00e7\u00e3o Financeira SICREDI.<\/a><\/li>\n\t\t<li class=\"wsp-post\"><a href=\"https:\/\/abelfigueiredo.pa.gov.br\/site\/campanha-de-vacinacao-contra-a-poliomielite-2024\/\">Campanha de Vacina\u00e7\u00e3o contra a poliomielite 2024.<\/a><\/li>\n\t\t<li class=\"wsp-post\"><a href=\"https:\/\/abelfigueiredo.pa.gov.br\/site\/na-semana-do-meio-ambiente-a-prefeitura-lanca-o-projeto-palestra-jardim-na-escola\/\">Na semana do Meio Ambiente a Prefeitura lan\u00e7a o projeto Palestra Jardim na Escola.<\/a><\/li>\n\t\t<li class=\"wsp-post\"><a href=\"https:\/\/abelfigueiredo.pa.gov.br\/site\/abel-figueiredo-conquista-uma-motoniveladora-patrol-que-vai-ajudar-muito-na-manutencao-das-entradas-rurais-do-nosso-municipio\/\">Abel Figueiredo conquista uma motoniveladora (Patrol) que vai ajudar muito na manuten\u00e7\u00e3o das entradas Rurais do nosso munic\u00edpio.<\/a><\/li>\n\t\t<li class=\"wsp-post\"><a href=\"https:\/\/abelfigueiredo.pa.gov.br\/site\/prefeito-antonio-calhau-e-equipe-presentes-na-sessao-de-hoje-na-camara-municipal-de-vereadores-2\/\">Prefeito Ant\u00f4nio Calhau e equipe, presentes na sess\u00e3o de hoje na C\u00e2mara Municipal de Vereadores.<\/a><\/li>\n\t\t<li class=\"wsp-post\"><a href=\"https:\/\/abelfigueiredo.pa.gov.br\/site\/corpus-christi\/\">Corpus Christi<\/a><\/li>\n\t\t<li class=\"wsp-post\"><a href=\"https:\/\/abelfigueiredo.pa.gov.br\/site\/a-prefeitura-inicia-a-reforma-da-escola-dom-pedro-il-no-bairro-nova-brasilia\/\">A Prefeitura inicia a Reforma da escola Dom Pedro Il no bairro Nova Bras\u00edlia.<\/a><\/li>\n\t\t<li class=\"wsp-post\"><a href=\"https:\/\/abelfigueiredo.pa.gov.br\/site\/atas-das-consultas-publicas-pnab-2024\/\">Atas das Consultas P\u00fablicas &#8211; PNAB 2024<\/a><\/li>\n\t\t<li class=\"wsp-post\"><a href=\"https:\/\/abelfigueiredo.pa.gov.br\/site\/educacao-de-qualidade-abel-figueiredo-tem\/\">Educa\u00e7\u00e3o de qualidade, Abel Figueiredo tem.<\/a><\/li>\n\t\t<li class=\"wsp-post\"><a href=\"https:\/\/abelfigueiredo.pa.gov.br\/site\/oficina-de-assessoramento-ao-conselho-municipal-de-assistencia-social\/\">OFICINA de ASSESSORAMENTO ao Conselho Municipal de Assist\u00eancia social<\/a><\/li>\n\t\t<li class=\"wsp-post\"><a href=\"https:\/\/abelfigueiredo.pa.gov.br\/site\/acao-18-de-maio-contra-o-abuso-e-a-exploracao-sexual-de-criancas-e-adolescentes-em-abel-figueiredo\/\">A\u00e7\u00e3o 18 de maio contra o abuso e a explora\u00e7\u00e3o sexual de crian\u00e7as e adolescentes em Abel Figueiredo.<\/a><\/li>\n\t\t<li class=\"wsp-post\"><a href=\"https:\/\/abelfigueiredo.pa.gov.br\/site\/trabalhandoparaopovo\/\">#trabalhandoparaopovo<\/a><\/li>\n\t\t<li class=\"wsp-post\"><a href=\"https:\/\/abelfigueiredo.pa.gov.br\/site\/na-semana-do-mei-abel-figueiredo-recebe-uma-palestra-importante-para-os-nossos-empreendedores\/\">Na Semana do MEI Abel Figueiredo recebe uma palestra importante para os nossos empreendedores.<\/a><\/li>\n\t\t<li class=\"wsp-post\"><a href=\"https:\/\/abelfigueiredo.pa.gov.br\/site\/20-de-maio-dia-do-pedagogo-3\/\">20 de maio, Dia do Pedagogo.<\/a><\/li>\n\t\t<li class=\"wsp-post\"><a href=\"https:\/\/abelfigueiredo.pa.gov.br\/site\/20-de-maio-dia-do-auxiliar-e-tecnico-de-enfermagem\/\">20 de maio, dia do auxiliar e t\u00e9cnico de enfermagem.<\/a><\/li>\n\t\t<li class=\"wsp-post\"><a href=\"https:\/\/abelfigueiredo.pa.gov.br\/site\/parabens-governador-helder-barbalho\/\">Parab\u00e9ns Governador Helder Barbalho.<\/a><\/li>\n\t\t<li class=\"wsp-post\"><a href=\"https:\/\/abelfigueiredo.pa.gov.br\/site\/campanha-faca-bonito-e-alusiva-ao-18-de-maio-dia-nacional-de-combate-ao-abuso-e-a-exploracao-sexual-contra-criancas-e-adolescentes\/\">Campanha &#8216;Fa\u00e7a Bonito&#8217; \u00e9 alusiva ao 18 de maio &#8211; Dia Nacional de Combate ao Abuso e \u00e0 Explora\u00e7\u00e3o Sexual contra Crian\u00e7as e Adolescentes.<\/a><\/li>\n\t\t<li class=\"wsp-post\"><a href=\"https:\/\/abelfigueiredo.pa.gov.br\/site\/16-de-maio-feliz-dia-do-gari\/\">16 de maio, Feliz dia do Gari!<\/a><\/li>\n\t\t<li class=\"wsp-post\"><a href=\"https:\/\/abelfigueiredo.pa.gov.br\/site\/alepa-cidadania-em-abel-figueiredo-pa-2\/\">ALEPA CIDADANIA EM ABEL FIGUEIREDO-PA.<\/a><\/li>\n\t\t<li class=\"wsp-post\"><a href=\"https:\/\/abelfigueiredo.pa.gov.br\/site\/15-de-maio-dia-do-assistente-social-2\/\">15 de maio, Dia do Assistente Social.<\/a><\/li>\n\t\t<li class=\"wsp-post\"><a href=\"https:\/\/abelfigueiredo.pa.gov.br\/site\/comunicado-importante-4\/\">Comunicado Importante.<\/a><\/li>\n\t\t<li class=\"wsp-post\"><a href=\"https:\/\/abelfigueiredo.pa.gov.br\/site\/assistencia-social\/\">Assist\u00eancia Social<\/a><\/li>\n\t\t<li class=\"wsp-post\"><a href=\"https:\/\/abelfigueiredo.pa.gov.br\/site\/alepa-cidadania-em-abel-figueiredo-pa\/\">ALEPA CIDADANIA EM ABEL FIGUEIREDO-PA.<\/a><\/li>\n\t\t<li class=\"wsp-post\"><a href=\"https:\/\/abelfigueiredo.pa.gov.br\/site\/12-de-maio-dia-das-maes\/\">12 de maio Dia das m\u00e3es.<\/a><\/li>\n\t\t<li class=\"wsp-post\"><a href=\"https:\/\/abelfigueiredo.pa.gov.br\/site\/grande-festa-em-homenagem-ao-dia-das-maes-marca-a-noite-de-sexta-feira-em-abel-figueiredo-pa\/\">Grande Festa em homenagem ao dia das M\u00e3es marca a noite de sexta-feira em Abel Figueiredo-PA.<\/a><\/li>\n\t\t<li class=\"wsp-post\"><a href=\"https:\/\/abelfigueiredo.pa.gov.br\/site\/resgate-de-vacinacao-contra-o-hpv-para-adolescentes-que-nao-tomaram-nenhuma-dose-compa\/\">Resgate de vacina\u00e7\u00e3o Contra o HPV para adolescentes que n\u00e3o tomaram nenhuma dose. #compa<\/a><\/li>\n\t\t<li class=\"wsp-post\"><a href=\"https:\/\/abelfigueiredo.pa.gov.br\/site\/primeiro-encontro-do-paif\/\">Primeiro encontro do PAIF<\/a><\/li>\n\t\t<li class=\"wsp-post\"><a href=\"https:\/\/abelfigueiredo.pa.gov.br\/site\/festa-do-dia-das-maes\/\">Festa do Dia das M\u00e3es.<\/a><\/li>\n\t\t<li class=\"wsp-post\"><a href=\"https:\/\/abelfigueiredo.pa.gov.br\/site\/abertura-do-7-campeonato-de-futsal-feminino-2024\/\">Abertura do 7\u00b0 Campeonato de Futsal Feminino 2024.<\/a><\/li>\n\t\t<li class=\"wsp-post\"><a href=\"https:\/\/abelfigueiredo.pa.gov.br\/site\/prefeito-antonio-calhau-e-equipe-presentes-na-sessao-de-hoje-na-camara-municipal-de-vereadores\/\">Prefeito Ant\u00f4nio Calhau e equipe, presentes na sess\u00e3o de hoje na C\u00e2mara Municipal de Vereadores.<\/a><\/li>\n\t\t<li class=\"wsp-post\"><a href=\"https:\/\/abelfigueiredo.pa.gov.br\/site\/abel-figueiredo-recebeu-hoje-pela-manha-a-visita-de-servidores-da-fundacao-cultural-do-para\/\">Abel Figueiredo recebeu hoje pela manh\u00e3 a visita de Servidores da Funda\u00e7\u00e3o Cultural do Par\u00e1.<\/a><\/li>\n\t\t<li class=\"wsp-post\"><a href=\"https:\/\/abelfigueiredo.pa.gov.br\/site\/feliz-dia-do-trabalhador\/\">Feliz Dia do Trabalhador!<\/a><\/li>\n\t\t<li class=\"wsp-post\"><a href=\"https:\/\/abelfigueiredo.pa.gov.br\/site\/capacitacao-em-justica-igualdade-racial-e-direitos-humanos-nos-dias-23-e-24-de-abril-com-tecnicos-damasio-alves-e-priscilla-taveira-por-meio-da-seju-secretaria-de-justica\/\">capacita\u00e7\u00e3o  em Justi\u00e7a, Igualdade Racial e Direitos Humanos nos dias 23 e 24 de abril com T\u00e9cnicos Dam\u00e1sio Alves e Priscilla Taveira,  por meio da SEJU- Secretaria de Justi\u00e7a<\/a><\/li>\n\t\t<li class=\"wsp-post\"><a href=\"https:\/\/abelfigueiredo.pa.gov.br\/site\/treinamento-de-conservacao-higienizacao-e-preservacao-de-livros-e-revitalizacao-da-biblioteca-publica-adenilza-conceicao-da-silva\/\">TREINAMENTO DE CONSERVA\u00c7\u00c3O, HIGIENIZA\u00c7\u00c3O E PRESERVA\u00c7\u00c3O DE LIVROS E REVITALIZA\u00c7\u00c3O DA BIBLIOTECA P\u00daBLICA ADENILZA CONCEI\u00c7\u00c3O DA SILVA<\/a><\/li>\n\t\t<li class=\"wsp-post\"><a href=\"https:\/\/abelfigueiredo.pa.gov.br\/site\/11-de-abril-dia-de-parabenizar-o-prefeito-antonio-calhau-pelo-seu-dia\/\">11 de Abril, Dia de Parabenizar o Prefeito Ant\u00f4nio Calhau pelo seu Dia.<\/a><\/li>\n\t\t<li class=\"wsp-post\"><a href=\"https:\/\/abelfigueiredo.pa.gov.br\/site\/comunicacao-para-concessao-de-reequilibrio-economico-financeiro\/\">Comunica\u00e7\u00e3o para concess\u00e3o de Reequil\u00edbrio Econ\u00f4mico-Financeiro<\/a><\/li>\n\t\t<li class=\"wsp-post\"><a href=\"https:\/\/abelfigueiredo.pa.gov.br\/site\/acao-saude-da-mulher\/\">A\u00e7\u00e3o Sa\u00fade da Mulher<\/a><\/li>\n\t\t<li class=\"wsp-post\"><a href=\"https:\/\/abelfigueiredo.pa.gov.br\/site\/02-de-abril-dia-mundial-de-conscientizacao-do-autismo\/\">02 de Abril, Dia Mundial de Conscientiza\u00e7\u00e3o do Autismo.<\/a><\/li>\n\t\t<li class=\"wsp-post\"><a href=\"https:\/\/abelfigueiredo.pa.gov.br\/site\/sexta-feira-santa\/\">Sexta-feira Santa<\/a><\/li>\n\t\t<li class=\"wsp-post\"><a href=\"https:\/\/abelfigueiredo.pa.gov.br\/site\/a-prefeitura-municipal-de-abel-figueiredo-atraves-da-secretaria-municipal-de-educacao-recebeu-o-certificado-de-reconhecimento-de-destaque-do-programa-alfabetiza-para\/\">A prefeitura municipal de Abel Figueiredo, atrav\u00e9s da Secretaria Municipal de Educa\u00e7\u00e3o, recebeu o certificado de reconhecimento de destaque do Programa Alfabetiza Par\u00e1.<\/a><\/li>\n\t\t<li class=\"wsp-post\"><a href=\"https:\/\/abelfigueiredo.pa.gov.br\/site\/a-banca-do-tre-tribunal-regional-eleitoral-estara-em-abel-figueiredo-na-proxima-terca-feira-26-de-marco\/\">A Banca do TRE Tribunal Regional Eleitoral estar\u00e1 em Abel Figueiredo na pr\u00f3xima ter\u00e7a-feira, 26 de mar\u00e7o.<\/a><\/li>\n\t\t<li class=\"wsp-post\"><a href=\"https:\/\/abelfigueiredo.pa.gov.br\/site\/inaugurada-com-sucesso-a-sala-do-empreendedor-de-abel-figueiredo-pa\/\">Inaugurada com Sucesso a Sala do Empreendedor de Abel Figueiredo-PA.<\/a><\/li>\n\t\t<li class=\"wsp-post\"><a href=\"https:\/\/abelfigueiredo.pa.gov.br\/site\/convite-15\/\">Convite<\/a><\/li>\n\t\t<li class=\"wsp-post\"><a href=\"https:\/\/abelfigueiredo.pa.gov.br\/site\/retorno-do-servicos-de-convivencia-e-fortalecimento-de-vinculos-melhor-idade\/\">RETORNO DO SERVI\u00c7OS DE CONVIV\u00caNCIA E FORTALECIMENTO DE V\u00cdNCULOS &#8221; MELHOR IDADE&#8221;<\/a><\/li>\n\t\t<li class=\"wsp-post\"><a href=\"https:\/\/abelfigueiredo.pa.gov.br\/site\/inscricoes-abertas-para-o-curso-de-violao-para-jovens-e-adultos-a-partir-dos-18-anos-vagas-limitadas\/\">Inscri\u00e7\u00f5es Abertas para o Curso de Viol\u00e3o para jovens e adultos a partir dos 18 anos ( vagas limitadas)<\/a><\/li>\n\t\t<li class=\"wsp-post\"><a href=\"https:\/\/abelfigueiredo.pa.gov.br\/site\/avaliacao-de-fluencia-leitora-2024-em-abel-figueiredo-pa\/\">Avalia\u00e7\u00e3o de Flu\u00eancia Leitora 2024 em Abel Figueiredo-PA.<\/a><\/li>\n\t\t<li class=\"wsp-post\"><a href=\"https:\/\/abelfigueiredo.pa.gov.br\/site\/feliz-dia-internacional-das-mulheres\/\">Feliz Dia Internacional das Mulheres<\/a><\/li>\n\t\t<li class=\"wsp-post\"><a href=\"https:\/\/abelfigueiredo.pa.gov.br\/site\/marco-lilas-saude-feminina-e-prevencao-do-cancer-de-colo-do-utero\/\">MAR\u00c7O LIL\u00c1S: SA\u00daDE FEMININA E PREVEN\u00c7\u00c3O DO C\u00c2NCER DE COLO DO \u00daTERO.<\/a><\/li>\n\t\t<li class=\"wsp-post\"><a href=\"https:\/\/abelfigueiredo.pa.gov.br\/site\/inaugural-de-lancamento-da-modalidade-de-escola-em-tempo-integral\/\">Inaugural de lan\u00e7amento da modalidade de Escola em Tempo Integral<\/a><\/li>\n\t\t<li class=\"wsp-post\"><a href=\"https:\/\/abelfigueiredo.pa.gov.br\/site\/vacinacao-contra-gripe-e-covid-19-em-abel-figueiredo-pa-2\/\">Vacina\u00e7\u00e3o Contra Gripe e Covid-19, em Abel Figueiredo-PA.<\/a><\/li>\n\t\t<li class=\"wsp-post\"><a href=\"https:\/\/abelfigueiredo.pa.gov.br\/site\/convida-para-audiencia-publica-da-saude\/\">Convida para Audi\u00eancia P\u00fablica da Sa\u00fade.<\/a><\/li>\n\t\t<li class=\"wsp-post\"><a href=\"https:\/\/abelfigueiredo.pa.gov.br\/site\/%f0%9f%8f%86-7o-campeonato-municipal-de-futsal-de-abel-figueiredo-para-esta-chegando\/\">*\ud83c\udfc6 7\u00ba Campeonato Municipal de Futsal de Abel Figueiredo, Par\u00e1, est\u00e1 chegando!<\/a><\/li>\n\t\t<li class=\"wsp-post\"><a href=\"https:\/\/abelfigueiredo.pa.gov.br\/site\/prefeito-antonio-calhau-conquista-uma-motoniveladora-patrol-para-o-municipio-de-abel-figueiredo-pa\/\">Prefeito Ant\u00f4nio Calhau conquista uma motoniveladora (Patrol) para o munic\u00edpio de Abel Figueiredo-PA.<\/a><\/li>\n\t\t<li class=\"wsp-post\"><a href=\"https:\/\/abelfigueiredo.pa.gov.br\/site\/parabens-ao-nosso-grande-atleta-profissional-eric-di-maria-que-representou-muito-bem-o-nosso-municipio-ajudando-o-aguia-de-maraba-na-classificacao-para-2-fase-da-copa-do-brasil-ao-derrotar-a-equ\/\">Parab\u00e9ns ao nosso grande atleta profissional Eric DI Maria que representou muito bem o nosso munic\u00edpio ajudando o \u00c1guia de Marab\u00e1 na Classifica\u00e7\u00e3o para 2\u00b0 fase da copa do Brasil ao derrotar a equipe do Curitiba pelo placar de 3&#215;2 ontem no Est\u00e1dio Zinho de Oliveira.<\/a><\/li>\n\t\t<li class=\"wsp-post\"><a href=\"https:\/\/abelfigueiredo.pa.gov.br\/site\/no-dia-22-fevereiro-comemoramos-o-dia-do-auxiliar-de-servicos-gerais\/\">No dia 22 fevereiro comemoramos o dia do Auxiliar de Servi\u00e7os Gerais.<\/a><\/li>\n\t\t<li class=\"wsp-post\"><a href=\"https:\/\/abelfigueiredo.pa.gov.br\/site\/vacinacao-contra-gripe-e-covid-19-em-abel-figueiredo-pa\/\">Vacina\u00e7\u00e3o Contra Gripe e Covid-19, em Abel Figueiredo-PA.<\/a><\/li>\n\t\t<li class=\"wsp-post\"><a href=\"https:\/\/abelfigueiredo.pa.gov.br\/site\/chegou-o-periodo-chuvoso-e-com-ele-os-cuidados-devem-ser-redobrados-para-evitar-a-dengue\/\">Chegou o per\u00edodo chuvoso e com ele os cuidados devem ser redobrados para evitar a dengue.<\/a><\/li>\n\t\t<li class=\"wsp-post\"><a href=\"https:\/\/abelfigueiredo.pa.gov.br\/site\/comunicado-11\/\">Comunicado<\/a><\/li>\n\t\t<li class=\"wsp-post\"><a href=\"https:\/\/abelfigueiredo.pa.gov.br\/site\/mais-uma-regiao-da-nossa-zona-rural-recebendo-o-carinho-e-cuidado-da-prefeitura-de-abel-figueiredo-pa\/\">Mais uma regi\u00e3o da nossa zona rural recebendo o carinho e cuidado da Prefeitura de Abel Figueiredo-PA.<\/a><\/li>\n\t\t<li class=\"wsp-post\"><a href=\"https:\/\/abelfigueiredo.pa.gov.br\/site\/secretaria-de-cultura-niramar-rodrigues-conquista-100-unidades-de-flautas-para-o-projeto-cantarolendo-na-capital-do-estado\/\">Secret\u00e1ria de Cultura Niramar Rodrigues conquista 100 unidades de flautas para o Projeto Cantarolendo na capital do Estado.<\/a><\/li>\n\t\t<li class=\"wsp-post\"><a href=\"https:\/\/abelfigueiredo.pa.gov.br\/site\/carnaval-da-vacinacao-contra-a-gripe\/\">Carnaval da Vacina\u00e7\u00e3o Contra a Gripe.<\/a><\/li>\n\t\t<li class=\"wsp-post\"><a href=\"https:\/\/abelfigueiredo.pa.gov.br\/site\/prefeitura-trabalhando-na-manutencao-das-estradas-na-zona-rural-e-na-construcao-e-manutencao-das-pontes\/\">Prefeitura trabalhando na manuten\u00e7\u00e3o das estradas na zona rural e na constru\u00e7\u00e3o e manuten\u00e7\u00e3o das Pontes.<\/a><\/li>\n\t\t<li class=\"wsp-post\"><a href=\"https:\/\/abelfigueiredo.pa.gov.br\/site\/prefeito-antonio-calhau-assina-ordem-de-servico-para-reforma-do-predio-da-secretaria-de-desenvolvimento-e-promocao-social\/\">Prefeito Ant\u00f4nio Calhau Assina Ordem de Servi\u00e7o para reforma do Pr\u00e9dio da Secretaria de Desenvolvimento e Promo\u00e7\u00e3o Social.<\/a><\/li>\n\t\t<li class=\"wsp-post\"><a href=\"https:\/\/abelfigueiredo.pa.gov.br\/site\/cerimonia-de-posse-dos-novos-gestores-escolares-para-o-mandato-2024-2026\/\">Cerim\u00f4nia de posse dos novos Gestores Escolares para o mandato (2024\/2026).<\/a><\/li>\n\t\t<li class=\"wsp-post\"><a href=\"https:\/\/abelfigueiredo.pa.gov.br\/site\/dia-dos-aposentados\/\">DIA DOS APOSENTADOS<\/a><\/li>\n\t\t<li class=\"wsp-post\"><a href=\"https:\/\/abelfigueiredo.pa.gov.br\/site\/dia-internacional-da-educacao\/\">DIA INTERNACIONAL DA EDUCA\u00c7\u00c3O<\/a><\/li>\n\t\t<li class=\"wsp-post\"><a href=\"https:\/\/abelfigueiredo.pa.gov.br\/site\/entrega-dos-kits-copa-e-cozinha-para-as-escolas-do-municipio\/\">Entrega dos kits copa e cozinha para as escolas do munic\u00edpio.<\/a><\/li>\n\t\t<li class=\"wsp-post\"><a href=\"https:\/\/abelfigueiredo.pa.gov.br\/site\/assinatura-do-convenio-via-ministerio-do-turismo-com-apoio-do-governo-do-estado-no-valor-de-2-milhoes-para-o-segmento-da-obra-de-urbanizacao-da-nossa-praca-da-lagoa\/\">Assinatura do Conv\u00eanio via Minist\u00e9rio do Turismo com apoio do Governo do Estado no valor de 2 milh\u00f5es para o segmento da obra de urbaniza\u00e7\u00e3o da nossa Pra\u00e7a da Lagoa.<\/a><\/li>\n\t\t<li class=\"wsp-post\"><a href=\"https:\/\/abelfigueiredo.pa.gov.br\/site\/comunicado-10\/\">COMUNICADO<\/a><\/li>\n\t\t<li class=\"wsp-post\"><a href=\"https:\/\/abelfigueiredo.pa.gov.br\/site\/cerimonia-de-posse-dos-novos-membros-do-conselho-tutelar-de-abel-figueiredo-pa\/\">Cerim\u00f4nia de posse dos novos membros do Conselho tutelar de Abel Figueiredo-PA.<\/a><\/li>\n\t\t<li class=\"wsp-post\"><a href=\"https:\/\/abelfigueiredo.pa.gov.br\/site\/matriculas-abertas-volta-as-aulas-2024\/\">Matr\u00edculas abertas! Volta \u00e0s aulas 2024.<\/a><\/li>\n\t\t<li class=\"wsp-post\"><a href=\"https:\/\/abelfigueiredo.pa.gov.br\/site\/convite-14\/\">Convite<\/a><\/li>\n\t\t<li class=\"wsp-post\"><a href=\"https:\/\/abelfigueiredo.pa.gov.br\/site\/nossa-senhora-imaculada-conceicao-padroeira-da-nossa-querida-abel-figueiredo-brilhe-sobre-nos-e-ilumine-o-nosso-caminho-com-a-sua-sabedoria-e-a-sua-graca-guie-nos-para-mais-perto-de-jesus\/\">Nossa Senhora Imaculada Concei\u00e7\u00e3o, padroeira da nossa querida Abel Figueiredo, brilhe sobre n\u00f3s e ilumine o nosso caminho com a sua sabedoria e a sua gra\u00e7a. Guie-nos para mais perto de Jesus!<\/a><\/li>\n\t\t<li class=\"wsp-post\"><a href=\"https:\/\/abelfigueiredo.pa.gov.br\/site\/encerramento-do-semestre-da-melhor-idade-com-palestra-de-saude-e-vacinacao-contra-a-gripe\/\">Encerramento do Semestre da Melhor Idade com palestra de Sa\u00fade e vacina\u00e7\u00e3o contra a gripe.<\/a><\/li>\n\t\t<li class=\"wsp-post\"><a href=\"https:\/\/abelfigueiredo.pa.gov.br\/site\/saude-em-acao-e-dia-d-de-vacinacao-contra-a-gripe\/\">SA\u00daDE  EM A\u00c7\u00c3O E DIA &#8220;D&#8221; DE VACINA\u00c7\u00c3O CONTRA A GRIPE.<\/a><\/li>\n\t\t<li class=\"wsp-post\"><a href=\"https:\/\/abelfigueiredo.pa.gov.br\/site\/abel-figueiredo-contra-a-gripe\/\">Abel Figueiredo contra a Gripe.<\/a><\/li>\n\t\t<li class=\"wsp-post\"><a href=\"https:\/\/abelfigueiredo.pa.gov.br\/site\/comunicado-importante-ultimas-doses-da-vacina-contra-a-raiva-animal\/\">Comunicado Importante \u00faltimas doses da vacina contra a raiva animal.<\/a><\/li>\n\t\t<li class=\"wsp-post\"><a href=\"https:\/\/abelfigueiredo.pa.gov.br\/site\/abel-figueiredo-conquista-um-complexo-esportivo-que-sera-construido-em-breve-no-municipio\/\">Abel Figueiredo conquista um complexo esportivo que ser\u00e1 constru\u00eddo em breve no munic\u00edpio.<\/a><\/li>\n\t\t<li class=\"wsp-post\"><a href=\"https:\/\/abelfigueiredo.pa.gov.br\/site\/projeto-vem-dancar-arte-e-movimento\/\">Projeto Vem Dan\u00e7ar Arte e Movimento.<\/a><\/li>\n\t\t<li class=\"wsp-post\"><a href=\"https:\/\/abelfigueiredo.pa.gov.br\/site\/encerramento-do-semestre-com-o-grupo-de-gestantes-nova-vida-em-abel-figueiredo-pa\/\">Encerramento do Semestre com o Grupo de Gestantes Nova Vida em Abel Figueiredo-PA.<\/a><\/li>\n\t\t<li class=\"wsp-post\"><a href=\"https:\/\/abelfigueiredo.pa.gov.br\/site\/encerramento-do-semestre-com-o-grupo-de-gestantes-nova-vida-em-abel-figueiredo-pa-compartilhe\/\">Encerramento do Semestre com o Grupo de Gestantes Nova Vida em Abel Figueiredo-PA. #compartilhe<\/a><\/li>\n\t\t<li class=\"wsp-post\"><a href=\"https:\/\/abelfigueiredo.pa.gov.br\/site\/20-de-novembro-dia-nacional-da-consciencia-negra\/\">20 de Novembro, Dia Nacional da Consci\u00eancia Negra.<\/a><\/li>\n\t\t<li class=\"wsp-post\"><a href=\"https:\/\/abelfigueiredo.pa.gov.br\/site\/18-de-novembro-e-comemorado-o-dia-do-conselheiro-tutelar\/\">18 de novembro, \u00e9 comemorado o Dia do Conselheiro Tutelar<\/a><\/li>\n\t\t<li class=\"wsp-post\"><a href=\"https:\/\/abelfigueiredo.pa.gov.br\/site\/eleicoes-2023-par-gestor-escolar\/\">Elei\u00e7\u00f5es 2023 par Gestor Escolar.<\/a><\/li>\n\t\t<li class=\"wsp-post\"><a href=\"https:\/\/abelfigueiredo.pa.gov.br\/site\/comunicado-9\/\">Comunicado<\/a><\/li>\n\t\t<li class=\"wsp-post\"><a href=\"https:\/\/abelfigueiredo.pa.gov.br\/site\/dia-d-de-vacinacao-contra-a-raiva-para-caes-e-gatos-em-abel-figueiredo-pa\/\">Dia &#8220;D&#8221; de vacina\u00e7\u00e3o contra a raiva para c\u00e3es e gatos em Abel Figueiredo-PA.<\/a><\/li>\n\t\t<li class=\"wsp-post\"><a href=\"https:\/\/abelfigueiredo.pa.gov.br\/site\/ii-amostra-de-artes-do-servico-de-convivencia-e-fortalecimento-de-vinculos-atividades-realizadas-pelas-criancas-durante-o-ano\/\">II Amostra de Artes do Servi\u00e7o de Conviv\u00eancia e Fortalecimento de V\u00ednculos, atividades realizadas pelas crian\u00e7as durante o ano.<\/a><\/li>\n\t\t<li class=\"wsp-post\"><a href=\"https:\/\/abelfigueiredo.pa.gov.br\/site\/18-campeonato-municipal-de-futebol-de-abel-figueiredo-pa\/\">18\u00b0 Campeonato Municipal de Futebol de Abel Figueiredo-PA.<\/a><\/li>\n\t\t<li class=\"wsp-post\"><a href=\"https:\/\/abelfigueiredo.pa.gov.br\/site\/prefeitura-em-acao-realizada-com-sucesso-levando-diversos-atendimentos-a-comunidade-do-julinho\/\">Prefeitura em A\u00e7\u00e3o realizada com sucesso levando diversos atendimentos a comunidade do Julinho.<\/a><\/li>\n\t\t<li class=\"wsp-post\"><a href=\"https:\/\/abelfigueiredo.pa.gov.br\/site\/abel-figueiredo-presente-no-seminario-icms-educacao-em-belem-do-para\/\">Abel Figueiredo presente no semin\u00e1rio ICMS Educa\u00e7\u00e3o em Bel\u00e9m do Par\u00e1.<\/a><\/li>\n\t\t<li class=\"wsp-post\"><a href=\"https:\/\/abelfigueiredo.pa.gov.br\/site\/prefeitura-em-acao-e-amanha-atencao-comunidade-do-julinho-estamos-chegando-nesta-quarta-na-escola-maria-ilza-nos-morais-com-diversos-atendimentos-para-populacao-das-0900-as-1200h\/\">&#8220;Prefeitura em A\u00e7\u00e3o&#8221; \u00c9 AMANH\u00c3  Aten\u00e7\u00e3o comunidade do Julinho estamos chegando nesta quarta na Escola Maria Ilza nos Morais com diversos atendimentos para popula\u00e7\u00e3o das 09:00 \u00e0s 12:00h<\/a><\/li>\n\t\t<li class=\"wsp-post\"><a href=\"https:\/\/abelfigueiredo.pa.gov.br\/site\/campanha-de-vacinacao-contra-raiva-em-abel-figueiredo-para-caes-e-gatos-a-partir-dos-3-meses-de-idade\/\">Campanha de vacina\u00e7\u00e3o contra raiva em Abel Figueiredo para c\u00e3es e gatos a partir dos 3 meses de idade.<\/a><\/li>\n\t\t<li class=\"wsp-post\"><a href=\"https:\/\/abelfigueiredo.pa.gov.br\/site\/06-de-novembro\/\">06 de Novembro<\/a><\/li>\n\t\t<li class=\"wsp-post\"><a href=\"https:\/\/abelfigueiredo.pa.gov.br\/site\/dia-de-finados\/\">DIA DE FINADOS<\/a><\/li>\n\t\t<li class=\"wsp-post\"><a href=\"https:\/\/abelfigueiredo.pa.gov.br\/site\/selecao-de-abel-figueiredo-pa\/\">SELE\u00c7\u00c3O DE ABEL FIGUEIREDO-PA<\/a><\/li>\n\t\t<li class=\"wsp-post\"><a href=\"https:\/\/abelfigueiredo.pa.gov.br\/site\/corujao-outubro-rosa-novembro-azul-cuidando-da-saude-da-nossa-populacao-de-abel-figueiredo-pa\/\">Coruj\u00e3o Outubro Rosa Novembro Azul, cuidando da sa\u00fade da nossa popula\u00e7\u00e3o de Abel Figueiredo-PA.<\/a><\/li>\n\t\t<li class=\"wsp-post\"><a href=\"https:\/\/abelfigueiredo.pa.gov.br\/site\/feliz-aniversario-daniela-barbalho-nossa-primeira-dama-atuante-do-estado-do-para\/\">Feliz anivers\u00e1rio Daniela Barbalho, nossa Primeira Dama atuante do Estado do Par\u00e1.<\/a><\/li>\n\t\t<li class=\"wsp-post\"><a href=\"https:\/\/abelfigueiredo.pa.gov.br\/site\/dia-do-evangelico\/\">DIA DO EVANG\u00c9LICO.<\/a><\/li>\n\t\t<li class=\"wsp-post\"><a href=\"https:\/\/abelfigueiredo.pa.gov.br\/site\/21-copa-sul-do-para-de-selecoes\/\">21\u00b0 Copa Sul do Par\u00e1 de Sele\u00e7\u00f5es.<\/a><\/li>\n\t\t<li class=\"wsp-post\"><a href=\"https:\/\/abelfigueiredo.pa.gov.br\/site\/reuniao-com-deputado-estadual-fabio-figueiras-em-maraba-atras-de-recursos-para-o-aniversario-de-32-anos-da-nossa-cidade\/\">Reuni\u00e3o com Deputado Estadual F\u00e1bio Figueiras em Marab\u00e1 atr\u00e1s de recursos para o anivers\u00e1rio de 32 anos da nossa cidade.<\/a><\/li>\n\t\t<li class=\"wsp-post\"><a href=\"https:\/\/abelfigueiredo.pa.gov.br\/site\/30-de-outubro-dia-da-merendeira\/\">30 de outubro, Dia da Merendeira.<\/a><\/li>\n\t\t<li class=\"wsp-post\"><a href=\"https:\/\/abelfigueiredo.pa.gov.br\/site\/28-de-outubro-dia-do-servidor-publico\/\">28 de Outubro, Dia do Servidor P\u00fablico.<\/a><\/li>\n\t\t<li class=\"wsp-post\"><a href=\"https:\/\/abelfigueiredo.pa.gov.br\/site\/vi-conferencia-municipal-de-educacao-formato-simplificado\/\">VI Confer\u00eancia Municipal de Educa\u00e7\u00e3o \u201cformato simplificado\u201d<\/a><\/li>\n\t\t<li class=\"wsp-post\"><a href=\"https:\/\/abelfigueiredo.pa.gov.br\/site\/pse-programa-saude-na-escola-atendimento-oftalmologico-para-as-criancas-no-ensino-fundamental-de-abel-figueiredo-em-parceria-com-a-cisat\/\">PSE, Programa Sa\u00fade na Escola,  atendimento oftalmol\u00f3gico para as crian\u00e7as no Ensino Fundamental de Abel Figueiredo em parceria com a CISAT.<\/a><\/li>\n\t\t<li class=\"wsp-post\"><a href=\"https:\/\/abelfigueiredo.pa.gov.br\/site\/1-conferencia-municipal-de-cultura-com-o-tema-democracia-e-direito-a-cultura-realizada-com-sucesso\/\">1\u00b0 Confer\u00eancia Municipal de Cultura com o tema: ( Democracia e Direito \u00e0 Cultura) realizada com sucesso.<\/a><\/li>\n\t\t<li class=\"wsp-post\"><a href=\"https:\/\/abelfigueiredo.pa.gov.br\/site\/25-de-outubro-feliz-aniversario-prefeito-antonio-calhau-3\/\">25 de outubro, Feliz Anivers\u00e1rio Prefeito Ant\u00f4nio Calhau.<\/a><\/li>\n\t\t<li class=\"wsp-post\"><a href=\"https:\/\/abelfigueiredo.pa.gov.br\/site\/final-do-17-campeonato-municipal-de-master-velho-barreiro-campeao-2023\/\">Final do 17\u00b0 Campeonato Municipal de Master, Velho Barreiro Campe\u00e3o 2023.<\/a><\/li>\n\t\t<li class=\"wsp-post\"><a href=\"https:\/\/abelfigueiredo.pa.gov.br\/site\/carreata-de-conscientizacao-outubro-rosa-novembro-azul-realizada-com-sucesso-em-abel-figueiredo-pa\/\">Carreata de conscientiza\u00e7\u00e3o outubro rosa novembro azul realizada com sucesso em Abel Figueiredo-PA.<\/a><\/li>\n\t\t<li class=\"wsp-post\"><a href=\"https:\/\/abelfigueiredo.pa.gov.br\/site\/atencao-classe-artistica-de-abel-figueiredo-pa\/\">Aten\u00e7\u00e3o Classe Art\u00edstica de Abel Figueiredo-PA<\/a><\/li>\n\t\t<li class=\"wsp-post\"><a href=\"https:\/\/abelfigueiredo.pa.gov.br\/site\/edital-no-002-2023-semed\/\">EDITAL N\u00ba 002\/2023 \u2013 SEMED (PROCESSO DE SELE\u00c7\u00c3O DE CANDIDATOS A GESTOR ESCOLAR DO MUNIC\u00cdPIO DE ABEL FIGUEIREDO &#8211; PA)<\/a><\/li>\n\t\t<li class=\"wsp-post\"><a href=\"https:\/\/abelfigueiredo.pa.gov.br\/site\/festa-em-comemoracao-ao-mes-do-grupo-da-melhor-idade\/\">Festa em comemora\u00e7\u00e3o ao m\u00eas do Grupo da Melhor Idade.<\/a><\/li>\n\t\t<li class=\"wsp-post\"><a href=\"https:\/\/abelfigueiredo.pa.gov.br\/site\/18-de-outubro-feliz-dia-do-medico\/\">18 de Outubro, Feliz Dia do M\u00e9dico.<\/a><\/li>\n\t\t<li class=\"wsp-post\"><a href=\"https:\/\/abelfigueiredo.pa.gov.br\/site\/convite-13\/\">Convite<\/a><\/li>\n\t\t<li class=\"wsp-post\"><a href=\"https:\/\/abelfigueiredo.pa.gov.br\/site\/15-de-outubrodia-do-professor\/\">15 de Outubro,Dia do Professor.<\/a><\/li>\n\t\t<li class=\"wsp-post\"><a href=\"https:\/\/abelfigueiredo.pa.gov.br\/site\/projeto-faca-uma-crianca-feliz-e-o-lancamento-oficial-do-projeto-cantarolendo-reune-centenas-de-familias-em-abel-figueiredo-pa\/\">Projeto Fa\u00e7a Uma Crian\u00e7a Feliz e o Lan\u00e7amento Oficial do Projeto Cantarolendo re\u00fane centenas de fam\u00edlias em Abel Figueiredo-PA.<\/a><\/li>\n\t\t<li class=\"wsp-post\"><a href=\"https:\/\/abelfigueiredo.pa.gov.br\/site\/festa-em-homenagem-ao-dia-das-criancas-com-guloseimas-brincadeiras-e-a-distribuicao-de-brinquedos-para-os-alunos-das-escolas-do-municipio\/\">Festa em homenagem ao dia das crian\u00e7as com guloseimas , brincadeiras e a distribui\u00e7\u00e3o de brinquedos para os alunos das escolas do munic\u00edpio.<\/a><\/li>\n\t\t<li class=\"wsp-post\"><a href=\"https:\/\/abelfigueiredo.pa.gov.br\/site\/12-de-outubro-dia-das-criancas-e-de-nossa-senhora-aparecida-padroeira-do-brasil\/\">12 de Outubro, Dia das Crian\u00e7as e de Nossa Senhora Aparecida Padroeira do Brasil.<\/a><\/li>\n\t\t<li class=\"wsp-post\"><a href=\"https:\/\/abelfigueiredo.pa.gov.br\/site\/convite-12\/\">Convite<\/a><\/li>\n\t\t<li class=\"wsp-post\"><a href=\"https:\/\/abelfigueiredo.pa.gov.br\/site\/festa-das-criancas-do-programa-crianca-feliz-com-o-tema-bolofofo\/\">Festa das crian\u00e7as do Programa Crian\u00e7a Feliz com o tema Bolofofo.<\/a><\/li>\n\t\t<li class=\"wsp-post\"><a href=\"https:\/\/abelfigueiredo.pa.gov.br\/site\/festa-em-homenagem-ao-dia-das-criancas-que-estao-inseridas-no-servico-de-convivencia-e-fortalecimento-de-vinculos-da-secretaria-de-desenvolvimento-promocao-social\/\">Festa em homenagem ao dia das crian\u00e7as que est\u00e3o inseridas no servi\u00e7o  de conviv\u00eancia e fortalecimento de v\u00ednculos da Secretaria de Desenvolvimento Promo\u00e7\u00e3o Social.<\/a><\/li>\n\t\t<li class=\"wsp-post\"><a href=\"https:\/\/abelfigueiredo.pa.gov.br\/site\/1-conferencia-municipal-de-cultura-de-abel-figueiredo-pa\/\">1\u00b0 Confer\u00eancia Municipal de Cultura de Abel Figueiredo-PA.<\/a><\/li>\n\t\t<li class=\"wsp-post\"><a href=\"https:\/\/abelfigueiredo.pa.gov.br\/site\/convite-11\/\">Convite<\/a><\/li>\n\t\t<li class=\"wsp-post\"><a href=\"https:\/\/abelfigueiredo.pa.gov.br\/site\/edital-no-004-2023-pmaf-secult\/\">EDITAL N\u00ba 004\/2023 \u2013 PMAF\/SECULT<\/a><\/li>\n\t\t<li class=\"wsp-post\"><a href=\"https:\/\/abelfigueiredo.pa.gov.br\/site\/06-de-outubro-dia-do-prefeito-2\/\">06 de Outubro, Dia do Prefeito.<\/a><\/li>\n\t\t<li class=\"wsp-post\"><a href=\"https:\/\/abelfigueiredo.pa.gov.br\/site\/05-de-outubro-dia-mundial-dos-professores\/\">05 de Outubro, Dia  Mundial dos Professores.<\/a><\/li>\n\t\t<li class=\"wsp-post\"><a href=\"https:\/\/abelfigueiredo.pa.gov.br\/site\/abel-figueiredo-em-destaque-saude-alcanca-o-1-lugar-na-regiao-carajas-e-o-12-lugar-entre-os-144-municipios-do-estado-do-para-com-a-melhor-avaliacao-de-atendimento-da-atencao-basica-em-sau\/\">Abel Figueiredo em Destaque, Sa\u00fade alcan\u00e7a o 1\u00b0 Lugar na regi\u00e3o Caraj\u00e1s e o 12\u00b0 lugar entre os 144 munic\u00edpios do Estado do Par\u00e1 com a melhor avalia\u00e7\u00e3o de atendimento da aten\u00e7\u00e3o b\u00e1sica em Sa\u00fade pelo Programa Previne Brasil.<\/a><\/li>\n\t\t<li class=\"wsp-post\"><a href=\"https:\/\/abelfigueiredo.pa.gov.br\/site\/editais-da-lei-complementar-no-195-2022-lei-paulo-gustavo\/\">Editais da Lei Complementar N\u00ba 195\/2022 \u2013 Lei Paulo Gustavo<\/a><\/li>\n\t\t<li class=\"wsp-post\"><a href=\"https:\/\/abelfigueiredo.pa.gov.br\/site\/governo-trabalhando-para-o-povo-presente-na-assinatura-da-ordem-de-servico-do-hospital-estadual-materno-infantil-que-atendera-maraba-e-regiao\/\">Governo Trabalhando para o Povo Presente na Assinatura da Ordem de Servi\u00e7o do Hospital Estadual Materno Infantil que atender\u00e1 Marab\u00e1 e Regi\u00e3o.<\/a><\/li>\n\t\t<li class=\"wsp-post\"><a href=\"https:\/\/abelfigueiredo.pa.gov.br\/site\/04-de-outubro-celebracao-em-comemoracao-ao-dia-dos-agentes-comunitarios-de-saude-e-os-agentes-de-endemias-e-tambem-pela-conquista-do-1-lugar-em-saude-no-ranking-oficial-da-regiao-carajas-e-o-1-2\/\">04 de Outubro, celebra\u00e7\u00e3o em comemora\u00e7\u00e3o ao dia dos Agentes Comunit\u00e1rios de Sa\u00fade e os Agentes de Endemias, e tamb\u00e9m pela conquista do 1\u00b0 lugar em Sa\u00fade no ranking oficial da regi\u00e3o Caraj\u00e1s e o 12\u00b0 entre os 144 munic\u00edpios do estado do Programa Previne Brasil. #compartilhe<\/a><\/li>\n\t\t<li class=\"wsp-post\"><a href=\"https:\/\/abelfigueiredo.pa.gov.br\/site\/campanha-outubro-rosa-2023-nos-abracamos-essa-causa\/\">Campanha Outubro Rosa 2023, n\u00f3s abra\u00e7amos essa causa.<\/a><\/li>\n\t\t<li class=\"wsp-post\"><a href=\"https:\/\/abelfigueiredo.pa.gov.br\/site\/parabens-aos-conselheiros-tutelares-eleitos-em-abel-figueiredo-pa\/\">Parab\u00e9ns aos Conselheiros Tutelares eleitos em Abel Figueiredo-PA.<\/a><\/li>\n\t\t<li class=\"wsp-post\"><a href=\"https:\/\/abelfigueiredo.pa.gov.br\/site\/projeto-faca-uma-crianca-feliz-2023\/\">Projeto Fa\u00e7a uma Crian\u00e7a Feliz 2023.<\/a><\/li>\n\t\t<li class=\"wsp-post\"><a href=\"https:\/\/abelfigueiredo.pa.gov.br\/site\/diga-nao-as-queimadas-2\/\">DIGA N\u00c3O \u00c0S QUEIMADAS!<\/a><\/li>\n\t\t<li class=\"wsp-post\"><a href=\"https:\/\/abelfigueiredo.pa.gov.br\/site\/dia-01-de-outubro-tem-eleicao-para-conselheiro-tutelar-para-o-pleito-2024-2027-em-abel-figueiredo\/\">Dia 01 de Outubro tem Elei\u00e7\u00e3o para conselheiro tutelar para o pleito 2024\/2027 em Abel Figueiredo.<\/a><\/li>\n\t\t<li class=\"wsp-post\"><a href=\"https:\/\/abelfigueiredo.pa.gov.br\/site\/novo-centro-cultural-integrado-na-rodoviaria-ezequias-ataide\/\">Novo Centro Cultural Integrado na Rodovi\u00e1ria Ezequias Ata\u00edde.<\/a><\/li>\n\t\t<li class=\"wsp-post\"><a href=\"https:\/\/abelfigueiredo.pa.gov.br\/site\/entrega-dos-kits-digitais-para-as-familias-em-abel-figueiredo-pa\/\">Entrega dos kits digitais para \u00e0s fam\u00edlias em Abel Figueiredo-PA.<\/a><\/li>\n\t\t<li class=\"wsp-post\"><a href=\"https:\/\/abelfigueiredo.pa.gov.br\/site\/22-de-setembro-dia-do-contador-2\/\">22 de Setembro Dia do Contador.<\/a><\/li>\n\t\t<li class=\"wsp-post\"><a href=\"https:\/\/abelfigueiredo.pa.gov.br\/site\/prefeitura-em-acao-realizada-com-sucesso-na-comunidade-grapia-zona-rural-do-municipio-de-abel-figueiredo-pa\/\">Prefeitura em A\u00e7\u00e3o realizada com sucesso na comunidade Grapi\u00e1, zona rural do munic\u00edpio de Abel Figueiredo-PA.<\/a><\/li>\n\t\t<li class=\"wsp-post\"><a href=\"https:\/\/abelfigueiredo.pa.gov.br\/site\/ta-na-conta\/\">T\u00e1 na conta!<\/a><\/li>\n\t\t<li class=\"wsp-post\"><a href=\"https:\/\/abelfigueiredo.pa.gov.br\/site\/abel-figueiredo-presente-no-iii-encontro-de-gestores-do-sistema-unico-de-assistencia-social-do-estado-do-para\/\">Abel Figueiredo presente no III Encontro de Gestores do Sistema \u00danico de Assist\u00eancia Social do Estado do Par\u00e1.<\/a><\/li>\n\t\t<li class=\"wsp-post\"><a href=\"https:\/\/abelfigueiredo.pa.gov.br\/site\/o-dia-mundial-do-agronomo-e-comemorado-em-13-de-setembro\/\">O Dia Mundial do Agr\u00f4nomo \u00e9 comemorado em 13 de setembro.<\/a><\/li>\n\t\t<li class=\"wsp-post\"><a href=\"https:\/\/abelfigueiredo.pa.gov.br\/site\/17-campeonato-municipal-de-futebol-master-em-abel-figueiredo-pa\/\">17\u00b0 Campeonato Municipal de Futebol Master em Abel Figueiredo-PA.<\/a><\/li>\n\t\t<li class=\"wsp-post\"><a href=\"https:\/\/abelfigueiredo.pa.gov.br\/site\/setembro-amarelo-abel-figueiredo-pa-2023\/\">Setembro Amarelo Abel Figueiredo-PA 2023.<\/a><\/li>\n\t\t<li class=\"wsp-post\"><a href=\"https:\/\/abelfigueiredo.pa.gov.br\/site\/09-de-setembro-dia-do-medico-veterinario\/\">09 de Setembro, Dia do M\u00e9dico Veterin\u00e1rio.<\/a><\/li>\n\t\t<li class=\"wsp-post\"><a href=\"https:\/\/abelfigueiredo.pa.gov.br\/site\/7-de-setembro-feriado-da-independencia-do-brasil\/\">7 de Setembro, Feriado da Independ\u00eancia do Brasil.<\/a><\/li>\n\t\t<li class=\"wsp-post\"><a href=\"https:\/\/abelfigueiredo.pa.gov.br\/site\/05-de-setembro-dia-do-irmao\/\">05 de Setembro, Dia do Irm\u00e3o.<\/a><\/li>\n\t\t<li class=\"wsp-post\"><a href=\"https:\/\/abelfigueiredo.pa.gov.br\/site\/palestra-sobre-as-alternativas-alimentares-para-bovinos-no-periodo-seco\/\">Palestra sobre as Alternativas Alimentares para Bovinos no Per\u00edodo Seco.<\/a><\/li>\n\t\t<li class=\"wsp-post\"><a href=\"https:\/\/abelfigueiredo.pa.gov.br\/site\/pse-programa-saude-na-escola-realizada-com-sucesso-em-abel-figueiredo-pa-2\/\">PSE- Programa Sa\u00fade na Escola realizada com sucesso em Abel Figueiredo-PA.<\/a><\/li>\n\t\t<li class=\"wsp-post\"><a href=\"https:\/\/abelfigueiredo.pa.gov.br\/site\/pse-programa-saude-na-escola-realizada-com-sucesso-em-abel-figueiredo-pa\/\">PSE- Programa Sa\u00fade na Escola realizada com sucesso em Abel Figueiredo-PA.<\/a><\/li>\n\t\t<li class=\"wsp-post\"><a href=\"https:\/\/abelfigueiredo.pa.gov.br\/site\/na-semana-da-patria-a-emef-prof-helio-frota-lima-da-inicio-aos-jogos-estudantis-2023\/\">Na semana da p\u00e1tria a EMEF. Prof\u00b0 H\u00e9lio Frota Lima, da in\u00edcio aos Jogos Estudantis 2023.<\/a><\/li>\n\t\t<li class=\"wsp-post\"><a href=\"https:\/\/abelfigueiredo.pa.gov.br\/site\/dia-do-profissional-de-educacao-fisica\/\">DIA DO PROFISSIONAL DE EDUCA\u00c7\u00c3O F\u00cdSICA<\/a><\/li>\n\t\t<li class=\"wsp-post\"><a href=\"https:\/\/abelfigueiredo.pa.gov.br\/site\/reinauguracao-com-a-reforma-e-ampliacao-da-escola-municipal-de-ensino-infantil-meu-pequeno-paraiso\/\">Reinaugura\u00e7\u00e3o com a reforma e amplia\u00e7\u00e3o da Escola Municipal de Ensino Infantil Meu Pequeno Para\u00edso.<\/a><\/li>\n\t\t<li class=\"wsp-post\"><a href=\"https:\/\/abelfigueiredo.pa.gov.br\/site\/reinauguracao-da-emei-meu-pequeno-paraiso\/\">Reinaugura\u00e7\u00e3o da EMEI. Meu Pequeno Para\u00edso.<\/a><\/li>\n\t\t<li class=\"wsp-post\"><a href=\"https:\/\/abelfigueiredo.pa.gov.br\/site\/finalizando-o-mes-agosto-dourado-com-palestras-e-a-entrega-de-enxovais-para-nossas-gravidas\/\">Finalizando o m\u00eas &#8220;Agosto Dourado&#8221; com palestras e a entrega de enxovais para nossas gr\u00e1vidas.<\/a><\/li>\n\t\t<li class=\"wsp-post\"><a href=\"https:\/\/abelfigueiredo.pa.gov.br\/site\/o-dia-do-nutricionista-e-comemorado-em-31-de-agosto\/\">O Dia do Nutricionista \u00e9 comemorado em 31 de agosto.<\/a><\/li>\n\t\t<li class=\"wsp-post\"><a href=\"https:\/\/abelfigueiredo.pa.gov.br\/site\/1-encontro-de-formadores-regionais-e-municipais-do-programa-alfabetiza-para-em-belem-28-29-e-30-de-agosto-de-2023\/\">1\u00b0 Encontro de Formadores Regionais e Municipais do Programa Alfabetiza Par\u00e1 em Bel\u00e9m 28, 29 e 30 de agosto de 2023.<\/a><\/li>\n\t\t<li class=\"wsp-post\"><a href=\"https:\/\/abelfigueiredo.pa.gov.br\/site\/prefeito-antonio-calhau-em-belem-com-o-vereador-carlos-alberto-amorim-em-audiencia-com-o-presidente-da-alepa-deputado-estadual-chicao\/\">Prefeito Ant\u00f4nio Calhau em Bel\u00e9m com o vereador Carlos Alberto Amorim em audi\u00eancia com o presidente da ALEPA Deputado Estadual Chic\u00e3o.<\/a><\/li>\n\t\t<li class=\"wsp-post\"><a href=\"https:\/\/abelfigueiredo.pa.gov.br\/site\/live-agosto-lilas-mes-de-conscientizacao-pelo-fim-da-violencia-contra-a-mulher\/\">Live Agosto Lil\u00e1s, m\u00eas de conscientiza\u00e7\u00e3o pelo fim da viol\u00eancia contra a mulher.<\/a><\/li>\n\t\t<li class=\"wsp-post\"><a href=\"https:\/\/abelfigueiredo.pa.gov.br\/site\/volta-as-aulas-na-emei-meu-pequeno-paraiso\/\">Volta \u00e0s aulas na EMEI. Meu Pequeno Para\u00edso.<\/a><\/li>\n\t\t<li class=\"wsp-post\"><a href=\"https:\/\/abelfigueiredo.pa.gov.br\/site\/edital-no-001-2023-semed\/\">EDITAL N\u00ba 001\/2023-SEMED<\/a><\/li>\n\t\t<li class=\"wsp-post\"><a href=\"https:\/\/abelfigueiredo.pa.gov.br\/site\/vacinacao-contra-meningite-c-em-abel-figueiredo-pa\/\">Vacina\u00e7\u00e3o contra Meningite C em Abel Figueiredo-PA.<\/a><\/li>\n\t\t<li class=\"wsp-post\"><a href=\"https:\/\/abelfigueiredo.pa.gov.br\/site\/dia-do-psicologo\/\">Dia do psic\u00f3logo<\/a><\/li>\n\t\t<li class=\"wsp-post\"><a href=\"https:\/\/abelfigueiredo.pa.gov.br\/site\/parabens-a-todos-os-nossos-psicologos-que-atuam-ajudando-a-nossa-populacao\/\">&#8220;Parab\u00e9ns a todos os nossos psic\u00f3logos que atuam ajudando a nossa popula\u00e7\u00e3o.&#8221;<\/a><\/li>\n\t\t<li class=\"wsp-post\"><a href=\"https:\/\/abelfigueiredo.pa.gov.br\/site\/comunicado-reforma-e-ampliacao-da-emei-meu-pequeno-paraiso\/\">Comunicado Reforma e Amplia\u00e7\u00e3o da EMEI Meu Pequeno Para\u00edso<\/a><\/li>\n\t\t<li class=\"wsp-post\"><a href=\"https:\/\/abelfigueiredo.pa.gov.br\/site\/prefeitura-em-acao-realizada-com-sucesso-levando-diversos-atendimentos-a-comunidade-flor-do-ipe-casca-seca\/\">&#8220;Prefeitura em A\u00e7\u00e3o&#8221; realizada com sucesso levando diversos atendimentos a comunidade Flor do Ip\u00ea (Casca Seca).<\/a><\/li>\n\t\t<li class=\"wsp-post\"><a href=\"https:\/\/abelfigueiredo.pa.gov.br\/site\/prefeito-antonio-calhau-em-brasilia-com-senador-beto-faro-e-o-ministro-do-turismo-celso-sabino\/\">Prefeito Ant\u00f4nio Calhau em Bras\u00edlia com Senador Beto Faro e o Ministro do Turismo Celso Sabino.<\/a><\/li>\n\t\t<li class=\"wsp-post\"><a href=\"https:\/\/abelfigueiredo.pa.gov.br\/site\/dia-d-campanha-de-multivacinacao-em-abel-figueiredo-pa\/\">Dia &#8220;D&#8221; Campanha de Multivacina\u00e7\u00e3o em Abel Figueiredo-PA.<\/a><\/li>\n\t\t<li class=\"wsp-post\"><a href=\"https:\/\/abelfigueiredo.pa.gov.br\/site\/prefeitura-em-acao\/\">&#8220;Prefeitura em A\u00e7\u00e3o!&#8221;<\/a><\/li>\n\t\t<li class=\"wsp-post\"><a href=\"https:\/\/abelfigueiredo.pa.gov.br\/site\/comunicado-volta-as-aulas-emei-meu-pequeno-paraiso\/\">Comunicado Volta \u00e0s Aulas EMEI Meu Pequeno Para\u00edso.<\/a><\/li>\n\t\t<li class=\"wsp-post\"><a href=\"https:\/\/abelfigueiredo.pa.gov.br\/site\/governo-presente-na-visita-do-governador-a-dom-eliseu\/\">Governo Presente na Visita do Governador a Dom Eliseu.<\/a><\/li>\n\t\t<li class=\"wsp-post\"><a href=\"https:\/\/abelfigueiredo.pa.gov.br\/site\/programaleite-beneficiando-50-familias-em-abel-figueiredo-pa\/\">Programa+Leite Beneficiando 50 Fam\u00edlias em Abel Figueiredo-PA.<\/a><\/li>\n\t\t<li class=\"wsp-post\"><a href=\"https:\/\/abelfigueiredo.pa.gov.br\/site\/campanha-de-multivacinacao-em-abel-figueiredo-pa\/\">Campanha de Multivacina\u00e7\u00e3o em Abel Figueiredo-PA.<\/a><\/li>\n\t\t<li class=\"wsp-post\"><a href=\"https:\/\/abelfigueiredo.pa.gov.br\/site\/o-15-de-agosto-dia-da-adesao-do-para-e-uma-data-importante-que-significa-a-independencia-da-provincia-do-grao-para\/\">O 15 de agosto, Dia da Ades\u00e3o do Par\u00e1, \u00e9 uma data importante que significa a independ\u00eancia da Prov\u00edncia do Gr\u00e3o Par\u00e1.<\/a><\/li>\n\t\t<li class=\"wsp-post\"><a href=\"https:\/\/abelfigueiredo.pa.gov.br\/site\/13-de-agosto-feliz-dia-dos-pais\/\">13 de Agosto, Feliz Dia dos Pais.<\/a><\/li>\n\t\t<li class=\"wsp-post\"><a href=\"https:\/\/abelfigueiredo.pa.gov.br\/site\/ultimos-dias\/\">\u00faltimos dias<\/a><\/li>\n\t\t<li class=\"wsp-post\"><a href=\"https:\/\/abelfigueiredo.pa.gov.br\/site\/convite-10\/\">Convite<\/a><\/li>\n\t\t<li class=\"wsp-post\"><a href=\"https:\/\/abelfigueiredo.pa.gov.br\/site\/convite-9\/\">Convite<\/a><\/li>\n\t\t<li class=\"wsp-post\"><a href=\"https:\/\/abelfigueiredo.pa.gov.br\/site\/o-dia-nacional-da-saude-e-celebrado-anualmente-em-5-de-agosto-no-brasil-2\/\">O Dia Nacional da Sa\u00fade \u00e9 celebrado anualmente em 5 de agosto no Brasil.<\/a><\/li>\n\t\t<li class=\"wsp-post\"><a href=\"https:\/\/abelfigueiredo.pa.gov.br\/site\/convite-8\/\">Convite<\/a><\/li>\n\t\t<li class=\"wsp-post\"><a href=\"https:\/\/abelfigueiredo.pa.gov.br\/site\/prefeito-antonio-calhau-presente-na-posse-do-nosso-ministro-do-turismo-celso-sabino-em-brasilia\/\">Prefeito Ant\u00f4nio Calhau presente na posse do nosso ministro do turismo Celso Sabino em Bras\u00edlia.<\/a><\/li>\n\t\t<li class=\"wsp-post\"><a href=\"https:\/\/abelfigueiredo.pa.gov.br\/site\/kit-gratuito-para-tv-digital\/\">KIT GRATUITO PARA TV DIGITAL<\/a><\/li>\n\t\t<li class=\"wsp-post\"><a href=\"https:\/\/abelfigueiredo.pa.gov.br\/site\/o-dia-do-padre-e-comemorado-anualmente-em-4-de-agosto-no-brasil\/\">O Dia do Padre \u00e9 comemorado anualmente em 4 de agosto no Brasil.<\/a><\/li>\n\t\t<li class=\"wsp-post\"><a href=\"https:\/\/abelfigueiredo.pa.gov.br\/site\/1-forum-a-construcao-de-uma-agenda-comum-pela-educacao-do-para\/\">1\u00b0 F\u00f3rum A Constru\u00e7\u00e3o de Uma Agenda Comum Pela Educa\u00e7\u00e3o do Par\u00e1.<\/a><\/li>\n\t\t<li class=\"wsp-post\"><a href=\"https:\/\/abelfigueiredo.pa.gov.br\/site\/campanha-agosto-lilas-foi-criada-em-referencia-a-sancao-da-lei-maria-da-penha-lei-federal-no-11-340-2006-assinada-no-dia-7-de-agosto-e-que-este-ano-completa-17-anos\/\">Campanha\u00a0Agosto Lil\u00e1s\u00a0foi criada em refer\u00eancia \u00e0 san\u00e7\u00e3o da Lei Maria da Penha (Lei Federal n\u00ba 11.340\/ 2006), assinada no dia 7 de agosto e que este ano completa 17 anos.<\/a><\/li>\n\t\t<li class=\"wsp-post\"><a href=\"https:\/\/abelfigueiredo.pa.gov.br\/site\/solenidade-de-abertura-do-curso-de-agronomia-em-abel-figueiredo-pa\/\">Solenidade de abertura do Curso de Agronomia em Abel Figueiredo-PA.<\/a><\/li>\n\t\t<li class=\"wsp-post\"><a href=\"https:\/\/abelfigueiredo.pa.gov.br\/site\/20-de-julho-feliz-dia-do-amigo\/\">20 de Julho, Feliz Dia do Amigo.<\/a><\/li>\n\t\t<li class=\"wsp-post\"><a href=\"https:\/\/abelfigueiredo.pa.gov.br\/site\/visita-as-obras-que-estao-em-andamento-no-municipio-com-o-deputado-estadual-dirceu-ten-caten\/\">Visita \u00e0s obras que est\u00e3o em andamento no munic\u00edpio com o Deputado Estadual Dirceu Ten Caten.<\/a><\/li>\n\t\t<li class=\"wsp-post\"><a href=\"https:\/\/abelfigueiredo.pa.gov.br\/site\/cerimonia-de-apresentacao-dos-candidatos-a-conselheiro-tutelar-para-o-pleito-2024-2028-em-abel-figueiredo-pa\/\">Cerim\u00f4nia de apresenta\u00e7\u00e3o dos candidatos a conselheiro tutelar para o pleito 2024\/2028 em Abel Figueiredo-PA.<\/a><\/li>\n\t\t<li class=\"wsp-post\"><a href=\"https:\/\/abelfigueiredo.pa.gov.br\/site\/julho-amarelo-mes-de-conscientizacao-contra-as-hepatites-virais-2\/\">Julho Amarelo, M\u00eas de Conscientiza\u00e7\u00e3o contra as hepatites Virais.<\/a><\/li>\n\t\t<li class=\"wsp-post\"><a href=\"https:\/\/abelfigueiredo.pa.gov.br\/site\/julho-amarelo-mes-de-conscientizacao-contra-as-hepatites-virais\/\">Julho Amarelo, M\u00eas de Conscientiza\u00e7\u00e3o contra as hepatites Virais.<\/a><\/li>\n\t\t<li class=\"wsp-post\"><a href=\"https:\/\/abelfigueiredo.pa.gov.br\/site\/acao-cidade-limpa-cidade-linda-abel-figueiredo-pa\/\">A\u00e7\u00e3o Cidade Limpa, Cidade Linda Abel Figueiredo-PA.<\/a><\/li>\n\t\t<li class=\"wsp-post\"><a href=\"https:\/\/abelfigueiredo.pa.gov.br\/site\/somos-7-030-abel-figueiredenses-aponta-censo-2022\/\">Somos 7.030 Abel-Figueiredenses, aponta censo 2022.<\/a><\/li>\n\t\t<li class=\"wsp-post\"><a href=\"https:\/\/abelfigueiredo.pa.gov.br\/site\/abel-figueiredo-presente-no-forum-ordinario-undime-para\/\">Abel Figueiredo Presente no F\u00f3rum Ordin\u00e1rio Undime Par\u00e1.<\/a><\/li>\n\t\t<li class=\"wsp-post\"><a href=\"https:\/\/abelfigueiredo.pa.gov.br\/site\/1-pagamento-do-programaleite-liberado-hoje-terca-feira-11-de-julho-para-42-familias-beneficiadas\/\">1\u00b0 Pagamento do Programa+Leite Liberado hoje ter\u00e7a-feira 11 de Julho para 42 fam\u00edlias beneficiadas.<\/a><\/li>\n\t\t<li class=\"wsp-post\"><a href=\"https:\/\/abelfigueiredo.pa.gov.br\/site\/prefeito-antonio-calhau-e-o-vice-evandro-da-serraria-presentes-prestigiando-o-aniversario-dos-46-anos-da-igreja-assembleia-de-deus-de-abel-figueiredo-pa\/\">Prefeito Ant\u00f4nio Calhau e o vice Evandro da Serraria presentes, prestigiando o Anivers\u00e1rio dos 46 anos da Igreja Assembleia de Deus de Abel Figueiredo-PA.<\/a><\/li>\n\t\t<li class=\"wsp-post\"><a href=\"https:\/\/abelfigueiredo.pa.gov.br\/site\/reuniao-com-a-coordenacao-do-curso-de-agronomia-da-ufra-para-alinhamento-do-inicio-do-curso-pelo-programa-forma-para-em-abel-figueiredo\/\">Reuni\u00e3o com a coordena\u00e7\u00e3o do curso de Agronomia da UFRA para alinhamento do in\u00edcio do curso pelo Programa Forma Par\u00e1 em Abel Figueiredo.<\/a><\/li>\n\t\t<li class=\"wsp-post\"><a href=\"https:\/\/abelfigueiredo.pa.gov.br\/site\/arraia-da-mio-idade-realizado-com-sucesso-para-os-idosos-assistidos-pelo-servico-de-convivencia-e-fortalecimento-de-vinculos-de-abel-figueiredo-pa\/\">Arraia da &#8220;Mi\u00f3 Idade&#8221; Realizado com sucesso para os idosos assistidos pelo Servi\u00e7o de Conviv\u00eancia e Fortalecimento de V\u00ednculos de Abel Figueiredo-PA.<\/a><\/li>\n\t\t<li class=\"wsp-post\"><a href=\"https:\/\/abelfigueiredo.pa.gov.br\/site\/inauguracao-do-auditorio-na-escola-alacid-nunes-e-lancamento-oficial-do-programa-alfabetiza-para-em-abel-figueiredo-pa\/\">Inaugura\u00e7\u00e3o do Audit\u00f3rio na Escola Alacid Nunes e Lan\u00e7amento Oficial do Programa Alfabetiza Par\u00e1 em Abel Figueiredo-PA<\/a><\/li>\n\t\t<li class=\"wsp-post\"><a href=\"https:\/\/abelfigueiredo.pa.gov.br\/site\/final-do-18-copao-intermunicipal-de-abel-figueiredo-13-de-setembro-de-jacunda-campeao-2023\/\">Final do 18\u00b0 Cop\u00e3o Intermunicipal de Abel Figueiredo, 13 de Setembro de Jacund\u00e1, campe\u00e3o 2023.<\/a><\/li>\n\t\t<li class=\"wsp-post\"><a href=\"https:\/\/abelfigueiredo.pa.gov.br\/site\/diga-nao-as-queimadas\/\">Diga N\u00e3o \u00e0s Queimadas.<\/a><\/li>\n\t\t<li class=\"wsp-post\"><a href=\"https:\/\/abelfigueiredo.pa.gov.br\/site\/convite-7\/\">Convite.<\/a><\/li>\n\t\t<li class=\"wsp-post\"><a href=\"https:\/\/abelfigueiredo.pa.gov.br\/site\/atencao-produtores-rurais-chegou-a-hora-de-devolver-as-embalagens-vazias-de-agrotoxicos\/\">Aten\u00e7\u00e3o Produtores rurais CHEGOU A HORA DE DEVOLVER AS EMBALAGENS VAZIAS DE AGROT\u00d3XICOS.<\/a><\/li>\n\t\t<li class=\"wsp-post\"><a href=\"https:\/\/abelfigueiredo.pa.gov.br\/site\/11-conferencia-municipal-de-assistencia-social-de-abel-figueiredo-pa\/\">11\u00b0 Confer\u00eancia Municipal de Assist\u00eancia Social de Abel Figueiredo-PA.<\/a><\/li>\n\t\t<li class=\"wsp-post\"><a href=\"https:\/\/abelfigueiredo.pa.gov.br\/site\/11-conferencia-municipal-de-assistencia-social-realizada-com-sucesso-em-abel-figueiredo-pa\/\">11\u00b0 Confer\u00eancia Municipal de Assist\u00eancia Social realizada com Sucesso em Abel Figueiredo-PA.<\/a><\/li>\n\t\t<li class=\"wsp-post\"><a href=\"https:\/\/abelfigueiredo.pa.gov.br\/site\/o-dia-mundial-de-conscientizacao-sobre-a-violencia-contra-a-pessoa-idosa\/\">O Dia Mundial de Conscientiza\u00e7\u00e3o sobre a Viol\u00eancia contra a Pessoa Idosa.<\/a><\/li>\n\t\t<li class=\"wsp-post\"><a href=\"https:\/\/abelfigueiredo.pa.gov.br\/site\/hoje-e-um-dia-especial-mais-uma-data-em-que-celebra-o-amor-feliz-dia-dos-namorados-a-todos-os-casais-de-abel-figueiredo-pa\/\">Hoje \u00e9 um dia especial, mais uma data em que celebra o amor. Feliz Dia dos Namorados a todos os casais de Abel Figueiredo-PA.<\/a><\/li>\n\t\t<li class=\"wsp-post\"><a href=\"https:\/\/abelfigueiredo.pa.gov.br\/site\/o-dia-12-de-junho-e-o-dia-nacional-e-internacional-de-combate-ao-trabalho-infantil\/\">O dia 12 de junho \u00e9 o dia nacional e internacional de combate ao trabalho infantil.<\/a><\/li>\n\t\t<li class=\"wsp-post\"><a href=\"https:\/\/abelfigueiredo.pa.gov.br\/site\/08-de-junho-dia-de-corpus-christis\/\">08 de junho, Dia de Corpus Christis.<\/a><\/li>\n\t\t<li class=\"wsp-post\"><a href=\"https:\/\/abelfigueiredo.pa.gov.br\/site\/1-amostra-do-projeto-leitura-e-escrita-construindo-saberes-de-forma-interdisciplinar\/\">1\u00b0 Amostra do Projeto Leitura e Escrita: Construindo Saberes de Forma Interdisciplinar.<\/a><\/li>\n\t\t<li class=\"wsp-post\"><a href=\"https:\/\/abelfigueiredo.pa.gov.br\/site\/pse-programa-saude-na-escola-avaliacao-do-estado-nutricional-de-criancas-e-adolescentes\/\">PSE Programa Sa\u00fade na Escola-Avalia\u00e7\u00e3o do Estado Nutricional de crian\u00e7as e adolescentes.<\/a><\/li>\n\t\t<li class=\"wsp-post\"><a href=\"https:\/\/abelfigueiredo.pa.gov.br\/site\/final-de-semana-de-abertura-do-18-copao-intermunicipal-de-abel-figueiredo-pa\/\">Final de semana de abertura do 18\u00b0 Cop\u00e3o Intermunicipal de Abel Figueiredo-PA.<\/a><\/li>\n\t\t<li class=\"wsp-post\"><a href=\"https:\/\/abelfigueiredo.pa.gov.br\/site\/o-que-falar-do-dia-mundial-do-meio-ambiente\/\">O que falar do Dia Mundial do Meio Ambiente?<\/a><\/li>\n\t\t<li class=\"wsp-post\"><a href=\"https:\/\/abelfigueiredo.pa.gov.br\/site\/prefeito-antonio-calhau-em-reuniao-com-deputado-federal-olival-marques-no-evento-qgu-da-igreja-assembleia-de-deus-em-abel-figueiredo-pa\/\">Prefeito Ant\u00f4nio Calhau em reuni\u00e3o com Deputado Federal Olival Marques no evento QGU da Igreja Assembl\u00e9ia de Deus em Abel Figueiredo-PA.<\/a><\/li>\n\t\t<li class=\"wsp-post\"><a href=\"https:\/\/abelfigueiredo.pa.gov.br\/site\/capacitacao-do-tcmpa-para-os-colaboradores-do-governo-trabalhando-para-o-povo\/\">Capacita\u00e7\u00e3o do TCMPA Para os Colaboradores do Governo Trabalhando para o Povo.<\/a><\/li>\n\t\t<li class=\"wsp-post\"><a href=\"https:\/\/abelfigueiredo.pa.gov.br\/site\/secretaria-de-promocao-social-e-equipe-em-belem-do-para-cumprido-agenda-de-trabalho\/\">Secret\u00e1ria de Promo\u00e7\u00e3o Social e equipe em Bel\u00e9m do Par\u00e1 cumprido agenda de trabalho.<\/a><\/li>\n\t\t<li class=\"wsp-post\"><a href=\"https:\/\/abelfigueiredo.pa.gov.br\/site\/prefeito-antonio-calhau-juntamente-com-a-secretaria-municipal-de-educacao-rafaela-souza-a-diretora-de-ensino-claudia-souza-e-a-coordenadora-do-programa-rosilda-almeida-presentes-no-lancamento-do-pr\/\">Lan\u00e7amento do Programa Alfabetiza Par\u00e1-Polo Marab\u00e1<\/a><\/li>\n\t\t<li class=\"wsp-post\"><a href=\"https:\/\/abelfigueiredo.pa.gov.br\/site\/reuniao-estadual-de-assessoramento-do-cadastro-unico-e-o-novo-programa-do-bolsa-familia-com-a-equipe-da-seaster-2\/\">Reuni\u00e3o Estadual de Assessoramento do Cadastro \u00danico e o Novo Programa do Bolsa Fam\u00edlia, com a equipe da SEASTER.<\/a><\/li>\n\t\t<li class=\"wsp-post\"><a href=\"https:\/\/abelfigueiredo.pa.gov.br\/site\/campanha-de-vacinacao-2023-em-abel-figueiredo-pa\/\">Campanha de Vacina\u00e7\u00e3o 2023 em Abel Figueiredo-PA.<\/a><\/li>\n\t\t<li class=\"wsp-post\"><a href=\"https:\/\/abelfigueiredo.pa.gov.br\/site\/25-de-maio-dia-do-trabalhador-rural-2\/\">25 de Maio, Dia do Trabalhador Rural.<\/a><\/li>\n\t\t<li class=\"wsp-post\"><a href=\"https:\/\/abelfigueiredo.pa.gov.br\/site\/abertura-do-18o-copao-intermunicipal-de-abel-figueiredo-pa\/\">Abertura do 18\u00ba Cop\u00e3o Intermunicipal de Abel Figueiredo-PA.<\/a><\/li>\n\t\t<li class=\"wsp-post\"><a href=\"https:\/\/abelfigueiredo.pa.gov.br\/site\/reuniao-estadual-de-assessoramento-do-cadastro-unico-e-o-novo-programa-do-bolsa-familia-com-a-equipe-da-seaster\/\">Reuni\u00e3o Estadual de Assessoramento do Cadastro \u00danico e o Novo Programa do Bolsa Fam\u00edlia, com a equipe da SEASTER.<\/a><\/li>\n\t\t<li class=\"wsp-post\"><a href=\"https:\/\/abelfigueiredo.pa.gov.br\/site\/programa-agua-solidaria-abel-figueiredo-pa-2\/\">Programa \u00c1gua Solid\u00e1ria Abel Figueiredo-PA.<\/a><\/li>\n\t\t<li class=\"wsp-post\"><a href=\"https:\/\/abelfigueiredo.pa.gov.br\/site\/campanha-de-vacinacao-contra-gripe\/\">Campanha de Vacina\u00e7\u00e3o Contra Gripe.<\/a><\/li>\n\t\t<li class=\"wsp-post\"><a href=\"https:\/\/abelfigueiredo.pa.gov.br\/site\/conselho-tutelar-eleicoes-2023\/\">Conselho Tutelar Elei\u00e7\u00f5es 2023.<\/a><\/li>\n\t\t<li class=\"wsp-post\"><a href=\"https:\/\/abelfigueiredo.pa.gov.br\/site\/capacitacao-para-colaboradores-do-cadastro-unico-em-maraba-com-a-equipe-da-seaster\/\">Capacita\u00e7\u00e3o para colaboradores do Cadastro \u00danico em Marab\u00e1 com a equipe da SEASTER.<\/a><\/li>\n\t\t<li class=\"wsp-post\"><a href=\"https:\/\/abelfigueiredo.pa.gov.br\/site\/20-de-maio-dia-do-pedagogo-2\/\">20 de Maio, Dia do Pedagogo.<\/a><\/li>\n\t\t<li class=\"wsp-post\"><a href=\"https:\/\/abelfigueiredo.pa.gov.br\/site\/realizada-com-sucesso-a-2-oitiva-escuta-publica-sobre-a-lei-paulo-gustavo-em-abel-figueiredo-pa\/\">Realizada com sucesso a 2\u00b0 Oitiva\/Escuta P\u00fablica sobre a lei Paulo Gustavo em Abel Figueiredo-PA.<\/a><\/li>\n\t\t<li class=\"wsp-post\"><a href=\"https:\/\/abelfigueiredo.pa.gov.br\/site\/18-de-maio-dia-nacional-de-combate-a-exploracao-sexual-de-criancas-e-adolescentes-2\/\">18 de maio, Dia Nacional de Combate \u00e0 Explora\u00e7\u00e3o Sexual de Crian\u00e7as e Adolescentes.<\/a><\/li>\n\t\t<li class=\"wsp-post\"><a href=\"https:\/\/abelfigueiredo.pa.gov.br\/site\/18-de-maio-feliz-aniversario-governador-helder-barbalho\/\">18 de maio, Feliz anivers\u00e1rio Governador Helder Barbalho.<\/a><\/li>\n\t\t<li class=\"wsp-post\"><a href=\"https:\/\/abelfigueiredo.pa.gov.br\/site\/2a-oitiva-escuta-publica-sobre-a-lei-paulo-gustavo\/\">2\u00aa OITIVA\/ESCUTA P\u00daBLICA SOBRE A LEI PAULO GUSTAVO.<\/a><\/li>\n\t\t<li class=\"wsp-post\"><a href=\"https:\/\/abelfigueiredo.pa.gov.br\/site\/18-de-maio-dia-nacional-de-combate-a-exploracao-sexual-de-criancas-e-adolescentes\/\">18 de maio, Dia Nacional de Combate \u00e0 Explora\u00e7\u00e3o Sexual de Crian\u00e7as e Adolescentes.<\/a><\/li>\n\t\t<li class=\"wsp-post\"><a href=\"https:\/\/abelfigueiredo.pa.gov.br\/site\/16-de-maio-parabens-pelo-seu-dia-gari\/\">16 de maio, Parab\u00e9ns pelo seu dia Gari.<\/a><\/li>\n\t\t<li class=\"wsp-post\"><a href=\"https:\/\/abelfigueiredo.pa.gov.br\/site\/programa-agua-solidaria-inscricoes-prorrogadas-ate-ate-sexta-feira-19-de-maio\/\">Programa \u00c1gua Solid\u00e1ria, inscri\u00e7\u00f5es Prorrogadas at\u00e9 at\u00e9 sexta-feira 19 de maio.<\/a><\/li>\n\t\t<li class=\"wsp-post\"><a href=\"https:\/\/abelfigueiredo.pa.gov.br\/site\/programa-agua-solidaria-abel-figueiredo-pa\/\">PROGRAMA \u00c1GUA SOLID\u00c1RIA ABEL FIGUEIREDO-PA.<\/a><\/li>\n\t\t<li class=\"wsp-post\"><a href=\"https:\/\/abelfigueiredo.pa.gov.br\/site\/15-de-maio-dia-da-familia\/\">15 de Maio, Dia da Fam\u00edlia.<\/a><\/li>\n\t\t<li class=\"wsp-post\"><a href=\"https:\/\/abelfigueiredo.pa.gov.br\/site\/15-de-maio-dia-do-assistente-social\/\">15 de Maio, Dia do Assistente Social.<\/a><\/li>\n\t\t<li class=\"wsp-post\"><a href=\"https:\/\/abelfigueiredo.pa.gov.br\/site\/feliz-dia-das-maes\/\">Feliz Dia das M\u00e3es.<\/a><\/li>\n\t\t<li class=\"wsp-post\"><a href=\"https:\/\/abelfigueiredo.pa.gov.br\/site\/12-de-maio-dia-do-enfermeiro-e-do-profissional-de-enfermagem\/\">12 de maio, Dia do Enfermeiro e do Profissional de Enfermagem.<\/a><\/li>\n\t\t<li class=\"wsp-post\"><a href=\"https:\/\/abelfigueiredo.pa.gov.br\/site\/realizada-com-sucesso-a-1-oitiva-escuta-publica-sobre-a-lei-paulo-gustavo-em-abel-figueiredo-pa\/\">Realizada com sucesso a 1\u00b0 Oitiva\/Escuta P\u00fablica sobre a lei Paulo Gustavo em Abel Figueiredo-PA.<\/a><\/li>\n\t\t<li class=\"wsp-post\"><a href=\"https:\/\/abelfigueiredo.pa.gov.br\/site\/evento-realizado-para-as-maes-e-idosos-do-servico-de-convivencia-e-fortalecimento-de-vinculos\/\">Evento realizado para as m\u00e3es e idosos do servi\u00e7o de conviv\u00eancia e fortalecimento de V\u00ednculos.<\/a><\/li>\n\t\t<li class=\"wsp-post\"><a href=\"https:\/\/abelfigueiredo.pa.gov.br\/site\/1a-oitiva-escuta-publica-sobre-a-lei-paulo-gustavo\/\">1\u00aa OITIVA\/ESCUTA P\u00daBLICA SOBRE A LEI PAULO GUSTAVO.<\/a><\/li>\n\t\t<li class=\"wsp-post\"><a href=\"https:\/\/abelfigueiredo.pa.gov.br\/site\/evento-realizado-para-as-maes-do-programa-crianca-feliz-primeira-infancia-no-suas\/\">Evento realizado para as m\u00e3es do Programa Crian\u00e7a Feliz\/ Primeira Inf\u00e2ncia no SUAS.<\/a><\/li>\n\t\t<li class=\"wsp-post\"><a href=\"https:\/\/abelfigueiredo.pa.gov.br\/site\/corujao-da-vacinacao-contra-a-gripe-e-a-covid-19\/\">Coruj\u00e3o da Vacina\u00e7\u00e3o contra a Gripe e a Covid-19.<\/a><\/li>\n\t\t<li class=\"wsp-post\"><a href=\"https:\/\/abelfigueiredo.pa.gov.br\/site\/01-de-maio-dia-do-trabalhador\/\">01 de Maio, Dia do Trabalhador.<\/a><\/li>\n\t\t<li class=\"wsp-post\"><a href=\"https:\/\/abelfigueiredo.pa.gov.br\/site\/formacao-continuada-para-os-professores-da-rede-municipal-de-ensino\/\">Forma\u00e7\u00e3o Continuada para os Professores da Rede Municipal de Ensino.<\/a><\/li>\n\t\t<li class=\"wsp-post\"><a href=\"https:\/\/abelfigueiredo.pa.gov.br\/site\/28-de-abril-dia-da-educacao\/\">28 de abril, Dia da Educa\u00e7\u00e3o.<\/a><\/li>\n\t\t<li class=\"wsp-post\"><a href=\"https:\/\/abelfigueiredo.pa.gov.br\/site\/formacao-continuada-para-os-professores-da-rede-municipal-de-ensino-2\/\">Forma\u00e7\u00e3o Continuada para os Professores da Rede Municipal de Ensino.<\/a><\/li>\n\t\t<li class=\"wsp-post\"><a href=\"https:\/\/abelfigueiredo.pa.gov.br\/site\/convite-6\/\">Convite<\/a><\/li>\n\t\t<li class=\"wsp-post\"><a href=\"https:\/\/abelfigueiredo.pa.gov.br\/site\/arrastao-da-vacinacao-contra-gripe-e-covid-19\/\">Arrast\u00e3o da Vacina\u00e7\u00e3o contra Gripe e Covid-19.<\/a><\/li>\n\t\t<li class=\"wsp-post\"><a href=\"https:\/\/abelfigueiredo.pa.gov.br\/site\/o-dia-de-tiradentes-celebrado-em-21-de-abril\/\">&#8220;O Dia de Tiradentes&#8221; celebrado em 21 de abril.<\/a><\/li>\n\t\t<li class=\"wsp-post\"><a href=\"https:\/\/abelfigueiredo.pa.gov.br\/site\/a-emef-prof-helio-frota-lima-realizou-momento-de-acolhida-e-sensibilizacao-sobre-a-importancia-da-cultura-de-paz-no-ambiente-escolar\/\">A EMEF Prof\u00b0 H\u00e9lio Frota Lima realizou momento de acolhida e sensibiliza\u00e7\u00e3o sobre a import\u00e2ncia da Cultura de Paz no ambiente escolar.<\/a><\/li>\n\t\t<li class=\"wsp-post\"><a href=\"https:\/\/abelfigueiredo.pa.gov.br\/site\/xii-conferencia-municipal-de-saude-com-o-tema-garantir-direitos-e-defender-o-sus-a-vida-e-a-democracia-amanha-vai-ser-outro-dia-compartilhe\/\">XII Confer\u00eancia Municipal de Sa\u00fade com o tema: Garantir Direitos e Defender o SUS, a Vida e a Democracia-Amanh\u00e3 Vai Ser Outro Dia. #compartilhe<\/a><\/li>\n\t\t<li class=\"wsp-post\"><a href=\"https:\/\/abelfigueiredo.pa.gov.br\/site\/19-de-abril-dia-dos-povos-indigenas\/\">19 de Abril, Dia dos Povos Ind\u00edgenas.<\/a><\/li>\n\t\t<li class=\"wsp-post\"><a href=\"https:\/\/abelfigueiredo.pa.gov.br\/site\/xii-conferencia-municipal-de-saude\/\">XII Confer\u00eancia Municipal de Sa\u00fade.<\/a><\/li>\n\t\t<li class=\"wsp-post\"><a href=\"https:\/\/abelfigueiredo.pa.gov.br\/site\/inscricoes-prorrogadas-ate-o-dia-20-de-abril-faca-ja-sua-inscricao\/\">Inscri\u00e7\u00f5es Prorrogadas at\u00e9 o dia 20 de Abril. Fa\u00e7a j\u00e1 sua inscri\u00e7\u00e3o!<\/a><\/li>\n\t\t<li class=\"wsp-post\"><a href=\"https:\/\/abelfigueiredo.pa.gov.br\/site\/abel-figueiredo-cria-protocolo-de-monitoramento-e-seguranca-para-as-escolas-da-rede-municipal-2\/\">Abel Figueiredo cria Protocolo de Monitoramento e Seguran\u00e7a para as Escolas da Rede Municipal.<\/a><\/li>\n\t\t<li class=\"wsp-post\"><a href=\"https:\/\/abelfigueiredo.pa.gov.br\/site\/abel-figueiredo-presente-no-lancamento-do-programa-escola-segura-em-belem-do-para\/\">Abel Figueiredo Presente no Lan\u00e7amento do Programa Escola Segura em Bel\u00e9m do Par\u00e1.<\/a><\/li>\n\t\t<li class=\"wsp-post\"><a href=\"https:\/\/abelfigueiredo.pa.gov.br\/site\/1-seminario-regional-sobre-moradia-popular-habitacao-para-todos\/\">1\u00b0 Semin\u00e1rio Regional Sobre Moradia Popular. &#8220;Habita\u00e7\u00e3o Para Todos.&#8221;<\/a><\/li>\n\t\t<li class=\"wsp-post\"><a href=\"https:\/\/abelfigueiredo.pa.gov.br\/site\/programa-saude-na-escola-pse-realizando-palestras-sobre-a-dengue-em-todas-as-escolas-do-municipio\/\">Programa Sa\u00fade na Escola (PSE) Realizando palestras sobre a dengue em todas as escolas do munic\u00edpio.<\/a><\/li>\n\t\t<li class=\"wsp-post\"><a href=\"https:\/\/abelfigueiredo.pa.gov.br\/site\/abel-figueiredo-cria-protocolo-de-monitoramento-e-seguranca-para-as-escolas-da-rede-municipal\/\">Abel Figueiredo cria Protocolo de Monitoramento e Seguran\u00e7a para as Escolas da Rede Municipal.<\/a><\/li>\n\t\t<li class=\"wsp-post\"><a href=\"https:\/\/abelfigueiredo.pa.gov.br\/site\/11-de-abril-dia-do-prefeito\/\">11 de abril, Dia do Prefeito.<\/a><\/li>\n\t\t<li class=\"wsp-post\"><a href=\"https:\/\/abelfigueiredo.pa.gov.br\/site\/campanha-abel-em-acao-um-mosquito-nao-e-mais-forte-que-um-municipio-inteiro\/\">Campanha Abel em A\u00e7\u00e3o. Um mosquito n\u00e3o \u00e9 mais forte que um munic\u00edpio inteiro.<\/a><\/li>\n\t\t<li class=\"wsp-post\"><a href=\"https:\/\/abelfigueiredo.pa.gov.br\/site\/parabens-ao-filho-de-abel-figueiredo-pa-artur-souza-campeao-paulistao-r2-kia-2023-com-a-ponte-preta\/\">Parab\u00e9ns ao filho de Abel Figueiredo-PA Artur Souza Campe\u00e3o Paulist\u00e3o R2 Kia 2023 com a Ponte Preta.<\/a><\/li>\n\t\t<li class=\"wsp-post\"><a href=\"https:\/\/abelfigueiredo.pa.gov.br\/site\/programa-leite-abel-figueiredo-pa\/\">PROGRAMA+ LEITE ABEL FIGUEIREDO-PA.<\/a><\/li>\n\t\t<li class=\"wsp-post\"><a href=\"https:\/\/abelfigueiredo.pa.gov.br\/site\/feliz-pascoa\/\">Feliz P\u00e1scoa.<\/a><\/li>\n\t\t<li class=\"wsp-post\"><a href=\"https:\/\/abelfigueiredo.pa.gov.br\/site\/uma-sexta-feira-santa-abencoada-a-todos-nos\/\">Uma Sexta-Feira Santa Aben\u00e7oada a todos n\u00f3s.<\/a><\/li>\n\t\t<li class=\"wsp-post\"><a href=\"https:\/\/abelfigueiredo.pa.gov.br\/site\/comunicado-coleta-de-lixo\/\">Comunicado Coleta de lixo.<\/a><\/li>\n\t\t<li class=\"wsp-post\"><a href=\"https:\/\/abelfigueiredo.pa.gov.br\/site\/festa-da-pascoa-com-o-grupo-da-melhor-idade\/\">Festa da P\u00e1scoa com o Grupo da Melhor Idade.<\/a><\/li>\n\t\t<li class=\"wsp-post\"><a href=\"https:\/\/abelfigueiredo.pa.gov.br\/site\/alunos-professores-e-colaboradores-da-rede-municipal-de-ensino\/\">Alunos, Professores e colaboradores da Rede Municipal de Ensino.<\/a><\/li>\n\t\t<li class=\"wsp-post\"><a href=\"https:\/\/abelfigueiredo.pa.gov.br\/site\/entrega-dos-ovos-de-pascoa-para-as-criancas-assistidas-pelo-programa-crianca-feliz\/\">Entrega dos ovos de P\u00e1scoa para as crian\u00e7as assistidas pelo Programa Crian\u00e7a Feliz.<\/a><\/li>\n\t\t<li class=\"wsp-post\"><a href=\"https:\/\/abelfigueiredo.pa.gov.br\/site\/comunicado-importante-3\/\">Comunicado Importante.<\/a><\/li>\n\t\t<li class=\"wsp-post\"><a href=\"https:\/\/abelfigueiredo.pa.gov.br\/site\/inscricoes-abertas-para-conselheiro-tutelar-em-abel-figueiredo-para-2024-2028\/\">INSCRI\u00c7\u00d5ES ABERTAS PARA CONSELHEIRO TUTELAR EM ABEL FIGUEIREDO-PAR\u00c1 2024\/2028.<\/a><\/li>\n\t\t<li class=\"wsp-post\"><a href=\"https:\/\/abelfigueiredo.pa.gov.br\/site\/festa-da-pascoa-com-as-criancas-e-adolescentes-de-03-a-17-anos-assistidos-pelo-servico-de-convivencia-e-fortalecimento-de-vinculos\/\">Festa da P\u00e1scoa com as Crian\u00e7as e adolescentes de 03 a 17 anos assistidos pelo Servi\u00e7o de Conviv\u00eancia e Fortalecimento de V\u00ednculos.<\/a><\/li>\n\t\t<li class=\"wsp-post\"><a href=\"https:\/\/abelfigueiredo.pa.gov.br\/site\/vice-prefeito-evandro-da-serraria-e-o-diretor-do-hospital-municipal-andre-alves-em-busca-de-recursos-na-sespa-em-belem\/\">Vice Prefeito Evandro da Serraria, e o Diretor do Hospital Municipal Andr\u00e9 Alves em busca de recursos na Sespa em Bel\u00e9m.<\/a><\/li>\n\t\t<li class=\"wsp-post\"><a href=\"https:\/\/abelfigueiredo.pa.gov.br\/site\/02-de-abril-dia-mundial-da-conscientizacao-do-autismo-2\/\">02 de Abril, Dia Mundial da Conscientiza\u00e7\u00e3o do Autismo.<\/a><\/li>\n\t\t<li class=\"wsp-post\"><a href=\"https:\/\/abelfigueiredo.pa.gov.br\/site\/sabado-de-vacinacao-contra-a-influenza-em-abel-figueiredo-pa\/\">S\u00e1bado de Vacina\u00e7\u00e3o contra a Influenza em Abel Figueiredo-PA.<\/a><\/li>\n\t\t<li class=\"wsp-post\"><a href=\"https:\/\/abelfigueiredo.pa.gov.br\/site\/sabado-de-vacinacao-contra-a-influenza-em-abel-figueiredo-pa-2\/\">S\u00e1bado de Vacina\u00e7\u00e3o contra a Influenza em Abel Figueiredo-PA.<\/a><\/li>\n\t\t<li class=\"wsp-post\"><a href=\"https:\/\/abelfigueiredo.pa.gov.br\/site\/projeto-acoes-e-intervencoes-combatendo-a-indiciplina\/\">Projeto A\u00e7\u00f5es e Interven\u00e7\u00f5es, Combatendo a Indiciplina.<\/a><\/li>\n\t\t<li class=\"wsp-post\"><a href=\"https:\/\/abelfigueiredo.pa.gov.br\/site\/projeto-abel-em-movimento-2023-danca-saude-e-qualidade-de-vida\/\">Projeto Abel em Movimento 2023, Dan\u00e7a, Sa\u00fade e Qualidade de Vida.<\/a><\/li>\n\t\t<li class=\"wsp-post\"><a href=\"https:\/\/abelfigueiredo.pa.gov.br\/site\/grupo-da-melhor-idade-de-abel-figueiredo-pa\/\">Grupo da Melhor Idade de Abel Figueiredo-PA.<\/a><\/li>\n\t\t<li class=\"wsp-post\"><a href=\"https:\/\/abelfigueiredo.pa.gov.br\/site\/equipe-multiprofissional-realizando-orientacoes-e-atendimentos-sobre-a-campanha-marco-lilas-nas-unidades-de-saude\/\">Equipe Multiprofissional realizando orienta\u00e7\u00f5es e atendimentos sobre a Campanha Mar\u00e7o Lil\u00e1s nas Unidades de Sa\u00fade.<\/a><\/li>\n\t\t<li class=\"wsp-post\"><a href=\"https:\/\/abelfigueiredo.pa.gov.br\/site\/prefeitura-realiza-capacitacao-sobre-a-nova-lei-de-licitacao-para-os-colaboradores\/\">Prefeitura realiza Capacita\u00e7\u00e3o Sobre &#8220;A Nova Lei de Licita\u00e7\u00e3o&#8221; para os colaboradores.<\/a><\/li>\n\t\t<li class=\"wsp-post\"><a href=\"https:\/\/abelfigueiredo.pa.gov.br\/site\/convite-5\/\">Convite.<\/a><\/li>\n\t\t<li class=\"wsp-post\"><a href=\"https:\/\/abelfigueiredo.pa.gov.br\/site\/22-de-marco-dia-mundial-da-agua-2\/\">22 de mar\u00e7o, Dia Mundial da \u00c1gua.<\/a><\/li>\n\t\t<li class=\"wsp-post\"><a href=\"https:\/\/abelfigueiredo.pa.gov.br\/site\/corujao-da-vacinacao-atualizacao-da-vacina-contra-a-covid-19\/\">Coruj\u00e3o da Vacina\u00e7\u00e3o! Atualiza\u00e7\u00e3o da vacina contra a Covid-19.<\/a><\/li>\n\t\t<li class=\"wsp-post\"><a href=\"https:\/\/abelfigueiredo.pa.gov.br\/site\/21-de-marco-dia-internacional-da-sidrome-de-down\/\">21 de mar\u00e7o, Dia Internacional da Sidrome de Down.<\/a><\/li>\n\t\t<li class=\"wsp-post\"><a href=\"https:\/\/abelfigueiredo.pa.gov.br\/site\/prefeito-antonio-calhau-cumprindo-agenda-de-trabalho-em-belem-do-para\/\">Prefeito Ant\u00f4nio Calhau cumprindo agenda de trabalho em Bel\u00e9m do Par\u00e1.<\/a><\/li>\n\t\t<li class=\"wsp-post\"><a href=\"https:\/\/abelfigueiredo.pa.gov.br\/site\/marco-lilas-mes-de-prevencao-e-cuidado\/\">Mar\u00e7o Lil\u00e1s m\u00eas de Preven\u00e7\u00e3o e Cuidado.<\/a><\/li>\n\t\t<li class=\"wsp-post\"><a href=\"https:\/\/abelfigueiredo.pa.gov.br\/site\/secretaria-de-cultura-niramar-furlan-em-reuniao-com-thiago-miranda-novo-diretor-da-fundacao-cultural-do-para\/\">Secret\u00e1ria de Cultura Niramar Furlan em reuni\u00e3o com Thiago Miranda novo Diretor da Funda\u00e7\u00e3o Cultural do Par\u00e1.<\/a><\/li>\n\t\t<li class=\"wsp-post\"><a href=\"https:\/\/abelfigueiredo.pa.gov.br\/site\/prefeito-antonio-calhau-presente-na-marcha-a-belem-em-defesa-dos-municipios-paraenses\/\">Prefeito Ant\u00f4nio Calhau Presente na Marcha a Bel\u00e9m em Defesa dos Munic\u00edpios Paraenses.<\/a><\/li>\n\t\t<li class=\"wsp-post\"><a href=\"https:\/\/abelfigueiredo.pa.gov.br\/site\/abertura-do-6-campeonato-municipal-de-futsal-masculino-e-feminino-de-abel-figueiredo-pa\/\">Abertura do 6\u00b0 Campeonato Municipal de Futsal, masculino e feminino de Abel Figueiredo-PA.<\/a><\/li>\n\t\t<li class=\"wsp-post\"><a href=\"https:\/\/abelfigueiredo.pa.gov.br\/site\/manutencao-da-vicinal-osvaldo-brito-em-parceria-com-produtores-rurais-da-regiao\/\">Manuten\u00e7\u00e3o da Vicinal Osvaldo Brito em parceria com Produtores Rurais da regi\u00e3o.<\/a><\/li>\n\t\t<li class=\"wsp-post\"><a href=\"https:\/\/abelfigueiredo.pa.gov.br\/site\/vacina-de-reforco-contra-a-covid-19-com-a-nova-vacina-pfizer-bivalente-que-protege-contra-a-variante-omicron\/\">Vacina de refor\u00e7o Contra a Covid-19 com a nova vacina: PFIZER BIVALENTE, QUE PROTEGE CONTRA A VARIANTE \u00d4MICRON.<\/a><\/li>\n\t\t<li class=\"wsp-post\"><a href=\"https:\/\/abelfigueiredo.pa.gov.br\/site\/a-secretaria-municipal-de-educacao-realizou-na-manha-do-dia-08-de-marco-um-delicioso-cafe-da-manha-em-comemoracao-ao-dia-internacional-da-mulher-estiveram-presente-a-secretaria-municipal-de-educacao\/\">A Secretaria Municipal de Educa\u00e7\u00e3o realizou na manh\u00e3 do dia 08 de Mar\u00e7o, um delicioso caf\u00e9 da manh\u00e3 em comemora\u00e7\u00e3o ao dia Internacional da Mulher<\/a><\/li>\n\t\t<li class=\"wsp-post\"><a href=\"https:\/\/abelfigueiredo.pa.gov.br\/site\/08-de-marco-dia-internacional-da-mulher-2\/\">08 de mar\u00e7o, Dia Internacional da Mulher.<\/a><\/li>\n\t\t<li class=\"wsp-post\"><a href=\"https:\/\/abelfigueiredo.pa.gov.br\/site\/comemoracao-do-dia-internacional-da-mulher-com-as-mulheres-que-fazem-parte-da-equipe-da-assistencia-social-e-conselho-tutelar\/\">Comemora\u00e7\u00e3o do Dia Internacional da Mulher, com as mulheres que fazem parte da equipe da Assist\u00eancia Social e Conselho Tutelar.<\/a><\/li>\n\t\t<li class=\"wsp-post\"><a href=\"https:\/\/abelfigueiredo.pa.gov.br\/site\/13-trilha-coracao-valente-de-abel-figueiredo-pa\/\">13\u00b0 Trilha Cora\u00e7\u00e3o Valente de Abel Figueiredo-PA.<\/a><\/li>\n\t\t<li class=\"wsp-post\"><a href=\"https:\/\/abelfigueiredo.pa.gov.br\/site\/o-congresso-tecnico-do-6-campeonato-municipal-de-futsal-de-abel-figueiredo-ocorreu-no-auditorio-da-assistencia-social-durante-o-congresso-tecnico-foram-abordados-diversos-assuntos-importantes\/\">O Congresso t\u00e9cnico do 6\u00b0 Campeonato Municipal de Futsal de Abel Figueiredo ocorreu no audit\u00f3rio da Assist\u00eancia Social, Durante o Congresso T\u00e9cnico, foram abordados diversos assuntos importantes para a organiza\u00e7ao do evento.<\/a><\/li>\n\t\t<li class=\"wsp-post\"><a href=\"https:\/\/abelfigueiredo.pa.gov.br\/site\/reuniao-de-planejamento-e-acompanhamento-do-censo-2022\/\">Reuni\u00e3o de Planejamento e Acompanhamento do CENSO 2022.<\/a><\/li>\n\t\t<li class=\"wsp-post\"><a href=\"https:\/\/abelfigueiredo.pa.gov.br\/site\/marco-lilas-mes-dedicado-a-saude-da-mulher-corujao-do-exame-preventivo-pccu\/\">Mar\u00e7o Lil\u00e1s &#8211; M\u00eas Dedicado a Sa\u00fade da Mulher.    &#8220;CORUJ\u00c3O DO EXAME PREVENTIVO PCCU&#8221;<\/a><\/li>\n\t\t<li class=\"wsp-post\"><a href=\"https:\/\/abelfigueiredo.pa.gov.br\/site\/vacinacao-contra-a-covid-19-com-a-nova-vacina-pfizer-bivalente-que-protege-contra-a-variante-omicron\/\">Vacina\u00e7\u00e3o Contra a Covid-19 com a nova vacina: PFIZER BIVALENTE, QUE PROTEGE CONTRA A VARIANTE \u00d4MICRON.<\/a><\/li>\n\t\t<li class=\"wsp-post\"><a href=\"https:\/\/abelfigueiredo.pa.gov.br\/site\/marco-lilas-mes-da-conscientizacao-e-combate-ao-cancer-de-colo-de-utero\/\">Mar\u00e7o Lil\u00e1s \u2013 M\u00eas da Conscientiza\u00e7\u00e3o e Combate ao C\u00e2ncer de colo de \u00fatero.<\/a><\/li>\n\t\t<li class=\"wsp-post\"><a href=\"https:\/\/abelfigueiredo.pa.gov.br\/site\/segue-os-compromissos-de-agenda-do-governo-trabalhando-para-o-povo-em-belem-do-para-01-03-2023\/\">Segue os compromissos de agenda do Governo Trabalhando para o Povo em Bel\u00e9m do Par\u00e1. 01\/03\/2023<\/a><\/li>\n\t\t<li class=\"wsp-post\"><a href=\"https:\/\/abelfigueiredo.pa.gov.br\/site\/em-busca-de-recursos-para-a-cultura-e-o-esporte-na-capital-do-estado\/\">Em busca de Recursos para a Cultura e o Esporte na Capital do Estado.<\/a><\/li>\n\t\t<li class=\"wsp-post\"><a href=\"https:\/\/abelfigueiredo.pa.gov.br\/site\/campanha-de-vacinacao-contra-meningite\/\">Campanha de Vacina\u00e7\u00e3o contra Meningite.<\/a><\/li>\n\t\t<li class=\"wsp-post\"><a href=\"https:\/\/abelfigueiredo.pa.gov.br\/site\/consultas-e-exames\/\">Consultas e Exames<\/a><\/li>\n\t\t<li class=\"wsp-post\"><a href=\"https:\/\/abelfigueiredo.pa.gov.br\/site\/quarta-feira-de-cinzas-inicio-da-quaresma\/\">Quarta-feira de cinzas, in\u00edcio da Quaresma.<\/a><\/li>\n\t\t<li class=\"wsp-post\"><a href=\"https:\/\/abelfigueiredo.pa.gov.br\/site\/retorno-dos-servicos-de-convivencia-e-fortalecimento-de-vinculos-com-o-tema-carnaval-na-melhor-idade\/\">Retorno dos Servi\u00e7os de Conviv\u00eancia e Fortalecimento de V\u00ednculos com o tema Carnaval na &#8220;Melhor Idade.&#8221;<\/a><\/li>\n\t\t<li class=\"wsp-post\"><a href=\"https:\/\/abelfigueiredo.pa.gov.br\/site\/sedop-reuniu-com-municipios-da-amatcarajas-para-discutir-a-distribuicao-de-recursos-do-frd\/\">Sedop reuniu com municipios da AMATCarajas para discutir a distribui\u00e7\u00e3o de recursos do FRD.<\/a><\/li>\n\t\t<li class=\"wsp-post\"><a href=\"https:\/\/abelfigueiredo.pa.gov.br\/site\/abel-figueiredo-presente-no-lancamento-regional-do-planejamento-estrategico-de-longo-prazo-do-estado-do-para-2050\/\">Abel Figueiredo presente no Lan\u00e7amento regional do Planejamento Estrat\u00e9gico de Longo Prazo do Estado do Par\u00e1-2050.<\/a><\/li>\n\t\t<li class=\"wsp-post\"><a href=\"https:\/\/abelfigueiredo.pa.gov.br\/site\/corujao-de-vacinacao\/\">Corujao de vacina\u00e7\u00e3o<\/a><\/li>\n\t\t<li class=\"wsp-post\"><a href=\"https:\/\/abelfigueiredo.pa.gov.br\/site\/prefeito-antonio-calhau-juntamente-com-a-secretaria-municipal-de-educacao-rafaela-souza-presentes-no-lancamento-do-programa-alfabetiza-para\/\">Prefeito Ant\u00f4nio Calhau juntamente com a Secret\u00e1ria  Municipal de Educa\u00e7\u00e3o Rafaela Souza, presentes no lan\u00e7amento do Programa Alfabetiza Par\u00e1.<\/a><\/li>\n\t\t<li class=\"wsp-post\"><a href=\"https:\/\/abelfigueiredo.pa.gov.br\/site\/formacao-com-a-equipe-da-secretaria-de-promocao-social\/\">Forma\u00e7\u00e3o com a equipe da Secretaria de Promo\u00e7\u00e3o Social.<\/a><\/li>\n\t\t<li class=\"wsp-post\"><a href=\"https:\/\/abelfigueiredo.pa.gov.br\/site\/planejamento-2023-palestra-sobre-o-novo-fundeb-e-os-desafios-da-educacao-a-importancia-da-atuacao-docente-com-foco-nos-indicadores-educacionais\/\">Planejamento 2023, Palestra sobre o Novo Fundeb e os desafios da Educa\u00e7\u00e3o: A Import\u00e2ncia da atua\u00e7\u00e3o docente com foco nos indicadores educacionais.<\/a><\/li>\n\t\t<li class=\"wsp-post\"><a href=\"https:\/\/abelfigueiredo.pa.gov.br\/site\/prefeitura-realiza-um-cafe-da-manha-de-agradecimento-aos-colaboradores-pela-conquista-do-certificado-diamante-em-transparencia-publica\/\">Prefeitura realiza um caf\u00e9 da manh\u00e3 de agradecimento aos colaboradores pela conquista do certificado &#8220;Diamante&#8221; em Transpar\u00eancia P\u00fablica.<\/a><\/li>\n\t\t<li class=\"wsp-post\"><a href=\"https:\/\/abelfigueiredo.pa.gov.br\/site\/atencao-para-este-comunicado-4\/\">Aten\u00e7\u00e3o para este Comunicado.<\/a><\/li>\n\t\t<li class=\"wsp-post\"><a href=\"https:\/\/abelfigueiredo.pa.gov.br\/site\/convite-4\/\">Convite.<\/a><\/li>\n\t\t<li class=\"wsp-post\"><a href=\"https:\/\/abelfigueiredo.pa.gov.br\/site\/encontro-regional-do-turismo-festival-tempero-de-origem-6edicao-maraba\/\">Encontro Regional do Turismo. Festival Tempero de Origem 6\u00b0edi\u00e7\u00e3o Marab\u00e1.<\/a><\/li>\n\t\t<li class=\"wsp-post\"><a href=\"https:\/\/abelfigueiredo.pa.gov.br\/site\/camara-municipal-de-vereadores-de-abel-figueiredo-pa-recebe-o-certificado-diamante-em-transparencia-publica-2022\/\">C\u00e2mara Municipal de Vereadores de Abel Figueiredo-PA, recebe o certificado &#8220;Diamante&#8221; em Transpar\u00eancia P\u00fablica 2022.<\/a><\/li>\n\t\t<li class=\"wsp-post\"><a href=\"https:\/\/abelfigueiredo.pa.gov.br\/site\/a-prefeitura-de-abel-figueiredo-atraves-da-secretaria-municipal-de-obras-realiza-a-manutencao-de-vias-publicas\/\">A Prefeitura de Abel Figueiredo atrav\u00e9s da Secretaria Municipal de Obras, realiza a manuten\u00e7\u00e3o de vias p\u00fablicas.<\/a><\/li>\n\t\t<li class=\"wsp-post\"><a href=\"https:\/\/abelfigueiredo.pa.gov.br\/site\/abel-figueiredo-recebe-o-certificado-nacional-diamante-em-qualidade-e-transparencia-publica-2022\/\">Abel Figueiredo recebe o Certificado Nacional &#8220;Diamante&#8221; em Qualidade e Transpar\u00eancia P\u00fablica 2022.<\/a><\/li>\n\t\t<li class=\"wsp-post\"><a href=\"https:\/\/abelfigueiredo.pa.gov.br\/site\/participe-da-corrida-e-do-passeio-ciclistico-em-comemoracao-aos-31-anos-de-abel-figueiredo-pa\/\">Participe da Corrida e do Passeio Cicl\u00edstico em comemora\u00e7\u00e3o aos 31 anos de Abel Figueiredo-PA.<\/a><\/li>\n\t\t<li class=\"wsp-post\"><a href=\"https:\/\/abelfigueiredo.pa.gov.br\/site\/campanha-de-vacinacao-contra-meningite-para-a-populacao-acima-de-10-anos-de-23-de-janeiro-a-28-de-fevereiro\/\">Campanha de vacina\u00e7\u00e3o contra meningite para a popula\u00e7\u00e3o acima de 10 anos, de 23 de janeiro \u00e0 28 de fevereiro.<\/a><\/li>\n\t\t<li class=\"wsp-post\"><a href=\"https:\/\/abelfigueiredo.pa.gov.br\/site\/aniversario-de-abel-figueiredo-dias-10-e-11-de-fevereiro-uma-cidade-um-povo-uma-cultura-e-31-anos-para-celebrar\/\">Anivers\u00e1rio de Abel Figueiredo dias 10 e 11 de fevereiro, Uma Cidade Um Povo Uma Cultura e 31 Anos para celebrar!<\/a><\/li>\n\t\t<li class=\"wsp-post\"><a href=\"https:\/\/abelfigueiredo.pa.gov.br\/site\/campanha-janeiro-branco-e-roxo-cuidando-da-saude-mental-e-na-prevencao-e-tratamento-da-hanseniase\/\">Campanha Janeiro Branco e Roxo, cuidando da sa\u00fade mental e na preven\u00e7\u00e3o e tratamento da Hansen\u00edase.<\/a><\/li>\n\t\t<li class=\"wsp-post\"><a href=\"https:\/\/abelfigueiredo.pa.gov.br\/site\/abertura-do-ano-letivo-de-2023-palestra-sobre-a-manipulacao-de-alimentos\/\">Abertura do Ano Letivo de 2023. Palestra Sobre a Manipula\u00e7\u00e3o de Alimentos.<\/a><\/li>\n\t\t<li class=\"wsp-post\"><a href=\"https:\/\/abelfigueiredo.pa.gov.br\/site\/abertura-do-ano-letivo-de-2023-entrega-de-materiais-permanentes-pedagogicos-para-as-escolas-e-palestra-sobre-a-importancia-da-excelencia-na-postura-profissional\/\">Abertura do Ano Letivo de 2023. Entrega de Materiais Permanentes, Pedag\u00f3gicos para as escolas e palestra sobre &#8220;A Import\u00e2ncia da Excel\u00eancia na Postura Profissional.&#8221;<\/a><\/li>\n\t\t<li class=\"wsp-post\"><a href=\"https:\/\/abelfigueiredo.pa.gov.br\/site\/matriculas-abertas-volta-as-aulas-2023\/\">Matr\u00edculas Abertas! Volta \u00e0s Aulas 2023.<\/a><\/li>\n\t\t<li class=\"wsp-post\"><a href=\"https:\/\/abelfigueiredo.pa.gov.br\/site\/hoje-e-dia-de-tbt-com-a-equipe-do-parma-campeao-abel-figueiredense-2022\/\">Hoje \u00e9 dia de TBT com a equipe do Parma Campe\u00e3o Abel Figueiredense 2022.<\/a><\/li>\n\t\t<li class=\"wsp-post\"><a href=\"https:\/\/abelfigueiredo.pa.gov.br\/site\/hoje-e-dia-de-tbt-prefeitura-de-abel-figueiredo-atraves-da-secretaria-de-promocao-social-entregam-150-cestas-basicas-no-final-do-ano\/\">Hoje \u00e9 dia de TBT, Prefeitura de Abel Figueiredo atrav\u00e9s da Secretaria de Promo\u00e7\u00e3o Social entregam 150 cestas b\u00e1sicas no final do ano.<\/a><\/li>\n\t\t<li class=\"wsp-post\"><a href=\"https:\/\/abelfigueiredo.pa.gov.br\/site\/uma-cidade-um-povo-uma-cultura-e-31-anos-de-historia-para-celebrar-2\/\">Uma Cidade, Um Povo, Uma Cultura e 31 anos de Hist\u00f3ria para Celebrar!<\/a><\/li>\n\t\t<li class=\"wsp-post\"><a href=\"https:\/\/abelfigueiredo.pa.gov.br\/site\/uma-cidade-um-povo-uma-cultura-e-31-anos-de-historia-para-celebrar\/\">Uma Cidade, Um Povo, Uma Cultura e 31 anos de Hist\u00f3ria para Celebrar!<\/a><\/li>\n\t\t<li class=\"wsp-post\"><a href=\"https:\/\/abelfigueiredo.pa.gov.br\/site\/hoje-e-dia-de-tbt-prefeito-antonio-calhau-vice-evandro-da-serraria-e-secretarios-municipais-presentes-na-sessao-que-elegeu-o-vereador-junior-de-dativo-para-presidencia-da-camara-municipal-de-vereador\/\">Hoje \u00e9 dia de TBT, Prefeito Ant\u00f4nio Calhau vice Evandro da Serraria e Secret\u00e1rios Municipais presentes na sess\u00e3o que elegeu o vereador J\u00fanior de Dativo para presid\u00eancia da C\u00e2mara Municipal de Vereadores bi\u00eanio 2023\/2024.<\/a><\/li>\n\t\t<li class=\"wsp-post\"><a href=\"https:\/\/abelfigueiredo.pa.gov.br\/site\/abel-figueiredo-comeca-a-receber-titulos-defitivos-em-parceria-com-o-incra-atraves-do-programa-titula-brasil\/\">Abel Figueiredo come\u00e7a a receber t\u00edtulos defitivos em parceria com o INCRA atrav\u00e9s do programa Titula Brasil.<\/a><\/li>\n\t\t<li class=\"wsp-post\"><a href=\"https:\/\/abelfigueiredo.pa.gov.br\/site\/125-proteses-dentarias-entregues-em-parceria-com-o-programa-brasil-sorridente\/\">125 Pr\u00f3teses dent\u00e1rias entregues em parceria com o Programa BRASIL SORRIDENTE.<\/a><\/li>\n\t\t<li class=\"wsp-post\"><a href=\"https:\/\/abelfigueiredo.pa.gov.br\/site\/08-de-dezembro-dia-de-nossa-senhora-imaculada-conceicao-padroeira-de-abel-figueiredo-pa-2\/\">08 de Dezembro, Dia de Nossa Senhora Imaculada Concei\u00e7\u00e3o Padroeira de Abel Figueiredo-PA.<\/a><\/li>\n\t\t<li class=\"wsp-post\"><a href=\"https:\/\/abelfigueiredo.pa.gov.br\/site\/programa-crianca-feliz-primeira-infancia-no-suas-reuniao-para-falar-sobre-a-importancia-do-programa-crianca-feliz\/\">Programa Crian\u00e7a Feliz: Primeira Inf\u00e2ncia no SUAS, reuni\u00e3o para falar sobre a import\u00e2ncia do Programa Crianca Feliz.<\/a><\/li>\n\t\t<li class=\"wsp-post\"><a href=\"https:\/\/abelfigueiredo.pa.gov.br\/site\/acender-das-luzes-de-natal-em-abel-figueiredo-pa\/\">Acender das Luzes de Natal em Abel Figueiredo-PA.<\/a><\/li>\n\t\t<li class=\"wsp-post\"><a href=\"https:\/\/abelfigueiredo.pa.gov.br\/site\/convite-acender-das-luzes-de-natal-2022\/\">Convite Acender das Luzes de Natal 2022.<\/a><\/li>\n\t\t<li class=\"wsp-post\"><a href=\"https:\/\/abelfigueiredo.pa.gov.br\/site\/reuniao-com-o-procurador-do-iterpa-dr-flavio-ricardo-para-tratar-da-regularizacao-fundiaria-no-municipio-assentamento-nova-alianca\/\">Reuni\u00e3o com o Procurador do ITERPA Dr Flavio Ricardo para tratar da Regulariza\u00e7\u00e3o fundi\u00e1ria no munic\u00edpio (Assentamento Nova Alian\u00e7a).<\/a><\/li>\n\t\t<li class=\"wsp-post\"><a href=\"https:\/\/abelfigueiredo.pa.gov.br\/site\/hoje-e-dia-de-tbt-dessa-noite-incrivel-que-marcou-a-primeira-edicao-do-projeto-vivencias-compartilhando-conhecimentos-em-abel-figueiredo-pa\/\">Hoje e dia de TBT dessa noite incr\u00edvel que marcou a Primeira Edi\u00e7\u00e3o do Projeto Viv\u00eancias Compartilhando Conhecimentos em Abel Figueiredo-PA.<\/a><\/li>\n\t\t<li class=\"wsp-post\"><a href=\"https:\/\/abelfigueiredo.pa.gov.br\/site\/vi-conferencia-municipal-dos-diretores-da-crianca-e-do-adolescente-de-abel-figueiredo-pa\/\">VI Confer\u00eancia Municipal dos Diretores da Crian\u00e7a e do Adolescente de Abel Figueiredo-PA.<\/a><\/li>\n\t\t<li class=\"wsp-post\"><a href=\"https:\/\/abelfigueiredo.pa.gov.br\/site\/%e2%9a%a0%ef%b8%8fatencao-populacao-de-abel-figueiredo%e2%9a%a0%ef%b8%8f\/\">\u26a0\ufe0fAten\u00e7\u00e3o popula\u00e7\u00e3o de Abel Figueiredo!\u26a0\ufe0f<\/a><\/li>\n\t\t<li class=\"wsp-post\"><a href=\"https:\/\/abelfigueiredo.pa.gov.br\/site\/convite-3\/\">Convite.<\/a><\/li>\n\t\t<li class=\"wsp-post\"><a href=\"https:\/\/abelfigueiredo.pa.gov.br\/site\/a-prefeitura-de-abel-figueiredo-por-meio-da-secretaria-municipal-de-meio-ambiente-informa-que-de-acordo-com-a-lei-federal-numero-12-305-2010-jogar-entulhos-nas-vias-publicas-e-crime\/\">A Prefeitura de Abel Figueiredo por meio da Secretaria Municipal de Meio Ambiente informa que de acordo com a lei federal n\u00famero 12.305\/ 2010 jogar entulhos nas vias p\u00fablicas \u00e9 crime.<\/a><\/li>\n\t\t<li class=\"wsp-post\"><a href=\"https:\/\/abelfigueiredo.pa.gov.br\/site\/reinauguracao-da-unidade-de-saude-da-familia-tancredo-neves-carne-de-sol-2\/\">Reinaugura\u00e7\u00e3o da Unidade de Sa\u00fade da Fam\u00edlia Tancredo Neves (Carne de Sol).<\/a><\/li>\n\t\t<li class=\"wsp-post\"><a href=\"https:\/\/abelfigueiredo.pa.gov.br\/site\/reinauguracao-da-unidade-de-saude-da-familia-tancredo-neves-carne-de-sol\/\">Reinaugura\u00e7\u00e3o da Unidade de Sa\u00fade da Fam\u00edlia Tancredo Neves (Carne de Sol).<\/a><\/li>\n\t\t<li class=\"wsp-post\"><a href=\"https:\/\/abelfigueiredo.pa.gov.br\/site\/programa-asfalto-por-todo-para-chega-a-abel-figueiredo-pa-3km\/\">Programa Asfalto por todo Par\u00e1 chega a Abel Figueiredo-PA. (3km)<\/a><\/li>\n\t\t<li class=\"wsp-post\"><a href=\"https:\/\/abelfigueiredo.pa.gov.br\/site\/prefeitura-de-abel-figueiredo-pa-alcanca-o-nivel-diamante-em-transferencia\/\">Prefeitura de Abel Figueiredo-PA alcan\u00e7a o n\u00edvel diamante em transfer\u00eancia.<\/a><\/li>\n\t\t<li class=\"wsp-post\"><a href=\"https:\/\/abelfigueiredo.pa.gov.br\/site\/atividades-com-os-idosos-do-servico-de-convivencia-e-fortalecimento-de-vinculos-em-parceria-com-a-secretaria-de-saude\/\">Atividades com os idosos do Servi\u00e7o de Conviv\u00eancia e Fortalecimento de V\u00ednculos em parceria com a Secretaria de Sa\u00fade.<\/a><\/li>\n\t\t<li class=\"wsp-post\"><a href=\"https:\/\/abelfigueiredo.pa.gov.br\/site\/encerramento-do-semestre-com-grupo-de-gestante-do-projeto-uma-nova-vida\/\">ENCERRAMENTO DO SEMESTRE COM GRUPO DE GESTANTE, DO PROJETO UMA NOVA VIDA.<\/a><\/li>\n\t\t<li class=\"wsp-post\"><a href=\"https:\/\/abelfigueiredo.pa.gov.br\/site\/assinatura-da-ordem-de-servico-para-construcao-de-uma-sala-auditorio-com-capacidade-para-50-lugares\/\">Assinatura da ordem de servi\u00e7o para constru\u00e7\u00e3o de uma Sala Audit\u00f3rio com capacidade para 50 lugares.<\/a><\/li>\n\t\t<li class=\"wsp-post\"><a href=\"https:\/\/abelfigueiredo.pa.gov.br\/site\/prefeitura-entrega-o-novo-ponto-de-abastecimento-dagua\/\">Prefeitura entrega o novo ponto de abastecimento d&#8217;\u00e1gua.<\/a><\/li>\n\t\t<li class=\"wsp-post\"><a href=\"https:\/\/abelfigueiredo.pa.gov.br\/site\/1-edicao-projeto-vivencias-compartilhando-conhecimentos-2\/\">1\u00b0 Edi\u00e7\u00e3o Projeto Viv\u00eancias &#8220;Compartilhando Conhecimentos.&#8221;<\/a><\/li>\n\t\t<li class=\"wsp-post\"><a href=\"https:\/\/abelfigueiredo.pa.gov.br\/site\/4-conferencia-municipal-concidades-de-abel-figueiredo-pa-2\/\">4\u00b0 Confer\u00eancia Municipal Concidades de Abel Figueiredo-PA.<\/a><\/li>\n\t\t<li class=\"wsp-post\"><a href=\"https:\/\/abelfigueiredo.pa.gov.br\/site\/o-municipio-de-abel-figueiredo-e-o-primeiro-do-estado-do-para-a-receber-um-ponto-de-inclusao-digital-do-projeto-justica-sem-fronteiras\/\">O munic\u00edpio de Abel Figueiredo \u00e9 o primeiro do Estado do Par\u00e1 a receber um Ponto de Inclus\u00e3o Digital, do Projeto Justi\u00e7a Sem Fronteiras.<\/a><\/li>\n\t\t<li class=\"wsp-post\"><a href=\"https:\/\/abelfigueiredo.pa.gov.br\/site\/17-campeonato-municipal-de-futebol-de-abel-figueiredo-pa\/\">17\u00b0 Campeonato Municipal de Futebol de Abel Figueiredo-PA.<\/a><\/li>\n\t\t<li class=\"wsp-post\"><a href=\"https:\/\/abelfigueiredo.pa.gov.br\/site\/4-conferencia-municipal-concidades-de-abel-figueiredo-pa\/\">4\u00b0 Confer\u00eancia Municipal Concidades de Abel Figueiredo-PA.<\/a><\/li>\n\t\t<li class=\"wsp-post\"><a href=\"https:\/\/abelfigueiredo.pa.gov.br\/site\/dia-de-finados-e-dia-de-oracao\/\">Dia de Finados \u00e9 Dia de Ora\u00e7\u00e3o.<\/a><\/li>\n\t\t<li class=\"wsp-post\"><a href=\"https:\/\/abelfigueiredo.pa.gov.br\/site\/acao-de-saude-outubro-rosa-novembro-azul-realizada-com-sucesso-em-abel-figueiredo-pa\/\">A\u00e7\u00e3o de Sa\u00fade Outubro Rosa Novembro Azul realizada com sucesso em Abel Figueiredo-PA.<\/a><\/li>\n\t\t<li class=\"wsp-post\"><a href=\"https:\/\/abelfigueiredo.pa.gov.br\/site\/1-edicao-projeto-vivencias-compartilhando-conhecimentos\/\">1\u00b0 Edi\u00e7\u00e3o Projeto Viv\u00eancias &#8220;Compartilhando Conhecimentos.&#8221;<\/a><\/li>\n\t\t<li class=\"wsp-post\"><a href=\"https:\/\/abelfigueiredo.pa.gov.br\/site\/25-de-outubro-feliz-aniversario-prefeito-antonio-calhau-2\/\">25 de outubro, Feliz Anivers\u00e1rio Prefeito Ant\u00f4nio Calhau.<\/a><\/li>\n\t\t<li class=\"wsp-post\"><a href=\"https:\/\/abelfigueiredo.pa.gov.br\/site\/hoje-e-dia-de-tbt-desse-momento-especial-da-primeira-amostra-de-artes-para-os-pais-das-criancas-assistidas-pelo-scfv-servico-de-convivencia-e-fortalecimento-de-vinculos\/\">Hoje \u00e9 dia de TBT desse momento especial da Primeira Amostra de Artes para os pais das crian\u00e7as assistidas pelo SCFV Servi\u00e7o de Conviv\u00eancia e Fortalecimento de V\u00ednculos.<\/a><\/li>\n\t\t<li class=\"wsp-post\"><a href=\"https:\/\/abelfigueiredo.pa.gov.br\/site\/sabado-dia-22-e-dia-de-vacinacao-contra-poliomielite-e-atualizacao-de-todas-as-vacinas\/\">S\u00c1BADO DIA 22 \u00c9 DIA DE VACINA\u00c7\u00c3O CONTRA POLIOMIELITE E ATUALIZA\u00c7\u00c3O DE TODAS AS VACINAS.<\/a><\/li>\n\t\t<li class=\"wsp-post\"><a href=\"https:\/\/abelfigueiredo.pa.gov.br\/site\/caminhada-da-terceira-idade-nesta-quinta-feira-06-de-outubro-em-comemoracao-ao-dia-do-idoso\/\">Caminhada da Terceira Idade, nesta quinta-feira 06 de outubro em comemora\u00e7\u00e3o ao dia do Idoso.<\/a><\/li>\n\t\t<li class=\"wsp-post\"><a href=\"https:\/\/abelfigueiredo.pa.gov.br\/site\/04-de-outubro-dia-do-agente-comunitario-de-saude\/\">04 de Outubro, Dia do Agente Comunit\u00e1rio de Sa\u00fade.<\/a><\/li>\n\t\t<li class=\"wsp-post\"><a href=\"https:\/\/abelfigueiredo.pa.gov.br\/site\/o-dia-internacional-do-idoso-e-comemorado-anualmente-no-primeiro-dia-de-outubro\/\">O Dia Internacional do Idoso \u00e9 comemorado anualmente no primeiro dia de outubro.<\/a><\/li>\n\t\t<li class=\"wsp-post\"><a href=\"https:\/\/abelfigueiredo.pa.gov.br\/site\/queimada-nao-apague-essa-ideia-diga-nao-as-queimadas\/\">Queimada n\u00e3o, apague essa ideia diga n\u00e3o as queimadas.<\/a><\/li>\n\t\t<li class=\"wsp-post\"><a href=\"https:\/\/abelfigueiredo.pa.gov.br\/site\/a-prefeitura-segue-trabalhando-para-melhorar-cada-vez-mais-as-estradas-e-os-acessos-na-zona-rural-do-municipio\/\">A Prefeitura segue trabalhando para melhorar cada vez mais as estradas e os acessos na zona rural do munic\u00edpio.<\/a><\/li>\n\t\t<li class=\"wsp-post\"><a href=\"https:\/\/abelfigueiredo.pa.gov.br\/site\/escolas-de-abel-figueiredo-avancam-no-ideb\/\">Escolas de Abel Figueiredo avan\u00e7am no IDEB.<\/a><\/li>\n\t\t<li class=\"wsp-post\"><a href=\"https:\/\/abelfigueiredo.pa.gov.br\/site\/campanha-de-vacinacao-antirrabica-animal-em-abel-figueiredo-pa\/\">Campanha de Vacina\u00e7\u00e3o Antirr\u00e1bica Animal em Abel Figueiredo-PA.<\/a><\/li>\n\t\t<li class=\"wsp-post\"><a href=\"https:\/\/abelfigueiredo.pa.gov.br\/site\/o-dia-da-arvore-e-comemorado-no-dia-21-de-setembro\/\">O Dia da \u00c1rvore \u00e9 comemorado no dia 21 de Setembro.<\/a><\/li>\n\t\t<li class=\"wsp-post\"><a href=\"https:\/\/abelfigueiredo.pa.gov.br\/site\/22-de-setembro-dia-do-contador\/\">22  de Setembro, Dia do Contador.<\/a><\/li>\n\t\t<li class=\"wsp-post\"><a href=\"https:\/\/abelfigueiredo.pa.gov.br\/site\/corujao-da-vacinacao-contra-a-poliomielite-e-covid-19-em-abel-figueiredo-pa\/\">Coruj\u00e3o da Vacina\u00e7\u00e3o contra a POLIOMIELITE e COVID -19 em Abel Figueiredo-PA.<\/a><\/li>\n\t\t<li class=\"wsp-post\"><a href=\"https:\/\/abelfigueiredo.pa.gov.br\/site\/16-de-setembro-feliz-aniversario-para-o-nosso-vice-prefeito-evandro-da-serraria\/\">16 de Setembro, Feliz Anivers\u00e1rio para o nosso Vice Prefeito Evandro da Serraria.<\/a><\/li>\n\t\t<li class=\"wsp-post\"><a href=\"https:\/\/abelfigueiredo.pa.gov.br\/site\/comunicado-8\/\">COMUNICADO.<\/a><\/li>\n\t\t<li class=\"wsp-post\"><a href=\"https:\/\/abelfigueiredo.pa.gov.br\/site\/07-de-setembro-dia-da-independencia-do-brasil\/\">07 de Setembro, Dia da Independ\u00eancia do Brasil.<\/a><\/li>\n\t\t<li class=\"wsp-post\"><a href=\"https:\/\/abelfigueiredo.pa.gov.br\/site\/escola-melquiades-justiniano-da-silva-no-bairro-nova-brasilia-recebe-reforma-com-uma-nova-pintura\/\">Escola Melqu\u00edades Justiniano da Silva no Bairro Nova Bras\u00edlia recebe reforma com uma nova pintura.<\/a><\/li>\n\t\t<li class=\"wsp-post\"><a href=\"https:\/\/abelfigueiredo.pa.gov.br\/site\/setembro-amarelo-mes-de-combate-ao-suicidio\/\">Setembro Amarelo, M\u00eas de Combate ao Suic\u00eddio.<\/a><\/li>\n\t\t<li class=\"wsp-post\"><a href=\"https:\/\/abelfigueiredo.pa.gov.br\/site\/nota-de-pesar\/\">Nota de Pesar.<\/a><\/li>\n\t\t<li class=\"wsp-post\"><a href=\"https:\/\/abelfigueiredo.pa.gov.br\/site\/reinauguracao-da-unidade-de-saude-da-familia-cidade-alta\/\">Reinaugura\u00e7\u00e3o da Unidade de Sa\u00fade da Fam\u00edlia Cidade Alta.<\/a><\/li>\n\t\t<li class=\"wsp-post\"><a href=\"https:\/\/abelfigueiredo.pa.gov.br\/site\/reinauguracao-da-unidade-de-saude-da-familia-cidade-alta-2\/\">Reinaugura\u00e7\u00e3o da Unidade de Sa\u00fade da Fam\u00edlia Cidade Alta.<\/a><\/li>\n\t\t<li class=\"wsp-post\"><a href=\"https:\/\/abelfigueiredo.pa.gov.br\/site\/capacitacao-tecnica-estadual-de-execucao-do-programa-crianca-feliz-em-belem-do-para\/\">Capacita\u00e7\u00e3o T\u00e9cnica Estadual de Execu\u00e7\u00e3o do Programa Crian\u00e7a Feliz em Bel\u00e9m do Par\u00e1.<\/a><\/li>\n\t\t<li class=\"wsp-post\"><a href=\"https:\/\/abelfigueiredo.pa.gov.br\/site\/22-de-agosto-dia-do-coordenador-pedagogico-compartilhe\/\">22 de agosto, Dia do Coordenador Pedag\u00f3gico.  #compartilhe<\/a><\/li>\n\t\t<li class=\"wsp-post\"><a href=\"https:\/\/abelfigueiredo.pa.gov.br\/site\/dia-d-de-vacinacao-contra-a-poliomielite-e-atualizacao-das-vacinas-em-abel-figueiredo-pa\/\">Dia &#8220;D&#8221; de Vacina\u00e7\u00e3o contra a POLIOMIELITE e atualiza\u00e7\u00e3o das vacinas em Abel Figueiredo-PA.<\/a><\/li>\n\t\t<li class=\"wsp-post\"><a href=\"https:\/\/abelfigueiredo.pa.gov.br\/site\/campanha-nacional-de-multivacinacao-de-08-de-agosto-a-09-de-setembro\/\">CAMPANHA NACIONAL DE MULTIVACINA\u00c7\u00c3O De 08 de agosto a 09 de setembro.<\/a><\/li>\n\t\t<li class=\"wsp-post\"><a href=\"https:\/\/abelfigueiredo.pa.gov.br\/site\/feliz-dia-dos-pais-14-de-agosto\/\">Feliz Dia dos Pais. 14 de agosto.<\/a><\/li>\n\t\t<li class=\"wsp-post\"><a href=\"https:\/\/abelfigueiredo.pa.gov.br\/site\/11-de-agosto-dia-do-advogado\/\">11 de agosto, Dia do Advogado.<\/a><\/li>\n\t\t<li class=\"wsp-post\"><a href=\"https:\/\/abelfigueiredo.pa.gov.br\/site\/11-de-agosto-dia-do-estudante\/\">11 de agosto, Dia do Estudante.<\/a><\/li>\n\t\t<li class=\"wsp-post\"><a href=\"https:\/\/abelfigueiredo.pa.gov.br\/site\/agosto-dourado-mes-dedicado-ao-incentivo-a-amamentacao\/\">Agosto Dourado, m\u00eas dedicado ao incentivo \u00e0 amamenta\u00e7\u00e3o.<\/a><\/li>\n\t\t<li class=\"wsp-post\"><a href=\"https:\/\/abelfigueiredo.pa.gov.br\/site\/agosto-lilas-mes-de-combate-a-violencia-contra-a-mulher\/\">Agosto Lil\u00e1s, M\u00eas de Combate a Viol\u00eancia Contra a Mulher.<\/a><\/li>\n\t\t<li class=\"wsp-post\"><a href=\"https:\/\/abelfigueiredo.pa.gov.br\/site\/11-conferencia-municipal-de-saude-de-abel-figueiredo-pa\/\">11\u00b0 Confer\u00eancia Municipal de Sa\u00fade de Abel Figueiredo-PA.<\/a><\/li>\n\t\t<li class=\"wsp-post\"><a href=\"https:\/\/abelfigueiredo.pa.gov.br\/site\/04-de-agosto-dia-do-padre\/\">04 de agosto, Dia do Padre.<\/a><\/li>\n\t\t<li class=\"wsp-post\"><a href=\"https:\/\/abelfigueiredo.pa.gov.br\/site\/assinatura-da-ordem-de-servico-para-reforma-da-prefeitura-e-da-camara-municipal-de-abel-figueiredo-pa\/\">Assinatura da ordem de servi\u00e7o para reforma da Prefeitura e da C\u00e2mara Municipal de Abel Figueiredo-PA.<\/a><\/li>\n\t\t<li class=\"wsp-post\"><a href=\"https:\/\/abelfigueiredo.pa.gov.br\/site\/trinta-30-computadores-entregues-e-instalados-para-atender-os-alunos-do-forma-para\/\">Trinta (30) computadores entregues e instalados para atender os alunos do forma Par\u00e1.<\/a><\/li>\n\t\t<li class=\"wsp-post\"><a href=\"https:\/\/abelfigueiredo.pa.gov.br\/site\/volta-as-aulas\/\">Volta \u00e0s Aulas.<\/a><\/li>\n\t\t<li class=\"wsp-post\"><a href=\"https:\/\/abelfigueiredo.pa.gov.br\/site\/palestra-sobre-a-tematica-avaliacao-da-aprendizagem\/\">Palestra sobre a tem\u00e1tica, Avalia\u00e7\u00e3o da Aprendizagem.<\/a><\/li>\n\t\t<li class=\"wsp-post\"><a href=\"https:\/\/abelfigueiredo.pa.gov.br\/site\/julho-amarelo-mes-de-prevencao-e-combate-as-hepatites-virais-3\/\">Julho Amarelo, M\u00eas de Preven\u00e7\u00e3o e Combate as Hepatites Virais.<\/a><\/li>\n\t\t<li class=\"wsp-post\"><a href=\"https:\/\/abelfigueiredo.pa.gov.br\/site\/28-de-julho-dia-do-agricultor-2\/\">28 de julho, DIA DO AGRICULTOR!<\/a><\/li>\n\t\t<li class=\"wsp-post\"><a href=\"https:\/\/abelfigueiredo.pa.gov.br\/site\/26-de-julho-feliz-dia-dos-avos\/\">26 de julho, Feliz dia dos av\u00f3s.<\/a><\/li>\n\t\t<li class=\"wsp-post\"><a href=\"https:\/\/abelfigueiredo.pa.gov.br\/site\/a-vacinacao-contra-a-covid-19-ja-esta-liberada-para-criancas-a-partir-de-3-anos\/\">A vacina\u00e7\u00e3o contra a Covid-19 j\u00e1 est\u00e1 liberada para crian\u00e7as a partir de 3 anos!<\/a><\/li>\n\t\t<li class=\"wsp-post\"><a href=\"https:\/\/abelfigueiredo.pa.gov.br\/site\/corujao-da-vacinacao\/\">Coruj\u00e3o da Vacina\u00e7\u00e3o!<\/a><\/li>\n\t\t<li class=\"wsp-post\"><a href=\"https:\/\/abelfigueiredo.pa.gov.br\/site\/julho-amarelo-mes-de-prevencao-e-combate-as-hepatites-virais\/\">Julho Amarelo, M\u00eas de Preven\u00e7\u00e3o e Combate as Hepatites Virais.<\/a><\/li>\n\t\t<li class=\"wsp-post\"><a href=\"https:\/\/abelfigueiredo.pa.gov.br\/site\/cerimonia-de-certificacao-das-propostas-de-pos-graduacao-lato-sensu-em-belem-do-para-com-a-conquista-do-curso-de-gestao-ambiental-para-abel-figueiredo-pa\/\">Cerim\u00f4nia de Certifica\u00e7\u00e3o das Propostas de P\u00f3s Gradua\u00e7\u00e3o Lato SENSU em Bel\u00e9m do Par\u00e1, com a conquista do Curso de Gest\u00e3o Ambiental para Abel Figueiredo-PA.<\/a><\/li>\n\t\t<li class=\"wsp-post\"><a href=\"https:\/\/abelfigueiredo.pa.gov.br\/site\/julho-amarelo-mes-de-prevencao-e-combate-as-hepatites-virais-2\/\">Julho Amarelo, M\u00eas de Preven\u00e7\u00e3o e Combate as Hepatites Virais.<\/a><\/li>\n\t\t<li class=\"wsp-post\"><a href=\"https:\/\/abelfigueiredo.pa.gov.br\/site\/20-de-julho-dia-do-amigo\/\">20 de Julho, Dia do Amigo.<\/a><\/li>\n\t\t<li class=\"wsp-post\"><a href=\"https:\/\/abelfigueiredo.pa.gov.br\/site\/rodada-de-abertura-do-16-campeonato-municipal-de-futebol-master-2022-2\/\">Rodada de Abertura do 16\u00b0 Campeonato Municipal de Futebol Master 2022.<\/a><\/li>\n\t\t<li class=\"wsp-post\"><a href=\"https:\/\/abelfigueiredo.pa.gov.br\/site\/mais-conquistas-trator-agricola-para-o-municipio-de-abel-figueiredo-pa\/\">Mais Conquistas! Trator Agr\u00edcola para o munic\u00edpio de Abel Figueiredo-PA.<\/a><\/li>\n\t\t<li class=\"wsp-post\"><a href=\"https:\/\/abelfigueiredo.pa.gov.br\/site\/entrega-de-enxovais-para-as-gravidas-assistidas-pelo-programa-nova-vida\/\">Entrega de enxovais para as gr\u00e1vidas assistidas pelo Programa Nova Vida.<\/a><\/li>\n\t\t<li class=\"wsp-post\"><a href=\"https:\/\/abelfigueiredo.pa.gov.br\/site\/rodada-de-abertura-do-16-campeonato-municipal-de-futebol-master-2022\/\">Rodada de Abertura do 16\u00b0 Campeonato Municipal de Futebol Master 2022.<\/a><\/li>\n\t\t<li class=\"wsp-post\"><a href=\"https:\/\/abelfigueiredo.pa.gov.br\/site\/vacinacao-contra-covid-19-e-gripe\/\">Vacina\u00e7\u00e3o contra Covid-19 e Gripe.<\/a><\/li>\n\t\t<li class=\"wsp-post\"><a href=\"https:\/\/abelfigueiredo.pa.gov.br\/site\/abel-figueiredo-conquista-o-curso-presencial-de-agronomia\/\">Abel Figueiredo conquista o Curso Presencial de AGRONOMIA.<\/a><\/li>\n\t\t<li class=\"wsp-post\"><a href=\"https:\/\/abelfigueiredo.pa.gov.br\/site\/prefeitura-de-abel-figueiredo-envia-colaboradores-para-capacitacao-do-tcmpa-em-maraba\/\">Prefeitura de Abel Figueiredo envia colaboradores para capacita\u00e7\u00e3o do TCMPA em Marab\u00e1.<\/a><\/li>\n\t\t<li class=\"wsp-post\"><a href=\"https:\/\/abelfigueiredo.pa.gov.br\/site\/complete-o-seu-esquema-de-vacinacao-contra-o-coronavirus\/\">Complete o seu esquema de vacina\u00e7\u00e3o contra o coronav\u00edrus.<\/a><\/li>\n\t\t<li class=\"wsp-post\"><a href=\"https:\/\/abelfigueiredo.pa.gov.br\/site\/arraia-da-melhor-idade-realizada-com-sucesso-em-abel-figueiredo-pa\/\">Arrai\u00e1 da Melhor Idade realizada com sucesso em Abel Figueiredo-PA.<\/a><\/li>\n\t\t<li class=\"wsp-post\"><a href=\"https:\/\/abelfigueiredo.pa.gov.br\/site\/comitiva-de-abel-figueiredo-presente-com-o-governador-helder-em-rondon-do-para\/\">Comitiva de Abel Figueiredo Presente com o Governador Helder em Rondon do Par\u00e1.<\/a><\/li>\n\t\t<li class=\"wsp-post\"><a href=\"https:\/\/abelfigueiredo.pa.gov.br\/site\/vicinal-osvaldo-brito-recebendo-os-trabalhos-da-prefeitura\/\">Vicinal Osvaldo Brito Recebendo os Trabalhos da Prefeitura.<\/a><\/li>\n\t\t<li class=\"wsp-post\"><a href=\"https:\/\/abelfigueiredo.pa.gov.br\/site\/corujao-da-vacinacao-contra-a-covid-19\/\">Coruj\u00e3o da Vacina\u00e7\u00e3o Contra a Covid-19.<\/a><\/li>\n\t\t<li class=\"wsp-post\"><a href=\"https:\/\/abelfigueiredo.pa.gov.br\/site\/comunidades-rurais-recebendo-os-servicos-da-prefeitura-2\/\">Comunidades Rurais recebendo os servi\u00e7os da Prefeitura.<\/a><\/li>\n\t\t<li class=\"wsp-post\"><a href=\"https:\/\/abelfigueiredo.pa.gov.br\/site\/arraia-celebrando-a-vida-realizado-com-sucesso-e-em-grande-estilo-em-abel-figueiredo-pa\/\">Arrai\u00e1 Celebrando a Vida realizado com sucesso e em grande estilo em Abel Figueiredo-PA.<\/a><\/li>\n\t\t<li class=\"wsp-post\"><a href=\"https:\/\/abelfigueiredo.pa.gov.br\/site\/comunidades-rurais-recebendo-os-servicos-da-prefeitura\/\">Comunidades Rurais recebendo os servi\u00e7os da Prefeitura.<\/a><\/li>\n\t\t<li class=\"wsp-post\"><a href=\"https:\/\/abelfigueiredo.pa.gov.br\/site\/congresso-educacao-moderna-2022\/\">CONGRESSO EDUCA\u00c7\u00c3O MODERNA 2022<\/a><\/li>\n\t\t<li class=\"wsp-post\"><a href=\"https:\/\/abelfigueiredo.pa.gov.br\/site\/ato-de-entrega-do-sistema-eletronico-do-licenciamento-ambiental-municipal\/\">ATO DE ENTREGA DO SISTEMA ELETR\u00d4NICO DO LICENCIAMENTO AMBIENTAL MUNICIPAL.<\/a><\/li>\n\t\t<li class=\"wsp-post\"><a href=\"https:\/\/abelfigueiredo.pa.gov.br\/site\/comunicado-7\/\">COMUNICADO<\/a><\/li>\n\t\t<li class=\"wsp-post\"><a href=\"https:\/\/abelfigueiredo.pa.gov.br\/site\/dia-12-de-junho-dia-mundial-contra-o-trabalho-infantil-foi-instituido-pela-organizacao-internacional-do-trabalho-oit-em-2002-data-da-apresentacao-do-primeiro-relatorio-global-sobre-o-trabalho-inf\/\">dia 12 de junho, Dia Mundial contra o Trabalho Infantil, foi institu\u00eddo pela Organiza\u00e7\u00e3o Internacional do Trabalho (OIT) em 2002, data da apresenta\u00e7\u00e3o do primeiro relat\u00f3rio global sobre o trabalho infantil na Confer\u00eancia Anual do Trabalho.<\/a><\/li>\n\t\t<li class=\"wsp-post\"><a href=\"https:\/\/abelfigueiredo.pa.gov.br\/site\/visita-tecnica-ao-viveiro-municipal-de-bom-jesus-na-semana-municipal-do-meio-ambiente\/\">Visita t\u00e9cnica ao Viveiro Municipal de Bom Jesus na Semana Munic\u00edpal do Meio Ambiente.<\/a><\/li>\n\t\t<li class=\"wsp-post\"><a href=\"https:\/\/abelfigueiredo.pa.gov.br\/site\/e-neste-sabado-a-grande-final-do-17-copao-intermunicipal-de-futebol\/\">\u00c9 neste s\u00e1bado a grande Final do 17\u00b0 COP\u00c3O INTERMUNICIPAL DE FUTEBOL.<\/a><\/li>\n\t\t<li class=\"wsp-post\"><a href=\"https:\/\/abelfigueiredo.pa.gov.br\/site\/a-campanha-de-vacinacao-contra-gripe-e-sarampo-esta-na-reta-final\/\">A Campanha de Vacina\u00e7\u00e3o Contra GRIPE E SARAMPO est\u00e1 na reta final.<\/a><\/li>\n\t\t<li class=\"wsp-post\"><a href=\"https:\/\/abelfigueiredo.pa.gov.br\/site\/2-acao-cidadania-realizada-com-sucesso-em-abel-figueiredo-pa\/\">2\u00b0 A\u00e7\u00e3o Cidadania realizada com sucesso em Abel Figueiredo-PA.<\/a><\/li>\n\t\t<li class=\"wsp-post\"><a href=\"https:\/\/abelfigueiredo.pa.gov.br\/site\/vem-ai-a-acao-cidadania-em-abel-figueiredo-pa\/\">Vem a\u00ed a A\u00e7\u00e3o Cidadania em Abel Figueiredo-PA.<\/a><\/li>\n\t\t<li class=\"wsp-post\"><a href=\"https:\/\/abelfigueiredo.pa.gov.br\/site\/semifinas-define-confronto-inedito-valendo-a-taca-de-campeao-do-17-intermunicipal-de-abel-figueiredo-pa\/\">Semifinas define confronto in\u00e9dito valendo a Ta\u00e7a de Campe\u00e3o do 17\u00b0 Intermunicipal de Abel Figueiredo-PA.<\/a><\/li>\n\t\t<li class=\"wsp-post\"><a href=\"https:\/\/abelfigueiredo.pa.gov.br\/site\/25-de-maio-dia-do-trabalhador-rural\/\">25 de maio, Dia do trabalhador Rural.<\/a><\/li>\n\t\t<li class=\"wsp-post\"><a href=\"https:\/\/abelfigueiredo.pa.gov.br\/site\/casamento-comunitario-realizado-com-sucesso-em-abel-figueiredo-pa\/\">Casamento Comunit\u00e1rio realizado com sucesso em Abel Figueiredo-PA.<\/a><\/li>\n\t\t<li class=\"wsp-post\"><a href=\"https:\/\/abelfigueiredo.pa.gov.br\/site\/pesquisa-nacional-de-saude-bucal-sb-brasil-2020-vigencia-2021-2022-2\/\">Pesquisa Nacional de Sa\u00fade Bucal &#8211; SB BRASIL 2020. Vig\u00eancia 2021\/2022.<\/a><\/li>\n\t\t<li class=\"wsp-post\"><a href=\"https:\/\/abelfigueiredo.pa.gov.br\/site\/pesquisa-nacional-de-saude-bucal-sb-brasil-2020-vigencia-2021-2022\/\">Pesquisa Nacional de Sa\u00fade Bucal &#8211; SB BRASIL 2020. Vig\u00eancia 2021\/2022.<\/a><\/li>\n\t\t<li class=\"wsp-post\"><a href=\"https:\/\/abelfigueiredo.pa.gov.br\/site\/20-de-maio-dia-do-pedagogo\/\">20 de maio, Dia do Pedagogo.<\/a><\/li>\n\t\t<li class=\"wsp-post\"><a href=\"https:\/\/abelfigueiredo.pa.gov.br\/site\/workshop-de-adesao-implementacao-e-fortalecimento-dos-sistemas-municipais-de-cultura\/\">Workshop de Ades\u00e3o, Implementa\u00e7\u00e3o e Fortalecimento dos Sistemas Municipais de Cultura.<\/a><\/li>\n\t\t<li class=\"wsp-post\"><a href=\"https:\/\/abelfigueiredo.pa.gov.br\/site\/comemoracao-da-semana-da-enfermagem-em-abel-figueiredo-pa\/\">Comemora\u00e7\u00e3o da Semana da Enfermagem em Abel Figueiredo-PA.<\/a><\/li>\n\t\t<li class=\"wsp-post\"><a href=\"https:\/\/abelfigueiredo.pa.gov.br\/site\/campanha-faca-bonito-mes-de-mobilizacao-para-o-combate-ao-abuso-e-a-exploracao-sexual-contra-criancas-e-adolescentes-3\/\">Campanha Fa\u00e7a Bonito, m\u00eas de mobiliza\u00e7\u00e3o para o Combate ao Abuso e \u00e0 Explora\u00e7\u00e3o Sexual contra Crian\u00e7as e adolescentes.<\/a><\/li>\n\t\t<li class=\"wsp-post\"><a href=\"https:\/\/abelfigueiredo.pa.gov.br\/site\/abel-figueiredo-agora-conta-com-a-sala-especial-da-telemedicina-mais-uma-ferramenta-que-veio-para-melhorar-cada-vez-mais-os-atendimentos-em-saude-2\/\">Abel Figueiredo agora conta com a SALA ESPECIAL DA TELEMEDICINA, mais uma ferramenta que veio para melhorar cada vez mais os atendimentos em Sa\u00fade.<\/a><\/li>\n\t\t<li class=\"wsp-post\"><a href=\"https:\/\/abelfigueiredo.pa.gov.br\/site\/tenda-do-covid-desativada-e-apresentacao-do-novo-diretor-do-hospital-municipal\/\">Tenda do covid desativada e apresenta\u00e7\u00e3o do novo Diretor do Hospital Municipal.<\/a><\/li>\n\t\t<li class=\"wsp-post\"><a href=\"https:\/\/abelfigueiredo.pa.gov.br\/site\/abel-figueiredo-agora-conta-com-a-sala-especial-da-telemedicina-mais-uma-ferramenta-que-veio-para-melhorar-cada-vez-mais-os-atendimentos-em-saude\/\">Abel Figueiredo agora conta com a SALA ESPECIAL DA TELEMEDICINA, mais uma ferramenta que veio para melhorar cada vez mais os atendimentos em Sa\u00fade.<\/a><\/li>\n\t\t<li class=\"wsp-post\"><a href=\"https:\/\/abelfigueiredo.pa.gov.br\/site\/campanha-faca-bonito-mes-de-mobilizacao-para-o-combate-ao-abuso-e-a-exploracao-sexual-contra-criancas-e-adolescentes-2\/\">Campanha Fa\u00e7a Bonito, m\u00eas de mobiliza\u00e7\u00e3o para o Combate ao Abuso e \u00e0 Explora\u00e7\u00e3o Sexual contra Crian\u00e7as e adolescentes.<\/a><\/li>\n\t\t<li class=\"wsp-post\"><a href=\"https:\/\/abelfigueiredo.pa.gov.br\/site\/18-de-maio\/\">18 de maio.<\/a><\/li>\n\t\t<li class=\"wsp-post\"><a href=\"https:\/\/abelfigueiredo.pa.gov.br\/site\/campanha-faca-bonito-mes-de-mobilizacao-para-o-combate-ao-abuso-e-a-exploracao-sexual-contra-criancas-e-adolescentes-4\/\">Campanha Fa\u00e7a Bonito, m\u00eas de mobiliza\u00e7\u00e3o para o Combate ao Abuso e \u00e0 Explora\u00e7\u00e3o Sexual contra Crian\u00e7as e adolescentes.<\/a><\/li>\n\t\t<li class=\"wsp-post\"><a href=\"https:\/\/abelfigueiredo.pa.gov.br\/site\/final-de-semana-movimentado-com-a-rodada-de-abertura-oficial-do-17-copao-intermunicipal-de-futebol-em-abel-figueiredo-pa\/\">Final de semana movimentado com a rodada de abertura oficial do 17\u00b0 Cop\u00e3o Intermunicipal de Futebol em Abel Figueiredo-PA.<\/a><\/li>\n\t\t<li class=\"wsp-post\"><a href=\"https:\/\/abelfigueiredo.pa.gov.br\/site\/campanha-faca-bonito-2022-mes-de-conscientizacao-contra-o-abuso-e-exploracao-sexual-de-criancas-e-adolescentes\/\">Campanha Fa\u00e7a Bonito 2022, m\u00eas de conscientiza\u00e7\u00e3o contra o abuso e explora\u00e7\u00e3o sexual de crian\u00e7as e adolescentes.<\/a><\/li>\n\t\t<li class=\"wsp-post\"><a href=\"https:\/\/abelfigueiredo.pa.gov.br\/site\/comunicado-6\/\">Comunicado.<\/a><\/li>\n\t\t<li class=\"wsp-post\"><a href=\"https:\/\/abelfigueiredo.pa.gov.br\/site\/16-de-maio-dia-do-gari\/\">16 de maio, Dia do Gari.<\/a><\/li>\n\t\t<li class=\"wsp-post\"><a href=\"https:\/\/abelfigueiredo.pa.gov.br\/site\/no-dia-15-de-maio-comemora-se-o-dia-internacional-das-familias\/\">No dia 15 de maio, comemora-se o Dia Internacional das Fam\u00edlias.<\/a><\/li>\n\t\t<li class=\"wsp-post\"><a href=\"https:\/\/abelfigueiredo.pa.gov.br\/site\/o-dia-do-assistente-social-e-comemorado-anualmente-em-15-de-maio\/\">O Dia do Assistente Social \u00e9 comemorado anualmente em 15 de maio.<\/a><\/li>\n\t\t<li class=\"wsp-post\"><a href=\"https:\/\/abelfigueiredo.pa.gov.br\/site\/vem-ai-o-17-copao-intermunicipal-de-abel-figueiredo-para-edicao-verao-2022\/\">Vem a\u00ed o 17\u00b0 Cop\u00e3o Intermunicipal de Abel Figueiredo-Par\u00e1. Edi\u00e7\u00e3o Ver\u00e3o 2022.<\/a><\/li>\n\t\t<li class=\"wsp-post\"><a href=\"https:\/\/abelfigueiredo.pa.gov.br\/site\/recorde-de-publico-marca-o-evento-em-homenagem-ao-dia-das-maes-em-abel-figueiredo-pa\/\">Recorde de P\u00fablico marca o evento em homenagem ao dia das M\u00e3es em Abel figueiredo-PA.<\/a><\/li>\n\t\t<li class=\"wsp-post\"><a href=\"https:\/\/abelfigueiredo.pa.gov.br\/site\/12-de-maio-dia-do-enfermeiro\/\">12 de maio, Dia do Enfermeiro.<\/a><\/li>\n\t\t<li class=\"wsp-post\"><a href=\"https:\/\/abelfigueiredo.pa.gov.br\/site\/o-prefeito-antonio-calhau-vice-evandro-da-serraria-tem-a-honra-de-convidar-a-todos-para-grande-recepcao-ao-nosso-governador-helder-barbalho\/\">O Prefeito Ant\u00f4nio Calhau vice Evandro da Serraria tem a honra de convidar a todos para grande recep\u00e7\u00e3o ao nosso Governador Helder Barbalho.<\/a><\/li>\n\t\t<li class=\"wsp-post\"><a href=\"https:\/\/abelfigueiredo.pa.gov.br\/site\/prefeito-antonio-calhau-vice-evandro-da-serraria-conquistam-o-maior-pacote-de-obras-do-governador-helder-barbalho-para-abel-figueiredo-pa\/\">Prefeito Ant\u00f4nio Calhau vice Evandro da Serraria conquistam o maior pacote de obras do Governador Helder Barbalho para Abel Figueiredo-PA.<\/a><\/li>\n\t\t<li class=\"wsp-post\"><a href=\"https:\/\/abelfigueiredo.pa.gov.br\/site\/reforma-com-a-troca-de-parte-do-telhado-no-cig-centro-integrado-de-governo\/\">Reforma com a troca de parte do telhado no CIG-Centro Integrado de Governo.<\/a><\/li>\n\t\t<li class=\"wsp-post\"><a href=\"https:\/\/abelfigueiredo.pa.gov.br\/site\/a-prefeitura-segue-com-a-operacao-tapa-buraco-em-abel-figueiredo\/\">A Prefeitura segue com a opera\u00e7\u00e3o Tapa-buraco em Abel Figueiredo.<\/a><\/li>\n\t\t<li class=\"wsp-post\"><a href=\"https:\/\/abelfigueiredo.pa.gov.br\/site\/dias-das-maes-2022-amor-em-todos-os-momentos\/\">&#8220;Dias das M\u00e3es 2022&#8221; Amor em todos os momentos!<\/a><\/li>\n\t\t<li class=\"wsp-post\"><a href=\"https:\/\/abelfigueiredo.pa.gov.br\/site\/reuniao-com-pais-e-ou-responsaveis-dos-alunos-da-emef-maria-ilza-na-comunidade-dos-moraes\/\">Reuni\u00e3o com Pais e\/ou Respons\u00e1veis dos alunos da EMEF Maria Ilza na Comunidade dos Moraes.<\/a><\/li>\n\t\t<li class=\"wsp-post\"><a href=\"https:\/\/abelfigueiredo.pa.gov.br\/site\/campanha-faca-bonito-mes-de-mobilizacao-para-o-combate-ao-abuso-e-a-exploracao-sexual-contra-criancas-e-adolescentes\/\">Campanha Fa\u00e7a Bonito, m\u00eas de mobiliza\u00e7\u00e3o para o Combate ao Abuso e \u00e0 Explora\u00e7\u00e3o Sexual contra Crian\u00e7as e adolescentes.<\/a><\/li>\n\t\t<li class=\"wsp-post\"><a href=\"https:\/\/abelfigueiredo.pa.gov.br\/site\/campanha-nacional-de-vacinacao-contra-gripe-e-sarampo-continua-de-02-de-maio-a-03-de-junho\/\">Campanha Nacional de Vacina\u00e7\u00e3o contra Gripe e Sarampo continua de 02 de maio a 03 de junho.<\/a><\/li>\n\t\t<li class=\"wsp-post\"><a href=\"https:\/\/abelfigueiredo.pa.gov.br\/site\/antendimento-de-saude-na-zona-rural-do-municipio\/\">Antendimento de Sa\u00fade na zona rural do munic\u00edpio.<\/a><\/li>\n\t\t<li class=\"wsp-post\"><a href=\"https:\/\/abelfigueiredo.pa.gov.br\/site\/01-de-maio-feliz-dia-do-trabalhador\/\">01 de maio FELIZ DIA DO TRABALHADOR.<\/a><\/li>\n\t\t<li class=\"wsp-post\"><a href=\"https:\/\/abelfigueiredo.pa.gov.br\/site\/1-conferencia-municipal-de-saude-mental-de-abel-figueiredo-pa\/\">1\u00b0 Confer\u00eancia Municipal de Sa\u00fade Mental de Abel Figueiredo -PA.<\/a><\/li>\n\t\t<li class=\"wsp-post\"><a href=\"https:\/\/abelfigueiredo.pa.gov.br\/site\/abel-figueiredo-presente-na-abertura-da-campanha-de-vacinacao-contra-febre-aftosa-e-no-lancamento-do-projeto-pecuariano-a-pecuaria-recupera-o-para\/\">Abel Figueiredo presente na abertura da campanha de vacina\u00e7\u00e3o contra febre aftosa e no lan\u00e7amento do projeto Pecuariano, a pecu\u00e1ria recupera o Par\u00e1.<\/a><\/li>\n\t\t<li class=\"wsp-post\"><a href=\"https:\/\/abelfigueiredo.pa.gov.br\/site\/vem-ai-17-copao-intermunicipal-de-futebol-de-abel-figueiredo-pa-edicao-verao-2022\/\">Vem a\u00ed 17\u00b0 Cop\u00e3o Intermunicipal de Futebol de Abel Figueiredo-PA. &#8220;Edi\u00e7\u00e3o Ver\u00e3o 2022.&#8221;<\/a><\/li>\n\t\t<li class=\"wsp-post\"><a href=\"https:\/\/abelfigueiredo.pa.gov.br\/site\/21-de-abril-feriado-nacional-de-tiradentes\/\">21 de Abril, Feriado Nacional de Tiradentes.<\/a><\/li>\n\t\t<li class=\"wsp-post\"><a href=\"https:\/\/abelfigueiredo.pa.gov.br\/site\/atualizacao-em-saude-do-trabalhador-com-o-tema-acidentes-de-trabalho-com-a-exposicao-por-materiais-biologicos\/\">Atualiza\u00e7\u00e3o em Sa\u00fade do Trabalhador com o tema: Acidentes de Trabalho com a Exposi\u00e7\u00e3o por Materiais Biol\u00f3gicos.<\/a><\/li>\n\t\t<li class=\"wsp-post\"><a href=\"https:\/\/abelfigueiredo.pa.gov.br\/site\/19-de-abril-e-o-dia-do-indio\/\">19 de abril \u00e9 o Dia do \u00cdndio.<\/a><\/li>\n\t\t<li class=\"wsp-post\"><a href=\"https:\/\/abelfigueiredo.pa.gov.br\/site\/pascoa-e-dizer-sim-ao-amor-e-a-vida-e-investir-na-fraternidade-e-lutar-por-um-mundo-melhor-e-vivenciar-a-solidariedade\/\">P\u00e1scoa \u00e9 dizer &#8220;sim&#8221; ao amor e \u00e0 vida; \u00e9 investir na fraternidade, \u00e9 lutar por um mundo melhor, \u00e9 vivenciar a solidariedade.<\/a><\/li>\n\t\t<li class=\"wsp-post\"><a href=\"https:\/\/abelfigueiredo.pa.gov.br\/site\/festa-da-pascoa-para-os-idosos-do-servico-de-convivencia\/\">Festa da P\u00e1scoa para os Idosos do Servi\u00e7o de Conviv\u00eancia<\/a><\/li>\n\t\t<li class=\"wsp-post\"><a href=\"https:\/\/abelfigueiredo.pa.gov.br\/site\/escolas-da-rede-municipal-de-ensino-celebrando-o-verdadeiro-sentido-da-pascoa\/\">Escolas da Rede Municipal de Ensino Celebrando o Verdadeiro Sentido da P\u00e1scoa.<\/a><\/li>\n\t\t<li class=\"wsp-post\"><a href=\"https:\/\/abelfigueiredo.pa.gov.br\/site\/entrega-dos-ovos-de-pascoa-das-gestantes-e-criancas\/\">Entrega dos Ovos de P\u00e1scoa das Gestantes e Crian\u00e7as<\/a><\/li>\n\t\t<li class=\"wsp-post\"><a href=\"https:\/\/abelfigueiredo.pa.gov.br\/site\/festa-da-pascoa\/\">Festa da P\u00e1scoa<\/a><\/li>\n\t\t<li class=\"wsp-post\"><a href=\"https:\/\/abelfigueiredo.pa.gov.br\/site\/1-roda-de-conversa-com-as-gravidas-assisstidas-pelo-programa-uma-nova-vida\/\">1\u00b0 Roda De Conversa Com as Gr\u00e1vidas Assisstidas Pelo Programa &#8220;Uma Nova Vida.&#8221;<\/a><\/li>\n\t\t<li class=\"wsp-post\"><a href=\"https:\/\/abelfigueiredo.pa.gov.br\/site\/11-de-abril-dia-do-prefeito-municipal\/\">11 de Abril, dia do Prefeito Municipal.<\/a><\/li>\n\t\t<li class=\"wsp-post\"><a href=\"https:\/\/abelfigueiredo.pa.gov.br\/site\/prefeitura-de-abel-figueiredo-100-transparente-todos-os-pontos-de-controle-foram-aprovados-pelo-tcm-o-portal-levou-a-nota-maxima-em-transparencia\/\">Prefeitura de Abel Figueiredo 100% Transparente, todos os pontos de Controle foram aprovados pelo TCM. O portal levou a nota m\u00e1xima em transpar\u00eancia.<\/a><\/li>\n\t\t<li class=\"wsp-post\"><a href=\"https:\/\/abelfigueiredo.pa.gov.br\/site\/07-de-abril-dia-mundial-da-saude\/\">07 de abril, Dia Mundial da Sa\u00fade.<\/a><\/li>\n\t\t<li class=\"wsp-post\"><a href=\"https:\/\/abelfigueiredo.pa.gov.br\/site\/1reuniao-do-ano-letivo-2022-com-os-pais-dos-alunos-da-comunidade-vila-flor-do-ipe\/\">1\u00b0Reuni\u00e3o do ano letivo\/2022 com os pais dos alunos da Comunidade Vila Flor do Ip\u00ea.<\/a><\/li>\n\t\t<li class=\"wsp-post\"><a href=\"https:\/\/abelfigueiredo.pa.gov.br\/site\/construcao-de-duas-pontes-e-uma-galeria-na-regiao-do-azul-em-parceria-com-os-produtores-rurais\/\">Constru\u00e7\u00e3o de duas pontes e uma galeria na regi\u00e3o do azul em parceria com os Produtores Rurais.<\/a><\/li>\n\t\t<li class=\"wsp-post\"><a href=\"https:\/\/abelfigueiredo.pa.gov.br\/site\/encontro-com-governador-helder-barbalho-em-maraba\/\">Encontro com Governador Helder Barbalho em Marab\u00e1.<\/a><\/li>\n\t\t<li class=\"wsp-post\"><a href=\"https:\/\/abelfigueiredo.pa.gov.br\/site\/audiencia-publica-relatorio-quadrimestrais-de-gestao-de-saude-2020-2021\/\">Audi\u00eancia P\u00fablica, Relat\u00f3rio Quadrimestrais de Gest\u00e3o de Sa\u00fade 2020\/2021.<\/a><\/li>\n\t\t<li class=\"wsp-post\"><a href=\"https:\/\/abelfigueiredo.pa.gov.br\/site\/02-de-abril-dia-mundial-da-conscientizacao-do-autismo\/\">02 de abril, Dia Mundial da Conscientiza\u00e7\u00e3o do Autismo.<\/a><\/li>\n\t\t<li class=\"wsp-post\"><a href=\"https:\/\/abelfigueiredo.pa.gov.br\/site\/encerramento-da-programacao-alusiva-ao-mes-da-mulher\/\">Encerramento da Programa\u00e7\u00e3o alusiva ao M\u00eas da Mulher.<\/a><\/li>\n\t\t<li class=\"wsp-post\"><a href=\"https:\/\/abelfigueiredo.pa.gov.br\/site\/campanha-nacional-de-combate-a-tuberculose\/\">Campanha Nacional de Combate a Tuberculose.<\/a><\/li>\n\t\t<li class=\"wsp-post\"><a href=\"https:\/\/abelfigueiredo.pa.gov.br\/site\/encerramento-da-programacao-marco-lilas-mes-dedicado-a-saude-da-mulher\/\">Encerramento da Programa\u00e7\u00e3o mar\u00e7o lil\u00e1s, m\u00eas dedicado a sa\u00fade da Mulher.<\/a><\/li>\n\t\t<li class=\"wsp-post\"><a href=\"https:\/\/abelfigueiredo.pa.gov.br\/site\/cerimonia-para-entrega-de-dois-02-automoveis-0km-para-as-secretarias-de-promocao-social-e-educacao\/\">Cerim\u00f4nia para entrega de dois (02) autom\u00f3veis 0km para as Secretarias de Promo\u00e7\u00e3o Social e Educa\u00e7\u00e3o.<\/a><\/li>\n\t\t<li class=\"wsp-post\"><a href=\"https:\/\/abelfigueiredo.pa.gov.br\/site\/posse-dos-novos-membros-para-o-conselho-municipal-de-educacao-cme-trienio-2022-2025\/\">Posse dos novos Membros para o Conselho Municipal de Educa\u00e7\u00e3o. CME- Tri\u00eanio 2022\/2025.<\/a><\/li>\n\t\t<li class=\"wsp-post\"><a href=\"https:\/\/abelfigueiredo.pa.gov.br\/site\/campanha-nacional-de-vacinacao-contra-o-sarampo-e-a-gripe-h1n1\/\">Campanha Nacional de Vacina\u00e7\u00e3o contra o Sarampo e a Gripe H1N1.<\/a><\/li>\n\t\t<li class=\"wsp-post\"><a href=\"https:\/\/abelfigueiredo.pa.gov.br\/site\/12-trilha-coracao-valente-de-abel-figueiredo-realizada-com-sucesso-total\/\">12\u00b0 Trilha Cora\u00e7\u00e3o Valente de Abel Figueiredo realizada com sucesso total.<\/a><\/li>\n\t\t<li class=\"wsp-post\"><a href=\"https:\/\/abelfigueiredo.pa.gov.br\/site\/atendimentos-do-tre-em-parceria-com-a-prefeitura-de-abel-figueiredo-atraves-da-secretaria-municipal-de-promocao-social\/\">Atendimentos do TRE em Parceria com a Prefeitura de Abel Figueiredo atrav\u00e9s da Secretaria Municipal de Promo\u00e7\u00e3o Social.<\/a><\/li>\n\t\t<li class=\"wsp-post\"><a href=\"https:\/\/abelfigueiredo.pa.gov.br\/site\/reuniao-com-produtores-e-fazedores-de-cultura-em-abel-figueiredo\/\">Reuni\u00e3o com Produtores e Fazedores de Cultura em Abel Figueiredo.<\/a><\/li>\n\t\t<li class=\"wsp-post\"><a href=\"https:\/\/abelfigueiredo.pa.gov.br\/site\/corujao-da-vacinacao-contra-a-covid-19-hoje-quarta-feira-dia-23-de-marco-local-cig-centro-integrado-de-governo-em-frente-ao-mercado-municipal\/\">Coruj\u00e3o da Vacina\u00e7\u00e3o contra a Covid-19. Hoje quarta-feira dia 23 de Mar\u00e7o. Local: CIG Centro Integrado de Governo em frente ao Mercado Municipal.<\/a><\/li>\n\t\t<li class=\"wsp-post\"><a href=\"https:\/\/abelfigueiredo.pa.gov.br\/site\/22-de-marco-dia-mundial-da-agua\/\">22 de mar\u00e7o, Dia Mundial da \u00c1gua.<\/a><\/li>\n\t\t<li class=\"wsp-post\"><a href=\"https:\/\/abelfigueiredo.pa.gov.br\/site\/primeira-infancia-no-suas-programa-crianca-feliz-tema-os-primeiros-1000-dias-do-bebe\/\">Primeira inf\u00e2ncia no SUAS, Programa Crian\u00e7a Feliz. Tema: Os Primeiros 1000 dias do beb\u00ea.<\/a><\/li>\n\t\t<li class=\"wsp-post\"><a href=\"https:\/\/abelfigueiredo.pa.gov.br\/site\/no-dia-21-de-marco-comemora-se-o-dia-internacional-de-sindrome-de-down\/\">No dia 21 de mar\u00e7o comemora-se o Dia Internacional de S\u00edndrome de Down.<\/a><\/li>\n\t\t<li class=\"wsp-post\"><a href=\"https:\/\/abelfigueiredo.pa.gov.br\/site\/prefeito-antonio-calhau-em-reuniao-com-a-equipe-da-emater-pa\/\">Prefeito Ant\u00f4nio Calhau em reuni\u00e3o com a equipe da EMATER-PA.<\/a><\/li>\n\t\t<li class=\"wsp-post\"><a href=\"https:\/\/abelfigueiredo.pa.gov.br\/site\/convite-2\/\">Convite.<\/a><\/li>\n\t\t<li class=\"wsp-post\"><a href=\"https:\/\/abelfigueiredo.pa.gov.br\/site\/encontro-regional-de-cultura-do-estado-do-para-polo-carajas\/\">Encontro Regional de Cultura do Estado do Par\u00e1 -Polo Caraj\u00e1s.<\/a><\/li>\n\t\t<li class=\"wsp-post\"><a href=\"https:\/\/abelfigueiredo.pa.gov.br\/site\/campanha-marco-lilas-mes-das-mulheres-quem-se-ama-se-cuida\/\">Campanha mar\u00e7o lil\u00e1s, m\u00eas das mulheres. &#8220;Quem se ama se cuida.&#8221;<\/a><\/li>\n\t\t<li class=\"wsp-post\"><a href=\"https:\/\/abelfigueiredo.pa.gov.br\/site\/acao-de-saude-nas-comunidades-rurais-cuidar-da-nossa-gente-essa-e-a-marca-do-nosso-governo\/\">A\u00e7\u00e3o de Sa\u00fade nas comunidades rurais, cuidar da nossa gente, essa \u00e9 a marca do nosso Governo.<\/a><\/li>\n\t\t<li class=\"wsp-post\"><a href=\"https:\/\/abelfigueiredo.pa.gov.br\/site\/mutirao-para-teste-rapido-da-covid-19-em-abel-figueiredo-pa\/\">Mutir\u00e3o para Teste R\u00e1pido da Covid-19 em Abel Figueiredo-PA.<\/a><\/li>\n\t\t<li class=\"wsp-post\"><a href=\"https:\/\/abelfigueiredo.pa.gov.br\/site\/comunicado-volta-as-aulas\/\">Comunicado volta \u00e0s aulas.<\/a><\/li>\n\t\t<li class=\"wsp-post\"><a href=\"https:\/\/abelfigueiredo.pa.gov.br\/site\/15-de-marco-dia-da-escola\/\">15 de mar\u00e7o, Dia da Escola.<\/a><\/li>\n\t\t<li class=\"wsp-post\"><a href=\"https:\/\/abelfigueiredo.pa.gov.br\/site\/comunicado-5\/\">Comunicado.<\/a><\/li>\n\t\t<li class=\"wsp-post\"><a href=\"https:\/\/abelfigueiredo.pa.gov.br\/site\/reuniao-com-o-diretor-da-cohab-sr-orlando-reis-em-belem\/\">Reuni\u00e3o com o Diretor da COHAB Sr. Orlando Reis em Bel\u00e9m.<\/a><\/li>\n\t\t<li class=\"wsp-post\"><a href=\"https:\/\/abelfigueiredo.pa.gov.br\/site\/08-de-marco-dia-internacional-da-mulher\/\">08 de mar\u00e7o, Dia Internacional da Mulher.<\/a><\/li>\n\t\t<li class=\"wsp-post\"><a href=\"https:\/\/abelfigueiredo.pa.gov.br\/site\/governo-trabalhando-para-o-povo-presente-em-belem-no-lancamento-do-edital-de-especializacoes-e-anuncio-da-chamada-2023-do-programa-forma-para\/\">Governo Trabalhando para o Povo presente, em Bel\u00e9m, no Lan\u00e7amento do Edital de Especializa\u00e7\u00f5es e An\u00fancio da Chamada 2023 do Programa Forma Par\u00e1.<\/a><\/li>\n\t\t<li class=\"wsp-post\"><a href=\"https:\/\/abelfigueiredo.pa.gov.br\/site\/prefeito-antonio-calhau-e-comitiva-em-busca-de-recursos-para-abel-figueiredo-na-capital-do-estado-belem-do-para\/\">Prefeito Ant\u00f4nio Calhau e comitiva em busca de recursos para Abel Figueiredo na Capital do Estado Bel\u00e9m do Par\u00e1.<\/a><\/li>\n\t\t<li class=\"wsp-post\"><a href=\"https:\/\/abelfigueiredo.pa.gov.br\/site\/secretaria-de-educacao\/\">SECRET\u00c1RIA DE EDUCA\u00c7\u00c3O<\/a><\/li>\n\t\t<li class=\"wsp-post\"><a href=\"https:\/\/abelfigueiredo.pa.gov.br\/site\/marco-lilas-mes-de-conscientizacao-e-prevencao-ao-cancer-do-colo-uterino\/\">Mar\u00e7o lil\u00e1s, M\u00eas de Conscientiza\u00e7\u00e3o e Preven\u00e7\u00e3o ao c\u00e2ncer do colo uterino.<\/a><\/li>\n\t\t<li class=\"wsp-post\"><a href=\"https:\/\/abelfigueiredo.pa.gov.br\/site\/atencao-para-este-comunicado-3\/\">Aten\u00e7\u00e3o para este comunicado.<\/a><\/li>\n\t\t<li class=\"wsp-post\"><a href=\"https:\/\/abelfigueiredo.pa.gov.br\/site\/idosos-do-servico-de-convivencia-e-fortalecimento-de-vinculos-recebem-palestra-com-a-odontologa-jamili-alves-nogueira\/\">Idosos do Servi\u00e7o de Conviv\u00eancia e Fortalecimento de V\u00ednculos recebem palestra com a odont\u00f3loga Jamili Alves Nogueira.<\/a><\/li>\n\t\t<li class=\"wsp-post\"><a href=\"https:\/\/abelfigueiredo.pa.gov.br\/site\/exames-oftalmologicos-com-a-entrega-de-oculos-em-parceria-com-o-cisat\/\">Exames oftalmol\u00f3gicos com a entrega de \u00f3culos em parceria com o Cisat.<\/a><\/li>\n\t\t<li class=\"wsp-post\"><a href=\"https:\/\/abelfigueiredo.pa.gov.br\/site\/projeto-abel-em-movimento-danca-saude-e-qualidade-de-vida-2\/\">Projeto Abel em Movimento. Dan\u00e7a, Sa\u00fade e Qualidade de Vida!<\/a><\/li>\n\t\t<li class=\"wsp-post\"><a href=\"https:\/\/abelfigueiredo.pa.gov.br\/site\/vacinacao-semanal-contra-o-coronavirus\/\">Vacina\u00e7\u00e3o Semanal contra o Coronav\u00edrus.<\/a><\/li>\n\t\t<li class=\"wsp-post\"><a href=\"https:\/\/abelfigueiredo.pa.gov.br\/site\/projeto-abel-em-movimento-danca-saude-e-qualidade-de-vida\/\">Projeto Abel em Movimento. Dan\u00e7a, Sa\u00fade e Qualidade de Vida!<\/a><\/li>\n\t\t<li class=\"wsp-post\"><a href=\"https:\/\/abelfigueiredo.pa.gov.br\/site\/atencao-periodo-chuvoso-pode-aumentar-acidentes-com-animais-peconhentos\/\">Aten\u00e7\u00e3o, per\u00edodo chuvoso pode aumentar acidentes com animais pe\u00e7onhentos.<\/a><\/li>\n\t\t<li class=\"wsp-post\"><a href=\"https:\/\/abelfigueiredo.pa.gov.br\/site\/abertura-dos-servicos-de-convivencia-e-fortalecimento-de-vinculos-com-os-idosos-da-melhor-idade-para-o-ano-de-2022\/\">Abertura dos Servi\u00e7os de Conviv\u00eancia e Fortalecimento de V\u00ednculos, com os idosos da melhor idade para o ano de 2022.<\/a><\/li>\n\t\t<li class=\"wsp-post\"><a href=\"https:\/\/abelfigueiredo.pa.gov.br\/site\/prefeitura-realizando-a-sanitizacao-nas-escolas-do-municipio\/\">Prefeitura realizando a sanitiza\u00e7\u00e3o nas escolas do munic\u00edpio.<\/a><\/li>\n\t\t<li class=\"wsp-post\"><a href=\"https:\/\/abelfigueiredo.pa.gov.br\/site\/atencao-comunicado-importante\/\">Aten\u00e7\u00e3o, comunicado Importante.<\/a><\/li>\n\t\t<li class=\"wsp-post\"><a href=\"https:\/\/abelfigueiredo.pa.gov.br\/site\/casamento-comunitario-2022-abel-figueiredo-pa\/\">Casamento Comunit\u00e1rio 2022 Abel Figueiredo-PA.<\/a><\/li>\n\t\t<li class=\"wsp-post\"><a href=\"https:\/\/abelfigueiredo.pa.gov.br\/site\/corujao-da-vacinacao-contra-o-coronavirus\/\">Coruj\u00e3o da Vacina\u00e7\u00e3o Contra o Coronav\u00edrus.<\/a><\/li>\n\t\t<li class=\"wsp-post\"><a href=\"https:\/\/abelfigueiredo.pa.gov.br\/site\/vacinacao-semanal-contra-o-coronavirus-covid-19\/\">Vacina\u00e7\u00e3o semanal contra o Coronav\u00edrus Covid-19.<\/a><\/li>\n\t\t<li class=\"wsp-post\"><a href=\"https:\/\/abelfigueiredo.pa.gov.br\/site\/planejamento-pedagogico-da-rede-municipal-de-ensino-para-o-ano-de-2022\/\">Planejamento Pedag\u00f3gico da Rede Municipal de Ensino para o ano de 2022.<\/a><\/li>\n\t\t<li class=\"wsp-post\"><a href=\"https:\/\/abelfigueiredo.pa.gov.br\/site\/atencao-para-este-comunicado-2\/\">Aten\u00e7\u00e3o para este comunicado!<\/a><\/li>\n\t\t<li class=\"wsp-post\"><a href=\"https:\/\/abelfigueiredo.pa.gov.br\/site\/reuniao-para-o-inicio-das-atividades-com-os-responsaveis-pelas-criancas-e-adolescentes-assistidos-pelo-servico-de-convivencia-e-fortalecimento-de-vinculos\/\">Reuni\u00e3o para o in\u00edcio das atividades com os respons\u00e1veis pelas crian\u00e7as e adolescentes assistidos pelo Servi\u00e7o de Conviv\u00eancia e Fortalecimento de V\u00ednculos.<\/a><\/li>\n\t\t<li class=\"wsp-post\"><a href=\"https:\/\/abelfigueiredo.pa.gov.br\/site\/comitiva-do-governo-trabalhando-para-o-povo-em-busca-de-desenvolvimento-em-belem-do-para-para-nossa-querida-abel-figueiredo\/\">Comitiva do Governo &#8220;Trabalhando para o Povo&#8221; em busca de desenvolvimento em Bel\u00e9m do Par\u00e1 para nossa querida Abel Figueiredo.<\/a><\/li>\n\t\t<li class=\"wsp-post\"><a href=\"https:\/\/abelfigueiredo.pa.gov.br\/site\/campanha-de-conscientizacao-fevereiro-roxo-e-laranja\/\">Campanha de conscientiza\u00e7\u00e3o fevereiro Roxo e Laranja.<\/a><\/li>\n\t\t<li class=\"wsp-post\"><a href=\"https:\/\/abelfigueiredo.pa.gov.br\/site\/mutirao-de-vacinacao-infantil-contra-o-coronavirus-abel-figueiredo-pa\/\">Mutir\u00e3o de Vacina\u00e7\u00e3o Infantil contra o Coronav\u00edrus. Abel Figueiredo-PA.<\/a><\/li>\n\t\t<li class=\"wsp-post\"><a href=\"https:\/\/abelfigueiredo.pa.gov.br\/site\/comunicado-4\/\">Comunicado.<\/a><\/li>\n\t\t<li class=\"wsp-post\"><a href=\"https:\/\/abelfigueiredo.pa.gov.br\/site\/projeto-abel-em-movimento-2022-2\/\">PROJETO ABEL EM MOVIMENTO 2022.<\/a><\/li>\n\t\t<li class=\"wsp-post\"><a href=\"https:\/\/abelfigueiredo.pa.gov.br\/site\/abertura-do-projeto-abel-em-movimento-2022\/\">Abertura do Projeto Abel em Movimento 2022.<\/a><\/li>\n\t\t<li class=\"wsp-post\"><a href=\"https:\/\/abelfigueiredo.pa.gov.br\/site\/04-de-fevereiro-dia-mundial-de-combate-ao-cancer\/\">04 de fevereiro, Dia Mundial de Combate ao C\u00e2ncer.<\/a><\/li>\n\t\t<li class=\"wsp-post\"><a href=\"https:\/\/abelfigueiredo.pa.gov.br\/site\/prefeitura-realizando-a-manutencao-e-limpeza-das-ruas-pracas-e-avenida\/\">Prefeitura realizando a manuten\u00e7\u00e3o e limpeza das ruas, pra\u00e7as e avenida.<\/a><\/li>\n\t\t<li class=\"wsp-post\"><a href=\"https:\/\/abelfigueiredo.pa.gov.br\/site\/reuniao-com-o-conselho-municipal-de-saude-para-aprovacao-do-plano-municipal-de-saude-2022-2025\/\">Reuni\u00e3o com o Conselho Municipal de Sa\u00fade para Aprova\u00e7\u00e3o do Plano Municipal de Sa\u00fade 2022\/2025.<\/a><\/li>\n\t\t<li class=\"wsp-post\"><a href=\"https:\/\/abelfigueiredo.pa.gov.br\/site\/qualificacao-para-os-colaboradores-da-secretaria-de-desenvolvimento-e-promocao-social\/\">Qualifica\u00e7\u00e3o para os colaboradores da Secretaria de Desenvolvimento e Promo\u00e7\u00e3o Social.<\/a><\/li>\n\t\t<li class=\"wsp-post\"><a href=\"https:\/\/abelfigueiredo.pa.gov.br\/site\/a-prefeitura-esta-realizando-a-manutencao-da-vicinal-osvaldo-brito-em-parceria-com-produtores-rurais-da-regiao\/\">A Prefeitura est\u00e1 realizando a manuten\u00e7\u00e3o da vicinal Osvaldo Brito em parceria com Produtores Rurais da regi\u00e3o.<\/a><\/li>\n\t\t<li class=\"wsp-post\"><a href=\"https:\/\/abelfigueiredo.pa.gov.br\/site\/palestra-sobre-relacoes-interpessoais-trabalho-em-equipe-e-motivacao-para-os-colaboradores-da-educacao\/\">Palestra sobre Rela\u00e7\u00f5es Interpessoais, Trabalho em Equipe e Motiva\u00e7\u00e3o para os colaboradores da Educa\u00e7\u00e3o.<\/a><\/li>\n\t\t<li class=\"wsp-post\"><a href=\"https:\/\/abelfigueiredo.pa.gov.br\/site\/equipe-de-engenharia-realizando-a-planimetria-da-area-para-o-projeto-de-urbanizacao-da-lagoa-de-abel-figueiredo\/\">Equipe de Engenharia realizando a planimetria da \u00e1rea para o Projeto de Urbaniza\u00e7\u00e3o da Lagoa de Abel Figueiredo.<\/a><\/li>\n\t\t<li class=\"wsp-post\"><a href=\"https:\/\/abelfigueiredo.pa.gov.br\/site\/projeto-abel-em-movimento-2022\/\">PROJETO ABEL EM MOVIMENTO. 2022<\/a><\/li>\n\t\t<li class=\"wsp-post\"><a href=\"https:\/\/abelfigueiredo.pa.gov.br\/site\/projeto-cidadania-por-todo-para-realizada-com-sucesso-em-abel-figueiredo-pa\/\">Projeto Cidadania Por Todo Par\u00e1 realizada com sucesso em Abel Figueiredo-PA.<\/a><\/li>\n\t\t<li class=\"wsp-post\"><a href=\"https:\/\/abelfigueiredo.pa.gov.br\/site\/janeiro-branco-2022-quem-cuida-da-mente-cuida-da-vida-2\/\">Janeiro Branco 2022 &#8220;Quem cuida da mente cuida da vida!&#8221;<\/a><\/li>\n\t\t<li class=\"wsp-post\"><a href=\"https:\/\/abelfigueiredo.pa.gov.br\/site\/janeiro-branco-2022-quem-cuida-da-mente-cuida-da-vida\/\">Janeiro Branco 2022 &#8220;Quem cuida da mente cuida da vida!&#8221;<\/a><\/li>\n\t\t<li class=\"wsp-post\"><a href=\"https:\/\/abelfigueiredo.pa.gov.br\/site\/planejamento-2022-ensino-fundamental-anos-iniciais-27-01-2022\/\">Planejamento 2022 &#8211; Ensino Fundamental Anos Iniciais. 27\/01\/2022<\/a><\/li>\n\t\t<li class=\"wsp-post\"><a href=\"https:\/\/abelfigueiredo.pa.gov.br\/site\/comunicado-3\/\">Comunicado.<\/a><\/li>\n\t\t<li class=\"wsp-post\"><a href=\"https:\/\/abelfigueiredo.pa.gov.br\/site\/vacinacao-contra-covid-19-2\/\">Vacina\u00e7\u00e3o contra Covid-19.<\/a><\/li>\n\t\t<li class=\"wsp-post\"><a href=\"https:\/\/abelfigueiredo.pa.gov.br\/site\/a-prefeitura-de-abel-figueiredo-atraves-das-secretarias-de-meio-ambiente-e-obras-realizando-o-recolhimento-de-entulhos-pela-cidade\/\">A Prefeitura de Abel Figueiredo atrav\u00e9s das Secretarias de Meio Ambiente e Obras realizando o recolhimento de entulhos pela cidade.<\/a><\/li>\n\t\t<li class=\"wsp-post\"><a href=\"https:\/\/abelfigueiredo.pa.gov.br\/site\/novo-portao-lavanderia-e-reforma-de-telhados-melhorias-nas-escolas-do-municipio\/\">Novo port\u00e3o, lavanderia e reforma de telhados, melhorias nas escolas do munic\u00edpio.<\/a><\/li>\n\t\t<li class=\"wsp-post\"><a href=\"https:\/\/abelfigueiredo.pa.gov.br\/site\/comunicado-auxilio-brasil\/\">COMUNICADO. Aux\u00edlio Brasil.<\/a><\/li>\n\t\t<li class=\"wsp-post\"><a href=\"https:\/\/abelfigueiredo.pa.gov.br\/site\/vacinacao-contra-covid-19\/\">Vacina\u00e7\u00e3o contra Covid-19.<\/a><\/li>\n\t\t<li class=\"wsp-post\"><a href=\"https:\/\/abelfigueiredo.pa.gov.br\/site\/volta-as-aulas-sejam-bem-vindos-ao-ano-letivo-2022\/\">Volta \u00e0s aulas! Sejam bem-vindos ao ano letivo 2022.<\/a><\/li>\n\t\t<li class=\"wsp-post\"><a href=\"https:\/\/abelfigueiredo.pa.gov.br\/site\/atencao-para-coleta-de-lixo-semanal-programada\/\">Aten\u00e7\u00e3o para Coleta de Lixo Semanal Programada:<\/a><\/li>\n\t\t<li class=\"wsp-post\"><a href=\"https:\/\/abelfigueiredo.pa.gov.br\/site\/janeiro-branco-mes-dedicado-a-saude-mental-quem-cuida-da-mente-cuida-da-vida\/\">Janeiro Branco, m\u00eas dedicado a sa\u00fade mental, quem cuida da mente cuida da vida.<\/a><\/li>\n\t\t<li class=\"wsp-post\"><a href=\"https:\/\/abelfigueiredo.pa.gov.br\/site\/matriculas-abertas-2\/\">Matr\u00edculas Abertas.<\/a><\/li>\n\t\t<li class=\"wsp-post\"><a href=\"https:\/\/abelfigueiredo.pa.gov.br\/site\/matriculas-abertas\/\">Matr\u00edculas Abertas.<\/a><\/li>\n\t\t<li class=\"wsp-post\"><a href=\"https:\/\/abelfigueiredo.pa.gov.br\/site\/atencao-para-este-comunicado\/\">Aten\u00e7\u00e3o para este comunicado.<\/a><\/li>\n\t\t<li class=\"wsp-post\"><a href=\"https:\/\/abelfigueiredo.pa.gov.br\/site\/inscricoes-prorrogadas-para-processo-seletivo-censo-2022\/\">Inscri\u00e7\u00f5es Prorrogadas para Processo Seletivo Censo 2022<\/a><\/li>\n\t\t<li class=\"wsp-post\"><a href=\"https:\/\/abelfigueiredo.pa.gov.br\/site\/27-de-dezembro-parabens-abel-figueiredo-30-anos\/\">27 de Dezembro, Parab\u00e9ns Abel Figueiredo 30 anos.<\/a><\/li>\n\t\t<li class=\"wsp-post\"><a href=\"https:\/\/abelfigueiredo.pa.gov.br\/site\/desejamos-que-o-seu-natal-seja-brilhante-de-alegria-iluminado-de-amor-cheio-de-harmonia-e-repleto-de-paz\/\">Desejamos que o seu Natal seja brilhante de alegria, iluminado de amor, cheio de harmonia e repleto de paz!<\/a><\/li>\n\t\t<li class=\"wsp-post\"><a href=\"https:\/\/abelfigueiredo.pa.gov.br\/site\/comunicado-importante-2\/\">Comunicado Importante.<\/a><\/li>\n\t\t<li class=\"wsp-post\"><a href=\"https:\/\/abelfigueiredo.pa.gov.br\/site\/comunicado-importante-nao-jogue-lixo-nas-vias-publicas\/\">Comunicado Importante, n\u00e3o jogue lixo nas vias p\u00fablicas.<\/a><\/li>\n\t\t<li class=\"wsp-post\"><a href=\"https:\/\/abelfigueiredo.pa.gov.br\/site\/atencao-para-este-comunicado-ultimos-dias-de-vacinacao-contra-o-coronavirus-em-2021\/\">Aten\u00e7\u00e3o para este comunicado, \u00faltimos dias de vacina\u00e7\u00e3o contra o Coronav\u00edrus em 2021.<\/a><\/li>\n\t\t<li class=\"wsp-post\"><a href=\"https:\/\/abelfigueiredo.pa.gov.br\/site\/comunicado-importante-hoje-teremos-acao-movel-de-vacinacao-contra-o-coronavirus-em-todos-os-bairros-a-partir-das-16h\/\">Comunicado Importante, hoje teremos A\u00e7\u00e3o M\u00f3vel de Vacina\u00e7\u00e3o contra o Coronav\u00edrus em todos os Bairros a partir das 16h.<\/a><\/li>\n\t\t<li class=\"wsp-post\"><a href=\"https:\/\/abelfigueiredo.pa.gov.br\/site\/2-jogo-das-estrelas-de-abel-figueiredo-realizado-com-sucesso\/\">2\u00b0 Jogo das Estrelas de Abel Figueiredo realizado com sucesso.<\/a><\/li>\n\t\t<li class=\"wsp-post\"><a href=\"https:\/\/abelfigueiredo.pa.gov.br\/site\/v-conferencia-municipal-de-educacao-2021-abel-figueiredo-pa-2\/\">V CONFER\u00caNCIA MUNICIPAL DE EDUCA\u00c7\u00c3O 2021 &#8211; Abel Figueiredo\/PA.<\/a><\/li>\n\t\t<li class=\"wsp-post\"><a href=\"https:\/\/abelfigueiredo.pa.gov.br\/site\/comunicado-2\/\">Comunicado.<\/a><\/li>\n\t\t<li class=\"wsp-post\"><a href=\"https:\/\/abelfigueiredo.pa.gov.br\/site\/encerramento-dos-trabalhos-no-ano-de-2021-com-os-idosos-assistidos-pelo-servico-de-convivencia-e-fortalecimento-de-vinculos\/\">Encerramento dos trabalhos no ano de 2021 com os idosos assistidos pelo servi\u00e7o de conviv\u00eancia e fortalecimento de v\u00ednculos.<\/a><\/li>\n\t\t<li class=\"wsp-post\"><a href=\"https:\/\/abelfigueiredo.pa.gov.br\/site\/comunicado-oficial\/\">COMUNICADO OFICIAL.<\/a><\/li>\n\t\t<li class=\"wsp-post\"><a href=\"https:\/\/abelfigueiredo.pa.gov.br\/site\/hoje-e-dia-de-mutirao-de-vacinacao-contra-o-coronavirus-covid-19\/\">Hoje \u00e9 dia de Mutir\u00e3o de Vacina\u00e7\u00e3o Contra o Coronav\u00edrus Covid-19.<\/a><\/li>\n\t\t<li class=\"wsp-post\"><a href=\"https:\/\/abelfigueiredo.pa.gov.br\/site\/2-jogo-das-estrelas-abel-figueiredo-pa-beneficente\/\">2\u00b0 Jogo das Estrelas Abel Figueiredo-PA. (Beneficente).<\/a><\/li>\n\t\t<li class=\"wsp-post\"><a href=\"https:\/\/abelfigueiredo.pa.gov.br\/site\/08-de-dezembro-dia-de-nossa-senhora-imaculada-conceicao-padroeira-de-abel-figueiredo-pa\/\">08 de Dezembro, Dia de Nossa Senhora Imaculada Concei\u00e7\u00e3o. Padroeira de Abel Figueiredo-PA.<\/a><\/li>\n\t\t<li class=\"wsp-post\"><a href=\"https:\/\/abelfigueiredo.pa.gov.br\/site\/comunicado-importante\/\">COMUNICADO IMPORTANTE.<\/a><\/li>\n\t\t<li class=\"wsp-post\"><a href=\"https:\/\/abelfigueiredo.pa.gov.br\/site\/a-administracao-municipal-em-nome-do-prefeito-antonio-calhau-vice-evandro-da-serraria\/\">A Administra\u00e7\u00e3o Municipal em Nome do Prefeito Ant\u00f4nio Calhau vice Evandro da Serraria<\/a><\/li>\n\t\t<li class=\"wsp-post\"><a href=\"https:\/\/abelfigueiredo.pa.gov.br\/site\/16-campeonato-municipal-de-futebol-de-abel-figueiredo-pa\/\">16\u00b0 Campeonato Municipal de Futebol de Abel Figueiredo-PA.<\/a><\/li>\n\t\t<li class=\"wsp-post\"><a href=\"https:\/\/abelfigueiredo.pa.gov.br\/site\/acender-das-luzes-de-natal-2021-inauguracao-da-nova-iluminacao-de-led-na-avenida-alacid-nunes\/\">Acender das Luzes de Natal 2021. Inaugura\u00e7\u00e3o da nova ilumina\u00e7\u00e3o de LED na Avenida Alacid Nunes.<\/a><\/li>\n\t\t<li class=\"wsp-post\"><a href=\"https:\/\/abelfigueiredo.pa.gov.br\/site\/encerramento-dos-trabalhos-do-ano-de-2021-do-scfv-servico-de-convivencia-e-fortalecimento-de-vinculos-do-cras-faixa-etaria-de-07-a-17-anos\/\">Encerramento dos trabalhos do ano de 2021 do SCFV Servi\u00e7o de Conviv\u00eancia e Fortalecimento de Vinculos do CRAS, faixa et\u00e1ria de 07 a 17 anos.<\/a><\/li>\n\t\t<li class=\"wsp-post\"><a href=\"https:\/\/abelfigueiredo.pa.gov.br\/site\/vacinacao-contra-coronavirus-covid-19\/\">Vacina\u00e7\u00e3o contra Coronav\u00edrus Covid-19.<\/a><\/li>\n\t\t<li class=\"wsp-post\"><a href=\"https:\/\/abelfigueiredo.pa.gov.br\/site\/todos-os-anos-o-dia-1o-de-dezembro-e-o-dia-mundial-de-luta-contra-a-aids\/\">Todos os anos, o dia 1\u00ba de dezembro \u00e9 o Dia Mundial de Luta contra a AIDS.<\/a><\/li>\n\t\t<li class=\"wsp-post\"><a href=\"https:\/\/abelfigueiredo.pa.gov.br\/site\/governo-trabalhando-para-o-povo-presente-no-seminario-estadual-undime-para-em-ananindeua\/\">Governo Trabalhando para o Povo Presente no Semin\u00e1rio Estadual Undime-Par\u00e1 em Ananindeua.<\/a><\/li>\n\t\t<li class=\"wsp-post\"><a href=\"https:\/\/abelfigueiredo.pa.gov.br\/site\/amostra-cultural-do-projeto-consciencia-negra-da-escola-helio-frota-lima\/\">Amostra Cultural do Projeto Consci\u00eancia Negra da Escola H\u00e9lio Frota Lima.<\/a><\/li>\n\t\t<li class=\"wsp-post\"><a href=\"https:\/\/abelfigueiredo.pa.gov.br\/site\/acender-das-luzes-de-natal-2021\/\">Acender das Luzes de Natal 2021.<\/a><\/li>\n\t\t<li class=\"wsp-post\"><a href=\"https:\/\/abelfigueiredo.pa.gov.br\/site\/repac-reuniao-de-planejamento-e-acompanhamento-do-censo-2022\/\">REPAC- Reuni\u00e3o de Planejamento e Acompanhamento do CENSO 2022.<\/a><\/li>\n\t\t<li class=\"wsp-post\"><a href=\"https:\/\/abelfigueiredo.pa.gov.br\/site\/convite\/\">Convite.<\/a><\/li>\n\t\t<li class=\"wsp-post\"><a href=\"https:\/\/abelfigueiredo.pa.gov.br\/site\/v-conferencia-municipal-de-educacao-2021-abel-figueiredo-pa\/\">V Confer\u00eancia Municipal de Educa\u00e7\u00e3o 2021. Abel Figueiredo-PA.<\/a><\/li>\n\t\t<li class=\"wsp-post\"><a href=\"https:\/\/abelfigueiredo.pa.gov.br\/site\/parabens-ao-nosso-orgulho-de-abel-figueiredo-artur-souza-e-toda-equipe-do-goias-esporte-clube-pelo-acesso-a-serie-a-do-campeonato-brasileiro\/\">Parab\u00e9ns ao nosso orgulho de Abel Figueiredo Artur Souza e toda equipe do Goi\u00e1s Esporte Clube pelo acesso a s\u00e9rie A do Campeonato Brasileiro.<\/a><\/li>\n\t\t<li class=\"wsp-post\"><a href=\"https:\/\/abelfigueiredo.pa.gov.br\/site\/atencao-para-o-calendario-de-vacinacao-contra-o-coronavirus-desta-semana\/\">Aten\u00e7\u00e3o para o calend\u00e1rio de vacina\u00e7\u00e3o contra o coronav\u00edrus desta semana:<\/a><\/li>\n\t\t<li class=\"wsp-post\"><a href=\"https:\/\/abelfigueiredo.pa.gov.br\/site\/a-prefeitura-de-abel-figueiredo-atraves-da-secretaria-municipal-de-obras-realizando-a-troca-de-lampadas-antigas-da-avenida-alacid-nunes-por-led\/\">A Prefeitura de Abel Figueiredo atrav\u00e9s da Secretaria Municipal de Obras realizando a troca de l\u00e2mpadas antigas da avenida Alacid Nunes por LED.<\/a><\/li>\n\t\t<li class=\"wsp-post\"><a href=\"https:\/\/abelfigueiredo.pa.gov.br\/site\/vem-ai-a-prova-do-saeb-sistema-de-avaliacao-da-educacao-basica-2\/\">Vem a\u00ed a Prova do SAEB, Sistema de Avalia\u00e7\u00e3o da Educa\u00e7\u00e3o B\u00e1sica.<\/a><\/li>\n\t\t<li class=\"wsp-post\"><a href=\"https:\/\/abelfigueiredo.pa.gov.br\/site\/prefeito-antonio-calhau-presente-junto-com-o-governador-helder-no-encontro-municipalista-sul-e-sudeste-em-canaa-dos-carajas\/\">Prefeito Ant\u00f4nio Calhau presente junto com o Governador Helder no encontro Municipalista Sul e Sudeste em Cana\u00e3 dos Caraj\u00e1s.<\/a><\/li>\n\t\t<li class=\"wsp-post\"><a href=\"https:\/\/abelfigueiredo.pa.gov.br\/site\/18-de-novembro-dia-do-conselheiro-tutelar\/\">18 de Novembro, Dia do Conselheiro Tutelar.<\/a><\/li>\n\t\t<li class=\"wsp-post\"><a href=\"https:\/\/abelfigueiredo.pa.gov.br\/site\/atencao-para-programacao-da-semana-de-vacinacao-contra-o-coronavirus-quinta-feira-18-de-novembro\/\">Aten\u00e7\u00e3o para programa\u00e7\u00e3o da semana de vacina\u00e7\u00e3o contra o coronav\u00edrus. ( Quinta-feira 18 de novembro)<\/a><\/li>\n\t\t<li class=\"wsp-post\"><a href=\"https:\/\/abelfigueiredo.pa.gov.br\/site\/comunicado\/\">Comunicado.<\/a><\/li>\n\t\t<li class=\"wsp-post\"><a href=\"https:\/\/abelfigueiredo.pa.gov.br\/site\/dia-do-diretor-escolar-12-11-2021\/\">Dia do Diretor Escolar 12\/11\/2021.<\/a><\/li>\n\t\t<li class=\"wsp-post\"><a href=\"https:\/\/abelfigueiredo.pa.gov.br\/site\/vice-prefeito-evandro-da-serraria-acompanhado-da-vice-primeira-dama-e-secretaria-municipal-de-promocao-social-luciana-teles-em-belem-buscando-melhorias-para-abel-figueiredo\/\">Vice Prefeito Evandro da Serraria acompanhado da vice primeira dama e Secretaria Municipal de Promo\u00e7\u00e3o Social Luciana Teles em Bel\u00e9m buscando melhorias para Abel Figueiredo.<\/a><\/li>\n\t\t<li class=\"wsp-post\"><a href=\"https:\/\/abelfigueiredo.pa.gov.br\/site\/vem-ai-a-prova-do-saeb-sistema-de-avaliacao-da-educacao-basica\/\">Vem a\u00ed a Prova do SAEB, Sistema de Avalia\u00e7\u00e3o da Educa\u00e7\u00e3o B\u00e1sica.<\/a><\/li>\n\t\t<li class=\"wsp-post\"><a href=\"https:\/\/abelfigueiredo.pa.gov.br\/site\/abel-figueiredo-presente-no-3-encontro-presencial-2021-pec-para-educacao-conectada\/\">Abel Figueiredo presente no 3\u00b0 Encontro Presencial 2021-PEC-PAR\u00c1. (Educa\u00e7\u00e3o Conectada)<\/a><\/li>\n\t\t<li class=\"wsp-post\"><a href=\"https:\/\/abelfigueiredo.pa.gov.br\/site\/vacinacao-contra-coronavirus-no-dia-10-11-2021\/\">Programa\u00e7\u00e3o da semana para vacina\u00e7\u00e3o contra o coronav\u00edrus Covid-19.<\/a><\/li>\n\t\t<li class=\"wsp-post\"><a href=\"https:\/\/abelfigueiredo.pa.gov.br\/site\/finais-dos-campeonatos-feminino-e-masculino-de-futsal-realizada-com-sucesso-em-abel-figueiredo\/\">Finais dos campeonatos feminino e masculino de futsal realizada com sucesso em Abel Figueiredo.<\/a><\/li>\n\t\t<li class=\"wsp-post\"><a href=\"https:\/\/abelfigueiredo.pa.gov.br\/site\/a-prefeitura-de-abel-figueiredo-atraves-da-secretaria-municipal-de-saude-em-parceria-com-o-instituto-servir-amazonia-governo-do-para-e-o-deputado-estadual-dr-jaques-realizaram-na-ultima-sexta-feira-0\/\">A Prefeitura de Abel Figueiredo atrav\u00e9s da Secretaria Municipal de Sa\u00fade em parceria com o Instituto Servir Amaz\u00f4nia, Governo do Par\u00e1 e o Deputado Estadual Dr Jaques realizaram na \u00faltima sexta-feira 05 de novembro diversos atendimentos e exames Preventivos para homens e mulheres da nossa cidade.<\/a><\/li>\n\t\t<li class=\"wsp-post\"><a href=\"https:\/\/abelfigueiredo.pa.gov.br\/site\/seguindo-a-programacao-outubro-rosa-novembro-azul\/\">Seguindo a Programa\u00e7\u00e3o Outubro Rosa Novembro Azul<\/a><\/li>\n\t\t<li class=\"wsp-post\"><a href=\"https:\/\/abelfigueiredo.pa.gov.br\/site\/02-de-novembro-dia-de-finados-hoje-o-dia-e-de-oracao\/\">02 de novembro, Dia de Finados, hoje o dia \u00e9 de ora\u00e7\u00e3o.<\/a><\/li>\n\t\t<li class=\"wsp-post\"><a href=\"https:\/\/abelfigueiredo.pa.gov.br\/site\/prefeitura-realiza-manutencao-do-cemiterio-municipal-recanto-da-saudade-para-o-dia-de-finados\/\">Prefeitura realiza manuten\u00e7\u00e3o do Cemit\u00e9rio Municipal Recanto da Saudade para o dia de Finados.<\/a><\/li>\n\t\t<li class=\"wsp-post\"><a href=\"https:\/\/abelfigueiredo.pa.gov.br\/site\/a-prefeitura-de-abel-figueiredo-atraves-da-secretaria-municipal-de-saude-informa-o-vacinometro-atualizado-em-26-de-outubro\/\">A Prefeitura de Abel Figueiredo atrav\u00e9s da Secretaria Municipal de Sa\u00fade informa o vacin\u00f4metro atualizado em 26 de outubro.<\/a><\/li>\n\t\t<li class=\"wsp-post\"><a href=\"https:\/\/abelfigueiredo.pa.gov.br\/site\/caminhada-pela-vida-referente-a-prevencao-do-cancer-de-mama-e-da-prostata\/\">Caminhada Pela Vida, Referente a Preven\u00e7\u00e3o do c\u00e2ncer de mama e da Pr\u00f3stata.<\/a><\/li>\n\t\t<li class=\"wsp-post\"><a href=\"https:\/\/abelfigueiredo.pa.gov.br\/site\/vacinacao-contra-o-coronavirus-quarta-feira-27-de-outubro\/\">Vacina\u00e7\u00e3o Contra o Coronav\u00edrus QUARTA-FEIRA 27 de outubro.<\/a><\/li>\n\t\t<li class=\"wsp-post\"><a href=\"https:\/\/abelfigueiredo.pa.gov.br\/site\/25-de-outubro-feliz-aniversario-prefeito-antonio-calhau\/\">25 de outubro, Feliz anivers\u00e1rio Prefeito Ant\u00f4nio Calhau.<\/a><\/li>\n\t\t<li class=\"wsp-post\"><a href=\"https:\/\/abelfigueiredo.pa.gov.br\/site\/sebrae-itinerante-realizando-atendimentos-em-abel-figueiredo\/\">Sebrae itinerante realizando atendimentos em Abel Figueiredo.<\/a><\/li>\n\t\t<li class=\"wsp-post\"><a href=\"https:\/\/abelfigueiredo.pa.gov.br\/site\/mais-120-atendimentos-oftalmologicos-realizados-em-parceria-com-o-cisat-em-abel-figueiredo\/\">Mais 120 atendimentos Oftalmol\u00f3gicos realizados em parceria com o CISAT em Abel Figueiredo.<\/a><\/li>\n\t\t<li class=\"wsp-post\"><a href=\"https:\/\/abelfigueiredo.pa.gov.br\/site\/procon-pa-em-abel-figueiredo-de-19-a-21-de-outubro\/\">PROCON-PA Em Abel Figueiredo. De 19 a 21 de outubro.<\/a><\/li>\n\t\t<li class=\"wsp-post\"><a href=\"https:\/\/abelfigueiredo.pa.gov.br\/site\/atencao-para-o-calendario-da-semana-para-vacinacao-contra-o-coronavirus\/\">Aten\u00e7\u00e3o para o calend\u00e1rio da semana para vacina\u00e7\u00e3o contra o coronav\u00edrus<\/a><\/li>\n\t\t<li class=\"wsp-post\"><a href=\"https:\/\/abelfigueiredo.pa.gov.br\/site\/unidade-movel-do-sebrae-nesta-quarta-feira-20-de-outubro-em-abel-figueiredo-pa\/\">UNIDADE M\u00d3VEL DO SEBRAE NESTA QUARTA-FEIRA 20 DE OUTUBRO EM ABEL FIGUEIREDO-PA.<\/a><\/li>\n\t\t<li class=\"wsp-post\"><a href=\"https:\/\/abelfigueiredo.pa.gov.br\/site\/governo-do-para-apresenta-o-projeto-da-ferrovia-paraense-ao-prefeito-antonio-calhau-de-abel-figueiredo\/\">Governo do Par\u00e1 apresenta o Projeto da Ferrovia Paraense ao Prefeito Ant\u00f4nio Calhau de Abel Figueiredo.<\/a><\/li>\n\t\t<li class=\"wsp-post\"><a href=\"https:\/\/abelfigueiredo.pa.gov.br\/site\/18-de-outubro-feliz-dia-do-medico-a-todos-os-nossos-profissionais\/\">18 de outubro, Feliz Dia do M\u00e9dico a todos os nossos Profissionais.<\/a><\/li>\n\t\t<li class=\"wsp-post\"><a href=\"https:\/\/abelfigueiredo.pa.gov.br\/site\/mais-conquistas-para-o-municipio-de-abel-figueiredo\/\">Mais conquistas para o Munic\u00edpio de Abel Figueiredo.<\/a><\/li>\n\t\t<li class=\"wsp-post\"><a href=\"https:\/\/abelfigueiredo.pa.gov.br\/site\/15-de-outubro-feliz-dia-do-professora-nao-se-pode-falar-de-educacao-sem-amor-paulo-freire\/\">15 de outubro, Feliz Dia do Professor(a). &#8220;N\u00e3o se pode falar de Educa\u00e7\u00e3o sem amor&#8221; Paulo Freire.<\/a><\/li>\n\t\t<li class=\"wsp-post\"><a href=\"https:\/\/abelfigueiredo.pa.gov.br\/site\/ultima-chamada-para-primeira-dose-da-vacina-contra-o-coronavirus-covid19\/\">\u00daLTIMA CHAMADA PARA PRIMEIRA DOSE DA VACINA CONTRA O CORONAV\u00cdRUS-COVID19.<\/a><\/li>\n\t\t<li class=\"wsp-post\"><a href=\"https:\/\/abelfigueiredo.pa.gov.br\/site\/grande-comemoracao-em-homenagem-ao-dia-do-evangelico\/\">&#8220;GRANDE COMEMORA\u00c7\u00c3O EM HOMENAGEM AO DIA DO EVANG\u00c9LICO.&#8221;<\/a><\/li>\n\t\t<li class=\"wsp-post\"><a href=\"https:\/\/abelfigueiredo.pa.gov.br\/site\/prefeitura-de-abel-figueiredo-atraves-da-secretaria-municipal-de-cultura-lazer-desporto-e-turismo-realiza-uma-super-programacao-em-homenagem-ao-dia-das-criancas-projeto-faca-uma-crianca-feliz\/\">Prefeitura de Abel Figueiredo atrav\u00e9s da Secretaria Municipal de Cultura Lazer, Desporto e Turismo realiza uma super programa\u00e7\u00e3o em homenagem ao dia das Crian\u00e7as. (Projeto Fa\u00e7a uma Crian\u00e7a Feliz!)<\/a><\/li>\n\t\t<li class=\"wsp-post\"><a href=\"https:\/\/abelfigueiredo.pa.gov.br\/site\/o-dia-de-nossa-senhora-aparecida-a-padroeira-do-brasil-e-comemorado-em-12-de-outubro-data-que-e-feriado-nacional\/\">O &#8216;Dia de Nossa Senhora Aparecida&#8217;, a Padroeira do Brasil, \u00e9 comemorado em 12 de outubro, data que \u00e9 feriado nacional.<\/a><\/li>\n\t\t<li class=\"wsp-post\"><a href=\"https:\/\/abelfigueiredo.pa.gov.br\/site\/12-de-outubro-feliz-dia-das-criancas\/\">12 de outubro, Feliz Dia das Crian\u00e7as.<\/a><\/li>\n\t\t<li class=\"wsp-post\"><a href=\"https:\/\/abelfigueiredo.pa.gov.br\/site\/prefeito-antonio-calhau-vice-evandro-da-serraria-vereadores-secretarios-e-equipe-de-governo-presentes-com-o-governador-helder-barbalho-em-rondon-do-para\/\">Prefeito Ant\u00f4nio Calhau Vice Evandro da Serraria, Vereadores, Secret\u00e1rios e equipe de Governo, Presentes com o Governador Helder Barbalho em Rondon do Par\u00e1.<\/a><\/li>\n\t\t<li class=\"wsp-post\"><a href=\"https:\/\/abelfigueiredo.pa.gov.br\/site\/06-de-outubro-dia-do-prefeito\/\">06 de outubro, Dia do Prefeito.<\/a><\/li>\n\t\t<li class=\"wsp-post\"><a href=\"https:\/\/abelfigueiredo.pa.gov.br\/site\/a-prefeitura-de-abel-figueiredo-atraves-da-secretaria-municipal-de-saude-informa-2\/\">A Prefeitura de Abel Figueiredo atrav\u00e9s da Secretaria Municipal de Sa\u00fade informa:<\/a><\/li>\n\t\t<li class=\"wsp-post\"><a href=\"https:\/\/abelfigueiredo.pa.gov.br\/site\/a-prefeitura-de-abel-figueiredo-atraves-do-departamento-de-esportes-dar-inicio-ao-1-campeonato-de-futsal-feminino-em-abel-figueiredo\/\">A Prefeitura de Abel Figueiredo atrav\u00e9s do Departamento de Esportes dar in\u00edcio ao 1\u00b0 Campeonato de Futsal Feminino em Abel Figueiredo.<\/a><\/li>\n\t\t<li class=\"wsp-post\"><a href=\"https:\/\/abelfigueiredo.pa.gov.br\/site\/equipe-de-governo-participa-do-forum-de-governanca-ofertado-pelo-governo-do-estado\/\">Equipe de Governo participa do F\u00f3rum de Governan\u00e7a ofertado pelo governo do Estado.<\/a><\/li>\n\t\t<li class=\"wsp-post\"><a href=\"https:\/\/abelfigueiredo.pa.gov.br\/site\/cafe-da-manha-em-comemoracao-ao-dia-dos-agentes-comunitarios-de-saude-e-endemias\/\">Caf\u00e9 da manh\u00e3 em comemora\u00e7\u00e3o ao Dia dos Agentes Comunit\u00e1rios de Sa\u00fade e Endemias.<\/a><\/li>\n\t\t<li class=\"wsp-post\"><a href=\"https:\/\/abelfigueiredo.pa.gov.br\/site\/vem-ai-uma-super-programacao-para-o-dia-das-criancas-dia-12-de-outubro\/\">Vem a\u00ed uma super Programa\u00e7\u00e3o para o Dia das Crian\u00e7as, dia 12 de outubro.<\/a><\/li>\n\t\t<li class=\"wsp-post\"><a href=\"https:\/\/abelfigueiredo.pa.gov.br\/site\/abertura-oficial-do-1-campeonato-de-futsal-feminino-em-abel-figueiredo-quadra-carlito-neves\/\">Abertura Oficial do 1\u00b0 Campeonato de Futsal Feminino em Abel Figueiredo. (Quadra Carlito Neves)<\/a><\/li>\n\t\t<li class=\"wsp-post\"><a href=\"https:\/\/abelfigueiredo.pa.gov.br\/site\/campanha-de-multivacinacao-neste-sabado-02-de-outubro-em-abel-figueiredo\/\">Campanha de Multivacina\u00e7\u00e3o neste s\u00e1bado 02 de outubro em Abel Figueiredo.<\/a><\/li>\n\t\t<li class=\"wsp-post\"><a href=\"https:\/\/abelfigueiredo.pa.gov.br\/site\/1-de-outubro-dia-internacional-do-idoso\/\">1\u00b0 de Outubro, Dia Internacional do Idoso.<\/a><\/li>\n\t\t<li class=\"wsp-post\"><a href=\"https:\/\/abelfigueiredo.pa.gov.br\/site\/01-de-outubro-dia-do-vereador-a\/\">01 de Outubro, Dia do Vereador (a).<\/a><\/li>\n\t\t<li class=\"wsp-post\"><a href=\"https:\/\/abelfigueiredo.pa.gov.br\/site\/investir-em-capacitacao-para-os-nossos-colaboradores-e-garantir-ainda-mais-qualidade-nos-atendimentos-a-populacao\/\">Investir em capacita\u00e7\u00e3o para os nossos colaboradores \u00e9 garantir ainda mais qualidade nos atendimentos a Popula\u00e7\u00e3o.<\/a><\/li>\n\t\t<li class=\"wsp-post\"><a href=\"https:\/\/abelfigueiredo.pa.gov.br\/site\/tenda-covid-desativada-a-qualquer-sintomas-de-sindrome-gripal-procure-o-hospital-municipal-de-abel-figueiredo\/\">Tenda covid desativada, a qualquer sintomas de s\u00edndrome gripal procure o Hospital Municipal de Abel Figueiredo.<\/a><\/li>\n\t\t<li class=\"wsp-post\"><a href=\"https:\/\/abelfigueiredo.pa.gov.br\/site\/continuacao-da-vacinacao-contra-o-coronavirus-para-o-publico-de-18-anos-acima\/\">Continua\u00e7\u00e3o da Vacina\u00e7\u00e3o contra o coronav\u00edrus para o p\u00fablico de 18 anos acima.<\/a><\/li>\n\t\t<li class=\"wsp-post\"><a href=\"https:\/\/abelfigueiredo.pa.gov.br\/site\/30-de-setembro-dia-do-secretario-a\/\">30 de Setembro, Dia do Secret\u00e1rio (a)<\/a><\/li>\n\t\t<li class=\"wsp-post\"><a href=\"https:\/\/abelfigueiredo.pa.gov.br\/site\/continuacao-da-vacinacao-contra-o-coronavirus-para-adolescentes-de-12-a-17-anos-nesta-quarta-feira-dia-29-de-setembro\/\">Continua\u00e7\u00e3o da Vacina\u00e7\u00e3o contra o coronav\u00edrus para adolescentes de 12 a 17 anos nesta quarta-feira dia 29 de setembro.<\/a><\/li>\n\t\t<li class=\"wsp-post\"><a href=\"https:\/\/abelfigueiredo.pa.gov.br\/site\/ultima-semana-para-tomar-a-vacina-contra-a-gripe-h1n1-disponivel-em-todos-os-postos-de-saude\/\">\u00daltima Semana para tomar a vacina contra a Gripe H1N1 dispon\u00edvel em todos os Postos de Sa\u00fade.<\/a><\/li>\n\t\t<li class=\"wsp-post\"><a href=\"https:\/\/abelfigueiredo.pa.gov.br\/site\/capacitacao-em-prevencao-aos-disturbios-osteomusculares-relacionados-ao-trabalho-dort\/\">Capacita\u00e7\u00e3o em Preven\u00e7\u00e3o aos Dist\u00farbios Osteomusculares Relacionados ao Trabalho. (DORT)<\/a><\/li>\n\t\t<li class=\"wsp-post\"><a href=\"https:\/\/abelfigueiredo.pa.gov.br\/site\/jantar-com-distribuicao-de-brindes-em-homenagem-ao-dia-nacional-do-idoso-em-abel-figueiredo\/\">Jantar com distribui\u00e7\u00e3o de brindes em homenagem ao dia Nacional do Idoso em Abel Figueiredo.<\/a><\/li>\n\t\t<li class=\"wsp-post\"><a href=\"https:\/\/abelfigueiredo.pa.gov.br\/site\/prefeitura-inicia-o-trabalho-de-amplicacao-do-quiosque-da-beira-rio\/\">Prefeitura inicia o trabalho de amplica\u00e7\u00e3o do quiosque da Beira Rio.<\/a><\/li>\n\t\t<li class=\"wsp-post\"><a href=\"https:\/\/abelfigueiredo.pa.gov.br\/site\/prestacao-de-contas-com-os-deputados-dirceu-ten-caten-estadual-e-airton-faleiro-federal\/\">Presta\u00e7\u00e3o de contas com os Deputados Dirceu Ten Caten Estadual, e Airton Faleiro Federal.<\/a><\/li>\n\t\t<li class=\"wsp-post\"><a href=\"https:\/\/abelfigueiredo.pa.gov.br\/site\/atencao-vacinacao-contra-a-gripe-h1n1\/\">Aten\u00e7\u00e3o Vacina\u00e7\u00e3o Contra a Gripe! H1N1<\/a><\/li>\n\t\t<li class=\"wsp-post\"><a href=\"https:\/\/abelfigueiredo.pa.gov.br\/site\/vacinometro-atualizado-em-24-09-2021\/\">Vacin\u00f4metro atualizado em 24\/09\/2021.<\/a><\/li>\n\t\t<li class=\"wsp-post\"><a href=\"https:\/\/abelfigueiredo.pa.gov.br\/site\/abertura-oficial-do-5-campeonato-municipal-de-futsal-masculino-em-abel-figueiredo-quadra-carlito-neves\/\">Abertura Oficial do 5\u00b0 Campeonato Municipal de Futsal Masculino em Abel Figueiredo. (Quadra Carlito Neves)<\/a><\/li>\n\t\t<li class=\"wsp-post\"><a href=\"https:\/\/abelfigueiredo.pa.gov.br\/site\/21-de-setembro-dia-da-arvore\/\">21 de Setembro, Dia da \u00c1rvore.<\/a><\/li>\n\t\t<li class=\"wsp-post\"><a href=\"https:\/\/abelfigueiredo.pa.gov.br\/site\/21-de-setembro-dia-nacional-de-luta-da-pessoa-com-deficiencia\/\">21 de Setembro, Dia Nacional de Luta da Pessoa com Defici\u00eancia<\/a><\/li>\n\t\t<li class=\"wsp-post\"><a href=\"https:\/\/abelfigueiredo.pa.gov.br\/site\/20-de-setembro-dia-do-servidor-publico-municipal\/\">20 de Setembro, Dia do Servidor P\u00fablico Municipal.<\/a><\/li>\n\t\t<li class=\"wsp-post\"><a href=\"https:\/\/abelfigueiredo.pa.gov.br\/site\/mais-de-400-atendimentos-com-consultas-e-exames-de-alta-precisao-oftalmologica-em-parceria-com-o-senador-zequinha-marinho-psc-e-o-instituto-iob\/\">Mais de 400 atendimentos com consultas e exames de alta precis\u00e3o oftalmol\u00f3gica em parceria com o Senador Zequinha Marinho (PSC) e o Instituto IOB.<\/a><\/li>\n\t\t<li class=\"wsp-post\"><a href=\"https:\/\/abelfigueiredo.pa.gov.br\/site\/abertura-oficial-do-curso-de-administracao-pelo-forma-para-em-abel-figueiredo\/\">Abertura Oficial do Curso de Administra\u00e7\u00e3o Pelo Forma Par\u00e1 em Abel Figueiredo.<\/a><\/li>\n\t\t<li class=\"wsp-post\"><a href=\"https:\/\/abelfigueiredo.pa.gov.br\/site\/abel-figueiredo-realizando-a-vacinacao-antirrabica-para-caes-e-gatos\/\">Abel Figueiredo realizando a vacina\u00e7\u00e3o ANTIRR\u00c1BICA para c\u00e3es e Gatos.<\/a><\/li>\n\t\t<li class=\"wsp-post\"><a href=\"https:\/\/abelfigueiredo.pa.gov.br\/site\/campanha-de-vacinacao-antirrabica-para-caes-e-gatos\/\">CAMPANHA DE VACINA\u00c7\u00c3O ANTIRR\u00c1BICA PARA C\u00c3ES E GATOS.<\/a><\/li>\n\t\t<li class=\"wsp-post\"><a href=\"https:\/\/abelfigueiredo.pa.gov.br\/site\/atencao-para-este-comunicado-importante-vacinacao-contra-o-coronavirus-nesta-quarta-feira-para-adolescentes-de-12-a-17-anos\/\">Aten\u00e7\u00e3o para este comunicado importante, vacina\u00e7\u00e3o contra o coronav\u00edrus nesta quarta-feira para adolescentes de 12 a 17 anos.<\/a><\/li>\n\t\t<li class=\"wsp-post\"><a href=\"https:\/\/abelfigueiredo.pa.gov.br\/site\/a-prefeitura-municipal-de-abel-figueiredo-por-meio-da-controladoria-interna-municipal-aderiu-ao-programa-nacional-de-prevencao-a-corrupcao-pnpc-lancado-em-20-de-maio-de-2021\/\">A prefeitura municipal de Abel Figueiredo por meio da Controladoria Interna Municipal aderiu ao Programa Nacional de Preven\u00e7\u00e3o \u00e0 Corrup\u00e7\u00e3o (PNPC), lan\u00e7ado em 20 de maio de 2021.<\/a><\/li>\n\t\t<li class=\"wsp-post\"><a href=\"https:\/\/abelfigueiredo.pa.gov.br\/site\/vacinacao-contra-o-coronavirus-2\/\">Vacina\u00e7\u00e3o contra o coronav\u00edrus.<\/a><\/li>\n\t\t<li class=\"wsp-post\"><a href=\"https:\/\/abelfigueiredo.pa.gov.br\/site\/5-campeonato-municipal-de-futsal-de-abel-figueiredo\/\">5\u00b0 Campeonato Municipal de Futsal de Abel Figueiredo.<\/a><\/li>\n\t\t<li class=\"wsp-post\"><a href=\"https:\/\/abelfigueiredo.pa.gov.br\/site\/vacinacao-contra-o-coronavirus\/\">Vacina\u00e7\u00e3o contra o coronav\u00edrus.<\/a><\/li>\n\t\t<li class=\"wsp-post\"><a href=\"https:\/\/abelfigueiredo.pa.gov.br\/site\/todos-unidos-em-prol-do-desenvolvimento-da-nossa-regiao\/\">Todos Unidos em prol do Desenvolvimento da Nossa Regi\u00e3o.<\/a><\/li>\n\t\t<li class=\"wsp-post\"><a href=\"https:\/\/abelfigueiredo.pa.gov.br\/site\/consultas-e-exames-de-vista-gatruitamente-para-populacao-de-abel-figueiredo\/\">Consultas e exames de vista gatruitamente para popula\u00e7\u00e3o de Abel Figueiredo.<\/a><\/li>\n\t\t<li class=\"wsp-post\"><a href=\"https:\/\/abelfigueiredo.pa.gov.br\/site\/a-uniao-dos-prefeitos-e-vereadores-da-br222-em-prol-da-ferroviaria-paraense\/\">A uni\u00e3o dos Prefeitos e Vereadores da Br222 em prol da Ferrovi\u00e1ria Paraense.<\/a><\/li>\n\t\t<li class=\"wsp-post\"><a href=\"https:\/\/abelfigueiredo.pa.gov.br\/site\/o-setembro-amarelo\/\">O \u201cSetembro Amarelo\u201d<\/a><\/li>\n\t\t<li class=\"wsp-post\"><a href=\"https:\/\/abelfigueiredo.pa.gov.br\/site\/o-7-de-setembro-e-uma-das-datas-comemorativas-mais-importantes-do-brasil-justamente-por-abrigar-um-dos-principais-acontecimentos-da-nossa-historia-a-nossa-independencia-foi-nesse-dia-em-1822-que\/\">O 7 de setembro \u00e9 uma das datas comemorativas mais importantes do Brasil, justamente por abrigar um dos principais acontecimentos da nossa hist\u00f3ria: a nossa Independ\u00eancia. Foi nesse dia, em 1822, que Dom Pedro deu in\u00edcio a nossa trajet\u00f3ria como na\u00e7\u00e3o independente.<\/a><\/li>\n\t\t<li class=\"wsp-post\"><a href=\"https:\/\/abelfigueiredo.pa.gov.br\/site\/retorno-das-aulas-presenciais-em-abel-figueiredo-no-ultimo-dia-01-de-setembro\/\">Retorno das aulas presenciais em Abel Figueiredo no \u00faltimo dia 01 de Setembro.<\/a><\/li>\n\t\t<li class=\"wsp-post\"><a href=\"https:\/\/abelfigueiredo.pa.gov.br\/site\/construcao-do-novo-galpao-para-as-secretarias-de-obras-e-agricultura\/\">Constru\u00e7\u00e3o do novo galp\u00e3o para as Secretarias de Obras e Agricultura.<\/a><\/li>\n\t\t<li class=\"wsp-post\"><a href=\"https:\/\/abelfigueiredo.pa.gov.br\/site\/prefeito-antonio-calhau-acompanhado-do-presidente-do-legislativo-vereador-carlos-alberto-amorim-e-o-deputado-estadual-dirceu-ten-caten-em-audiencia-com-o-governador-helder-barbalho-na-capital-belem-do\/\">Prefeito Ant\u00f4nio Calhau acompanhado do presidente do legislativo Vereador Carlos Alberto Amorim e o Deputado Estadual Dirceu Ten Caten em audi\u00eancia com o governador Helder Barbalho na capital Bel\u00e9m do Par\u00e1.<\/a><\/li>\n\t\t<li class=\"wsp-post\"><a href=\"https:\/\/abelfigueiredo.pa.gov.br\/site\/prefeitura-realizando-a-manutencao-das-estradas-rurais-em-abel-figueiredo\/\">Prefeitura realizando a manuten\u00e7\u00e3o das estradas rurais em Abel Figueiredo.<\/a><\/li>\n\t\t<li class=\"wsp-post\"><a href=\"https:\/\/abelfigueiredo.pa.gov.br\/site\/10-conferencia-municipal-de-assistencia-social-de-abel-figueiredo-pa-2021\/\">10\u00b0 CONFER\u00caNCIA MUNICIPAL DE ASSIST\u00caNCIA SOCIAL DE ABEL FIGUEIREDO-PA. 2021<\/a><\/li>\n\t\t<li class=\"wsp-post\"><a href=\"https:\/\/abelfigueiredo.pa.gov.br\/site\/entrega-de-materiais-esportivos-para-a-selecao-de-abel-figueiredo\/\">Entrega de Materiais Esportivos para a Sele\u00e7\u00e3o de Abel Figueiredo.<\/a><\/li>\n\t\t<li class=\"wsp-post\"><a href=\"https:\/\/abelfigueiredo.pa.gov.br\/site\/reforce-sua-protecao-contra-o-coronavirus-covid-19\/\">Reforce Sua Prote\u00e7\u00e3o contra o coronav\u00edrus Covid-19.<\/a><\/li>\n\t\t<li class=\"wsp-post\"><a href=\"https:\/\/abelfigueiredo.pa.gov.br\/site\/reuniao-com-o-sicredi-e-o-sebrae-firmando-parcerias-para-fortalecer-a-economia-local\/\">Reuni\u00e3o com o Sicredi e o Sebrae firmando parcerias para fortalecer a economia local.<\/a><\/li>\n\t\t<li class=\"wsp-post\"><a href=\"https:\/\/abelfigueiredo.pa.gov.br\/site\/encontro-dos-secretarios-e-gestores-de-cultura-em-nova-ipixuna-do-para\/\">Encontro dos Secret\u00e1rios e Gestores de Cultura em Nova Ipixuna do Par\u00e1.<\/a><\/li>\n\t\t<li class=\"wsp-post\"><a href=\"https:\/\/abelfigueiredo.pa.gov.br\/site\/vacinometro-atualizado-em-19-de-agosto-de-2021\/\">Vacinometro atualizado em 19 de agosto de 2021.<\/a><\/li>\n\t\t<li class=\"wsp-post\"><a href=\"https:\/\/abelfigueiredo.pa.gov.br\/site\/capacitacao-de-prevencao-e-promocao-a-acidentes-de-trabalho-na-construcao-civil-e-afins-2\/\">Capacita\u00e7\u00e3o de Preven\u00e7\u00e3o e Promo\u00e7\u00e3o \u00e0 Acidentes de Trabalho na Constru\u00e7\u00e3o Civil e Afins.<\/a><\/li>\n\t\t<li class=\"wsp-post\"><a href=\"https:\/\/abelfigueiredo.pa.gov.br\/site\/atencao-para-chamada-chegou-a-sua-vez\/\">Aten\u00e7\u00e3o para chamada, chegou a sua vez!!!<\/a><\/li>\n\t\t<li class=\"wsp-post\"><a href=\"https:\/\/abelfigueiredo.pa.gov.br\/site\/abertura-do-projeto-abel-em-movimento-danca-saude-e-qualidade-de-vida\/\">Abertura do Projeto &#8220;Abel em Movimento&#8221; Dan\u00e7a, Sa\u00fade e Qualidade de vida!<\/a><\/li>\n\t\t<li class=\"wsp-post\"><a href=\"https:\/\/abelfigueiredo.pa.gov.br\/site\/vacinacao-contra-o-coronavirus-covid-19-para-pessoas-de-18-anos-acima\/\">Vacina\u00e7\u00e3o contra o coronav\u00edrus Covid-19 para pessoas de 18 anos acima.<\/a><\/li>\n\t\t<li class=\"wsp-post\"><a href=\"https:\/\/abelfigueiredo.pa.gov.br\/site\/programacao-mes-da-primeira-infancia-de-abel-figueiredo-pa-2021-2\/\">Programa\u00e7\u00e3o M\u00eas da Primeira Inf\u00e2ncia de Abel Figueiredo-PA 2021.<\/a><\/li>\n\t\t<li class=\"wsp-post\"><a href=\"https:\/\/abelfigueiredo.pa.gov.br\/site\/programacao-mes-da-primeira-infancia-de-abel-figueiredo-pa-2021\/\">Programa\u00e7\u00e3o M\u00eas da Primeira Inf\u00e2ncia de Abel Figueiredo-PA 2021.<\/a><\/li>\n\t\t<li class=\"wsp-post\"><a href=\"https:\/\/abelfigueiredo.pa.gov.br\/site\/jornada-pedagogica-2021-de-9-a-18-de-agosto-em-abel-figueiredo\/\">Jornada Pedag\u00f3gica 2021, de 9 a 18 de agosto em Abel Figueiredo.<\/a><\/li>\n\t\t<li class=\"wsp-post\"><a href=\"https:\/\/abelfigueiredo.pa.gov.br\/site\/entrega-de-dois-micro-onibus-ao-municipio-de-abel-figueiredo\/\">Entrega de dois micro-\u00f4nibus ao munic\u00edpio de Abel Figueiredo.<\/a><\/li>\n\t\t<li class=\"wsp-post\"><a href=\"https:\/\/abelfigueiredo.pa.gov.br\/site\/continuacao-da-vacinacao-contra-a-gripe-h1n1\/\">Continua\u00e7\u00e3o da Vacina\u00e7\u00e3o contra a Gripe H1N1.<\/a><\/li>\n\t\t<li class=\"wsp-post\"><a href=\"https:\/\/abelfigueiredo.pa.gov.br\/site\/recorde-de-publico-marca-a-final-do-campeonato-municipal-de-futebol-master-2021em-abel-figueiredo-no-ultimo-final-de-semana\/\">Recorde de p\u00fablico marca a final do Campeonato Municipal de Futebol Master 2021em Abel Figueiredo no \u00faltimo final de semana.<\/a><\/li>\n\t\t<li class=\"wsp-post\"><a href=\"https:\/\/abelfigueiredo.pa.gov.br\/site\/06-de-agosto-dia-nacional-dos-profissionais-da-educacao\/\">06 de Agosto, dia Nacional dos Profissionais da Educa\u00e7\u00e3o.<\/a><\/li>\n\t\t<li class=\"wsp-post\"><a href=\"https:\/\/abelfigueiredo.pa.gov.br\/site\/o-dia-nacional-da-saude-e-celebrado-anualmente-em-5-de-agosto-no-brasil\/\">O Dia Nacional da Sa\u00fade \u00e9 celebrado anualmente em 5 de agosto no Brasil.<\/a><\/li>\n\t\t<li class=\"wsp-post\"><a href=\"https:\/\/abelfigueiredo.pa.gov.br\/site\/prefeitura-de-abel-figueiredo-atraves-da-secretaria-municipal-de-meio-ambiente-realizando-a-limpeza-na-beira-rio\/\">Prefeitura de Abel Figueiredo atrav\u00e9s da Secretaria Municipal de Meio Ambiente realizando a limpeza na Beira Rio.<\/a><\/li>\n\t\t<li class=\"wsp-post\"><a href=\"https:\/\/abelfigueiredo.pa.gov.br\/site\/a-prefeitura-de-abel-figueiredo-atraves-da-secretaria-municipal-de-desenvolvimento-e-promocao-social-promove-a-campanha-agosto-lilas-voltada-para-a-conscientizacao-e-combate-a-violencia-contra-a-mul\/\">A Prefeitura de Abel Figueiredo atrav\u00e9s da Secretaria Municipal de Desenvolvimento e Promo\u00e7\u00e3o Social, promove a campanha Agosto Lil\u00e1s, voltada para a conscientiza\u00e7\u00e3o e combate \u00e0 viol\u00eancia contra a mulher.<\/a><\/li>\n\t\t<li class=\"wsp-post\"><a href=\"https:\/\/abelfigueiredo.pa.gov.br\/site\/vacinacao-contra-o-coronavirus-nesta-quinta-feira-dia-05-de-agosto\/\">Vacina\u00e7\u00e3o contra o coronav\u00edrus nesta quinta feira dia 05 de Agosto.<\/a><\/li>\n\t\t<li class=\"wsp-post\"><a href=\"https:\/\/abelfigueiredo.pa.gov.br\/site\/vacinacao-contra-o-coronavirus-nesta-quinta-feira-dia-29-para-pessoas-de-35-anos-acima-e-segunda-dose-para-idosos-que-vacinaram-dia-28-de-abril\/\">Vacina\u00e7\u00e3o contra o coronav\u00edrus nesta quinta-feira dia 29 para pessoas de 35 anos acima e segunda dose para idosos que vacinaram dia 28 de abril.<\/a><\/li>\n\t\t<li class=\"wsp-post\"><a href=\"https:\/\/abelfigueiredo.pa.gov.br\/site\/28-de-julho-dia-do-agricultor\/\">28 de Julho, Dia do Agricultor.<\/a><\/li>\n\t\t<li class=\"wsp-post\"><a href=\"https:\/\/abelfigueiredo.pa.gov.br\/site\/encerramento-dos-cursos-de-pintura-e-bordados-em-perolas-realizados-com-sucesso\/\">Encerramento dos Cursos de Pintura e Bordados em P\u00e9rolas realizados com sucesso.<\/a><\/li>\n\t\t<li class=\"wsp-post\"><a href=\"https:\/\/abelfigueiredo.pa.gov.br\/site\/3acao-oftalmologica-de-abel-figueiredo-2021\/\">3\u00b0A\u00e7\u00e3o Oftalmologica de Abel Figueiredo 2021.<\/a><\/li>\n\t\t<li class=\"wsp-post\"><a href=\"https:\/\/abelfigueiredo.pa.gov.br\/site\/3-acao-oftalmologica-itinerante-realizada-com-sucesso-em-abel-figueiredo\/\">3\u00b0 A\u00e7\u00e3o Oftalmol\u00f3gica itinerante realizada com sucesso em Abel Figueiredo.<\/a><\/li>\n\t\t<li class=\"wsp-post\"><a href=\"https:\/\/abelfigueiredo.pa.gov.br\/site\/abel-figueiredo-comeca-a-vacinar-o-publico-de-35-anos-acima\/\">Abel Figueiredo come\u00e7a a vacinar o p\u00fablico de 35 anos acima.<\/a><\/li>\n\t\t<li class=\"wsp-post\"><a href=\"https:\/\/abelfigueiredo.pa.gov.br\/site\/a-prefeitura-de-abel-figueiredo-atraves-da-secretaria-municipal-de-saude-informa-boletim-epidemiologico-atualizado-hoje-dia-19-de-julho-de-2021-as-18h\/\">A Prefeitura de Abel Figueiredo atrav\u00e9s da Secretaria Municipal de Sa\u00fade informa; Boletim Epidemiol\u00f3gico atualizado hoje dia 19 de Julho de 2021 \u00e0s 18h<\/a><\/li>\n\t\t<li class=\"wsp-post\"><a href=\"https:\/\/abelfigueiredo.pa.gov.br\/site\/programacao-julho-amarelo-mes-de-combate-as-hepatites-virais-2\/\">Programa\u00e7\u00e3o Julho Amarelo. M\u00eas de combate as Hepatites virais.<\/a><\/li>\n\t\t<li class=\"wsp-post\"><a href=\"https:\/\/abelfigueiredo.pa.gov.br\/site\/programacao-julho-amarelo-mes-de-combate-as-hepatites-virais\/\">Programa\u00e7\u00e3o Julho Amarelo. M\u00eas de combate as Hepatites virais.<\/a><\/li>\n\t\t<li class=\"wsp-post\"><a href=\"https:\/\/abelfigueiredo.pa.gov.br\/site\/a-prefeitura-de-abel-figueiredo-atraves-da-secretaria-municipal-de-saude-informa-boletim-epidemiologico-atualizado-hoje-dia-16-de-julho-de-2021-as-19h\/\">A Prefeitura de Abel Figueiredo atrav\u00e9s da Secretaria Municipal de Sa\u00fade informa; Boletim Epidemiol\u00f3gico atualizado hoje dia 16 de Julho de 2021 \u00e0s 19h<\/a><\/li>\n\t\t<li class=\"wsp-post\"><a href=\"https:\/\/abelfigueiredo.pa.gov.br\/site\/16-de-julho-dia-do-comerciante\/\">16 de Julho, Dia do Comerciante.<\/a><\/li>\n\t\t<li class=\"wsp-post\"><a href=\"https:\/\/abelfigueiredo.pa.gov.br\/site\/a-prefeitura-de-abel-figueiredo-atraves-da-secretaria-municipal-de-saude-informa-boletim-epidemiologico-atualizado-hoje-dia-15-de-julho-de-2021-as-19h\/\">A Prefeitura de Abel Figueiredo atrav\u00e9s da Secretaria Municipal de Sa\u00fade informa; Boletim Epidemiol\u00f3gico atualizado hoje dia 15 de Julho de 2021 \u00e0s 19h<\/a><\/li>\n\t\t<li class=\"wsp-post\"><a href=\"https:\/\/abelfigueiredo.pa.gov.br\/site\/15-de-julho-dia-do-pecuarista\/\">15 de julho, Dia do Pecuarista.<\/a><\/li>\n\t\t<li class=\"wsp-post\"><a href=\"https:\/\/abelfigueiredo.pa.gov.br\/site\/15-de-julho-dia-do-homem\/\">15 de julho, dia do Homem.<\/a><\/li>\n\t\t<li class=\"wsp-post\"><a href=\"https:\/\/abelfigueiredo.pa.gov.br\/site\/vacinacao-contra-o-coronavirus-covid-19\/\">Vacina\u00e7\u00e3o contra o Coronav\u00edrus- covid-19.<\/a><\/li>\n\t\t<li class=\"wsp-post\"><a href=\"https:\/\/abelfigueiredo.pa.gov.br\/site\/comeca-a-vacinacao-contra-o-coronavirus-para-pessoas-na-faixa-etaria-de-40-anos-acima\/\">Come\u00e7a a vacina\u00e7\u00e3o contra o coronav\u00edrus para pessoas na faixa et\u00e1ria de 40 anos acima.<\/a><\/li>\n\t\t<li class=\"wsp-post\"><a href=\"https:\/\/abelfigueiredo.pa.gov.br\/site\/neste-sabado-dia-10-de-julho-tem-vacinacao-contra-o-coronavirus\/\">Neste S\u00e1bado dia 10 de Julho tem vacina\u00e7\u00e3o contra o coronav\u00edrus.<\/a><\/li>\n\t\t<li class=\"wsp-post\"><a href=\"https:\/\/abelfigueiredo.pa.gov.br\/site\/eleicao-do-forum-estadual-de-secretarios-e-dirigentes-municipais-de-cultura-do-para\/\">Elei\u00e7\u00e3o do F\u00f3rum Estadual de Secret\u00e1rios e Dirigentes Municipais de Cultura do Par\u00e1.<\/a><\/li>\n\t\t<li class=\"wsp-post\"><a href=\"https:\/\/abelfigueiredo.pa.gov.br\/site\/servidor-valorizado\/\">&#8220;Servidor Valorizado.&#8221;<\/a><\/li>\n\t\t<li class=\"wsp-post\"><a href=\"https:\/\/abelfigueiredo.pa.gov.br\/site\/evento-melhorias-na-educacao-atendimento-do-ministerio-da-educacao-e-fnde-aos-prefeitos-do-para\/\">Evento \u201cMelhorias na Educa\u00e7\u00e3o\u2013Atendimento do Minist\u00e9rio da Educa\u00e7\u00e3o e FNDE aos Prefeitos do Par\u00e1.&#8221;<\/a><\/li>\n\t\t<li class=\"wsp-post\"><a href=\"https:\/\/abelfigueiredo.pa.gov.br\/site\/processo-seletivo-do-programa-forma-para-para-o-curso-de-administracao-em-abel-figueiredo-realizada-com-sucesso-no-ultimo-domingo-04\/\">Processo Seletivo do Programa Forma Par\u00e1 para o Curso de Administra\u00e7\u00e3o em Abel Figueiredo realizada com sucesso no \u00faltimo domingo (04).<\/a><\/li>\n\t\t<li class=\"wsp-post\"><a href=\"https:\/\/abelfigueiredo.pa.gov.br\/site\/a-vacinacao-contra-o-coronavirus-continua-nesta-quarta-e-quinta-feira-30-06-e-01-07-de-2021-2\/\">A vacina\u00e7\u00e3o contra o coronav\u00edrus continua nesta quarta e quinta-feira. 30\/06 e 01\/07 de 2021.<\/a><\/li>\n\t\t<li class=\"wsp-post\"><a href=\"https:\/\/abelfigueiredo.pa.gov.br\/site\/ato-de-assinatura-do-convenio-da-chamada-2021-do-programa-forma-para\/\">Ato de Assinatura do Conv\u00eanio da Chamada 2021 do Programa Forma Par\u00e1.<\/a><\/li>\n\t\t<li class=\"wsp-post\"><a href=\"https:\/\/abelfigueiredo.pa.gov.br\/site\/processo-seletivo-forma-para-abel-figueiredo\/\">Processo Seletivo- Forma Par\u00e1. (Abel Figueiredo)<\/a><\/li>\n\t\t<li class=\"wsp-post\"><a href=\"https:\/\/abelfigueiredo.pa.gov.br\/site\/a-vacinacao-contra-o-coronavirus-continua-nesta-quarta-e-quinta-feira-30-06-e-01-07-de-2021\/\">A vacina\u00e7\u00e3o contra o coronav\u00edrus continua nesta quarta e quinta-feira. 30\/06 e 01\/07 de 2021.<\/a><\/li>\n\t\t<li class=\"wsp-post\"><a href=\"https:\/\/abelfigueiredo.pa.gov.br\/site\/abertura-do-15-campeonato-municipal-de-futebol-master-2021-realizada-com-sucesso\/\">Abertura do 15\u00b0 Campeonato Municipal de Futebol Master 2021 realizada com sucesso.<\/a><\/li>\n\t\t<li class=\"wsp-post\"><a href=\"https:\/\/abelfigueiredo.pa.gov.br\/site\/avaliacao-do-1semestre-2021-das-acoes-desenvolvidas-pela-secretaria-municipal-de-educacao-semed\/\">Avalia\u00e7\u00e3o do 1\u00b0Semestre 2021 das A\u00e7\u00f5es desenvolvidas pela Secretaria Municipal de Educa\u00e7\u00e3o-SEMED.<\/a><\/li>\n\t\t<li class=\"wsp-post\"><a href=\"https:\/\/abelfigueiredo.pa.gov.br\/site\/vacinometro-da-covid-19-em-abel-figueiredo-atualizado-em-24-de-junho-de-2021\/\">Vacin\u00f4metro da covid-19 em Abel Figueiredo, atualizado em 24 de junho de 2021.<\/a><\/li>\n\t\t<li class=\"wsp-post\"><a href=\"https:\/\/abelfigueiredo.pa.gov.br\/site\/a-prefeitura-de-abel-figueiredo-atraves-da-secretaria-municipal-de-saude-informa-boletim-epidemiologico-atualizado-hoje-dia-25-junho-de-2021-as-21h\/\">A Prefeitura de Abel Figueiredo atrav\u00e9s da Secretaria Municipal de Sa\u00fade informa; Boletim Epidemiol\u00f3gico atualizado hoje dia 25 junho de 2021 \u00e0s 21h<\/a><\/li>\n\t\t<li class=\"wsp-post\"><a href=\"https:\/\/abelfigueiredo.pa.gov.br\/site\/manutencao-do-trecho-que-liga-a-rua-jk-e-a-vicinal-osvaldo-brito-com-a-construcao-de-galerias\/\">Manuten\u00e7\u00e3o do trecho que liga a rua JK e a vicinal Osvaldo Brito com a constru\u00e7\u00e3o de galerias.<\/a><\/li>\n\t\t<li class=\"wsp-post\"><a href=\"https:\/\/abelfigueiredo.pa.gov.br\/site\/reforma-do-estadio-britao-para-o-inicio-do-15-campeonato-de-futebol-master-de-abel-figueiredo-2021\/\">Reforma do est\u00e1dio &#8220;Brit\u00e3o&#8221; para o in\u00edcio do 15\u00b0 Campeonato de Futebol Master de Abel Figueiredo 2021.<\/a><\/li>\n\t\t<li class=\"wsp-post\"><a href=\"https:\/\/abelfigueiredo.pa.gov.br\/site\/vacinacao-contra-o-coronavirus-covid-19-vacinar-salva-vidas\/\">Vacina\u00e7\u00e3o contra o coronav\u00edrus (covid-19) &#8220;Vacinar salva vidas.&#8221;<\/a><\/li>\n\t\t<li class=\"wsp-post\"><a href=\"https:\/\/abelfigueiredo.pa.gov.br\/site\/vacinacao-contra-o-coronavirus-covid-19-durante-todo-dia-da-ultima-sexta-feira-18-de-junho-para-o-publico-alvo-de-50-a-59-anos\/\">Vacina\u00e7\u00e3o Contra o Coronav\u00edrus (covid-19) durante todo dia da \u00faltima sexta feira 18 de junho para o p\u00fablico alvo de 50 a 59 anos.<\/a><\/li>\n\t\t<li class=\"wsp-post\"><a href=\"https:\/\/abelfigueiredo.pa.gov.br\/site\/vacinacao-contra-o-coronavirus-covid-19-durante-todo-dia-desta-sexta-feira-18-de-junho-para-o-publico-alvo-de-50-a-59-anos\/\">Vacina\u00e7\u00e3o Contra o Coronav\u00edrus (covid-19) durante todo dia desta sexta feira 18 de junho para o p\u00fablico alvo de 50 a 59 anos.<\/a><\/li>\n\t\t<li class=\"wsp-post\"><a href=\"https:\/\/abelfigueiredo.pa.gov.br\/site\/arraia-da-vacinacao-contra-o-coronavirus-covid-19-nesta-sexta-feira-dia-18-de-julho\/\">Arrai\u00e1 da Vacina\u00e7\u00e3o Contra o Coronav\u00edrus (covid-19) nesta sexta feira dia 18 de julho.<\/a><\/li>\n\t\t<li class=\"wsp-post\"><a href=\"https:\/\/abelfigueiredo.pa.gov.br\/site\/1-minicurso-de-bordados-em-perolas\/\">1\u00b0 Minicurso de Bordados em P\u00e9rolas.<\/a><\/li>\n\t\t<li class=\"wsp-post\"><a href=\"https:\/\/abelfigueiredo.pa.gov.br\/site\/municipio-de-abel-figueiredo-adere-ao-fala-br\/\">Munic\u00edpio de Abel Figueiredo adere ao FALA.BR<\/a><\/li>\n\t\t<li class=\"wsp-post\"><a href=\"https:\/\/abelfigueiredo.pa.gov.br\/site\/15-de-junho-dia-mundial-da-conscientizacao-da-violencia-contra-a-pessoa-idosa\/\">15 de Junho, Dia Mundial da Conscientiza\u00e7\u00e3o da Viol\u00eancia Contra a Pessoa Idosa.<\/a><\/li>\n<\/ul><\/li>\n<\/ul>\n<\/div>","protected":false},"excerpt":{"rendered":"","protected":false},"author":1,"featured_media":0,"parent":0,"menu_order":0,"comment_status":"closed","ping_status":"closed","template":"","meta":{"footnotes":""},"class_list":["post-860","page","type-page","status-publish"],"yoast_head":"<!-- This site is optimized with the Yoast SEO plugin v26.6 - https:\/\/yoast.com\/wordpress\/plugins\/seo\/ -->\n<title>Mapa do Site - Prefeitura Municipal de Abel Figueiredo | Gest\u00e3o 2025-2028<\/title>\n<meta name=\"robots\" content=\"index, follow, max-snippet:-1, max-image-preview:large, max-video-preview:-1\" \/>\n<link rel=\"canonical\" href=\"https:\/\/abelfigueiredo.pa.gov.br\/site\/mapa-do-site\/\" \/>\n<meta property=\"og:locale\" content=\"pt_BR\" \/>\n<meta property=\"og:type\" content=\"article\" \/>\n<meta property=\"og:title\" content=\"Mapa do Site - Prefeitura Municipal de Abel Figueiredo | Gest\u00e3o 2025-2028\" \/>\n<meta property=\"og:url\" content=\"https:\/\/abelfigueiredo.pa.gov.br\/site\/mapa-do-site\/\" \/>\n<meta property=\"og:site_name\" content=\"Prefeitura Municipal de Abel Figueiredo | Gest\u00e3o 2025-2028\" \/>\n<meta property=\"article:modified_time\" content=\"2021-09-28T16:00:37+00:00\" \/>\n<script type=\"application\/ld+json\" class=\"yoast-schema-graph\">{\"@context\":\"https:\/\/schema.org\",\"@graph\":[{\"@type\":\"WebPage\",\"@id\":\"https:\/\/abelfigueiredo.pa.gov.br\/site\/mapa-do-site\/\",\"url\":\"https:\/\/abelfigueiredo.pa.gov.br\/site\/mapa-do-site\/\",\"name\":\"Mapa do Site - Prefeitura Municipal de Abel Figueiredo | Gest\u00e3o 2025-2028\",\"isPartOf\":{\"@id\":\"https:\/\/abelfigueiredo.pa.gov.br\/site\/#website\"},\"datePublished\":\"2013-08-28T00:30:22+00:00\",\"dateModified\":\"2021-09-28T16:00:37+00:00\",\"inLanguage\":\"pt-BR\",\"potentialAction\":[{\"@type\":\"ReadAction\",\"target\":[\"https:\/\/abelfigueiredo.pa.gov.br\/site\/mapa-do-site\/\"]}]},{\"@type\":\"WebSite\",\"@id\":\"https:\/\/abelfigueiredo.pa.gov.br\/site\/#website\",\"url\":\"https:\/\/abelfigueiredo.pa.gov.br\/site\/\",\"name\":\"Prefeitura Municipal de Abel Figueiredo | Gest\u00e3o 2025-2028\",\"description\":\"Site oficial da Prefeitura Municipal de Abel Figueiredo\",\"potentialAction\":[{\"@type\":\"SearchAction\",\"target\":{\"@type\":\"EntryPoint\",\"urlTemplate\":\"https:\/\/abelfigueiredo.pa.gov.br\/site\/?s={search_term_string}\"},\"query-input\":{\"@type\":\"PropertyValueSpecification\",\"valueRequired\":true,\"valueName\":\"search_term_string\"}}],\"inLanguage\":\"pt-BR\"}]}<\/script>\n<!-- \/ Yoast SEO plugin. -->","yoast_head_json":{"title":"Mapa do Site - Prefeitura Municipal de Abel Figueiredo | Gest\u00e3o 2025-2028","robots":{"index":"index","follow":"follow","max-snippet":"max-snippet:-1","max-image-preview":"max-image-preview:large","max-video-preview":"max-video-preview:-1"},"canonical":"https:\/\/abelfigueiredo.pa.gov.br\/site\/mapa-do-site\/","og_locale":"pt_BR","og_type":"article","og_title":"Mapa do Site - Prefeitura Municipal de Abel Figueiredo | Gest\u00e3o 2025-2028","og_url":"https:\/\/abelfigueiredo.pa.gov.br\/site\/mapa-do-site\/","og_site_name":"Prefeitura Municipal de Abel Figueiredo | Gest\u00e3o 2025-2028","article_modified_time":"2021-09-28T16:00:37+00:00","schema":{"@context":"https:\/\/schema.org","@graph":[{"@type":"WebPage","@id":"https:\/\/abelfigueiredo.pa.gov.br\/site\/mapa-do-site\/","url":"https:\/\/abelfigueiredo.pa.gov.br\/site\/mapa-do-site\/","name":"Mapa do Site - Prefeitura Municipal de Abel Figueiredo | Gest\u00e3o 2025-2028","isPartOf":{"@id":"https:\/\/abelfigueiredo.pa.gov.br\/site\/#website"},"datePublished":"2013-08-28T00:30:22+00:00","dateModified":"2021-09-28T16:00:37+00:00","inLanguage":"pt-BR","potentialAction":[{"@type":"ReadAction","target":["https:\/\/abelfigueiredo.pa.gov.br\/site\/mapa-do-site\/"]}]},{"@type":"WebSite","@id":"https:\/\/abelfigueiredo.pa.gov.br\/site\/#website","url":"https:\/\/abelfigueiredo.pa.gov.br\/site\/","name":"Prefeitura Municipal de Abel Figueiredo | Gest\u00e3o 2025-2028","description":"Site oficial da Prefeitura Municipal de Abel Figueiredo","potentialAction":[{"@type":"SearchAction","target":{"@type":"EntryPoint","urlTemplate":"https:\/\/abelfigueiredo.pa.gov.br\/site\/?s={search_term_string}"},"query-input":{"@type":"PropertyValueSpecification","valueRequired":true,"valueName":"search_term_string"}}],"inLanguage":"pt-BR"}]}},"_links":{"self":[{"href":"https:\/\/abelfigueiredo.pa.gov.br\/site\/wp-json\/wp\/v2\/pages\/860","targetHints":{"allow":["GET"]}}],"collection":[{"href":"https:\/\/abelfigueiredo.pa.gov.br\/site\/wp-json\/wp\/v2\/pages"}],"about":[{"href":"https:\/\/abelfigueiredo.pa.gov.br\/site\/wp-json\/wp\/v2\/types\/page"}],"author":[{"embeddable":true,"href":"https:\/\/abelfigueiredo.pa.gov.br\/site\/wp-json\/wp\/v2\/users\/1"}],"replies":[{"embeddable":true,"href":"https:\/\/abelfigueiredo.pa.gov.br\/site\/wp-json\/wp\/v2\/comments?post=860"}],"version-history":[{"count":3,"href":"https:\/\/abelfigueiredo.pa.gov.br\/site\/wp-json\/wp\/v2\/pages\/860\/revisions"}],"predecessor-version":[{"id":5839,"href":"https:\/\/abelfigueiredo.pa.gov.br\/site\/wp-json\/wp\/v2\/pages\/860\/revisions\/5839"}],"wp:attachment":[{"href":"https:\/\/abelfigueiredo.pa.gov.br\/site\/wp-json\/wp\/v2\/media?parent=860"}],"curies":[{"name":"wp","href":"https:\/\/api.w.org\/{rel}","templated":true}]}}