{"id":8550,"date":"2023-05-11T00:23:00","date_gmt":"2023-05-11T03:23:00","guid":{"rendered":"https:\/\/barcarena.pa.gov.br\/?page_id=8550"},"modified":"2026-02-27T15:42:02","modified_gmt":"2026-02-27T18:42:02","slug":"radar","status":"publish","type":"page","link":"https:\/\/abelfigueiredo.pa.gov.br\/site\/portal-da-transparencia\/radar\/","title":{"rendered":"Radar Nacional de Transpar\u00eancia P\u00fablica"},"content":{"rendered":"<p>O Radar Nacional de Transpar\u00eancia P\u00fablica \u00e9 uma ferramenta eletr\u00f4nica acess\u00edvel pela internet que, ao mesmo tempo:<\/p>\n<ol>\n<li>divulga os \u00edndices de transpar\u00eancia ativa de \u00f3rg\u00e3os p\u00fablicos de todo o pa\u00eds, apurados por um levantamento que come\u00e7ou a ser realizado a partir do ano 2022 pelos Tribunais de Contas com o apoio dos controladores internos;<\/li>\n<li>divulga os crit\u00e9rios de transpar\u00eancia que s\u00e3o (ou n\u00e3o) atendidos em cada portal, tais como, a divulga\u00e7\u00e3o de dados de receita, despesa, folha de pagamento, di\u00e1rias, licita\u00e7\u00f5es, contratos, etc;<\/li>\n<li>serve de portal de entrada para todos os portais da transpar\u00eancia dos \u00f3rg\u00e3os p\u00fablicos que tenham participado do levantamento, facilitando a pesquisa e o acesso aos dados pelos interessados diretamente na fonte.<\/li>\n<\/ol>\n<p>Importa registrar que o\u00a0radar divulga o resultado das an\u00e1lises realizadas nos \u00f3rg\u00e3os p\u00fablicos dos poderes executivo, legislativo e do judici\u00e1rio, no \u00e2mbito federal, estadual e municipal, consolidando e armazenando as an\u00e1lises anteriores:<\/p>\n<ul>\n<li><a href=\"https:\/\/cr2transparencia.com.br\/radar\" target=\"_blank\" rel=\"noopener\">Clique aqui para acessar o radar<\/a><\/li>\n<\/ul>\n","protected":false},"excerpt":{"rendered":"<p>O Radar Nacional de Transpar\u00eancia P\u00fablica \u00e9 uma ferramenta eletr\u00f4nica acess\u00edvel pela internet que, ao mesmo tempo: divulga os \u00edndices de transpar\u00eancia ativa de \u00f3rg\u00e3os p\u00fablicos de todo o pa\u00eds, apurados por um levantamento que come\u00e7ou a ser realizado a partir do ano 2022 pelos Tribunais de Contas com o apoio dos controladores internos; divulga<\/p>\n<div class=\"read-more\"><a href=\"https:\/\/abelfigueiredo.pa.gov.br\/site\/portal-da-transparencia\/radar\/\" title=\"Veja mais\">Veja mais<\/a><\/div>\n","protected":false},"author":1,"featured_media":0,"parent":1862,"menu_order":0,"comment_status":"closed","ping_status":"closed","template":"","meta":{"footnotes":""},"class_list":["post-8550","page","type-page","status-publish"],"yoast_head":"<!-- This site is optimized with the Yoast SEO plugin v26.6 - https:\/\/yoast.com\/wordpress\/plugins\/seo\/ -->\n<title>Radar Nacional de Transpar\u00eancia P\u00fablica - Prefeitura Municipal de Abel Figueiredo | Gest\u00e3o 2025-2028<\/title>\n<meta name=\"robots\" content=\"index, follow, max-snippet:-1, max-image-preview:large, max-video-preview:-1\" \/>\n<link rel=\"canonical\" href=\"https:\/\/abelfigueiredo.pa.gov.br\/site\/portal-da-transparencia\/radar\/\" \/>\n<meta property=\"og:locale\" content=\"pt_BR\" \/>\n<meta property=\"og:type\" content=\"article\" \/>\n<meta property=\"og:title\" content=\"Radar Nacional de Transpar\u00eancia P\u00fablica - Prefeitura Municipal de Abel Figueiredo | Gest\u00e3o 2025-2028\" \/>\n<meta property=\"og:description\" content=\"O Radar Nacional de Transpar\u00eancia P\u00fablica \u00e9 uma ferramenta eletr\u00f4nica acess\u00edvel pela internet que, ao mesmo tempo: divulga os \u00edndices de transpar\u00eancia ativa de \u00f3rg\u00e3os p\u00fablicos de todo o pa\u00eds, apurados por um levantamento que come\u00e7ou a ser realizado a partir do ano 2022 pelos Tribunais de Contas com o apoio dos controladores internos; divulgaVeja mais\" \/>\n<meta property=\"og:url\" content=\"https:\/\/abelfigueiredo.pa.gov.br\/site\/portal-da-transparencia\/radar\/\" \/>\n<meta property=\"og:site_name\" content=\"Prefeitura Municipal de Abel Figueiredo | Gest\u00e3o 2025-2028\" \/>\n<meta property=\"article:modified_time\" content=\"2026-02-27T18:42:02+00:00\" \/>\n<meta name=\"twitter:label1\" content=\"Est. tempo de leitura\" \/>\n\t<meta name=\"twitter:data1\" content=\"1 minuto\" \/>\n<script type=\"application\/ld+json\" class=\"yoast-schema-graph\">{\"@context\":\"https:\/\/schema.org\",\"@graph\":[{\"@type\":\"WebPage\",\"@id\":\"https:\/\/abelfigueiredo.pa.gov.br\/site\/portal-da-transparencia\/radar\/\",\"url\":\"https:\/\/abelfigueiredo.pa.gov.br\/site\/portal-da-transparencia\/radar\/\",\"name\":\"Radar Nacional de Transpar\u00eancia P\u00fablica - Prefeitura Municipal de Abel Figueiredo | Gest\u00e3o 2025-2028\",\"isPartOf\":{\"@id\":\"https:\/\/abelfigueiredo.pa.gov.br\/site\/#website\"},\"datePublished\":\"2023-05-11T03:23:00+00:00\",\"dateModified\":\"2026-02-27T18:42:02+00:00\",\"breadcrumb\":{\"@id\":\"https:\/\/abelfigueiredo.pa.gov.br\/site\/portal-da-transparencia\/radar\/#breadcrumb\"},\"inLanguage\":\"pt-BR\",\"potentialAction\":[{\"@type\":\"ReadAction\",\"target\":[\"https:\/\/abelfigueiredo.pa.gov.br\/site\/portal-da-transparencia\/radar\/\"]}]},{\"@type\":\"BreadcrumbList\",\"@id\":\"https:\/\/abelfigueiredo.pa.gov.br\/site\/portal-da-transparencia\/radar\/#breadcrumb\",\"itemListElement\":[{\"@type\":\"ListItem\",\"position\":1,\"name\":\"Portal da Transpar\u00eancia\",\"item\":\"https:\/\/abelfigueiredo.pa.gov.br\/site\/portal-da-transparencia\/\"},{\"@type\":\"ListItem\",\"position\":2,\"name\":\"Radar Nacional de Transpar\u00eancia P\u00fablica\"}]},{\"@type\":\"WebSite\",\"@id\":\"https:\/\/abelfigueiredo.pa.gov.br\/site\/#website\",\"url\":\"https:\/\/abelfigueiredo.pa.gov.br\/site\/\",\"name\":\"Prefeitura Municipal de Abel Figueiredo | Gest\u00e3o 2025-2028\",\"description\":\"Site oficial da Prefeitura Municipal de Abel Figueiredo\",\"potentialAction\":[{\"@type\":\"SearchAction\",\"target\":{\"@type\":\"EntryPoint\",\"urlTemplate\":\"https:\/\/abelfigueiredo.pa.gov.br\/site\/?s={search_term_string}\"},\"query-input\":{\"@type\":\"PropertyValueSpecification\",\"valueRequired\":true,\"valueName\":\"search_term_string\"}}],\"inLanguage\":\"pt-BR\"}]}<\/script>\n<!-- \/ Yoast SEO plugin. -->","yoast_head_json":{"title":"Radar Nacional de Transpar\u00eancia P\u00fablica - Prefeitura Municipal de Abel Figueiredo | Gest\u00e3o 2025-2028","robots":{"index":"index","follow":"follow","max-snippet":"max-snippet:-1","max-image-preview":"max-image-preview:large","max-video-preview":"max-video-preview:-1"},"canonical":"https:\/\/abelfigueiredo.pa.gov.br\/site\/portal-da-transparencia\/radar\/","og_locale":"pt_BR","og_type":"article","og_title":"Radar Nacional de Transpar\u00eancia P\u00fablica - Prefeitura Municipal de Abel Figueiredo | Gest\u00e3o 2025-2028","og_description":"O Radar Nacional de Transpar\u00eancia P\u00fablica \u00e9 uma ferramenta eletr\u00f4nica acess\u00edvel pela internet que, ao mesmo tempo: divulga os \u00edndices de transpar\u00eancia ativa de \u00f3rg\u00e3os p\u00fablicos de todo o pa\u00eds, apurados por um levantamento que come\u00e7ou a ser realizado a partir do ano 2022 pelos Tribunais de Contas com o apoio dos controladores internos; divulgaVeja mais","og_url":"https:\/\/abelfigueiredo.pa.gov.br\/site\/portal-da-transparencia\/radar\/","og_site_name":"Prefeitura Municipal de Abel Figueiredo | Gest\u00e3o 2025-2028","article_modified_time":"2026-02-27T18:42:02+00:00","twitter_misc":{"Est. tempo de leitura":"1 minuto"},"schema":{"@context":"https:\/\/schema.org","@graph":[{"@type":"WebPage","@id":"https:\/\/abelfigueiredo.pa.gov.br\/site\/portal-da-transparencia\/radar\/","url":"https:\/\/abelfigueiredo.pa.gov.br\/site\/portal-da-transparencia\/radar\/","name":"Radar Nacional de Transpar\u00eancia P\u00fablica - Prefeitura Municipal de Abel Figueiredo | Gest\u00e3o 2025-2028","isPartOf":{"@id":"https:\/\/abelfigueiredo.pa.gov.br\/site\/#website"},"datePublished":"2023-05-11T03:23:00+00:00","dateModified":"2026-02-27T18:42:02+00:00","breadcrumb":{"@id":"https:\/\/abelfigueiredo.pa.gov.br\/site\/portal-da-transparencia\/radar\/#breadcrumb"},"inLanguage":"pt-BR","potentialAction":[{"@type":"ReadAction","target":["https:\/\/abelfigueiredo.pa.gov.br\/site\/portal-da-transparencia\/radar\/"]}]},{"@type":"BreadcrumbList","@id":"https:\/\/abelfigueiredo.pa.gov.br\/site\/portal-da-transparencia\/radar\/#breadcrumb","itemListElement":[{"@type":"ListItem","position":1,"name":"Portal da Transpar\u00eancia","item":"https:\/\/abelfigueiredo.pa.gov.br\/site\/portal-da-transparencia\/"},{"@type":"ListItem","position":2,"name":"Radar Nacional de Transpar\u00eancia P\u00fablica"}]},{"@type":"WebSite","@id":"https:\/\/abelfigueiredo.pa.gov.br\/site\/#website","url":"https:\/\/abelfigueiredo.pa.gov.br\/site\/","name":"Prefeitura Municipal de Abel Figueiredo | Gest\u00e3o 2025-2028","description":"Site oficial da Prefeitura Municipal de Abel Figueiredo","potentialAction":[{"@type":"SearchAction","target":{"@type":"EntryPoint","urlTemplate":"https:\/\/abelfigueiredo.pa.gov.br\/site\/?s={search_term_string}"},"query-input":{"@type":"PropertyValueSpecification","valueRequired":true,"valueName":"search_term_string"}}],"inLanguage":"pt-BR"}]}},"_links":{"self":[{"href":"https:\/\/abelfigueiredo.pa.gov.br\/site\/wp-json\/wp\/v2\/pages\/8550","targetHints":{"allow":["GET"]}}],"collection":[{"href":"https:\/\/abelfigueiredo.pa.gov.br\/site\/wp-json\/wp\/v2\/pages"}],"about":[{"href":"https:\/\/abelfigueiredo.pa.gov.br\/site\/wp-json\/wp\/v2\/types\/page"}],"author":[{"embeddable":true,"href":"https:\/\/abelfigueiredo.pa.gov.br\/site\/wp-json\/wp\/v2\/users\/1"}],"replies":[{"embeddable":true,"href":"https:\/\/abelfigueiredo.pa.gov.br\/site\/wp-json\/wp\/v2\/comments?post=8550"}],"version-history":[{"count":4,"href":"https:\/\/abelfigueiredo.pa.gov.br\/site\/wp-json\/wp\/v2\/pages\/8550\/revisions"}],"predecessor-version":[{"id":19791,"href":"https:\/\/abelfigueiredo.pa.gov.br\/site\/wp-json\/wp\/v2\/pages\/8550\/revisions\/19791"}],"up":[{"embeddable":true,"href":"https:\/\/abelfigueiredo.pa.gov.br\/site\/wp-json\/wp\/v2\/pages\/1862"}],"wp:attachment":[{"href":"https:\/\/abelfigueiredo.pa.gov.br\/site\/wp-json\/wp\/v2\/media?parent=8550"}],"curies":[{"name":"wp","href":"https:\/\/api.w.org\/{rel}","templated":true}]}}