{"id":7908,"date":"2023-05-29T12:08:23","date_gmt":"2023-05-29T15:08:23","guid":{"rendered":"https:\/\/barcarena.pa.gov.br\/?page_id=7908"},"modified":"2025-01-03T15:09:14","modified_gmt":"2025-01-03T18:09:14","slug":"leis-e-atos-normativos","status":"publish","type":"page","link":"https:\/\/abelfigueiredo.pa.gov.br\/site\/portal-da-transparencia\/leis-e-atos-normativos\/","title":{"rendered":"Leis e Atos Normativos"},"content":{"rendered":"<h3>Leis e Atos Normativos at\u00e9 2024<\/h3>\n<ul>\n<li><a href=\"https:\/\/portal.cr2.co\/informacao_institucional\/informa%C3%A7%C3%B5es-institucionais-7?entidade=abel-figueiredo&amp;modulo=Leis%20e%20Atos%20Normativos\" target=\"_blank\" rel=\"noopener\">Clique aqui para acessar<\/a><\/li>\n<\/ul>\n<h3>Atos Normativos at\u00e9 2023<\/h3>\n<ul>\n<li><a href=\"https:\/\/abelfigueiredo.pa.gov.br\/site\/portal-da-transparencia\/atos-normativos\/\">Clique aqui para acessar<\/a><\/li>\n<\/ul>\n<h3>Leis at\u00e9 2023<\/h3>\n<p>Consulte as publica\u00e7\u00f5es utilizando a tabela abaixo e\u00a0<strong>filtre conforme sua necessidade<\/strong>, utilizando a\u00a0<strong>ferramenta de busca\/filtro<\/strong>.<\/p>\n<div id=\"footable_parent_7909\"\n         class=\" footable_parent ninja_table_wrapper loading_ninja_table wp_table_data_press_parent semantic_ui \">\n                <table data-ninja_table_instance=\"ninja_table_instance_0\" data-footable_id=\"7909\" data-filter-delay=\"1000\" aria-label=\"Leis\"            id=\"footable_7909\"\n           data-unique_identifier=\"ninja_table_unique_id_409013591_7909\"\n           class=\" foo-table ninja_footable foo_table_7909 ninja_table_unique_id_409013591_7909 ui table  nt_type_legacy_table selectable striped vertical_centered  footable-paging-right ninja_table_search_disabled ninja_table_pro ninja_table_afd_columns ninja_table_afcs_columns_4 ninja_table_afcl_new_line ninja_table_has_custom_filter\">\n                <colgroup>\n                            <col class=\"ninja_column_0 \">\n                            <col class=\"ninja_column_1 \">\n                            <col class=\"ninja_column_2 \">\n                            <col class=\"ninja_column_3 \">\n                            <col class=\"ninja_column_4 \">\n                            <col class=\"ninja_column_5 \">\n                    <\/colgroup>\n        <thead>\n<tr class=\"footable-header\">\n                                                                                                        <th scope=\"col\"  class=\"ninja_column_0 ninja_clmn_nm_lei \">Lei<\/th><th scope=\"col\"  class=\"ninja_column_1 ninja_clmn_nm_nmero \">N\u00famero<\/th><th scope=\"col\"  class=\"ninja_column_2 ninja_clmn_nm_data \">Data<\/th><th scope=\"col\"  class=\"ninja_column_3 ninja_clmn_nm_autoria \">Autoria<\/th><th scope=\"col\"  class=\"ninja_column_4 ninja_clmn_nm_descrio \">Descri\u00e7\u00e3o<\/th><th scope=\"col\"  class=\"ninja_column_5 ninja_clmn_nm_documento \">Documento<\/th><\/tr>\n<\/thead>\n<tbody>\n\n        <tr data-row_id=\"0\" class=\"ninja_table_row_0 nt_row_id_0\">\n            <td>Lei<\/td><td>275\/2023<\/td><td>11\/12\/2023<\/td><td>Gabinete do Prefeito<\/td><td>Estima a Receita e Fixa a Despesa do Munic\u00edpio de Abel Figueiredo\/PA, para o exerc\u00edcio financeiro de 2024, e d\u00e1 outras provid\u00eancias<\/td><td>https:\/\/drive.google.com\/file\/d\/1KhokZSU97aWFnNbEtcVi7sCn4E1VEWdn\/view?usp=sharing<\/td>        <\/tr>\n            <tr data-row_id=\"1\" class=\"ninja_table_row_1 nt_row_id_1\">\n            <td>Lei<\/td><td>274\/2023<\/td><td>10\/10\/2023<\/td><td>Gabinete do Prefeito<\/td><td>DISP\u00d5E SOBRE ABERTURA DE CR\u00c9DITO ESPECIAL E D\u00c1 OUTRAS PROVIDENCIAS.<\/td><td>https:\/\/drive.google.com\/open?id=1FDLvYgo71AlrkKfFAaDlwUb2m6YpTJ9G&amp;usp=drive_copy<\/td>        <\/tr>\n            <tr data-row_id=\"2\" class=\"ninja_table_row_2 nt_row_id_2\">\n            <td>Lei<\/td><td>273\/2023<\/td><td>15\/09\/2023<\/td><td>Gabinete do Prefeito<\/td><td>Ementa - Disp\u00f5e sobre a regulamenta\u00e7\u00e3o da Assist\u00eancia Financeira Complementar repassada pela Uni\u00e3o Federal visando dar cumprimento ao disposto na Lei Federal N\u00b0 14.434, de 4 de agosto de 2022 que instituiu o piso salarial nacional do Enfermeiro, do T\u00e9cnico de Enfermagem, do Auxiliar de Enfermagem e da Parteira e d\u00e1 outras provid\u00eancias.<\/td><td>https:\/\/drive.google.com\/open?id=1wmDxElBFFMQe5xPQlt8FDu0A752PE5uC&amp;usp=drive_copy<\/td>        <\/tr>\n            <tr data-row_id=\"3\" class=\"ninja_table_row_3 nt_row_id_3\">\n            <td>Lei<\/td><td>272\/2023<\/td><td>30\/08\/2023<\/td><td>Gabinete do Prefeito<\/td><td>DISP\u00d5E SOBRE ABERTURA DE CR\u00c9DITO ESPECIAL E D\u00c1 OUTRAS PROVIDENCIAS.<\/td><td>https:\/\/drive.google.com\/open?id=10CE8gVTC6bRTQ7tP54si_eDov6BtZHBi&amp;usp=drive_copy<\/td>        <\/tr>\n            <tr data-row_id=\"4\" class=\"ninja_table_row_4 nt_row_id_4\">\n            <td>Lei<\/td><td>271\/2023<\/td><td>30\/06\/2023<\/td><td>Gabinete do prefeito<\/td><td>Disp\u00f5e sobre a regulamenta\u00e7\u00e3o do plano de cargos, vencimentos e carreira dos servidores p\u00fablicos integrantes do de servidores da c\u00e2mara municipal de abel figueiredo e d\u00e1 outras provid\u00eancias<\/td><td>https:\/\/drive.google.com\/open?id=1boOIxd0ln9wPMgDd8Vsas2Lcr0GJOLZx&amp;usp=drive_copy<\/td>        <\/tr>\n            <tr data-row_id=\"5\" class=\"ninja_table_row_5 nt_row_id_5\">\n            <td>Lei<\/td><td>270\/2023<\/td><td>30\/06\/2023<\/td><td>Gabinete do prefeito<\/td><td>LDO 2024 - Disp\u00f5e sobre as Diretrizes Or\u00e7ament\u00e1rias para o exerc\u00edcio de 2024 e d\u00e1 outras provid\u00eancias<\/td><td>https:\/\/drive.google.com\/file\/d\/15LLtApoyc3UivwwE6lKRJI7EaJ_s920N<\/td>        <\/tr>\n            <tr data-row_id=\"6\" class=\"ninja_table_row_6 nt_row_id_6\">\n            <td>Lei<\/td><td>269\/2022<\/td><td>20\/12\/2022<\/td><td>Gabinete do prefeito<\/td><td>LOA 2023 Estima a Receita e Fixa a Despesa do Munic\u00edpio de Abel Figueiredo\/PA, para o exerc\u00edcio financeiro de 2023, e d\u00e1 outras provid\u00eancias<\/td><td>https:\/\/drive.google.com\/open?id=1d1iK3n01lGSngQBSNiiWCs8WSMLEzeqe&amp;usp=drive_copy<\/td>        <\/tr>\n            <tr data-row_id=\"7\" class=\"ninja_table_row_7 nt_row_id_7\">\n            <td>Lei<\/td><td>267\/2022<\/td><td>19\/10\/2022<\/td><td>Gabinete do prefeito<\/td><td>Altera a reda\u00e7\u00e3o dos incisos I e II do art 3\u00ba; altera a reda\u00e7\u00e3o o caput do art 4\u00ba e acrescenta o \u00a7 2\u00ba ao mesmo dispositivo, todos da Lei Municipal N\u00ba 263, de 25 de agosto de 2022 e d\u00e1 outras provid\u00eancias<\/td><td>https:\/\/drive.google.com\/open?id=1oyRQYRa5HIQk8OqKFbRsxrUth07vyvz2&amp;usp=drive_copy<\/td>        <\/tr>\n            <tr data-row_id=\"8\" class=\"ninja_table_row_8 nt_row_id_8\">\n            <td>Lei<\/td><td>266\/2022<\/td><td>25\/08\/2022<\/td><td>Gabinete do prefeito<\/td><td>Autoriza a outorga de permiss\u00e3o de uso, a t\u00edtulo oneroso, de bem im\u00f3vel p\u00fablico, para instala\u00e7\u00e3o de um quiosque destinado a explora\u00e7\u00e3o comercial e d\u00e1 outras provid\u00eancias<\/td><td>https:\/\/drive.google.com\/open?id=1OahfiEVL8dkb5Cg-MjDOngzgLEhhpwGG&amp;usp=drive_copy<\/td>        <\/tr>\n            <tr data-row_id=\"9\" class=\"ninja_table_row_9 nt_row_id_9\">\n            <td>Lei<\/td><td>265\/2022<\/td><td>25\/08\/2022<\/td><td>Gabinete do prefeito<\/td><td>Disp\u00f5e sobre altera\u00e7\u00e3o da Lei N\u00ba 200, de 24 de junho de 2015 e reformula o Plano Municipal de Educa\u00e7\u00e3o \u2013 PME, e d\u00e1 outras provid\u00eancias<\/td><td>https:\/\/drive.google.com\/open?id=1O0BdofG1TCg1ne58YDPKUY494amNDYJP&amp;usp=drive_copy<\/td>        <\/tr>\n            <tr data-row_id=\"10\" class=\"ninja_table_row_10 nt_row_id_10\">\n            <td>Lei<\/td><td>264\/2022<\/td><td>25\/08\/2022<\/td><td>Gabinete do prefeito<\/td><td>Institui o projeto + LEITE visando garantir a alimenta\u00e7\u00e3o b\u00e1sica de crian\u00e7as de 6 a 36 meses, pertencentes a fam\u00edlias em situa\u00e7\u00e3o de vulnerabilidade social e\/ou que apresentam inseguran\u00e7a alimentar e\/ou nutricional e d\u00e1 outras provid\u00eancias<\/td><td>https:\/\/drive.google.com\/open?id=1voxxaqb1ob6r6EfcCAhX-asqdj66JXCs&amp;usp=drive_copy<\/td>        <\/tr>\n            <tr data-row_id=\"11\" class=\"ninja_table_row_11 nt_row_id_11\">\n            <td>Lei<\/td><td>263\/2022<\/td><td>25\/08\/2022<\/td><td>Gabinete do prefeito<\/td><td>Institui o Programa \u201c\u00c1gua Solid\u00e1ria\u201d, no \u00e2mbito do Munic\u00edpio de Abel Figueiredo e d\u00e1 outras provid\u00eancias<\/td><td>https:\/\/drive.google.com\/open?id=1Z5PQNY90rtMm0yKXwY7G9jeRrurd03da&amp;usp=drive_copy<\/td>        <\/tr>\n            <tr data-row_id=\"12\" class=\"ninja_table_row_12 nt_row_id_12\">\n            <td>Lei<\/td><td>262\/2022<\/td><td>07\/07\/2022<\/td><td>Gabinete do prefeito<\/td><td>Disp\u00f5e sobre a realiza\u00e7\u00e3o de compensa\u00e7\u00e3o dos valores arrecadados da contribui\u00e7\u00e3o para o custeio de servi\u00e7o de ilumina\u00e7\u00e3o p\u00fablica e d\u00e1 outras provid\u00eancias<\/td><td>https:\/\/drive.google.com\/open?id=1YsqB5NlxReHSrp1rydBVUViFvVw-TE0i&amp;usp=drive_copy<\/td>        <\/tr>\n            <tr data-row_id=\"13\" class=\"ninja_table_row_13 nt_row_id_13\">\n            <td>Lei<\/td><td>261\/2022<\/td><td>07\/07\/2022<\/td><td>Gabinete do prefeito<\/td><td>LDO 2023 Disp\u00f5e sobre as diretrizes or\u00e7ament\u00e1rias para o exerc\u00edcio de 2023 e d\u00e1 outras provid\u00eancias<\/td><td>https:\/\/drive.google.com\/open?id=1lZ5p3eE1gr90Mzib5QcwPmbeZVgHyyLb&amp;usp=drive_copy<\/td>        <\/tr>\n            <tr data-row_id=\"14\" class=\"ninja_table_row_14 nt_row_id_14\">\n            <td>Lei<\/td><td>260\/2022<\/td><td>09\/05\/2022<\/td><td>Gabinete do prefeito<\/td><td>Disp\u00f5e sobre abertura de cr\u00e9dito especial e d\u00e1 outras provid\u00eancias<\/td><td>https:\/\/drive.google.com\/open?id=1qprcg5mmSJj8Xa1azF1i4h9wDHpSI8u4&amp;usp=drive_copy<\/td>        <\/tr>\n            <tr data-row_id=\"15\" class=\"ninja_table_row_15 nt_row_id_15\">\n            <td>Lei<\/td><td>259\/2022<\/td><td>25\/04\/2022<\/td><td>Gabinete do prefeito<\/td><td>Disp\u00f5e sobre a elabora\u00e7\u00e3o do Plano Municipal de Assist\u00eancia Social 2022\/2025, e d\u00e1 outras provid\u00eancias<\/td><td>https:\/\/drive.google.com\/open?id=15Tue-Vwz4kfavGCvuM8R6q5FQGkKlhYI&amp;usp=drive_copy<\/td>        <\/tr>\n            <tr data-row_id=\"16\" class=\"ninja_table_row_16 nt_row_id_16\">\n            <td>Lei<\/td><td>258\/2022<\/td><td>25\/04\/2022<\/td><td>Gabinete do prefeito<\/td><td>Disp\u00f5e sobre o programa de est\u00e1gio para estudantes no \u00e2mbito da administra\u00e7\u00e3o direta, aut\u00e1rquica e fundacional do Poder Executivo, autoriza a celebra\u00e7\u00e3o de conv\u00eanios e termos de compromisso de est\u00e1gio, e d\u00e1 outras provid\u00eancias<\/td><td>https:\/\/drive.google.com\/open?id=1yi1m_t6C2wX2Phk_GKNLX54PkSMl1ASO&amp;usp=drive_copy<\/td>        <\/tr>\n            <tr data-row_id=\"17\" class=\"ninja_table_row_17 nt_row_id_17\">\n            <td>Lei<\/td><td>257\/2021<\/td><td>17\/12\/2021<\/td><td>Gabinete do prefeito<\/td><td>LOA 2022 Estima a receita e fixa a despesa do munic\u00edpio de Abel Figueiredo\/PA, para o exerc\u00edcio financeiro de 2022, e d\u00e1 outras provid\u00eancias<\/td><td>https:\/\/drive.google.com\/open?id=1AcUb8y-JzWmpNP61UkYfyiE-NELyRpt1&amp;usp=drive_copy<\/td>        <\/tr>\n            <tr data-row_id=\"18\" class=\"ninja_table_row_18 nt_row_id_18\">\n            <td>Lei<\/td><td>256\/2021<\/td><td>29\/11\/2021<\/td><td>Gabinete do prefeito<\/td><td>Disp\u00f5e sobre abertura de cr\u00e9dito especial e d\u00e1 outras provid\u00eancias<\/td><td>https:\/\/drive.google.com\/open?id=1xLdVv_iq_DfHzLVLlGIRJVdHhtAGje9d&amp;usp=drive_copy<\/td>        <\/tr>\n            <tr data-row_id=\"19\" class=\"ninja_table_row_19 nt_row_id_19\">\n            <td>Lei<\/td><td>255\/2021<\/td><td>29\/11\/2021<\/td><td>Gabinete do prefeito<\/td><td>Disp\u00f5e sobre abertura de cr\u00e9dito especial e d\u00e1 outras provid\u00eancias<\/td><td>https:\/\/drive.google.com\/open?id=1jywVA6ZkkexgcHqHCGFGpauzBQTbj3_4&amp;usp=drive_copy<\/td>        <\/tr>\n            <tr data-row_id=\"20\" class=\"ninja_table_row_20 nt_row_id_20\">\n            <td>Lei<\/td><td>254\/2021<\/td><td>22\/11\/2021<\/td><td>Gabinete do prefeito<\/td><td>Plano Plurianual do Munic\u00edpio de Abel Figueiredo, Estado do Par\u00e1, para o quadri\u00eanio 2022 \u00e0 2025 e d\u00e1 outras provid\u00eancias<\/td><td>https:\/\/drive.google.com\/open?id=1SlPreaoMrad-uLYHRsItU6gi6Hu6JeUF&amp;usp=drive_copy<\/td>        <\/tr>\n            <tr data-row_id=\"21\" class=\"ninja_table_row_21 nt_row_id_21\">\n            <td>Lei<\/td><td>253\/2021<\/td><td>05\/07\/2021<\/td><td>Gabinete do prefeito<\/td><td>Disp\u00f5e sobre a defini\u00e7\u00e3o do Per\u00edmetro Urbano do Munic\u00edpio de Abel Figueiredo, Par\u00e1, e d\u00e1 outras provid\u00eancias<\/td><td>https:\/\/drive.google.com\/open?id=1ldyKmf1QiWtyZfz1E1kZ6Q1pUlw8j201&amp;usp=drive_copy<\/td>        <\/tr>\n            <tr data-row_id=\"22\" class=\"ninja_table_row_22 nt_row_id_22\">\n            <td>Lei<\/td><td>252\/2021<\/td><td>30\/06\/2021<\/td><td>Gabinete do prefeito<\/td><td>LDO 2022-Disp\u00f5e sobre as Diretrizes or\u00e7amentarias para o exerc\u00edcio de 2022 e da outras providencias<\/td><td>https:\/\/drive.google.com\/open?id=1qGTxMfBIbM04Fp1UXaIlSxlotk_sov1M&amp;usp=drive_copy<\/td>        <\/tr>\n            <tr data-row_id=\"23\" class=\"ninja_table_row_23 nt_row_id_23\">\n            <td>Lei<\/td><td>251\/2021<\/td><td>27\/05\/2021<\/td><td>Gabinete do prefeito<\/td><td>Disp\u00f5e sobre a defini\u00e7\u00e3o e normatiza\u00e7\u00e3o dos precat\u00f3rios de pequeno valor de responsabilidade do munic\u00edpio de Abel Figueiredo<\/td><td>https:\/\/drive.google.com\/open?id=1UMaDC_SDyL5wuO8lmbzC-sbmFUBzHgII&amp;usp=drive_copy<\/td>        <\/tr>\n            <tr data-row_id=\"24\" class=\"ninja_table_row_24 nt_row_id_24\">\n            <td>Lei<\/td><td>250\/2021<\/td><td>05\/05\/2021<\/td><td>Gabinete do prefeito<\/td><td>Disp\u00f5e sobre a cria\u00e7\u00e3o do Di\u00e1rio Oficial do munic\u00edpio de Abel Figueiredo e d\u00e1 outras provid\u00eancias<\/td><td>https:\/\/drive.google.com\/open?id=1h7LGqXbu05EJwWuucGZuLvuugLAFvz4q&amp;usp=drive_copy<\/td>        <\/tr>\n            <tr data-row_id=\"25\" class=\"ninja_table_row_25 nt_row_id_25\">\n            <td>Lei<\/td><td>248\/2021<\/td><td>22\/03\/2021<\/td><td>Gabinete do prefeito<\/td><td>Disp\u00f5e sobre o regime de suprimentos de fundos da prefeitura e C\u00e2mara Municipal de Abel Figueiredo, e d\u00e1 outras provid\u00eancias<\/td><td>https:\/\/drive.google.com\/open?id=1m5POuGssSWLwcLkl_j4BkGj63RPKxD1E&amp;usp=drive_copy<\/td>        <\/tr>\n            <tr data-row_id=\"26\" class=\"ninja_table_row_26 nt_row_id_26\">\n            <td>Lei<\/td><td>249\/2021<\/td><td>22\/03\/2021<\/td><td>Gabinete do prefeito<\/td><td>Disp\u00f5e sobre a abertura de cr\u00e9dito especial e d\u00e1 outras provid\u00eancias<\/td><td>https:\/\/drive.google.com\/open?id=122fnUZRKiynikP9b2ghGTfFKgmbZjbQb&amp;usp=drive_copy<\/td>        <\/tr>\n            <tr data-row_id=\"27\" class=\"ninja_table_row_27 nt_row_id_27\">\n            <td>Lei<\/td><td>247\/2021<\/td><td>16\/03\/2021<\/td><td>Gabinete do prefeito<\/td><td>Disp\u00f5e sobre a reestrutura\u00e7\u00e3o do Conselho Municipal de Acompanhamento e Controle Social do Fundo de Manuten\u00e7\u00e3o e Desenvolvimento da Educa\u00e7a\u00e7\u00e3o B\u00e1sica e de Valoriza\u00e7\u00e3o dos Profissionais da Educa\u00e7\u00e3o \u2013 CACS \u2013 FUNDEB<\/td><td>https:\/\/drive.google.com\/open?id=18VNoLeN0pCoQkkDrKRfZtRRH8puXfflO&amp;usp=drive_copy<\/td>        <\/tr>\n            <tr data-row_id=\"28\" class=\"ninja_table_row_28 nt_row_id_28\">\n            <td>Lei<\/td><td>247\/2020<\/td><td>14\/12\/2020<\/td><td>Gabinete do prefeito<\/td><td>LOA 2021 Estima a receita e fixa a despesa do munic\u00edpio de Abel Figueiredo, estado do Par\u00e1, para o exerc\u00edcio de 2021<\/td><td>https:\/\/drive.google.com\/open?id=1_C-3gqrT5plYqQl3Gck_u4J3R0HZKF8U&amp;usp=drive_copy<\/td>        <\/tr>\n            <tr data-row_id=\"29\" class=\"ninja_table_row_29 nt_row_id_29\">\n            <td>Lei<\/td><td>246\/2020<\/td><td>30\/09\/2020<\/td><td>Gabinete do prefeito<\/td><td>Disp\u00f5e sobre a denomina\u00e7\u00e3o da vicinal que liga a BR 222, na localidade denominada carne de sol, neste munic\u00edpio, at\u00e9 a divisa com o estado do Maranh\u00e3o, no munic\u00edpio de S\u00e3o Pedro na \u00e1gua BRANCA-MA e d\u00e1 outras provid\u00eancias<\/td><td>https:\/\/drive.google.com\/open?id=15IfLBpI-yR0aFXV5-0SMlDTr_zT1zSzD&amp;usp=drive_copy<\/td>        <\/tr>\n            <tr data-row_id=\"30\" class=\"ninja_table_row_30 nt_row_id_30\">\n            <td>Lei<\/td><td>245\/2020<\/td><td>01\/07\/2020<\/td><td>Gabinete do prefeito<\/td><td>Disp\u00f5e sobre a pol\u00edtica p\u00fablica de assist\u00eancia social do munic\u00edpio de Abel Figueiredo e d\u00e1 outras provid\u00eancias<\/td><td>https:\/\/drive.google.com\/open?id=1Kb_PDRdWPyixGIqT_4GyJOhE_zLBY6RI&amp;usp=drive_copy<\/td>        <\/tr>\n            <tr data-row_id=\"31\" class=\"ninja_table_row_31 nt_row_id_31\">\n            <td>Lei<\/td><td>244\/2020<\/td><td>03\/06\/2020<\/td><td>Gabinete do prefeito<\/td><td>Decreta situa\u00e7\u00e3o de calamidade p\u00fablica no munic\u00edpio de Abel Figueiredo, adota medidas emergenciais para buscar o equil\u00edbrio financeiro do munic\u00edpio ante ao enfrentamento da pandemia de coronav\u00edrus e d\u00e1 outras provid\u00eancias<\/td><td>https:\/\/drive.google.com\/open?id=1bErX5w0NVqk6jYjoNWs1I5dXpg4PkQrm&amp;usp=drive_copy<\/td>        <\/tr>\n            <tr data-row_id=\"32\" class=\"ninja_table_row_32 nt_row_id_32\">\n            <td>Lei<\/td><td>243\/2020<\/td><td>29\/05\/2020<\/td><td>Gabinete do prefeito<\/td><td>Cria o plano municipal de gerenciamento integrado de res\u00edduos s\u00f3lidos \u2013 PMGIRS, e d\u00e1 outras provid\u00eancias<\/td><td>https:\/\/drive.google.com\/open?id=1MAxkAW0MxH5h9rtWcvTreS14KJuSrstn&amp;usp=drive_copy<\/td>        <\/tr>\n            <tr data-row_id=\"33\" class=\"ninja_table_row_33 nt_row_id_33\">\n            <td>Lei<\/td><td>242\/2020<\/td><td>29\/05\/2020<\/td><td>Gabinete do prefeito<\/td><td>LDO 2021 Disp\u00f5e sobre as diretrizes para a elabora\u00e7\u00e3o da lei or\u00e7ament\u00e1ria para o exerc\u00edcio de 2021 e d\u00e1 outras provid\u00eancias<\/td><td>https:\/\/drive.google.com\/open?id=18HuUVZ_kXm5X-dF9X4o3GJIZzySP1wOm&amp;usp=drive_copy<\/td>        <\/tr>\n            <tr data-row_id=\"34\" class=\"ninja_table_row_34 nt_row_id_34\">\n            <td>Lei<\/td><td>241\/2019<\/td><td>20\/12\/2019<\/td><td>Gabinete do prefeito<\/td><td>LOA 2020 Estima a receita e fixa a despesa do munic\u00edpio de Abel Figueiredo, estado do Par\u00e1, para o exerc\u00edcio de 2020<\/td><td>https:\/\/drive.google.com\/open?id=1GePpNXo_PnQfmjw4HMdxh9Qje6QhaUX0&amp;usp=drive_copy<\/td>        <\/tr>\n            <tr data-row_id=\"35\" class=\"ninja_table_row_35 nt_row_id_35\">\n            <td>Lei<\/td><td>240\/2019<\/td><td>11\/12\/2019<\/td><td>Gabinete do prefeito<\/td><td>Destina ao fundo municipal de meio ambiente, em pelo menos 20% dos repasses do estado provenientes da Lei Estadual N\u00ba 7.638 de 12 de julho de 2012 que institui o ICMS Verde, revogando a Lei Municipal 198\/2015, e dando outras provid\u00eancias<\/td><td>https:\/\/drive.google.com\/open?id=1l94ZLx2y-9jxgsyRHyeWIxL-0WgTR55D&amp;usp=drive_copy<\/td>        <\/tr>\n            <tr data-row_id=\"36\" class=\"ninja_table_row_36 nt_row_id_36\">\n            <td>Lei<\/td><td>239\/2019<\/td><td>11\/12\/2019<\/td><td>Gabinete do prefeito<\/td><td>Autoriza o Poder Executivo Municipal a realizar cess\u00e3o de uso e gozo de duas salas comerciais germinadas pertencentes ao patrim\u00f4nio do Munic\u00edpio de Abel Figueiredo<\/td><td>https:\/\/drive.google.com\/open?id=1qKScIAJ5MOwKOaA4TEX8BhoxFTf6uNHe&amp;usp=drive_copy<\/td>        <\/tr>\n            <tr data-row_id=\"37\" class=\"ninja_table_row_37 nt_row_id_37\">\n            <td>Lei<\/td><td>238\/2019<\/td><td>04\/07\/2019<\/td><td>Gabinete do prefeito<\/td><td>LDO 2020 Disp\u00f5e sobre as diretrizes para elabora\u00e7\u00e3o da lei or\u00e7ament\u00e1ria para o exerc\u00edcio de 2020 e d\u00e1 outras provid\u00eancias<\/td><td>https:\/\/drive.google.com\/open?id=1-EBH3KGwkZUGvDTfRNu_23IX9Js2MyHV&amp;usp=drive_copy<\/td>        <\/tr>\n            <tr data-row_id=\"38\" class=\"ninja_table_row_38 nt_row_id_38\">\n            <td>Lei<\/td><td>237\/2019<\/td><td>17\/06\/2019<\/td><td>Gabinete do prefeito<\/td><td>Disp\u00f5e sobre autoriza\u00e7\u00e3o para viagem do Prefeito Municipal para fora do Brasil, e d\u00e1 outras provid\u00eancias<\/td><td>https:\/\/drive.google.com\/open?id=1oZe7u9aPB-XL4xTzMpW1zyjIC9GRXmCV&amp;usp=drive_copy<\/td>        <\/tr>\n            <tr data-row_id=\"39\" class=\"ninja_table_row_39 nt_row_id_39\">\n            <td>Lei<\/td><td>236\/2018<\/td><td>28\/12\/2018<\/td><td>Gabinete do prefeito<\/td><td>Disp\u00f5e sobre acessibilidade de pessoal portadoras de necessidades especiais e pessoas com mobilidade reduzidas nos \u00f3rg\u00e3os p\u00fablicos e privados, com\u00e9rcios e outros estabelecimentos de atendimento ao p\u00fablico<\/td><td>https:\/\/drive.google.com\/open?id=1uERIISBNQGyzWfJa2uhEcUN31pAVw_ao&amp;usp=drive_copy<\/td>        <\/tr>\n            <tr data-row_id=\"40\" class=\"ninja_table_row_40 nt_row_id_40\">\n            <td>Lei<\/td><td>235\/2018<\/td><td>28\/12\/2018<\/td><td>Gabinete do prefeito<\/td><td>Altera dispositivos do c\u00f3digo tribut\u00e1rio municipal Lei 062\/1998, e d atualiza a planta de valores de que tratam os artigos 70 e 79 do CTM, na forma que espec\u00edfica, e d\u00e1 outras provid\u00eancias<\/td><td>https:\/\/drive.google.com\/open?id=1mW-Sk6ocxy5cRqKiNBY-_ZGQ3jJpej6V&amp;usp=drive_copy<\/td>        <\/tr>\n            <tr data-row_id=\"41\" class=\"ninja_table_row_41 nt_row_id_41\">\n            <td>Lei<\/td><td>234\/2018<\/td><td>28\/12\/2018<\/td><td>Gabinete do prefeito<\/td><td>Autoriza o Poder Executivo Municipal a realizar cess\u00e3o de uso e gozo de \u00e1rea (terreno) localizado na Avenida Alacid Nunes s\/n, aonde est\u00e1 localizada a Torre pertencente \u00e0s empresas OI\/SA e Telemar Norte Leste S\/A, e d\u00e1 outras provid\u00eancias<\/td><td>https:\/\/drive.google.com\/open?id=1Oo8DMAnxefgxqUDQENTF_fQZhxsFz-cb&amp;usp=drive_copy<\/td>        <\/tr>\n            <tr data-row_id=\"42\" class=\"ninja_table_row_42 nt_row_id_42\">\n            <td>Lei<\/td><td>233\/2018<\/td><td>28\/12\/2018<\/td><td>Gabinete do prefeito<\/td><td>Altera diversos artigos da Lei Municipal 226\/2017, Lei que disp\u00f5e sobre a isen\u00e7\u00e3o de IPTU ao idoso, deficiente f\u00edsico e\/ou mental que seja aposentado ou pensionista no Munic\u00edpio de Abel Figueiredo, e d\u00e1 outras provid\u00eancias<\/td><td>https:\/\/drive.google.com\/open?id=1ZcN4c8TrottYl87yJWFpM4CWf24v-DWn&amp;usp=drive_copy<\/td>        <\/tr>\n            <tr data-row_id=\"43\" class=\"ninja_table_row_43 nt_row_id_43\">\n            <td>Lei<\/td><td>232\/2018<\/td><td>29\/11\/2018<\/td><td>Gabinete do prefeito<\/td><td>LOA 2019 Estima a receita e fixa a despesa do munic\u00edpio de Abel Figueiredo, estado do Par\u00e1, para o exerc\u00edcio de 2019<\/td><td>https:\/\/drive.google.com\/open?id=1rX6SwryvR3y_CjgCBxHXIkbWLPBMARdl&amp;usp=drive_copy<\/td>        <\/tr>\n            <tr data-row_id=\"44\" class=\"ninja_table_row_44 nt_row_id_44\">\n            <td>Lei<\/td><td>231\/2018<\/td><td>25\/07\/2018<\/td><td>Gabinete do prefeito<\/td><td>Altera diversos artigos da Lei Municipal 208\/2016, Lei de taxas ambientais do Munic\u00edpio de Abel Figueiredo, regulamentado e atualizando as taxas decorrentes do exerc\u00edcio regular do Poder de pol\u00edcia e as tarifas de compet\u00eancia da Secretaria Municipal de Meio Ambiente SEMMAF, e d\u00e1 outras provid\u00eancias<\/td><td>https:\/\/drive.google.com\/open?id=1rJRwZT6-aEqlDs-9gOtTL5dbRqcBuEFu&amp;usp=drive_copy<\/td>        <\/tr>\n            <tr data-row_id=\"45\" class=\"ninja_table_row_45 nt_row_id_45\">\n            <td>Lei<\/td><td>230\/2018<\/td><td>07\/07\/2018<\/td><td>Gabinete do prefeito<\/td><td>LDO 2019 Disp\u00f5e sobre as diretrizes para a elabora\u00e7\u00e3o da lei or\u00e7ament\u00e1ria para o exerc\u00edcio de 2019 e d\u00e1 outras provid\u00eancias<\/td><td>https:\/\/drive.google.com\/open?id=1xdE_09BdKhmqHBrDGhR38HB9YPpxGtf3&amp;usp=drive_copy<\/td>        <\/tr>\n            <tr data-row_id=\"46\" class=\"ninja_table_row_46 nt_row_id_46\">\n            <td>Lei<\/td><td>229\/2018<\/td><td>22\/02\/2018<\/td><td>Gabinete do prefeito<\/td><td>Disp\u00f5e sobre a autoriza\u00e7\u00e3o para viajem do Prefeito Municipal para fora do Brasil, e d\u00e1 outras provid\u00eancias<\/td><td>https:\/\/drive.google.com\/open?id=1t0E9SjOwDOIiW4RJkpC0Kq88hX_nmJp9&amp;usp=drive_copy<\/td>        <\/tr>\n            <tr data-row_id=\"47\" class=\"ninja_table_row_47 nt_row_id_47\">\n            <td>Lei<\/td><td>226\/2017<\/td><td>19\/12\/2017<\/td><td>Gabinete do prefeito<\/td><td>Disp\u00f5e sobre a isen\u00e7\u00e3o do imposto predial e territorial urbano \u2013 IPTU ao idoso, deficiente f\u00edsico e\/ou mental, aposentado e pensionista do Munic\u00edpio de Abel Figueiredo, e d\u00e1 outras provid\u00eancias<\/td><td>https:\/\/drive.google.com\/open?id=1H8rLJ8MshogAMDGHcCuRS9AAfNqg1_bg&amp;usp=drive_copy<\/td>        <\/tr>\n            <tr data-row_id=\"48\" class=\"ninja_table_row_48 nt_row_id_48\">\n            <td>Lei<\/td><td>225\/2017<\/td><td>04\/12\/2017<\/td><td>Gabinete do prefeito<\/td><td>Disp\u00f5e sobre a cria\u00e7\u00e3o do Conselho Municipal de Seguran\u00e7a P\u00fablica de Abel Figueiredo \u2013 COMSPAF, sobre a composi\u00e7\u00e3o do seu colegiado, seu funcionamento, e d\u00e1 outras provid\u00eancias<\/td><td>https:\/\/drive.google.com\/open?id=1A3-dKMncbVfks5LnC3-YWdCBuYPLefqf&amp;usp=drive_copy<\/td>        <\/tr>\n            <tr data-row_id=\"49\" class=\"ninja_table_row_49 nt_row_id_49\">\n            <td>Lei<\/td><td>224\/2017<\/td><td>04\/12\/2017<\/td><td>Gabinete do prefeito<\/td><td>Disp\u00f5e sobre a compensa\u00e7\u00e3o do passivo ambiental de reserva legal de im\u00f3veis rurais acime de 04 (quatro) m\u00f3dulos fiscais no Munic\u00edpio de Abel Figueiredo, e d\u00e1 outras provid\u00eancias<\/td><td>https:\/\/drive.google.com\/open?id=1WDELceFiIcagLgGyCe4ikhSsgmpaGX8D&amp;usp=drive_copy<\/td>        <\/tr>\n            <tr data-row_id=\"50\" class=\"ninja_table_row_50 nt_row_id_50\">\n            <td>Lei<\/td><td>227\/2017<\/td><td>19\/12\/2017<\/td><td>Gabinete do prefeito<\/td><td>Disp\u00f5e sobre a proibi\u00e7\u00e3o de atividades pedag\u00f3gicas que visam a reprodu\u00e7\u00e3o de conceito de ideologia de g\u00eanero na grade de ensino da Rede Municipal e da Rede Privada de Abel Figueiredo, e d\u00e1 outras provid\u00eancias<\/td><td>https:\/\/drive.google.com\/open?id=1WBTZus_iLL0r458Xjksnbs3c65Y1_SPp&amp;usp=drive_copy<\/td>        <\/tr>\n            <tr data-row_id=\"51\" class=\"ninja_table_row_51 nt_row_id_51\">\n            <td>Lei<\/td><td>222\/2017<\/td><td>16\/11\/2017<\/td><td>Gabinete do prefeito<\/td><td>PPA 2018-2021 Disp\u00f5e sobre o plano plurianual no munic\u00edpio de Abel Figueiredo para per\u00edodo de 2018\/2021 e d\u00e1 outras provid\u00eancias<\/td><td>https:\/\/drive.google.com\/open?id=1YXqWPidkf02sHYuVEYdnxpY24iUQTRa6&amp;usp=drive_copy<\/td>        <\/tr>\n            <tr data-row_id=\"52\" class=\"ninja_table_row_52 nt_row_id_52\">\n            <td>Lei<\/td><td>223\/2017<\/td><td>14\/11\/2017<\/td><td>Gabinete do prefeito<\/td><td>Disp\u00f5e sobre a regulamenta\u00e7\u00e3o do acesso \u00e0 informa\u00e7\u00e3o previsto na lei federal N\u00ba 12.527, de 18 de novembro de 2011, e d\u00e1 outras provid\u00eancias<\/td><td>https:\/\/drive.google.com\/open?id=1wfznaxO3_le_LC80TQZP_7z2BiKj2x54&amp;usp=drive_copy<\/td>        <\/tr>\n            <tr data-row_id=\"53\" class=\"ninja_table_row_53 nt_row_id_53\">\n            <td>Lei<\/td><td>220\/2017<\/td><td>25\/09\/2017<\/td><td>Gabinete do prefeito<\/td><td>Altera o dispositivos no inciso I do artigo 6\u00ba da Lei Municipal 206\/2016, de 23 de dezembro de 2016 que estima a receita e fixa a despesa para o exerc\u00edcio financeiro de 2017, o or\u00e7amento do Munic\u00edpio de Abel Figueiredo de 2017, e d\u00e1 outras provid\u00eancias<\/td><td>https:\/\/drive.google.com\/open?id=18p_gmdj2ZRb2hITinBbOz7o5ToYfendX&amp;usp=drive_copy<\/td>        <\/tr>\n            <tr data-row_id=\"54\" class=\"ninja_table_row_54 nt_row_id_54\">\n            <td>Lei<\/td><td>221\/2017<\/td><td>25\/09\/2017<\/td><td>Gabinete do prefeito<\/td><td>Autoriza o Poder Executivo a promover a desafeta\u00e7\u00e3o e leil\u00e3o para alienar ve\u00edculos e sucatas inserv\u00edveis de propriedade do CISAT, cons\u00f3rcio p\u00fablico internacional de sa\u00fade do Araguaia e Tocantins, do qual faz parte ente consorciado este municipalidade, e d\u00e1 outras provid\u00eancias<\/td><td>https:\/\/drive.google.com\/open?id=1i5OoCowgh5R7piIx7OIRN6NDJfskk09O&amp;usp=drive_copy<\/td>        <\/tr>\n            <tr data-row_id=\"55\" class=\"ninja_table_row_55 nt_row_id_55\">\n            <td>Lei<\/td><td>219\/2017<\/td><td>10\/08\/2017<\/td><td>Gabinete do prefeito<\/td><td>LDO 2018 Disp\u00f5e sobre as diretrizes para a elabora\u00e7\u00e3o da lei or\u00e7ament\u00e1ria para o exerc\u00edcio de 2018 e d\u00e1 outras provid\u00eancias<\/td><td>https:\/\/drive.google.com\/open?id=1kj-SyvpZUWWKygOpkjuaZ37gATeW5JTM&amp;usp=drive_copy<\/td>        <\/tr>\n            <tr data-row_id=\"56\" class=\"ninja_table_row_56 nt_row_id_56\">\n            <td>Lei<\/td><td>9-A\/2017<\/td><td>15\/12\/2017<\/td><td>Gabinete do prefeito<\/td><td>LOA 2018 Estima a receita e fixa a despesa do munic\u00edpio de Abel Figueiredo, estado do Par\u00e1, para o exerc\u00edcio de 2018<\/td><td>https:\/\/drive.google.com\/open?id=1GV1qalQ8zM2-QNuxM_NtGfTZtgatATMu&amp;usp=drive_copy<\/td>        <\/tr>\n            <tr data-row_id=\"57\" class=\"ninja_table_row_57 nt_row_id_57\">\n            <td>Lei<\/td><td>218\/2017<\/td><td>31\/05\/2017<\/td><td>Gabinete do prefeito<\/td><td>Autoriza o Poder Executivo a outorgar a presta\u00e7\u00e3o dos servi\u00e7os p\u00fablicos de abastecimento de \u00e1gua e esgotamento sanit\u00e1rio do Munic\u00edpio de Abel Figueiredo, sob o regime de concess\u00e3o ou parceria p\u00fablico privada, e d\u00e1 outras provid\u00eancias<\/td><td>https:\/\/drive.google.com\/open?id=1ky2yj-tkfgg-Oi9DxlvqG7mxGPq9xmtJ&amp;usp=drive_copy<\/td>        <\/tr>\n            <tr data-row_id=\"58\" class=\"ninja_table_row_58 nt_row_id_58\">\n            <td>Lei<\/td><td>215\/2017<\/td><td>19\/05\/2017<\/td><td>Gabinete do prefeito<\/td><td>Revoga a Lei Municipal N\u00ba 151\/2009, e cria o Conselho Municipal de Desenvolvimento Rural Sustent\u00e1vel e Solid\u00e1rio, e d\u00e1 outras provid\u00eancias<\/td><td>https:\/\/drive.google.com\/open?id=1WRAAI0aGwCESw_SkEJCmhTxbqzBf5Kb0&amp;usp=drive_copy<\/td>        <\/tr>\n            <tr data-row_id=\"59\" class=\"ninja_table_row_59 nt_row_id_59\">\n            <td>Lei<\/td><td>216\/2017<\/td><td>19\/05\/2017<\/td><td>Gabinete do prefeito<\/td><td>Disp\u00f5e sobre a regulamenta\u00e7\u00e3o do hor\u00e1rio de funcionamento de bares, restaurante, casa noturnas, shows e similares, e d\u00e1 outras provid\u00eancias<\/td><td>https:\/\/drive.google.com\/open?id=183k1BJdeXw_LcLfBxbeWfZbCsYKiD_U5&amp;usp=drive_copy<\/td>        <\/tr>\n            <tr data-row_id=\"60\" class=\"ninja_table_row_60 nt_row_id_60\">\n            <td>Lei<\/td><td>217\/2017<\/td><td>19\/05\/2017<\/td><td>Gabinete do prefeito<\/td><td>Autoriza o Munic\u00edpio de Abel Figueiredo \u00e0 implementar pol\u00edtica para estimular a produ\u00e7\u00e3o de unidade habitacionais destinadas \u00e0 popula\u00e7\u00e3o de menor renda do munic\u00edpio, e d\u00e1 outras provid\u00eancias<\/td><td>https:\/\/drive.google.com\/open?id=1T8qfwlSYT1fYt2y1qtkC8MEotNdnSk9O&amp;usp=drive_copy<\/td>        <\/tr>\n            <tr data-row_id=\"61\" class=\"ninja_table_row_61 nt_row_id_61\">\n            <td>Lei<\/td><td>214\/2017<\/td><td>11\/05\/2017<\/td><td>Gabinete do prefeito<\/td><td>Disp\u00f5e sobre autoriza\u00e7\u00e3o para viagem do Prefeito Municipal para fora do Brasil, e d\u00e1 outras provid\u00eancias<\/td><td>https:\/\/drive.google.com\/open?id=1hZ8Ca2Kjp-KZjEOb-48a05lFsxsEL9qk&amp;usp=drive_copy<\/td>        <\/tr>\n            <tr data-row_id=\"62\" class=\"ninja_table_row_62 nt_row_id_62\">\n            <td>Lei<\/td><td>211\/2017<\/td><td>16\/02\/2017<\/td><td>Gabinete do prefeito<\/td><td>Disp\u00f5e sobre a autoriza\u00e7\u00e3o para a concess\u00e3o de benef\u00edcios tribut\u00e1rios e regulamenta o parcelamento e o pagamento de cr\u00e9ditos do Munic\u00edpio de Abel Figueiredo, e d\u00e1 outras provid\u00eancias<\/td><td>https:\/\/drive.google.com\/open?id=1N3m7A98LmDlIH-x8vt2fQL9kfQIfcekx&amp;usp=drive_copy<\/td>        <\/tr>\n            <tr data-row_id=\"63\" class=\"ninja_table_row_63 nt_row_id_63\">\n            <td>Lei<\/td><td>212\/2017<\/td><td>16\/02\/2017<\/td><td>Gabinete do prefeito<\/td><td>Adoto o Di\u00e1rio Oficial dos munic\u00edpios do Estado do Par\u00e1, institu\u00eddo e administrado pelo federa\u00e7\u00e3o das associa\u00e7\u00f5es de Munic\u00edpio do Estado do Par\u00e1 (FAMEP), como meio oficial de comunica\u00e7\u00e3o dos atos normativos e administrativos do munic\u00edpio de Abel Figueiredo<\/td><td>https:\/\/drive.google.com\/open?id=1b4AjEKrz0eYkh8QKsgaiXPy350ycKnaZ&amp;usp=drive_copy<\/td>        <\/tr>\n            <tr data-row_id=\"64\" class=\"ninja_table_row_64 nt_row_id_64\">\n            <td>Lei<\/td><td>213\/2017<\/td><td>16\/02\/2017<\/td><td>Gabinete do prefeito<\/td><td>Disp\u00f5e sobre a cria\u00e7\u00e3o e o funcionamento do site e da ouvidoria geral do Munic\u00edpio de Abel Figueiredo<\/td><td>https:\/\/drive.google.com\/open?id=1zgAvrEJ2pDnwHL-MPZxSRcOlrX3wRoil&amp;usp=drive_copy<\/td>        <\/tr>\n            <tr data-row_id=\"65\" class=\"ninja_table_row_65 nt_row_id_65\">\n            <td>Lei<\/td><td>209\/2017<\/td><td>04\/01\/2017<\/td><td>Gabinete do prefeito<\/td><td>Estabelece a pol\u00edtica municipal de saneamento b\u00e1sico do Munic\u00edpio de Abel Figueiredo, e d\u00e1 outras provid\u00eancias<\/td><td>https:\/\/drive.google.com\/open?id=1MORU3XHCn80KUY6CrSVELqWgCefQc1L1&amp;usp=drive_copy<\/td>        <\/tr>\n            <tr data-row_id=\"66\" class=\"ninja_table_row_66 nt_row_id_66\">\n            <td>Lei<\/td><td>208\/2016<\/td><td>30\/12\/2016<\/td><td>Gabinete do prefeito<\/td><td>Altera a Lei de taxas decorrentes das atividades ambientais do Munic\u00edpio de Abel figueiredo, regulamentando e instituindo as taxas decorrentes do exerc\u00edcio regular do poder de pol\u00edtica e as tarifas de compet\u00eancias da Secretaria Municipal de Meio Ambiente \u2013 SEMMA, e d\u00e1 outras provid\u00eancias<\/td><td>https:\/\/drive.google.com\/open?id=1KKH9eA15XrgHxVIxEOG28UuIaYzXPuQ8&amp;usp=drive_copy<\/td>        <\/tr>\n            <tr data-row_id=\"67\" class=\"ninja_table_row_67 nt_row_id_67\">\n            <td>Lei<\/td><td>207\/2016<\/td><td>28\/12\/2016<\/td><td>Gabinete do prefeito<\/td><td>Fixa o subs\u00eddios do Prefeito, Vice-Prefeito e sal\u00e1rios de Secret\u00e1rios Municipais do Munic\u00edpio de Abel Figueiredo, Estado do Par\u00e1, para a gest\u00e3o 2017\/2020, e d\u00e1 outras provid\u00eancias<\/td><td>https:\/\/drive.google.com\/open?id=1298WqxUJMntzGGIs40kafNap8Yar_aAe&amp;usp=drive_copy<\/td>        <\/tr>\n            <tr data-row_id=\"68\" class=\"ninja_table_row_68 nt_row_id_68\">\n            <td>Lei<\/td><td>206\/2016<\/td><td>23\/12\/2016<\/td><td>Gabinete do prefeito<\/td><td>LOA 2017 Estima a receita e fixa a despesa para o exerc\u00edcio financeiro de 2017 do munic\u00edpio de Abel Figueiredo, estado do Par\u00e1 e d\u00e1 outras provid\u00eancias<\/td><td>https:\/\/drive.google.com\/open?id=11IOJNOhVjuEQd2TYW8rhw-wXUFur7W82&amp;usp=drive_copy<\/td>        <\/tr>\n            <tr data-row_id=\"69\" class=\"ninja_table_row_69 nt_row_id_69\">\n            <td>Lei<\/td><td>205\/2016<\/td><td>05\/12\/2016<\/td><td>Gabinete do prefeito<\/td><td>Disp\u00f5e sobre a reformula\u00e7\u00e3o da lei Municipal n\u00ba 045\/1996, de 02 de fevereiro de 1996, que disp\u00f5e sobre a cria\u00e7\u00e3o do Conselho Municipal de Assist\u00eancia Social \u2013 CMAS, e d\u00e1 outras provid\u00eancias<\/td><td>https:\/\/drive.google.com\/open?id=1M2c2iZr-DNdJKYJrH-mQeiwADNrZCbAv&amp;usp=drive_copy<\/td>        <\/tr>\n            <tr data-row_id=\"70\" class=\"ninja_table_row_70 nt_row_id_70\">\n            <td>Lei<\/td><td>204\/2016<\/td><td>08\/07\/2016<\/td><td>Gabinete do prefeito<\/td><td>LDO 2017 Disp\u00f5e sobre as diretrizes para elabora\u00e7\u00e3o da lei or\u00e7ament\u00e1ria do munic\u00edpio de Abel Figueiredo, estado do Par\u00e1, para o exerc\u00edcio financeiro de 2017 e d\u00e1 outras provid\u00eancias<\/td><td>https:\/\/drive.google.com\/open?id=1pwblUj_4hiBGxMkD_GFkRYYTEFHDlf1P&amp;usp=drive_copy<\/td>        <\/tr>\n            <tr data-row_id=\"71\" class=\"ninja_table_row_71 nt_row_id_71\">\n            <td>Lei<\/td><td>203\/2016<\/td><td>31\/05\/2016<\/td><td>Gabinete do prefeito<\/td><td>Disp\u00f5e sobre a altera\u00e7\u00e3o do art. 3\u00ba e paragrafo 2\u00ba da Lei 044\/1996, que cria Fundo Municipal de Assist\u00eancia Social do Munic\u00edpio de Abel Figueiredo, e d\u00e1 outras provid\u00eancias<\/td><td>https:\/\/drive.google.com\/open?id=1CbpzPF6NatTqjGuMDu4J7Bma6gzIf020&amp;usp=drive_copy<\/td>        <\/tr>\n            <tr data-row_id=\"72\" class=\"ninja_table_row_72 nt_row_id_72\">\n            <td>Lei<\/td><td>200\/2015<\/td><td>24\/06\/2015<\/td><td>Gabinete do prefeito<\/td><td>Aprova o Plano Municipal de Educa\u00e7\u00e3o para o dec\u00eanio 2015-2025, e d\u00e1 outras provid\u00eancias<\/td><td>https:\/\/drive.google.com\/open?id=1E8Nhbs3WK5iiJgZKIYZTWQBlF9zbc89w&amp;usp=drive_copy<\/td>        <\/tr>\n            <tr data-row_id=\"73\" class=\"ninja_table_row_73 nt_row_id_73\">\n            <td>Lei<\/td><td>199\/2015<\/td><td>01\/04\/2015<\/td><td>Gabinete do prefeito<\/td><td>Disp\u00f5e sobre a reformula\u00e7\u00e3o da Lei Municipal N\u00ba 176\/2012, de 16 de Janeiro de 2012<\/td><td>https:\/\/drive.google.com\/open?id=1jyVDTjasXB3AdP8St8wucySOZQqvLeAm&amp;usp=drive_copy<\/td>        <\/tr>\n            <tr data-row_id=\"74\" class=\"ninja_table_row_74 nt_row_id_74\">\n            <td>Lei<\/td><td>198\/2015<\/td><td>12\/03\/2015<\/td><td>Gabinete do prefeito<\/td><td>Disp\u00f5e sobre a vincula\u00e7\u00e3o da cota de ICMS Verde Repassado ao Munic\u00edpio de Abel Figueiredo pelo Governo do Estado do Par\u00e1, e d\u00e1 outras provid\u00eancias<\/td><td>https:\/\/drive.google.com\/open?id=1xJUi4JaqCL9m80ptn4aNc341avJY_c5w&amp;usp=drive_copy<\/td>        <\/tr>\n            <tr data-row_id=\"75\" class=\"ninja_table_row_75 nt_row_id_75\">\n            <td>Lei<\/td><td>194\/2014<\/td><td>02\/05\/2014<\/td><td>Gabinete do prefeito<\/td><td>Disciplina o com\u00e9rcio ambulante no Munic\u00edpio de Abel Figueiredo, e d\u00e1 outras provid\u00eancias<\/td><td>https:\/\/drive.google.com\/open?id=1ySJzvhHTR7q-lbP8LTceuBdZ8TkFYi6x&amp;usp=drive_copy<\/td>        <\/tr>\n            <tr data-row_id=\"76\" class=\"ninja_table_row_76 nt_row_id_76\">\n            <td>Lei<\/td><td>192\/2013<\/td><td>02\/10\/2013<\/td><td>Gabinete do prefeito<\/td><td>Altera e acrescenta os dispositivos que menciona na Lei Municipal N\u00ba 168, de 13 de julho de 2011, e d\u00e1 outras provid\u00eancias<\/td><td>https:\/\/drive.google.com\/open?id=19Z94bkNmD7094QW4bRj_89DXPNBsRBun&amp;usp=drive_copy<\/td>        <\/tr>\n            <tr data-row_id=\"77\" class=\"ninja_table_row_77 nt_row_id_77\">\n            <td>Lei<\/td><td>191\/2013<\/td><td>27\/09\/2013<\/td><td>Gabinete do prefeito<\/td><td>PPA 2014-2017 Disp\u00f5e sobre o plano plurianual do munic\u00edpio de Abel Figueiredo, estado do Par\u00e1, para o quadri\u00eanio 2014 a 2017 e d\u00e1 outras provid\u00eancias<\/td><td>https:\/\/drive.google.com\/open?id=1FOHHhaGqsPJCH_mdmWiQ43s1Gtu6qOVh&amp;usp=drive_copy<\/td>        <\/tr>\n            <tr data-row_id=\"78\" class=\"ninja_table_row_78 nt_row_id_78\">\n            <td>Lei<\/td><td>189\/2013<\/td><td>18\/07\/2013<\/td><td>Gabinete do prefeito<\/td><td>Autoriza\u00e7\u00e3o a concess\u00e3o de uso do canal de televis\u00e3o, e d\u00e1 outras provid\u00eancias<\/td><td>https:\/\/drive.google.com\/open?id=1lmCcxQcE1qBls95G-voFhTeW6y-dYcpX&amp;usp=drive_copy<\/td>        <\/tr>\n            <tr data-row_id=\"79\" class=\"ninja_table_row_79 nt_row_id_79\">\n            <td>Lei<\/td><td>188\/2013<\/td><td>24\/04\/2013<\/td><td>Gabinete do prefeito<\/td><td>Autoriza o Poder Executivo Municipal a criar o Programa Municipal de Desenvolvimento da Cadeia Produtiva da Aquicultura Familiar, bem como utilizar recursos na promo\u00e7\u00e3o de a\u00e7\u00f5es de apoio e incentivo \u00e0 atividade<\/td><td>https:\/\/drive.google.com\/open?id=1kOHPinjxXfE5JIs_7v7P9WFmQeVR_IlE&amp;usp=drive_copy<\/td>        <\/tr>\n            <tr data-row_id=\"80\" class=\"ninja_table_row_80 nt_row_id_80\">\n            <td>Lei<\/td><td>187\/2012<\/td><td>28\/12\/2012<\/td><td>Gabinete do prefeito<\/td><td>Autoriza o Executivo Municipal a desenvolver a\u00e7\u00f5es para implementar o Programa Minha Casa Minha Vida \u2013 PMCMV<\/td><td>https:\/\/drive.google.com\/open?id=1FEkVd79Qbrk790IYh4LWdJFdACdmnOQM&amp;usp=drive_copy<\/td>        <\/tr>\n            <tr data-row_id=\"81\" class=\"ninja_table_row_81 nt_row_id_81\">\n            <td>Lei<\/td><td>186\/2012<\/td><td>28\/12\/2012<\/td><td>Gabinete do prefeito<\/td><td>LOA 2013 Estima a receita e fixa a despesa do Munic\u00edpio de Abel Figueiredo, para o exerc\u00edcio financeiro de 2013, e determina outras provid\u00eancias<\/td><td>https:\/\/drive.google.com\/open?id=1Nwk1ZqBRrXG6z00NqcMh0xjnxasWvn4M&amp;usp=drive_copy<\/td>        <\/tr>\n            <tr data-row_id=\"82\" class=\"ninja_table_row_82 nt_row_id_82\">\n            <td>Lei<\/td><td>185\/2012<\/td><td>26\/12\/2012<\/td><td>Gabinete do prefeito<\/td><td>Disp\u00f5e sobre a altera\u00e7\u00e3o e o acr\u00e9scimo dos dispositivos que menciona na Lei Municipal N\u00ba 049, de 24 de janeiro de 1997, e d\u00e1 outras provid\u00eancias<\/td><td>https:\/\/drive.google.com\/open?id=1w7M1xuC36vSDKOJJGZZJuQKDAoUvTcPj&amp;usp=drive_copy<\/td>        <\/tr>\n            <tr data-row_id=\"83\" class=\"ninja_table_row_83 nt_row_id_83\">\n            <td>Lei<\/td><td>184\/2012<\/td><td>26\/12\/2012<\/td><td>Gabinete do prefeito<\/td><td>Altera os dispositivos que menciona da Lei Municipal N] 155, de 04 de novembro de 2009, e d\u00e1 outras provid\u00eancias<\/td><td>https:\/\/drive.google.com\/open?id=1ett_pp_n8a6lGVlZLa2zk0IOrB9X61tb&amp;usp=drive_copy<\/td>        <\/tr>\n            <tr data-row_id=\"84\" class=\"ninja_table_row_84 nt_row_id_84\">\n            <td>Lei<\/td><td>183\/2012<\/td><td>26\/12\/2012<\/td><td>Gabinete do prefeito<\/td><td>Altera o dispositivo que menciona da Lei Municipal N\u00ba 52, de 08 de maio de 1997, e d\u00e1 outras provid\u00eancias<\/td><td>https:\/\/drive.google.com\/open?id=1yx7NA1p9mpHtMdQnLhxGuB5fs33pNjsr&amp;usp=drive_copy<\/td>        <\/tr>\n            <tr data-row_id=\"85\" class=\"ninja_table_row_85 nt_row_id_85\">\n            <td>Lei<\/td><td>182\/2012<\/td><td>03\/10\/2012<\/td><td>Gabinete do prefeito<\/td><td>Fixa os subs\u00eddios do Prefeito, do Vice-Prefeito e dos Secret\u00e1rios Municipais de Abel Figueiredo para o mandado (2013-2016), e d\u00e1 outras provid\u00eancias<\/td><td>https:\/\/drive.google.com\/open?id=1gXYF1MTNA_QVh7j2SqA7RILJ2jI3OZXL&amp;usp=drive_copy<\/td>        <\/tr>\n            <tr data-row_id=\"86\" class=\"ninja_table_row_86 nt_row_id_86\">\n            <td>Lei<\/td><td>180\/2012<\/td><td>29\/05\/2012<\/td><td>Gabinete do prefeito<\/td><td>Altera a Lei N\u00ba 168\/2011 que disp\u00f5e sobre a pol\u00edtica municipal do meio ambiente e a Lei de N\u00ba 169\/2011 que institui taxas de correntes das atividades de licenciamento ambiental no Munic\u00edpio de Abel Figueiredo, e d\u00e1 outras provid\u00eancias<\/td><td>https:\/\/drive.google.com\/open?id=1ZPn1pVGopyaWBFEE-IMgiNbksslrSTxY&amp;usp=drive_copy<\/td>        <\/tr>\n            <tr data-row_id=\"87\" class=\"ninja_table_row_87 nt_row_id_87\">\n            <td>Lei<\/td><td>179\/2012<\/td><td>03\/05\/2012<\/td><td>Gabinete do prefeito<\/td><td>Disp\u00f5e sobre a regulamenta\u00e7\u00e3o dos servi\u00e7os de conviv\u00eancia e fortalecimento de v\u00ednculos para crian\u00e7a, adolescente e idoso no \u00e2mbito da pol\u00edtica de assist\u00eancia social do Munic\u00edpio de Abel Figueiredo<\/td><td>https:\/\/drive.google.com\/open?id=1VDmWbIkiH_-f8oh1-Gcjw4byspG5ULxv&amp;usp=drive_copy<\/td>        <\/tr>\n            <tr data-row_id=\"88\" class=\"ninja_table_row_88 nt_row_id_88\">\n            <td>Lei<\/td><td>178\/2012<\/td><td>03\/05\/2012<\/td><td>Gabinete do prefeito<\/td><td>Disp\u00f5e sobre a regulamenta\u00e7\u00e3o do programa de Estrat\u00e9gia de Sa\u00fade da Fam\u00edlia (PSF) no \u00e2mbito do Munic\u00edpio de Abel Figueiredo, e d\u00e1 outras provid\u00eancias<\/td><td>https:\/\/drive.google.com\/open?id=1vU4GX8qnlvGTp9Bsoe_NBCbgrgebKum7&amp;usp=drive_copy<\/td>        <\/tr>\n            <tr data-row_id=\"89\" class=\"ninja_table_row_89 nt_row_id_89\">\n            <td>Lei<\/td><td>177\/2012<\/td><td>03\/05\/2012<\/td><td>Gabinete do prefeito<\/td><td>Institui o Programa de Acolhimento Provis\u00f3rio de Crian\u00e7a e Adolescente, e d\u00e1 outras provid\u00eancias<\/td><td>https:\/\/drive.google.com\/open?id=1z-0QOBQi7L4Y2BJG7bFjUxB_6eYJvCFI&amp;usp=drive_copy<\/td>        <\/tr>\n            <tr data-row_id=\"90\" class=\"ninja_table_row_90 nt_row_id_90\">\n            <td>Lei<\/td><td>176\/2012<\/td><td>16\/01\/2012<\/td><td>Gabinete do prefeito<\/td><td>Disp\u00f5e sobre a moderniza\u00e7\u00e3o da pol\u00edtica municipal dos direitos da crian\u00e7a e do adolescente no Munic\u00edpio de Abel Figueiredo, e d\u00e1 outras provid\u00eancias<\/td><td>https:\/\/drive.google.com\/open?id=1RPiGQ8DBJ5zqgh42oyOG8UmvvVKROv6v&amp;usp=drive_copy<\/td>        <\/tr>\n            <tr data-row_id=\"91\" class=\"ninja_table_row_91 nt_row_id_91\">\n            <td>Lei<\/td><td>174\/2011<\/td><td>01\/12\/2011<\/td><td>Gabinete do prefeito<\/td><td>Disp\u00f5e sobre a aplica\u00e7\u00e3o de no m\u00ednimo 65% do FUNDEB com o pagamento dos profissionais do Magist\u00e9rio da Educa\u00e7\u00e3o B\u00e1sica do Munic\u00edpio de Abel Figueiredo, no exerc\u00edcio 2011, e d\u00e1 outras provid\u00eancias<\/td><td>https:\/\/drive.google.com\/open?id=1b9LIzSSn1nllIEDSRdsYg0lea6yHTRaB&amp;usp=drive_copy<\/td>        <\/tr>\n            <tr data-row_id=\"92\" class=\"ninja_table_row_92 nt_row_id_92\">\n            <td>Lei<\/td><td>019\/2011<\/td><td>20\/10\/2011<\/td><td>Gabinete do prefeito<\/td><td>Institui o valor de di\u00e1rias para os servidores p\u00fablicos e d\u00e1 outras provid\u00eancias<\/td><td>https:\/\/drive.google.com\/open?id=13ajxrX3484IJa2VIUUG_TOZsfSkJyXzT&amp;usp=drive_copy<\/td>        <\/tr>\n            <tr data-row_id=\"93\" class=\"ninja_table_row_93 nt_row_id_93\">\n            <td>Lei<\/td><td>173\/2011<\/td><td>27\/09\/2011<\/td><td>Gabinete do prefeito<\/td><td>Altera os dispositivos que menciona da Lei Municipal N\u00ba 128, de 26 de julho de 2007, e d\u00e1 outras provid\u00eancias<\/td><td>https:\/\/drive.google.com\/open?id=1Lpflo__qcR5uRFS56KvDnhVjvpG-3Vta&amp;usp=drive_copy<\/td>        <\/tr>\n            <tr data-row_id=\"94\" class=\"ninja_table_row_94 nt_row_id_94\">\n            <td>Lei<\/td><td>172\/2011<\/td><td>09\/09\/2011<\/td><td>Gabinete do prefeito<\/td><td>Disp\u00f5e sobre autoriza\u00e7\u00e3o para cess\u00e3o de uso onerosa ou n\u00e3o dos bens patrimoniais que especifica e institui o calend\u00e1rio agr\u00edcola no Munic\u00edpio de Abel Figueiredo<\/td><td>https:\/\/drive.google.com\/open?id=1M1UCj0FOJjdIrsXNo-nWyywAh2HGIpm5&amp;usp=drive_copy<\/td>        <\/tr>\n            <tr data-row_id=\"95\" class=\"ninja_table_row_95 nt_row_id_95\">\n            <td>Lei<\/td><td>171\/2011<\/td><td>13\/07\/2011<\/td><td>Gabinete do prefeito<\/td><td>Disp\u00f5e sobre o reajuste geral dos Servidores P\u00fablicos Municipais, e d\u00e1 outras provid\u00eancias<\/td><td>https:\/\/drive.google.com\/open?id=1Ccz2H-__ysy4aHCkJ9RJohqV39DHsxtz&amp;usp=drive_copy<\/td>        <\/tr>\n            <tr data-row_id=\"96\" class=\"ninja_table_row_96 nt_row_id_96\">\n            <td>Lei<\/td><td>169\/2011<\/td><td>13\/07\/2011<\/td><td>Gabinete do prefeito<\/td><td>Institui taxas decorrentes das atividades de licenciamento ambiental no Munic\u00edpio de Abel Figueiredo<\/td><td>https:\/\/drive.google.com\/open?id=12OX-2OO08tZNwPrAkabI9XUUO_EcO5NW&amp;usp=drive_copy<\/td>        <\/tr>\n            <tr data-row_id=\"97\" class=\"ninja_table_row_97 nt_row_id_97\">\n            <td>Lei<\/td><td>168\/2011<\/td><td>13\/07\/2011<\/td><td>Gabinete do prefeito<\/td><td>Disp\u00f5e sobre a pol\u00edtica municipal do meio ambiente e melhoria da qualidade de vida no Munic\u00edpio de Abel Figueiredo,e d\u00e1 outras provid\u00eancias<\/td><td>https:\/\/drive.google.com\/open?id=1GUpJarWgL9aZ-sg3_75XSMP5zm1QvlAx&amp;usp=drive_copy<\/td>        <\/tr>\n            <tr data-row_id=\"98\" class=\"ninja_table_row_98 nt_row_id_98\">\n            <td>Lei<\/td><td>167\/2011<\/td><td>11\/07\/2011<\/td><td>Gabinete do prefeito<\/td><td>Disp\u00f5e sobre a altera\u00e7\u00e3o da Lei Municipal N\u00ba 97, de 29 de mar\u00e7o de 2005, para acrescentar os par\u00e1grafos 3\u00ba e 4\u00ba ao art. 2\u00ba e o art 10-A, e d\u00e1 outras provid\u00eancias<\/td><td>https:\/\/drive.google.com\/open?id=1XCA2oWu8MqFveivBMXC67nTmO9ymB__e&amp;usp=drive_copy<\/td>        <\/tr>\n            <tr data-row_id=\"99\" class=\"ninja_table_row_99 nt_row_id_99\">\n            <td>Lei<\/td><td>166\/2011<\/td><td>06\/01\/2011<\/td><td>Gabinete do prefeito<\/td><td>LOA 2011 Estima a receita e fixa a despesa do Munic\u00edpio de Abel Figueiredo, para o exerc\u00edcio financeiro de 2011, e determina outras provid\u00eancias<\/td><td>https:\/\/drive.google.com\/open?id=1FqijrLeiAaQPIwr49h9nicLfyN__az4S&amp;usp=drive_copy<\/td>        <\/tr>\n            <tr data-row_id=\"100\" class=\"ninja_table_row_100 nt_row_id_100\">\n            <td>Lei<\/td><td>165\/2010<\/td><td>29\/12\/2010<\/td><td>Gabinete do prefeito<\/td><td>Disp\u00f5e sobre autoriza\u00e7\u00e3o para viagem do Prefeito Municipal para fora do Brasil, e d\u00e1 outras provid\u00eancias<\/td><td>https:\/\/drive.google.com\/open?id=1fse98tI1MedJrHSaQrk15I3FlvMrLCQv&amp;usp=drive_copy<\/td>        <\/tr>\n            <tr data-row_id=\"101\" class=\"ninja_table_row_101 nt_row_id_101\">\n            <td>Lei<\/td><td>164\/2010<\/td><td>30\/11\/2010<\/td><td>Gabinete do prefeito<\/td><td>Disp\u00f5e sobre a altera\u00e7\u00e3o e revoga\u00e7\u00e3o dos dispositivos que menciona da Lei Municipal N\u00ba 133, de 28 de dezembro de 2007, e d\u00e1 outras provid\u00eancias<\/td><td>https:\/\/drive.google.com\/open?id=1qMUQPmpB_5rGbi0Cjn_pnCFMPuxo8r-A&amp;usp=drive_copy<\/td>        <\/tr>\n            <tr data-row_id=\"102\" class=\"ninja_table_row_102 nt_row_id_102\">\n            <td>Lei<\/td><td>163\/2010<\/td><td>31\/08\/2010<\/td><td>Gabinete do prefeito<\/td><td>Autoriza o Poder Executivo Municipal a abrir cr\u00e9dito adicional especial no or\u00e7amento vigente do Munic\u00edpio de Abel Figueiredo<\/td><td>https:\/\/drive.google.com\/open?id=1_kdhu1mSE5jWpkQg05WNzDoJgerZzZk_&amp;usp=drive_copy<\/td>        <\/tr>\n            <tr data-row_id=\"103\" class=\"ninja_table_row_103 nt_row_id_103\">\n            <td>Lei<\/td><td>162\/2010<\/td><td>09\/08\/2010<\/td><td>Gabinete do prefeito<\/td><td>LDO 2011 Disp\u00f5e sobre as diretrizes para a elabora\u00e7\u00e3o da lei or\u00e7ament\u00e1ria de 2011, e d\u00e1 outras provid\u00eancias<\/td><td>https:\/\/drive.google.com\/open?id=14xlZskTkBCVUERtjbroHRyBio6dqe_05&amp;usp=drive_copy<\/td>        <\/tr>\n            <tr data-row_id=\"104\" class=\"ninja_table_row_104 nt_row_id_104\">\n            <td>Lei<\/td><td>161\/2010<\/td><td>09\/08\/2010<\/td><td>Gabinete do prefeito<\/td><td>Disp\u00f5e sobre a aliena\u00e7\u00e3o dos im\u00f3veis municipais que menciona, e d\u00e1 outras provid\u00eancias<\/td><td>https:\/\/drive.google.com\/open?id=1zu6N1M1vqDRvkHrfaxnlS9v8dZN4sJi7&amp;usp=drive_copy<\/td>        <\/tr>\n            <tr data-row_id=\"105\" class=\"ninja_table_row_105 nt_row_id_105\">\n            <td>Lei<\/td><td>160\/2010<\/td><td>09\/08\/2010<\/td><td>Gabinete do prefeito<\/td><td>Autoriza o Poder Executivo Municipal a abrir cr\u00e9dito adicional especial no or\u00e7amento vigente do Munic\u00edpio de Abel figueiredo<\/td><td>https:\/\/drive.google.com\/open?id=1bLuJXBbbr4QKt1D6gkphvseIJUWPDqBf&amp;usp=drive_copy<\/td>        <\/tr>\n            <tr data-row_id=\"106\" class=\"ninja_table_row_106 nt_row_id_106\">\n            <td>Lei<\/td><td>159\/2010<\/td><td>29\/06\/2010<\/td><td>Gabinete do prefeito<\/td><td>Cria o Fundo Municipal de habita\u00e7\u00e3o de Interesse Social \u2013 FHIS e institui o conselho Gestor do FHIS<\/td><td>https:\/\/drive.google.com\/open?id=1MyVzh09R73eoh9epi7e3csB-wBKzOmK2&amp;usp=drive_copy<\/td>        <\/tr>\n            <tr data-row_id=\"107\" class=\"ninja_table_row_107 nt_row_id_107\">\n            <td>Lei<\/td><td>158\/2010<\/td><td>08\/03\/2010<\/td><td>Gabinete do prefeito<\/td><td>Autoriza o Executivo Municipal a desenvolver a\u00e7\u00f5es para implementar o Programa Minha Casa Minha Vida (PMCMV), estabelecido pela Lei Federal N\u00ba 11.977\/2009<\/td><td>https:\/\/drive.google.com\/open?id=1VmfpHJup9douu8ONxOJnsy69ILSJfeGn&amp;usp=drive_copy<\/td>        <\/tr>\n            <tr data-row_id=\"108\" class=\"ninja_table_row_108 nt_row_id_108\">\n            <td>Lei<\/td><td>157\/2009<\/td><td>21\/12\/2009<\/td><td>Gabinete do prefeito<\/td><td>LOA 2010 Estima a receita e fixa a despesa do Munic\u00edpio de Abel Figueiredo, estado do Par\u00e1, para exerc\u00edcio financeiro em 2010, e d\u00e1 outras provid\u00eancias<\/td><td>https:\/\/drive.google.com\/open?id=1-ORWtwzat_YFKnlIOGUIorkKljUMZyA4&amp;usp=drive_copy<\/td>        <\/tr>\n            <tr data-row_id=\"109\" class=\"ninja_table_row_109 nt_row_id_109\">\n            <td>Lei<\/td><td>156\/2009<\/td><td>04\/11\/2009<\/td><td>Gabinete do prefeito<\/td><td>PPA 2010-2013 Disp\u00f5e sobre o Plano Plurianual do Munic\u00edpio de Abel Figueiredo, para o quadri\u00eanio 2010 a 2013, e d\u00e1 outras provid\u00eancias<\/td><td>https:\/\/drive.google.com\/open?id=1lI99FLkS8Zqy3u7bAL1CeSMkhxs_OUV1&amp;usp=drive_copy<\/td>        <\/tr>\n            <tr data-row_id=\"110\" class=\"ninja_table_row_110 nt_row_id_110\">\n            <td>Lei<\/td><td>155\/2009<\/td><td>04\/11\/2009<\/td><td>Gabinete do prefeito<\/td><td>Institui o Conselho Municipal de Educa\u00e7\u00e3o de Abel Figueiredo, conforme especifica<\/td><td>https:\/\/drive.google.com\/open?id=1VfM1E6lUzQIK4CtO8znxiIaYUI6BZU6S&amp;usp=drive_copy<\/td>        <\/tr>\n            <tr data-row_id=\"111\" class=\"ninja_table_row_111 nt_row_id_111\">\n            <td>Lei<\/td><td>154\/2009<\/td><td>04\/11\/2009<\/td><td>Gabinete do prefeito<\/td><td>Institui o sistema Municipal de Ensino do Munic\u00edpio de Abel Figueiredo, e d\u00e1 outras provid\u00eancias<\/td><td>https:\/\/drive.google.com\/open?id=1cJkGBUaJf39tCF5aMSAWunVOsQ9pjX6w&amp;usp=drive_copy<\/td>        <\/tr>\n            <tr data-row_id=\"112\" class=\"ninja_table_row_112 nt_row_id_112\">\n            <td>Lei<\/td><td>153\/2009<\/td><td>07\/10\/2009<\/td><td>Gabinete do prefeito<\/td><td>Disp\u00f5e sobre altera\u00e7\u00e3o no dispositivos que menciona da lei Municipal N\u00ba 146\/2009, e d\u00e1 outras provid\u00eancias<\/td><td>https:\/\/drive.google.com\/open?id=1kcECvsTaj4Bx6PULNCWVly63kTbVqxMS&amp;usp=drive_copy<\/td>        <\/tr>\n            <tr data-row_id=\"113\" class=\"ninja_table_row_113 nt_row_id_113\">\n            <td>Lei<\/td><td>151\/2009<\/td><td>02\/07\/2009<\/td><td>Gabinete do prefeito<\/td><td>Disp\u00f5e sobre a cria\u00e7\u00e3o do Conselho Municipal de Desenvolvimento Rural Sustent\u00e1vel do Munic\u00edpio Abel Figueiredo no Estado do Par\u00e1, e d\u00e1 outras provid\u00eancias<\/td><td>https:\/\/drive.google.com\/open?id=1pwZo111xqtd2HGL5ecpSFWM473ULHrB3&amp;usp=drive_copy<\/td>        <\/tr>\n            <tr data-row_id=\"114\" class=\"ninja_table_row_114 nt_row_id_114\">\n            <td>Lei<\/td><td>150\/2009<\/td><td>02\/07\/2009<\/td><td>Gabinete do prefeito<\/td><td>Disp\u00f5e sobre a altera\u00e7\u00e3o do art. 4\u00ba da Lei Municipal N\u00ba 52, de 08 de maio de 1997, e d\u00e1 outra provid\u00eancias<\/td><td>https:\/\/drive.google.com\/open?id=1deCG4a7MhlDzlnJvHORwXRNG_sga29Wf&amp;usp=drive_copy<\/td>        <\/tr>\n            <tr data-row_id=\"115\" class=\"ninja_table_row_115 nt_row_id_115\">\n            <td>Lei<\/td><td>149\/2009<\/td><td>02\/07\/2009<\/td><td>Gabinete do prefeito<\/td><td>Disp\u00f5e sobre a a altera\u00e7\u00e3o do artigo 89\u00ba da Lei Municipal N\u00ba 053\/97, de 10 de maio de 1997, e d\u00e1 outras provid\u00eancias<\/td><td>https:\/\/drive.google.com\/open?id=1sNMRtY8o3FSWohMQ5-4l5VtYqt5h8LaQ&amp;usp=drive_copy<\/td>        <\/tr>\n            <tr data-row_id=\"116\" class=\"ninja_table_row_116 nt_row_id_116\">\n            <td>Lei<\/td><td>148\/2009<\/td><td>02\/07\/2009<\/td><td>Gabinete do prefeito<\/td><td>Disp\u00f5e sobre medidas de combate ao uso de drogas e ao abuso e explora\u00e7\u00e3o sexual de crian\u00e7as e adolescentes no Munic\u00edpio de Abel Figueiredo, e d\u00e1 outras provid\u00eancias<\/td><td>https:\/\/drive.google.com\/open?id=1uPVYRXWRuItPc89BPaRZ7vA-K1-gt4Yv&amp;usp=drive_copy<\/td>        <\/tr>\n            <tr data-row_id=\"117\" class=\"ninja_table_row_117 nt_row_id_117\">\n            <td>Lei<\/td><td>146\/2009<\/td><td>19\/03\/2009<\/td><td>Gabinete do prefeito<\/td><td>Disp\u00f5e sobre autoriza\u00e7\u00e3o para concess\u00e3o de benef\u00edcios tribut\u00e1rios ou n\u00e3o, e d\u00e1 outras provid\u00eancias<\/td><td>https:\/\/drive.google.com\/open?id=1lfcsBqMIilkRvwX1KNqVMDjl6kwS8j1t&amp;usp=drive_copy<\/td>        <\/tr>\n            <tr data-row_id=\"118\" class=\"ninja_table_row_118 nt_row_id_118\">\n            <td>Lei<\/td><td>145\/2009<\/td><td>26\/01\/2009<\/td><td>Gabinete do prefeito<\/td><td>Disp\u00f5e sobre a autoriza\u00e7\u00e3o para o Poder Executivo Municipal a contribuir mensalmente com a entidade nacional de representa\u00e7\u00e3o dos munic\u00edpios do Estado do Par\u00e1<\/td><td>https:\/\/drive.google.com\/open?id=1Xo_kjpOMCcGcLJHY65Sgq2uoq-Za8uxN&amp;usp=drive_copy<\/td>        <\/tr>\n            <tr data-row_id=\"119\" class=\"ninja_table_row_119 nt_row_id_119\">\n            <td>Lei<\/td><td>144\/2009<\/td><td>26\/01\/2009<\/td><td>Gabinete do prefeito<\/td><td>Disp\u00f5e sobre a autoriza\u00e7\u00e3o para concess\u00e3o de benef\u00edcios tribut\u00e1rios, e d\u00e1 outras provid\u00eancias<\/td><td>https:\/\/drive.google.com\/open?id=17s3fMtN1RImbWtjAEFFdDQFkkXmxl9J9&amp;usp=drive_copy<\/td>        <\/tr>\n            <tr data-row_id=\"120\" class=\"ninja_table_row_120 nt_row_id_120\">\n            <td>Lei<\/td><td>143\/2009<\/td><td>26\/01\/2009<\/td><td>Gabinete do prefeito<\/td><td>Disp\u00f5e sobre altera\u00e7\u00e3o dos dispositivos que menciona da lei Municipal N\u00ba 124, de 27 de fevereiro de 2007, e d\u00e1 outras provid\u00eancias<\/td><td>https:\/\/drive.google.com\/open?id=1zuzZOY8hNMoYq9bw_KLmVidFxkDFmoBk&amp;usp=drive_copy<\/td>        <\/tr>\n            <tr data-row_id=\"121\" class=\"ninja_table_row_121 nt_row_id_121\">\n            <td>Lei<\/td><td>142\/2008<\/td><td>30\/12\/2008<\/td><td>Gabinete do prefeito<\/td><td>Disp\u00f5e sobre a autoriza\u00e7\u00e3o para a participa\u00e7\u00e3o do Munic\u00edpio de Abel Figueiredo no Cons\u00f3rcio P\u00fablico Intermunicipal para o desenvolvimento sustent\u00e1vel da BR-222 \u2013 CIDES, ratifica o protocolo de inten\u00e7\u00f5es, e d\u00e1 outras provid\u00eancias<\/td><td>https:\/\/drive.google.com\/open?id=1GAhy2njNPLRJL-m326npyIYxPeT1IEgB&amp;usp=drive_copy<\/td>        <\/tr>\n            <tr data-row_id=\"122\" class=\"ninja_table_row_122 nt_row_id_122\">\n            <td>Lei<\/td><td>141\/2008<\/td><td>30\/12\/2008<\/td><td>Gabinete do prefeito<\/td><td>Disp\u00f5e sobre a permuta dos bens im\u00f3veis que menciona, e d\u00e1 outras provid\u00eancias<\/td><td>https:\/\/drive.google.com\/open?id=1jiJDECwjki-nUscaaDwrz-NvBR3NglKB&amp;usp=drive_copy<\/td>        <\/tr>\n            <tr data-row_id=\"123\" class=\"ninja_table_row_123 nt_row_id_123\">\n            <td>Lei<\/td><td>139\/2008<\/td><td>18\/12\/2008<\/td><td>Gabinete do prefeito<\/td><td>Fixa o subs\u00eddio do Prefeito, Vice-Prefeito e dos Secret\u00e1rios Municipais do Munic\u00edpio de Abel Figueiredo, Estado do Par\u00e1, para gest\u00e3o 2009\/2012, e d\u00e1 outras provid\u00eancias<\/td><td>https:\/\/drive.google.com\/open?id=1VevMm-PY2yUFc2D4wCHaWMws1vQvj6ao&amp;usp=drive_copy<\/td>        <\/tr>\n            <tr data-row_id=\"124\" class=\"ninja_table_row_124 nt_row_id_124\">\n            <td>Lei<\/td><td>138\/2008<\/td><td>04\/11\/2008<\/td><td>Gabinete do prefeito<\/td><td>Disp\u00f5e sobre autoriza\u00e7\u00e3o para abertura de cr\u00e9dito adicionais suplementares o or\u00e7amento vigente do munic\u00edpio at\u00e9 o limite que indica, e d\u00e1 outras provid\u00eancias<\/td><td>https:\/\/drive.google.com\/open?id=1VWA9hnAR8mYMPkuSQ86ViyNSZI8Y3Pqw&amp;usp=drive_copy<\/td>        <\/tr>\n            <tr data-row_id=\"125\" class=\"ninja_table_row_125 nt_row_id_125\">\n            <td>Lei org\u00e2nica<\/td><td><\/td><td><\/td><td>Gabinete do prefeito<\/td><td>Lei Org\u00e2nica<\/td><td>https:\/\/drive.google.com\/open?id=1JBlIdaSva6AdvQlHdjg_JM87g53V7Vy5&amp;usp=drive_copy<\/td>        <\/tr>\n            <tr data-row_id=\"126\" class=\"ninja_table_row_126 nt_row_id_126\">\n            <td>Lei<\/td><td>136\/2008<\/td><td>22\/04\/2008<\/td><td>Gabinete do prefeito<\/td><td>Disp\u00f5e sobre autoriza\u00e7\u00e3o para outorga de concess\u00e3o de direito real de uso de im\u00f3vel municipal, e d\u00e1 outras provid\u00eancias<\/td><td>https:\/\/drive.google.com\/open?id=1boH63dwNInCEhbvktD6pc2A8a2xAukIc&amp;usp=drive_copy<\/td>        <\/tr>\n            <tr data-row_id=\"127\" class=\"ninja_table_row_127 nt_row_id_127\">\n            <td>Lei<\/td><td>135\/2008<\/td><td>22\/04\/2008<\/td><td>Gabinete do prefeito<\/td><td>Altera a Lei Municipal N\u00ba 128, de 26 de julho de 2007 Plano de Carreira e Remunera\u00e7\u00e3o do Funcionalismo P\u00fablico Municipal, para adequa\u00e7\u00e3o dos valores do vencimento b\u00e1sico da carreira dos profissionais que menciona, e d\u00e1 outras provid\u00eancias<\/td><td>https:\/\/drive.google.com\/open?id=19DezxJQqwO3Swmlhpoo-bOnX5X_jIoAF&amp;usp=drive_copy<\/td>        <\/tr>\n            <tr data-row_id=\"128\" class=\"ninja_table_row_128 nt_row_id_128\">\n            <td>Lei<\/td><td>134\/2008<\/td><td>14\/03\/2008<\/td><td>Gabinete do prefeito<\/td><td>Disp\u00f5e sobre a autoriza\u00e7\u00e3o para participa\u00e7\u00e3o do Munic\u00edpio de Abel Figueiredo, no Cons\u00f3rcio intermunicipal de Sa\u00fade do Araguaia e Tocantins \u2013 CISAT, ratifica o protocolo de inten\u00e7\u00f5es, e d\u00e1 outras provid\u00eancias<\/td><td>https:\/\/drive.google.com\/open?id=1akUQIZxycsNnj-6zJGPzPTyJTmh2nh1D&amp;usp=drive_copy<\/td>        <\/tr>\n            <tr data-row_id=\"129\" class=\"ninja_table_row_129 nt_row_id_129\">\n            <td>Lei<\/td><td>133\/2007<\/td><td>28\/12\/2007<\/td><td>Gabinete do prefeito<\/td><td>Disp\u00f5e sobre o Plano de Carreira e Remunera\u00e7\u00e3o do Magist\u00e9rio P\u00fablico do Munic\u00edpio de Abel Figueiredo, e d\u00e1 outra provid\u00eancias<\/td><td>https:\/\/drive.google.com\/open?id=1UAkiXDYkPQnkSmIkeKICathMpX4aUx2R&amp;usp=drive_copy<\/td>        <\/tr>\n            <tr data-row_id=\"130\" class=\"ninja_table_row_130 nt_row_id_130\">\n            <td>Lei<\/td><td>131\/2007<\/td><td>26\/12\/2007<\/td><td>Gabinete do prefeito<\/td><td>Disp\u00f5e sobre a permuta dos bens im\u00f3veis que menciona, e d\u00e1 outra provid\u00eancias<\/td><td>https:\/\/drive.google.com\/open?id=1cPqpk6Nu_4EiliLY9APfJGUueIRtaj2M&amp;usp=drive_copy<\/td>        <\/tr>\n            <tr data-row_id=\"131\" class=\"ninja_table_row_131 nt_row_id_131\">\n            <td>Lei<\/td><td>130\/2007<\/td><td>26\/12\/2007<\/td><td>Gabinete do prefeito<\/td><td>Cria os cargos p\u00fablicos de agentes comunit\u00e1rios de sa\u00fade e de agente de combate \u00e0s endemias para adequa\u00e7\u00e3o \u00e0 emenda constitucional N\u00ba 051\/2006, e d\u00e1 outras provid\u00eancias<\/td><td>https:\/\/drive.google.com\/open?id=1s2daVjgQyICP3WehgIq1iH1QKcRRFQ20&amp;usp=drive_copy<\/td>        <\/tr>\n            <tr data-row_id=\"132\" class=\"ninja_table_row_132 nt_row_id_132\">\n            <td>Lei<\/td><td>129-A\/2007<\/td><td>27\/11\/2007<\/td><td>Gabinete do prefeito<\/td><td>Disp\u00f5e sobre autoriza\u00e7\u00e3o ao Poder Executivo para aquisi\u00e7\u00e3o do im\u00f3vel que especifica, com fins de loteamento p\u00fablico para suprir d\u00e9ficit habitacional no munic\u00edpio, e d\u00e1 outras provid\u00eancias<\/td><td>https:\/\/drive.google.com\/open?id=1aX9-foeNRk0c_GM3RK1eeOscFehMYPG4&amp;usp=drive_copy<\/td>        <\/tr>\n            <tr data-row_id=\"133\" class=\"ninja_table_row_133 nt_row_id_133\">\n            <td>Lei<\/td><td>129\/2007<\/td><td>22\/10\/2007<\/td><td>Gabinete do prefeito<\/td><td>Autoriza o Poder Executivo Municipal a celebrar termo de cess\u00e3o de uso de im\u00f3vel de propriedade do munic\u00edpio com o cons\u00f3rcio intermunicipal para o desenvolvimento sustent\u00e1vel da BR-222 CIDES, e d\u00e1 outras provid\u00eancias<\/td><td>https:\/\/drive.google.com\/open?id=1-j8isIDgp0iqcYUO7CdbmTty2Zhmsows&amp;usp=drive_copy<\/td>        <\/tr>\n            <tr data-row_id=\"134\" class=\"ninja_table_row_134 nt_row_id_134\">\n            <td>Lei<\/td><td>127\/2007<\/td><td>26\/07\/2007<\/td><td>Gabinete do prefeito<\/td><td>LDO 2008 Disp\u00f5e sobre as diretrizes para a elabora\u00e7\u00e3o da lei or\u00e7amentaria de 2008, e d\u00e1 outras provid\u00eancias<\/td><td>https:\/\/drive.google.com\/open?id=1aIhbu0LsQ-84CS1TkUeR5uu3OsP8trLp&amp;usp=drive_copy<\/td>        <\/tr>\n            <tr data-row_id=\"135\" class=\"ninja_table_row_135 nt_row_id_135\">\n            <td>Lei<\/td><td>128\/2007<\/td><td>26\/07\/2007<\/td><td>Gabinete do prefeito<\/td><td>Institui o plano de carreira, cargos e vencimentos da prefeitura municipal de Abel Figueiredo e d\u00e1 outras provid\u00eancias<\/td><td>https:\/\/drive.google.com\/open?id=1TQVUUI6OlIeP4Nx8Xr7qvWGt3ipUjq2W&amp;usp=drive_copy<\/td>        <\/tr>\n            <tr data-row_id=\"136\" class=\"ninja_table_row_136 nt_row_id_136\">\n            <td>Lei<\/td><td>126\/2007<\/td><td>23\/05\/2007<\/td><td>Gabinete do prefeito<\/td><td>Disp\u00f5e sobre autoriza\u00e7\u00e3o para pagamento de d\u00edvidas, com utiliza\u00e7\u00e3o de receita de cotas do imposto sobre opera\u00e7\u00f5es relativas \u00e0 circula\u00e7\u00e3o de mercadorias e sobre presta\u00e7\u00f5es de servi\u00e7os de transporte interestadual e intermunicipal e de comunica\u00e7\u00e3o<\/td><td>https:\/\/drive.google.com\/open?id=11xY9tvK64NaPo_gCfa9UttC5siaESibW&amp;usp=drive_copy<\/td>        <\/tr>\n            <tr data-row_id=\"137\" class=\"ninja_table_row_137 nt_row_id_137\">\n            <td>Lei<\/td><td>125\/2007<\/td><td>16\/05\/2007<\/td><td>Gabinete do prefeito<\/td><td>Autoriza o Poder Executivo a desenvolver a\u00e7\u00f5es e aporte de contrapartida municipal para implementar o Programa Carta de Credito, Recursos FGTS na modalidade produ\u00e7\u00e3o de unidade habitacionais opera\u00e7\u00f5es coletivas, e d\u00e1 outras provid\u00eancias<\/td><td>https:\/\/drive.google.com\/open?id=1ieVtn0ezYoDuGmJvubl42HkujaUijvwW&amp;usp=drive_copy<\/td>        <\/tr>\n            <tr data-row_id=\"138\" class=\"ninja_table_row_138 nt_row_id_138\">\n            <td>Lei<\/td><td>124\/2007<\/td><td>27\/02\/2007<\/td><td>Gabinete do prefeito<\/td><td>Disp\u00f5e sobre a cria\u00e7\u00e3o do Conselho Municipal de Acompanhamento e Controle Social do Fundo de Manuten\u00e7\u00e3o e Desenvolvimento da Educa\u00e7\u00e3o B\u00e1sica e de Valoriza\u00e7\u00e3o dos Profissionais da Educa\u00e7\u00e3o, Conselho do FUNDEB<\/td><td>https:\/\/drive.google.com\/open?id=1ijdghpx8jOO_YX8Hcrn61kYdEsfF1Djb&amp;usp=drive_copy<\/td>        <\/tr>\n            <tr data-row_id=\"139\" class=\"ninja_table_row_139 nt_row_id_139\">\n            <td>Lei<\/td><td>123\/2007<\/td><td>27\/02\/2007<\/td><td>Gabinete do prefeito<\/td><td>Disp\u00f5e sobre cria\u00e7\u00e3o do fundo municipal para gest\u00e3o da movimenta\u00e7\u00e3o dos recursos do FUNDEB, e d\u00e1 outras provid\u00eancias<\/td><td>https:\/\/drive.google.com\/open?id=1XgNVXr_HQmXLA3hvGh6-WmUd2H5ycIlB&amp;usp=drive_copy<\/td>        <\/tr>\n            <tr data-row_id=\"140\" class=\"ninja_table_row_140 nt_row_id_140\">\n            <td>Lei<\/td><td>122\/2006<\/td><td>28\/12\/2006<\/td><td>Gabinete do prefeito<\/td><td>Disp\u00f5e sobre autoriza\u00e7\u00e3o para participa\u00e7\u00e3o do Munic\u00edpio de Abel Figueiredo no cons\u00f3rcio intermunicipal de sa\u00fade \u2013 CISAT, ratifica o protocolo de inten\u00e7\u00e3o, e d\u00e1 outra provid\u00eancias<\/td><td>https:\/\/drive.google.com\/open?id=18r16vsKAN6VzsVkqgKPL6iYfUkqAnUzh&amp;usp=drive_copy<\/td>        <\/tr>\n            <tr data-row_id=\"141\" class=\"ninja_table_row_141 nt_row_id_141\">\n            <td>Lei<\/td><td>121\/2006<\/td><td>28\/12\/2006<\/td><td>Gabinete do prefeito<\/td><td>Cria o servi\u00e7o aut\u00f4nomo de \u00e1gua de Abel Figueiredo, como entidade aut\u00e1rquica de direito p\u00fablico, da administra\u00e7\u00e3o indireta, e d\u00e1 outras provid\u00eancias<\/td><td>https:\/\/drive.google.com\/open?id=1R6vwkZbU3LJ6wvfWatSFZg2RCGvLBIOI&amp;usp=drive_copy<\/td>        <\/tr>\n            <tr data-row_id=\"142\" class=\"ninja_table_row_142 nt_row_id_142\">\n            <td>Lei<\/td><td>120\/2006<\/td><td>28\/12\/2006<\/td><td>Gabinete do prefeito<\/td><td>Disp\u00f5e sobre a institui\u00e7\u00e3o do dia Municipal da Limpeza P\u00fablica de Abel Figueiredo, e d\u00e1 outras provid\u00eancias<\/td><td>https:\/\/drive.google.com\/open?id=1SssnKOe7x7ToI_NnRisrV5JIjreanNZj&amp;usp=drive_copy<\/td>        <\/tr>\n            <tr data-row_id=\"143\" class=\"ninja_table_row_143 nt_row_id_143\">\n            <td>Lei<\/td><td>119\/2006<\/td><td>09\/11\/2006<\/td><td>Gabinete do prefeito<\/td><td>Disp\u00f5e sobre denomina\u00e7\u00e3o ou modifica\u00e7\u00e3o de nomes de vias p\u00fablicas, pra\u00e7as, escolas, bairros e demais logradouros p\u00fablicos do Munic\u00edpio de Abel Figueiredo, e d\u00e1 outras provid\u00eancias<\/td><td>https:\/\/drive.google.com\/open?id=1YYTHX9uAybO9N8dcxBWTZRN-SgbEXAkp&amp;usp=drive_copy<\/td>        <\/tr>\n            <tr data-row_id=\"144\" class=\"ninja_table_row_144 nt_row_id_144\">\n            <td>Lei<\/td><td>118\/2006<\/td><td>17\/10\/2006<\/td><td>Gabinete do prefeito<\/td><td>Disp\u00f5e sobre altera\u00e7\u00e3o da data dos festejos comemorativos alusivos ao anivers\u00e1rio do Munic\u00edpio de Abel Figueiredo, e d\u00e1 outras provid\u00eancias<\/td><td>https:\/\/drive.google.com\/open?id=1gyYc31nfQnoGvIT2RPH8Xb0hEnEJGy-H&amp;usp=drive_copy<\/td>        <\/tr>\n            <tr data-row_id=\"145\" class=\"ninja_table_row_145 nt_row_id_145\">\n            <td>Lei<\/td><td>117\/2006<\/td><td>17\/10\/2006<\/td><td>Gabinete do prefeito<\/td><td>Disp\u00f5e sobre a concess\u00e3o, limita\u00e7\u00e3o e distribui\u00e7\u00e3o de ve\u00edculos de aluguel (Taxi), no munic\u00edpio de Abel Figueiredo, e d\u00e1 outras provid\u00eancias<\/td><td>https:\/\/drive.google.com\/open?id=1gmFd1B2QE7wu3AiMUH8xN3HKUqDxyp47&amp;usp=drive_copy<\/td>        <\/tr>\n            <tr data-row_id=\"146\" class=\"ninja_table_row_146 nt_row_id_146\">\n            <td>Lei<\/td><td>115\/2006<\/td><td>14\/08\/2006<\/td><td>Gabinete do prefeito<\/td><td>LDO 2007 Disp\u00f5e sobre as diretrizes par a elabora\u00e7\u00e3o da lei or\u00e7amentaria de 2007, e d\u00e1 outras provid\u00eancias<\/td><td>https:\/\/drive.google.com\/open?id=1vnQfwcREyjr15Vj4bwKg1uNxu62bd3PX&amp;usp=drive_copy<\/td>        <\/tr>\n            <tr data-row_id=\"147\" class=\"ninja_table_row_147 nt_row_id_147\">\n            <td>Lei<\/td><td>114\/2006<\/td><td>27\/06\/2006<\/td><td>Gabinete do prefeito<\/td><td>Disp\u00f5e sobre a aliena\u00e7\u00e3o de bens im\u00f3veis pertencentes ao munic\u00edpio de Abel Figueiredo, e d\u00e1 outras provid\u00eancias<\/td><td>https:\/\/drive.google.com\/open?id=18K05-JU47ycmLQXmAzHFTa5V7VjQRjjk&amp;usp=drive_copy<\/td>        <\/tr>\n            <tr data-row_id=\"148\" class=\"ninja_table_row_148 nt_row_id_148\">\n            <td>Lei<\/td><td>113\/2006<\/td><td>30\/05\/2006<\/td><td>Gabinete do prefeito<\/td><td>Altera a Lei Municipal N\u00ba 053, de 10 de maio de 1997, regime jur\u00eddico \u00fanico dos servidores municipais, apra conferir nova disciplina aos casos de licen\u00e7a para tratar de interesses particulares, e d\u00e1 outras provid\u00eancias<\/td><td>https:\/\/drive.google.com\/open?id=1tgthVqyhZhdvi2fXQ4NAo9q7y9Yvo0Kx&amp;usp=drive_copy<\/td>        <\/tr>\n            <tr data-row_id=\"149\" class=\"ninja_table_row_149 nt_row_id_149\">\n            <td>Lei<\/td><td>112\/2006<\/td><td>30\/05\/2006<\/td><td>Gabinete do prefeito<\/td><td>Institui o c\u00f3digo de vigil\u00e2ncia em sa\u00fade do Munic\u00edpio de Abel Figueiredo, e d\u00e1 outras provid\u00eancias<\/td><td>https:\/\/drive.google.com\/open?id=1MppvMIt9WO2eNWNC9gf_RFrgKtgC07C9&amp;usp=drive_copy<\/td>        <\/tr>\n            <tr data-row_id=\"150\" class=\"ninja_table_row_150 nt_row_id_150\">\n            <td>Lei<\/td><td>111\/2006<\/td><td>10\/05\/2006<\/td><td>Gabinete do prefeito<\/td><td>Disp\u00f5e sobre concess\u00e3o de aux\u00edlios, subven\u00e7\u00f5es e subs\u00eddios a pessoas f\u00edsicas ou jur\u00eddicas, entidades privados ou p\u00fablicas no Munic\u00edpio de Abel Figueiredo, e determina outras provid\u00eancias<\/td><td>https:\/\/drive.google.com\/open?id=1HB6rmAW7KWuW6T7LgfAsWk1EccHN-kSj&amp;usp=drive_copy<\/td>        <\/tr>\n            <tr data-row_id=\"151\" class=\"ninja_table_row_151 nt_row_id_151\">\n            <td>Lei<\/td><td>110\/2006<\/td><td>28\/04\/2006<\/td><td>Gabinete do prefeito<\/td><td>Autoriza o Poder Executivo Municipal a firmar conv\u00eanio com institui\u00e7\u00f5es financeiras para a concess\u00e3o de empr\u00e9stimos aos servidores p\u00fablicos municipais<\/td><td>https:\/\/drive.google.com\/open?id=1QuUfrB8IFCI12dGEvqkwTVYXYysjpPZy&amp;usp=drive_copy<\/td>        <\/tr>\n            <tr data-row_id=\"152\" class=\"ninja_table_row_152 nt_row_id_152\">\n            <td>Lei<\/td><td>109\/2006<\/td><td>19\/01\/2006<\/td><td>Gabinete do prefeito<\/td><td>Autoriza a Prefeitura Municipal de Abel Figueiredo a celebrar conv\u00eanio de coopera\u00e7\u00e3o e reciprocidade acad\u00eamica com a universidade San Francisco Xavier de Chuquisaca, na Bol\u00edvia, e d\u00e1 outras provid\u00eancias<\/td><td>https:\/\/drive.google.com\/open?id=1Iqu6hCzslTlGS7IlGtIpfQEIViG4YXU-&amp;usp=drive_copy<\/td>        <\/tr>\n            <tr data-row_id=\"153\" class=\"ninja_table_row_153 nt_row_id_153\">\n            <td>Lei<\/td><td>108\/2005<\/td><td>16\/12\/2005<\/td><td>Gabinete do prefeito<\/td><td>Autoriza o Munic\u00edpio de Abel Figueiredo a participar do cons\u00f3rcio intermunicipal de sa\u00fade do Araguaia e Tocantins \u2013 CISAT, e d\u00e1 outras provid\u00eancias<\/td><td>https:\/\/drive.google.com\/open?id=1CA-GFkqiy-P3Dg0Ff3mWLdmCwq-MOnoy&amp;usp=drive_copy<\/td>        <\/tr>\n            <tr data-row_id=\"154\" class=\"ninja_table_row_154 nt_row_id_154\">\n            <td>Lei<\/td><td>107\/2005<\/td><td>13\/12\/2005<\/td><td>Gabinete do prefeito<\/td><td>Autoriza o Munic\u00edpio de Abel Figueiredo a participar do cons\u00f3rcio intermunicipal para o desenvolvimento sustentado da regi\u00e3o da BR-222, e d\u00e1 outras provid\u00eancias<\/td><td>https:\/\/drive.google.com\/open?id=16bLXADbJCB4kdSL1Cefkrk2wCgAu83lS&amp;usp=drive_copy<\/td>        <\/tr>\n            <tr data-row_id=\"155\" class=\"ninja_table_row_155 nt_row_id_155\">\n            <td>Lei<\/td><td>106\/2005<\/td><td>13\/12\/2005<\/td><td>Gabinete do prefeito<\/td><td>Institui no Munic\u00edpio de Abel Figueiredo a contribui\u00e7\u00e3o para custeio da ilumina\u00e7\u00e3o p\u00fablica prevista no artigo 149 da constitui\u00e7\u00e3o federal, e determina outras provid\u00eancias<\/td><td>https:\/\/drive.google.com\/open?id=1Qq_JYsb3SkYnV-Y3b0spNLJoe4Tsywk6&amp;usp=drive_copy<\/td>        <\/tr>\n            <tr data-row_id=\"156\" class=\"ninja_table_row_156 nt_row_id_156\">\n            <td>Lei<\/td><td>105\/2005<\/td><td>13\/12\/2005<\/td><td>Gabinete do prefeito<\/td><td>LOA 2006 Estima a receita e fixa a despesa do Munic\u00edpio de Abel Figueiredo, para o exerc\u00edcio financeiro de 2006, e determina outras provid\u00eancias<\/td><td>https:\/\/drive.google.com\/open?id=1i9VrjqEK56rAXfPf_91UjPTJi3SRKnsR&amp;usp=drive_copy<\/td>        <\/tr>\n            <tr data-row_id=\"157\" class=\"ninja_table_row_157 nt_row_id_157\">\n            <td>Lei<\/td><td>104\/2005<\/td><td>23\/11\/2005<\/td><td>Gabinete do prefeito<\/td><td>Disp\u00f5e sobre autoriza\u00e7\u00e3o ao Poder Executivo para compra do im\u00f3vel urbano que especifica, e d\u00e1 outras provid\u00eancias<\/td><td>https:\/\/drive.google.com\/open?id=1YBx6BbKMZ5OrnCSCAOtU2tEm2XDUVmBH&amp;usp=drive_copy<\/td>        <\/tr>\n            <tr data-row_id=\"158\" class=\"ninja_table_row_158 nt_row_id_158\">\n            <td>Lei<\/td><td>103\/2005<\/td><td>23\/11\/2005<\/td><td>Gabinete do prefeito<\/td><td>Disp\u00f5e sobre abertura de credito especial no or\u00e7amento vigente, e d\u00e1 outras provid\u00eancias<\/td><td>https:\/\/drive.google.com\/open?id=1TxmRlb1n5ieyV6e-677MyetBbqBA9zRF&amp;usp=drive_copy<\/td>        <\/tr>\n            <tr data-row_id=\"159\" class=\"ninja_table_row_159 nt_row_id_159\">\n            <td>Lei<\/td><td>102\/2005<\/td><td>23\/11\/2005<\/td><td>Gabinete do prefeito<\/td><td>PPA 2006-2009 Disp\u00f5e sobre o Plano Plurianual do Munic\u00edpio de Abel Figueiredo, para o per\u00edodo de 2006\/2009, e d\u00e1 outras provid\u00eancias<\/td><td>https:\/\/drive.google.com\/open?id=1yG3_WAIddCE919xt_1jgHGHxG5Drnye5&amp;usp=drive_copy<\/td>        <\/tr>\n            <tr data-row_id=\"160\" class=\"ninja_table_row_160 nt_row_id_160\">\n            <td>Lei<\/td><td>101\/2005<\/td><td>28\/06\/2005<\/td><td>Gabinete do prefeito<\/td><td>LDO 2006 Disp\u00f5e sobre as diretrizes para a elabora\u00e7\u00e3o da lei or\u00e7ament\u00e1ria de 2006, e d\u00e1 outras provid\u00eancias<\/td><td>https:\/\/drive.google.com\/open?id=1TCw483aT5cax0iQK3lEGWYZvXalwTiUb&amp;usp=drive_copy<\/td>        <\/tr>\n            <tr data-row_id=\"161\" class=\"ninja_table_row_161 nt_row_id_161\">\n            <td>Lei<\/td><td>100\/2005<\/td><td>24\/05\/2005<\/td><td>Gabinete do prefeito<\/td><td>Autoriza o chefe do Poder Executivo Municipal a pagar quantia em dinheiro, a t\u00edtulo de indeniza\u00e7\u00e3o, para fam\u00edlias de baixa renda a serem removidas da \u00e1rea da Prainha, e determina outras provid\u00eancias<\/td><td>https:\/\/drive.google.com\/open?id=15P2seqLwkIfrs05IHjnIlPkO9qrtu_lw&amp;usp=drive_copy<\/td>        <\/tr>\n            <tr data-row_id=\"162\" class=\"ninja_table_row_162 nt_row_id_162\">\n            <td>Lei<\/td><td>098\/2005<\/td><td>08\/04\/2005<\/td><td>Gabinete do prefeito<\/td><td>Disp\u00f5e sobre casos de despesas onde aplica-se o regime de adiantamento, e d\u00e1 outras provid\u00eancias<\/td><td>https:\/\/drive.google.com\/open?id=1dOd1PK1r0o_luDOItTspi227I-WbZr-Y&amp;usp=drive_copy<\/td>        <\/tr>\n            <tr data-row_id=\"163\" class=\"ninja_table_row_163 nt_row_id_163\">\n            <td>Lei<\/td><td>097\/2005<\/td><td>29\/03\/2005<\/td><td>Gabinete do prefeito<\/td><td>Institui o sistema de controle interno no Munic\u00edpio de Abel Figueiredo no \u00e2mbito do Poder Executivo, e d\u00e1 outras provid\u00eancias<\/td><td>https:\/\/drive.google.com\/open?id=1MgDYtjmzP8jFb4PIWJS1gZTbLoi4GKtC&amp;usp=drive_copy<\/td>        <\/tr>\n            <tr data-row_id=\"164\" class=\"ninja_table_row_164 nt_row_id_164\">\n            <td>Lei<\/td><td>096\/2005<\/td><td>08\/03\/2005<\/td><td>Gabinete do prefeito<\/td><td>Cria cargos em comiss\u00e3o na estrutura organizacional da C\u00e2mera Municipal de Abel Figueiredo, e d\u00e1 outras provid\u00eancias<\/td><td>https:\/\/drive.google.com\/open?id=1wELGVUQGh_02YKwgdS1sMCX_QGk-oXq0&amp;usp=drive_copy<\/td>        <\/tr>\n            <tr data-row_id=\"165\" class=\"ninja_table_row_165 nt_row_id_165\">\n            <td>Lei<\/td><td>095\/2004<\/td><td>20\/12\/2004<\/td><td>Gabinete do prefeito<\/td><td>Disp\u00f5e sobre a fixa\u00e7\u00e3o dos subs\u00eddios do Prefeito, Vice-Prefeito e dos Secret\u00e1rios Municipais a partir de 1\u00ba de janeiro de 2005<\/td><td>https:\/\/drive.google.com\/open?id=1dSSIgpHbothL1ntR0Y7o74lFFxSh0-X6&amp;usp=drive_copy<\/td>        <\/tr>\n            <tr data-row_id=\"166\" class=\"ninja_table_row_166 nt_row_id_166\">\n            <td>Lei<\/td><td>094\/2004<\/td><td>17\/12\/2004<\/td><td>Gabinete do prefeito<\/td><td>Institui e fixa o valor da unidade fiscal do munic\u00edpio, e d\u00e1 outras provid\u00eancias<\/td><td>https:\/\/drive.google.com\/open?id=1N-1C4oKuk-O2j-Ydr4z_CaAe_HxKm09C&amp;usp=drive_copy<\/td>        <\/tr>\n            <tr data-row_id=\"167\" class=\"ninja_table_row_167 nt_row_id_167\">\n            <td>Lei<\/td><td>093\/2004<\/td><td>17\/12\/2004<\/td><td>Gabinete do prefeito<\/td><td>Disp\u00f5e sobre a altera\u00e7\u00e3o e revoga\u00e7\u00e3o dos dispositivos que menciona do c\u00f3digo tribut\u00e1rio municipal, e d\u00e1 outras provid\u00eancias<\/td><td>https:\/\/drive.google.com\/open?id=1bonwgw613le4Xq691Ot1peNbOrhnHLKD&amp;usp=drive_copy<\/td>        <\/tr>\n            <tr data-row_id=\"168\" class=\"ninja_table_row_168 nt_row_id_168\">\n            <td>Lei<\/td><td>092\/2004<\/td><td>07\/12\/2004<\/td><td>Gabinete do prefeito<\/td><td>Disp\u00f5e sobre a abertura de cr\u00e9dito adicional especial, na forma que especifica<\/td><td>https:\/\/drive.google.com\/open?id=1Rs_tKjnOfdJsYiUCplfs80oj_7fMhFBW&amp;usp=drive_copy<\/td>        <\/tr>\n            <tr data-row_id=\"169\" class=\"ninja_table_row_169 nt_row_id_169\">\n            <td>Lei<\/td><td>091\/2004<\/td><td>07\/12\/2004<\/td><td>Gabinete do prefeito<\/td><td>LOA 2005 Estima a receita e fixa a despesa do munic\u00edpio de Abel Figueiredo-PA, para o exerc\u00edcio financeiro de 2005 e determina outras provid\u00eancias<\/td><td>https:\/\/drive.google.com\/open?id=1clEGWjX-GRPeEi5XuiEWoIpITJHzgzHb&amp;usp=drive_copy<\/td>        <\/tr>\n            <tr data-row_id=\"170\" class=\"ninja_table_row_170 nt_row_id_170\">\n            <td>Lei<\/td><td>090\/2003<\/td><td>29\/12\/2003<\/td><td>Gabinete do prefeito<\/td><td>Disp\u00f5e sobre as modifica\u00e7\u00f5es no iss institu\u00eddas pela lc 116\/03 e atribui a responsabilidade tribut\u00e1ria, na condi\u00e7\u00e3o de substituto tribut\u00e1rio do iss \u2013 imposto sobre servi\u00e7os de qualquer natureza, \u00e0s empresas aut\u00f3nomos que profissionais e\/ou contratarem e\/ou intermediarem servi\u00e7os no munic\u00edpio de Abel figueiredo e d\u00e1 outras provid\u00eancias.<\/td><td>https:\/\/drive.google.com\/open?id=1koZO4IURN3ut6bo-vnMq3tEBrpycr-Qi&amp;usp=drive_copy<\/td>        <\/tr>\n            <tr data-row_id=\"171\" class=\"ninja_table_row_171 nt_row_id_171\">\n            <td>Lei<\/td><td>089\/2003<\/td><td>29\/12\/2003<\/td><td>Gabinete do prefeito<\/td><td>Implementa a pol\u00edtica de meio ambiente, cria o sistema municipal de meio ambiente, cria o fundo municipal de meio ambiente e d\u00e1 outras provid\u00eancias<\/td><td>https:\/\/drive.google.com\/open?id=15LScKfam2fw_yZEyT9X7dEMhcu4BI-jY&amp;usp=drive_copy<\/td>        <\/tr>\n            <tr data-row_id=\"172\" class=\"ninja_table_row_172 nt_row_id_172\">\n            <td>Lei<\/td><td>088\/2003<\/td><td>30\/10\/2003<\/td><td>Gabinete do prefeito<\/td><td>Disp\u00f5e sobre o plano de carreira e remunera\u00e7\u00e3o do magist\u00e9rio p\u00fablico municipal de Abel Figueiredo<\/td><td>https:\/\/drive.google.com\/open?id=1bPV8ivC5Y02g_6_b03LNSqIqgJSBecYr&amp;usp=drive_copy<\/td>        <\/tr>\n            <tr data-row_id=\"173\" class=\"ninja_table_row_173 nt_row_id_173\">\n            <td>Lei<\/td><td>084\/2002<\/td><td>05\/07\/2002<\/td><td>Gabinete do prefeito<\/td><td>Disp\u00f5e sobre a altera\u00e7\u00e3o da lei municipal N\u00ba 051997 que trata da pol\u00edtica municipal dos direitos da crian\u00e7a e do adolescente, e d\u00e1 outras provid\u00eancias<\/td><td>https:\/\/drive.google.com\/open?id=1NLE_JducE-eoY8z6HhvuMI3wlEInc7HG&amp;usp=drive_copy<\/td>        <\/tr>\n            <tr data-row_id=\"174\" class=\"ninja_table_row_174 nt_row_id_174\">\n            <td>Lei<\/td><td>082\/2002<\/td><td>18\/04\/2002<\/td><td>Gabinete do prefeito<\/td><td>Extingue o instituto de previd\u00eancia\/fundo de previd\u00eancia municipal de Abel Figueiredo e d\u00e1 outras provid\u00eancias<\/td><td>https:\/\/drive.google.com\/open?id=13UMYtq0QFRxlVbrQbskdqWeO6tWjxbU2&amp;usp=drive_copy<\/td>        <\/tr>\n            <tr data-row_id=\"175\" class=\"ninja_table_row_175 nt_row_id_175\">\n            <td>Lei<\/td><td>081\/2002<\/td><td>20\/03\/2002<\/td><td>Gabinete do prefeito<\/td><td>Disp\u00f5e sobre autoriza\u00e7\u00e3o para venda de ve\u00edculo da prefeitura municipal e d\u00e1 outras provid\u00eancias<\/td><td>https:\/\/drive.google.com\/open?id=19FUWja2SgWB2DkbVkPD1IMDdYkKkG5wC&amp;usp=drive_copy<\/td>        <\/tr>\n            <tr data-row_id=\"176\" class=\"ninja_table_row_176 nt_row_id_176\">\n            <td>Lei<\/td><td>078\/2001<\/td><td>28\/09\/2001<\/td><td>Gabinete do prefeito<\/td><td>Disp\u00f5e sobre a cria\u00e7\u00e3o do fundo de aval do munic\u00edpio e d\u00e1 outras provid\u00eancias<\/td><td>https:\/\/drive.google.com\/open?id=1ZpCiAfdwYqrnhYKMsyF2C3Di3tviXb8S&amp;usp=drive_copy<\/td>        <\/tr>\n            <tr data-row_id=\"177\" class=\"ninja_table_row_177 nt_row_id_177\">\n            <td>Lei<\/td><td>076\/2001<\/td><td>04\/05\/2001<\/td><td>Gabinete do prefeito<\/td><td>Disp\u00f5e sobre o programa de garantia de renda m\u00ednima associada a a\u00e7\u00f5es s\u00f3cio educativas, e determina outras provid\u00eancias<\/td><td>https:\/\/drive.google.com\/open?id=17p2_6JhDLYu5H-UpP_Gr7HYXyRqDxDtU&amp;usp=drive_copy<\/td>        <\/tr>\n            <tr data-row_id=\"178\" class=\"ninja_table_row_178 nt_row_id_178\">\n            <td>Lei<\/td><td>075\/2000<\/td><td>29\/12\/2000<\/td><td>Gabinete do prefeito<\/td><td>LOA 2001 Estima a receita e fixa a despesa do munic\u00edpio de Abel Figueiredo, estado do Par\u00e1, para o exerc\u00edcio de 2001<\/td><td>https:\/\/drive.google.com\/open?id=1lNe6jDkMhMTOgsqjhqLt2G7Qt8ieVcrT&amp;usp=drive_copy<\/td>        <\/tr>\n            <tr data-row_id=\"179\" class=\"ninja_table_row_179 nt_row_id_179\">\n            <td>Lei<\/td><td>074\/2000<\/td><td>22\/12\/2000<\/td><td>Gabinete do prefeito<\/td><td>Disp\u00f5e sobre autoriza\u00e7\u00e3o para o poder executivo negociar d\u00e9bito de energia el\u00e9trica com a rede CELPA S\/A e d\u00e1 outras provid\u00eancias<\/td><td>https:\/\/drive.google.com\/open?id=100dQt4s580hqRWzqnvahjOLtBj54-Jtn&amp;usp=drive_copy<\/td>        <\/tr>\n            <tr data-row_id=\"180\" class=\"ninja_table_row_180 nt_row_id_180\">\n            <td>Lei<\/td><td>073\/2000<\/td><td>09\/11\/2000<\/td><td>Gabinete do prefeito<\/td><td>LDO 2001 Disp\u00f5e sobre as diretrizes or\u00e7ament\u00e1rias para o exerc\u00edcio do ano de 2001 e d\u00e1 outras provid\u00eancias<\/td><td>https:\/\/drive.google.com\/open?id=1_Fm8laVhWopgPb-P4KtPBa5AI9PRFluu&amp;usp=drive_copy<\/td>        <\/tr>\n            <tr data-row_id=\"181\" class=\"ninja_table_row_181 nt_row_id_181\">\n            <td>Lei<\/td><td>072\/2000<\/td><td>08\/09\/2000<\/td><td>Gabinete do prefeito<\/td><td>Disp\u00f5e sobre a altera\u00e7\u00e3o do art. 2\u00ba, d\u00e1 nova reda\u00e7\u00e3o aos art. 3\u00ba e 19\u00ba e acrescenta-lhes os artigos 23\u00ba e 24\u00ba na lei municipal 042\/95 \u2013 CMAE e d\u00e1 outras provid\u00eancias<\/td><td>https:\/\/drive.google.com\/open?id=19F_HWGiFEpwdNAeCn5yb7D59-nuy_PCw&amp;usp=drive_copy<\/td>        <\/tr>\n            <tr data-row_id=\"182\" class=\"ninja_table_row_182 nt_row_id_182\">\n            <td>Lei<\/td><td>071\/2000<\/td><td>02\/05\/2000<\/td><td>Gabinete do prefeito<\/td><td>Disp\u00f5e sobre a altera\u00e7\u00e3o na reda\u00e7\u00e3o dos arts. 10 e 16 da lei municipal 058\/97, de 28 de abril de 1998 e d\u00e1 outras provid\u00eancias<\/td><td>https:\/\/drive.google.com\/open?id=1jV1j5XA3qCfD4gM-UKIzgJCaNQbVXmcR&amp;usp=drive_copy<\/td>        <\/tr>\n            <tr data-row_id=\"183\" class=\"ninja_table_row_183 nt_row_id_183\">\n            <td>Lei<\/td><td>069\/2000<\/td><td>13\/01\/2000<\/td><td>Gabinete do prefeito<\/td><td>Autoriza o munic\u00edpio a firmar conv\u00eanios com universidades para a realiza\u00e7\u00e3o de programas de forma\u00e7\u00e3o de professores em n\u00edvel superior em seu territ\u00f3rio e d\u00e1 outras provid\u00eancias<\/td><td>https:\/\/drive.google.com\/open?id=1iIjYiekO6nqKYsH38NfKVFuCxm61JPZl&amp;usp=drive_copy<\/td>        <\/tr>\n            <tr data-row_id=\"184\" class=\"ninja_table_row_184 nt_row_id_184\">\n            <td>Lei<\/td><td>068\/1999<\/td><td>09\/12\/1999<\/td><td>Gabinete do prefeito<\/td><td>Disp\u00f5e sobre altera\u00e7\u00e3o da data do festejo comemorativo de anivers\u00e1rio do munic\u00edpio de Abel Figueiredo \u2013 PA., E d\u00e1 outras provid\u00eancias<\/td><td>https:\/\/drive.google.com\/open?id=1xnEcAsfnt3MB0D7anagi-Dp71vpatqPX&amp;usp=drive_copy<\/td>        <\/tr>\n            <tr data-row_id=\"185\" class=\"ninja_table_row_185 nt_row_id_185\">\n            <td>Lei<\/td><td>067\/1999<\/td><td>29\/10\/1999<\/td><td>Gabinete do prefeito<\/td><td>Disp\u00f5e sobre a modifica\u00e7\u00e3o do \u00a7 1\u00ba art. 1\u00ba da lei municipal N\u00ba 0065\/99 de 08 de outubro de 1999, e d\u00e1 outras provid\u00eancias<\/td><td>https:\/\/drive.google.com\/open?id=1BfoAH9EbLGkss5PcpJbQ-LhM26-9ACp7&amp;usp=drive_copy<\/td>        <\/tr>\n            <tr data-row_id=\"186\" class=\"ninja_table_row_186 nt_row_id_186\">\n            <td>Lei<\/td><td>066\/1999<\/td><td>29\/10\/1999<\/td><td>Gabinete do prefeito<\/td><td>Estabelece o subs\u00eddio dos secret\u00e1rios municipais, em face da emenda constitucional 19\/98, e d\u00e1 outras provid\u00eancias<\/td><td>https:\/\/drive.google.com\/open?id=1rfAGpEA0xzVK5TDmndSfeb0O5JcLc2BJ&amp;usp=drive_copy<\/td>        <\/tr>\n            <tr data-row_id=\"187\" class=\"ninja_table_row_187 nt_row_id_187\">\n            <td>Lei<\/td><td>065\/1999<\/td><td>08\/10\/1999<\/td><td>Gabinete do prefeito<\/td><td>Disp\u00f5e sobre autoriza\u00e7\u00e3o para contrata\u00e7\u00e3o de t\u00e9cnico agr\u00edcola<\/td><td>https:\/\/drive.google.com\/open?id=1sS4Qis-98PngGysyybw-B1fDhK__lZ-2&amp;usp=drive_copy<\/td>        <\/tr>\n            <tr data-row_id=\"188\" class=\"ninja_table_row_188 nt_row_id_188\">\n            <td>Lei<\/td><td>064\/1999<\/td><td>23\/06\/1999<\/td><td>Gabinete do prefeito<\/td><td>LDO 2000 Disp\u00f5e sobre as diretrizes or\u00e7ament\u00e1rias para o exerc\u00edcio do ano de 2000 e d\u00e1 outras provid\u00eancias<\/td><td>https:\/\/drive.google.com\/open?id=1gp72y8ztp84zMRLb4bxuBMb7t1hCxyoG&amp;usp=drive_copy<\/td>        <\/tr>\n            <tr data-row_id=\"189\" class=\"ninja_table_row_189 nt_row_id_189\">\n            <td>Lei<\/td><td>063\/1999<\/td><td>22\/06\/1999<\/td><td>Gabinete do prefeito<\/td><td>Disp\u00f5e sobre a abertura de cr\u00e9dito adicional especial no or\u00e7amento vigente do munic\u00edpio<\/td><td>https:\/\/drive.google.com\/open?id=1Hq8MOHJocwDAUBvVLw8gD7NifnXUUZeN&amp;usp=drive_copy<\/td>        <\/tr>\n            <tr data-row_id=\"190\" class=\"ninja_table_row_190 nt_row_id_190\">\n            <td>Lei<\/td><td>062\/1998<\/td><td>11\/12\/1998<\/td><td>Gabinete do prefeito<\/td><td>Institui o c\u00f3digo tribut\u00e1rio do munic\u00edpio de Abel Figueiredo, e d\u00e1 outras provid\u00eancias<\/td><td>https:\/\/drive.google.com\/open?id=1KOSxb54jlzSWF9m11U4La7dNMRzg4qQy&amp;usp=drive_copy<\/td>        <\/tr>\n            <tr data-row_id=\"191\" class=\"ninja_table_row_191 nt_row_id_191\">\n            <td>Lei<\/td><td>061\/1998<\/td><td>11\/09\/1998<\/td><td>Gabinete do prefeito<\/td><td>Disp\u00f5e sobre a cria\u00e7\u00e3o de conselho municipal de acompanhamento e controle social do fundo de manuten\u00e7\u00e3o e desenvolvimento do ensino fundamental e de valoriza\u00e7\u00e3o do magist\u00e9rio da prefeitura municipal de Abel Figueiredo<\/td><td>https:\/\/drive.google.com\/open?id=1bz-oTcTR4iWrnFLLj4-VUmlDXaKHOFcf&amp;usp=drive_copy<\/td>        <\/tr>\n            <tr data-row_id=\"192\" class=\"ninja_table_row_192 nt_row_id_192\">\n            <td>Lei<\/td><td>060\/1998<\/td><td>26\/06\/1998<\/td><td>Gabinete do prefeito<\/td><td>LDO 1999 Disp\u00f5e sobre as diretrizes or\u00e7amentarias para o exerc\u00edcio do ano de 1999 e d\u00e1 outras provid\u00eancias<\/td><td>https:\/\/drive.google.com\/open?id=1oF9F2zMDXstauvVX6_0ymTEe0fPYr1eI&amp;usp=drive_copy<\/td>        <\/tr>\n            <tr data-row_id=\"193\" class=\"ninja_table_row_193 nt_row_id_193\">\n            <td>Lei<\/td><td>059\/1998<\/td><td>27\/04\/1998<\/td><td>Gabinete do prefeito<\/td><td>Disp\u00f5e sobre desmembramento da secretaria de finan\u00e7as da secretaria de administra\u00e7\u00e3o e d\u00e1 outras provid\u00eancias<\/td><td>https:\/\/drive.google.com\/open?id=1DjnkAAYsuPcJyyxgzwewRQdNJoAHiDKu&amp;usp=drive_copy<\/td>        <\/tr>\n            <tr data-row_id=\"194\" class=\"ninja_table_row_194 nt_row_id_194\">\n            <td>Lei<\/td><td>058\/1997<\/td><td>27\/04\/1997<\/td><td>Gabinete do prefeito<\/td><td>Institui o plano de carreira e valoriza\u00e7\u00e3o magist\u00e9rio, e d\u00e1 outras provid\u00eancias<\/td><td>https:\/\/drive.google.com\/open?id=1h21hShul2QbpIlpDnZiW2z0PKwnIPoa9&amp;usp=drive_copy<\/td>        <\/tr>\n            <tr data-row_id=\"195\" class=\"ninja_table_row_195 nt_row_id_195\">\n            <td>Lei<\/td><td>057\/1998<\/td><td>20\/04\/1998<\/td><td>Gabinete do prefeito<\/td><td>Disp\u00f5e sobre a modifica\u00e7\u00e3o do artigo 10\u00ba da Lei Municipal N\u00ba 052\/97 de 08 de maio de 1997, e d\u00e1 outras provid\u00eancias<\/td><td>https:\/\/drive.google.com\/open?id=1CimWt4BJsoCiYsQU6DcqVJU-M_IAyZ9q&amp;usp=drive_copy<\/td>        <\/tr>\n            <tr data-row_id=\"196\" class=\"ninja_table_row_196 nt_row_id_196\">\n            <td>Lei<\/td><td>055\/1997<\/td><td>26\/06\/1997<\/td><td>Gabinete do prefeito<\/td><td>Disp\u00f5e sobre a cria\u00e7\u00e3o do Conselho Municipal de Desenvolvimento Rural, e d\u00e1 outras provid\u00eancias<\/td><td>https:\/\/drive.google.com\/open?id=153Rin_I2OUWBdKT0dqZIiJ2Jp4UViJ10&amp;usp=drive_copy<\/td>        <\/tr>\n            <tr data-row_id=\"197\" class=\"ninja_table_row_197 nt_row_id_197\">\n            <td>Lei<\/td><td>054\/1997<\/td><td>19\/06\/1997<\/td><td>Gabinete do prefeito<\/td><td>LDO 1998 Disp\u00f5e sobre as diretrizes or\u00e7amentarias para o exerc\u00edcio de 1998, e d\u00e1 outras provid\u00eancias<\/td><td>https:\/\/drive.google.com\/open?id=1ypEaAFAs4Gostm--u8H6F-rHSo0c7TSP&amp;usp=drive_copy<\/td>        <\/tr>\n            <tr data-row_id=\"198\" class=\"ninja_table_row_198 nt_row_id_198\">\n            <td>Lei<\/td><td>053\/1997<\/td><td>10\/05\/1997<\/td><td>Gabinete do prefeito<\/td><td>Disp\u00f5e sobre o regime jur\u00eddico \u00fanico dos servidores p\u00fablicos do Munic\u00edpio de Abel Figueiredo, e d\u00e1 outras provid\u00eancias<\/td><td>https:\/\/drive.google.com\/open?id=1dSVSsjYONsZ6uDsW-9AtDXRbtQxDdM1N&amp;usp=drive_copy<\/td>        <\/tr>\n            <tr data-row_id=\"199\" class=\"ninja_table_row_199 nt_row_id_199\">\n            <td>Lei<\/td><td>052\/1997<\/td><td>08\/05\/1997<\/td><td>Gabinete do prefeito<\/td><td>Disp\u00f5e sobre a cria\u00e7\u00e3o da confer\u00eancia, o Conselho e o Fundo Municipais de Sa\u00fade, e d\u00e1 outras provid\u00eancias<\/td><td>https:\/\/drive.google.com\/open?id=1g23UhtGdr1lwyGq3d5ynM7tIab5tJs3T&amp;usp=drive_copy<\/td>        <\/tr>\n            <tr data-row_id=\"200\" class=\"ninja_table_row_200 nt_row_id_200\">\n            <td>Lei<\/td><td>049\/1997<\/td><td>24\/01\/1997<\/td><td>Gabinete do prefeito<\/td><td>Disp\u00f5e sobre a estrutura administrativa da Prefeitura Municipal de Abel Figueiredo, e d\u00e1 outras provid\u00eancias<\/td><td>https:\/\/drive.google.com\/open?id=1c75zfdwXT7XAASFG2fprSrihMwTnZ50T&amp;usp=drive_copy<\/td>        <\/tr>\n            <tr data-row_id=\"201\" class=\"ninja_table_row_201 nt_row_id_201\">\n            <td>Lei<\/td><td>047\/1996<\/td><td>10\/09\/1996<\/td><td>Gabinete do prefeito<\/td><td>Disp\u00f5e sobre o reajuste de salario dos servidores da Prefeitura Municipal de Figueiredo<\/td><td>https:\/\/drive.google.com\/open?id=1APNXdfJ5wcJcqNbWsLx1UsLpYnADmBT6&amp;usp=drive_copy<\/td>        <\/tr>\n            <tr data-row_id=\"202\" class=\"ninja_table_row_202 nt_row_id_202\">\n            <td>Lei<\/td><td>045\/1996<\/td><td>02\/02\/1996<\/td><td>Gabinete do prefeito<\/td><td>Cria o Conselho Municipal de Assist\u00eancia Social, e d\u00e1 outras provid\u00eancias<\/td><td>https:\/\/drive.google.com\/open?id=1Z6Lrbldb6BYz4Ma1p5kIzIbnSQ-er5_e&amp;usp=drive_copy<\/td>        <\/tr>\n            <tr data-row_id=\"203\" class=\"ninja_table_row_203 nt_row_id_203\">\n            <td>Lei<\/td><td>044\/1996<\/td><td>02\/02\/1996<\/td><td>Gabinete do prefeito<\/td><td>Cria o fundo municipal de assist\u00eancia social, e d\u00e1 outras provid\u00eancias<\/td><td>https:\/\/drive.google.com\/open?id=1YE2cpLtq8O4R4Hf3hbvHGHjFDvfuFLFj&amp;usp=drive_copy<\/td>        <\/tr>\n            <tr data-row_id=\"204\" class=\"ninja_table_row_204 nt_row_id_204\">\n            <td>Lei<\/td><td>043\/1995<\/td><td>15\/12\/1995<\/td><td>Gabinete do prefeito<\/td><td>Disp\u00f5e sobre modifica\u00e7\u00e3o da reda\u00e7\u00e3o do art. 3\u00ba e seus par\u00e1grafos e adita-se um paragrafo do mesmo artigo da Lei Municipal N\u00ba 040\/95 de 10 de abril de 1995<\/td><td>https:\/\/drive.google.com\/open?id=1uRpLE6tT4orKKkXuj5J9Nv2enfbVUgIw&amp;usp=drive_copy<\/td>        <\/tr>\n            <tr data-row_id=\"205\" class=\"ninja_table_row_205 nt_row_id_205\">\n            <td>Lei<\/td><td>042\/1995<\/td><td>15\/12\/1995<\/td><td>Gabinete do prefeito<\/td><td>O Prefeito Municipal de Abel Figueiredo no uso de suas atribui\u00e7\u00f5es legais que ele s\u00e3o conferidas fa\u00e7o saber que a C\u00e2mera Municipal aprovou e eu sanciono e promulgo a seguinte lei que institui o Conselho Municipal de Alimenta\u00e7\u00e3o Escolar, e d\u00e1 outras provid\u00eancias<\/td><td>https:\/\/drive.google.com\/open?id=1XU83lRM89nAJxEkMW2htDckIEWQdOrIM&amp;usp=drive_copy<\/td>        <\/tr>\n            <tr data-row_id=\"206\" class=\"ninja_table_row_206 nt_row_id_206\">\n            <td>Lei<\/td><td>038\/1995<\/td><td>30\/09\/1995<\/td><td>Gabinete do prefeito<\/td><td>LOA 1996 Estima a receita e fixa a despesa do Munic\u00edpio de Abel Figueiredo, para o exerc\u00edcio financeiro de 1996<\/td><td>https:\/\/drive.google.com\/open?id=1r8eKtWNC-ld_df64NJ_JIRsf-lMsJDLh&amp;usp=drive_copy<\/td>        <\/tr>\n            <tr data-row_id=\"207\" class=\"ninja_table_row_207 nt_row_id_207\">\n            <td>Lei<\/td><td>041\/1995<\/td><td>21\/08\/1995<\/td><td>Gabinete do prefeito<\/td><td>Disp\u00f5e sobre aumento de sal\u00e1rio dos servidores da Prefeitura Municipal de Abel Figueiredo<\/td><td>https:\/\/drive.google.com\/open?id=1dwW68RYNKhJwW5fwWwyKTt0I_7tAQIgn&amp;usp=drive_copy<\/td>        <\/tr>\n            <tr data-row_id=\"208\" class=\"ninja_table_row_208 nt_row_id_208\">\n            <td>Lei<\/td><td>040\/1995<\/td><td>10\/04\/1995<\/td><td>Gabinete do prefeito<\/td><td>Institui o Conselho Municipal de Sa\u00fade, e d\u00e1 outras provid\u00eancias<\/td><td>https:\/\/drive.google.com\/open?id=1VbGPo9AY2xPFByYvDowQdb4zbZ7kIFUH&amp;usp=drive_copy<\/td>        <\/tr>\n            <tr data-row_id=\"209\" class=\"ninja_table_row_209 nt_row_id_209\">\n            <td>Lei<\/td><td>037\/1994<\/td><td>12\/12\/1994<\/td><td>Gabinete do prefeito<\/td><td>Disp\u00f5e sobre autoriza\u00e7\u00e3o ao Poder Executivo para instalar e captar os sinais da TV Bandeirantes<\/td><td>https:\/\/drive.google.com\/open?id=1bW2ecUU8p-2OMtqdmCG3VU7oCLL36gMu&amp;usp=drive_copy<\/td>        <\/tr>\n            <tr data-row_id=\"210\" class=\"ninja_table_row_210 nt_row_id_210\">\n            <td>Lei<\/td><td>036\/1994<\/td><td>24\/06\/1994<\/td><td>Gabinete do prefeito<\/td><td>Institui o Conselho Municipal de Educa\u00e7\u00e3o, e d\u00e1 outras provid\u00eancias<\/td><td>https:\/\/drive.google.com\/open?id=19MKp___r0zSNesS25-R5gvRlaTasRrTB&amp;usp=drive_copy<\/td>        <\/tr>\n            <tr data-row_id=\"211\" class=\"ninja_table_row_211 nt_row_id_211\">\n            <td>Lei<\/td><td>035\/1994<\/td><td>24\/06\/1994<\/td><td>Gabinete do prefeito<\/td><td>Autoriza o Poder Executivo a firmar conv\u00eanio com a Telepar\u00e1 s\/a<\/td><td>https:\/\/drive.google.com\/open?id=1OlkYhbruRPEDAoQCjnEQ4TdhPcEQYuxt&amp;usp=drive_copy<\/td>        <\/tr>\n            <tr data-row_id=\"212\" class=\"ninja_table_row_212 nt_row_id_212\">\n            <td>Lei<\/td><td>034\/1994<\/td><td>20\/06\/1994<\/td><td>Gabinete do prefeito<\/td><td>Institui a guarda municipal, e d\u00e1 outras provid\u00eancias<\/td><td>https:\/\/drive.google.com\/open?id=1WckOW4GDRpGyyO5hug8h_NkJoeqHc-1c&amp;usp=drive_copy<\/td>        <\/tr>\n            <tr data-row_id=\"213\" class=\"ninja_table_row_213 nt_row_id_213\">\n            <td>Lei<\/td><td>033\/1994<\/td><td>06\/06\/1994<\/td><td>Gabinete do prefeito<\/td><td>O Prefeito Municipal de Abel Figueiredo Estado do Par\u00e1, no uso de suas atribui\u00e7\u00f5es legais e fundamentado no artigo 70 inciso II da Lei Org\u00e2nica Municipal, fa\u00e7o saber que a C\u00e2mera aprova e eu sanciono a seguinte Lei<\/td><td>https:\/\/drive.google.com\/open?id=1VIogXE349mQ0-utKktPWofcYiwCwwAEt&amp;usp=drive_copy<\/td>        <\/tr>\n            <tr data-row_id=\"214\" class=\"ninja_table_row_214 nt_row_id_214\">\n            <td>Lei<\/td><td>032\/1994<\/td><td>20\/05\/1994<\/td><td>Gabinete do prefeito<\/td><td>Disp\u00f5e sobre a cria\u00e7\u00e3o da UFM \u2013 Unidade Fiscal Municipal de Abel Figueiredo, e d\u00e1 outras provid\u00eancias<\/td><td>https:\/\/drive.google.com\/open?id=1wYnuuNlUbbMqUR9Qlr5CdvSE7IyWDtO1&amp;usp=drive_copy<\/td>        <\/tr>\n            <tr data-row_id=\"215\" class=\"ninja_table_row_215 nt_row_id_215\">\n            <td>Lei<\/td><td>031\/1994<\/td><td>14\/04\/1994<\/td><td>Gabinete do prefeito<\/td><td>Institui a \u201cCasa da Cultura\u201d de Abel Figueiredo \u2013 funda\u00e7\u00e3o cultural, e d\u00e1 outras provid\u00eancias<\/td><td>https:\/\/drive.google.com\/open?id=1Yym2Mq0MCxH3OBE8KvZiOccqIoWnHydF&amp;usp=drive_copy<\/td>        <\/tr>\n            <tr data-row_id=\"216\" class=\"ninja_table_row_216 nt_row_id_216\">\n            <td>Lei<\/td><td>029\/1994<\/td><td>14\/04\/1994<\/td><td>Gabinete do prefeito<\/td><td>O Prefeito Municipal de Abel Figueiredo Estado do Par\u00e1, no uso de suas atribui\u00e7\u00f5es legais e fundamentado no artigo XXV da Lei Org\u00e2nica Municipal aprova e eu sanciono a seguinte Lei<\/td><td>https:\/\/drive.google.com\/open?id=1xdxUNFKIWrgRpYAKXE7Pg1Etgfe8tATg&amp;usp=drive_copy<\/td>        <\/tr>\n            <tr data-row_id=\"217\" class=\"ninja_table_row_217 nt_row_id_217\">\n            <td>Lei<\/td><td>028\/1994<\/td><td>14\/04\/1994<\/td><td>Gabinete do prefeito<\/td><td>O Prefeito Municipal de Abel Figueiredo Estado do Par\u00e1, no uso de suas atribui\u00e7\u00f5es legais e fundamentado no artigo 83 inciso XXV da Lei org\u00e2nica Municipal, fa\u00e7o saber que a C\u00e2mera Municipal aprova e eu sanciono a seguinte lei<\/td><td>https:\/\/drive.google.com\/open?id=1xUTEYKpUyuRTWgynd8CSqfTrhHZGFY3v&amp;usp=drive_copy<\/td>        <\/tr>\n            <tr data-row_id=\"218\" class=\"ninja_table_row_218 nt_row_id_218\">\n            <td>Lei<\/td><td>026\/1994<\/td><td>18\/03\/1994<\/td><td>Gabinete do prefeito<\/td><td>Disp\u00f5e sobre abertura de credito adicional especial no or\u00e7amento vigente do munic\u00edpio, no valor de R$ 1.500.000,00<\/td><td>https:\/\/drive.google.com\/open?id=1ZGUE0btn0LgC13uhZdJeue3TnJ7IQ9Lo&amp;usp=drive_copy<\/td>        <\/tr>\n            <tr data-row_id=\"219\" class=\"ninja_table_row_219 nt_row_id_219\">\n            <td>Lei<\/td><td>025\/1994<\/td><td>02\/03\/1994<\/td><td>Gabinete do prefeito<\/td><td>Disp\u00f5e sobre altera\u00e7\u00e3o do quadro de pessoal da Prefeitura Municipal de Abel Figueiredo, e d\u00e1 outras provid\u00eancias<\/td><td>https:\/\/drive.google.com\/open?id=1NTACy7N-T3gvgzDUkVe_KskWZNtZBIT4&amp;usp=drive_copy<\/td>        <\/tr>\n            <tr data-row_id=\"220\" class=\"ninja_table_row_220 nt_row_id_220\">\n            <td>Lei<\/td><td>024\/1994<\/td><td>10\/02\/1994<\/td><td>Gabinete do prefeito<\/td><td>Disp\u00f5e sobre o aumento de sal\u00e1rios dos servidores da Prefeitura Municipal de Abel Figueiredo em janeiro de 1994<\/td><td>https:\/\/drive.google.com\/open?id=1XyK_gbdl3eGB-Sep4dcoHu6OTKi2anZP&amp;usp=drive_copy<\/td>        <\/tr>\n            <tr data-row_id=\"221\" class=\"ninja_table_row_221 nt_row_id_221\">\n            <td>Lei<\/td><td>023\/1994<\/td><td>07\/01\/1994<\/td><td>Gabinete do prefeito<\/td><td>Cria os s\u00edmbolos do Munic\u00edpio de Abel Figueiredo, e d\u00e1 outras provid\u00eancias<\/td><td>https:\/\/drive.google.com\/open?id=1bepoDMYJv8R1na541WO0guo7__ZOwUHj&amp;usp=drive_copy<\/td>        <\/tr>\n            <tr data-row_id=\"222\" class=\"ninja_table_row_222 nt_row_id_222\">\n            <td>Lei<\/td><td>020\/1993<\/td><td>03\/11\/1993<\/td><td>Gabinete do prefeito<\/td><td>Disp\u00f5e sobre a abertura de cr\u00e9dito adicional suplementar no or\u00e7amento vigente do munic\u00edpio no valor de 8.280.000,00<\/td><td>https:\/\/drive.google.com\/open?id=1NqY9TFUjTqa5ka8_RGBWQFJ8ZDFR4uiO&amp;usp=drive_copy<\/td>        <\/tr>\n            <tr data-row_id=\"223\" class=\"ninja_table_row_223 nt_row_id_223\">\n            <td>Lei<\/td><td>019\/1993<\/td><td>03\/11\/1993<\/td><td>Gabinete do prefeito<\/td><td>Disp\u00f5e sobre a cria\u00e7\u00e3o do instituto de previd\u00eancia do munic\u00edpio e d\u00e1 outras provid\u00eancias<\/td><td>https:\/\/drive.google.com\/open?id=1_DKnYpMDcgD9jXPmWAArXBau3v9xJHpj&amp;usp=drive_copy<\/td>        <\/tr>\n            <tr data-row_id=\"224\" class=\"ninja_table_row_224 nt_row_id_224\">\n            <td>Lei<\/td><td>018\/1993<\/td><td>20\/09\/1993<\/td><td>Gabinete do prefeito<\/td><td>Disp\u00f5e sobre autoriza\u00e7\u00e3o para o poder executivo firmar conv\u00eanio de instala\u00e7\u00e3o do sistema telef\u00f4nico DDD<\/td><td>https:\/\/drive.google.com\/open?id=14aDgI3ZyhWYVsiihlhcRRNFBKeMbOwaU&amp;usp=drive_copy<\/td>        <\/tr>\n            <tr data-row_id=\"225\" class=\"ninja_table_row_225 nt_row_id_225\">\n            <td>Lei<\/td><td>017\/1993<\/td><td>20\/09\/1993<\/td><td>Gabinete do prefeito<\/td><td>Cria a unidade municipal de cadastro (UMC) e d\u00e1 outras provid\u00eancias<\/td><td>https:\/\/drive.google.com\/open?id=1L8IcTlMCzp64uaE8bA9LZTv2571EfJCj&amp;usp=drive_copy<\/td>        <\/tr>\n            <tr data-row_id=\"226\" class=\"ninja_table_row_226 nt_row_id_226\">\n            <td>Lei<\/td><td>016\/1993<\/td><td>20\/09\/1993<\/td><td>Gabinete do prefeito<\/td><td>A escola do 1\u00ba Grau, localizada no povoado carne de sol, neste munic\u00edpio passa a denominar-se prof Colemar Pereira dos Santos<\/td><td>https:\/\/drive.google.com\/open?id=1yQ33SujJYknq0tJfZDW21eNsplrb9qkh&amp;usp=drive_copy<\/td>        <\/tr>\n            <tr data-row_id=\"227\" class=\"ninja_table_row_227 nt_row_id_227\">\n            <td>Lei<\/td><td>015\/1993<\/td><td>20\/09\/1993<\/td><td>Gabinete do prefeito<\/td><td>A escola denomina\u00e7\u00e3o \u00e9 dada em homenagem e reconhecimento aos relevantes servi\u00e7os, que o ilustre mestre tem prestado a este munic\u00edpio e regi\u00e3o na qualidade de representante da educa\u00e7\u00e3o<\/td><td>https:\/\/drive.google.com\/open?id=1r0zaDqSRXCupVSdwMGeOxxuR9rgHeTvd&amp;usp=drive_copy<\/td>        <\/tr>\n            <tr data-row_id=\"228\" class=\"ninja_table_row_228 nt_row_id_228\">\n            <td>Lei<\/td><td>014\/1993<\/td><td>12\/07\/1993<\/td><td>Gabinete do prefeito<\/td><td>Disp\u00f5e sobre as diretrizes or\u00e7ament\u00e1rias para o ano de 1994, e d\u00e1 outras provid\u00eancias<\/td><td>https:\/\/drive.google.com\/open?id=1zErlpmbCnNTUIx6DBi9DrrSyqYQ3RKwk&amp;usp=drive_copy<\/td>        <\/tr>\n            <tr data-row_id=\"229\" class=\"ninja_table_row_229 nt_row_id_229\">\n            <td>Lei<\/td><td>013\/1993<\/td><td>08\/07\/1993<\/td><td>Gabinete do prefeito<\/td><td>Disp\u00f5e sobre o desmembramento da secretaria de finan\u00e7as da secretaria de administra\u00e7\u00e3o e d\u00e1 outras provid\u00eancias<\/td><td>https:\/\/drive.google.com\/open?id=1WVBioa9LTfNRzywTyoMyxfsGRssry1bm&amp;usp=drive_copy<\/td>        <\/tr>\n            <tr data-row_id=\"230\" class=\"ninja_table_row_230 nt_row_id_230\">\n            <td>Lei<\/td><td>012\/1993<\/td><td>30\/06\/1993<\/td><td>Gabinete do prefeito<\/td><td>Institui a biblioteca p\u00fablica municipal de Abel Figueiredo e d\u00e1 outras provid\u00eancias<\/td><td>https:\/\/drive.google.com\/open?id=1LCTKURs8hdW4z3jlTmUv3s08KOk88UXF&amp;usp=drive_copy<\/td>        <\/tr>\n            <tr data-row_id=\"231\" class=\"ninja_table_row_231 nt_row_id_231\">\n            <td>Lei<\/td><td>007\/1993<\/td><td>14\/05\/1993<\/td><td>Gabinete do prefeito<\/td><td>Disp\u00f5e sobre a contrata\u00e7\u00e3o de pessoal por tempo determinado e d\u00e1 outras provid\u00eancias<\/td><td>https:\/\/drive.google.com\/open?id=13nnnUUIUvr-XEnLKYa49mnZh7NcLQAzy&amp;usp=drive_copy<\/td>        <\/tr>\n            <tr data-row_id=\"232\" class=\"ninja_table_row_232 nt_row_id_232\">\n            <td>Lei<\/td><td>011\/1993<\/td><td>10\/05\/1993<\/td><td>Gabinete do prefeito<\/td><td>Institui normas sobre pol\u00edcia administrativa no munic\u00edpio de Abel Figueiredo, estado do Par\u00e1 e d\u00e1 outras provid\u00eancias<\/td><td>https:\/\/drive.google.com\/open?id=1fFUcVCm5_QvHi3a22ukGWCiA2gT32GIh&amp;usp=drive_copy<\/td>        <\/tr>\n            <tr data-row_id=\"233\" class=\"ninja_table_row_233 nt_row_id_233\">\n            <td>Lei<\/td><td>010\/1993<\/td><td>10\/05\/1993<\/td><td>Gabinete do prefeito<\/td><td>Disp\u00f5e sobre as constru\u00e7\u00f5es no munic\u00edpio de Abel Figueiredo estado do Par\u00e1, e d\u00e1 outras provid\u00eancias<\/td><td>https:\/\/drive.google.com\/open?id=1G8yCQXvSEltaORkgLiHI5Pwyiysk15F1&amp;usp=drive_copy<\/td>        <\/tr>\n            <tr data-row_id=\"234\" class=\"ninja_table_row_234 nt_row_id_234\">\n            <td>Lei<\/td><td>008\/1993<\/td><td>29\/03\/1993<\/td><td>Gabinete do prefeito<\/td><td>Institu\u00ed a taxa de ilumina\u00e7\u00e3o p\u00fablica e autoriza a prefeitura municipal de Abel Figueiredo a celebrar convenio com a centrais el\u00e9tricas do Par\u00e1 S.A Celpa<\/td><td>https:\/\/drive.google.com\/open?id=1WmqJ_nw-qHqbZPOYQzE8vn3vxN3KfsTK&amp;usp=drive_copy<\/td>        <\/tr>\n            <tr data-row_id=\"235\" class=\"ninja_table_row_235 nt_row_id_235\">\n            <td>Lei<\/td><td>002\/1993<\/td><td>09\/03\/1993<\/td><td>Gabinete do prefeito<\/td><td>Disp\u00f5e sobre o quadro de pessoal da Prefeitura Municipal de Abel Figueiredo<\/td><td>https:\/\/drive.google.com\/open?id=11Cf7X__xhkv3SBpe8c6AEjvuWYjE0HFB&amp;usp=drive_copy<\/td>        <\/tr>\n            <tr data-row_id=\"236\" class=\"ninja_table_row_236 nt_row_id_236\">\n            <td>Lei<\/td><td>006\/1993<\/td><td>19\/02\/1993<\/td><td>Gabinete do prefeito<\/td><td>Disp\u00f5e sobre a estrutura administrativa da c\u00e2mara municipal de Abel Figueiredo-PA, e d\u00e1 outras provid\u00eancias<\/td><td>https:\/\/drive.google.com\/open?id=1UCvaBAnAz2WiETlr_uRvYrePCIMrVJK5&amp;usp=drive_copy<\/td>        <\/tr>\n            <tr data-row_id=\"237\" class=\"ninja_table_row_237 nt_row_id_237\">\n            <td>Lei<\/td><td>005\/1993<\/td><td>19\/02\/1993<\/td><td>Gabinete do prefeito<\/td><td>Disp\u00f5e sobre a institui\u00e7\u00e3o de di\u00e1rias para prefeito, vice-prefeito, vereadores, secret\u00e1rios, e funcion\u00e1rios do munic\u00edpio de Abel Figueiredo<\/td><td>https:\/\/drive.google.com\/open?id=1YPe-yY_xtVENoSull-5f32PgXOtPxZ0h&amp;usp=drive_copy<\/td>        <\/tr>\n            <tr data-row_id=\"238\" class=\"ninja_table_row_238 nt_row_id_238\">\n            <td>Lei<\/td><td>004\/1993<\/td><td>29\/01\/1993<\/td><td>Gabinete do prefeito<\/td><td>Disp\u00f5e sobre a cria\u00e7\u00e3o da tabela de cargos e sal\u00e1rios dos servidores municipais da secretaria municipal de sa\u00fade e cedidos \u00e0 funda\u00e7\u00e3o nacional de sa\u00fade<\/td><td>https:\/\/drive.google.com\/open?id=1AoavETy6kySBEObu76b2P333T8sm7Kxv&amp;usp=drive_copy<\/td>        <\/tr>\n            <tr data-row_id=\"239\" class=\"ninja_table_row_239 nt_row_id_239\">\n            <td>Lei<\/td><td>003\/1993<\/td><td>29\/01\/1993<\/td><td>Gabinete do prefeito<\/td><td>LOA 1993 Estima a receita e fixa a despesa do munic\u00edpio de Abel Figueredo, estado do Par\u00e1, para o exerc\u00edcio financeiro de 1993<\/td><td>https:\/\/drive.google.com\/open?id=1TiGgvvP-yjOYsv5HjQtoPCuBryBOzMjf&amp;usp=drive_copy<\/td>        <\/tr>\n            <tr data-row_id=\"240\" class=\"ninja_table_row_240 nt_row_id_240\">\n            <td>Lei<\/td><td>001\/1993<\/td><td>29\/01\/1993<\/td><td>Gabinete do prefeito<\/td><td>Disp\u00f5e sobre a estrutura administrativa da prefeitura municipal de Abel Figueiredo, estado do Par\u00e1, e d\u00e1 outras provid\u00eancias<\/td><td>https:\/\/drive.google.com\/open?id=1SCYMphtDkn4fx4OAidC4_emZOqUBtEsX&amp;usp=drive_copy<\/td>        <\/tr>\n    <\/tbody><!--ninja_tobody_rendering_done-->\n    <\/table>\n    \n    \n    \n<\/div>\n","protected":false},"excerpt":{"rendered":"<p>Leis e Atos Normativos at\u00e9 2024 Clique aqui para acessar Atos Normativos at\u00e9 2023 Clique aqui para acessar Leis at\u00e9 2023 Consulte as publica\u00e7\u00f5es utilizando a tabela abaixo e\u00a0filtre conforme sua necessidade, utilizando a\u00a0ferramenta de busca\/filtro.<\/p>\n","protected":false},"author":1,"featured_media":0,"parent":1862,"menu_order":0,"comment_status":"closed","ping_status":"closed","template":"","meta":{"footnotes":""},"class_list":["post-7908","page","type-page","status-publish"],"yoast_head":"<!-- This site is optimized with the Yoast SEO plugin v26.6 - https:\/\/yoast.com\/wordpress\/plugins\/seo\/ -->\n<title>Leis e Atos Normativos - Prefeitura Municipal de Abel Figueiredo | Gest\u00e3o 2025-2028<\/title>\n<meta name=\"robots\" content=\"index, follow, max-snippet:-1, max-image-preview:large, max-video-preview:-1\" \/>\n<link rel=\"canonical\" href=\"https:\/\/abelfigueiredo.pa.gov.br\/site\/portal-da-transparencia\/leis-e-atos-normativos\/\" \/>\n<meta property=\"og:locale\" content=\"pt_BR\" \/>\n<meta property=\"og:type\" content=\"article\" \/>\n<meta property=\"og:title\" content=\"Leis e Atos Normativos - Prefeitura Municipal de Abel Figueiredo | Gest\u00e3o 2025-2028\" \/>\n<meta property=\"og:description\" content=\"Leis e Atos Normativos at\u00e9 2024 Clique aqui para acessar Atos Normativos at\u00e9 2023 Clique aqui para acessar Leis at\u00e9 2023 Consulte as publica\u00e7\u00f5es utilizando a tabela abaixo e\u00a0filtre conforme sua necessidade, utilizando a\u00a0ferramenta de busca\/filtro.\" \/>\n<meta property=\"og:url\" content=\"https:\/\/abelfigueiredo.pa.gov.br\/site\/portal-da-transparencia\/leis-e-atos-normativos\/\" \/>\n<meta property=\"og:site_name\" content=\"Prefeitura Municipal de Abel Figueiredo | Gest\u00e3o 2025-2028\" \/>\n<meta property=\"article:modified_time\" content=\"2025-01-03T18:09:14+00:00\" \/>\n<script type=\"application\/ld+json\" class=\"yoast-schema-graph\">{\"@context\":\"https:\/\/schema.org\",\"@graph\":[{\"@type\":\"WebPage\",\"@id\":\"https:\/\/abelfigueiredo.pa.gov.br\/site\/portal-da-transparencia\/leis-e-atos-normativos\/\",\"url\":\"https:\/\/abelfigueiredo.pa.gov.br\/site\/portal-da-transparencia\/leis-e-atos-normativos\/\",\"name\":\"Leis e Atos Normativos - Prefeitura Municipal de Abel Figueiredo | Gest\u00e3o 2025-2028\",\"isPartOf\":{\"@id\":\"https:\/\/abelfigueiredo.pa.gov.br\/site\/#website\"},\"datePublished\":\"2023-05-29T15:08:23+00:00\",\"dateModified\":\"2025-01-03T18:09:14+00:00\",\"breadcrumb\":{\"@id\":\"https:\/\/abelfigueiredo.pa.gov.br\/site\/portal-da-transparencia\/leis-e-atos-normativos\/#breadcrumb\"},\"inLanguage\":\"pt-BR\",\"potentialAction\":[{\"@type\":\"ReadAction\",\"target\":[\"https:\/\/abelfigueiredo.pa.gov.br\/site\/portal-da-transparencia\/leis-e-atos-normativos\/\"]}]},{\"@type\":\"BreadcrumbList\",\"@id\":\"https:\/\/abelfigueiredo.pa.gov.br\/site\/portal-da-transparencia\/leis-e-atos-normativos\/#breadcrumb\",\"itemListElement\":[{\"@type\":\"ListItem\",\"position\":1,\"name\":\"Portal da Transpar\u00eancia\",\"item\":\"https:\/\/abelfigueiredo.pa.gov.br\/site\/portal-da-transparencia\/\"},{\"@type\":\"ListItem\",\"position\":2,\"name\":\"Leis e Atos Normativos\"}]},{\"@type\":\"WebSite\",\"@id\":\"https:\/\/abelfigueiredo.pa.gov.br\/site\/#website\",\"url\":\"https:\/\/abelfigueiredo.pa.gov.br\/site\/\",\"name\":\"Prefeitura Municipal de Abel Figueiredo | Gest\u00e3o 2025-2028\",\"description\":\"Site oficial da Prefeitura Municipal de Abel Figueiredo\",\"potentialAction\":[{\"@type\":\"SearchAction\",\"target\":{\"@type\":\"EntryPoint\",\"urlTemplate\":\"https:\/\/abelfigueiredo.pa.gov.br\/site\/?s={search_term_string}\"},\"query-input\":{\"@type\":\"PropertyValueSpecification\",\"valueRequired\":true,\"valueName\":\"search_term_string\"}}],\"inLanguage\":\"pt-BR\"}]}<\/script>\n<!-- \/ Yoast SEO plugin. -->","yoast_head_json":{"title":"Leis e Atos Normativos - Prefeitura Municipal de Abel Figueiredo | Gest\u00e3o 2025-2028","robots":{"index":"index","follow":"follow","max-snippet":"max-snippet:-1","max-image-preview":"max-image-preview:large","max-video-preview":"max-video-preview:-1"},"canonical":"https:\/\/abelfigueiredo.pa.gov.br\/site\/portal-da-transparencia\/leis-e-atos-normativos\/","og_locale":"pt_BR","og_type":"article","og_title":"Leis e Atos Normativos - Prefeitura Municipal de Abel Figueiredo | Gest\u00e3o 2025-2028","og_description":"Leis e Atos Normativos at\u00e9 2024 Clique aqui para acessar Atos Normativos at\u00e9 2023 Clique aqui para acessar Leis at\u00e9 2023 Consulte as publica\u00e7\u00f5es utilizando a tabela abaixo e\u00a0filtre conforme sua necessidade, utilizando a\u00a0ferramenta de busca\/filtro.","og_url":"https:\/\/abelfigueiredo.pa.gov.br\/site\/portal-da-transparencia\/leis-e-atos-normativos\/","og_site_name":"Prefeitura Municipal de Abel Figueiredo | Gest\u00e3o 2025-2028","article_modified_time":"2025-01-03T18:09:14+00:00","schema":{"@context":"https:\/\/schema.org","@graph":[{"@type":"WebPage","@id":"https:\/\/abelfigueiredo.pa.gov.br\/site\/portal-da-transparencia\/leis-e-atos-normativos\/","url":"https:\/\/abelfigueiredo.pa.gov.br\/site\/portal-da-transparencia\/leis-e-atos-normativos\/","name":"Leis e Atos Normativos - Prefeitura Municipal de Abel Figueiredo | Gest\u00e3o 2025-2028","isPartOf":{"@id":"https:\/\/abelfigueiredo.pa.gov.br\/site\/#website"},"datePublished":"2023-05-29T15:08:23+00:00","dateModified":"2025-01-03T18:09:14+00:00","breadcrumb":{"@id":"https:\/\/abelfigueiredo.pa.gov.br\/site\/portal-da-transparencia\/leis-e-atos-normativos\/#breadcrumb"},"inLanguage":"pt-BR","potentialAction":[{"@type":"ReadAction","target":["https:\/\/abelfigueiredo.pa.gov.br\/site\/portal-da-transparencia\/leis-e-atos-normativos\/"]}]},{"@type":"BreadcrumbList","@id":"https:\/\/abelfigueiredo.pa.gov.br\/site\/portal-da-transparencia\/leis-e-atos-normativos\/#breadcrumb","itemListElement":[{"@type":"ListItem","position":1,"name":"Portal da Transpar\u00eancia","item":"https:\/\/abelfigueiredo.pa.gov.br\/site\/portal-da-transparencia\/"},{"@type":"ListItem","position":2,"name":"Leis e Atos Normativos"}]},{"@type":"WebSite","@id":"https:\/\/abelfigueiredo.pa.gov.br\/site\/#website","url":"https:\/\/abelfigueiredo.pa.gov.br\/site\/","name":"Prefeitura Municipal de Abel Figueiredo | Gest\u00e3o 2025-2028","description":"Site oficial da Prefeitura Municipal de Abel Figueiredo","potentialAction":[{"@type":"SearchAction","target":{"@type":"EntryPoint","urlTemplate":"https:\/\/abelfigueiredo.pa.gov.br\/site\/?s={search_term_string}"},"query-input":{"@type":"PropertyValueSpecification","valueRequired":true,"valueName":"search_term_string"}}],"inLanguage":"pt-BR"}]}},"_links":{"self":[{"href":"https:\/\/abelfigueiredo.pa.gov.br\/site\/wp-json\/wp\/v2\/pages\/7908","targetHints":{"allow":["GET"]}}],"collection":[{"href":"https:\/\/abelfigueiredo.pa.gov.br\/site\/wp-json\/wp\/v2\/pages"}],"about":[{"href":"https:\/\/abelfigueiredo.pa.gov.br\/site\/wp-json\/wp\/v2\/types\/page"}],"author":[{"embeddable":true,"href":"https:\/\/abelfigueiredo.pa.gov.br\/site\/wp-json\/wp\/v2\/users\/1"}],"replies":[{"embeddable":true,"href":"https:\/\/abelfigueiredo.pa.gov.br\/site\/wp-json\/wp\/v2\/comments?post=7908"}],"version-history":[{"count":9,"href":"https:\/\/abelfigueiredo.pa.gov.br\/site\/wp-json\/wp\/v2\/pages\/7908\/revisions"}],"predecessor-version":[{"id":18971,"href":"https:\/\/abelfigueiredo.pa.gov.br\/site\/wp-json\/wp\/v2\/pages\/7908\/revisions\/18971"}],"up":[{"embeddable":true,"href":"https:\/\/abelfigueiredo.pa.gov.br\/site\/wp-json\/wp\/v2\/pages\/1862"}],"wp:attachment":[{"href":"https:\/\/abelfigueiredo.pa.gov.br\/site\/wp-json\/wp\/v2\/media?parent=7908"}],"curies":[{"name":"wp","href":"https:\/\/api.w.org\/{rel}","templated":true}]}}