{"id":687,"date":"2013-07-24T16:06:50","date_gmt":"2013-07-24T16:06:50","guid":{"rendered":"http:\/\/wrcriacaodesites.com.br\/provas\/fermatec\/?page_id=687"},"modified":"2021-07-14T00:44:38","modified_gmt":"2021-07-14T03:44:38","slug":"o-governo","status":"publish","type":"page","link":"https:\/\/abelfigueiredo.pa.gov.br\/site\/o-governo\/","title":{"rendered":"O Governo"},"content":{"rendered":"\n<!-- Page-list plugin v.5.9 wordpress.org\/plugins\/page-list\/ -->\n<ul class=\"page-list subpages-page-list \">\n<li class=\"page_item page-item-676 page_item_has_children\"><a href=\"https:\/\/abelfigueiredo.pa.gov.br\/site\/o-governo\/estrutura-organizacional\/\">Estrutura Organizacional<\/a>\n<ul class='children'>\n\t<li class=\"page_item page-item-739\"><a href=\"https:\/\/abelfigueiredo.pa.gov.br\/site\/o-governo\/estrutura-organizacional\/gabinete-do-prefeito\/\">Gabinete do Prefeito<\/a><\/li>\n\t<li class=\"page_item page-item-1959\"><a href=\"https:\/\/abelfigueiredo.pa.gov.br\/site\/o-governo\/estrutura-organizacional\/organograma\/\">Organograma<\/a><\/li>\n\t<li class=\"page_item page-item-5600\"><a href=\"https:\/\/abelfigueiredo.pa.gov.br\/site\/o-governo\/estrutura-organizacional\/secretaria-municipal-de-administracao-e-financas\/\">Secretaria Municipal de Administra\u00e7\u00e3o e Finan\u00e7as<\/a><\/li>\n\t<li class=\"page_item page-item-662\"><a href=\"https:\/\/abelfigueiredo.pa.gov.br\/site\/o-governo\/estrutura-organizacional\/secretaria-municipal-de-agricultura-abastecimento-e-terras-patrimoniais\/\">Secretaria Municipal de Agricultura, Abastecimento e Terras Patrimoniais<\/a><\/li>\n\t<li class=\"page_item page-item-656\"><a href=\"https:\/\/abelfigueiredo.pa.gov.br\/site\/o-governo\/estrutura-organizacional\/secretaria-municipal-de-cultura-desporto-lazer-e-turismo\/\">Secretaria Municipal de Cultura, Desporto, Lazer e Turismo<\/a><\/li>\n\t<li class=\"page_item page-item-5597\"><a href=\"https:\/\/abelfigueiredo.pa.gov.br\/site\/o-governo\/estrutura-organizacional\/secretaria-municipal-de-desenvolvimento-e-promocao-social\/\">Secretaria Municipal de Desenvolvimento e Promo\u00e7\u00e3o Social<\/a><\/li>\n\t<li class=\"page_item page-item-15795\"><a href=\"https:\/\/abelfigueiredo.pa.gov.br\/site\/o-governo\/estrutura-organizacional\/secretaria-municipal-de-educacao\/\">Secretaria Municipal de Educa\u00e7\u00e3o<\/a><\/li>\n\t<li class=\"page_item page-item-5595\"><a href=\"https:\/\/abelfigueiredo.pa.gov.br\/site\/o-governo\/estrutura-organizacional\/secretaria-municipal-de-meio-ambiente\/\">Secretaria Municipal de Meio Ambiente<\/a><\/li>\n\t<li class=\"page_item page-item-646\"><a href=\"https:\/\/abelfigueiredo.pa.gov.br\/site\/o-governo\/estrutura-organizacional\/secretaria-municipal-de-obras-transportes-e-urbanismo\/\">Secretaria Municipal de Obras, Transportes e Urbanismo<\/a><\/li>\n\t<li class=\"page_item page-item-15083\"><a href=\"https:\/\/abelfigueiredo.pa.gov.br\/site\/o-governo\/estrutura-organizacional\/secretaria-municipal-de-saude\/\">Secretaria Municipal de Sa\u00fade<\/a><\/li>\n<\/ul>\n<\/li>\n<li class=\"page_item page-item-641\"><a href=\"https:\/\/abelfigueiredo.pa.gov.br\/site\/o-governo\/prefeito\/\">Prefeito<\/a><\/li>\n<li class=\"page_item page-item-644\"><a href=\"https:\/\/abelfigueiredo.pa.gov.br\/site\/o-governo\/vice-prefeito\/\">Vice-Prefeito<\/a><\/li>\n\n<\/ul>","protected":false},"excerpt":{"rendered":"","protected":false},"author":1,"featured_media":0,"parent":0,"menu_order":0,"comment_status":"closed","ping_status":"closed","template":"","meta":{"footnotes":""},"class_list":["post-687","page","type-page","status-publish"],"yoast_head":"<!-- This site is optimized with the Yoast SEO plugin v26.6 - https:\/\/yoast.com\/wordpress\/plugins\/seo\/ -->\n<title>O Governo - Prefeitura Municipal de Abel Figueiredo | Gest\u00e3o 2025-2028<\/title>\n<meta name=\"robots\" content=\"index, follow, max-snippet:-1, max-image-preview:large, max-video-preview:-1\" \/>\n<link rel=\"canonical\" href=\"https:\/\/abelfigueiredo.pa.gov.br\/site\/o-governo\/\" \/>\n<meta property=\"og:locale\" content=\"pt_BR\" \/>\n<meta property=\"og:type\" content=\"article\" \/>\n<meta property=\"og:title\" content=\"O Governo - Prefeitura Municipal de Abel Figueiredo | Gest\u00e3o 2025-2028\" \/>\n<meta property=\"og:url\" content=\"https:\/\/abelfigueiredo.pa.gov.br\/site\/o-governo\/\" \/>\n<meta property=\"og:site_name\" content=\"Prefeitura Municipal de Abel Figueiredo | Gest\u00e3o 2025-2028\" \/>\n<meta property=\"article:modified_time\" content=\"2021-07-14T03:44:38+00:00\" \/>\n<script type=\"application\/ld+json\" class=\"yoast-schema-graph\">{\"@context\":\"https:\/\/schema.org\",\"@graph\":[{\"@type\":\"WebPage\",\"@id\":\"https:\/\/abelfigueiredo.pa.gov.br\/site\/o-governo\/\",\"url\":\"https:\/\/abelfigueiredo.pa.gov.br\/site\/o-governo\/\",\"name\":\"O Governo - Prefeitura Municipal de Abel Figueiredo | Gest\u00e3o 2025-2028\",\"isPartOf\":{\"@id\":\"https:\/\/abelfigueiredo.pa.gov.br\/site\/#website\"},\"datePublished\":\"2013-07-24T16:06:50+00:00\",\"dateModified\":\"2021-07-14T03:44:38+00:00\",\"inLanguage\":\"pt-BR\",\"potentialAction\":[{\"@type\":\"ReadAction\",\"target\":[\"https:\/\/abelfigueiredo.pa.gov.br\/site\/o-governo\/\"]}]},{\"@type\":\"WebSite\",\"@id\":\"https:\/\/abelfigueiredo.pa.gov.br\/site\/#website\",\"url\":\"https:\/\/abelfigueiredo.pa.gov.br\/site\/\",\"name\":\"Prefeitura Municipal de Abel Figueiredo | Gest\u00e3o 2025-2028\",\"description\":\"Site oficial da Prefeitura Municipal de Abel Figueiredo\",\"potentialAction\":[{\"@type\":\"SearchAction\",\"target\":{\"@type\":\"EntryPoint\",\"urlTemplate\":\"https:\/\/abelfigueiredo.pa.gov.br\/site\/?s={search_term_string}\"},\"query-input\":{\"@type\":\"PropertyValueSpecification\",\"valueRequired\":true,\"valueName\":\"search_term_string\"}}],\"inLanguage\":\"pt-BR\"}]}<\/script>\n<!-- \/ Yoast SEO plugin. -->","yoast_head_json":{"title":"O Governo - Prefeitura Municipal de Abel Figueiredo | Gest\u00e3o 2025-2028","robots":{"index":"index","follow":"follow","max-snippet":"max-snippet:-1","max-image-preview":"max-image-preview:large","max-video-preview":"max-video-preview:-1"},"canonical":"https:\/\/abelfigueiredo.pa.gov.br\/site\/o-governo\/","og_locale":"pt_BR","og_type":"article","og_title":"O Governo - Prefeitura Municipal de Abel Figueiredo | Gest\u00e3o 2025-2028","og_url":"https:\/\/abelfigueiredo.pa.gov.br\/site\/o-governo\/","og_site_name":"Prefeitura Municipal de Abel Figueiredo | Gest\u00e3o 2025-2028","article_modified_time":"2021-07-14T03:44:38+00:00","schema":{"@context":"https:\/\/schema.org","@graph":[{"@type":"WebPage","@id":"https:\/\/abelfigueiredo.pa.gov.br\/site\/o-governo\/","url":"https:\/\/abelfigueiredo.pa.gov.br\/site\/o-governo\/","name":"O Governo - Prefeitura Municipal de Abel Figueiredo | Gest\u00e3o 2025-2028","isPartOf":{"@id":"https:\/\/abelfigueiredo.pa.gov.br\/site\/#website"},"datePublished":"2013-07-24T16:06:50+00:00","dateModified":"2021-07-14T03:44:38+00:00","inLanguage":"pt-BR","potentialAction":[{"@type":"ReadAction","target":["https:\/\/abelfigueiredo.pa.gov.br\/site\/o-governo\/"]}]},{"@type":"WebSite","@id":"https:\/\/abelfigueiredo.pa.gov.br\/site\/#website","url":"https:\/\/abelfigueiredo.pa.gov.br\/site\/","name":"Prefeitura Municipal de Abel Figueiredo | Gest\u00e3o 2025-2028","description":"Site oficial da Prefeitura Municipal de Abel Figueiredo","potentialAction":[{"@type":"SearchAction","target":{"@type":"EntryPoint","urlTemplate":"https:\/\/abelfigueiredo.pa.gov.br\/site\/?s={search_term_string}"},"query-input":{"@type":"PropertyValueSpecification","valueRequired":true,"valueName":"search_term_string"}}],"inLanguage":"pt-BR"}]}},"_links":{"self":[{"href":"https:\/\/abelfigueiredo.pa.gov.br\/site\/wp-json\/wp\/v2\/pages\/687","targetHints":{"allow":["GET"]}}],"collection":[{"href":"https:\/\/abelfigueiredo.pa.gov.br\/site\/wp-json\/wp\/v2\/pages"}],"about":[{"href":"https:\/\/abelfigueiredo.pa.gov.br\/site\/wp-json\/wp\/v2\/types\/page"}],"author":[{"embeddable":true,"href":"https:\/\/abelfigueiredo.pa.gov.br\/site\/wp-json\/wp\/v2\/users\/1"}],"replies":[{"embeddable":true,"href":"https:\/\/abelfigueiredo.pa.gov.br\/site\/wp-json\/wp\/v2\/comments?post=687"}],"version-history":[{"count":4,"href":"https:\/\/abelfigueiredo.pa.gov.br\/site\/wp-json\/wp\/v2\/pages\/687\/revisions"}],"predecessor-version":[{"id":985,"href":"https:\/\/abelfigueiredo.pa.gov.br\/site\/wp-json\/wp\/v2\/pages\/687\/revisions\/985"}],"wp:attachment":[{"href":"https:\/\/abelfigueiredo.pa.gov.br\/site\/wp-json\/wp\/v2\/media?parent=687"}],"curies":[{"name":"wp","href":"https:\/\/api.w.org\/{rel}","templated":true}]}}