{"id":5840,"date":"2021-09-28T13:06:33","date_gmt":"2021-09-28T16:06:33","guid":{"rendered":"https:\/\/abelfigueiredo.pa.gov.br\/site\/\/?page_id=5840"},"modified":"2025-01-24T12:00:46","modified_gmt":"2025-01-24T15:00:46","slug":"balancete-financeiro","status":"publish","type":"page","link":"https:\/\/abelfigueiredo.pa.gov.br\/site\/portal-da-transparencia\/balancete-financeiro\/","title":{"rendered":"Balancete Financeiro"},"content":{"rendered":"<p><strong>2024<\/strong><\/p>\n<ul>\n<li><a href=\"https:\/\/abelfigueiredo.pa.gov.br\/site\/wp-content\/uploads\/2025\/01\/2024-12-PM-BALANCETEFINANCEIRO.pdf\" target=\"_blank\" rel=\"noopener\">Dezembro<\/a><\/li>\n<li><a href=\"https:\/\/abelfigueiredo.pa.gov.br\/site\/wp-content\/uploads\/2024\/12\/2024-11-PM-BALANCETEFINANCEIRO.pdf\" target=\"_blank\" rel=\"noopener\">Novembro<\/a><\/li>\n<li><a href=\"https:\/\/abelfigueiredo.pa.gov.br\/site\/wp-content\/uploads\/2024\/12\/2024-10-PM-BALANCETEFINANCEIRO.pdf\" target=\"_blank\" rel=\"noopener\">Outubro<\/a><\/li>\n<li><a href=\"https:\/\/abelfigueiredo.pa.gov.br\/site\/wp-content\/uploads\/2024\/10\/2024-09-PM-BALANCETEFINANCEIRO.pdf\" target=\"_blank\" rel=\"noopener\">Setembro<\/a><\/li>\n<li><a href=\"https:\/\/abelfigueiredo.pa.gov.br\/site\/wp-content\/uploads\/2024\/09\/2024-08-PM-BALANCETEFINANCEIRO.pdf\" target=\"_blank\" rel=\"noopener\">Agosto<\/a><\/li>\n<li><a href=\"https:\/\/abelfigueiredo.pa.gov.br\/site\/wp-content\/uploads\/2024\/08\/2024-07-PM-BALANCETEFINANCEIRO.pdf\" target=\"_blank\" rel=\"noopener\">Julho<\/a><\/li>\n<li><a href=\"https:\/\/abelfigueiredo.pa.gov.br\/site\/wp-content\/uploads\/2024\/07\/2024-06-PM-BALANCETEFINANCEIRO.pdf\" target=\"_blank\" rel=\"noopener\">Junho<\/a><\/li>\n<li><a href=\"https:\/\/abelfigueiredo.pa.gov.br\/site\/wp-content\/uploads\/2024\/06\/2024-05-PM-BALANCETEFINANCEIRO.pdf\" target=\"_blank\" rel=\"noopener\">Maio<\/a><\/li>\n<li><a href=\"https:\/\/abelfigueiredo.pa.gov.br\/site\/wp-content\/uploads\/2024\/05\/2024-04-PM-BALANCETEFINANCEIRO.pdf\" target=\"_blank\" rel=\"noopener\">Abril<\/a><\/li>\n<li><a href=\"https:\/\/abelfigueiredo.pa.gov.br\/site\/wp-content\/uploads\/2024\/05\/2024-03-PM-BALANCETEFINANCEIRO.pdf\" target=\"_blank\" rel=\"noopener\">Mar\u00e7o<\/a><\/li>\n<li><a href=\"https:\/\/abelfigueiredo.pa.gov.br\/site\/wp-content\/uploads\/2024\/03\/2024-02-PM-BALANCETEFINANCEIRO.pdf\" target=\"_blank\" rel=\"noopener\">Fevereiro<\/a><\/li>\n<li><a href=\"https:\/\/abelfigueiredo.pa.gov.br\/site\/wp-content\/uploads\/2024\/03\/2024-01-PM-BALANCETEFINANCEIRO.pdf\" target=\"_blank\" rel=\"noopener\">Janeiro<\/a><\/li>\n<\/ul>\n<p><strong>2023<\/strong><\/p>\n<ul>\n<li><a href=\"https:\/\/abelfigueiredo.pa.gov.br\/site\/wp-content\/uploads\/2024\/01\/2023-12-PM-BALANCETEFINANCEIRO.pdf\" target=\"_blank\" rel=\"noopener\">Dezembro<\/a><\/li>\n<li><a href=\"https:\/\/abelfigueiredo.pa.gov.br\/site\/wp-content\/uploads\/2024\/01\/2023-11-PM-BALANCETEFINANCEIRO.pdf\" target=\"_blank\" rel=\"noopener\">Novembro<\/a><\/li>\n<li><a href=\"https:\/\/abelfigueiredo.pa.gov.br\/site\/wp-content\/uploads\/2024\/01\/2023-10-PM-BALANCETEFINANCEIRO.pdf\" target=\"_blank\" rel=\"noopener\">Outubro<\/a><\/li>\n<li><a href=\"https:\/\/abelfigueiredo.pa.gov.br\/site\/wp-content\/uploads\/2023\/10\/2023-09-PM-BALANCETEFINANCEIRO.pdf\" target=\"_blank\" rel=\"noopener\">Setembro<\/a><\/li>\n<li><a href=\"https:\/\/abelfigueiredo.pa.gov.br\/site\/wp-content\/uploads\/2023\/09\/2023-08-PM-BALANCETEFINANCEIRO.pdf\" target=\"_blank\" rel=\"noopener\">Agosto<\/a><\/li>\n<li><a href=\"https:\/\/abelfigueiredo.pa.gov.br\/site\/wp-content\/uploads\/2023\/08\/2023-07-PM-BALANCETEFINANCEIRO.pdf\" target=\"_blank\" rel=\"noopener\">Julho<\/a><\/li>\n<li><a href=\"https:\/\/abelfigueiredo.pa.gov.br\/site\/wp-content\/uploads\/2023\/07\/2023-06-PM-BALANCETEFINANCEIRO.pdf\" target=\"_blank\" rel=\"noopener\">Junho<\/a><\/li>\n<li><a href=\"https:\/\/abelfigueiredo.pa.gov.br\/site\/wp-content\/uploads\/2023\/07\/2023-05-PM-BALANCETEFINANCEIRO.pdf\" target=\"_blank\" rel=\"noopener\">Maio<\/a><\/li>\n<li><a href=\"https:\/\/abelfigueiredo.pa.gov.br\/site\/wp-content\/uploads\/2023\/10\/2023-04-PM-BALANCETEFINANCEIRO.pdf\" target=\"_blank\" rel=\"noopener\">Abril<\/a><\/li>\n<li><a href=\"https:\/\/abelfigueiredo.pa.gov.br\/site\/wp-content\/uploads\/2023\/10\/2023-03-BALANCETEFINANCEIRO.pdf\" target=\"_blank\" rel=\"noopener\">Mar\u00e7o<\/a><\/li>\n<li><a href=\"https:\/\/abelfigueiredo.pa.gov.br\/site\/wp-content\/uploads\/2023\/10\/2023-02-BALANCETEFINANCEIRO.pdf\" target=\"_blank\" rel=\"noopener\">Fevereiro<\/a><\/li>\n<li><a href=\"https:\/\/abelfigueiredo.pa.gov.br\/site\/wp-content\/uploads\/2023\/10\/2023-01-BALANCETEFINANCEIRO.pdf\" target=\"_blank\" rel=\"noopener\">Janeiro<\/a><\/li>\n<\/ul>\n<p><strong>2022<\/strong><\/p>\n<ul>\n<li><a href=\"https:\/\/abelfigueiredo.pa.gov.br\/site\/wp-content\/uploads\/2023\/10\/2022-12-BALANCETEFINANCEIRO.pdf\" target=\"_blank\" rel=\"noopener\">Dezembro<\/a><\/li>\n<li><a href=\"https:\/\/abelfigueiredo.pa.gov.br\/site\/wp-content\/uploads\/2023\/10\/2022-11-BALANCETEFINANCEIRO.pdf\" target=\"_blank\" rel=\"noopener\">Novembro<\/a><\/li>\n<li><a href=\"https:\/\/abelfigueiredo.pa.gov.br\/site\/wp-content\/uploads\/2023\/10\/2022-10-BALANCETEFINANCEIRO.pdf\" target=\"_blank\" rel=\"noopener\">Outubro<\/a><\/li>\n<li><a href=\"https:\/\/abelfigueiredo.pa.gov.br\/site\/wp-content\/uploads\/2023\/10\/2022-09-BALANCETEFINANCEIRO.pdf\" target=\"_blank\" rel=\"noopener\">Setembro<\/a><\/li>\n<li><a href=\"https:\/\/abelfigueiredo.pa.gov.br\/site\/wp-content\/uploads\/2023\/10\/2022-08-BALANCETEFINANCEIRO.pdf\" target=\"_blank\" rel=\"noopener\">Agosto<\/a><\/li>\n<li><a href=\"https:\/\/abelfigueiredo.pa.gov.br\/site\/wp-content\/uploads\/2023\/10\/BALANCETE07.pdf\" target=\"_blank\" rel=\"noopener\">Julho<\/a><\/li>\n<li><a href=\"https:\/\/abelfigueiredo.pa.gov.br\/site\/wp-content\/uploads\/2023\/10\/2022-06-BALANCETEFINANCEIRO.pdf\" target=\"_blank\" rel=\"noopener\">Junho<\/a><\/li>\n<li><a href=\"https:\/\/abelfigueiredo.pa.gov.br\/site\/wp-content\/uploads\/2023\/10\/BALANCETE_0522.pdf\" target=\"_blank\" rel=\"noopener\">Maio<\/a><\/li>\n<li><a href=\"https:\/\/abelfigueiredo.pa.gov.br\/site\/wp-content\/uploads\/2023\/10\/2022-04-BALANCETEFINANCEIRO.pdf\" target=\"_blank\" rel=\"noopener\">Abril<\/a><\/li>\n<li><a href=\"https:\/\/abelfigueiredo.pa.gov.br\/site\/wp-content\/uploads\/2023\/10\/BALACETEFINANCEIRO_032022.pdf\" target=\"_blank\" rel=\"noopener\">Mar\u00e7o<\/a><\/li>\n<li><a href=\"https:\/\/abelfigueiredo.pa.gov.br\/site\/wp-content\/uploads\/2023\/10\/2022-02-BALANCETEFINANCEIRO.pdf\" target=\"_blank\" rel=\"noopener\">Fevereiro<\/a><\/li>\n<li><a href=\"https:\/\/abelfigueiredo.pa.gov.br\/site\/wp-content\/uploads\/2023\/10\/BALANCETEJANEIRO2022.pdf\" target=\"_blank\" rel=\"noopener\">Janeiro<\/a><\/li>\n<\/ul>\n<p><strong>2021<\/strong><\/p>\n<ul>\n<li><a href=\"https:\/\/abelfigueiredo.pa.gov.br\/site\/wp-content\/uploads\/2023\/10\/2021-12-BALANCETEFINANCEIRO.pdf\" target=\"_blank\" rel=\"noopener\">Dezembro<\/a><\/li>\n<li><a href=\"https:\/\/abelfigueiredo.pa.gov.br\/site\/wp-content\/uploads\/2023\/10\/2021-11-BALANCETEFINANCEIRO.pdf\" target=\"_blank\" rel=\"noopener\">Novembro<\/a><\/li>\n<li><a href=\"https:\/\/abelfigueiredo.pa.gov.br\/site\/wp-content\/uploads\/2023\/10\/2021-10-BALANCETEFINANCEIRO.pdf\" target=\"_blank\" rel=\"noopener\">Outubro<\/a><\/li>\n<li><a href=\"https:\/\/abelfigueiredo.pa.gov.br\/site\/wp-content\/uploads\/2023\/10\/2021-09-BALANCETEFINANCEIRO.pdf\" target=\"_blank\" rel=\"noopener\">Setembro<\/a><\/li>\n<li><a href=\"https:\/\/abelfigueiredo.pa.gov.br\/site\/wp-content\/uploads\/2023\/10\/2021-08-BALANCETEFINANCEIRO.pdf\" target=\"_blank\" rel=\"noopener\">Agosto<\/a><\/li>\n<li><a href=\"https:\/\/abelfigueiredo.pa.gov.br\/site\/wp-content\/uploads\/2023\/10\/2021-07-BALANCETEFINANCEIRO.pdf\" target=\"_blank\" rel=\"noopener\">Julho<\/a><\/li>\n<li><a href=\"https:\/\/abelfigueiredo.pa.gov.br\/site\/wp-content\/uploads\/2023\/10\/2021-06-BALANCETEFINANCEIRO-1.pdf\" target=\"_blank\" rel=\"noopener\">Junho<\/a><\/li>\n<li><a href=\"https:\/\/abelfigueiredo.pa.gov.br\/site\/wp-content\/uploads\/2023\/10\/2021-05-BALANCETEFINANCEIRO-MAIO.pdf\" target=\"_blank\" rel=\"noopener\">Maio<\/a><\/li>\n<li><a href=\"https:\/\/abelfigueiredo.pa.gov.br\/site\/wp-content\/uploads\/2023\/10\/4BALANCETEFINANCEIRO-ABRIL.pdf\" target=\"_blank\" rel=\"noopener\">Abril<\/a><\/li>\n<li><a href=\"https:\/\/abelfigueiredo.pa.gov.br\/site\/wp-content\/uploads\/2023\/10\/3BALANCETEFINANCEIRO-MARCO.pdf\" target=\"_blank\" rel=\"noopener\">Mar\u00e7o<\/a><\/li>\n<li><a href=\"https:\/\/abelfigueiredo.pa.gov.br\/site\/wp-content\/uploads\/2023\/10\/2BALANCETEFINANCEIRO-FEVEREIRO.pdf\" target=\"_blank\" rel=\"noopener\">Fevereiro<\/a><\/li>\n<li><a href=\"https:\/\/abelfigueiredo.pa.gov.br\/site\/wp-content\/uploads\/2023\/10\/1BALANCETEFINANCEIRO-JANEIRO.pdf\" target=\"_blank\" rel=\"noopener\">Janeiro<\/a><\/li>\n<\/ul>\n","protected":false},"excerpt":{"rendered":"<p>2024 Dezembro Novembro Outubro Setembro Agosto Julho Junho Maio Abril Mar\u00e7o Fevereiro Janeiro 2023 Dezembro Novembro Outubro Setembro Agosto Julho Junho Maio Abril Mar\u00e7o Fevereiro Janeiro 2022 Dezembro Novembro Outubro Setembro Agosto Julho Junho Maio Abril Mar\u00e7o Fevereiro Janeiro 2021 Dezembro Novembro Outubro Setembro Agosto Julho Junho Maio Abril Mar\u00e7o Fevereiro Janeiro<\/p>\n","protected":false},"author":1,"featured_media":0,"parent":1862,"menu_order":0,"comment_status":"closed","ping_status":"closed","template":"","meta":{"footnotes":""},"class_list":["post-5840","page","type-page","status-publish"],"yoast_head":"<!-- This site is optimized with the Yoast SEO plugin v26.6 - https:\/\/yoast.com\/wordpress\/plugins\/seo\/ -->\n<title>Balancete Financeiro - Prefeitura Municipal de Abel Figueiredo | Gest\u00e3o 2025-2028<\/title>\n<meta name=\"robots\" content=\"index, follow, max-snippet:-1, max-image-preview:large, max-video-preview:-1\" \/>\n<link rel=\"canonical\" href=\"https:\/\/abelfigueiredo.pa.gov.br\/site\/portal-da-transparencia\/balancete-financeiro\/\" \/>\n<meta property=\"og:locale\" content=\"pt_BR\" \/>\n<meta property=\"og:type\" content=\"article\" \/>\n<meta property=\"og:title\" content=\"Balancete Financeiro - Prefeitura Municipal de Abel Figueiredo | Gest\u00e3o 2025-2028\" \/>\n<meta property=\"og:description\" content=\"2024 Dezembro Novembro Outubro Setembro Agosto Julho Junho Maio Abril Mar\u00e7o Fevereiro Janeiro 2023 Dezembro Novembro Outubro Setembro Agosto Julho Junho Maio Abril Mar\u00e7o Fevereiro Janeiro 2022 Dezembro Novembro Outubro Setembro Agosto Julho Junho Maio Abril Mar\u00e7o Fevereiro Janeiro 2021 Dezembro Novembro Outubro Setembro Agosto Julho Junho Maio Abril Mar\u00e7o Fevereiro Janeiro\" \/>\n<meta property=\"og:url\" content=\"https:\/\/abelfigueiredo.pa.gov.br\/site\/portal-da-transparencia\/balancete-financeiro\/\" \/>\n<meta property=\"og:site_name\" content=\"Prefeitura Municipal de Abel Figueiredo | Gest\u00e3o 2025-2028\" \/>\n<meta property=\"article:modified_time\" content=\"2025-01-24T15:00:46+00:00\" \/>\n<script type=\"application\/ld+json\" class=\"yoast-schema-graph\">{\"@context\":\"https:\/\/schema.org\",\"@graph\":[{\"@type\":\"WebPage\",\"@id\":\"https:\/\/abelfigueiredo.pa.gov.br\/site\/portal-da-transparencia\/balancete-financeiro\/\",\"url\":\"https:\/\/abelfigueiredo.pa.gov.br\/site\/portal-da-transparencia\/balancete-financeiro\/\",\"name\":\"Balancete Financeiro - Prefeitura Municipal de Abel Figueiredo | Gest\u00e3o 2025-2028\",\"isPartOf\":{\"@id\":\"https:\/\/abelfigueiredo.pa.gov.br\/site\/#website\"},\"datePublished\":\"2021-09-28T16:06:33+00:00\",\"dateModified\":\"2025-01-24T15:00:46+00:00\",\"breadcrumb\":{\"@id\":\"https:\/\/abelfigueiredo.pa.gov.br\/site\/portal-da-transparencia\/balancete-financeiro\/#breadcrumb\"},\"inLanguage\":\"pt-BR\",\"potentialAction\":[{\"@type\":\"ReadAction\",\"target\":[\"https:\/\/abelfigueiredo.pa.gov.br\/site\/portal-da-transparencia\/balancete-financeiro\/\"]}]},{\"@type\":\"BreadcrumbList\",\"@id\":\"https:\/\/abelfigueiredo.pa.gov.br\/site\/portal-da-transparencia\/balancete-financeiro\/#breadcrumb\",\"itemListElement\":[{\"@type\":\"ListItem\",\"position\":1,\"name\":\"Portal da Transpar\u00eancia\",\"item\":\"https:\/\/abelfigueiredo.pa.gov.br\/site\/portal-da-transparencia\/\"},{\"@type\":\"ListItem\",\"position\":2,\"name\":\"Balancete Financeiro\"}]},{\"@type\":\"WebSite\",\"@id\":\"https:\/\/abelfigueiredo.pa.gov.br\/site\/#website\",\"url\":\"https:\/\/abelfigueiredo.pa.gov.br\/site\/\",\"name\":\"Prefeitura Municipal de Abel Figueiredo | Gest\u00e3o 2025-2028\",\"description\":\"Site oficial da Prefeitura Municipal de Abel Figueiredo\",\"potentialAction\":[{\"@type\":\"SearchAction\",\"target\":{\"@type\":\"EntryPoint\",\"urlTemplate\":\"https:\/\/abelfigueiredo.pa.gov.br\/site\/?s={search_term_string}\"},\"query-input\":{\"@type\":\"PropertyValueSpecification\",\"valueRequired\":true,\"valueName\":\"search_term_string\"}}],\"inLanguage\":\"pt-BR\"}]}<\/script>\n<!-- \/ Yoast SEO plugin. -->","yoast_head_json":{"title":"Balancete Financeiro - Prefeitura Municipal de Abel Figueiredo | Gest\u00e3o 2025-2028","robots":{"index":"index","follow":"follow","max-snippet":"max-snippet:-1","max-image-preview":"max-image-preview:large","max-video-preview":"max-video-preview:-1"},"canonical":"https:\/\/abelfigueiredo.pa.gov.br\/site\/portal-da-transparencia\/balancete-financeiro\/","og_locale":"pt_BR","og_type":"article","og_title":"Balancete Financeiro - Prefeitura Municipal de Abel Figueiredo | Gest\u00e3o 2025-2028","og_description":"2024 Dezembro Novembro Outubro Setembro Agosto Julho Junho Maio Abril Mar\u00e7o Fevereiro Janeiro 2023 Dezembro Novembro Outubro Setembro Agosto Julho Junho Maio Abril Mar\u00e7o Fevereiro Janeiro 2022 Dezembro Novembro Outubro Setembro Agosto Julho Junho Maio Abril Mar\u00e7o Fevereiro Janeiro 2021 Dezembro Novembro Outubro Setembro Agosto Julho Junho Maio Abril Mar\u00e7o Fevereiro Janeiro","og_url":"https:\/\/abelfigueiredo.pa.gov.br\/site\/portal-da-transparencia\/balancete-financeiro\/","og_site_name":"Prefeitura Municipal de Abel Figueiredo | Gest\u00e3o 2025-2028","article_modified_time":"2025-01-24T15:00:46+00:00","schema":{"@context":"https:\/\/schema.org","@graph":[{"@type":"WebPage","@id":"https:\/\/abelfigueiredo.pa.gov.br\/site\/portal-da-transparencia\/balancete-financeiro\/","url":"https:\/\/abelfigueiredo.pa.gov.br\/site\/portal-da-transparencia\/balancete-financeiro\/","name":"Balancete Financeiro - Prefeitura Municipal de Abel Figueiredo | Gest\u00e3o 2025-2028","isPartOf":{"@id":"https:\/\/abelfigueiredo.pa.gov.br\/site\/#website"},"datePublished":"2021-09-28T16:06:33+00:00","dateModified":"2025-01-24T15:00:46+00:00","breadcrumb":{"@id":"https:\/\/abelfigueiredo.pa.gov.br\/site\/portal-da-transparencia\/balancete-financeiro\/#breadcrumb"},"inLanguage":"pt-BR","potentialAction":[{"@type":"ReadAction","target":["https:\/\/abelfigueiredo.pa.gov.br\/site\/portal-da-transparencia\/balancete-financeiro\/"]}]},{"@type":"BreadcrumbList","@id":"https:\/\/abelfigueiredo.pa.gov.br\/site\/portal-da-transparencia\/balancete-financeiro\/#breadcrumb","itemListElement":[{"@type":"ListItem","position":1,"name":"Portal da Transpar\u00eancia","item":"https:\/\/abelfigueiredo.pa.gov.br\/site\/portal-da-transparencia\/"},{"@type":"ListItem","position":2,"name":"Balancete Financeiro"}]},{"@type":"WebSite","@id":"https:\/\/abelfigueiredo.pa.gov.br\/site\/#website","url":"https:\/\/abelfigueiredo.pa.gov.br\/site\/","name":"Prefeitura Municipal de Abel Figueiredo | Gest\u00e3o 2025-2028","description":"Site oficial da Prefeitura Municipal de Abel Figueiredo","potentialAction":[{"@type":"SearchAction","target":{"@type":"EntryPoint","urlTemplate":"https:\/\/abelfigueiredo.pa.gov.br\/site\/?s={search_term_string}"},"query-input":{"@type":"PropertyValueSpecification","valueRequired":true,"valueName":"search_term_string"}}],"inLanguage":"pt-BR"}]}},"_links":{"self":[{"href":"https:\/\/abelfigueiredo.pa.gov.br\/site\/wp-json\/wp\/v2\/pages\/5840","targetHints":{"allow":["GET"]}}],"collection":[{"href":"https:\/\/abelfigueiredo.pa.gov.br\/site\/wp-json\/wp\/v2\/pages"}],"about":[{"href":"https:\/\/abelfigueiredo.pa.gov.br\/site\/wp-json\/wp\/v2\/types\/page"}],"author":[{"embeddable":true,"href":"https:\/\/abelfigueiredo.pa.gov.br\/site\/wp-json\/wp\/v2\/users\/1"}],"replies":[{"embeddable":true,"href":"https:\/\/abelfigueiredo.pa.gov.br\/site\/wp-json\/wp\/v2\/comments?post=5840"}],"version-history":[{"count":30,"href":"https:\/\/abelfigueiredo.pa.gov.br\/site\/wp-json\/wp\/v2\/pages\/5840\/revisions"}],"predecessor-version":[{"id":19022,"href":"https:\/\/abelfigueiredo.pa.gov.br\/site\/wp-json\/wp\/v2\/pages\/5840\/revisions\/19022"}],"up":[{"embeddable":true,"href":"https:\/\/abelfigueiredo.pa.gov.br\/site\/wp-json\/wp\/v2\/pages\/1862"}],"wp:attachment":[{"href":"https:\/\/abelfigueiredo.pa.gov.br\/site\/wp-json\/wp\/v2\/media?parent=5840"}],"curies":[{"name":"wp","href":"https:\/\/api.w.org\/{rel}","templated":true}]}}