{"id":1862,"date":"2016-06-17T17:58:31","date_gmt":"2016-06-17T20:58:31","guid":{"rendered":"http:\/\/abelfigueiredo.pa.gov.br\/site\/\/?page_id=1862"},"modified":"2025-01-28T12:58:46","modified_gmt":"2025-01-28T15:58:46","slug":"portal-da-transparencia","status":"publish","type":"page","link":"https:\/\/abelfigueiredo.pa.gov.br\/site\/portal-da-transparencia\/","title":{"rendered":"Portal da Transpar\u00eancia"},"content":{"rendered":"<ul>\n<li><a href=\"\/site\/portal-da-transparencia\/agenda\/\"><strong>Agenda Externa do Prefeito<\/strong><\/a><\/li>\n<li><a href=\"https:\/\/portal.cr2.co\/informacao_institucional\/informa%C3%A7%C3%B5es-institucionais-7?entidade=abel-figueiredo&amp;modulo=Leis%20e%20Atos%20Normativos\" target=\"_blank\" rel=\"noopener\"><strong>Atos Normativos<\/strong><\/a> (Audi\u00eancias p\u00fablicas, Comunicados oficiais, Decretos, Instru\u00e7\u00f5es normativas, Portarias e Resolu\u00e7\u00f5es.)<\/li>\n<li><a href=\"\/site\/portal-da-transparencia\/balancete-financeiro\/\"><strong>Balancete Financeiro<\/strong><\/a><\/li>\n<li><a href=\"\/site\/portal-da-transparencia\/balanco-anual\/\"><strong>Balan\u00e7o Anual<\/strong><\/a><\/li>\n<li><strong><a href=\"\/site\/portal-da-transparencia\/carta-de-servicos-ao-usuario\/\">Carta de Servi\u00e7os ao Usu\u00e1rio<\/a><\/strong><\/li>\n<li><a href=\"\/site\/portal-da-transparencia\/concursos-e-pss\"><strong>Concursos P\u00fablicos e Processos Seletivos<\/strong><\/a><\/li>\n<li><strong><a href=\"https:\/\/portal.cr2.co\/convenios_transferencia\/licita%C3%A7%C3%B5es-contratos-conv%C3%AAnios-transfer%C3%AAncias-volunt%C3%A1rias-e-obras-12?entidade=abel-figueiredo&amp;modulo=Conv%C3%AAnios%20%2F%20Transfer%C3%AAncias%20Volunt%C3%A1rias\" target=\"_blank\" rel=\"noopener\">Conv\u00eanios \/ Transfer\u00eancias Volunt\u00e1rias<\/a><\/strong><\/li>\n<li><a href=\"\/site\/covid-19\/\"><strong>COVID-19 (A\u00e7\u00f5es para enfrentamento do COVID-19)<\/strong><\/a><\/li>\n<li><a href=\"\/site\/portal-da-transparencia\/dados-abertos\/\"><strong>Dados Abertos<\/strong><\/a><\/li>\n<li><strong><a href=\"\/site\/portal-da-transparencia\/despesas\">Despesas (empenhos, liquida\u00e7\u00f5es e pagamentos)<\/a>\u00a0<\/strong><\/li>\n<li><strong><a href=\"https:\/\/portal.cr2.co\/recursos_humanos\/recursos-humanos-12?entidade=abel-figueiredo&amp;modulo=Di%C3%A1rias\" target=\"_blank\" rel=\"noopener\"><strong>Despesas com Di\u00e1rias e Passagens<\/strong><\/a><\/strong><\/li>\n<li><strong><a href=\"\/site\/portal-da-transparencia\/despesas-com-pessoal\/\">Despesas com Pessoal \/ Folhas de Pagamento<\/a><\/strong><\/li>\n<li><a href=\"\/site\/portal-da-transparencia\/educacao\/\"><strong>Educa\u00e7\u00e3o<\/strong><\/a><\/li>\n<li><strong><a href=\"https:\/\/portal.cr2.co\/ouvidoria\/ouvidoria--servi%C3%A7o-de-informa%C3%A7%C3%A3o-ao-cidad%C3%A3o-13?entidade=abel-figueiredo&amp;modulo=Documentos%20e%20Informa%C3%A7%C3%B5es%20sigilosas\" target=\"_blank\" rel=\"noopener\">Documentos e Informa\u00e7\u00f5es sigilosas<\/a><\/strong><\/li>\n<li><a href=\"\/site\/portal-da-transparencia\/emendas-parlamentares\/\"><strong>Emendas Parlamentares<\/strong><\/a><\/li>\n<li><strong><a href=\"\/site\/o-governo\/estrutura-organizacional\/\">Estrutura Organizacional<\/a><\/strong><\/li>\n<li><strong><a href=\"https:\/\/portal.cr2.co\/licitacoes_contratos\/licita%C3%A7%C3%B5es-contratos-conv%C3%AAnios-transfer%C3%AAncias-volunt%C3%A1rias-e-obras-8?entidade=abel-figueiredo&amp;modulo=Contratos\">Fiscal de Contrato<\/a><\/strong><\/li>\n<li><a href=\"\/site\/portal-da-transparencia\/legislacao-de-pessoal\/\"><strong>Legisla\u00e7\u00e3o de Pessoal<\/strong><\/a><\/li>\n<li><a href=\"\/site\/portal-da-transparencia\/lei-de-diretrizes-orcamentarias-ldo\/\"><strong>Lei de Diretrizes Or\u00e7ament\u00e1rias (LDO)<\/strong><\/a><\/li>\n<li><a href=\"\/site\/portal-da-transparencia\/lei-orcamentaria-anual-loa\/\"><strong>Lei Or\u00e7ament\u00e1ria Anual (LOA)<\/strong><\/a><\/li>\n<li><a href=\"\/site\/portal-da-transparencia\/lei-organica-municipal\/\"><strong>Lei Org\u00e2nica Municipal<\/strong><\/a><\/li>\n<li><a href=\"https:\/\/portal.cr2.co\/informacao_institucional\/informa%C3%A7%C3%B5es-institucionais-7?entidade=abel-figueiredo&amp;modulo=Leis%20e%20Atos%20Normativos\" target=\"_blank\" rel=\"noopener\"><strong>Leis<\/strong><\/a> (todas)<\/li>\n<li><a href=\"\/site\/portal-da-transparencia\/lgpd-dados\/\"><strong>LGPD<\/strong><\/a> (Lei Geral de Prote\u00e7\u00e3o de Dados)<\/li>\n<li><strong><a href=\"https:\/\/portal.cr2.co\/licitacoes_contratos\/licita%C3%A7%C3%B5es-contratos-conv%C3%AAnios-transfer%C3%AAncias-volunt%C3%A1rias-e-obras-7?entidade=abel-figueiredo&amp;modulo=Licita%C3%A7%C3%B5es\" target=\"_blank\" rel=\"noopener\">Licita\u00e7\u00f5es<\/a> \/ <a href=\"https:\/\/portal.cr2.co\/licitacoes_contratos\/licita%C3%A7%C3%B5es-contratos-conv%C3%AAnios-transfer%C3%AAncias-volunt%C3%A1rias-e-obras-8?entidade=abel-figueiredo&amp;modulo=Contratos\" target=\"_blank\" rel=\"noopener\">Contratos<\/a><\/strong><\/li>\n<li><a href=\"https:\/\/portal.cr2.co\/receitas-despesas\/receitas-e-despesas-12?entidade=abel-figueiredo&amp;modulo=D%C3%ADvida%20Ativa%20Municipal\" target=\"_blank\" rel=\"noopener\"><strong>Lista dos Inscritos em D\u00edvida Ativa<\/strong><\/a><\/li>\n<li><a href=\"\/site\/mapa-do-site\/\"><strong>Mapa do Site<\/strong><\/a><\/li>\n<li><strong><a href=\"https:\/\/abelfigueiredo.pa.gov.br\/site\/portal-da-transparencia\/manual-de-gestao-patrimonial\/\">Manual de Gest\u00e3o Patrimonial<\/a><\/strong><\/li>\n<li><a href=\"https:\/\/abelfigueiredo.pa.gov.br\/site\/ordem-cronologica-dos-pagamentos\/\"><strong>Ordem cronol\u00f3gica dos pagamentos<\/strong><\/a><\/li>\n<li><strong><a href=\"\/site\/atendimento\/ouvidoria\/\">Ouvidoria<\/a>\u00a0<\/strong>(Solicita\u00e7\u00f5es, den\u00fancias, sugest\u00f5es, reclama\u00e7\u00f5es e elogios.)<\/li>\n<li><a href=\"\/site\/portal-da-transparencia\/parecer-previo-e-julgamento-de-contas\/\"><strong>Parecer Pr\u00e9vio e Julgamento de Contas<\/strong><\/a><\/li>\n<li><strong><a href=\"\/site\/portal-da-transparencia\/perguntas-frequentes\/\">Perguntas Frequentes<\/a><\/strong><\/li>\n<li><a href=\"https:\/\/portal.cr2.co\/lei_geral_protecao_dados\/lei-geral-de-prote%C3%A7%C3%A3o-de-dados---lgpd-7?entidade=abel-figueiredo&amp;modulo=Pesquisas%20de%20Satisfa%C3%A7%C3%A3o\" target=\"_blank\" rel=\"noopener\"><strong>Pesquisas de Satisfa\u00e7\u00e3o dos Servi\u00e7os<\/strong><\/a><\/li>\n<li><a href=\"\/site\/portal-da-transparencia\/plano-estrategico\/\"><strong>Plano Estrat\u00e9gico<\/strong><\/a><\/li>\n<li><a href=\"\/site\/portal-da-transparencia\/plano-plurianual-ppa\/\"><strong>Plano Plurianual (PPA)<\/strong><\/a><\/li>\n<li><a href=\"\/site\/portal-da-transparencia\/programas-e-acoes\/\"><strong>Programas e A\u00e7\u00f5es<\/strong><\/a><\/li>\n<li><a href=\"https:\/\/portal.cr2.co\/obras\/licita%C3%A7%C3%B5es-contratos-conv%C3%AAnios-transfer%C3%AAncias-volunt%C3%A1rias-e-obras-13?entidade=abel-figueiredo&amp;modulo=Obras\" target=\"_blank\" rel=\"noopener\"><strong><b>Projetos e execu\u00e7\u00e3o de obras p\u00fablicas<\/b><\/strong><\/a><\/li>\n<li><strong><a href=\"https:\/\/portal.cr2.co\/licitacoes_contratos\/licita%C3%A7%C3%B5es-contratos-conv%C3%AAnios-transfer%C3%AAncias-volunt%C3%A1rias-e-obras-9?entidade=abel-figueiredo&amp;modulo=Plano%20Anual%20de%20Contrata%C3%A7%C3%B5es\" target=\"_blank\" rel=\"noopener\">Plano Anual de Contrata\u00e7\u00f5es<\/a><\/strong><\/li>\n<li><strong><a href=\"https:\/\/abelfigueiredo.pa.gov.br\/site\/relacao-dos-licitantes-contratados-sancionados\/\">Rela\u00e7\u00e3o dos licitantes\/contratados sancionados<\/a><\/strong><\/li>\n<li><a href=\"\/site\/portal-da-transparencia\/radar\/\"><strong>Radar Nacional de Transpar\u00eancia P\u00fablica<\/strong><\/a><\/li>\n<li><strong><a href=\"\/site\/portal-da-transparencia\/receitas-arrecadadas\/\">Receitas\u00a0Arrecadadas<\/a><\/strong><\/li>\n<li><a href=\"https:\/\/portal.cr2.co\/recursos_humanos\/recursos-humanos-13?entidade=abel-figueiredo&amp;modulo=Tabela%20com%20os%20Valores%20das%20Di%C3%A1rias\"><strong>Regulamenta\u00e7\u00e3o da Concess\u00e3o de Di\u00e1rias<\/strong><\/a><\/li>\n<li><a href=\"\/site\/portal-da-transparencia\/regulamentacao-da-ouvidoria\/\"><strong>Regulamenta\u00e7\u00e3o da Ouvidoria<\/strong><\/a><\/li>\n<li><a href=\"\/site\/portal-da-transparencia\/regulamentacao-da-lai\/\"><strong>Regulamenta\u00e7\u00e3o da LAI<\/strong><\/a><\/li>\n<li><a href=\"\/site\/portal-da-transparencia\/relacao-patrimonio-publico-imoveis\/\"><strong>Rela\u00e7\u00e3o do Patrim\u00f4nio P\u00fablico (IM\u00d3VEIS)<\/strong><\/a><\/li>\n<li><a href=\"\/site\/portal-da-transparencia\/relacao-patrimonio-publico-moveis\/\"><strong>Rela\u00e7\u00e3o do Patrim\u00f4nio P\u00fablico (M\u00d3VEIS)<\/strong><\/a><\/li>\n<li><a href=\"\/site\/portal-da-transparencia\/relatorio-de-gestao\/\"><strong>Relat\u00f3rio de Gest\u00e3o e Atividades<\/strong><\/a><\/li>\n<li><strong><a href=\"https:\/\/portal.cr2.co\/planejamento_prestacao\/planejamento-e-presta%C3%A7%C3%A3o-de-contas-15?entidade=abel-figueiredo&amp;modulo=Relat%C3%B3rio%20de%20Gest%C3%A3o%20Fiscal%20-%20RGF\" target=\"_blank\" rel=\"noopener\">Relat\u00f3rio de Gest\u00e3o Fiscal (RGF)<\/a><\/strong><\/li>\n<li><a href=\"\/site\/portal-da-transparencia\/relatorio-controle-interno\/\"><strong>Relat\u00f3rio do Controle Interno<\/strong><\/a><\/li>\n<li><a href=\"\/site\/portal-da-transparencia\/relatorio-estatistico\/\"><strong>Relat\u00f3rio Estat\u00edstico do e-SIC<\/strong><\/a><\/li>\n<li><strong><a href=\"https:\/\/portal.cr2.co\/planejamento_prestacao\/planejamento-e-presta%C3%A7%C3%A3o-de-contas-16?entidade=abel-figueiredo&amp;modulo=Relat%C3%B3rio%20Resumido%20de%20Execu%C3%A7%C3%A3o%20Or%C3%A7ament%C3%A1ria%20-%20RREO\" target=\"_blank\" rel=\"noopener\">Relat\u00f3rio Resumido da Execu\u00e7\u00e3o Or\u00e7ament\u00e1ria (RREO)<\/a><\/strong><\/li>\n<li><a href=\"\/site\/portal-da-transparencia\/renuncias-de-receita\/\"><strong>Ren\u00fancias de Receita \/ Ren\u00fancias Fiscais<\/strong><\/a><\/li>\n<li><a href=\"\/site\/portal-da-transparencia\/saude\/\"><strong>Sa\u00fade<\/strong><\/a><\/li>\n<li><strong><a href=\"\/site\/atendimento\/sic\/\">Servi\u00e7o de Informa\u00e7\u00e3o ao Cidad\u00e3o (SIC)<\/a>\u00a0<\/strong>(Pedido de Informa\u00e7\u00f5es sobre assuntos referentes a LAI)<\/li>\n<li><a href=\"\/site\/portal-da-transparencia\/servicos-online\/\"><strong>Servi\u00e7os Online<\/strong><\/a><\/li>\n<\/ul>\n","protected":false},"excerpt":{"rendered":"<p>Agenda Externa do Prefeito Atos Normativos (Audi\u00eancias p\u00fablicas, Comunicados oficiais, Decretos, Instru\u00e7\u00f5es normativas, Portarias e Resolu\u00e7\u00f5es.) Balancete Financeiro Balan\u00e7o Anual Carta de Servi\u00e7os ao Usu\u00e1rio Concursos P\u00fablicos e Processos Seletivos Conv\u00eanios \/ Transfer\u00eancias Volunt\u00e1rias COVID-19 (A\u00e7\u00f5es para enfrentamento do COVID-19) Dados Abertos Despesas (empenhos, liquida\u00e7\u00f5es e pagamentos)\u00a0 Despesas com Di\u00e1rias e Passagens Despesas com Pessoal<\/p>\n<div class=\"read-more\"><a href=\"https:\/\/abelfigueiredo.pa.gov.br\/site\/portal-da-transparencia\/\" title=\"Veja mais\">Veja mais<\/a><\/div>\n","protected":false},"author":1,"featured_media":0,"parent":0,"menu_order":0,"comment_status":"closed","ping_status":"closed","template":"","meta":{"footnotes":""},"class_list":["post-1862","page","type-page","status-publish"],"yoast_head":"<!-- This site is optimized with the Yoast SEO plugin v26.6 - https:\/\/yoast.com\/wordpress\/plugins\/seo\/ -->\n<title>Portal da Transpar\u00eancia - Prefeitura Municipal de Abel Figueiredo | Gest\u00e3o 2025-2028<\/title>\n<meta name=\"robots\" content=\"index, follow, max-snippet:-1, max-image-preview:large, max-video-preview:-1\" \/>\n<link rel=\"canonical\" href=\"https:\/\/abelfigueiredo.pa.gov.br\/site\/portal-da-transparencia\/\" \/>\n<meta property=\"og:locale\" content=\"pt_BR\" \/>\n<meta property=\"og:type\" content=\"article\" \/>\n<meta property=\"og:title\" content=\"Portal da Transpar\u00eancia - Prefeitura Municipal de Abel Figueiredo | Gest\u00e3o 2025-2028\" \/>\n<meta property=\"og:description\" content=\"Agenda Externa do Prefeito Atos Normativos (Audi\u00eancias p\u00fablicas, Comunicados oficiais, Decretos, Instru\u00e7\u00f5es normativas, Portarias e Resolu\u00e7\u00f5es.) Balancete Financeiro Balan\u00e7o Anual Carta de Servi\u00e7os ao Usu\u00e1rio Concursos P\u00fablicos e Processos Seletivos Conv\u00eanios \/ Transfer\u00eancias Volunt\u00e1rias COVID-19 (A\u00e7\u00f5es para enfrentamento do COVID-19) Dados Abertos Despesas (empenhos, liquida\u00e7\u00f5es e pagamentos)\u00a0 Despesas com Di\u00e1rias e Passagens Despesas com PessoalVeja mais\" \/>\n<meta property=\"og:url\" content=\"https:\/\/abelfigueiredo.pa.gov.br\/site\/portal-da-transparencia\/\" \/>\n<meta property=\"og:site_name\" content=\"Prefeitura Municipal de Abel Figueiredo | Gest\u00e3o 2025-2028\" \/>\n<meta property=\"article:modified_time\" content=\"2025-01-28T15:58:46+00:00\" \/>\n<meta name=\"twitter:label1\" content=\"Est. tempo de leitura\" \/>\n\t<meta name=\"twitter:data1\" content=\"2 minutos\" \/>\n<script type=\"application\/ld+json\" class=\"yoast-schema-graph\">{\"@context\":\"https:\/\/schema.org\",\"@graph\":[{\"@type\":\"WebPage\",\"@id\":\"https:\/\/abelfigueiredo.pa.gov.br\/site\/portal-da-transparencia\/\",\"url\":\"https:\/\/abelfigueiredo.pa.gov.br\/site\/portal-da-transparencia\/\",\"name\":\"Portal da Transpar\u00eancia - Prefeitura Municipal de Abel Figueiredo | Gest\u00e3o 2025-2028\",\"isPartOf\":{\"@id\":\"https:\/\/abelfigueiredo.pa.gov.br\/site\/#website\"},\"datePublished\":\"2016-06-17T20:58:31+00:00\",\"dateModified\":\"2025-01-28T15:58:46+00:00\",\"inLanguage\":\"pt-BR\",\"potentialAction\":[{\"@type\":\"ReadAction\",\"target\":[\"https:\/\/abelfigueiredo.pa.gov.br\/site\/portal-da-transparencia\/\"]}]},{\"@type\":\"WebSite\",\"@id\":\"https:\/\/abelfigueiredo.pa.gov.br\/site\/#website\",\"url\":\"https:\/\/abelfigueiredo.pa.gov.br\/site\/\",\"name\":\"Prefeitura Municipal de Abel Figueiredo | Gest\u00e3o 2025-2028\",\"description\":\"Site oficial da Prefeitura Municipal de Abel Figueiredo\",\"potentialAction\":[{\"@type\":\"SearchAction\",\"target\":{\"@type\":\"EntryPoint\",\"urlTemplate\":\"https:\/\/abelfigueiredo.pa.gov.br\/site\/?s={search_term_string}\"},\"query-input\":{\"@type\":\"PropertyValueSpecification\",\"valueRequired\":true,\"valueName\":\"search_term_string\"}}],\"inLanguage\":\"pt-BR\"}]}<\/script>\n<!-- \/ Yoast SEO plugin. -->","yoast_head_json":{"title":"Portal da Transpar\u00eancia - Prefeitura Municipal de Abel Figueiredo | Gest\u00e3o 2025-2028","robots":{"index":"index","follow":"follow","max-snippet":"max-snippet:-1","max-image-preview":"max-image-preview:large","max-video-preview":"max-video-preview:-1"},"canonical":"https:\/\/abelfigueiredo.pa.gov.br\/site\/portal-da-transparencia\/","og_locale":"pt_BR","og_type":"article","og_title":"Portal da Transpar\u00eancia - Prefeitura Municipal de Abel Figueiredo | Gest\u00e3o 2025-2028","og_description":"Agenda Externa do Prefeito Atos Normativos (Audi\u00eancias p\u00fablicas, Comunicados oficiais, Decretos, Instru\u00e7\u00f5es normativas, Portarias e Resolu\u00e7\u00f5es.) Balancete Financeiro Balan\u00e7o Anual Carta de Servi\u00e7os ao Usu\u00e1rio Concursos P\u00fablicos e Processos Seletivos Conv\u00eanios \/ Transfer\u00eancias Volunt\u00e1rias COVID-19 (A\u00e7\u00f5es para enfrentamento do COVID-19) Dados Abertos Despesas (empenhos, liquida\u00e7\u00f5es e pagamentos)\u00a0 Despesas com Di\u00e1rias e Passagens Despesas com PessoalVeja mais","og_url":"https:\/\/abelfigueiredo.pa.gov.br\/site\/portal-da-transparencia\/","og_site_name":"Prefeitura Municipal de Abel Figueiredo | Gest\u00e3o 2025-2028","article_modified_time":"2025-01-28T15:58:46+00:00","twitter_misc":{"Est. tempo de leitura":"2 minutos"},"schema":{"@context":"https:\/\/schema.org","@graph":[{"@type":"WebPage","@id":"https:\/\/abelfigueiredo.pa.gov.br\/site\/portal-da-transparencia\/","url":"https:\/\/abelfigueiredo.pa.gov.br\/site\/portal-da-transparencia\/","name":"Portal da Transpar\u00eancia - Prefeitura Municipal de Abel Figueiredo | Gest\u00e3o 2025-2028","isPartOf":{"@id":"https:\/\/abelfigueiredo.pa.gov.br\/site\/#website"},"datePublished":"2016-06-17T20:58:31+00:00","dateModified":"2025-01-28T15:58:46+00:00","inLanguage":"pt-BR","potentialAction":[{"@type":"ReadAction","target":["https:\/\/abelfigueiredo.pa.gov.br\/site\/portal-da-transparencia\/"]}]},{"@type":"WebSite","@id":"https:\/\/abelfigueiredo.pa.gov.br\/site\/#website","url":"https:\/\/abelfigueiredo.pa.gov.br\/site\/","name":"Prefeitura Municipal de Abel Figueiredo | Gest\u00e3o 2025-2028","description":"Site oficial da Prefeitura Municipal de Abel Figueiredo","potentialAction":[{"@type":"SearchAction","target":{"@type":"EntryPoint","urlTemplate":"https:\/\/abelfigueiredo.pa.gov.br\/site\/?s={search_term_string}"},"query-input":{"@type":"PropertyValueSpecification","valueRequired":true,"valueName":"search_term_string"}}],"inLanguage":"pt-BR"}]}},"_links":{"self":[{"href":"https:\/\/abelfigueiredo.pa.gov.br\/site\/wp-json\/wp\/v2\/pages\/1862","targetHints":{"allow":["GET"]}}],"collection":[{"href":"https:\/\/abelfigueiredo.pa.gov.br\/site\/wp-json\/wp\/v2\/pages"}],"about":[{"href":"https:\/\/abelfigueiredo.pa.gov.br\/site\/wp-json\/wp\/v2\/types\/page"}],"author":[{"embeddable":true,"href":"https:\/\/abelfigueiredo.pa.gov.br\/site\/wp-json\/wp\/v2\/users\/1"}],"replies":[{"embeddable":true,"href":"https:\/\/abelfigueiredo.pa.gov.br\/site\/wp-json\/wp\/v2\/comments?post=1862"}],"version-history":[{"count":91,"href":"https:\/\/abelfigueiredo.pa.gov.br\/site\/wp-json\/wp\/v2\/pages\/1862\/revisions"}],"predecessor-version":[{"id":19025,"href":"https:\/\/abelfigueiredo.pa.gov.br\/site\/wp-json\/wp\/v2\/pages\/1862\/revisions\/19025"}],"wp:attachment":[{"href":"https:\/\/abelfigueiredo.pa.gov.br\/site\/wp-json\/wp\/v2\/media?parent=1862"}],"curies":[{"name":"wp","href":"https:\/\/api.w.org\/{rel}","templated":true}]}}