{"id":16012,"date":"2023-08-28T15:53:20","date_gmt":"2023-08-28T18:53:20","guid":{"rendered":"https:\/\/abelfigueiredo.pa.gov.br\/site\/?page_id=16012"},"modified":"2025-03-15T10:32:13","modified_gmt":"2025-03-15T13:32:13","slug":"relacao-dos-licitantes-contratados-sancionados","status":"publish","type":"page","link":"https:\/\/abelfigueiredo.pa.gov.br\/site\/relacao-dos-licitantes-contratados-sancionados\/","title":{"rendered":"Rela\u00e7\u00e3o dos licitantes\/contratados sancionados"},"content":{"rendered":"<ul>\n<li><a href=\"https:\/\/abelfigueiredo.pa.gov.br\/site\/relacao-dos-licitantes-contratados-sancionados\/relacao-dos-licitantes-contratados-sancionados-2024\/\" target=\"_blank\" rel=\"noopener\" data-saferedirecturl=\"https:\/\/www.google.com\/url?q=https:\/\/abelfigueiredo.pa.gov.br\/site\/relacao-dos-licitantes-contratados-sancionados\/relacao-dos-licitantes-contratados-sancionados-2024\/&amp;source=gmail&amp;ust=1742126321555000&amp;usg=AOvVaw3fIdRPWaGbKN_r6fwZnVP0\">2024: Declaramos que n\u00e3o h\u00e1 licitantes sancionados<\/a><\/li>\n<li><a href=\"https:\/\/abelfigueiredo.pa.gov.br\/site\/relacao-dos-licitantes-contratados-sancionados\/relacao-dos-licitantes-contratados-sancionados-2023\/\">2023: Declaramos que n\u00e3o h\u00e1 licitantes sancionados<\/a><\/li>\n<li><a href=\"https:\/\/abelfigueiredo.pa.gov.br\/site\/wp-content\/uploads\/2023\/08\/DECLARACAO-DE-PRATICA-DE-ATOS-CONTRA-A-ADMINISTRACAO-PUBLICA-2022.pdf\" target=\"_blank\" rel=\"noopener\">2022: Declaramos que n\u00e3o h\u00e1 licitantes sancionados<\/a><\/li>\n<li><a href=\"https:\/\/abelfigueiredo.pa.gov.br\/site\/wp-content\/uploads\/2023\/08\/DECLARACAO-DE-PRATICA-DE-ATOS-CONTRA-A-ADMINISTRACAO-PUBLICA-2021.pdf\" target=\"_blank\" rel=\"noopener\">2021: Declaramos que n\u00e3o h\u00e1 licitantes sancionados<\/a><\/li>\n<li><a href=\"https:\/\/abelfigueiredo.pa.gov.br\/site\/wp-content\/uploads\/2023\/08\/DECLARACAO-DE-PRATICA-DE-ATOS-CONTRA-A-ADMINISTRACAO-PUBLICA-2020.pdf\" target=\"_blank\" rel=\"noopener\">2020: Declaramos que n\u00e3o h\u00e1 licitantes sancionados<\/a><\/li>\n<li><a href=\"https:\/\/abelfigueiredo.pa.gov.br\/site\/wp-content\/uploads\/2023\/08\/DECLARACAO-DE-PRATICA-DE-ATOS-CONTRA-A-ADMINISTRACAO-PUBLICA-2019.pdf\" target=\"_blank\" rel=\"noopener\">2019: Declaramos que n\u00e3o h\u00e1 licitantes sancionados<\/a><\/li>\n<\/ul>\n","protected":false},"excerpt":{"rendered":"<p>2024: Declaramos que n\u00e3o h\u00e1 licitantes sancionados 2023: Declaramos que n\u00e3o h\u00e1 licitantes sancionados 2022: Declaramos que n\u00e3o h\u00e1 licitantes sancionados 2021: Declaramos que n\u00e3o h\u00e1 licitantes sancionados 2020: Declaramos que n\u00e3o h\u00e1 licitantes sancionados 2019: Declaramos que n\u00e3o h\u00e1 licitantes sancionados<\/p>\n","protected":false},"author":1,"featured_media":0,"parent":0,"menu_order":0,"comment_status":"closed","ping_status":"closed","template":"","meta":{"footnotes":""},"class_list":["post-16012","page","type-page","status-publish"],"yoast_head":"<!-- This site is optimized with the Yoast SEO plugin v26.6 - https:\/\/yoast.com\/wordpress\/plugins\/seo\/ -->\n<title>Rela\u00e7\u00e3o dos licitantes\/contratados sancionados - Prefeitura Municipal de Abel Figueiredo | Gest\u00e3o 2025-2028<\/title>\n<meta name=\"robots\" content=\"index, follow, max-snippet:-1, max-image-preview:large, max-video-preview:-1\" \/>\n<link rel=\"canonical\" href=\"https:\/\/abelfigueiredo.pa.gov.br\/site\/relacao-dos-licitantes-contratados-sancionados\/\" \/>\n<meta property=\"og:locale\" content=\"pt_BR\" \/>\n<meta property=\"og:type\" content=\"article\" \/>\n<meta property=\"og:title\" content=\"Rela\u00e7\u00e3o dos licitantes\/contratados sancionados - Prefeitura Municipal de Abel Figueiredo | Gest\u00e3o 2025-2028\" \/>\n<meta property=\"og:description\" content=\"2024: Declaramos que n\u00e3o h\u00e1 licitantes sancionados 2023: Declaramos que n\u00e3o h\u00e1 licitantes sancionados 2022: Declaramos que n\u00e3o h\u00e1 licitantes sancionados 2021: Declaramos que n\u00e3o h\u00e1 licitantes sancionados 2020: Declaramos que n\u00e3o h\u00e1 licitantes sancionados 2019: Declaramos que n\u00e3o h\u00e1 licitantes sancionados\" \/>\n<meta property=\"og:url\" content=\"https:\/\/abelfigueiredo.pa.gov.br\/site\/relacao-dos-licitantes-contratados-sancionados\/\" \/>\n<meta property=\"og:site_name\" content=\"Prefeitura Municipal de Abel Figueiredo | Gest\u00e3o 2025-2028\" \/>\n<meta property=\"article:modified_time\" content=\"2025-03-15T13:32:13+00:00\" \/>\n<script type=\"application\/ld+json\" class=\"yoast-schema-graph\">{\"@context\":\"https:\/\/schema.org\",\"@graph\":[{\"@type\":\"WebPage\",\"@id\":\"https:\/\/abelfigueiredo.pa.gov.br\/site\/relacao-dos-licitantes-contratados-sancionados\/\",\"url\":\"https:\/\/abelfigueiredo.pa.gov.br\/site\/relacao-dos-licitantes-contratados-sancionados\/\",\"name\":\"Rela\u00e7\u00e3o dos licitantes\/contratados sancionados - Prefeitura Municipal de Abel Figueiredo | Gest\u00e3o 2025-2028\",\"isPartOf\":{\"@id\":\"https:\/\/abelfigueiredo.pa.gov.br\/site\/#website\"},\"datePublished\":\"2023-08-28T18:53:20+00:00\",\"dateModified\":\"2025-03-15T13:32:13+00:00\",\"inLanguage\":\"pt-BR\",\"potentialAction\":[{\"@type\":\"ReadAction\",\"target\":[\"https:\/\/abelfigueiredo.pa.gov.br\/site\/relacao-dos-licitantes-contratados-sancionados\/\"]}]},{\"@type\":\"WebSite\",\"@id\":\"https:\/\/abelfigueiredo.pa.gov.br\/site\/#website\",\"url\":\"https:\/\/abelfigueiredo.pa.gov.br\/site\/\",\"name\":\"Prefeitura Municipal de Abel Figueiredo | Gest\u00e3o 2025-2028\",\"description\":\"Site oficial da Prefeitura Municipal de Abel Figueiredo\",\"potentialAction\":[{\"@type\":\"SearchAction\",\"target\":{\"@type\":\"EntryPoint\",\"urlTemplate\":\"https:\/\/abelfigueiredo.pa.gov.br\/site\/?s={search_term_string}\"},\"query-input\":{\"@type\":\"PropertyValueSpecification\",\"valueRequired\":true,\"valueName\":\"search_term_string\"}}],\"inLanguage\":\"pt-BR\"}]}<\/script>\n<!-- \/ Yoast SEO plugin. -->","yoast_head_json":{"title":"Rela\u00e7\u00e3o dos licitantes\/contratados sancionados - Prefeitura Municipal de Abel Figueiredo | Gest\u00e3o 2025-2028","robots":{"index":"index","follow":"follow","max-snippet":"max-snippet:-1","max-image-preview":"max-image-preview:large","max-video-preview":"max-video-preview:-1"},"canonical":"https:\/\/abelfigueiredo.pa.gov.br\/site\/relacao-dos-licitantes-contratados-sancionados\/","og_locale":"pt_BR","og_type":"article","og_title":"Rela\u00e7\u00e3o dos licitantes\/contratados sancionados - Prefeitura Municipal de Abel Figueiredo | Gest\u00e3o 2025-2028","og_description":"2024: Declaramos que n\u00e3o h\u00e1 licitantes sancionados 2023: Declaramos que n\u00e3o h\u00e1 licitantes sancionados 2022: Declaramos que n\u00e3o h\u00e1 licitantes sancionados 2021: Declaramos que n\u00e3o h\u00e1 licitantes sancionados 2020: Declaramos que n\u00e3o h\u00e1 licitantes sancionados 2019: Declaramos que n\u00e3o h\u00e1 licitantes sancionados","og_url":"https:\/\/abelfigueiredo.pa.gov.br\/site\/relacao-dos-licitantes-contratados-sancionados\/","og_site_name":"Prefeitura Municipal de Abel Figueiredo | Gest\u00e3o 2025-2028","article_modified_time":"2025-03-15T13:32:13+00:00","schema":{"@context":"https:\/\/schema.org","@graph":[{"@type":"WebPage","@id":"https:\/\/abelfigueiredo.pa.gov.br\/site\/relacao-dos-licitantes-contratados-sancionados\/","url":"https:\/\/abelfigueiredo.pa.gov.br\/site\/relacao-dos-licitantes-contratados-sancionados\/","name":"Rela\u00e7\u00e3o dos licitantes\/contratados sancionados - Prefeitura Municipal de Abel Figueiredo | Gest\u00e3o 2025-2028","isPartOf":{"@id":"https:\/\/abelfigueiredo.pa.gov.br\/site\/#website"},"datePublished":"2023-08-28T18:53:20+00:00","dateModified":"2025-03-15T13:32:13+00:00","inLanguage":"pt-BR","potentialAction":[{"@type":"ReadAction","target":["https:\/\/abelfigueiredo.pa.gov.br\/site\/relacao-dos-licitantes-contratados-sancionados\/"]}]},{"@type":"WebSite","@id":"https:\/\/abelfigueiredo.pa.gov.br\/site\/#website","url":"https:\/\/abelfigueiredo.pa.gov.br\/site\/","name":"Prefeitura Municipal de Abel Figueiredo | Gest\u00e3o 2025-2028","description":"Site oficial da Prefeitura Municipal de Abel Figueiredo","potentialAction":[{"@type":"SearchAction","target":{"@type":"EntryPoint","urlTemplate":"https:\/\/abelfigueiredo.pa.gov.br\/site\/?s={search_term_string}"},"query-input":{"@type":"PropertyValueSpecification","valueRequired":true,"valueName":"search_term_string"}}],"inLanguage":"pt-BR"}]}},"_links":{"self":[{"href":"https:\/\/abelfigueiredo.pa.gov.br\/site\/wp-json\/wp\/v2\/pages\/16012","targetHints":{"allow":["GET"]}}],"collection":[{"href":"https:\/\/abelfigueiredo.pa.gov.br\/site\/wp-json\/wp\/v2\/pages"}],"about":[{"href":"https:\/\/abelfigueiredo.pa.gov.br\/site\/wp-json\/wp\/v2\/types\/page"}],"author":[{"embeddable":true,"href":"https:\/\/abelfigueiredo.pa.gov.br\/site\/wp-json\/wp\/v2\/users\/1"}],"replies":[{"embeddable":true,"href":"https:\/\/abelfigueiredo.pa.gov.br\/site\/wp-json\/wp\/v2\/comments?post=16012"}],"version-history":[{"count":21,"href":"https:\/\/abelfigueiredo.pa.gov.br\/site\/wp-json\/wp\/v2\/pages\/16012\/revisions"}],"predecessor-version":[{"id":19092,"href":"https:\/\/abelfigueiredo.pa.gov.br\/site\/wp-json\/wp\/v2\/pages\/16012\/revisions\/19092"}],"wp:attachment":[{"href":"https:\/\/abelfigueiredo.pa.gov.br\/site\/wp-json\/wp\/v2\/media?parent=16012"}],"curies":[{"name":"wp","href":"https:\/\/api.w.org\/{rel}","templated":true}]}}